{"version":"1.0","provider_name":"Sport24","provider_url":"https:\/\/sport24.24.hu","author_name":"Fut\u00f3 Csaba","author_url":"https:\/\/sport24.24.hu\/author\/futocs\/","title":"Marco Rossi a kor\u00e1bbi sikerrecepthez ny\u00falt, majd j\u00f6tt Szalai sarkaz\u00e1sa \u2013 \u00edgy vert\u00fck Lipcs\u00e9ben a n\u00e9meteket","html":"<strong>Hansi Flick<\/strong> n\u00e9met v\u00e1logatottj\u00e1b\u00f3l betegs\u00e9g miatt h\u00e1rman hi\u00e1nyoztak: <strong>Neuer<\/strong> mint els\u0151sz\u00e1m\u00fa kapus, a k\u00f6z\u00e9pp\u00e1ly\u00e1r\u00f3l pedig <strong>Leon Goretzka<\/strong> \u00e9s<strong> Julian Brandt<\/strong>. A kapuban \u00edgy az \u201e\u00f6r\u00f6k\u201d m\u00e1sodik <strong>Ter Stegen<\/strong> \u00e1llt, a n\u00e9gyf\u0151s v\u00e9delmet jobboldalt a Budapesten g\u00f3lt szerz\u0151<strong> Jonas Hofmann<\/strong>, k\u00f6z\u00e9pen <strong>Niklas S\u00fcle<\/strong> \u00e9s <strong>Antonio R\u00fcdiger<\/strong>, baloldalt pedig a friss lipcsei igazol\u00e1s, <strong>David Raum<\/strong> alkotta. A v\u00e9delem el\u0151tt <strong>Kimmich<\/strong> \u00e9s <strong>G\u00fcndogan<\/strong> felelt a j\u00e1t\u00e9k forgat\u00e1s\u00e1\u00e9rt \u00e9s az ellenf\u00e9l t\u00e1mad\u00e1sainak megsz\u0171r\u00e9s\u00e9\u00e9rt, a n\u00e9gyf\u0151s t\u00e1mad\u00f3sorban pedig <strong>Gnabry<\/strong> jobbr\u00f3l, <strong>M\u00fcller<\/strong> k\u00f6z\u00e9pr\u0151l, <strong>San\u00e9<\/strong> balr\u00f3l t\u00e1mogatta a legel\u00f6l j\u00e1tsz\u00f3 <strong>Timo Wernert<\/strong>.\r\n\r\n<strong>Marco Rossi<\/strong> kezd\u0151csapat\u00e1ban <strong>Gul\u00e1csi<\/strong> el\u0151tt a szok\u00e1sosnak mondhat\u00f3 <strong>Lang<\/strong>, <strong>Orb\u00e1n<\/strong>, <strong>Szalai Attila<\/strong> tri\u00f3 alkotta a v\u00e9delem k\u00f6zep\u00e9t, jobboldalt <strong>Fiola Attila<\/strong>, baloldalt pedig b\u00e1tor m\u00f3don a fiatal \u00fajonc, <strong>Milos Kerkez<\/strong> ker\u00fclt a kezd\u0151csapatba. A k\u00f6z\u00e9pp\u00e1lya k\u00f6zep\u00e9t a szokott m\u00f3don <strong>Nagy \u00c1d\u00e1m<\/strong> \u00e9s <strong>Sch\u00e4fer Andr\u00e1s<\/strong> foglalta el, a t\u00e1mad\u00f3sorban pedig <strong>Szoboszlai Dominik<\/strong> \u00e9s a v\u00e1logatott\u00f3l r\u00f6videsen visszavonul\u00f3 <strong>Szalai \u00c1d\u00e1m<\/strong> mellett <strong>Gazdag D\u00e1niel<\/strong> kapott helyet az arccsontt\u00f6r\u00e9st szenvedett <strong>Sallai Roland<\/strong> hi\u00e1ny\u00e1ban.\r\n\r\n[central_article_recommendation title=\"Kapcsol\u00f3d\u00f3\" url=\"https:\/\/rangado.24.hu\/magyar_foci\/2022\/09\/24\/nemzetek-ligaja-nemet-magyar-szalai-gol-szoboszlai-nyilatkozat\/\" image=\"1\" lead=\"1\"]\r\n\r\nA n\u00e9met v\u00e1logatott a m\u00e9rk\u0151z\u00e9s kezdet\u00e9t\u0151l fogva kezdem\u00e9nyez\u0151leg l\u00e9pett fel, a j\u00e1t\u00e9kid\u0151 71 sz\u00e1zal\u00e9k\u00e1ban Flick csapata birtokolta a labd\u00e1t. A magyar v\u00e1logatott a megszokott m\u00f3don a f\u00e9lp\u00e1lya k\u00f6rny\u00e9k\u00e9n, k\u00f6z\u00e9ps\u0151 blokkban v\u00e1rta a n\u00e9met labdakihozatalokat, amelyben az \u00f6tf\u0151s v\u00e9delmi vonal el\u0151tt a k\u00f6z\u00e9pp\u00e1lya \u00e9s a t\u00e1mad\u00f3sor feladata a p\u00e1lya k\u00f6zep\u00e9nek hermetikus lez\u00e1r\u00e1sa volt.\r\n\r\n<span class=\"highlight-block-small\">Ezt Rossi csapata, amint az ut\u00f3bbi \u00e9vekben megszokhattuk, ism\u00e9t nagyon magas sz\u00ednvonalon teljes\u00edtette.<\/span>\r\n\r\nA n\u00e9met labdabirtokl\u00e1s szinte v\u00e9gig a magyar t\u00e9rf\u00e9len folyt, \u00edgy a h\u00e1trapasszokra se nagyon volt alkalom kit\u00e1madni. A sz\u00f6gletb\u0151l szerzett, viszonylag korai vezet\u0151 g\u00f3l pedig nem is k\u00e9sztette arra a magyar v\u00e1logatottat, hogy magasra tolja a v\u00e9dekez\u00e9s\u00e9t.\r\n\r\nA Hansi Flick vezette n\u00e9met v\u00e1logatott st\u00edlusa nagyj\u00e1b\u00f3l megegyezik azzal, amit a Bayern edz\u0151jek\u00e9nt l\u00e1thattunk t\u0151le a 2019-21 k\u00f6z\u00f6tti, rendk\u00edv\u00fcl sikeres id\u0151szakban. Ez a fajta j\u00e1t\u00e9k egyar\u00e1nt tartalmazza a t\u00fcrelmes poz\u00edci\u00f3s j\u00e1t\u00e9k \u00e9s a labdaveszt\u00e9s ut\u00e1ni visszat\u00e1mad\u00e1sra \u00e9p\u00fcl\u0151, vill\u00e1mgyors j\u00e1t\u00e9k elemeit. A jelenlegi n\u00e9met v\u00e1logatott azonban egyel\u0151re nem tud az akkori Bayernhez hasonl\u00f3 sebess\u00e9ggel \u00e1tg\u00e1zolni ellenfelein, a magyar reteszt is k\u00fcl\u00f6n\u00f6sen nehezen tudta felt\u00f6rni.\r\n\r\nA n\u00e9metek j\u00e1t\u00e9ka a p\u00e1lya k\u00f6zep\u00e9n t\u00f6bbnyire szimmetrikus volt, nagy l\u00e9tsz\u00e1mban foglalt\u00e1k el a centrumot, t\u00f6bbnyire mind a n\u00e9gy t\u00e1mad\u00f3jukkal oda helyezkedve. Ennek megfelel\u0151en az els\u0151 f\u00e9lid\u0151ben t\u00f6bbnyire mindk\u00e9t sz\u00e9ls\u0151 h\u00e1tv\u00e9d, Jonas Hoffmann \u00e9s David Raum is fell\u00e9phetett a t\u00e1mad\u00e1sokkal, m\u00edg G\u00fcndogan Kimmich mell\u0151l kiss\u00e9 oldalra h\u00faz\u00f3dva pr\u00f3b\u00e1lt ter\u00fcletet tal\u00e1lni a magyar \u00f6tsz\u00f6g szor\u00edt\u00e1s\u00e1ban. A p\u00e1lya k\u00f6zep\u00e9t a magyar v\u00e1logatott kit\u0171n\u0151en lez\u00e1rta, k\u00f6z\u00e9pr\u0151l a sz\u00e9lekre viszont nem tudott megfelel\u0151 \u00fctemben oda\u00e9rni a labda, hiszen a magyar v\u00e9delmi blokk k\u00f6nnyed\u00e9n letol\u00f3dta a forgat\u00e1sokat. Szok\u00e1s szerint Gazdag \u00e9s Szoboszlai is kivette a r\u00e9sz\u00e9t a sz\u00e9leken val\u00f3 v\u00e9dekez\u00e9sb\u0151l, \u00e9s f\u0151leg a p\u00e1lya bal oldal\u00e1n siker\u00fclt t\u00f6bbsz\u00f6r labd\u00e1t szerezni, a Rossi \u00e1ltal m\u00e9lyv\u00edzbe dobott Kerkez Milos t\u00f6bbsz\u00f6r is kit\u0171n\u0151en olvasta a j\u00e1t\u00e9kot.\r\n\r\n<img class=\"alignnone size-full wp-image-5940\" src=\"https:\/\/sport24.24.hu\/app\/uploads\/sites\/24\/2022\/09\/gerhun1.png\" alt=\"\" width=\"1280\" height=\"720\" \/>\r\n\r\n<em>N\u00e9met labdabirtokl\u00e1s \u00e9s magyar v\u00e9dekez\u00e9s az els\u0151 f\u00e9lid\u0151ben. Rossi csapata 5-2-3\/5-4-1 alakzatban els\u0151sorban a p\u00e1lya k\u00f6zep\u00e9t \u0151rzi. G\u00fcndogan a k\u00f6z\u00e9ph\u00e1tv\u00e9dek mell\u00e9 l\u00e9p vissza, a k\u00e9t sz\u00e9ls\u0151h\u00e1tv\u00e9d el\u0151re indul. A n\u00e9metek azonban szint\u00e9n k\u00f6z\u00e9pre t\u00f6m\u00f6r\u00fclnek, \u00edgy a magyar v\u00e1logatott k\u00f6nnyed\u00e9n letol\u00f3dja a forgat\u00e1st, a jelenet v\u00e9ge labdaszerz\u00e9s a bal oldalunkon.<\/em>\r\n\r\nA n\u00e9metek h\u00e1ts\u00f3 sora labdabirtokl\u00e1sban kev\u00e9s alkalommal tudta meredek felpasszal megj\u00e1tszani az el\u00f6l l\u00e9v\u0151 t\u00e1rsakat, amikor pedig siker\u00fclt, akkor a magyar v\u00e1logatott t\u00f6bbnyire sikeresen \u00f6sszeszedte a labd\u00e1t a p\u00e1lya k\u00f6zep\u00e9n, hiszen sz\u00e9less\u00e9gben \u00e9s m\u00e9lys\u00e9gben is alig akadt ter\u00fclet a rendk\u00edv\u00fcl kompakt v\u00e9delmi blokkon bel\u00fcl.\r\n\r\n<img class=\"alignnone size-full wp-image-5941\" src=\"https:\/\/sport24.24.hu\/app\/uploads\/sites\/24\/2022\/09\/gerhun2.png\" alt=\"\" width=\"1280\" height=\"720\" \/>\r\n\r\n<em>S\u00fcle l\u00e9p be a j\u00e1t\u00e9kba \u00e9s egy meredek felpasszal megj\u00e1tssza Gnabry-t. A magyar v\u00e9delmi alakzaton bel\u00fcl azonban nincs hely megfordulni, Sch\u00e4fer k\u00f6zbel\u00e9p \u00e9s \u00f6sszeszedi a labd\u00e1t.<\/em>\r\n<div class=\"payable-content-section\"><\/div>\r\n<span class=\"highlight-block-small\">A magyar v\u00e1logatottnak j\u00f3val kevesebb lehet\u0151s\u00e9ge akadt a sikeres labdakihozatalra <a href=\"https:\/\/sport24.24.hu\/foci\/2022\/06\/12\/nemzetek-ligaja-magyarorszag-nemetorszag-taktikai-elemzes\/\">mint a budapesti m\u00e9rk\u0151z\u00e9sen<\/a>, ezek nagy r\u00e9sz\u00e9re is a m\u00e9rk\u0151z\u00e9s els\u0151 h\u00fasz perc\u00e9ben, a vezet\u0151 g\u00f3l megszerz\u00e9se el\u0151tt akadt p\u00e9lda.<\/span>\r\n\r\nFlick csapata a megszokott, agressz\u00edv, emberfog\u00e1s-alap\u00fa let\u00e1mad\u00e1ssal nehez\u00edtette meg a magyarok dolg\u00e1t, amelyben legels\u0151 emberk\u00e9nt Werner feladata volt Gul\u00e1csi megt\u00e1mad\u00e1sa, a v\u00e9delem t\u00f6bbi tagj\u00e1ra \u00e9s a visszal\u00e9p\u0151 Sch\u00e4ferre a h\u00e1rom t\u00e1mad\u00f3 k\u00f6z\u00e9pp\u00e1ly\u00e1s figyelt, a v\u00e9delem el\u0151tt pedig Kimmich \u00e9s G\u00fcndogan sz\u0171rte meg a magyar t\u00e1mad\u00e1s\u00e9p\u00edt\u00e9si pr\u00f3b\u00e1lkoz\u00e1sokat.\r\n\r\n<img class=\"alignnone size-full wp-image-5942\" src=\"https:\/\/sport24.24.hu\/app\/uploads\/sites\/24\/2022\/09\/gerhun3.png\" alt=\"\" width=\"1280\" height=\"720\" \/>\r\n\r\n<em>A n\u00e9met v\u00e1logatott 4-2-3-1-ben t\u00e1mad le. Werner Gul\u00e1csit zavarja, aki Szalai Attila fel\u00e9 folytatja a j\u00e1t\u00e9kot. \u0150t jobbsz\u00e9ls\u0151k\u00e9nt Gnabry fogja megt\u00e1madni.<\/em>\r\n\r\n<img class=\"alignnone size-full wp-image-5943\" src=\"https:\/\/sport24.24.hu\/app\/uploads\/sites\/24\/2022\/09\/gerhun4.png\" alt=\"\" width=\"1280\" height=\"720\" \/>\r\n\r\n<em>A jelenet folytat\u00e1sa. Kerkez a saj\u00e1t kapuja fel\u00e9 fordulva kap labd\u00e1t, \u00edgy Hoffmann kil\u00e9p r\u00e1. G\u00fcndogan \u00e9s Kimmich \u00e9rkezik a k\u00f6zeli ter\u00fcleteket lez\u00e1rni, n\u00e9met labdaszerz\u00e9s lesz bel\u0151le.<\/em>\r\n\r\nAmint azt a kor\u00e1bbi m\u00e9rk\u0151z\u00e9seken megszokhattuk, a Nagy\u2013Sch\u00e4fer p\u00e1ros egyik tagja visszal\u00e9pett a v\u00e9d\u0151vonalba negyedik embernek, m\u00edg a sz\u00e9leken a sz\u00e9ls\u0151 \u00e9s a sz\u00e1rnyv\u00e9d\u0151 szabadon cser\u00e9lhettek helyet. A labdakihozatalokat Szalai \u00c1d\u00e1m ez\u00fattal is igyekezett visszal\u00e9pve seg\u00edteni. A sikeres labdakihozatal ut\u00e1n pedig a sz\u00e9lek fel\u00e9 forgatva dinamikus j\u00e1t\u00e9kkal pr\u00f3b\u00e1ltunk \u00e1tt\u00f6rni az ellenf\u00e9l v\u00e9dekez\u00e9s\u00e9n. Ez kevesebbszer siker\u00fclt, mint az el\u0151z\u0151 m\u00e9rk\u0151z\u00e9seken, de az egyik ilyen t\u00e1mad\u00e1s sz\u00f6glethez, majd a sz\u00f6gletb\u0151l g\u00f3lhoz vezetett.\r\n\r\n<img class=\"alignnone size-full wp-image-5944\" src=\"https:\/\/sport24.24.hu\/app\/uploads\/sites\/24\/2022\/09\/gerhun5.png\" alt=\"\" width=\"1280\" height=\"720\" \/>\r\n\r\n<em>Magyar labdakihozatal. Sch\u00e4fer visszal\u00e9p a v\u00e9d\u0151vonalba, Gazdag \u00e9s Fiola helyet cser\u00e9l. Lang( nem l\u00e1tszik a k\u00e9pen) Nagy \u00c1d\u00e1mhoz passzol, aki a t\u00faloldalon beindul\u00f3 Kerkezhez forgat.<\/em>\r\n\r\nMarco Rossi \u00e9s st\u00e1bja nagy figyelmet ford\u00edt a r\u00f6gz\u00edtett szitu\u00e1ci\u00f3kra, hiszen v\u00e1logatott szinten, a kev\u00e9s felk\u00e9sz\u00fcl\u00e9si id\u0151 mellett ezek a vari\u00e1ci\u00f3k plusz fegyvert jelenthetnek. A 17. percben egy bal oldali sz\u00f6gletb\u0151l szerezt\u00fck meg a vezet\u00e9st: Szoboszlai a r\u00f6vid oldalra k\u00fcldte a sz\u00f6gletet, Szalai pedig klasszis mozdulattal sarkazott a kapuba.\r\n\r\n<span class=\"highlight-block-small\">\u00c9rdemes megfigyelni, hogy a n\u00e9metek a kapu el\u0151tt z\u00f3nav\u00e9dekez\u00e9st alkalmaznak, a magyar v\u00e1logatott pedig nem az embert\u00f6megen bel\u00fclre, hanem az \u00fcres ter\u00fcletre f\u00f3kusz\u00e1l: a blokk r\u00f6vid oldal\u00e1ra Szalai, a hossz\u00fara Lang \u00e9rkezik mintaszer\u0171en.<\/span>\r\n\r\n<img class=\"alignnone size-full wp-image-5945\" src=\"https:\/\/sport24.24.hu\/app\/uploads\/sites\/24\/2022\/09\/gerhun6.png\" alt=\"\" width=\"1280\" height=\"720\" \/>\r\n\r\n<em>A gy\u0151ztes g\u00f3l. A tizenhatoson bel\u00fcl nyolc n\u00e9met j\u00e1t\u00e9kos v\u00e9d ter\u00fcletet k\u00e9t n\u00e9gyes sorban. A h\u00e1rom bels\u0151 ember egym\u00e1s m\u00f6g\u00f6tt \u201evonatozik\u201d. Ha a v\u00e9dekez\u0151 csapat tiszt\u00e1n z\u00f3nav\u00e9dekez\u00e9st alkalmaz a tizenhatoson bel\u00fcl, \u00e9rdemes az \u00e1ltaluk le nem fedett ter\u00fcletet t\u00e1madni. Ennek szellem\u00e9ben Lang a hossz\u00fa, Szalai \u00c1d\u00e1m a r\u00f6vid oldalra indul \u00e9s klasszis mozdulattal beveszi a kaput.<\/em>\r\n\r\nA sz\u00fcnetben Hansi Flick nemcsak cser\u00e9lt, hanem szerkezetet is v\u00e1ltott: Serge Gnabry hely\u00e9re <strong>Tilo Kehrer<\/strong> \u00e9rkezett. Flick teh\u00e1t \u00e1t\u00e1llt h\u00e1rom bels\u0151 v\u00e9d\u0151s rendszerre, l\u00e9nyeg\u00e9ben let\u00fckr\u00f6zve a magyar v\u00e1logatott fel\u00e1ll\u00e1s\u00e1t. Ilyesmit az edz\u0151k \u00e1ltal\u00e1ban v\u00e9dekez\u0151 megfontol\u00e1sb\u00f3l szoktak h\u00fazni, Flick azonban els\u0151sorban a csapata labdabirtokl\u00e1si szerkezet\u00e9t szerette volna \u00e1tvari\u00e1lni. A p\u00e1lya k\u00f6zep\u00e9n \u00edgy elviekben t\u00f6bb h\u00e1romsz\u00f6g \u00e9s rombusz alakul ki, ami megk\u00f6nny\u00edtheti, hogy a Kimmich\u2013G\u00fcndogan du\u00f3n kereszt\u00fcl, a labd\u00e1t t\u00f6bbnyire \u00e1tl\u00f3san j\u00e1ratva a magyar v\u00e9dekez\u00e9st ki lehessen csalogatni. Csakhogy a n\u00e9met v\u00e1logatott alapvet\u0151en ism\u00e9t a p\u00e1lya k\u00f6zep\u00e9re t\u00f6m\u00f6r\u00fclt, nem sokszor pr\u00f3b\u00e1lt\u00e1k egy aszimmetrikus, \u00fagynevezett t\u00falt\u00f6lt\u00e9ssel a p\u00e1lya egyik oldala fel\u00e9 elbillenteni a fel\u00e1ll\u00e1sukat, \u00edgy a magyar v\u00e1logatott tov\u00e1bbra is k\u00f6nnyed\u00e9n letol\u00f3dta a viszonylag lass\u00fa labdaj\u00e1rat\u00e1st. R\u00e1ad\u00e1sul a magyar v\u00e9dekez\u0151 alakzat gyakorlatilag a n\u00e9met t\u00e1mad\u00f3 alakzat t\u00fck\u00f6rk\u00e9pe volt, a p\u00e1lya k\u00f6zep\u00e9n kialakult egyens\u00falyi helyzet \u00edgy az egyg\u00f3los el\u0151ny\u00e9t \u0151rz\u0151 magyar v\u00e1logatottnak kedvezett.\r\n\r\n<img class=\"alignnone size-full wp-image-5946\" src=\"https:\/\/sport24.24.hu\/app\/uploads\/sites\/24\/2022\/09\/gerhun7.png\" alt=\"\" width=\"1280\" height=\"720\" \/>\r\n\r\n<em>N\u00e9met labdabirtokl\u00e1s a m\u00e1sodik f\u00e9lid\u0151 elej\u00e9n. H\u00e1rom bels\u0151 v\u00e9d\u0151 \u00e9s k\u00e9t bels\u0151 k\u00f6z\u00e9pp\u00e1ly\u00e1s, azzal a c\u00e9llal, hogy m\u00e9lys\u00e9gben is lehessen manipul\u00e1lni a magyar v\u00e9dekez\u00e9st. A p\u00e1lya k\u00f6zep\u00e9n azonban tov\u00e1bbra sem hagy r\u00e9seket a magyar v\u00e1logatott, r\u00e1ad\u00e1sul \u201et\u00fck\u00f6rben\u201d v\u00e9dekezve l\u00e9tsz\u00e1mban is egyens\u00falyban van a csapat.<\/em>\r\n\r\nHetven perc eltelt\u00e9vel a v\u00e9delem el\u0151tt j\u00e1tsz\u00f3 G\u00fcndogan hely\u00e9re a sokkal t\u00e1mad\u00f3bb szerepben j\u00e1tsz\u00f3, fiatal <strong>Jamal Musial\u00e1t<\/strong> k\u00fcldte p\u00e1ly\u00e1ra Flick, a n\u00e9metek 3-4-2-1-es fel\u00e1ll\u00e1sa \u00edgy egyre ink\u00e1bb egy ultraoffenz\u00edv 3-1-4-2-re kezdett hasonl\u00edtani az egyenl\u00edt\u00e9s\u00e9rt foly\u00f3 harcban. A labdaj\u00e1rat\u00e1s helyett pedig egyre t\u00f6bbsz\u00f6r pr\u00f3b\u00e1lkoztak a n\u00e9metek a v\u00e9delem m\u00f6g\u00e9 bel\u0151tt ind\u00edt\u00e1sokkal, hiszen a magyar v\u00e9delmi blokkon bel\u00fcl szinte semennyi ter\u00fclet sem \u00e1llt rendelkez\u00e9s\u00fckre. Rossi \u00e9s st\u00e1bja azonban erre is reag\u00e1lt: a magyar v\u00e1logatott egyre m\u00e9lyebben, szinte 5-4-1-ben kezdett v\u00e9dekezni. B\u00e1r a kontr\u00e1k es\u00e9lye ezzel minim\u00e1lisra cs\u00f6kkent, Nego behozatala ezen valamennyit jav\u00edtott, hiszen a k\u00f6z\u00e9ps\u0151 labdaszerz\u00e9sek ut\u00e1n ind\u00edt\u00e1sokkal lehetett apell\u00e1lni a sebess\u00e9g\u00e9re. Hasonl\u00f3 szitu\u00e1ci\u00f3b\u00f3l ker\u00fclt nagy helyzetbe <strong>Kleinheisler<\/strong> is.\r\n\r\n<img class=\"alignnone size-full wp-image-5947\" src=\"https:\/\/sport24.24.hu\/app\/uploads\/sites\/24\/2022\/09\/gerhun8.png\" alt=\"\" width=\"1280\" height=\"720\" \/>\r\n\r\n<em>N\u00e9met labdabirtokl\u00e1s a 70. perc ut\u00e1n. G\u00fcndogan m\u00e1r egyed\u00fcl \u0151rj\u00e1ratozik a h\u00e1rom bels\u0151 v\u00e9d\u0151 el\u0151tt, Musiala plusz opci\u00f3t k\u00edn\u00e1l a v\u00e9d\u0151vonalak k\u00f6z\u00f6tt. Havertz indul be a v\u00e9delem m\u00f6g\u00e9, imm\u00e1r legink\u00e1bb a m\u00e9lys\u00e9gi ind\u00edt\u00e1sokra \u00e9p\u00edt a n\u00e9met v\u00e1logatott. V\u00e1laszul a magyar v\u00e1logatott 5-4-1-re v\u00e1lt \u00e9s m\u00e9g m\u00e9lyebbre h\u00fazza a v\u00e9delmi vonalat.<\/em>\r\n\r\n[central_article_recommendation title=\"Kapcsol\u00f3d\u00f3\" url=\"https:\/\/rangado.24.hu\/magyar_foci\/2022\/09\/24\/nemzetek-ligaja-nemet-magyar-szalai-adam-golja-marco-rossi-nyilatkozat\/\" image=\"1\" lead=\"1\"]\r\n\r\nA magyar v\u00e1logatott teh\u00e1t a kor\u00e1bbin\u00e1l kevesebb labdabirtokl\u00e1ssal, de \u00fajabb m\u00e9rk\u0151z\u00e9st nyert a Nemzetek Lig\u00e1j\u00e1ban. A sikerrecept ink\u00e1bb hasonl\u00edtott a n\u00e9h\u00e1ny \u00e9vvel kor\u00e1bbihoz: kev\u00e9s helyzet mell\u00e9 keveset is enged\u00fcnk az ellenf\u00e9lnek, a k\u00edn\u00e1lkoz\u00f3 kisebb lehet\u0151s\u00e9geket maxim\u00e1lisan kihaszn\u00e1lva pedig a gy\u0151ztes g\u00f3lt is siker\u00fclt megszerezni.\r\n\r\n<span class=\"highlight-block-small\">Ezt a statisztik\u00e1k is kit\u0171n\u0151en mutatj\u00e1k: a n\u00e9meteknek t\u00f6bb l\u00f6v\u00e9se volt, de ezek mind alacsonyabb min\u0151s\u00e9g\u0171 helyzetek.<\/span>\r\n\r\nhttps:\/\/twitter.com\/OptaAnalyst\/status\/1573413082571079680\r\n\r\nA magyar csapat 10 pontj\u00e1val vezeti a Nemzetek Lig\u00e1ja A csoportj\u00e1t. Folytat\u00e1s h\u00e9tf\u0151n hazai p\u00e1ly\u00e1n Olaszorsz\u00e1g ellen, a t\u00e9t imm\u00e1r a n\u00e9gyes d\u00f6nt\u0151be jut\u00e1s. Nem mellesleg az m\u00e1r eld\u0151lt, hogy az elitdiv\u00edzi\u00f3ban marad Magyarorsz\u00e1g, \u00e9s majd az els\u0151 kalapb\u00f3l sorsolj\u00e1k ki a 2024-es Eur\u00f3pa-bajnoki selejtez\u0151j\u00e9ben.\r\n\r\nMarco Rossi \u00e9s st\u00e1bja ezen a m\u00e9rk\u0151z\u00e9sen sokadszor is megmutatta, hogy a hossz\u00fa t\u00e1v\u00fa, szisztematikus munka nem csak toplig\u00e1s j\u00e1t\u00e9kosokkal vezethet eredm\u00e9nyre.","type":"rich","thumbnail_url":"https:\/\/s.24.hu\/app\/uploads\/sites\/24\/2022\/09\/szalai-adam-1-150x150.jpg","thumbnail_width":150,"thumbnail_height":150}