{"version":"1.0","provider_name":"Sport24","provider_url":"https:\/\/sport24.24.hu","author_name":"Bruckner G\u00e1bor","author_url":"https:\/\/sport24.24.hu\/author\/brucknerg\/","title":"A legnyugatibb magyar center elk\u00f6sz\u00f6nt, \u00e9s maga ut\u00e1n hagy egy Szalai-alak\u00fa \u0171rt","html":"Ha van \u201eszalai\u00e1d\u00e1mos\u201d g\u00f3l, akkor az a 2016-os Eur\u00f3pa-bajnoki menetel\u00e9st elind\u00edt\u00f3, Ausztria elleni tal\u00e1lat. Szimbolikus jelent\u0151s\u00e9ge vitathatatlan \u2013 30 \u00e9v ut\u00e1n ez volt a magyar feln\u0151tt A-v\u00e1logatott els\u0151 g\u00f3lja nagy torn\u00e1n \u2013, \u00e9s mindig is ez lesz a <strong>Szalai<\/strong>-g\u00f3l, de enn\u00e9l is t\u00f6bb van benne, ha visszan\u00e9zz\u00fck. Szalai visszal\u00e9p centerb\u0151l, h\u00e1ttal, messze van a kaput\u00f3l. Mellel k\u00e9sz\u00edti le a labd\u00e1t <strong>Kleinheisler L\u00e1szl\u00f3nak<\/strong>, aki kicsit d\u00e9delgeti azt, majd k\u00e9nyszer\u00edt\u0151zik egyet Szalaival, aki ezut\u00e1n h\u00e1rom osztr\u00e1k v\u00e9d\u0151 k\u00f6z\u00e9, \u00fcres ter\u00fcletre mozog. Kleinheisler meg is k\u00edn\u00e1lja egy remek labd\u00e1val, a center \u00e1tveszi azt. Nem ragad hozz\u00e1 a labda, kicsit hossz\u00fa az \u00e1tv\u00e9tel, de m\u00e9g pont el\u00e9g j\u00f3: Szalai cs\u00faszik, jobb l\u00e1b\u00e1val el\u00e9ri a labd\u00e1t, s bepiszk\u00e1lja azt a h\u00e1l\u00f3ba, majd n\u00e9h\u00e1ny m\u00e1sodperc m\u00falva m\u00e1r a magyar szurkol\u00f3kkal \u00fcnnepel egy\u00fctt a kapu m\u00f6g\u00f6tt. A labda meg \u201elass\u00edtva is begurul\u201d.\r\n\r\n<span class=\"highlight-block-small\">Tipikus Szalai. A k\u0151kem\u00e9ny mez\u0151nymunka (ami n\u00e9lk\u00fcl sosem alakult volna ki a helyzet), az intelligencia (a helyzet \u00e1tl\u00e1t\u00e1sa, optim\u00e1lis helyre mozg\u00e1s), a nem perfekt technikai megold\u00e1s \u00e9s a t\u00f6k\u00e9letlens\u00e9g\u00e9vel egy\u00fctt t\u00f6k\u00e9letes befejez\u00e9s, majd az \u00fcnnepl\u00e9s a szurkol\u00f3kkal.<\/span>\r\n\r\nLehet, hogy vannak olyan magyar k\u00f6z\u00e9pcsat\u00e1rok a kort\u00e1rsak k\u00f6z\u00f6tt, akik szebben fejezt\u00e9k volna be az akci\u00f3t. De elk\u00e9pzelhet\u0151, hogy vel\u00fck nem jutott volna el ugyaneddig a t\u00e1mad\u00e1s.\r\n\r\nhttps:\/\/www.youtube.com\/watch?v=xqRmSfM8afc&amp;ab_channel=SuperFootballEver\r\n\r\nJellemz\u0151 az is, hogy amikor Szalai \u00c1d\u00e1m bejelentette visszavonul\u00e1s\u00e1t a magyar nemzeti csapatt\u00f3l \u2013 a h\u00edr m\u00e1r kor\u00e1bban kisziv\u00e1rgott a sajt\u00f3n kereszt\u00fcl, \u00e9s ez l\u00e1that\u00f3an nem esett neki j\u00f3l \u2013, akkor a reakci\u00f3k k\u00f6z\u00f6tt mark\u00e1nsan megjelentek az \u201e\u00f6lt\u00f6z\u0151ben nagyon hi\u00e1nyozni fog, a p\u00e1ly\u00e1n nem biztos\u201d jelleg\u0171 v\u00e9lem\u00e9nyek is. Pedig Szalai j\u00e1t\u00e9k\u00e1t akkor fogjuk igaz\u00e1n \u00e9rt\u00e9kelni, amikor majd megl\u00e1tszik a hi\u00e1nya. Tudniillik a magyar futball elm\u00falt m\u00e1sf\u00e9l \u00e9vtized\u00e9nek \u0151 az egyetlen, toplig\u00e1s szinten is t\u00e9nyez\u0151nek sz\u00e1m\u00edt\u00f3 centere.\r\n\r\nNem v\u00e9letlen\u00fcl az. Senki sem l\u00e9p v\u00e9letlen\u00fcl p\u00e1ly\u00e1ra a Bundeslig\u00e1ban 276 alkalommal, \u00e9s senki sem szerez v\u00e9letlen\u00fcl 54 g\u00f3lt a vil\u00e1g egyik leger\u0151sebb bajnoks\u00e1g\u00e1ban. Akit ennyiszer p\u00e1ly\u00e1ra k\u00fcldenek, az egy\u00e9rtelm\u0171en toplig\u00e1s szint\u0171, \u00e9s t\u00f6bb mint egy \u00e9vtizedig ilyen n\u00edv\u00f3n j\u00e1tszani csak \u00e1lom a magyar futballist\u00e1k 99,9 sz\u00e1zal\u00e9k\u00e1nak. Ha a vez\u00e9rszerep\u00e9r\u0151l van sz\u00f3, Szalai meg\u00edt\u00e9l\u00e9se teljesen egy\u00e9rtelm\u0171 a szurkol\u00f3k k\u00f6r\u00e9ben: mindenki elismeri, milyen fontos egy\u00e9nis\u00e9ge a csapatnak, \u00e9s hogy mennyire j\u00f3 csapatkapit\u00e1ny. Kev\u00e9sb\u00e9 egy\u00f6ntet\u0171 a v\u00e9lem\u00e9ny, ha a j\u00e1t\u00e9k\u00e1r\u00f3l sz\u00f3l a k\u00e9rd\u00e9s. \u00c9s ennek lehet, hogy t\u00f6rt\u00e9nelmi el\u0151zm\u00e9nyei vannak.\r\n\r\nA magyar, illetve Duna-menti labdar\u00fag\u00f3st\u00edlus \u2013 melynek kialakul\u00e1s\u00e1ban kulcsszerepe volt a haz\u00e1j\u00e1t\u00f3l messzire szakadt, emigr\u00e1ns angol edz\u0151nek, <strong>Jimmy Hogannek<\/strong> \u2013 a sk\u00f3t st\u00edluson alapul. A sk\u00f3t st\u00edlus pedig az angol ellent\u00e9t\u00e9t k\u00e9pviselte a 20. sz\u00e1zad elej\u00e9n: m\u00edg az angolok meglehet\u0151sen merev, hossz\u00fa labd\u00e1kra, er\u0151re \u00e9s kem\u00e9nys\u00e9gre \u00e9p\u00edt\u0151 j\u00e1t\u00e9kot j\u00e1tszottak, \u00e9szaki szomsz\u00e9daik a technik\u00e1s, intelligens, gyors \u00f6sszj\u00e1t\u00e9kon \u00e9s kombin\u00e1ci\u00f3kon alapul\u00f3 futballban hittek. Az ir\u00f3nia az, hogy Hogan maga is (\u00edr sz\u00e1rmaz\u00e1s\u00fa) angol volt, de sz\u00fcl\u0151haz\u00e1j\u00e1ban elker\u00fclt\u00e9k a nagy sikerek, szemben K\u00f6z\u00e9p-Eur\u00f3p\u00e1val. S\u00edrj\u00e1n az Aranycsapat sz\u00f6vets\u00e9gi kapit\u00e1ny\u00e1nak, <strong>Sebes Guszt\u00e1vnak<\/strong> tisztelg\u0151 egysorosa \u00e1ll. Mindig is hitt az \u00e9szfutball prim\u00e1tus\u00e1ban.\r\n\r\n\u201eA Craven Cottage-en \u00f3ri\u00e1sit fejl\u0151d\u00f6tt a futballtud\u00e1som, mert nagyszer\u0171 sk\u00f3t j\u00e1t\u00e9kosokkal dolgozhattam egy\u00fctt, akik azt a st\u00edlust j\u00e1tszott\u00e1k, amelyre mindig is v\u00e1gytam\u201d \u2013 eml\u00e9kezett vissza Hogan a Fulhamn\u00e9l t\u00f6lt\u00f6tt \u00e9veire.\r\n\r\nEz a sk\u00f3t st\u00edlus k\u00f6sz\u00f6n vissza \u2013 a helyi gondolkod\u00e1snak megfelel\u0151en m\u00f3dos\u00edtva \u2013 a magyar \u00e9s k\u00f6z\u00e9p-eur\u00f3pai futballtrad\u00edci\u00f3b\u00f3l, \u00e9s ez az, amit itthon hossz\u00fa \u00e9vtizedekig egy\u00e9rtelm\u0171en k\u00f6vetend\u0151nek tartottak. Se szeri, se sz\u00e1ma az olyan cikkeknek, amelyek az \u00e9szfutball fels\u0151bbrend\u0171s\u00e9g\u00e9t hirdetik az er\u0151futball\u00e9val szemben, m\u00e9g akkor is, ha a h\u00faszas, harmincas \u00e9vek hazai \u00fajs\u00e1gjai gyakran kritiz\u00e1lj\u00e1k a magyar j\u00e1t\u00e9kosok hi\u00e1nyoss\u00e1gait (kev\u00e9s dinamizmus, lass\u00fas\u00e1g, t\u00falzott bizodalom a technikai f\u00f6l\u00e9nyben).\r\n\r\n<img class=\"alignnone size-full wp-image-5900\" src=\"https:\/\/sport24.24.hu\/app\/uploads\/sites\/24\/2022\/09\/szalai.jpg\" alt=\"\" width=\"901\" height=\"600\" \/>\r\n\r\n\u201eT\u00f6bbet \u00e9sszel, mint er\u0151vel \u2013 mindig ez jellemezte a labdar\u00fag\u00e1sunkat. Az \u00e9szt eleinte csak a technika, ennek v\u00e1ltozatos, \u00f6tletes, n\u00e9ha \u00f6rd\u00f6ng\u00f6s alkalmaz\u00e1sa jelentette, majd ehhez j\u00f6tt a mind jobban fejl\u0151d\u0151 taktika, s a k\u00f6zelm\u00falt \u00e9veiben az a k\u00fcl\u00f6nleges, sokmozg\u00e1sos j\u00e1t\u00e9km\u00f3d, amely ugyancsak meglepte a labdar\u00fag\u00f3vil\u00e1got (\u2026) Legjobbjaink nem sokat t\u00f6r\u0151dtek a k\u00fclf\u00f6ldi er\u0151fesz\u00edt\u00e9sekkel, s\u0151t, m\u00e9g egyes szakvezet\u0151k sem. Az er\u0151t mindig kev\u00e9sre becs\u00fclt\u00e9k. Len\u00e9zt\u00e9k azt, aki \u00bber\u0151b\u0151l\u00ab j\u00e1tszott. Az er\u0151 \u2013 \u00fagy \u00e9rezt\u00e9k \u2013 nem illik a t\u00f6bbet \u00e9sszel, mint er\u0151vel elvhez; nem \u00bbm\u00e9lt\u00f3\u00ab a kiv\u00e1l\u00f3 magyar labdar\u00fag\u00f3khoz. Azokat, akik sokat adtak az er\u0151nl\u00e9tre, r\u00f6viden csak \u00bbfav\u00e1g\u00f3knak\u00ab nevezt\u00e9k, j\u00e1t\u00e9kukat pedig \u00bber\u0151futballnak\u00ab\u201d \u2013 \u00edrta a N\u00e9psport has\u00e1bj\u00e1n 1957-ben<strong> P\u00e1lfai J\u00e1nos<\/strong>, aki \u00e9pp ezt a gondolkod\u00e1sm\u00f3dot b\u00edr\u00e1lja cikk\u00e9ben. A korabeli felfog\u00e1st \u2013 ami ekkor m\u00e1r h\u00fasz-harminc \u00e9ve meggy\u00f6kerezett, \u00e9s az\u00f3ta is \u00e9l \u2013 j\u00f3l t\u00fckr\u00f6zi.\r\n\r\n<span class=\"highlight-block\">Azt tartja a szurkol\u00f3i gondolkod\u00e1s, hogy a magyar k\u00f6z\u00e9pcsat\u00e1r akkor j\u00f3, ha tr\u00fckk\u00f6s.<\/span>\r\n<div class=\"payable-content-section\"><\/div>\r\nTechnik\u00e1s. Brili\u00e1ns megold\u00e1sokra k\u00e9pes. Intelligens. Finoman b\u00e1nik a labd\u00e1val \u00e9s megold\u00e1sai is finomak. M\u0171v\u00e9sz, nem pedig er\u0151m\u0171v\u00e9sz. No \u00e9s persze: sok g\u00f3lt szerez. Az er\u0151s, hatalmas munkab\u00edr\u00e1s\u00fa, pl\u00e1ne a j\u00f3l v\u00e9dekez\u0151 kifejez\u00e9sek nem hangzanak el ilyenkor. A kollekt\u00edv magyar futballeml\u00e9kezetben \u00e9l\u0151 bels\u0151csat\u00e1r ink\u00e1bb <strong>Hidegkuti N\u00e1ndor<\/strong> (visszavont center), <strong>Albert Fl\u00f3ri\u00e1n<\/strong> (rendk\u00edv\u00fcl technik\u00e1s, intelligens t\u00e1mad\u00f3\/t\u00e1mad\u00f3 k\u00f6z\u00e9pp\u00e1ly\u00e1s) vagy <strong>T\u00f6r\u0151csik Andr\u00e1s<\/strong> (megzabol\u00e1zhatatlan, teljes szabads\u00e1got \u00e9lvez\u0151 t\u00e1mad\u00f3j\u00e1t\u00e9kos), mintsem a mez\u0151nyben sokat dolgoz\u00f3, hatalmas termet\u0171, irdatlan erej\u0171 Toldi G\u00e9za, vagy ak\u00e1r minden id\u0151k legg\u00f3ler\u0151sebb hazai centere, <strong>De\u00e1k Ferenc<\/strong>. \u00c9s nem az\u00e9rt, mert ut\u00f3bbiak h\u00e1t\u00e1n (a kor szok\u00e1sainak megfelel\u0151en) m\u00e9g nem volt sz\u00e1m.\r\n\r\nSz\u00f3val Szalai \u00c1d\u00e1m alighanem \u201ekil\u00f3g\u201d abb\u00f3l a ment\u00e1lis k\u00e9pb\u0151l, amelyet arr\u00f3l alkottunk, hogy milyen a j\u00f3 magyar (k\u00f6z\u00e9p)csat\u00e1r. Ha nem is tudatosan, de sok-sok futballszeret\u0151 gener\u00e1ci\u00f3 v\u00e9lem\u00e9nye, a csat\u00e1rj\u00e1t\u00e9kr\u00f3l alkotott k\u00e9pe sz\u00e1llt \u00e1t r\u00e1nk. Ugyanakkor Szalai \u2013 \u00e9ppen ereje, harcoss\u00e1ga, kiemelked\u0151en j\u00f3 mentalit\u00e1sa, munkab\u00edr\u00e1sa \u00e9s munkamor\u00e1lja, al\u00e1zata miatt \u2013 sokkal \u201enyugatibb\u201d csat\u00e1r, mint amit megszoktunk. Nem v\u00e9letlen t\u00e1n, hogy feln\u0151ttkarrierje N\u00e9metorsz\u00e1ghoz (illetve m\u00e9g Spanyolorsz\u00e1ghoz \u00e9s Sv\u00e1jchoz) k\u00f6t\u0151dik. NB I-es m\u00e9rk\u0151z\u00e9st sosem j\u00e1tszott. Ahogyan \u0151 is mondta mag\u00e1r\u00f3l a Nemzeti Sportnak adott <a href=\"https:\/\/www.nemzetisport.hu\/magyar_valogatott\/valogatott-mindig-beismertem-a-hibaimat-csak-igy-tudok-tukorbe-nezni-szalai-adam-2838321\">interj\u00faj\u00e1ban<\/a>: nem \u0151 volt a leggyorsabb, a legtechnik\u00e1sabb, a leg\u00fcgyesebb. Neki semmi sem volt ingyen, vagy j\u00f6tt k\u00f6nnyen. Tal\u00e1n Toldi hasonl\u00edthat\u00f3 hozz\u00e1 a legjobban: egy olyan csat\u00e1r, akit \u2013 b\u00e1r sokkal g\u00f3ler\u0151sebb volt Szalain\u00e1l \u2013 els\u0151sorban sz\u00edve, lelkesed\u00e9se, k\u00fczdeni tud\u00e1sa, kem\u00e9nys\u00e9ge, munkab\u00edr\u00e1sa, s nem utols\u00f3sorban taktikai \u00e9retts\u00e9ge emelt ki kort\u00e1rsai k\u00f6z\u00fcl.\r\n\r\n<span class=\"highlight-block-small\">Ha Szalai \u00c1d\u00e1mot b\u00facs\u00faztatjuk a v\u00e1logatott\u00f3l, nem mehet\u00fcnk el az itthon szint\u00e9n szokatlan, metsz\u0151 \u0151szintes\u00e9ge mellett sem. <\/span>\r\n\r\nJellemz\u0151, hogy a Wikipedia-sz\u00f3cikk\u00e9ben k\u00fcl\u00f6n r\u00e9sz foglalkozik a 2013-as telki sajt\u00f3t\u00e1j\u00e9koztat\u00f3val, amikor igen kem\u00e9nyen szembes\u00edtette a magyar futballt (bele\u00e9rtve minket, \u00fajs\u00e1g\u00edr\u00f3kat is) \u00f6n\u00e1m\u00edt\u00e1s\u00e1val \u00e9s hi\u00e1nyoss\u00e1gaival.\r\n\r\n\u201eT\u00edz \u00e9v, h\u00fasz \u00e9v \u00f3ta folyamatosan \u00e1t vannak verve [a futballszeret\u0151 emberek]\u201d \u2013 jelentette ki. Kell\u0151 brutalit\u00e1s volt ez, de olyan, ami miatt kritik\u00e1k keresztt\u00fcz\u00e9be ker\u00fclt \u2013 <strong>Pint\u00e9r Attila<\/strong> kapit\u00e1nys\u00e1ga alatt nem is volt v\u00e1logatott, mivel a k\u00e9s\u0151bbi szakvezet\u0151 kik\u00e9rte a kritik\u00e1t a magyar futballszakma nev\u00e9ben.\r\n\r\nhttps:\/\/www.youtube.com\/watch?v=HQkn16ukkOU&amp;t=25s&amp;ab_channel=P%C3%A9terR%C3%A1cz\r\n\r\nPint\u00e9ren k\u00edv\u00fcl azonban 2009 \u00e9s 2022 k\u00f6z\u00f6tt minden sz\u00f6vets\u00e9gi kapit\u00e1ny sz\u00e1m\u00edtott Szalaira. <strong>Erwin Koemann\u00e1l<\/strong> deb\u00fct\u00e1lt, <strong>Egerv\u00e1ri S\u00e1ndorn\u00e1l<\/strong> szerezte els\u0151 g\u00f3ljait, s kulcsszerepl\u0151je volt D\u00e1rdai P\u00e1l, majd Bernd Storck v\u00e1logatottj\u00e1nak, melyet Eur\u00f3pa-bajnoki r\u00e9szv\u00e9telhez seg\u00edtett. Nem hagyta ki <strong>Georges Leekens<\/strong> sem, <strong>Marco Rossi<\/strong> pedig olyannyira megb\u00edzott benne, hogy neki adta a csapatkapit\u00e1nyi karszalagot, s aligha b\u00e1nta meg egy percig is, hogy \u201evez\u00e9rbik\u00e1nak\u201d v\u00e1lasztotta. <a href=\"https:\/\/www.youtube.com\/watch?v=Ad_vHvQT-hY&amp;ab_channel=MagyarNemzeti11TV\">El\u00e9g megn\u00e9zni az Izland elleni \u00f6lt\u00f6z\u0151i besz\u00e9d\u00e9t!<\/a> A 2021-re elhalasztott Euro 2020-on betal\u00e1lt a n\u00e9metek kapuj\u00e1ba, \u00edgy \u0151 az els\u0151 (\u00e9s mindm\u00e1ig egyetlen) magyar futballista, aki k\u00e9t Eur\u00f3pa-bajnoks\u00e1gon is g\u00f3lt szerzett.\r\n\r\nhttps:\/\/www.youtube.com\/watch?v=Ad_vHvQT-hY&amp;ab_channel=MagyarNemzeti11TV\r\n\r\nTal\u00e1n az\u00e9rt is volt kirobbanthatatlan t\u00f6bb mint egy \u00e9vtizeden kereszt\u00fcl a v\u00e1logatottb\u00f3l, mert t\u00f6k\u00e9letesen megfelelt a 2000-es \u00e9vek v\u00e9g\u00e9n, a 2010-es \u00e9vekben domin\u00e1ns centert\u00edpusnak. Er\u0151s volt, rendk\u00edv\u00fcli k\u00fczd\u0151szellemmel, munkab\u00edr\u00e1ssal \u00e9s magas taktikai \u00e9retts\u00e9ggel. R\u00e1ad\u00e1sul a magyar futballban D\u00e1rdaival, Storckkal, k\u00e9s\u0151bb Rossival f\u0151szerepet kapott egy nagyon j\u00f3zan vonal. A kapit\u00e1nyok hiteless\u00e9ge, valamint az eredm\u00e9nyek javul\u00e1sa hat\u00e1s\u00e1ra sokan \u00e1t\u00e9rt\u00e9kelt\u00e9k, mi is a j\u00f3 \u00e9s mi a hasznos a p\u00e1ly\u00e1n.\r\n\r\n<span class=\"highlight-block\">M\u00e1rpedig Szalai kiemelked\u0151en hasznos volt.<\/span>\r\n\r\nA hasonl\u00f3 t\u00edpus\u00fa \u00e9s igaz\u00e1n g\u00f3ler\u0151s er\u0151csat\u00e1rok (gondoljunk <strong>Didier Drogb\u00e1ra<\/strong>) vil\u00e1gszt\u00e1rok lettek, m\u00e1sok pedig a csapatj\u00e1t\u00e9k fontos, nem ritk\u00e1n n\u00e9lk\u00fcl\u00f6zhetetlen elemei. A center gyakran izol\u00e1ltan dar\u00e1lt a v\u00e9d\u0151k gy\u0171r\u0171j\u00e9ben, megtartotta \u00e9s letette a labd\u00e1t t\u00e1mad\u00f3t\u00e1rsainak, ha kellett, megv\u00edvta harmincadik p\u00e1rharc\u00e1t is a p\u00e1ly\u00e1n. Els\u0151 embere volt a le- \u00e9s visszat\u00e1mad\u00e1snak, \u00edgy v\u00e9dekez\u00e9sben is fontos szerepet kapott. A futball ciklikusan v\u00e1ltozik, \u00e9s olyb\u00e1 t\u0171nik, az \u201eegyke\u201d centerek, a kilences er\u0151csat\u00e1rok napja le\u00e1ldoz\u00f3ban van. \u00c9rdemes megn\u00e9zni, <a href=\"https:\/\/sport24.24.hu\/foci\/2021\/06\/09\/lewandowskiek-elnek-de-a-kilences-halott\/\">mennyire el\u00f6regedett<\/a> a nemzetk\u00f6zi elit szintj\u00e9n is a centerposzt. <strong>Erling Haaland<\/strong> egyes\u00edti a klasszikus centerek \u00e9s a mez\u0151nyben is kiv\u00e1l\u00f3an j\u00e1tsz\u00f3, technik\u00e1s csat\u00e1rok er\u00e9nyeit, \u00e9s ezzel alighanem a vil\u00e1g legjobb futballist\u00e1ja lesz r\u00f6vid id\u0151n bel\u00fcl, de a Newcastle United \u00e1ltal hajmereszt\u0151 \u00f6sszeg\u00e9rt szerz\u0151dtetett <strong>Alexander Isak<\/strong> sem k\u00e9pviseli (termete ellen\u00e9re) a tradicion\u00e1lis k\u00f6z\u00e9pcsat\u00e1r-iskol\u00e1t. Ahogy egy osztr\u00e1k j\u00e1t\u00e9kosmegfigyel\u0151 mondta: a klasszikus kilences halott (b\u00e1r minden csapatnak j\u00f3l j\u00f6nne egy).\r\n\r\n[central_article_recommendation title=\"Kapcsol\u00f3d\u00f3\" url=\"https:\/\/sport24.24.hu\/foci\/2021\/06\/09\/lewandowskiek-elnek-de-a-kilences-halott\/\" image=\"1\" lead=\"1\"]\r\n\r\nPont ez\u00e9rt lesz rendk\u00edv\u00fcl neh\u00e9z Szalai \u00c1d\u00e1m p\u00f3tl\u00e1sa a v\u00e1logatottnak. <strong>\u00c1d\u00e1m Martin<\/strong> hatalmas termet\u00e9vel, rendk\u00edv\u00fcli erej\u00e9vel \u00e9s r\u00fag\u00f3technik\u00e1j\u00e1val tud \u00e9rv\u00e9nyes\u00fclni, \u00e1m m\u00e1r \u0151 is a 28. \u00e9ve fel\u00e9 j\u00e1r, \u00e9s aligha lesz bel\u0151le toplig\u00e1s futballista. <strong>N\u00e9meth Andr\u00e1s<\/strong> m\u00e9g nem felt\u00e9tlen\u00fcl \u00e9rett az A-v\u00e1logatotts\u00e1gra, \u00e1m egyre t\u00f6bbet j\u00e1tszik a Genkben, \u00e9s \u201eterm\u00e9szetes \u00f6r\u00f6k\u00f6snek\u201d, a legnagyobb magyar k\u00f6z\u00e9pcsat\u00e1r-\u00edg\u00e9retnek t\u0171nik. De k\u00f6nnyen lehet, hogy a szeptemberi v\u00e1logatott m\u00e9rk\u0151z\u00e9sek ut\u00e1n a Szalai-alak\u00fa \u0171rt Marco Rossinak a t\u00e1mad\u00f3j\u00e1t\u00e9k \u00e1tszervez\u00e9s\u00e9vel kell bet\u00f6ltenie.\r\n\r\n\u00c9s ez \u00f6nmag\u00e1ban is mindent elmondana Szalai \u00c1d\u00e1m fontoss\u00e1g\u00e1r\u00f3l.\r\n\r\n[prefabricated_shortcode in_app=\"0\" code=\"%3Cdiv%20class%3D%22article_box_border%22%20style%3D%22background%3A%20url%28%27https%3A%2F%2F24.p3k.hu%2Fapp%2Fuploads%2Fsites%2F24%2F2021%2F05%2Fsport24-pattern.png%27%29%20no-repeat%20left%20-16px%20%23f3f3f4%3B%20border%3A%20none%3B%22%3E%0D%0A%3Cdiv%20class%3D%22article_solidheader%22%3E%0D%0A%3Ch2%20style%3D%22color%3A%20%23111115%21important%3B%20font-size%3A%2036px%3B%20font-weight%3A%20bold%3B%20margin-bottom%3A%2030px%3B%20margin-top%3A%2020px%3B%20text-align%3A%20center%3B%20line-height%3A%2036px%3B%22%3E%3Cimg%20class%3D%22aligncenter%20size-full%20wp-image-141%22%20src%3D%22https%3A%2F%2F24.p3k.hu%2Fapp%2Fuploads%2Fsites%2F24%2F2021%2F05%2Fs24-logo-dt.png%22%20alt%3D%22%22%20width%3D%22408%22%20height%3D%2290%22%20%2F%3E%3C%2Fh2%3E%0D%0A%3Ch2%20style%3D%22color%3A%20%23111115%21important%3B%20font-size%3A%2036px%3B%20font-weight%3A%20bold%3B%20margin-bottom%3A%2030px%3B%20margin-top%3A%2020px%3B%20text-align%3A%20center%3B%20line-height%3A%2040px%3B%22%3ECsatlakozz%20a%20Sport24%20k%C3%B6z%C3%B6ss%C3%A9ghez%2C%20mondd%20el%20v%C3%A9lem%C3%A9nyedet%20z%C3%A1rt%20Facebook-csoportunkban%2C%20%C3%A9s%20vegy%C3%A9l%20r%C3%A9szt%20csak%20el%C5%91fizet%C5%91knek%20el%C3%A9rhet%C5%91%20exkluz%C3%ADv%20esem%C3%A9nyeinken.%3C%2Fh2%3E%0D%0A%3C%2Fdiv%3E%0D%0A%3Cp%20style%3D%22background%3A%20%2357A600%3B%20margin-top%3A%2020px%3B%20padding%3A%2020px%3B%20text-align%3A%20center%3B%22%3E%3Ca%20style%3D%22color%3A%20%23ffffff%3B%20font-size%3A%2026px%3B%20font-weight%3A%20600%3B%22%20href%3D%22https%3A%2F%2Fwww.facebook.com%2Fgroups%2F212344460412327%22%3ECSATLAKOZOM%3C%2Fa%3E%3C%2Fp%3E%0D%0A%0D%0A%3C%2Fdiv%3E\"]","type":"rich","thumbnail_url":"https:\/\/s.24.hu\/app\/uploads\/sites\/24\/2022\/09\/szalai-adam-150x150.jpg","thumbnail_width":150,"thumbnail_height":150}