{"version":"1.0","provider_name":"Sport24","provider_url":"https:\/\/sport24.24.hu","author_name":"Fut\u00f3 Csaba","author_url":"https:\/\/sport24.24.hu\/author\/futocs\/","title":"\u00cdgy \u00e9rte el a Fradi az elm\u00falt \u00e9vek egyik legnagyobb magyar brav\u00farj\u00e1t","html":"A Monaco kezd\u0151csapat\u00e1ban az egyetlen komolyabb hi\u00e1nyz\u00f3 az augusztus v\u00e9ge \u00f3ta s\u00e9r\u00fclt Kevin Volland volt. A kor\u00e1bbi Schalke \u00e9s Bayern-kapus <strong>Alexander N\u00fcbel<\/strong> el\u0151tt \u00edgy <strong>Disasi<\/strong>, <strong>Badiashile<\/strong> \u00e9s <strong>Malang Sarr<\/strong> alkotta a h\u00e1rom f\u0151s bels\u0151 v\u00e9delmet. Sz\u00e1rnyv\u00e9d\u0151k\u00e9nt k\u00e9t brazil j\u00e1t\u00e9kos, a jobb oldalon <strong>Vanderson<\/strong>, a bal oldalon <strong>Caio Henrique<\/strong> adta a francia csapat sz\u00e9less\u00e9g\u00e9t. A k\u00f6z\u00e9pp\u00e1lya k\u00f6zep\u00e9n<strong> Youssouf Fofana<\/strong> \u00e9s a Salzburgt\u00f3l igazolt <strong>Mohamed Camara<\/strong> kezdett, a h\u00e1rom el\u00fcls\u0151 t\u00e1mad\u00f3 pedig<strong> Krepin Diatta<\/strong>, az ex-sevillai <strong>Ben Yedder<\/strong>, \u00e9s az orosz v\u00e1logatott <strong>Golovin<\/strong> lett.\r\n\r\n[central_article_recommendation title=\"Kapcsol\u00f3d\u00f3\" url=\"https:\/\/rangado.24.hu\/magyar_foci\/2022\/09\/15\/europa-liga-monaco-ferencvaros\/#vecsei-megpattano-lovesevel-nyert-a-fradi\" image=\"1\" lead=\"1\"]\r\n\r\nCsercseszov kezd\u0151csapat\u00e1ban <strong>Dibusz<\/strong> el\u0151tt<strong> Sammy Mmaee<\/strong> \u00e9s <strong>Knoester<\/strong> alkott\u00e1k a v\u00e9delem tengely\u00e9t, a jobbh\u00e1tv\u00e9d <strong>Henry Wingo<\/strong>, a balh\u00e1tv\u00e9d pedig az eltiltott <strong>Civic<\/strong> hi\u00e1ny\u00e1ban k\u00e9nyszer\u0171s\u00e9gb\u0151l <strong>Botka Endre<\/strong> lett. A k\u00f6z\u00e9pp\u00e1ly\u00e1n viszonylag k\u00f6tetlen\u00fcl j\u00e1tsz\u00f3<strong> Laidouni<\/strong> mellett <strong>Besic<\/strong> biztos\u00edtott. El\u00f6l pedig <strong>Zachariassen<\/strong>, <strong>Tokmac<\/strong> \u00e9s <strong>Traor\u00e9<\/strong> mell\u00e9 ez\u00fattal nem <strong>Boli<\/strong>, hanem a mozg\u00e9konyabb <strong>Ryan Mmaee<\/strong> ker\u00fclt a kezd\u0151 tizenegybe.\r\n\r\n<span class=\"highlight-block-small\">A m\u00e9rk\u0151z\u00e9s nagyobb r\u00e9sz\u00e9ben, 54 sz\u00e1zal\u00e9kban a hazaiak birtokolt\u00e1k a labd\u00e1t, \u00edgy a taktikai elemz\u00e9st \u00e9rdemesebb a Monaco akadoz\u00f3 t\u00e1mad\u00f3j\u00e1t\u00e9k\u00e1val \u00e9s a Fradi j\u00f3l megszervezett v\u00e9dekez\u00e9s\u00e9vel kezdeni.<\/span>\r\n\r\nB\u00e1r a Monaco az xG-mutat\u00f3 alapj\u00e1n valamivel t\u00f6bb min\u0151s\u00e9gi helyzetet dolgozott ki, a piros-feh\u00e9rek labd\u00e1s j\u00e1t\u00e9ka az \u00f6sszecsap\u00e1s eg\u00e9sz\u00e9t n\u00e9zve m\u00e9gis tan\u00e1cstalannak \u00e9s statikusnak t\u0171nt. Ezt k\u00f6nny\u0171 lenne azzal magyar\u00e1zni, hogy az EL-csoportmeccseken esetleg a hazaiak nem p\u00f6r\u00f6gnek sz\u00e1z sz\u00e1zal\u00e9kon, de a francia bajnokikat figyelve ugyanezt l\u00e1thatjuk: <strong>Philippe Clement<\/strong> csapat\u00e1nak nem az er\u0151ss\u00e9ge a fel\u00e1llt fal elleni j\u00e1t\u00e9k.\r\n\r\n<img class=\"alignnone size-full wp-image-5862\" src=\"https:\/\/sport24.24.hu\/app\/uploads\/sites\/24\/2022\/09\/monftc-xg.png\" alt=\"\" width=\"1526\" height=\"430\" \/>\r\n\r\nA hercegs\u00e9gbeliek egy viszonylag szimmetrikus szerkezetben, t\u00f6bbnyire csak a Ferencv\u00e1ros v\u00e9delmi blokkja k\u00f6r\u00fcl tudt\u00e1k j\u00e1ratni a labd\u00e1t. Vanderson \u00e9s Caio Henrique t\u00f6bbnyire a csapatt\u00e1rsakt\u00f3l elszigetelve, az oldalvonal melletti poz\u00edci\u00f3kban tudtak labd\u00e1t kapni, \u00e1ltal\u00e1ban ekkor sem beindul\u00e1sb\u00f3l, hanem l\u00e1bra. F\u0151leg Henriqu\u00e9re volt jellemz\u0151, hogy ink\u00e1bb befel\u00e9 vette \u00e1t a labd\u00e1t. Ekkor t\u00f6bbnyire a k\u00f6zel\u00e9ben j\u00e1tsz\u00f3 t\u00e1rsak indultak be a hely\u00e9re, \u00e9s harmadik emberes kombin\u00e1ci\u00f3k seg\u00edts\u00e9g\u00e9vel legal\u00e1bb siker\u00fclt felp\u00f6rgetni a j\u00e1t\u00e9khelyzetet, de a t\u00e1mad\u00e1sok t\u00f6bbs\u00e9ge kisz\u00e1m\u00edthat\u00f3 be\u00edvel\u00e9ssel z\u00e1rult a bel\u00fcl helyezked\u0151 Ben Yedder \u00e9s Diatta ir\u00e1ny\u00e1ba, amelyet a ferencv\u00e1rosi v\u00e9d\u0151k k\u00f6nnyed\u00e9n semleges\u00edtettek.\r\n\r\n<img class=\"alignnone size-full wp-image-5863\" src=\"https:\/\/sport24.24.hu\/app\/uploads\/sites\/24\/2022\/09\/monftc1.png\" alt=\"\" width=\"1280\" height=\"720\" \/>\r\n\r\n<img class=\"alignnone size-full wp-image-5864\" src=\"https:\/\/sport24.24.hu\/app\/uploads\/sites\/24\/2022\/09\/monftc2.png\" alt=\"\" width=\"1280\" height=\"720\" \/>\r\n\r\n<em>A Monaco labdabirtokl\u00e1sa. A k\u00f6z\u00e9ps\u0151 passzopci\u00f3k a Ferencv\u00e1ros \u00e1ltal nagyszer\u0171en lez\u00e1rva, Badashile csak a sz\u00e9lek fel\u00e9 tudja folytatni a j\u00e1t\u00e9kot. Henrique l\u00e1bra kapja a labd\u00e1t, \u00edgy nincs lehet\u0151s\u00e9g ind\u00edt\u00e1ssal a gyors \u00e1tt\u00f6r\u00e9sre. A jelenet v\u00e9g\u00e9n \u00edgy Henrique befel\u00e9 cselez, Ben Yedderrel j\u00e1tszik \u00f6ssze, Golovin pedig kimozog a meg\u00fcresedett baloldalra. A t\u00e1mad\u00e1s egy pontatlan passzal v\u00e9gz\u0151dik.<\/em>\r\n\r\nAz igazs\u00e1ghoz hozz\u00e1tartozik, hogy Csercseszov \u00fajfent remek\u00fcl szervezte meg a Fradi v\u00e9dekez\u00e9s\u00e9t, \u00edgy a magyar csapat is mindent megtett annak \u00e9rdek\u00e9ben, hogy a p\u00e1lya k\u00f6zepe megfelel\u0151en le legyen z\u00e1rva, \u00e9s a Monaco t\u00e1mad\u00e1sai a lehet\u0151 legink\u00e1bb a sz\u00e9lekre szoruljanak. Ahogy azt az el\u0151z\u0151 nemzetk\u00f6zi m\u00e9rk\u0151z\u00e9seken megszokhattuk, a Fradi most is csak id\u0151szakosan, bizonyos jelekre tolta feljebb a v\u00e9dekez\u00e9st, a m\u00e9rk\u0151z\u00e9s legnagyobb r\u00e9sz\u00e9ben k\u00f6z\u00e9ps\u0151 blokkban, ter\u00fcletre \u00e9rkez\u0151 emberfog\u00e1ssal semleges\u00edtette az ellenfeleket.\r\n\r\n<span class=\"highlight-block-small\">A j\u00e1t\u00e9kosok teh\u00e1t az el\u0151re meghat\u00e1rozott (a Fradin\u00e1l \u00e1ltal\u00e1ban 4-4-2-es vagy 4-2-3-1-es) fel\u00e1ll\u00e1sban id\u0151szakosan kil\u00e9phettek a poz\u00edci\u00f3jukb\u00f3l, hogy k\u00f6vess\u00e9k k\u00f6zvetlen ellenfel\u00fcket.<\/span>\r\n<div class=\"payable-content-section\"><\/div>\r\nB\u00e1r a k\u00e9t sz\u00e9ls\u0151, Tokmac vagy Traor\u00e9 kil\u00e9p\u00e9se eset\u00e9n elvileg szabad ter\u00fcletek maradtak a Besic\u2013Laidouni du\u00f3 mellett, a hossz\u00fara ny\u00falt t\u00e1vols\u00e1gok miatt a Monac\u00f3nak csak a legritk\u00e1bb esetben siker\u00fclt k\u00f6z\u00e9pen el\u0151re juttatni a labd\u00e1t.\r\n\r\n<img class=\"alignnone size-full wp-image-5865\" src=\"https:\/\/sport24.24.hu\/app\/uploads\/sites\/24\/2022\/09\/monftc3.png\" alt=\"\" width=\"1280\" height=\"720\" \/>\r\n\r\n<img class=\"alignnone size-full wp-image-5866\" src=\"https:\/\/sport24.24.hu\/app\/uploads\/sites\/24\/2022\/09\/monftc4.png\" alt=\"\" width=\"1280\" height=\"720\" \/>\r\n\r\n<em>A Fradi k\u00f6z\u00e9ps\u0151 blokkban v\u00e9dekezik. Zachariassen \u00e9s Laidouni a k\u00f6zvetlen ellenfel\u00fcket veszik fel, a t\u00f6bbiek a passzs\u00e1vokat z\u00e1rj\u00e1k. A hossz\u00fa m\u00e9lys\u00e9gi passzt Besic f\u00fcleli le. A m\u00e1sodik k\u00e9pen Tokmac lesg\u00f3lj\u00e1t l\u00e1thatjuk, a Fradi labdaszerz\u00e9\u00e9s ut\u00e1n kontr\u00e1kkal is tudta t\u00e1madni a Vanderson \u00e9s Henrique m\u00f6g\u00f6tt megny\u00edl\u00f3 ter\u00fcletet.<\/em>\r\n\r\nA Ferencv\u00e1ros kevesebb id\u0151t t\u00f6lt\u00f6tt t\u00e1mad\u00e1sban, mint ellenfele, \u00e9s kevesebb helyzetet is dolgozott ki, \u00e1m \u2013 h\u00e1la V\u00e9csei B\u00e1lint szerencs\u00e9sen megpattan\u00f3 l\u00f6v\u00e9s\u00e9nek \u2013 \u00f6sszess\u00e9g\u00e9ben jobban haszn\u00e1lta ki a lehet\u0151s\u00e9geit. Philippe Clement csapata a magasra tolt, emberfog\u00e1son alapul\u00f3 let\u00e1mad\u00e1ssal t\u00f6bbnyire hat\u00e9konyan semleges\u00edtette a Fradi pr\u00f3b\u00e1lkoz\u00e1sait. Csercseszov csapat\u00e1nak am\u00fagy sem er\u0151ss\u00e9ge a nyom\u00e1s alatti \u00e9p\u00edtkez\u00e9s, gondoljunk csak p\u00e9ld\u00e1ul a rossz eml\u00e9k\u0171 Qarabag elleni veres\u00e9gre\u2026\r\n\r\nA hazaiak h\u00e1rom bels\u0151 v\u00e9d\u0151s j\u00e1t\u00e9krendszere flexibilit\u00e1st adott a v\u00e9dekez\u00e9snek, hiszen a plusz bels\u0151 v\u00e9d\u0151 r\u00e9v\u00e9n egy ember nyugodtan kil\u00e9phet az ellenf\u00e9l t\u00e1mad\u00f3j\u00e1ra. Az 5-2-3-as alapfel\u00e1ll\u00e1sban egy\u00e9bk\u00e9nt minden j\u00e1t\u00e9kos els\u0151sorban az ellenf\u00e9lhez igaz\u00edtotta v\u00e9dekez\u0151 poz\u00edci\u00f3j\u00e1t: a sz\u00e9leken Vanderson \u00e9s Henrique sz\u00fcks\u00e9g eset\u00e9n fell\u00e9phetett a forgat\u00e1sokra, a Camara\u2013Fofana kett\u0151s is k\u00f6zvetlen\u00fcl \u0151rizte Besicet \u00e9s Laidounit, az el\u00fcls\u0151 h\u00e1rmas pedig j\u00e1t\u00e9khelyzett\u0151l f\u00fcgg\u0151en labda ellen is v\u00e1ltogathatta poz\u00edci\u00f3it.\r\n\r\n<img class=\"alignnone size-full wp-image-5867\" src=\"https:\/\/sport24.24.hu\/app\/uploads\/sites\/24\/2022\/09\/monftc5.png\" alt=\"\" width=\"1280\" height=\"720\" \/>\r\n\r\n<em>A Monaco let\u00e1mad\u00e1sa. Henrique fell\u00e9p az ellenf\u00e9l t\u00e9rfel\u00e9re, hogy Wing\u00f3t lez\u00e1rja, Ben Yedder Besicre, a k\u00e9t bels\u0151 t\u00e1mad\u00f3 pedig a k\u00e9t bels\u0151 v\u00e9d\u0151re figyel. Fofana \u00e9s Camara szint\u00e9n egy az egyben veszi fel Laidounit \u00e9s Zachariassent.<\/em>\r\n\r\nA szoros \u0151rizet pedig nem \u00edzlett a Ferencv\u00e1ros h\u00e1tuls\u00f3 hat j\u00e1t\u00e9kos\u00e1nak, a labdakihozatalokat a francia bronz\u00e9rmesnek gyakran siker\u00fclt \u00edvel\u00e9sre vagy a sz\u00e9lekre k\u00e9nyszer\u00edteni. Magas let\u00e1mad\u00e1s eset\u00e9n az eg\u00e9sz j\u00e1t\u00e9k hosszabb ter\u00fcleten zajlik, \u00edgy a labd\u00e1t kihoz\u00f3 csapat r\u00e9sz\u00e9r\u0151l kulcsk\u00e9rd\u00e9s, hogyan osztja el a ter\u00fcletet m\u00e9lys\u00e9gben; h\u00e1ny j\u00e1t\u00e9kos l\u00e9p vissza seg\u00edteni a labdakihozatalt, az el\u00f6l helyezked\u0151k pedig mennyire \u00e9s milyen m\u00e9rt\u00e9kben h\u00fazz\u00e1k sz\u00e9t a p\u00e1ly\u00e1t. A Ferencv\u00e1ros eset\u00e9ben cs\u00fct\u00f6rt\u00f6k este legink\u00e1bb csak Muhamed Besic helyezkedett m\u00e9lys\u00e9gi ir\u00e1ny\u00edt\u00f3k\u00e9nt a v\u00e9delem el\u0151tt. A k\u00f6tetlenebb szerepk\u00f6rt bet\u00f6lt\u0151 Laidouni nem nyert sokat azzal, hogy n\u00e9mileg feljebb j\u00e1tszott: t\u00f6bbsz\u00f6r kapta a labd\u00e1t oldals\u00f3, kiszor\u00edtott poz\u00edci\u00f3ban, r\u00e1ad\u00e1sul a mez\u0151ny s\u0171r\u0171j\u00e9ben cselezni is kevesebb ideje volt.\r\n\r\n<img class=\"alignnone size-full wp-image-5868\" src=\"https:\/\/sport24.24.hu\/app\/uploads\/sites\/24\/2022\/09\/monftc6.png\" alt=\"\" width=\"1280\" height=\"720\" \/>\r\n\r\n<em>Knoester Laidounihoz passzol, aki a labd\u00e1t\u00f3l t\u00e1vol, Fofana k\u00fcls\u0151 oldal\u00e1n helyezkedik, \u00edgy az oldalvonal mell\u00e9 szorul.<\/em>\r\n\r\nA hosszabb ferencv\u00e1rosi csapatszerkezet ugyanakkor r\u00e9szben tudatos \u00e9s indokolt volt: Zachariassen, Tokmac, Traor\u00e9 \u00e9s Ryan Mmaee magasabb helyezked\u00e9se m\u00e9lys\u00e9gben megny\u00fajtotta a Monaco v\u00e9dekez\u0151 alakzat\u00e1t, \u00e9s az esetlegesen fel\u00edvelt labd\u00e1kat \u00f6sszeszedve, majd a sz\u00e9th\u00fazott v\u00e9delem m\u00f6g\u00e9 sebess\u00e9gb\u0151l beindulva t\u00e1madhatta a kaput.\r\n\r\nA gy\u0151ztes g\u00f3l is egy ilyen szitu\u00e1ci\u00f3b\u00f3l sz\u00fcletett. V\u00e9csei tal\u00e1lata nemcsak a taktikai megold\u00e1s hat\u00e9konys\u00e1g\u00e1ra, hanem Csercseszov hat\u00e9kony cser\u00e9ire is r\u00e1mutat: a Ryan Mmaee hely\u00e9re be\u00e1llt, a g\u00f3l el\u0151tt a labd\u00e1t lefejel\u0151 Franck Boli a fizikai adotts\u00e1gai miatt alkalmas erre a szerepre, a g\u00f3lszerz\u0151 V\u00e9csei B\u00e1lint pedig passzk\u00e9pess\u00e9ge \u00e9s poz\u00edci\u00f3s fegyelme miatt \u00e9rkezett Besic hely\u00e9n a k\u00f6z\u00e9pp\u00e1lya k\u00f6zep\u00e9re.\r\n\r\n<img class=\"alignnone size-full wp-image-5869\" src=\"https:\/\/sport24.24.hu\/app\/uploads\/sites\/24\/2022\/09\/monftc7.png\" alt=\"\" width=\"1280\" height=\"720\" \/>\r\n\r\n<img class=\"alignnone size-full wp-image-5870\" src=\"https:\/\/sport24.24.hu\/app\/uploads\/sites\/24\/2022\/09\/monftc8.png\" alt=\"\" width=\"1280\" height=\"720\" \/>\r\n\r\n<em>Sammy Mmaee fel\u00edvelt labd\u00e1j\u00e1t a cserek\u00e9nt be\u00e1llt Boli tartja meg \u00e9s viszi fel. A felfut\u00f3 Zachariassen, \u00e9s a harmadik csere, Gojak m\u00e9lys\u00e9gben visszah\u00fazza a v\u00e9delmi vonalat, a m\u00e1sodik hull\u00e1mban \u00e9rkez\u0151 V\u00e9csei pedig a kapuba l\u0151.<\/em>\r\n\r\n<span class=\"highlight-block-small\">A m\u00e9rk\u0151z\u00e9s v\u00e9g\u00e9n Breel Embolo behozatal\u00e1val a hazaiak m\u00e9g egy t\u00e1mad\u00f3t r\u00e1eresztettek az egyre m\u00e9lyebben \u00fcl\u0151 ferencv\u00e1rosi v\u00e9delemre, a m\u00e9rk\u0151z\u00e9s hajr\u00e1j\u00e1ban Dibusz D\u00e9nes v\u00e9d\u00e9seire is sz\u00fcks\u00e9g volt a gy\u0151zelemhez.<\/span>\r\n\r\nA Ferencv\u00e1ros teh\u00e1t \u00e9vtizedes viszonylatban p\u00e9ld\u00e1tlan teljes\u00edtm\u00e9nnyel, k\u00e9t gy\u0151zelemmel kezdte a f\u0151t\u00e1bl\u00e1s szerepl\u00e9st. Folytat\u00e1s okt\u00f3ber 6-\u00e1n Belgr\u00e1dban, a Crvena zvezda ellen. A szerbek nulla ponttal a csoport utols\u00f3 hely\u00e9n \u00e1llnak, \u00e9s a j\u00e1t\u00e9kuk alapj\u00e1n sem t\u0171nnek verhetetlennek. Az \u00f3vatoss\u00e1g jegy\u00e9be ugyanakkor \u00e9rdemes megjegyezni: a Fradi kev\u00e9s helyzettel, sz\u00e1zsz\u00e1zal\u00e9kos hat\u00e9konys\u00e1ggal \u00e9rte el az elm\u00falt \u00e9vek egyik legnagyobb magyar klubsiker\u00e9t, \u00e9s kevesebb helyzetet hozott \u00f6ssze, mint a Trabzonspor ellen emberh\u00e1tr\u00e1nyban j\u00e1tszva. K\u00e9rd\u00e9ses, hogy ez mire lesz el\u00e9g a belgr\u00e1di Marakana stadion pokoli hangulat\u00e1ban. Az optimizmusra mindenesetre megvan az ok: a magyar futball sz\u00e1m\u00e1ra a t\u00f6bb mint m\u00e1sf\u00e9l \u00e9vtizede \u00e1h\u00edtott tavaszi kupaszerepl\u00e9s imm\u00e1r el\u00e9rhet\u0151 k\u00f6zels\u00e9gbe ker\u00fclt.","type":"rich","thumbnail_url":"https:\/\/s.24.hu\/app\/uploads\/sites\/24\/2022\/09\/fradi-150x150.jpg","thumbnail_width":150,"thumbnail_height":150}