{"version":"1.0","provider_name":"Sport24","provider_url":"https:\/\/sport24.24.hu","author_name":"Bruckner G\u00e1bor","author_url":"https:\/\/sport24.24.hu\/author\/brucknerg\/","title":"T\u00e9velyg\u0151 Bik\u00e1k: kritikus pontj\u00e1hoz \u00e9rkezett a Red Bull lipcsei gigaprojektje","html":"<strong>Domenico Tedesco<\/strong> m\u00e1jus 21-\u00e9n m\u00e9g a n\u00e9met kupagy\u0151ztesnek j\u00e1r\u00f3 tr\u00f3fe\u00e1val \u00e1llt a fot\u00f3sok el\u00e9 a berlini Olimpiai Stadionban, 109 nappal k\u00e9s\u0151bb, szeptember 7-\u00e9n pedig (\u00e9rdemei elismer\u00e9se mellett) az RB Leipzig \u00fagy r\u00fagta ki, hogy a l\u00e1ba sem \u00e9rte a f\u00f6ldet. Az edz\u0151s\u00e9g sosem volt igaz\u00e1n h\u00e1l\u00e1s foglalkoz\u00e1s \u2013 err\u0151l a Chelsea-t\u0151l menesztett<strong> Thomas Tuchelt<\/strong> is meg lehetne k\u00e9rdezni \u2013, a Red Bull-konszern korona\u00e9kszer\u00e9n\u00e9l, az RB Leipzign\u00e9l pedig nagyon rosszul t\u0171rik az eredm\u00e9nytelens\u00e9get.\r\n\r\n<span class=\"highlight-block\">A klub t\u00f6rt\u00e9net\u00e9nek els\u0151 nagy tr\u00f3fe\u00e1j\u00e1t begy\u0171jt\u0151 Tedesc\u00f3nak a pocs\u00e9k szezonrajt tette be a kaput: <\/span>\r\n\r\na 2022\/23-as \u00e9vadban megv\u00edvott nyolc t\u00e9tm\u00e9rk\u0151z\u00e9s\u00e9b\u0151l n\u00e9gyet elbukott a Leipzig, az Eintracht Frankfurt elleni 4\u20130-s \u00e9s a braziltalan\u00edtott, a kor\u00e1bbin\u00e1l sokkal gyeng\u00e9bb Sahtar Doneck elleni 4\u20131-es zak\u00f3 m\u00e1r t\u00fal sok volt a vezet\u0151s\u00e9gnek.\r\n\r\n\u201eNeh\u00e9z d\u00f6nt\u00e9s volt, \u00e1m az Eintracht Frankfurt \u00e9s a Sahtar Doneck elleni m\u00e9rk\u0151z\u00e9seket k\u00f6vet\u0151en az a v\u00e9lem\u00e9ny alakult ki, hogy (\u2026) \u00faj impulzusra van sz\u00fcks\u00e9g\u00fcnk\u201d \u2013 komment\u00e1lta a d\u00f6nt\u00e9st az \u00fcgyvezet\u0151 <strong>Oliver Mintzlaff<\/strong>. Az \u00faj impulzus \u00faj tr\u00e9nert jelentett, Tedesco rep\u00fclt, a Red Bull-filoz\u00f3fi\u00e1ban a Salzburg edz\u0151jek\u00e9nt m\u00e1r megm\u00e1rt\u00f3zott (\u00e9s \u00e1ll\u00edt\u00f3lag a Red Bull-f\u0151n\u00f6k<strong> Dietrich Mateschitz<\/strong> \u00e1ltal is favoriz\u00e1lt) <strong>Marco Rose<\/strong> lett az ut\u00f3d.\r\n\r\nRose ezer sz\u00e1llal k\u00f6t\u0151dik Lipcs\u00e9hez:\r\n<ul>\r\n \t<li>a v\u00e1rosban sz\u00fcletett,<\/li>\r\n \t<li>a VfB Leipzigben lett profi futballista,<\/li>\r\n \t<li>\u00e9s edzette a Lokomotive Leipzig egy\u00fcttes\u00e9t (m\u00e9g az \u201e\u00f3vod\u00e1skor\u00fa\u201d RB Leipzig ellen is ir\u00e1ny\u00edtott v\u00e1rosi derbin), miel\u0151tt 2013-ban a Salzburg ut\u00e1np\u00f3tl\u00e1str\u00e9ner\u00e9nek szeg\u0151d\u00f6tt.<\/li>\r\n<\/ul>\r\nA Red Bull Salzburgot 2017\u20132019 k\u00f6z\u00f6tt ir\u00e1ny\u00edt\u00f3 Rose ezt k\u00f6vet\u0151en a Borussia M\u00f6nchengladbach kispadj\u00e1n is remek munk\u00e1t v\u00e9gzett, az \u00fajabb ugr\u00e1s ut\u00e1n viszont csak egy id\u00e9nyt b\u00edrt ki Dortmundban. Most sz\u00fcl\u0151v\u00e1ros\u00e1ban, ismer\u0151s keretek k\u00f6z\u00f6tt bizony\u00edthat \u00f6sszeszokott st\u00e1bj\u00e1val egy\u00fctt. Rose azt mondja, uszkve 10\u201315 m\u00e1sodpercet gondolkodott azon, hogy r\u00e1b\u00f3lintson-e az RB Leipzig aj\u00e1nlat\u00e1ra, \u00e1m tiszt\u00e1ban van vele: egy\u00e1ltal\u00e1n nem k\u00f6nny\u0171 k\u00f6zfigyelemnek \u00f6rvend\u0151 poz\u00edci\u00f3ba ker\u00fclni ott, ahol feln\u0151tt \u00e9s ahol a csal\u00e1dja is \u00e9l.\r\n\r\n[caption id=\"attachment_5818\" align=\"alignnone\" width=\"2000\"]<img class=\"size-full wp-image-5818\" src=\"https:\/\/sport24.24.hu\/app\/uploads\/sites\/24\/2022\/09\/000_32j478u.jpg\" alt=\"\" width=\"2000\" height=\"1333\" \/> Marco Rose, a Leipzig n\u00e9met vezet\u0151edz\u0151je megtapsolja a szurkol\u00f3kat a n\u00e9met els\u0151 oszt\u00e1ly\u00fa Bundesliga labdar\u00fag\u00f3-m\u00e9rk\u0151z\u00e9s ut\u00e1n az RB Leipzig \u00e9s a BVB Borussia Dortmund k\u00f6z\u00f6tt a kelet-n\u00e9metorsz\u00e1gi Lipcs\u00e9ben 2022. szeptember 10-\u00e9n.[\/caption]\r\n\r\n<span class=\"highlight-block-small\">Rose igen j\u00f3 pedigr\u00e9j\u0171, 45 \u00e9ves kora ellen\u00e9re m\u00e1r el\u00e9g rutinosnak nevezhet\u0151 edz\u0151, aki t\u00f6k\u00e9letesen ismeri a Red Bull-csapatok j\u00e1t\u00e9k\u00e1t konszernszinten meghat\u00e1roz\u00f3 filoz\u00f3fi\u00e1t. <\/span>\r\n\r\nA Leipzign\u00e9l a vezet\u0151k azt v\u00e1rj\u00e1k t\u0151le, hogy visszahozza a kontinuit\u00e1st a kispadra. J\u00f3l hangzik, \u00e1m az RB Leipzig t\u00f6rt\u00e9net\u00e9ben eddig csak h\u00e1rom edz\u0151 \u2013 <strong>Alexander Zorniger<\/strong>, <strong>Ralph Hasenh\u00fcttl <\/strong>\u00e9s <strong>Julian Nagelsmann<\/strong> \u2013 t\u00f6lt\u00f6tt el 370 napn\u00e1l t\u00f6bbet a kispadon. <strong>Jesse Marsch<\/strong> 156, <strong>Domenico Tedesco<\/strong> 272 nap t\u00fcrelmet kapott.\r\n\r\nA vezet\u0151k \u00e1ltal v\u00e1rt kontinuit\u00e1s eddig sokkal ink\u00e1bb strat\u00e9giai vezet\u0151i szinten \u00e9rv\u00e9nyes\u00fclt, hiszen <strong>Ralf Rangnick<\/strong> 2012\u20132020 k\u00f6z\u00f6tt hat\u00e1rozta meg a szakmai munka ir\u00e1ny\u00e1t (k\u00e9tszer a kispadra is le\u00fclt), m\u00edg Mintzlaff 2014-t\u0151l dolgozik a projekten. Rangnick \u00fcnnepelt projekt\u00e9p\u00edt\u0151k\u00e9nt t\u00e1vozott (az\u00f3ta a Lokomotiv Moszkva tan\u00e1csad\u00f3jak\u00e9nt, majd a Manchester United megb\u00edzott tr\u00e9nerek\u00e9nt ink\u00e1bb csak cs\u00f6kkentette reput\u00e1ci\u00f3j\u00e1t, most osztr\u00e1k sz\u00f6vets\u00e9gi kapit\u00e1ny), maradt Mintzlaff, aki k\u00f6zben sportigazgat\u00f3t is keres. Az ugyanis a Rangnick-ut\u00f3d <strong>Markus Kr\u00f6sche<\/strong> 2021-es t\u00e1voz\u00e1sa \u00f3ta, m\u00e1r m\u00e1sf\u00e9l \u00e9ve bet\u00f6ltetlen poz\u00edci\u00f3, ami legal\u00e1bbis szokatlan. A lipcseiek a Borussia M\u00f6nchengladbachn\u00e1l remek munk\u00e1j\u00e1val felt\u0171n\u00e9st kelt\u0151, Marco Ros\u00e9val \u00f6sszeszokott <strong>Max Eberlt<\/strong> szeretn\u00e9k megszerezni, aki az \u00e9v elej\u00e9n tot\u00e1lis ki\u00e9g\u00e9s miatt ideiglenesen visszavonult.\r\n\r\n\u201eKi akarok sz\u00e1llni, azt akarom, hogy semmi dolgom ne legyen a futballal, ne legyen rajtam felel\u0151ss\u00e9g. Csak Max Eberl akarok lenni. A M\u00f6nchengladbach mindent megtett annak \u00e9rdek\u00e9ben, hogy maradjak, de ez r\u00f3lam \u00e9s az eg\u00e9szs\u00e9gemr\u0151l sz\u00f3lt, nem a futballr\u00f3l\u201d \u2013 jelentette ki Eberl k\u00f6nnyek k\u00f6z\u00f6tt az eml\u00e9kezetes sajt\u00f3t\u00e1j\u00e9koztat\u00f3j\u00e1n.\r\n<blockquote class=\"twitter-tweet\">\r\n<p dir=\"ltr\" lang=\"en\">\ud83c\udf99\ufe0f Eberl: \"I just want to be Max Eberl. I want to see the world and just focus on myself for once in my life. I haven't made this decision in order to move to another club. For now, I don't want anything to do with football.\"<a href=\"https:\/\/twitter.com\/hashtag\/DieFohlen?src=hash&amp;ref_src=twsrc%5Etfw\">#DieFohlen<\/a> <a href=\"https:\/\/t.co\/ITTX912720\">pic.twitter.com\/ITTX912720<\/a><\/p>\r\n\u2014 Gladbach (@borussia_en) <a href=\"https:\/\/twitter.com\/borussia_en\/status\/1487055324553043980?ref_src=twsrc%5Etfw\">January 28, 2022<\/a><\/blockquote>\r\n<script async src=\"https:\/\/platform.twitter.com\/widgets.js\" charset=\"utf-8\"><\/script>\r\n\r\n<span class=\"highlight-block-small\">N\u00e9met sajt\u00f3h\u00edrek szerint a mag\u00e1t kipihen\u0151 (?) Eberl \u00e9s az RB Leipzig m\u00e1r a ny\u00e1ron egyezs\u00e9gre jutott, <\/span>\r\n\r\n\u00e1m ezt a k\u00e9pet nemr\u00e9g Oliver Mintzlaff \u00e1rnyalta. A lipcseieknek ugyanis m\u00e9g meg kell \u00e1llapodni a M\u00f6nchengladbachhal a sportigazgat\u00f3\u00e9rt j\u00e1r\u00f3 \u201e\u00e1tigazol\u00e1si kompenz\u00e1ci\u00f3r\u00f3l\u201d, hiszen Eberl 2026-ig sz\u00f3l\u00f3 szerz\u0151d\u00e9st \u00edrt al\u00e1, miel\u0151tt eg\u00e9szs\u00e9g\u00fcgyi-pszichol\u00f3giai okokb\u00f3l lek\u00f6sz\u00f6nt, \u00e1m szerz\u0151d\u00e9s\u00e9t nem bontott\u00e1k fel. A Gladbach \u2013 k\u00fcl\u00f6nb\u00f6z\u0151 n\u00e9met m\u00e9diumok elt\u00e9r\u0151 mennyis\u00e9g\u0171 p\u00e9nzr\u0151l \u00edrnak \u2013 5\u201310 milli\u00f3 eur\u00f3 k\u00f6z\u00f6tti \u00f6sszeget akar kapni Eberl\u00e9rt, a lipcseiek a zuhanyh\u00edrad\u00f3 szerint f\u00e9lmilli\u00f3r\u00f3l ind\u00edtott\u00e1k az aj\u00e1nlatukat, teh\u00e1t az alkudoz\u00e1s m\u00e9g eltarthat egy ideig.\r\n<div class=\"payable-content-section\"><\/div>\r\nM\u00e1rpedig a Lipcs\u00e9nek nemcsak vezet\u0151edz\u0151re, hanem szakmai-strat\u00e9giai vezet\u0151re is sz\u00fcks\u00e9ge van, ez egy\u00e9rtelm\u0171nek t\u0171nik. A klub az el\u0151z\u0151 id\u00e9nyben elh\u00f3d\u00edtotta a N\u00e9met Kup\u00e1t, de bajnoki pontsz\u00e1mban m\u00e9g mindig nem tudta fel\u00fclm\u00falni az \u00fajonck\u00e9nt el\u00e9rt eredm\u00e9nyt (67 pont), \u00e9s nem siker\u00fclt \u00e1lland\u00f3 m\u00e1sodik hatalomm\u00e1 v\u00e1lnia a Bayern M\u00fcnchen m\u00f6g\u00f6tt, a Borussia Dortmund el\u0151tt. Amikor Ralf Rangnick \u00e9s Julian Nagelsmann egy\u00fctt dolgozott a klubn\u00e1l, akkor az egyik legjobb n\u00e9met szakmai strat\u00e9ga \u00e9s a legtehets\u00e9gesebb vezet\u0151edz\u0151 koprodukci\u00f3j\u00e1ra alapozhattak Lipcs\u00e9ben. De mindketten elhagyt\u00e1k az RBL-t, Rangnick ut\u00f3dl\u00e1s\u00e1t nem siker\u00fclt megnyugtat\u00f3an megoldani, ahogyan a Nagelsmann ut\u00e1n hozott k\u00e9t edz\u0151t is felzab\u00e1lta a klub.\r\n\r\nFelvet\u0151dik a k\u00e9rd\u00e9s:\r\n\r\n<span class=\"highlight-block\">lehet, hogy az RB Leipzig a hat\u00e1rait feszegeti \u00e9s plafonba \u00fctk\u00f6zik? <\/span>\r\n\r\nA Red Bull-futballbirodalmat meg\u00e1lmod\u00f3 osztr\u00e1k energiaital-milli\u00e1rdos, Dietrich Mateschitz 2019-ben azt mondta, hogy 2022-ig Bundesliga-arany\u00e9rmet v\u00e1r a klubt\u00f3l (erre fogadott is <strong>Uli Hoeness-szel<\/strong> egy kors\u00f3 s\u00f6rben \u2013 vesz\u00edtett\u2026). Az eredeti c\u00e9l az volt, hogy a Leipzig minimum m\u00e9lt\u00f3 vet\u00e9lyt\u00e1rsa legyen a Bayernnek, a legambici\u00f3zusabb \u00e1lom pedig az, hogy meg is el\u0151zze, ehhez k\u00e9pest a rekordbajnok hegem\u00f3ni\u00e1ja t\u00f6retlen \u00e9s egyre nyomaszt\u00f3bb az eg\u00e9sz n\u00e9met futballra n\u00e9zve. A lipcseiek \u00e9lvonalbeli tags\u00e1guk sor\u00e1n sosem tudt\u00e1k 12 pontn\u00e1l jobban megk\u00f6zel\u00edteni a Bayernt a v\u00e9gelsz\u00e1mol\u00e1s\u00e1n\u00e1l, \u00e9s a fut\u00f3 szezonban is aligha rem\u00e9nykedhetnek ebben. Siker\u00fclt eljutni od\u00e1ig, hogy a Dortmunddal egy\u00fctt az RB Leipziget emlegetik a legnagyobb Bayern-kih\u00edv\u00f3k\u00e9nt, \u00e1m a rekordbajnok f\u00f6l\u00e9nye tot\u00e1lis.\r\n\r\n<iframe class=\"flourish-embed-iframe\" style=\"width: 100%;height: 600px\" title=\"Interactive or visual content\" src=\"https:\/\/flo.uri.sh\/visualisation\/11138585\/embed\" frameborder=\"0\" scrolling=\"no\"><\/iframe>\r\n<div style=\"width: 100%!;margin-top: 4px!important;text-align: right!important\"><a class=\"flourish-credit\" style=\"text-decoration: none!important\" href=\"https:\/\/public.flourish.studio\/visualisation\/11138585\/?utm_source=embed&amp;utm_campaign=visualisation\/11138585\" target=\"_top\" rel=\"noopener\"><img style=\"width: 105px!important;height: 16px!important;border: none!important;margin: 0!important\" src=\"https:\/\/public.flourish.studio\/resources\/made_with_flourish.svg\" alt=\"Made with Flourish\" \/> <\/a><\/div>\r\n&nbsp;\r\n\r\nAz egyik probl\u00e9ma, hogy gyakorlatilag minden \u00fct\u0151k\u00e1rtya a Bayern kez\u00e9ben van. A bajorok\u00e9 a legn\u00e9pszer\u0171bb (b\u00e1r nem a legnagyobb \u00e1tlagn\u00e9z\u0151sz\u00e1m\u00fa \u2013 az a Dortmund), leggazdagabb, legmagasabb hazai \u00e9s nemzetk\u00f6zi preszt\u00edzs\u0171, legjobban m\u0171k\u00f6dtetett, legsikeresebb egyes\u00fclet. N\u00e9pszer\u0171s\u00e9g tekintet\u00e9ben a tradicion\u00e1lis klubok szurkol\u00f3t\u00e1bora \u00e1ltal gy\u0171l\u00f6lt Leipzig a sk\u00e1la m\u00e1sik oldal\u00e1n van. Hazai \u00e9s nemzetk\u00f6zi preszt\u00edzs\u00e9t korl\u00e1tozza az, hogy nem k\u00e9pes Bayern-kih\u00edv\u00f3v\u00e1 v\u00e1lni, csak a m\u00e1sod- vagy harmadheged\u0171s poz\u00edci\u00f3j\u00e1t tudja elfoglalni. Az igazi \u00e1tt\u00f6r\u00e9st jelent\u0151 siker m\u00e9g akkor is v\u00e1rat mag\u00e1ra, ha az el\u0151z\u0151 id\u00e9nyben Lipcs\u00e9be ker\u00fclt a N\u00e9met Kupa, \u00e9s a Bik\u00e1k m\u00e1r bejutottak egyszer a Bajnokok Lig\u00e1ja el\u0151d\u00f6nt\u0151j\u00e9be (2020-ban, amikor a Bayern nyerte meg a sorozatot).\r\n\r\n<span class=\"highlight-block-small\">Speci\u00e1lis klubszerkezete, a Red Bull-klubh\u00e1l\u00f3zathoz tartoz\u00e1sa \u00e9s amb\u00edci\u00f3i val\u00f3sz\u00edn\u0171leg t\u00e9nyleg a Lipcs\u00e9t tenn\u00e9k hossz\u00fa t\u00e1von a leges\u00e9lyesebb Bayern-kih\u00edv\u00f3v\u00e1. <\/span>\r\n\r\n\u00c1m Mateschitz most m\u00e1r aligha gondolkodik hossz\u00fa t\u00e1vban. T\u00fcrelemb\u0151l egyre kevesebb van.\r\n\r\nAz \u00e1tigazol\u00e1si piacon \u201eizomb\u00f3l\u201d k\u00e9ptelens\u00e9g lenyomni a Bayern M\u00fcnchent, amely <strong>Sadio Man\u00e9<\/strong> \u00e9s <strong>Mathijs De Ligt<\/strong> ny\u00e1ri szerz\u0151dtet\u00e9s\u00e9vel ism\u00e9t er\u0151t demonstr\u00e1lt. A Leipzignek eddig kiv\u00edvott preszt\u00edzse \u00e9s a Red Bull-klubh\u00e1l\u00f3zat nem biztos\u00edt \u00e9pp rossz alapot, \u00e1m mintha itt is lenn\u00e9nek fennakad\u00e1sok. Egy\u00e9rtelm\u0171, hogy a klubh\u00e1l\u00f3zat leg\u00e9rt\u00e9kesebb csapata a Leipzig, hiszen egy topliga \u00e9lcsapata, rendszeres BL-indul\u00f3. \u00c1m az \u201eeredeti\u201d Red Bull-klub, teh\u00e1t a Salzburg imm\u00e1r szint\u00e9n rendszeres BL-r\u00e9sztvev\u0151, mik\u00f6zben legal\u00e1bb olyan szinten domin\u00e1ns az osztr\u00e1k bajnoks\u00e1gban, mint a n\u00e9metben a Bayern M\u00fcnchen. A k\u00e9t klub m\u00e1r sokkal ink\u00e1bb mell\u00e9rendelt, mintsem al\u00e1-f\u00f6l\u00e9 rendelt entit\u00e1s, vagy ahogyan pont Marco Rose fogalmazott (m\u00e9g a Salzburg edz\u0151jek\u00e9nt): az osztr\u00e1kok saj\u00e1t t\u00f6rt\u00e9net\u00fcket \u00edrj\u00e1k, fiataljaik fantasztikusan tudnak helyben is fejl\u0151dni, \u00e9s j\u00e1t\u00e9kosaik sora ir\u00e1nt \u00e9rdekl\u0151dnek topklubok.\r\n\r\nAz k\u00f6zismert, hogy az RB Leipzig legnagyobb j\u00e1t\u00e9kosbesz\u00e1ll\u00edt\u00f3ja eddigi t\u00f6rt\u00e9nete sor\u00e1n a Salzburg volt, amely 133 milli\u00f3 eur\u00f3 \u00e9rt\u00e9kben 17 futballist\u00e1t \u00e9rt\u00e9kes\u00edtett a testv\u00e9rklubnak (plusz m\u00e9g egyet k\u00f6lcs\u00f6n is adott). A legut\u00f3bbi k\u00e9t id\u00e9nyben \u2013 <strong>Szoboszlai Dominik<\/strong> \u00e9s <strong>Hvang Hi Csan<\/strong> leigazol\u00e1sa \u00f3ta \u2013 viszont nem ment Salzburgb\u00f3l Lipcs\u00e9be egy j\u00e1t\u00e9kos sem, igaz, m\u00e1r megsz\u00fcletett a meg\u00e1llapod\u00e1s a szupertehets\u00e9ges Benjamin Sesko 2023-as transzfer\u00e9r\u0151l.\r\n\r\n[caption id=\"attachment_5819\" align=\"alignnone\" width=\"2000\"]<img class=\"size-full wp-image-5819\" src=\"https:\/\/sport24.24.hu\/app\/uploads\/sites\/24\/2022\/09\/000_32j66qq.jpg\" alt=\"\" width=\"2000\" height=\"1333\" \/> Willi Orban \u00e9s Szoboszlai Dominik \u00fcnnepli az els\u0151 g\u00f3lt a n\u00e9met els\u0151 oszt\u00e1ly\u00fa Bundesliga labdar\u00fag\u00f3-m\u00e9rk\u0151z\u00e9sen az RB Leipzig \u00e9s a BVB Borussia Dortmund k\u00f6z\u00f6tt a kelet-n\u00e9metorsz\u00e1gi Lipcs\u00e9ben 2022. szeptember 10-\u00e9n.[\/caption]\r\n\r\nFelt\u0171n\u0151, hogy a Salzburg toptalentumai k\u00f6z\u00fcl sokan nem Lipcse ir\u00e1ny\u00e1ba dobbantanak: <strong>Erling Haaland<\/strong> \u00e9s <strong>Karim Adeyemi<\/strong> Dortmundba ment, <strong>Patson Daka<\/strong> Leicesterbe, <strong>Enock Mwepu<\/strong> Brightonba, <strong>Rasmus Kristensen<\/strong> \u00e9s <strong>Brenden Aaronson<\/strong> Leedsbe, <strong>Munasz Dabbur<\/strong> Sevill\u00e1ba, <strong>Duje Caleta-Car<\/strong> Marseille-be, <strong>Mohamed Camara<\/strong> Monac\u00f3ba, \u00e9s a sort m\u00e9g folytathatn\u00e1nk. M\u00edg 2015\u20132019 k\u00f6z\u00f6tt gyakran a Leipzig csapat\u00e1ba vezetett a legtehets\u00e9gesebb salzburgiak \u00fatja, az ut\u00f3bbi id\u0151ben a j\u00e1t\u00e9kos\u00e1raml\u00e1s csordog\u00e1l\u00e1ss\u00e1 v\u00e1ltozott.\r\n\r\n<span class=\"highlight-block-small\">A legut\u00f3bbi 17 olyan salzburgi j\u00e1t\u00e9kosb\u00f3l, akit legal\u00e1bb 10 milli\u00f3 eur\u00f3\u00e9rt \u00e9rt\u00e9kes\u00edtettek, csup\u00e1n 4 k\u00f6t\u00f6tt ki Lipcs\u00e9ben.<\/span>\r\n\r\nS\u0151t, olyan is akadt (<strong>Martin Hinteregger<\/strong>), aki mor\u00e1lis okokb\u00f3l mondott nemet a Leipzigre \u2013 az osztr\u00e1k v\u00e1logatott v\u00e9d\u0151 2016-ban ink\u00e1bb az Augsburgba szerz\u0151d\u00f6tt, \u00e9s kijelentette, ezt az\u00e9rt tette, mert a lipcseiek rendre lerabolj\u00e1k a Salzburgot, \u00e9s fi\u00f3kklubk\u00e9nt kezelik azt, m\u00e1rpedig \u0151 ezt salzburgi nevel\u00e9s\u0171k\u00e9nt nem toler\u00e1lja. Ugyanakkor rebesgetnek egy gentlemen\u2019s agreementr\u0151l is, amely a h\u00e1tt\u00e9rben megk\u00f6ttetett az UEFA \u00e9s a Leipzig k\u00f6z\u00f6tt, \u00e9s arr\u00f3l sz\u00f3l, hogy a lipcseiek csak korl\u00e1tozottan veszik ig\u00e9nybe a salzburgi tehets\u00e9g-fut\u00f3szalagot; ugyanakkor az eur\u00f3pai sz\u00f6vets\u00e9g nem emel kifog\u00e1st az ellen, hogy a Salzburg \u00e9s a Leipzig egy kontinent\u00e1lis kupasorozatban induljon. Ut\u00f3bbi t\u00e9ny (az UEFA b\u00f3lintott, a k\u00e9t Red Bull-csapat m\u00e1r j\u00e1tszott is egym\u00e1s ellen eur\u00f3pai kupameccseket), el\u0151bbi puszta spekul\u00e1ci\u00f3, amelyet minden \u00e9rintett tagadott \u00e9s tagad, r\u00e1ad\u00e1sul jogi szempontb\u00f3l sem felt\u00e9tlen\u00fcl van realit\u00e1sa.\r\n\r\nAz RB Leipzig t\u00falk\u00f6lteni biztosan nem tudja a Bayern M\u00fcnchent. Partnerklubjait felhaszn\u00e1lhatja er\u0151s\u00edt\u00e9sekre, \u00e1m a Salzburg egyre ink\u00e1bb hasonl\u00f3 szint\u0171 csapat, semmint kistestv\u00e9r, a t\u00f6bbiekn\u00e9l pedig nem sok, azonnal bevethet\u0151, toplig\u00e1s szint\u0171 j\u00e1t\u00e9kos van. A saj\u00e1t ut\u00e1np\u00f3tl\u00e1sra egyel\u0151re nem lehet alapozni: az ifj\u00fas\u00e1gi BL-ben (amit a Salzburg m\u00e1r megnyert) a legut\u00f3bbi n\u00e9gy \u00e9vben 2\u20133\u201314 a klub m\u00e9rlege, az els\u0151 csapatot nem \u00e1rasztj\u00e1k el a lipcsei nevel\u00e9s\u0171 fiatalok. \u00c9s most m\u00e9g finoman fogalmaztunk.\r\n\r\nEzek ut\u00e1n igaz\u00e1b\u00f3l csak akkor lehet \u00e1tt\u00f6r\u00e9sben rem\u00e9nykedni,\r\n<ul>\r\n \t<li>ha Lipcs\u00e9ben megtal\u00e1lj\u00e1k a t\u00f6k\u00e9letes \u2013 \u00e9s hosszabb ideig \u00f6sszhangban dolgoz\u00f3 \u2013 vezet\u0151edz\u0151\u2013sportigazgat\u00f3 p\u00e1rost,<\/li>\r\n \t<li>berobban h\u00e1rom-n\u00e9gy \u00faj igazol\u00e1s,<\/li>\r\n \t<li>a mostani keret legjobbjai pedig nem akarnak minden\u00e1ron tov\u00e1bb\u00e1llni.<\/li>\r\n<\/ul>\r\nEz kicsit t\u00fal sok \u201eha\u201d. El\u0151sz\u00f6r t\u00fczet kell oltani, s amennyiben Marco Rose sikerrel j\u00e1r, err\u0151l az alapr\u00f3l lehet tov\u00e1bbl\u00e9pni. A rendk\u00edv\u00fcl ambici\u00f3zus projektet a 2022-es kupagy\u0151zelem ellen\u00e9re megreked\u00e9s fenyegeti.\r\n<blockquote>A k\u00f6vetkez\u0151 h\u00f3napok kulcsfontoss\u00e1g\u00faak lesznek. A k\u00f6vetkez\u0151 vezet\u0151edz\u0151nek m\u00e1r telital\u00e1latnak kell lennie, k\u00fcl\u00f6nben a kritikus hangok k\u00f3rusa egyre hangosabb lesz. (\u2026) Tedesco kir\u00fag\u00e1sa nem csak egy sportkr\u00edzis jele \u2013 ez b\u00e1rmikor el\u0151fordulhat \u2013, hanem fundament\u00e1lis probl\u00e9m\u00e1k kivet\u00fcl\u00e9se<\/blockquote>\r\n\u2013 \u00e1llap\u00edtotta meg <strong>Fabian Held<\/strong>, a Die Zeit jegyzet\u00edr\u00f3ja, aki szerint identit\u00e1skeres\u00e9s is zajlik Lipcs\u00e9ben.\r\n\r\nAz egy\u00e9rtelm\u0171 volt, hogy a vill\u00e1mgyors fel\u00edvel\u00e9s \u00fctem\u00e9t k\u00e9ptelens\u00e9g a v\u00e9gtelens\u00e9gig tartani. A k\u00f6vetkez\u0151 h\u00f3napok \u2013 tal\u00e1n a k\u00f6vetkez\u0151 k\u00e9t id\u00e9ny \u2013 viszont d\u00f6nthet arr\u00f3l, hogy a lipcseiek csillaga tov\u00e1bbra is felfel\u00e9 \u00edvel-e, vagy egyszer\u0171en belesimul a Bundesliga \u00e9lcsoportj\u00e1nak tagjai k\u00f6z\u00e9. K\u00f6zel a dobog\u00f3hoz, de t\u00e1vol, nagyon t\u00e1vol az egyeduralkod\u00f3 Bayern M\u00fcnchent\u0151l \u00e9s az igazi elitt\u0151l, ahov\u00e1 Mateschitz v\u00e1gyik.\r\n\r\n[prefabricated_shortcode in_app=\"0\" code=\"%3Cdiv%20class%3D%22article_box_border%22%20style%3D%22background%3A%20url%28%27https%3A%2F%2F24.p3k.hu%2Fapp%2Fuploads%2Fsites%2F24%2F2021%2F05%2Fsport24-pattern.png%27%29%20no-repeat%20left%20-16px%20%23f3f3f4%3B%20border%3A%20none%3B%22%3E%0D%0A%3Cdiv%20class%3D%22article_solidheader%22%3E%0D%0A%3Ch2%20style%3D%22color%3A%20%23111115%21important%3B%20font-size%3A%2036px%3B%20font-weight%3A%20bold%3B%20margin-bottom%3A%2030px%3B%20margin-top%3A%2020px%3B%20text-align%3A%20center%3B%20line-height%3A%2036px%3B%22%3E%3Cimg%20class%3D%22aligncenter%20size-full%20wp-image-141%22%20src%3D%22https%3A%2F%2F24.p3k.hu%2Fapp%2Fuploads%2Fsites%2F24%2F2021%2F05%2Fs24-logo-dt.png%22%20alt%3D%22%22%20width%3D%22408%22%20height%3D%2290%22%20%2F%3E%3C%2Fh2%3E%0D%0A%3Ch2%20style%3D%22color%3A%20%23111115%21important%3B%20font-size%3A%2036px%3B%20font-weight%3A%20bold%3B%20margin-bottom%3A%2030px%3B%20margin-top%3A%2020px%3B%20text-align%3A%20center%3B%20line-height%3A%2040px%3B%22%3ECsatlakozz%20a%20Sport24%20k%C3%B6z%C3%B6ss%C3%A9ghez%2C%20mondd%20el%20v%C3%A9lem%C3%A9nyedet%20z%C3%A1rt%20Facebook-csoportunkban%2C%20%C3%A9s%20vegy%C3%A9l%20r%C3%A9szt%20csak%20el%C5%91fizet%C5%91knek%20el%C3%A9rhet%C5%91%20exkluz%C3%ADv%20esem%C3%A9nyeinken.%3C%2Fh2%3E%0D%0A%3C%2Fdiv%3E%0D%0A%3Cp%20style%3D%22background%3A%20%2357A600%3B%20margin-top%3A%2020px%3B%20padding%3A%2020px%3B%20text-align%3A%20center%3B%22%3E%3Ca%20style%3D%22color%3A%20%23ffffff%3B%20font-size%3A%2026px%3B%20font-weight%3A%20600%3B%22%20href%3D%22https%3A%2F%2Fwww.facebook.com%2Fgroups%2F212344460412327%22%3ECSATLAKOZOM%3C%2Fa%3E%3C%2Fp%3E%0D%0A%0D%0A%3C%2Fdiv%3E\"]","type":"rich","thumbnail_url":"https:\/\/s.24.hu\/app\/uploads\/sites\/24\/2022\/09\/043_dpa-pa_220821-99-465649_dpai-150x150.jpg","thumbnail_width":150,"thumbnail_height":150}