{"version":"1.0","provider_name":"Sport24","provider_url":"https:\/\/sport24.24.hu","author_name":"Bruckner G\u00e1bor","author_url":"https:\/\/sport24.24.hu\/author\/brucknerg\/","title":"Milyen sz\u00f6rny\u0171 csal\u00f3d\u00e1s volt, csak ez\u00fcst jutott futballban az 1972-es olimpi\u00e1n","html":"Magyarorsz\u00e1g 1972-ben m\u00e9g futballnemzet volt, v\u00e1logatottja nem a selejtez\u0151csoportban, hanem az Eur\u00f3pa-bajnoks\u00e1gon szerezte meg a negyedik helyet, az FTC UEFA Kupa-el\u0151d\u00f6nt\u0151t v\u00edvott, \u00e9s csak k\u00e9t kihagyott tizenegyes miatt nem lett finalista, a Honv\u00e9d, \u00dajpest, Vasas h\u00e1rmas pedig nem a Felcs\u00fat, a Kisv\u00e1rda vagy a Mez\u0151k\u00f6vesd m\u00f6g\u00f6tt kullogott, mert telt h\u00e1zas pesti kett\u0151s rangad\u00f3kon feln\u0151ttj\u00e1t\u00e9kos \u00e9s szurkol\u00f3 azt sem tudta, merre van Felcs\u00fat, Kisv\u00e1rda \u00e9s Mez\u0151k\u00f6vesd.\r\n\r\nM\u00e9g a lengyelek sem \u00e9rdekelt\u00e9k k\u00fcl\u00f6n\u00f6sebben a labdar\u00fag\u00e1s hazai h\u00edveit. Nagyj\u00e1b\u00f3l annyira tartott\u00e1k az \u00f6r\u00f6k bar\u00e1tokat, amennyit az 1972. augusztus 21-\u00e9n megjelent h\u00edr tartalmazott: a <strong>Fat\u00e9r \u2013 Vellai, Moln\u00e1r, S\u00e1ndor, Hunyadi \u2013 Guly\u00e1s, Kandi \u2013 Bartos (Kelemen), N\u00e9meth, Szurgent, V\u00edzi<\/strong> \u00f6sszet\u00e9tel\u0171 Csepel 1-1-et \u00e9rt el Krakk\u00f3ban a lengyel olimpiai v\u00e1logatott ellen a kor\u00e1bbi ferencv\u00e1rosi N\u00e9meth Mikl\u00f3s g\u00f3lj\u00e1val.\r\n\r\n[central_article_recommendation title=\"Kapcsol\u00f3d\u00f3\" url=\"https:\/\/24.hu\/sport\/2022\/09\/05\/muncheni-olimpia-1972-fekete-szeptember-terrorakcio-schmitt-pal-hegedus-csaba-gyarmati-andrea-bobis-ildiko-hargitay-andras-dunai-antal\/\" image=\"1\" lead=\"1\"]\r\n\r\nAdal\u00e9k az akkori sz\u00ednvonalhoz: N\u00e9meth 1971 nyar\u00e1n, a spanyolorsz\u00e1gi Elch\u00e9ben rendezett nemzetk\u00f6zi torn\u00e1n n\u00e9gyet v\u00e1gott be <strong>Pusk\u00e1s Ferenc<\/strong> edz\u0151 h\u00e1rom h\u00f3nappal kor\u00e1bban BEK-d\u00f6nt\u0151s Panathinaikosz\u00e1nak az FTC 6-1-es hengere alkalm\u00e1val. Aznap az \u00dajpest Huelv\u00e1ban 3-1-re legy\u0151zte a Real Madridot, amelyhez Pusk\u00e1snak szint\u00e9n volt n\u00e9mi k\u00f6ze.\r\n\r\n<span class=\"highlight-block\">A lengyelekkel szemben 1972-ig 16 gy\u0151zelem \u00e9s egy-egy d\u00f6ntetlen, valamint veres\u00e9g szerepelt a v\u00e1logatott m\u00e9rleg\u00e9ben.<\/span>\r\n\r\nHaz\u00e1nkban \u00edgy fel sem mer\u00fclt, hogy a lengyel egy\u00fcttes az \u00f6tkarik\u00e1s torna d\u00f6nt\u0151j\u00e9be juthat. S maga az olimpia sem tartotta l\u00e1zban az orsz\u00e1got, m\u00e1rmint a labdar\u00fag\u00e1st tekintve nem, hiszen mindenki tudta: a ny\u00e1ri j\u00e1t\u00e9kokon legf\u00f6ljebb a keleti blokk vonul fel a legjobb futballist\u00e1val, a nyugatiak \u00e9s a d\u00e9l-amerikaiak els\u0151 vonala hanyagolja rendezv\u00e9nyt.\r\n\r\nA b\u00e9ket\u00e1bor tagjai sem mindig szerepeltett\u00e9k az els\u0151 csapatot, honfit\u00e1rsaink p\u00e9ld\u00e1ul a meger\u0151s\u00edtett B v\u00e1logatottal nyertek az 1964-es \u00e9s az 1968-as olimpi\u00e1n is. A hatvann\u00e9gyes torn\u00e1n az A egy\u00fcttes Eb-bronz\u00e9rmes t\u00f6rzsg\u00e1rdist\u00e1i k\u00f6z\u00fcl <strong>M\u00e1trai, M\u00e9sz\u00f6ly, Sipos, S\u00e1rosi L\u00e1szl\u00f3, Nagy Istv\u00e1n, Solymosi, R\u00e1kosi, Albert, Tichy, Fenyvesi<\/strong> sem j\u00e1tszott, \u00e9s ide kell sorolni a kontinenstorna n\u00e9gyes d\u00f6nt\u0151j\u00e9r\u0151l s\u00e9r\u00fcl\u00e9s miatt hi\u00e1nyz\u00f3 <strong>S\u00e1ndor \u201eCsikart\u201d<\/strong> \u00e9s <strong>G\u00f6r\u00f6cs\u00f6t<\/strong> is, m\u00edg 1968-ban t\u00e1vol maradt Mexik\u00f3t\u00f3l <strong>Tam\u00e1s Gyula, K\u00e1poszta, <\/strong>M\u00e1trai, M\u00e9sz\u00f6ly,<strong> Ih\u00e1sz, Mathesz, <\/strong>Solymosi,<strong> G\u00f6r\u00f6cs, <\/strong>R\u00e1kosi, <strong>Moln\u00e1r Dezs\u0151, <\/strong>Albert, Tichy, <strong>Farkas.<\/strong>\r\n<div class=\"payable-content-section\"><\/div>\r\n<span class=\"highlight-block-small\">A hetvenkettes torna az\u00e9rt k\u00fcl\u00f6nb\u00f6z\u00f6tt az el\u0151z\u0151ekt\u0151l, mert a magyar csapat nem jutott ki az 1970-es vil\u00e1gbajnoks\u00e1gra, ez\u00e9rt nem \u00e9rintette az a szab\u00e1ly, hogy vb-n szerepelt labdar\u00fag\u00f3k nem j\u00e1tszhatnak az \u00f6tkarik\u00e1s j\u00e1t\u00e9kokon.<\/span>\r\n\r\n<strong>Illovszky Rudolf<\/strong> sz\u00f6vets\u00e9gi kapit\u00e1ny meghagyta az Eb-negyedik egy\u00fcttes gerinc\u00e9t, de a keret \u00f6sszet\u00e9tel\u00e9n finom\u00edtott, \u00e9s a k\u00f6vetkez\u0151 labdar\u00fag\u00f3kat h\u00edvta meg az el\u0151k\u00e9sz\u00fcletekre: <strong>G\u00e9czi<\/strong> (FTC), <strong>Rothermel<\/strong> (Tatab\u00e1nya) \u2013 <strong>V\u00e9pi, P\u00e1ncsics, B\u00e1lint<\/strong> (mind FTC), <strong>T\u00f6r\u00f6k, Vid\u00e1ts<\/strong> (mindkett\u0151 Vasas), <strong>Sz\u0171cs<\/strong> (Honv\u00e9d), <strong>Juh\u00e1sz P\u00e9ter<\/strong> (\u00dajpest) \u2013 <strong>Juh\u00e1sz Istv\u00e1n, K\u0171<\/strong> (mindkett\u0151 FTC), <strong>Dunai III<\/strong> (\u00dajpest), <strong>Kov\u00e1cs J\u00f3zsef<\/strong> (Videoton), <strong>Kocsis Lajos<\/strong> (Honv\u00e9d), <strong>B\u00e1sti<\/strong> (Salg\u00f3tarj\u00e1n) \u2013 <strong>Fazekas, Dunai II<\/strong> (mindkett\u0151 \u00dajpest), <strong>Kozma<\/strong> (Honv\u00e9d), <strong>Branikovits<\/strong> (FTC), <strong>V\u00e1rady<\/strong> (Vasas), <strong>T\u00f3th K\u00e1lm\u00e1n<\/strong> (Tatab\u00e1nya). A keretsz\u0171k\u00edt\u00e9st az \u00e9let hajtotta v\u00e9gre, mivel T\u00f6r\u00f6k P\u00e9ter \u00e9s Fazekas L\u00e1szl\u00f3 megs\u00e9r\u00fclt, ahogyan az olimpi\u00e1n Vid\u00e1ts Csaba is, m\u00edg Juh\u00e1sz Istv\u00e1nt kihagyta a kapit\u00e1ny, mert Dunai III Ede form\u00e1j\u00e1t megnyugtat\u00f3bbnak l\u00e1tta.\r\n\r\n[caption id=\"attachment_5770\" align=\"aligncenter\" width=\"2000\"]<img class=\"size-full wp-image-5770\" src=\"https:\/\/sport24.24.hu\/app\/uploads\/sites\/24\/2022\/09\/2kepessport_1972_2__pages417-417.jpg\" alt=\"\" width=\"2000\" height=\"1601\" \/> K\u00e9pes Sport, 1972. szeptember 12. (19. \u00e9vfolyam, 37. sz\u00e1m)[\/caption]\r\n\r\nA v\u00e1logatott laz\u00e1n vette az akad\u00e1lyokat Augsburgban, M\u00fcnchenben, N\u00fcrnbergben, Passauban, Regensburgban, egyed\u00fcl az egyar\u00e1nt tizenkilenc \u00e9ves <strong>Dirceuval<\/strong> \u00e9s <strong>Falca\u00f3val<\/strong> ki\u00e1ll\u00f3 brazil ut\u00e1np\u00f3tl\u00e1ssal gy\u0171lt meg a baja, de Juh\u00e1sz P\u00e9ter a hajr\u00e1ban bombag\u00f3llal egyenl\u00edtett (2-2). K\u00fcl\u00f6nben t\u00fck\u00f6rsima gy\u0151zelem volt D\u00e1nia (2-0), az NSZK (4-1) \u00e9s Mexik\u00f3 koroszt\u00e1lyos csapata (2-0), valamint Ir\u00e1n \u00e9s az NDK A v\u00e1logatottja (2-0) ellen.\r\n\r\nA lengyelek lem\u00e1solt\u00e1k e produkci\u00f3t, \u0151k is \u00f6t gy\u0151zelemmel (Kolumbia 5-1, Gh\u00e1na 4-0, NDK 2-1, Szovjetuni\u00f3 2-1, Marokk\u00f3 5-0), valamint egy d\u00f6ntetlennel (D\u00e1nia 1-1) ker\u00fcltek a d\u00f6nt\u0151be. A magyarokn\u00e1l Dunai Antal h\u00e9t g\u00f3lt \u00e9rt el, a lengyelekn\u00e9l a k\u00f6z\u00e9pp\u00e1ly\u00e1s <strong>Kazimierz Deyna<\/strong> ugyanennyit.\r\n\r\n<span class=\"highlight-block\">A legjobb n\u00e9gy k\u00f6z\u00e9 kiz\u00e1r\u00f3lag a szocialista orsz\u00e1gok k\u00e9pvisel\u0151i jutottak. <\/span>\r\n\r\nAz NDK \u00e9s a Szovjetuni\u00f3 egy\u00fcttese meg is egyezett a bar\u00e1ts\u00e1gos d\u00f6ntetlenben (2-2) a harmadik hely\u00e9rt letudott tal\u00e1lkoz\u00f3 el\u0151tt, a magyar vezet\u0151k viszont hallani sem akartak arr\u00f3l, hogy j\u00e1t\u00e9kosaik meg\u00e1llapodjanak a lengyelekkel az \u201eikszben\u201d. A labdar\u00fag\u00f3k nem berzenkedtek az utas\u00edt\u00e1s miatt, mert jobbnak gondolt\u00e1k csapatukat a riv\u00e1lis\u00e9n\u00e1l, \u00fagy \u00e9rezt\u00e9k teh\u00e1t, az el\u00f6lj\u00e1r\u00f3k f\u00f6l\u00f6slegesen besz\u00e9lnek. Illovszky mondta ugyan, hogy \u201ej\u00f3l \u00f6sszekov\u00e1csolt, kombinat\u00edv j\u00e1t\u00e9kra t\u00f6rekv\u0151 egy\u00fcttes az ellenf\u00e9l t\u00f6bb kiemelked\u0151 egy\u00e9nis\u00e9ggel, hiszen <strong>Anczok<\/strong>, Deyna, <strong>Lubanski, Gadocha<\/strong> a torna legjobb j\u00e1t\u00e9kosai k\u00f6z\u00e9 tartozik\u201d, \u00e1m a jellemz\u00e9st mindenki k\u00f6telez\u0151 udvariass\u00e1gnak tekintette.\r\n\r\nPedig Wlodzimierz Lubanski 1970-ben csak az\u00e9rt nem igazolt a Real Madridhoz, mert a Lengyel Egyes\u00fclt Munk\u00e1sp\u00e1rt K\u00f6zponti Bizotts\u00e1ga nem j\u00e1rult hozz\u00e1 a szerz\u0151d\u00e9shez. Deyn\u00e1t 1978-ban m\u00e1r elengedt\u00e9k a Manchester Cityhez, majd \u2013 ak\u00e1rcsak <strong>Wladyslaw Zmud\u00e1t<\/strong> \u00e9s Robert Gadoch\u00e1t \u2013 az Egyes\u00fclt \u00c1llamokba, de a klasszis k\u00f6z\u00e9pp\u00e1ly\u00e1s nem j\u00e1rt szerencs\u00e9vel: 1989. szeptember elsej\u00e9n, Lengyelorsz\u00e1g n\u00e1ci lerohan\u00e1s\u00e1nak \u00f6tvenedik \u00e9vfordul\u00f3j\u00e1n hal\u00e1los aut\u00f3balesetet szenvedett San Dieg\u00f3ban. Alig negyvenegy esztend\u0151t t\u00f6lt\u00f6tt k\u00f6zt\u00fcnk.\r\n\r\nA r\u00f6vid id\u0151t nagyszer\u0171en haszn\u00e1lta fel, az olimpiai d\u00f6nt\u0151 kifejezetten az \u201e\u00f6v\u00e9\u201d volt. Pedig az els\u0151 f\u00e9lid\u0151 v\u00e9g\u00e9n a tin\u00e9dzser V\u00e1rady B\u00e9la elcs\u00edpte<strong> Zbigniew Gut<\/strong> \u00e1tad\u00e1s\u00e1t, majd <strong>Hubert Kostka<\/strong> kapus mellett ravaszul a \u201er\u00f6vid\u201d, azaz a jobb sarokba l\u0151tt, mik\u00f6zben tekintet\u00e9vel a fej\u00e9n megs\u00e9r\u00fclt, turb\u00e1nos Dunai II-t kereste, hogy majd hozz\u00e1 passzol. A sz\u00fcnetben senki sem gondolt fordulatra, \u00e1m Deyna \u2013 mitagad\u00e1s \u2013 kor\u00e1ntsem v\u00e9dhetetlen, ball\u00e1bas l\u00f6v\u00e9s\u00e9t G\u00e9czi Istv\u00e1n \u201eben\u00e9zte\u201d. A kapust a bokszol\u00f3 <strong>Kajdi J\u00e1nos<\/strong> koll\u00e9g\u00e1nak sz\u00f3l\u00edtotta, mondv\u00e1n, neki is gyakran kell \u00f6kl\u00f6znie. A d\u00f6nt\u0151n sajnos l\u00e1bbal \u00e9s k\u00e9zzel sem ment: egy be\u00edvel\u00e9s ut\u00e1n a v\u00e9delem leblokkolt, az indiszpon\u00e1lt G\u00e9czi meg a rokonok el\u00e9 cs\u00e1mborgott ki, \u00e9s Deyna az \u00fcres kapuba gur\u00edtott (1-2).\r\n\r\n\u201eSenkit nem lehet dics\u00e9rni\u201d \u2013 \u00edrta m\u00e1snap a N\u00e9psport, nem sejtve, hogy mennyire m\u00e1s \u00f6tven \u00e9v k\u00f6vetkezik a magyar labdar\u00fag\u00e1sban ahhoz k\u00e9pest, ami a M\u00fcnchent megel\u0151z\u0151 dics\u0151s\u00e9ges dek\u00e1dokban t\u00f6rt\u00e9nt. A N\u00e9pszava a f\u00f6ldbe dorongolt:\r\n<blockquote class=\"small-quote\">Rossz a magyar labdar\u00fag\u00f3-v\u00e1logatott, s ami m\u00e9g szomor\u00fabb, ez nem is az ut\u00e1np\u00f3tl\u00e1s csapata, mint a m\u00faltban volt, hanem a nemzeti egy\u00fcttes\u00fcnk!\u201d<\/blockquote>\r\nAz Esti H\u00edrlap ugyancsak keser\u0171en \u00e1llap\u00edtotta meg: \u201eNem tud a magyar futball l\u00e1bra \u00e1llni.\u201d\r\n\r\nM\u00e9g egyszer mondom: h\u00e1rom h\u00f3nappal azel\u0151tt Eur\u00f3pa legjobb n\u00e9gy csapata k\u00f6z\u00f6tt volt a v\u00e1logatott.\r\n\r\nIllovszky cs\u00f6ndesen megjegyezte: \u201eEzen a napon sz\u00e1raz p\u00e1ly\u00e1n is kikaptunk volna. De megtanuljuk m\u00e9g becs\u00fclni a m\u00e1sodik helyet.\u201d A j\u00f6v\u0151be l\u00e1tott, hiszen 1972 \u00f3ta Eb-el\u0151d\u00f6nt\u0151 \u00e9s olimpiai d\u00f6nt\u0151 k\u00f6zel\u00e9be sem ker\u00fclt a c\u00edmeres mezes egy\u00fcttes. \u00d6tkarik\u00e1s torn\u00e1n csak egyszer j\u00e1rt, akkor is pont n\u00e9lk\u00fcl maradt a Mexik\u00f3v\u00e1rosban arany-, M\u00fcnchenben ez\u00fcst\u00e9rmes Dunai Antal kapit\u00e1ny ir\u00e1ny\u00edt\u00e1s\u00e1val. Az Eur\u00f3pa-bajnoks\u00e1gr\u00f3l meg val\u00f3sz\u00edn\u0171leg az\u00f3ta is hi\u00e1nyozna, mint harminchat \u00e9ve a vb-r\u0151l, de 2016-t\u00f3l seg\u00edtett rajta a l\u00e9tsz\u00e1memel\u00e9s \u00e9s a b\u0151v\u00edt\u00e9ssel egy\u00fctt j\u00e1r\u00f3 t\u00f6bbl\u00e9pcs\u0151s k\u00f6nny\u00edt\u00e9s. (A kor\u00e1bbi rendszer szerint es\u00e9ly sem ny\u00edlt volna a r\u00e9szv\u00e9telre, s ez csup\u00e1n a tizenhatos mez\u0151nyre vonatkozik, mert a n\u00e9gyes \u00e9s a nyolcas Eb-v\u00e9gj\u00e1t\u00e9kra a r\u00e9gi klasszisok is ritk\u00e1n jutottak el.)\r\n\r\n<span class=\"highlight-block-small\">Magam annak idej\u00e9n nagyon szomor\u00fa voltam az Eb negyedik \u00e9s az olimpia m\u00e1sodik helye miatt, de ma m\u00e1r b\u00fcszk\u00e9n tekintek vissza a hajdani csal\u00f3d\u00e1st kelt\u0151kre, mert nemzetk\u00f6zi \u00f6sszehasonl\u00edt\u00e1sban is kiv\u00e1l\u00f3 labdar\u00fag\u00f3k voltak. <\/span>\r\n\r\nS \u00f6ten k\u00f6z\u00fcl\u00fck olimpiai arany\u00e9rmesnek mondhatt\u00e1k magukat, hiszen P\u00e1ncsics Mikl\u00f3s, Sz\u0171cs Lajos, Kocsis Lajos, B\u00e1sti Istv\u00e1n \u00e9s Dunai II 1968-ban, Mexik\u00f3ban a hossz\u00fa dobog\u00f3 k\u00f6z\u00e9ps\u0151 r\u00e9sz\u00e9re \u00e1llhatott. S akadt egy hatodik \u00f6tkarik\u00e1s gy\u0151ztes is a m\u00fcncheni labdar\u00fag\u00f3torn\u00e1n: az 1964-ben olimpiai bajnok Palotai K\u00e1roly 1972-ben m\u00e1r mint j\u00e1t\u00e9kvezet\u0151 szerepelt az \u00f6tkarik\u00e1s vet\u00e9lked\u0151n.\r\n\r\nA lengyelek pedig 1972 \u00e9s 1974 k\u00f6z\u00f6tt 36 v\u00e1logatott meccsb\u0151l 26-ot megnyertek, hatot d\u00f6ntetlennel z\u00e1rtak, \u00e9s csak n\u00e9gyet vesztettek el. Kis h\u00edj\u00e1n a d\u00f6nt\u0151be jutottak az 1974-es vil\u00e1gbajnoks\u00e1gon is, amelyen v\u00e9g\u00fcl bronz\u00e9rmet szereztek. Ak\u00e1rcsak az 1982-es vb-n. Abban a t\u00edz \u00e9vben voltak a cs\u00facson <strong>Jan Tomaszewskivel<\/strong>, Zmud\u00e1val, Deyn\u00e1val, <strong>Grzegorz Lat\u00f3val<\/strong>, Lubanskival, <strong>Andrzej Szarmachhal<\/strong>, Gadoch\u00e1val, majd a hozz\u00e1juk csatlakoz\u00f3 <strong>Zbigniew Boniekkel, Wlodzimierz Smolarekkel. Kazimierz G\u00f3rski<\/strong> sz\u00f6vets\u00e9gi kapit\u00e1ny a m\u00fcncheni d\u00f6nt\u0151 ut\u00e1n kijelentette: \u201eEz az eredm\u00e9ny a lengyel labdar\u00fag\u00e1s eddigi legnagyobb sikere.\u201d\r\n\r\nMeri ma valaki min\u00e1lunk kudarcnak nevezni?\r\n\r\n[prefabricated_shortcode in_app=\"0\" code=\"%3Cdiv%20class%3D%22article_box_border%22%20style%3D%22background%3A%20url%28%27https%3A%2F%2F24.p3k.hu%2Fapp%2Fuploads%2Fsites%2F24%2F2021%2F05%2Fsport24-pattern.png%27%29%20no-repeat%20left%20-16px%20%23f3f3f4%3B%20border%3A%20none%3B%22%3E%0D%0A%3Cdiv%20class%3D%22article_solidheader%22%3E%0D%0A%3Ch2%20style%3D%22color%3A%20%23111115%21important%3B%20font-size%3A%2036px%3B%20font-weight%3A%20bold%3B%20margin-bottom%3A%2030px%3B%20margin-top%3A%2020px%3B%20text-align%3A%20center%3B%20line-height%3A%2036px%3B%22%3E%3Cimg%20class%3D%22aligncenter%20size-full%20wp-image-141%22%20src%3D%22https%3A%2F%2F24.p3k.hu%2Fapp%2Fuploads%2Fsites%2F24%2F2021%2F05%2Fs24-logo-dt.png%22%20alt%3D%22%22%20width%3D%22408%22%20height%3D%2290%22%20%2F%3E%3C%2Fh2%3E%0D%0A%3Ch2%20style%3D%22color%3A%20%23111115%21important%3B%20font-size%3A%2036px%3B%20font-weight%3A%20bold%3B%20margin-bottom%3A%2030px%3B%20margin-top%3A%2020px%3B%20text-align%3A%20center%3B%20line-height%3A%2040px%3B%22%3ECsatlakozz%20a%20Sport24%20k%C3%B6z%C3%B6ss%C3%A9ghez%2C%20mondd%20el%20v%C3%A9lem%C3%A9nyedet%20z%C3%A1rt%20Facebook-csoportunkban%2C%20%C3%A9s%20vegy%C3%A9l%20r%C3%A9szt%20csak%20el%C5%91fizet%C5%91knek%20el%C3%A9rhet%C5%91%20exkluz%C3%ADv%20esem%C3%A9nyeinken.%3C%2Fh2%3E%0D%0A%3C%2Fdiv%3E%0D%0A%3Cp%20style%3D%22background%3A%20%2357A600%3B%20margin-top%3A%2020px%3B%20padding%3A%2020px%3B%20text-align%3A%20center%3B%22%3E%3Ca%20style%3D%22color%3A%20%23ffffff%3B%20font-size%3A%2026px%3B%20font-weight%3A%20600%3B%22%20href%3D%22https%3A%2F%2Fwww.facebook.com%2Fgroups%2F212344460412327%22%3ECSATLAKOZOM%3C%2Fa%3E%3C%2Fp%3E%0D%0A%0D%0A%3C%2Fdiv%3E\"]","type":"rich","thumbnail_url":"https:\/\/s.24.hu\/app\/uploads\/sites\/24\/2022\/09\/gettyimages-651712044-150x150.jpg","thumbnail_width":150,"thumbnail_height":150}