{"version":"1.0","provider_name":"Sport24","provider_url":"https:\/\/sport24.24.hu","author_name":"Bruckner G\u00e1bor","author_url":"https:\/\/sport24.24.hu\/author\/brucknerg\/","title":"Mit tud Alexander Isak, hogy ennyi p\u00e9nzt fizetett \u00e9rte a Newcastle?","html":"<strong>Alexander Isak<\/strong> eritreai sz\u00fcl\u0151k gyermekek\u00e9nt Stockholm k\u00fclv\u00e1ros\u00e1ban, Soln\u00e1ban sz\u00fcletett 1999. szeptember 21-\u00e9n. Nem meglep\u0151 m\u00f3don a helyi AIK ut\u00e1np\u00f3tl\u00e1s\u00e1ban nevelkedett, majd 2016 tavasz\u00e1n \u2013 mind\u00f6ssze 16 \u00e9vesen \u2013 a sv\u00e9d feln\u0151tt \u00e9lvonalban is bemutatkozhatott. Innen r\u00f6videsen a Borussia Dortmundhoz ker\u00fclt, \u00e1m a 2016 \u00e9s 2019 k\u00f6z\u00f6tti id\u0151szakban \u00f6t Bundesliga-meccs kiv\u00e9tel\u00e9vel csak elv\u00e9tve jutott j\u00e1t\u00e9klehet\u0151s\u00e9ghez, legfeljebb a klub m\u00e1sodik vagy U19-es csapat\u00e1ban l\u00e9pett p\u00e1ly\u00e1ra. 2019 tavasz\u00e1n a holland Willem II-n\u00e9l k\u00f6vetkezett egy r\u00f6vid kit\u00e9r\u0151 \u2013 itt Isak a holland kupad\u00f6nt\u0151n az <strong>Erik ten Hag<\/strong>-f\u00e9le, BL-el\u0151d\u00f6nt\u0151s Ajax ellen is p\u00e1ly\u00e1ra l\u00e9pett \u2013, onnan ker\u00fclt 2019 nyar\u00e1n a Real Sociedadhoz.\r\n\r\nA k\u00e9k-feh\u00e9rek a klubn\u00e1l 2018 \u00f3ta dolgoz\u00f3 <strong>Imanol Alguacil<\/strong> ir\u00e1ny\u00edt\u00e1sa alatt t\u00f6bbnyire tetszet\u0151s, labdabirtokl\u00e1sra \u00e9p\u00fcl\u0151 futballt j\u00e1tszanak. Ez az elm\u00falt h\u00e1rom \u00e9vben sorrendben hetedik, \u00f6t\u00f6dik \u00e9s hatodik helyez\u00e9st eredm\u00e9nyezett a spanyol bajnoks\u00e1gban. A 2020\/21-es, rendhagy\u00f3 \u00e9vadban pedig az Eur\u00f3pa Liga 32-es k\u00f6r\u00e9ig is siker\u00fclt eljutni, ahol a k\u00e9s\u0151bbi d\u00f6nt\u0151s Manchester United jelentette a v\u00e9g\u00e1llom\u00e1st. Az edz\u0151 t\u00f6bbnyire 4-4-2-es rombuszalakzatban vagy 4-3-3-ban k\u00fcldte p\u00e1ly\u00e1ra a csapatot, de ekkor is t\u00f6bbnyire felfut\u00f3 sz\u00e9ls\u0151 v\u00e9d\u0151kkel \u00e9s befel\u00e9 j\u00e1tsz\u00f3 sz\u00e9ls\u0151kkel. Ek\u00f6zben fontos szerep jutott az olyan, m\u00e9lyr\u0151l ir\u00e1ny\u00edt\u00f3 k\u00f6z\u00e9pp\u00e1ly\u00e1soknak, mint <strong>Mikel Merino<\/strong>\u00a0vagy a Manchester Cityt\u0151l igazolt ikon, <strong>David Silva<\/strong>.\r\n\r\nIsak a legt\u00f6bbsz\u00f6r k\u00f6z\u00e9pcsat\u00e1rk\u00e9nt j\u00e1tszott 4-4-2 rombuszban \u00e9s 4-3-3-ban is, de az ut\u00f3bbi rendszerben n\u00e9h\u00e1ny alkalommal l\u00e1thattuk balsz\u00e9ls\u0151k\u00e9nt is. K\u00f6z\u00e9pen j\u00e1tszva a feladata legink\u00e1bb a m\u00e9lys\u00e9g biztos\u00edt\u00e1sa volt, m\u00edg balsz\u00e9ls\u0151k\u00e9nt t\u00f6bbnyire sz\u00e9less\u00e9get adott a csapatnak.\r\n\r\n<span class=\"highlight-block-small\">Viszonylag ritk\u00e1n l\u00e9p vissza a labd\u00e1\u00e9rt, hiszen a p\u00e1lya k\u00f6zep\u00e9n h\u00e1rom-n\u00e9gy csapatt\u00e1rsa is felveheti azt, \u00edgy \u00e1ltal\u00e1ban \u0151 az, akinek a csapatszerkezet legelej\u00e9n kell helyezkednie. <\/span>\r\n\r\nB\u00e1r 192 centim\u00e9teres magass\u00e1g\u00e1val a s\u00falypontja az \u00e1tlagn\u00e1l f\u00f6ljebb van, \u00fcgyesen b\u00e1nik a labd\u00e1val, hossz\u00fa l\u00e1bai seg\u00edts\u00e9g\u00e9vel ak\u00e1r egy az egy elleni helyzetekben is sikeresen cselez, t\u00f6bb alkalommal l\u0151tt l\u00e1tv\u00e1nyos g\u00f3lt balr\u00f3l befel\u00e9 cselezve a hossz\u00fa sarokba. Alkalomadt\u00e1n nemcsak befel\u00e9 indul a bal sz\u00e9lr\u0151l, hanem az alapvonalat is t\u00e1madni tudja, igaz, ilyenkor \u00e1ltal\u00e1ban a gyeng\u00e9bb l\u00e1b\u00e1val kell beadnia a labd\u00e1t. A labd\u00e1val val\u00f3 bar\u00e1ts\u00e1ga a cselez\u00e9sen k\u00edv\u00fcl a tizenhatoson bel\u00fcl is seg\u00edti: r\u00e9szint nemcsak a bels\u0151 v\u00e9d\u0151k k\u00f6z\u00f6tti ter\u00fcletbe tud befutni, hanem kiss\u00e9 balra is sodr\u00f3dhat, r\u00e9szint pedig a k\u00f6zeli befejez\u00e9sekn\u00e9l k\u00e9pes a kapust is becsapni mozdulataival.\r\n<div class=\"payable-content-section\"><\/div>\r\n<img class=\"alignnone size-full wp-image-5686\" src=\"https:\/\/sport24.24.hu\/app\/uploads\/sites\/24\/2022\/08\/isak1.png\" alt=\"\" width=\"1899\" height=\"953\" \/>\r\n\r\n<em>Isak g\u00f3lja a Barcelona elleni m\u00e9rk\u0151z\u00e9sen augusztus 21-\u00e9n. Nem teljesen k\u00f6z\u00e9pre, hanem a bels\u0151 v\u00e9d\u0151 melletti \u00fcres ter\u00fcletbe indul.<\/em>\r\n\r\n<img class=\"alignnone size-full wp-image-5687\" src=\"https:\/\/sport24.24.hu\/app\/uploads\/sites\/24\/2022\/08\/isak2.png\" alt=\"\" width=\"1280\" height=\"720\" \/>\r\n\r\n<em>Az Alav\u00e9s elleni mesterh\u00e1rmas egyik g\u00f3lja 2021 febru\u00e1rj\u00e1b\u00f3l. Itt is a bels\u0151 \u00e9s a sz\u00e9ls\u0151 v\u00e9d\u0151 k\u00f6z\u00f6tti ter\u00fcletet siker\u00fclt megtal\u00e1lnia.<\/em>\r\n\r\n<img class=\"alignnone size-full wp-image-5688\" src=\"https:\/\/sport24.24.hu\/app\/uploads\/sites\/24\/2022\/08\/isak3.png\" alt=\"\" width=\"1280\" height=\"720\" \/>\r\n\r\n<em>Egy m\u00e1sik p\u00e9lda, ugyanerr\u0151l a m\u00e9rk\u0151z\u00e9sr\u0151l: Isak a kil\u00e9p\u0151 v\u00e9delemmel ellent\u00e9tes ir\u00e1nyba indul, \u00e9s \u00fcresen \u00e9rkezve szerez g\u00f3lt.<\/em>\r\n\r\nhttps:\/\/www.youtube.com\/watch?v=8NBthl5VEwE\r\n\r\nIsak fontoss\u00e1g\u00e1t a Sociedad j\u00e1t\u00e9k\u00e1ban a statisztik\u00e1k is al\u00e1t\u00e1masztj\u00e1k. A tavalyi szezonban a hat g\u00f3lja mell\u00e9 10.80-nal a legmagasabb xG-mutat\u00f3t hozta \u00f6ssze. A 2020\/21-es \u00e9vadban 16.47-es xG-mutat\u00f3ja volt, ami akkor a helyzetek min\u0151s\u00e9get tekintve az \u00f6t\u00f6dik legjobb lett a spanyol bajnoks\u00e1gban. Az erre jut\u00f3 16 g\u00f3llal pedig alig teljes\u00edtette alul az \u201eelv\u00e1rtakat\u201d.\r\n\r\n<span class=\"highlight-block\">A legut\u00f3bbi id\u00e9nyben r\u00e1ad\u00e1sul az xGChain mutat\u00f3t tekintve is a csapata legjobbja lett.<\/span>\r\n\r\nEz a statisztika kumul\u00e1lja az \u00f6sszes olyan, l\u00f6v\u00e9ssel v\u00e9gz\u0151d\u00f6tt t\u00e1mad\u00e1st, amelyben a j\u00e1t\u00e9kos r\u00e9szt vett. Ha ebb\u0151l kivonjuk azokat a passzokat, amelyek nem sz\u00e1m\u00edtanak kulcspassznak, \u00e9s csak a labdakihozatalt seg\u00edtik el\u0151 (xGBuildup), akkor Isak m\u00e1r h\u00e1tr\u00e9bb ker\u00fcl a csapaton bel\u00fcli rangsorban. Ez is mutatja: a t\u00e1mad\u00e1sok el\u0151k\u00e9sz\u00edt\u00e9se nem az \u0151 feladata. Ugyanakkor az xA mutat\u00f3 (expected assist: v\u00e1rhat\u00f3 g\u00f3lpassz; azon passzok \u00e9rt\u00e9ke, amelyek k\u00f6zvetlen\u00fcl l\u00f6v\u00e9st eredm\u00e9nyeznek) tekintet\u00e9ben Isak sokat l\u00e9pett el\u0151re az elm\u00falt szezonban. A sv\u00e9d csat\u00e1r teh\u00e1t az asszisztokat is legink\u00e1bb a t\u00e1mad\u00f3harmadban helyezkedve osztja ki, nem m\u00e9lyen visszal\u00e9pve, erre is t\u00f6bb p\u00e9ld\u00e1t l\u00e1thatunk a fenti vide\u00f3n.\r\n\r\n[caption id=\"attachment_5689\" align=\"alignnone\" width=\"1430\"]<img class=\"size-full wp-image-5689\" src=\"https:\/\/sport24.24.hu\/app\/uploads\/sites\/24\/2022\/08\/isak4.png\" alt=\"\" width=\"1430\" height=\"271\" \/> Isak legfontosabb toplig\u00e1s mutat\u00f3i az elm\u00falt \u00e9vekben.[\/caption]\r\n\r\nAmi a v\u00e9dekez\u00e9st illeti, a Real Sociedad magasan let\u00e1mad az ellenf\u00e9l t\u00e9rfel\u00e9n: a legut\u00f3bbi \u00e9vadban \u00e1tlagosan 8.70 passzt engedett a riv\u00e1lisainak a saj\u00e1t t\u00e9rfel\u00fck\u00f6n. Mivel a let\u00e1mad\u00e1s emberorient\u00e1ltan t\u00f6rt\u00e9nik, Isak feladata leggyakrabban az ellenf\u00e9l k\u00f6z\u00e9ph\u00e1tv\u00e9dj\u00e9nek lez\u00e1r\u00e1sa.\r\n<blockquote>Az edz\u0151m azt akarja, hogy modern csat\u00e1r legyek, labda n\u00e9lk\u00fcl is dolgozzak sokat \u00e9s t\u00e1madjak le \u2013 mondta a The Independentnek 2021 november\u00e9ben. \u2013 Az \u00fcres ter\u00fcleteken is vesz\u00e9lyesebb akarok lenni. Az emberek \u00e1ltal\u00e1ban csak a g\u00f3lokat sz\u00e1molj\u00e1k, de \u00e9n modern csat\u00e1r szeretn\u00e9k lenni, az eg\u00e9sz j\u00e1t\u00e9kba be akarom vonni magam.<\/blockquote>\r\n<img class=\"alignnone size-full wp-image-5690\" src=\"https:\/\/sport24.24.hu\/app\/uploads\/sites\/24\/2022\/08\/isak5.png\" alt=\"\" width=\"1796\" height=\"704\" \/>\r\n\r\n<em>A Sociedad let\u00e1mad\u00e1sa a Barcelona ellen: mindenki a k\u00f6zvetlen ellenfel\u00e9re figyel.<\/em>\r\n\r\nIsak a saj\u00e1t t\u00e9rfel\u00e9n k\u00f6z\u00e9ps\u0151 blokkban is k\u00e9pes v\u00e9dekezni. Ezt kitanulni legink\u00e1bb a sv\u00e9d v\u00e1logatottban volt lehet\u0151s\u00e9ge, amelyben 2019 \u00f3ta alapember, a tavalyi Eur\u00f3pa-bajnoks\u00e1gon pedig minden m\u00e9rk\u0151z\u00e9sen p\u00e1ly\u00e1ra l\u00e9pett. A sv\u00e9d csapat <strong>Janne Anderson<\/strong> vezet\u00e9s\u00e9vel az elm\u00falt k\u00e9t nagy torn\u00e1n legink\u00e1bb \u00f3ram\u0171 pontoss\u00e1ggal m\u0171k\u00f6d\u0151, kompakt 4-4-2-es k\u00f6z\u00e9ps\u0151 blokkj\u00e1r\u00f3l maradt eml\u00e9kezetes. Ebben a rendszerben kapott lehet\u0151s\u00e9get a tavalyi Eur\u00f3pa-bajnoks\u00e1gon Isak. A kontinenstorna m\u00e9rk\u0151z\u00e9seinek legnagyobb r\u00e9sz\u00e9t labda n\u00e9lk\u00fcl kellett t\u00f6ltenie, \u00e9s legink\u00e1bb kontr\u00e1k, illetve m\u00e1sodik sz\u00e1nd\u00e9k\u00fa t\u00e1mad\u00e1sok alkalm\u00e1val a sebess\u00e9ge r\u00e9v\u00e9n jelenthetett vesz\u00e9lyt a kapura.\r\n\r\n<img class=\"alignnone size-full wp-image-5691\" src=\"https:\/\/sport24.24.hu\/app\/uploads\/sites\/24\/2022\/08\/isak6.png\" alt=\"\" width=\"1919\" height=\"967\" \/>\r\n\r\n<em>A sv\u00e9d v\u00e1logatott v\u00e9dekez\u00e9se a 2021-es Eur\u00f3pa-bajnoks\u00e1gon. Kompakt 4-4-2-es k\u00f6z\u00e9ps\u0151 blokk, c\u00e9l a p\u00e1lya k\u00f6zep\u00e9nek lez\u00e1r\u00e1sa. Isak is fegyelmezetten egy\u00fctt mozog a t\u00f6bbiekkel, \u00e9s lez\u00e1rja a bels\u0151 passzs\u00e1vot.<\/em>\r\n\r\nDe vajon beleillik-e az <strong>Eddie Howe<\/strong> \u00e1ltal vezetett Newcastle csapat\u00e1ba, amellyel \u00faj befektet\u0151i komoly \u00e1lmokat d\u00e9delgetnek? A fekete-feh\u00e9r mezes alakulat nem kezdte rosszul a szezont, a Manchester Cityvel p\u00e9ld\u00e1ul hazai p\u00e1ly\u00e1n j\u00e1tszott 3-3-as d\u00f6ntetlent. A 4-3-3-as fel\u00e1ll\u00e1s a k\u00f6r\u00fclm\u00e9nyekhez alkalmazkodva a r\u00f6vid \u00e9s hosszabb passzos t\u00e1mad\u00e1s\u00e9p\u00edt\u00e9st is lehet\u0151v\u00e9 teszi. V\u00e9dekez\u00e9sben a 4-1-4-1-es k\u00f6z\u00e9ps\u0151 blokkb\u00f3l pedig sz\u00e1mos vesz\u00e9lyes kontrat\u00e1mad\u00e1ssal lepte meg a csapat <strong>Pep Guardiola<\/strong> egy\u00fcttes\u00e9t. F\u0151leg a bal sz\u00e9lr\u0151l befel\u00e9 cselez\u0151 <strong>Allan Saint-Maximin <\/strong>volt elem\u00e9ben, \u00f6sszej\u00e1tszva a k\u00f6z\u00e9pcsat\u00e1r <strong>Callum Wilsonnal<\/strong>.\r\n\r\n<span class=\"highlight-block-small\">K\u00e9pess\u00e9geit tekintve Isak balsz\u00e9ls\u0151k\u00e9nt \u00e9s k\u00f6z\u00e9pcsat\u00e1rk\u00e9nt is alternat\u00edv\u00e1t jelenthet, hiszen sebess\u00e9gb\u0151l befutva vagy a labd\u00e1val befel\u00e9 cselezve is k\u00e9pes vesz\u00e9lyt teremteni.<\/span>\r\n\r\nAz m\u00e1r sokkal ink\u00e1bb k\u00e9rd\u00e9ses, hossz\u00fa t\u00e1von mik\u00e9ppen alakul \u00e1t a Newcastle kerete, \u00e9s a fiatal sv\u00e9d csat\u00e1rt hogyan lehet az \u00faj szerkezetbe integr\u00e1lni. Isak deb\u00fct\u00e1l\u00e1s\u00e1ra egyel\u0151re v\u00e1rnunk kell: az \u00e9rkez\u00e9se ut\u00e1ni els\u0151, Wolverhampton elleni angol bajnokin m\u00e9g nem ker\u00fclt a keretbe (a Newcastle 1-1-es d\u00f6ntetlent j\u00e1tszott).\r\n\r\n[prefabricated_shortcode in_app=\"0\" code=\"%3Cdiv%20class%3D%22article_box_border%22%20style%3D%22background%3A%20url%28%27https%3A%2F%2F24.p3k.hu%2Fapp%2Fuploads%2Fsites%2F24%2F2021%2F05%2Fsport24-pattern.png%27%29%20no-repeat%20left%20-16px%20%23f3f3f4%3B%20border%3A%20none%3B%22%3E%0D%0A%3Cdiv%20class%3D%22article_solidheader%22%3E%0D%0A%3Ch2%20style%3D%22color%3A%20%23111115%21important%3B%20font-size%3A%2036px%3B%20font-weight%3A%20bold%3B%20margin-bottom%3A%2030px%3B%20margin-top%3A%2020px%3B%20text-align%3A%20center%3B%20line-height%3A%2036px%3B%22%3E%3Cimg%20class%3D%22aligncenter%20size-full%20wp-image-141%22%20src%3D%22https%3A%2F%2F24.p3k.hu%2Fapp%2Fuploads%2Fsites%2F24%2F2021%2F05%2Fs24-logo-dt.png%22%20alt%3D%22%22%20width%3D%22408%22%20height%3D%2290%22%20%2F%3E%3C%2Fh2%3E%0D%0A%3Ch2%20style%3D%22color%3A%20%23111115%21important%3B%20font-size%3A%2036px%3B%20font-weight%3A%20bold%3B%20margin-bottom%3A%2030px%3B%20margin-top%3A%2020px%3B%20text-align%3A%20center%3B%20line-height%3A%2040px%3B%22%3ECsatlakozz%20a%20Sport24%20k%C3%B6z%C3%B6ss%C3%A9ghez%2C%20mondd%20el%20v%C3%A9lem%C3%A9nyedet%20z%C3%A1rt%20Facebook-csoportunkban%2C%20%C3%A9s%20vegy%C3%A9l%20r%C3%A9szt%20csak%20el%C5%91fizet%C5%91knek%20el%C3%A9rhet%C5%91%20exkluz%C3%ADv%20esem%C3%A9nyeinken.%3C%2Fh2%3E%0D%0A%3C%2Fdiv%3E%0D%0A%3Cp%20style%3D%22background%3A%20%2357A600%3B%20margin-top%3A%2020px%3B%20padding%3A%2020px%3B%20text-align%3A%20center%3B%22%3E%3Ca%20style%3D%22color%3A%20%23ffffff%3B%20font-size%3A%2026px%3B%20font-weight%3A%20600%3B%22%20href%3D%22https%3A%2F%2Fwww.facebook.com%2Fgroups%2F212344460412327%22%3ECSATLAKOZOM%3C%2Fa%3E%3C%2Fp%3E%0D%0A%0D%0A%3C%2Fdiv%3E\"]","type":"rich","thumbnail_url":"https:\/\/s.24.hu\/app\/uploads\/sites\/24\/2022\/08\/000_32h64bb-150x150.jpg","thumbnail_width":150,"thumbnail_height":150}