{"version":"1.0","provider_name":"Sport24","provider_url":"https:\/\/sport24.24.hu","author_name":"Bruckner G\u00e1bor","author_url":"https:\/\/sport24.24.hu\/author\/brucknerg\/","title":"A megold\u00e1st \u00fagy h\u00edvj\u00e1k: Casemiro","html":"Ha nyerni akarsz, tartsd meg, vidd el, h\u00edvd vissza, vagy ak\u00e1rhogy is, de tudd a keretedben <strong>Casemir\u00f3t<\/strong>. Ennyi a modern futball esszenci\u00e1ja. T\u00falz\u00e1s? Elfogult szubjektivit\u00e1s? Vez\u00e9nysz\u00f3val a d\u00edszsz\u00e1zadot felsorakoztatni nehezebb, mint \u00e9rveket az \u00e1ll\u00edt\u00e1s igaza mellett. (Lehet, tal\u00e1n ellene is.)\r\n\r\nA Sao Paulo FC 2012-ben nyert legut\u00f3bb jelent\u0151s tr\u00f3fe\u00e1t, a Copa Sudamerican\u00e1t, a kontinens m\u00e1sodik sz\u00e1m\u00fa sorozat\u00e1t. Ezt akkor azzal a 20 esztend\u0151s Casemir\u00f3val a soraiban tette meg, aki n\u00e9h\u00e1ny h\u00e9ttel k\u00e9s\u0151bb t\u00e1vozott. Az\u00f3ta m\u00e1r biztosan rozsda eszi a tr\u00f3feavitrin azt se tudni hova keveredett kulcs\u00e1t,\r\n\r\n<span class=\"highlight-block-small\">vigaszk\u00e9ppen csak a kassza csilingel olykor a meg\u00e9rkezett nevel\u00e9si hozz\u00e1j\u00e1rul\u00e1st jelezve, amikor nagy ritk\u00e1n \u00e9ppen fizetnek a kem\u00e9ny k\u00f6z\u00e9pp\u00e1ly\u00e1s\u00e9rt, ahogyan most.<\/span>\r\n\r\nA 2018-as vil\u00e1gbajnoks\u00e1gon a brazil v\u00e1logatott j\u00e1t\u00e9ka alapj\u00e1n kiemelked\u0151 es\u00e9lyesnek sz\u00e1m\u00edtott, m\u00e9g a <strong>Neymar<\/strong> elleni kamp\u00e1ny negat\u00edv hat\u00e1sai ellen\u00e9re is, amikor a Mexik\u00f3\u2013Braz\u00edlia m\u00e9rk\u0151z\u00e9sen <strong>Rocchi<\/strong> j\u00e1t\u00e9kvezet\u0151 s\u00e1rga lapot adott Casemir\u00f3nak, akire \u00edgy a v\u00e9b\u00e9n elk\u00f6vetett harmadik szab\u00e1lytalans\u00e1ga ut\u00e1n a m\u00e1sodik lappal j\u00e1r\u00f3 eltilt\u00e1s v\u00e1rt Belgium ellen. A tal\u00e1lkoz\u00f3 els\u0151 perceit ural\u00f3, kapuf\u00e1ig is eljut\u00f3 brazilok a hely\u00e9n szerepl\u0151 <strong>Fernandinho<\/strong> els\u0151 belga akci\u00f3t befejez\u0151 \u00f6ng\u00f3lj\u00e1val ker\u00fcltek h\u00e1tr\u00e1nyba, \u00e9s zuhantak a m\u00e9lybe.\r\n\r\nDe a Real is \u00edgy j\u00e1rt. Igen, m\u00falt id\u0151. (A k\u00f6vetkez\u0151 \u201e\u00edgyj\u00e1r\u00e1s\u201d m\u00e9g csak most kezd\u0151dik.) Casemiro els\u0151 teljes madridi szezonj\u00e1t\u00f3l kezdve a Real \u00f6t egym\u00e1st k\u00f6vet\u0151 sorozatb\u00f3l n\u00e9gyszer nyerte meg a Bajnokok Lig\u00e1j\u00e1t. Ez egyetlen alkalommal nem j\u00f6tt \u00f6ssze: a 2014\/15-\u00f6sben, amelyben Casemiro k\u00f6lcs\u00f6nben a Port\u00f3ban szerepelt. A portug\u00e1l csapat \u00e9lni is k\u00edv\u00e1nt a szerz\u0151d\u00e9s k\u00edn\u00e1lta kiv\u00e1s\u00e1rl\u00e1si jog\u00e1val, amikor <strong>Rafa Benitez<\/strong> gyorsan nyert m\u00e9g n\u00e9h\u00e1ny BL-tr\u00f3fe\u00e1t a kir\u00e1lyiaknak azzal, hogy az utols\u00f3 napon a visszav\u00e1s\u00e1rl\u00e1si z\u00e1rad\u00e9k \u00e9rv\u00e9nyes\u00edt\u00e9s\u00e9t k\u00e9rte a vezet\u0151s\u00e9gt\u0151l. Igen, a Realn\u00e1l l\u00e1tsz\u00f3lag mind\u00f6ssze f\u00e9l\u00e9vnyi bukd\u00e1csol\u00e1st produk\u00e1l\u00f3 technokrata rakta \u00f6ssze el\u0151sz\u00f6r a <strong>Kroos<\/strong>, Casemiro, <strong>Modric<\/strong> h\u00e1rmast.\r\n\r\n[caption id=\"attachment_5667\" align=\"aligncenter\" width=\"2000\"]<img class=\"size-full wp-image-5667\" src=\"https:\/\/sport24.24.hu\/app\/uploads\/sites\/24\/2022\/08\/gettyimages-1242425581.jpg\" alt=\"\" width=\"2000\" height=\"1333\" \/> Modric, Casemiro \u00e9s Kroos az idei, Eintracht Frankfurt elleni Szuperkupa-d\u00f6nt\u0151 ut\u00e1n[\/caption]\r\n\r\n<div class=\"payable-content-section\"><\/div>\r\n<span class=\"highlight-block\">A Port\u00f3ban t\u00f6lt\u00f6tt \u00e9v am\u00fagy is kiemelend\u0151 Casemiro karrierje szempontj\u00e1b\u00f3l, <\/span>\r\n\r\nugyanis ekkor, <strong>Lopetegui<\/strong> keze alatt v\u00e1lt v\u00e9g\u00e9rv\u00e9nyesen legh\u00e1ts\u00f3 k\u00f6z\u00e9pp\u00e1ly\u00e1ss\u00e1. El\u0151tte a Sao Paulo ut\u00e1np\u00f3tl\u00e1s\u00e1ban, majd feln\u0151ttegy\u00fcttes\u00e9ben is gyakran az \u00fagynevezett \u201esegundo volante\u201d (m\u00e1sodik korm\u00e1nyker\u00e9k) szerep\u00e9t kapta meg, azaz a v\u00e9dekez\u00e9sbe vissza\u00e9rve a szerzett labda ut\u00e1n a t\u00e1mad\u00e1sok \u00e1tmeneti szakasz\u00e1ban, labdafelvitelben, eloszt\u00e1sban sz\u00e1m\u00edtottak r\u00e1. \u00c9s s\u0171r\u0171n kellett fel\u00e9rnie a kapu el\u00e9 is, l\u00e9nyegesen t\u00f6bbet pr\u00f3b\u00e1lkozott g\u00f3lszerz\u00e9ssel, mint az ma jellemz\u0151 r\u00e1. A Realn\u00e1l t\u00f6lt\u00f6tt m\u00e1sf\u00e9l \u00e9vnyi els\u0151 id\u0151szakban is t\u00f6bbnyire ink\u00e1bb csak kerest\u00e9k a hely\u00e9t egy f\u0151leg 4-2-3-1-es form\u00e1ci\u00f3ban. A Port\u00f3n\u00e1l 4-3-3-as rendszer m\u0171k\u00f6d\u00f6tt, Casemiro pedig olyan term\u00e9szetess\u00e9ggel oldotta meg a p\u00e1lya k\u00f6zep\u00e9n ad\u00f3d\u00f3 feladatokat, hogy k\u00e9ts\u00e9g nem f\u00e9rhetett hozz\u00e1, ez az igazi sziszt\u00e9m\u00e1ja, ez az igazi karakterjegyeinek megfelel\u0151 feladatk\u00f6r: \u0151 egy klasszikus hatos, aki mell\u00e9 nem kell m\u00e1sik, ha \u00fagy tetszik, \u0151 k\u00e9t hatos, ha kell. Portug\u00e1lul \u201eprimeiro volante\u201d (els\u0151 korm\u00e1nyker\u00e9k), az a j\u00e1t\u00e9kos, aki k\u00f6z\u00e9pp\u00e1ly\u00e1sk\u00e9nt is ink\u00e1bb a v\u00e9delemhez tartozik, aki labd\u00e1t szerez, aki az ellenf\u00e9l j\u00e1t\u00e9kmester\u00e9t kontroll\u00e1lja, aki labdakihozataln\u00e1l m\u00e9lyen visszaseg\u00edt, de bet\u00f6m\u00f6r\u00fclt ellenf\u00e9l ellen is k\u00e9pes r\u00e9szt venni a j\u00e1t\u00e9k forgat\u00e1s\u00e1ban.\r\n\r\nCasemiro 2021\/22-es statisztik\u00e1it \u00f6sszehasonl\u00edtva a hasonl\u00f3 feladatk\u00f6rben j\u00e1tsz\u00f3kkal, kirajzol\u00f3dik a t\u00f6k\u00e9letes primeiro volante k\u00e9pe:\r\n\r\n<span class=\"highlight-block-small\">rendk\u00edv\u00fcl hat\u00e9kony nyom\u00e1sgyakorl\u00e1sban, szerel\u00e9sben, blokkban, a v\u00e9d\u0151harmadban tudja legink\u00e1bb \u00e9rv\u00e9nyre juttatni er\u0151ss\u00e9geit, m\u00e9lys\u00e9gi labdaj\u00e1rat\u00e1sban megb\u00edzhat\u00f3, r\u00f6vid passzokkal \u00e9s hossz\u00fa labd\u00e1kkal is j\u00f3 sz\u00e1zal\u00e9kban pr\u00f3b\u00e1lkozik.<\/span>\r\n\r\nEmberi kvalit\u00e1sai tal\u00e1n m\u00e9g ezekn\u00e9l a szakmai er\u00e9nyein\u00e9l is l\u00e9nyegesebbek lehetnek az MU sz\u00e1m\u00e1ra. Kinek ne k\u00e9ne egy CR-be oltott <strong>Ronaldinho<\/strong>? Igen, szigor\u00faan munkamor\u00e1l \u00e9s nem egoizmus szempontj\u00e1b\u00f3l Casemiro egyenl\u0151 <strong>Cristiano Ronald\u00f3val<\/strong>. Az el\u0151z\u0151 napokban err\u0151l \u00e9ppen eleget \u00edrtak k\u00f6zvetlen cimbor\u00e1i, Modric \u00e9s Kroos, akik, ha bulira mentek Casemir\u00f3hoz, tudt\u00e1k, hogy m\u00e1snap izoml\u00e1zzal kelnek. Kisug\u00e1rz\u00e1sa alapj\u00e1n Casemiro a kem\u00e9nyked\u0151 Ronaldinho, m\u00e9g ha kev\u00e9sb\u00e9 ismerj\u00fck is diaszt\u00e9m\u00e1it. K\u00e9pes t\u00e1rsait motiv\u00e1lni, nem vesz\u00edti el hit\u00e9t \u00e9s pozit\u00edv hozz\u00e1\u00e1ll\u00e1s\u00e1t. Ez \u00edgy j\u00f3 elegy, tal\u00e1n sokkal jobb, mintha Ronaldinho edz\u00e9smin\u0151s\u00e9ge C7 j\u00f3kedv\u00e9vel \u00f6tv\u00f6z\u0151dne.\r\n\r\n[caption id=\"attachment_5665\" align=\"aligncenter\" width=\"2000\"]<img class=\"size-full wp-image-5665\" src=\"https:\/\/sport24.24.hu\/app\/uploads\/sites\/24\/2022\/08\/gettyimages-951244304.jpg\" alt=\"\" width=\"2000\" height=\"1333\" \/> Cristiano Ronaldo \u00e9s Casemiro a Bayern elleni BL-el\u0151d\u00f6nt\u0151n 2018 \u00e1prilis\u00e1ban.[\/caption]\r\n\r\n(Eleve, ha r\u00e1n\u00e9z\u00fcnk Casemir\u00f3ra, adja mag\u00e1t az asszoci\u00e1ci\u00f3: Kungfu Panda odar\u00fag. Az arcvon\u00e1sokhoz t\u00e1rs\u00edtott k\u00e9pzetek j\u00e1t\u00e9kvezet\u0151kre gyakorolt hat\u00e1s\u00e1r\u00f3l tal\u00e1n m\u00e9g nem sz\u00fcletett tanulm\u00e1ny, de azt tudhatjuk, hogy a rajzfilmipar a kedvesnek sz\u00e1nt karaktereit g\u00f6mb\u00f6ly\u0171 fejjel, t\u00e1vol\u00fcl\u0151, nagy szemekkel \u00e9s hossz\u00fa szempill\u00e1kkal tervezi, azaz Casemir\u00f3t m\u00e1solja. Vagy ford\u00edtva. Mindenesetre, amikor az ellenfelek szurkol\u00f3i a kell\u0151 j\u00e1t\u00e9kvezet\u0151i hat\u00e1rozotts\u00e1got hi\u00e1nyolj\u00e1k Casemiro bel\u00e9p\u0151i ut\u00e1n, nem \u00e1rt, ha ezt a tudatalatti t\u00e9nyez\u0151t is figyelembe veszik.)\r\n\r\n<span class=\"highlight-block\">Minden casemir\u00f3i kvalit\u00e1s, minden manchesteri hi\u00e1ny arra utal, hogy Casemiro megold\u00e1st jelenthet Ten Hag\u00e9knak. <\/span>\r\n\r\nDe mit akarhat Casemiro Manchesterben? Mennyire a megtervezett kommunik\u00e1ci\u00f3 hallucinog\u00e9nje, hogy kih\u00edv\u00e1st keres? Nem vit\u00e1s, ak\u00e1r az is kiv\u00e1lthatja egy futballista \u00e9rdekl\u0151d\u00e9s\u00e9t, hogy a sz\u00e1mlasz\u00e1m\u00e1n meddig f\u00e9rnek el a null\u00e1k, \u00e9s ebb\u0151l a szempontb\u00f3l a k\u00e9tszeres fizet\u00e9s v\u00e1rakoz\u00e1ssal t\u00f6ltheti el a tulajdonost. De itt t\u00e9nyleg lehet nagyot alkotni. Mert a futball t\u00f6rt\u00e9nelmileg \u00e9s anyagilag is egyik legnagyobb klubj\u00e1n\u00e1l ezernyi \u00e1tok megt\u00f6r\u00e9s\u00e9re ny\u00edlik lehet\u0151s\u00e9g.\r\n\r\nAz MU az el\u0151z\u0151 szezonokban a v\u00e9d\u0151kt\u0151l az \u00e9kekig rengeteg kis messi\u00e1st v\u00e1s\u00e1rolt mag\u00e1nak a ny\u00e1ri \u00e1tigazol\u00e1si piacokon, azt\u00e1n mindegyikr\u0151l kider\u00fclt, hogy csak \u00e1tmeneti felment\u00e9st k\u00e9pes hozni, val\u00f3di megv\u00e1lt\u00e1st nem, m\u00e1s templomokban aranyolt\u00e1rnak t\u0171ntek, az Old Traffordba bejut\u00f3 f\u00e9nynyal\u00e1bokn\u00e1l m\u0171anyag fesz\u00fclet mind. Ez kih\u00edv\u00e1s: a kudarcot lassan eleve elrendeltnek gondol\u00f3 ny\u00e1j hit\u00e9t visszaadni.\r\n\r\nUgyanakkor Anglia \u00e9s az angol futball \u00e9ghajlat\u00e1val, ment\u00e1lis elv\u00e1r\u00e1saival, temp\u00f3j\u00e1val hagyom\u00e1nyosan eleve magasugr\u00f3l\u00e9c-magass\u00e1gba \u00e9p\u00edtett k\u00fcsz\u00f6bnek sz\u00e1m\u00edt a brazil futballist\u00e1k jelent\u0151s r\u00e9sze sz\u00e1m\u00e1ra, \u00e9s tal\u00e1n az sem v\u00e9letlen, hogy a \u201eBig Six\u201d csapatai k\u00f6z\u00fcl a legkevesebb brazil pont az MU-ban fordult meg. Casemiro egyetlen honfit\u00e1rsa sem tudta m\u00e9g azt a p\u00e1ly\u00e1t befutni a v\u00f6r\u00f6s \u00f6rd\u00f6g\u00f6kn\u00e9l, amilyet rem\u00e9lve szerz\u0151dtett\u00e9k. \u0150 lesz a 9. pr\u00f3b\u00e1lkoz\u00f3, \u00e9s eddig tal\u00e1n <strong>Anderson<\/strong> v\u00edvta ki a legnagyobb elismer\u00e9st, akit t\u00e1mad\u00f3 csodagyerekk\u00e9nt vettek, azt\u00e1n sz\u00fcrke k\u00f6z\u00e9pp\u00e1ly\u00e1sk\u00e9nt \u00fcnnepeltek a drukkerek, de a r\u00f3la sz\u00f3l\u00f3 szurkol\u00f3i dal is ink\u00e1bb szomor\u00fa, mintsem vid\u00e1m brazil szempontb\u00f3l: Anderson-son-son, jobb mint Kleberson-son-son. <strong>Kleberson<\/strong> az MU els\u0151, vil\u00e1gbajnok \u00e9s hatalmas csal\u00f3d\u00e1st okoz\u00f3 brazil l\u00e9gi\u00f3sa volt.\r\n\r\nHa m\u00e1r egy vil\u00e1gbajnok:\r\n\r\n<span class=\"highlight-block\">a k\u00f6zelg\u0151 katari vb brazil rem\u00e9nyei szempontj\u00e1b\u00f3l hatalmas rizik\u00f3t jelent Casemiro manchesteri szerz\u0151d\u00e9se.<\/span>\r\n\r\n[caption id=\"attachment_5670\" align=\"aligncenter\" width=\"2000\"]<img class=\"size-full wp-image-5670\" src=\"https:\/\/sport24.24.hu\/app\/uploads\/sites\/24\/2022\/08\/035_20180618_85079.jpg\" alt=\"\" width=\"2000\" height=\"1333\" \/> Casemiro a Sv\u00e1jc elleni vil\u00e1gbajnoki csoportmeccsen 2018-ban.[\/caption]\r\n\r\nAmennyiben Tite csapat\u00e1nak egyik oszlopa nem a t\u0151le az el\u0151z\u0151 id\u0151szakban megszokott magabiztoss\u00e1ggal \u00e9s \u00f6r\u00f6mmel \u00e9rkezik a nemzeti csapathoz, hanem az esetleges beilleszked\u00e9si neh\u00e9zs\u00e9gek, sportszakmai kudarcok, verb\u00e1lis szurkol\u00f3i b\u00e1ntalmaz\u00e1sok l\u00e9gk\u00f6r\u00e9b\u0151l, azt az eg\u00e9sz v\u00e1logatott \u00e9rezheti meg, m\u00e1rpedig Casemiro sem szeretne semmit jobban, mint a hatodik brazil vil\u00e1gbajnoki c\u00edm r\u00e9szes\u00e9v\u00e9 v\u00e1lni.\r\n\r\nCasemiro teh\u00e1t nem kis kock\u00e1zatot v\u00e1llalt, de ha megfelel a kih\u00edv\u00e1soknak, akkor posztja valaha volt legnagyobbjai k\u00f6z\u00e9 emelkedhet, \u00e9s visszaseg\u00edtheti egy magasabb polcra a Unitedet is. A m\u00e1sik utat jelz\u0151 t\u00e1bla elfeledett j\u00e1t\u00e9kosok elmos\u00f3dott neveivel van tele.\r\n\r\n[prefabricated_shortcode in_app=\"0\" code=\"%3Cdiv%20class%3D%22article_box_border%22%20style%3D%22background%3A%20url%28%27https%3A%2F%2F24.p3k.hu%2Fapp%2Fuploads%2Fsites%2F24%2F2021%2F05%2Fsport24-pattern.png%27%29%20no-repeat%20left%20-16px%20%23f3f3f4%3B%20border%3A%20none%3B%22%3E%0D%0A%3Cdiv%20class%3D%22article_solidheader%22%3E%0D%0A%3Ch2%20style%3D%22color%3A%20%23111115%21important%3B%20font-size%3A%2036px%3B%20font-weight%3A%20bold%3B%20margin-bottom%3A%2030px%3B%20margin-top%3A%2020px%3B%20text-align%3A%20center%3B%20line-height%3A%2036px%3B%22%3E%3Cimg%20class%3D%22aligncenter%20size-full%20wp-image-141%22%20src%3D%22https%3A%2F%2F24.p3k.hu%2Fapp%2Fuploads%2Fsites%2F24%2F2021%2F05%2Fs24-logo-dt.png%22%20alt%3D%22%22%20width%3D%22408%22%20height%3D%2290%22%20%2F%3E%3C%2Fh2%3E%0D%0A%3Ch2%20style%3D%22color%3A%20%23111115%21important%3B%20font-size%3A%2036px%3B%20font-weight%3A%20bold%3B%20margin-bottom%3A%2030px%3B%20margin-top%3A%2020px%3B%20text-align%3A%20center%3B%20line-height%3A%2040px%3B%22%3ECsatlakozz%20a%20Sport24%20k%C3%B6z%C3%B6ss%C3%A9ghez%2C%20mondd%20el%20v%C3%A9lem%C3%A9nyedet%20z%C3%A1rt%20Facebook-csoportunkban%2C%20%C3%A9s%20vegy%C3%A9l%20r%C3%A9szt%20csak%20el%C5%91fizet%C5%91knek%20el%C3%A9rhet%C5%91%20exkluz%C3%ADv%20esem%C3%A9nyeinken.%3C%2Fh2%3E%0D%0A%3C%2Fdiv%3E%0D%0A%3Cp%20style%3D%22background%3A%20%2357A600%3B%20margin-top%3A%2020px%3B%20padding%3A%2020px%3B%20text-align%3A%20center%3B%22%3E%3Ca%20style%3D%22color%3A%20%23ffffff%3B%20font-size%3A%2026px%3B%20font-weight%3A%20600%3B%22%20href%3D%22https%3A%2F%2Fwww.facebook.com%2Fgroups%2F212344460412327%22%3ECSATLAKOZOM%3C%2Fa%3E%3C%2Fp%3E%0D%0A%0D%0A%3C%2Fdiv%3E\"]","type":"rich","thumbnail_url":"https:\/\/s.24.hu\/app\/uploads\/sites\/24\/2022\/08\/gettyimages-1413862699-150x150.jpg","thumbnail_width":150,"thumbnail_height":150}