{"version":"1.0","provider_name":"Sport24","provider_url":"https:\/\/sport24.24.hu","author_name":"Bruckner G\u00e1bor","author_url":"https:\/\/sport24.24.hu\/author\/brucknerg\/","title":"Mi\u00e9rt tart ott a Juve, ahol egy \u00e9vvel ezel\u0151tt, vagyis sehol?","html":"K\u00e9t fordul\u00f3 ut\u00e1n \u00e9p \u00e9sszel senki nem \u00e1ll neki elemezni, \u00e9s ez k\u00fcl\u00f6n\u00f6sen igaz lehetne a Juventusra, ahol a ny\u00e1ron \u00e9rkez\u0151 kulcsj\u00e1t\u00e9kosok s\u00e9r\u00fcl\u00e9sek miatt hi\u00e1nyoznak. Csakhogy a probl\u00e9m\u00e1k nemhogy nem v\u00e1ltoztak az ut\u00f3bbi id\u0151szakban, de m\u00e9g ink\u00e1bb feler\u0151s\u00f6dtek: a Juve pontosan ugyanott tart, mint egy \u00e9vvel ezel\u0151tt.\r\n\r\nCsak egy valami v\u00e1ltozott: ami most t\u00f6rt\u00e9nik, azt m\u00e1r nem lehet egy\u00e9rtelm\u0171en csak a tavaly ny\u00e1ron t\u00e1vozott sportigazgat\u00f3, <strong>Fabio Paratici<\/strong> nyak\u00e1ba varrni. Mert b\u00e1r a csapat j\u00e1t\u00e9k\u00e1nak legnagyobb probl\u00e9m\u00e1j\u00e1t tov\u00e1bbra is a t\u00falfizetett, k\u00e9pess\u00e9geiket tekintve azonban igencsak szer\u00e9ny j\u00e1t\u00e9kosok t\u00f6mege okozza, egy <strong>Max Allegri<\/strong> kaliber\u0171 edz\u0151t\u0151l joggal v\u00e1rhatja el az ember, hogy valamit kezdjen az \u00e1ldatlan helyzettel.\r\n<h2>A karmestert m\u00e9g mindig keresik<\/h2>\r\nA Juventus legnagyobb baja \u2013 amit nyilv\u00e1n m\u00e1r a teljes mez\u0151ny pontosan tud \u2013 , hogy a visszavont ir\u00e1ny\u00edt\u00f3, azaz a regista posztja tov\u00e1bbra is megoldatlan. Ennek k\u00f6sz\u00f6nhet\u0151en m\u00e9g a legrosszabb csapatok is gondolkod\u00e1s n\u00e9lk\u00fcl let\u00e1madj\u00e1k a torin\u00f3iakat, akik a kies\u0151jel\u00f6ltek ellen is v\u00e9rt izzadnak, hogy passzokkal vigy\u00e9k \u00e1t a labd\u00e1t az ellenf\u00e9l t\u00e9rfel\u00e9re.\r\n\r\n<span class=\"highlight-block-small\">Lehetne orvosolni a probl\u00e9m\u00e1t azzal, hogy t\u00f6bb j\u00f3l passzol\u00f3 j\u00e1t\u00e9kos ker\u00fcl a k\u00f6z\u00e9pp\u00e1ly\u00e1ra, de ez abb\u00f3l a pr\u00f3zai okb\u00f3l nem opci\u00f3, hogy a Juventusnak nincsenek j\u00f3l passzol\u00f3 k\u00f6z\u00e9pp\u00e1ly\u00e1sai. <\/span>\r\n\r\nAllegri cs\u00f6k\u00f6ny\u00f6sen <strong>Manuel Locatellit<\/strong> j\u00e1tszatja a regista posztj\u00e1n, amivel k\u00e9t gond is van: az egyik, hogy erre nem k\u00e9pes, a m\u00e1sik, hogy ahol k\u00e9pes lenne seg\u00edteni a csapaton, onnan meg hi\u00e1nyzik. Allegri tal\u00e1n nem ismeri az \u0151r\u00fclet Einstein \u00e1ltal megalkotott defin\u00edci\u00f3j\u00e1t, ez\u00e9rt csin\u00e1lja mindig ugyanazt, mik\u00f6zben m\u00e1s eredm\u00e9nyt v\u00e1r.\r\n\r\nA min\u0151s\u00e9gi k\u00f6z\u00e9pp\u00e1ly\u00e1sok hi\u00e1ny\u00e1ba egy\u00e9bk\u00e9nt is belepistulna egy csapat, de ha siker\u00fclne valamit kezdeni az \u00e1tmeneti j\u00e1t\u00e9kkal, legal\u00e1bb arra lenne es\u00e9lye a Juv\u00e9nak, hogy az egy\u00e9ni villan\u00e1sokb\u00f3l el\u0151nybe ker\u00fclj\u00f6n. \u00dagy viszont, hogy minden abszol\u00fat esetleges, erre szemernyi es\u00e9ly sincs. Ebb\u0151l csak az lesz, amit a Sampdoria otthon\u00e1ban l\u00e1ttunk: az egy\u00fcttes k\u00f6z\u00e9pcsat\u00e1ra mind\u00f6ssze kilencszer \u00e9rt labd\u00e1ba az eg\u00e9sz meccsen.\r\n\r\n<img class=\"alignnone size-full wp-image-5605\" src=\"https:\/\/sport24.24.hu\/app\/uploads\/sites\/24\/2022\/08\/dusan-vlahovic.jpg\" alt=\"\" width=\"1024\" height=\"682\" \/>\r\n\r\nEl\u0151fordulhat, hogy m\u00e9g a ny\u00e1ron vesz egy m\u00e9lys\u00e9gi ir\u00e1ny\u00edt\u00f3t a Juventus \u2013 ez a h\u00edrek szerint<strong> Leandro Parades<\/strong> lehet, ha siker\u00fcl megegyezni a PSG-vel \u2013, de az \u00e9vek \u00f3ta j\u00e1t\u00e9kon k\u00edv\u00fcl l\u00e9v\u0151 k\u00f6z\u00e9pp\u00e1ly\u00e1s \u00f6nmag\u00e1ban biztosan kev\u00e9s lesz a drasztikus v\u00e1ltoz\u00e1sokhoz. M\u00e1rpedig erre lenne sz\u00fcks\u00e9g, mert Allegri szeml\u00e1tom\u00e1st k\u00e9ptelen b\u00e1rmit is kezdeni a probl\u00e9m\u00e1val.\r\n<h2>A pokolba k\u00edv\u00e1nj\u00e1k a zseni\u00e1lis edz\u0151t<\/h2>\r\nH\u00e1rom \u00e9ve, amikor Allegri b\u0151d\u00fcletesen sikeres id\u0151szak ut\u00e1n elhagyta a torin\u00f3iakat, senki nem gondolta volna, hogy 2022 augusztus\u00e1ban a szurkol\u00f3k jelent\u0151s r\u00e9sze a pokolba k\u00edv\u00e1nja majd a t\u00e1voz\u00e1sakor a vil\u00e1g h\u00e1rom legjobb edz\u0151je k\u00f6z\u00f6tt emlegetett szakembert. Kiv\u00e1ltk\u00e9pp, mert a Real Madrid h\u00edv\u00e1s\u00e1ra mondott nemet az\u00e9rt, hogy visszat\u00e9rhessen Torin\u00f3ba.\r\n<div class=\"payable-content-section\"><\/div>\r\nPedig most pontosan ez a helyzet, \u00e9s ha a k\u00e9pet lehet \u00e9s kell is \u00e1rnyalni, az igazs\u00e1g az: Allegri nem sokat tett saj\u00e1t reput\u00e1ci\u00f3ja megment\u00e9s\u00e9\u00e9rt. Pontosan egy \u00e9ve dolgozik \u00fajra a csapattal, ez id\u0151 alatt nemhogy nem oldotta meg a Juventus gondjait, de mostanra \u00fagy n\u00e9z ki,\r\n\r\n<span class=\"highlight-block\">az edz\u0151 is ink\u00e1bb a probl\u00e9ma r\u00e9sze, mintsem a megold\u00e1s\u00e9.<\/span>\r\n\r\nTavaly a 4-2-3-1-hez t\u0171nt a legalkalmasabbnak a Juve kerete (benne <strong>Paulo Dybal\u00e1val<\/strong>, aki kiz\u00e1r\u00f3lag ebben a form\u00e1ci\u00f3ban klasszis csat\u00e1r), \u00e1m Allegri ki sem merte ezt pr\u00f3b\u00e1lni. A regista hi\u00e1ny\u00e1t a k\u00f6z\u00e9pp\u00e1lya horizont\u00e1lis felt\u00f6lt\u00e9s\u00e9vel is lehetett volna orvosolni egy h\u00e1romv\u00e9d\u0151s rendszerrel, amiben l\u00e9nyegesen t\u00f6bb passzopci\u00f3 ny\u00edlik meg, de ezt sem h\u00fazta meg az edz\u0151. A mostani csapatb\u00f3l is kin\u00e9z egy 4-4-2, ami sokat k\u00f6nny\u00edtene a k\u00f6z\u00e9pp\u00e1ly\u00e1sok helyzet\u00e9n, Allegri azonban az els\u0151 fordul\u00f3 els\u0151 f\u00e9lideje ut\u00e1n ezt is elengedte.\r\n<blockquote class=\"twitter-tweet\">\r\n<p dir=\"ltr\" lang=\"qme\"><a href=\"https:\/\/twitter.com\/hashtag\/AllegriBall?src=hash&amp;ref_src=twsrc%5Etfw\">#AllegriBall<\/a> <a href=\"https:\/\/t.co\/gHicg7aC2s\">pic.twitter.com\/gHicg7aC2s<\/a><\/p>\r\n\u2014 Matteo Bonetti (@Bonetti) <a href=\"https:\/\/twitter.com\/Bonetti\/status\/1561855614397173761?ref_src=twsrc%5Etfw\">August 22, 2022<\/a><\/blockquote>\r\n<script async src=\"https:\/\/platform.twitter.com\/widgets.js\" charset=\"utf-8\"><\/script>\r\n\r\nNevezhetj\u00fck olaszos saj\u00e1toss\u00e1gnak, hogy az edz\u0151t kiveri a v\u00edz a fiatal j\u00e1t\u00e9kosok bevet\u00e9s\u00e9nek a gondolat\u00e1t\u00f3l is, de Allegrire ez k\u00fcl\u00f6n\u00f6sen igaz. <strong>Fabio Miretti, Nicolo Rovella<\/strong> vagy \u00e9ppen <strong>Nicolo Faggioli<\/strong> sokkal jobban mutatna a k\u00f6z\u00e9pp\u00e1ly\u00e1n, mint az ezeken a posztokon jelenleg szerepl\u0151 kedvetlen, fant\u00e1zi\u00e1tlan \u00e9s tal\u00e1n elv\u00e1gy\u00f3d\u00f3 j\u00e1t\u00e9kosok, \u00e9s ez a Samp elleni meccsen is t\u00f6k\u00e9letesen l\u00e1tszott: akkor tudott vesz\u00e9lyes lenni a Juve, amikor az alig h\u00fasz\u00e9ves fiatalok alkott\u00e1k a k\u00f6z\u00e9pp\u00e1ly\u00e1t.\r\n\r\n\u00c9s van m\u00e9g egy igen s\u00falyos v\u00e1d Allegrivel kapcsolatban: m\u00edg kor\u00e1bban <strong>Antonio Conte<\/strong> (vagy \u00e9ppen a Milannal legut\u00f3bb bajnoki c\u00edmet szerz\u0151 <strong>Stefano Pioli<\/strong>) alatt a j\u00e1t\u00e9kosok a tud\u00e1suk fels\u0151 hat\u00e1r\u00e1hoz k\u00f6zel teljes\u00edtenek, addig Allegrin\u00e9l a j\u00f3 j\u00e1t\u00e9kosok is m\u00e9lyen a k\u00e9pess\u00e9geik alatt j\u00e1tszanak, \u00e9s ennek tal\u00e1n \u00e9ppen az az oka, hogy senki nem tudja, pontosan mi is lenne a feladata. Pedig ha valami, h\u00e1t j\u00e1t\u00e9kostemet\u0151 soha nem volt a Juventus.\r\n<h2>Lesz ez jobb is (?)<\/h2>\r\nPersze van miben rem\u00e9nykedni a Juvenusn\u00e1l, hiszen az els\u0151 \u00e9s a m\u00e1sodik fordul\u00f3 k\u00f6z\u00f6tti k\u00fcl\u00f6nbs\u00e9get <strong>Angel Di Maria<\/strong> nagyszer\u0171 j\u00e1t\u00e9ka jelentette, \u00e9s az argentin hamarosan visszat\u00e9rhet. Ahogyan b\u0151 egy h\u00f3napon bel\u00fcl \u00edgy tehet <strong>Federico Chiesa<\/strong> is, \u00edgy mindk\u00e9t sz\u00e9len sebess\u00e9g, kreativit\u00e1s \u00e9s g\u00f3l\u00e9rz\u00e9kenys\u00e9g \u00fctheti fel a fej\u00e9t r\u00e9gen l\u00e1tott vend\u00e9gk\u00e9nt, \u00e9s tal\u00e1n <strong>Paul Pogba<\/strong> visszaj\u00f6vetele is l\u00f6k majd egyet a k\u00e9ts\u00e9gbeejt\u0151en fest\u0151 torin\u00f3i k\u00f6z\u00e9pp\u00e1ly\u00e1n. Ezek azonban csak rem\u00e9nyek, nem t\u00e9nyek.\r\n\r\n<span class=\"highlight-block\">A Juventusnak m\u00e9g rengeteg v\u00e1ltoz\u00e1sra lenne sz\u00fcks\u00e9ge, <\/span>\r\n\r\nbele sem megyek a sz\u00e9ls\u0151 v\u00e9d\u0151k, illetve a cserecsat\u00e1r k\u00e9rd\u00e9sk\u00f6r\u00e9be, mert a legnagyobb probl\u00e9ma tov\u00e1bbra is a rengeteget keres\u0151, \u00e1m botr\u00e1nyosan teljes\u00edt\u0151 j\u00e1t\u00e9kosok eg\u00e9sz serege, akikt\u0151l k\u00e9ptelen megszabadulni a klub. <strong>Adrien Rabiot<\/strong> \u00e9s <strong>Arthur<\/strong> t\u00e1voz\u00e1s\u00e1t is f\u0151\u00fari fizet\u00e9s\u00fck hi\u00fas\u00edtotta meg, <strong>Aaron Ramsey-nek<\/strong> pedig ki kellett fizetni a fennmarad\u00f3 b\u00e9re fel\u00e9t, hogy nagy nehezen ki lehessen tess\u00e9kelni a kapun.\r\n\r\nM\u00e1rpedig, ha nem is mindig l\u00e1tszik, a Juventust szint\u00e9n alaposan megviselte a pand\u00e9mia, \u00e9s ha nem is kell olyan elad\u00e1scunamit mutatnia, mint az Internek, a forr\u00e1sok Torin\u00f3ban sem v\u00e9gesek. Most p\u00e9ld\u00e1ul az a helyzet, hogy hi\u00e1ba l\u00e1tszanak a s\u00falyos gondok, a klubnak el kell adnia (vagy legal\u00e1bbis ki kell r\u00fagnia) j\u00e1t\u00e9kosokat ahhoz, hogy igazolni tudjon.\r\n\r\nHa minden \u00fagy marad, ahogy most van, akkor \u00fajabb gy\u00f6trelmes szezonra kell k\u00e9sz\u00fclni az Alpok l\u00e1b\u00e1n\u00e1l.\r\n\r\n[prefabricated_shortcode in_app=\"0\" code=\"%3Cdiv%20class%3D%22article_box_border%22%20style%3D%22background%3A%20url%28%27https%3A%2F%2F24.p3k.hu%2Fapp%2Fuploads%2Fsites%2F24%2F2021%2F05%2Fsport24-pattern.png%27%29%20no-repeat%20left%20-16px%20%23f3f3f4%3B%20border%3A%20none%3B%22%3E%0D%0A%3Cdiv%20class%3D%22article_solidheader%22%3E%0D%0A%3Ch2%20style%3D%22color%3A%20%23111115%21important%3B%20font-size%3A%2036px%3B%20font-weight%3A%20bold%3B%20margin-bottom%3A%2030px%3B%20margin-top%3A%2020px%3B%20text-align%3A%20center%3B%20line-height%3A%2036px%3B%22%3E%3Cimg%20class%3D%22aligncenter%20size-full%20wp-image-141%22%20src%3D%22https%3A%2F%2F24.p3k.hu%2Fapp%2Fuploads%2Fsites%2F24%2F2021%2F05%2Fs24-logo-dt.png%22%20alt%3D%22%22%20width%3D%22408%22%20height%3D%2290%22%20%2F%3E%3C%2Fh2%3E%0D%0A%3Ch2%20style%3D%22color%3A%20%23111115%21important%3B%20font-size%3A%2036px%3B%20font-weight%3A%20bold%3B%20margin-bottom%3A%2030px%3B%20margin-top%3A%2020px%3B%20text-align%3A%20center%3B%20line-height%3A%2040px%3B%22%3ECsatlakozz%20a%20Sport24%20k%C3%B6z%C3%B6ss%C3%A9ghez%2C%20mondd%20el%20v%C3%A9lem%C3%A9nyedet%20z%C3%A1rt%20Facebook-csoportunkban%2C%20%C3%A9s%20vegy%C3%A9l%20r%C3%A9szt%20csak%20el%C5%91fizet%C5%91knek%20el%C3%A9rhet%C5%91%20exkluz%C3%ADv%20esem%C3%A9nyeinken.%3C%2Fh2%3E%0D%0A%3C%2Fdiv%3E%0D%0A%3Cp%20style%3D%22background%3A%20%2357A600%3B%20margin-top%3A%2020px%3B%20padding%3A%2020px%3B%20text-align%3A%20center%3B%22%3E%3Ca%20style%3D%22color%3A%20%23ffffff%3B%20font-size%3A%2026px%3B%20font-weight%3A%20600%3B%22%20href%3D%22https%3A%2F%2Fwww.facebook.com%2Fgroups%2F212344460412327%22%3ECSATLAKOZOM%3C%2Fa%3E%3C%2Fp%3E%0D%0A%0D%0A%3C%2Fdiv%3E\"]","type":"rich","thumbnail_url":"https:\/\/s.24.hu\/app\/uploads\/sites\/24\/2022\/08\/massimiliano-allegri-150x150.jpg","thumbnail_width":150,"thumbnail_height":150}