{"version":"1.0","provider_name":"Sport24","provider_url":"https:\/\/sport24.24.hu","author_name":"Bruckner G\u00e1bor","author_url":"https:\/\/sport24.24.hu\/author\/brucknerg\/","title":"Mi\u00e9rt \u00e9ppen Braz\u00edlia? \u2013 S\u00f3crates v\u00e9d\u0151besz\u00e9de","html":"De akkor mi\u00e9rt f\u0151leg (!) a brazilok, amikor a futball h\u00e9tk\u00f6napjai m\u00e1r r\u00e9g \u00e1tk\u00f6lt\u00f6ztek Ejr\u00f3p\u00e1ba? Mert m\u00e9g mindig d\u00e9l-amerikaiak a futball legtanuls\u00e1gosabb, legfontosabb mes\u00e9i, mert a braz\u00edliai aut\u00f3szerv\u00edz-recepci\u00f3s m\u00e9g sim\u00e1n lehet magyar g\u00f3lkir\u00e1ly (<strong>Danilo<\/strong>), \u00e9s mert csak. Meg mert....\r\n\r\n...a l\u00e9gies <strong>S\u00f3crates\u00e9k<\/strong> k\u00f6nnyeds\u00e9g\u00e9nek krist\u00e1ly talapzat\u00e1ra \u00e9p\u00fclt az az \u00e1lomvil\u00e1g, amely gyermek- \u00e9s fiatal feln\u0151ttkoromban Braz\u00edli\u00e1t az \u00f6r\u00f6m otthon\u00e1nak l\u00e1ttatta. A 1982-es v\u00e1logatott m\u00e9g <strong>Pel\u00e9<\/strong> orsz\u00e1g\u00e1ban is a nagyobbak k\u00f6z\u00f6tt emlegettetik, pedig akad csapat, amely eset\u00e9ben ez m\u00e9g vil\u00e1gbajnoki c\u00edmmel sem vet\u0151dhet fel.\r\n\r\n<span class=\"highlight-block-small\">Azokat a fi\u00fakat nem az eredm\u00e9nyek, hanem mintha \u00e1ttetsz\u0151 szitak\u00f6t\u0151sz\u00e1rnyak emelt\u00e9k volna \u2013 az egy\u00fcgy\u0171 anim\u00e1ci\u00f3s filmek figura-el\u0151fut\u00e1raik\u00e9nt \u2013 centikkel a talaj f\u00f6l\u00e9, \u00e9s a legend\u00e1k k\u00f6z\u00e9.<\/span>\r\n\r\nA r\u00e9gi felv\u00e9teleket visszan\u00e9zve is olyan, mintha lebegn\u00e9nek. A mozdulatok ruganyoss\u00e1ga, az \u00edz\u00fcletek g\u00f6mbcsap\u00e1gy-fordul\u00e9konys\u00e1ga \u00e9s keltt\u00e9szta-lazas\u00e1ga csak is a gravit\u00e1ci\u00f3 kij\u00e1tsz\u00e1s\u00e1val t\u0171nik magyar\u00e1zhat\u00f3nak.\r\n\r\n[caption id=\"attachment_5555\" align=\"aligncenter\" width=\"2000\"]<img class=\"size-full wp-image-5555\" src=\"https:\/\/sport24.24.hu\/app\/uploads\/sites\/24\/2022\/08\/gettyimages-1231586.jpg\" alt=\"\" width=\"2000\" height=\"1333\" \/> S\u00f3crates az ikonikus fejp\u00e1ntj\u00e1ban a spanyolok elleni m\u00e9rk\u0151z\u00e9s el\u0151tt az 1986-os vil\u00e1gbajnoks\u00e1gon.[\/caption]\r\n\r\nPr\u00f3zai elm\u00e9letek gy\u00e1rt\u00e1s\u00e1ra alkalmas persze, hogy az akkori futballist\u00e1k sokkal kev\u00e9sb\u00e9 hasonl\u00edtottak a vil\u00e1geszm\u00e9k elt\u00f6k\u00e9lt szil\u00e1rds\u00e1g\u00e1t mint\u00e1z\u00f3, szoborparkba ebrudalt izommonstrumokra, mint a maiak, \u00e9s hogy az akkor divatos, magasan v\u00e1gott focisort eleve g\u00f3lyal\u00e1bat var\u00e1zsolt mindenki al\u00e1.\r\n\r\nA k\u00fclcs\u00edn, amely alapvet\u0151en az \u00e9rz\u00e9keknek dorombolva hivatott gyeng\u00edteni az \u00e9sszer\u0171s\u00e9get, ebben az esetben nem vezetett t\u00e9v\u00fatra.\r\n\r\nAzt\u00e1n el is ker\u00fcltem Braz\u00edli\u00e1ba, \u00e9s rendk\u00edv\u00fcli emberekkel ismerkedtem meg, csod\u00e1s helyeken j\u00e1rtam, minden \u00e9lm\u00e9ny \u00faj partra \u00e9r\u00e9s volt; figyelve az el\u0151z\u0151 \u00e9vek braz\u00edliai k\u00f6z\u00e9leti esem\u00e9nyeit, a d\u00e9lib\u00e1b ringat\u00f3 t\u00e9vk\u00e9p\u00e9nek kiteljesed\u00e9se.\r\n\r\nEddigre m\u00e1r t\u00fal voltam rengeteg telev\u00edzi\u00f3 k\u00f6zvet\u00edtette \u00e9lm\u00e9nyen, a Petrence utcai Brazilbar\u00e1t T\u00e1rsas\u00e1g hajnali, h\u00e1zfalrepeszt\u0151 \u00f6r\u00f6m\u00fcv\u00f6lt\u00e9sein egy-egy csel vagy l\u00e1tv\u00e1nyos akci\u00f3 ut\u00e1n; n\u00e9h\u00e1ny \u00e9v akt\u00edv brazilmel\u00f3n, amikor saj\u00e1t magam t\u00e1lalhattam a t\u00e9v\u00e9n\u00e9z\u0151knek a racionalit\u00e1st hol sutba dob\u00f3, hol \u2013 a nagy t\u00e9ttel b\u00edr\u00f3 meccsek sokas\u00e1g\u00e1n \u2013 minden f\u00f6l\u00e9 emel\u0151 meccsesem\u00e9nyeket. Ezen a Ri\u00f3t \u00f6vez\u0151 cs\u00facsokhoz hasonlatos hegyvonulaton is t\u00falmered, amikor az egyik legnagyobb brazil klasszikus, a Palmeiras\u2013Corinthians d\u00f6nt\u00f6tte el a bajnoki c\u00edmet a szezon utols\u00f3 fordul\u00f3j\u00e1ban, pontosan a nagy idol, S\u00f3crates aznapi hal\u00e1l\u00e1nak szamb\u00e1z\u00f3 gy\u00e1sz\u00e1ban: a ma m\u00e1r sz\u00f6vets\u00e9gi kapit\u00e1ny <strong>Tite<\/strong> csapata, S\u00f3crates kor\u00e1bbi klubja, a Corinthians szemf\u00e1jd\u00edt\u00f3 tal\u00e1lkoz\u00f3n megszerezte a tr\u00f3fe\u00e1t,\r\n\r\n<span class=\"highlight-block\">eml\u00e9ket \u00e1ll\u00edtva a legenda hal\u00e1la napj\u00e1nak.<\/span>\r\n\r\n[caption id=\"attachment_5553\" align=\"aligncenter\" width=\"2000\"]<img class=\"size-full wp-image-5553\" src=\"https:\/\/sport24.24.hu\/app\/uploads\/sites\/24\/2022\/08\/000_mvd6139682.jpg\" alt=\"\" width=\"2000\" height=\"1331\" \/> Corinthians-szurkol\u00f3k a Palmeiras elleni bajnoki d\u00f6nt\u0151n 2011. december 4-\u00e9n.[\/caption]\r\n\r\n<div class=\"payable-content-section\"><\/div>\r\nEzeken b\u0151ven t\u00fal (fejb\u0151l f\u00fajva a <strong>Velloso \u2013 Mazinho, Zago, Cleber, Roberto Carlos \u2013 Cesar Sampaio, Flavio Conceicao, Zinho \u2013 Rivaldo, Edmundo, Evair<\/strong> 1994-es Palmeirast \u00e9s az akkor aktu\u00e1lis csapatok k\u00f6z\u00fcl gyakorlatilag mindet) \u00e9rkeztem v\u00e9g\u00fcl meg materi\u00e1lis val\u00f3mban Braz\u00edli\u00e1ba. Hogy kultur\u00e1lis \u00e9rtelemben mit adott a l\u00e1togat\u00e1s a szambaiskol\u00e1kban tett l\u00e1togat\u00e1sokkal, a MASP (Museu de Arte de Sao Paolo) int\u00e9zm\u00e9ny\u00e9nek, t\u00f6rt\u00e9net\u00e9nek, <strong>Oscar Niemeyer<\/strong> munk\u00e1ss\u00e1g\u00e1nak megismer\u00e9s\u00e9vel \u00e9s a t\u00f6bbi \u00e9lm\u00e9nnyel, k\u00e9s\u0151bb tal\u00e1n m\u00e9g \u00e9rdekes mint\u00e1zatk\u00e9nt sz\u00f6v\u0151dhet a futballt\u00f6bbpercesek k\u00e9zicsom\u00f3i k\u00f6z\u00e9, de ehely\u00fctt tal\u00e1n az fontosabb, hogy \u00fcltem a legr\u00e9gebbi, ma is m\u0171k\u00f6d\u0151 brazil futballklub p\u00e1holy\u00e1ban Ponte Preta\u2013Ferrovi\u00e1ria (Fekete H\u00edd\u2013M\u00c1V) tal\u00e1lkoz\u00f3n, j\u00e1rtam a Vila Belmiroban San\u2013Sao (Santos\u2013Sao Paolo) rangad\u00f3n, \u00e9s l\u00e1ttam p\u00e1ly\u00e1ra l\u00e9pni a 17 \u00e9ves <strong>Rodryg\u00f3t<\/strong> a Classico do Saudade-n (ejtsd: klasszik\u00f3 di szaudadzsi, Palmeiras\u2013Santos). Az ember zs\u00e1nere kell\u0151 t\u00e1vols\u00e1gb\u00f3l, j\u00f3l fotoshopolt instagramposztokkal k\u00f6nnyen v\u00e1lik k\u00edv\u00e1natoss\u00e1, a brazil futball von\u00e1sai k\u00f6zelr\u0151l viszont nem ki\u00e1br\u00e1nd\u00edt\u00f3 r\u00e9szletekkel, hanem kedves mosolyg\u00f6dr\u00f6csk\u00e9kkel, ellen\u00e1llhatatlan sz\u00e9ps\u00e9gp\u00f6tty\u00f6kkel eg\u00e9sz\u00fcltek ki.\r\n\r\nNa, ez\u00e9rt.\r\n\r\nHa \u00e1ln\u00e9ven \u00edrn\u00e9k, biztosan S\u00f3cratesk\u00e9nt jegyezn\u00e9m cikkeimet. Nem csak az eml\u00edtett \u201982-es lebeg\u00e9s miatt. Vagy m\u00e9gis? Lehet-e, hogy a l\u00e1zad\u00e1s egy diktat\u00fara ellen, a sportol\u00f3i szt\u00e1rs\u00e1g d\u00e9delget\u0151 vatt\u00e1j\u00e1nak ler\u00e1z\u00e1sa a demokratikus elvek\u00e9rt, egy\u00e1ltal\u00e1n elvek\u00e9rt, k\u00f6nny\u0171v\u00e9 tesz? Ha igen, akkor az a csalfa, racion\u00e1lis l\u00e1tszatok er\u0151s\u00edtette \u201982-es felh\u0151szer\u0171s\u00e9g nem csak \u00fagy lett. S\u00f3crates, a kisl\u00e1b\u00fa fogorvos (ezeket t\u00e1n mindenki tudja) a katonai diktat\u00fara kell\u0151s k\u00f6zep\u00e9n a Democracia Corinthiana egyik \u00e9lforradalm\u00e1rak\u00e9nt\r\n\r\n<span class=\"highlight-block-small\">olyan fel\u00e9p\u00edtm\u00e9ny\u0171 klubban tan\u00edtott \u00e9s var\u00e1zsolt, amely egyenl\u0151 szavazati jogot biztos\u00edtva edz\u0151nek, irodist\u00e1nak \u00e9s j\u00e1t\u00e9kosnak d\u00f6nt\u00f6tt szerz\u0151d\u00e9sekr\u0151l, napirendr\u0151l, a meccsek alatt \u00e1rult italok kereskedelmi k\u00e9rd\u00e9seir\u0151l, \u00e9s amely t\u00e1mogatta a szabad v\u00e9lem\u00e9nynyilv\u00e1n\u00edt\u00e1st. <\/span>\r\n\r\nK\u00f6zben a csapat r\u00e1ad\u00e1sul jobb eredm\u00e9nyeket produk\u00e1lt, mint el\u0151tte. \u00cdgy k\u00f6nny\u0171 kih\u00faznod magad, \u00edgy el lehet emelkedni a talajt\u00f3l.\r\n\r\nSz\u00f3val, S\u00f3crates. Nem \u00e1ln\u00e9v lesz ez, hanem jelz\u00e9s, ha brazil t\u00f6rt\u00e9net k\u00f6vetkezik. Mint ez, vagy mint ez nem, esetleg racion\u00e1lis, elemz\u0151, m\u00e9rs\u00e9kelten emelkedett.\r\n\r\n[caption id=\"attachment_5556\" align=\"aligncenter\" width=\"2000\"]<img class=\"size-full wp-image-5556\" src=\"https:\/\/sport24.24.hu\/app\/uploads\/sites\/24\/2022\/08\/gettyimages-542622792.jpg\" alt=\"\" width=\"2000\" height=\"1333\" \/> S\u00f3crates 2006-ban.[\/caption]\r\n\r\n[prefabricated_shortcode in_app=\"0\" code=\"%3Cdiv%20class%3D%22article_box_border%22%20style%3D%22background%3A%20url%28%27https%3A%2F%2F24.p3k.hu%2Fapp%2Fuploads%2Fsites%2F24%2F2021%2F05%2Fsport24-pattern.png%27%29%20no-repeat%20left%20-16px%20%23f3f3f4%3B%20border%3A%20none%3B%22%3E%0D%0A%3Cdiv%20class%3D%22article_solidheader%22%3E%0D%0A%3Ch2%20style%3D%22color%3A%20%23111115%21important%3B%20font-size%3A%2036px%3B%20font-weight%3A%20bold%3B%20margin-bottom%3A%2030px%3B%20margin-top%3A%2020px%3B%20text-align%3A%20center%3B%20line-height%3A%2036px%3B%22%3E%3Cimg%20class%3D%22aligncenter%20size-full%20wp-image-141%22%20src%3D%22https%3A%2F%2F24.p3k.hu%2Fapp%2Fuploads%2Fsites%2F24%2F2021%2F05%2Fs24-logo-dt.png%22%20alt%3D%22%22%20width%3D%22408%22%20height%3D%2290%22%20%2F%3E%3C%2Fh2%3E%0D%0A%3Ch2%20style%3D%22color%3A%20%23111115%21important%3B%20font-size%3A%2036px%3B%20font-weight%3A%20bold%3B%20margin-bottom%3A%2030px%3B%20margin-top%3A%2020px%3B%20text-align%3A%20center%3B%20line-height%3A%2040px%3B%22%3ECsatlakozz%20a%20Sport24%20k%C3%B6z%C3%B6ss%C3%A9ghez%2C%20mondd%20el%20v%C3%A9lem%C3%A9nyedet%20z%C3%A1rt%20Facebook-csoportunkban%2C%20%C3%A9s%20vegy%C3%A9l%20r%C3%A9szt%20csak%20el%C5%91fizet%C5%91knek%20el%C3%A9rhet%C5%91%20exkluz%C3%ADv%20esem%C3%A9nyeinken.%3C%2Fh2%3E%0D%0A%3C%2Fdiv%3E%0D%0A%3Cp%20style%3D%22background%3A%20%2357A600%3B%20margin-top%3A%2020px%3B%20padding%3A%2020px%3B%20text-align%3A%20center%3B%22%3E%3Ca%20style%3D%22color%3A%20%23ffffff%3B%20font-size%3A%2026px%3B%20font-weight%3A%20600%3B%22%20href%3D%22https%3A%2F%2Fwww.facebook.com%2Fgroups%2F212344460412327%22%3ECSATLAKOZOM%3C%2Fa%3E%3C%2Fp%3E%0D%0A%0D%0A%3C%2Fdiv%3E\"]","type":"rich","thumbnail_url":"https:\/\/s.24.hu\/app\/uploads\/sites\/24\/2022\/08\/gettyimages-677597486-150x150.jpg","thumbnail_width":150,"thumbnail_height":150}