{"version":"1.0","provider_name":"Sport24","provider_url":"https:\/\/sport24.24.hu","author_name":"Bruckner G\u00e1bor","author_url":"https:\/\/sport24.24.hu\/author\/brucknerg\/","title":"Agressz\u00edv azeriek ut\u00e1n, felt\u00f6rekv\u0151 \u00edrek el\u0151tt: mi v\u00e1r a Fradira a Shamrock Rovers ellen?","html":"\u201eTanulni, tanulni, tanulni\u201d \u2013 a <strong>Leninnek<\/strong> tulajdon\u00edtott (\u00e1m val\u00f3sz\u00edn\u0171leg nem t\u0151le sz\u00e1rmaz\u00f3) sz\u00e1ll\u00f3ige a Ferencv\u00e1ros mott\u00f3ja is lehetne az eur\u00f3pai porondon. B\u00e1r a magyar rekordbajnok az ut\u00f3bbi \u00e9vek j\u00f3 szerepl\u00e9s\u00e9nek k\u00f6sz\u00f6nhet\u0151en (sorozatban negyedszer jut f\u0151t\u00e1bl\u00e1ra) egyre jelent\u0151sebb kontinent\u00e1lis rutint szed mag\u00e1ra, az agressz\u00edvabb, jobb csapatj\u00e1t\u00e9kot bemutat\u00f3, kevesebb hib\u00e1t elk\u00f6vet\u0151 \u00e9s nem utols\u00f3sorban eur\u00f3pai szinten tapasztaltabb, a v\u00e9rszagot meg\u00e9rz\u0151 azeri Qarabag ajt\u00f3t mutatott a z\u00f6ld-feh\u00e9reknek a Bajnokok Lig\u00e1ja selejtez\u0151j\u00e9ben. Ez\u00e9rt is volt nehezen \u00e9rthet\u0151, mik\u00e9nt hangozhatott el riporteri felvet\u00e9sk\u00e9nt a meccs ut\u00e1n, hogy ha t\u00edzszer lej\u00e1tssz\u00e1k ezt a meccset, csak egyszer alakul \u00edgy\u2026\r\n\r\n<span class=\"highlight-block-small\">Az azeri tov\u00e1bbjut\u00e1s \u2013 ezt a ferencv\u00e1rosiak elismert\u00e9k \u2013 teljesen meg\u00e9rdemelt. A jobb egy\u00fcttes l\u00e9pett tov\u00e1bb.<\/span>\r\n\r\nM\u00e1rpedig ebb\u0151l is lehet tanulni \u2013 mind a Shamrock Rovers elleni playoffra, mind (j\u00f3 esetben) a csoportk\u00f6rre \u2013, mert a m\u00e9rk\u0151z\u00e9s szolg\u00e1lt n\u00e9h\u00e1ny tanuls\u00e1ggal.\r\n<h2>Nem \u00edzlik az agresszivit\u00e1s<\/h2>\r\nA Qarabag vezet\u0151edz\u0151je, <strong>Qurban Qurbanov<\/strong> (vagy Gurban Gurbanov, ahogy tetszik) nem v\u00e9letlen\u00fcl az azeri labdar\u00fag\u00e1s legend\u00e1ja. Kev\u00e9s olyan tr\u00e9nert tal\u00e1lunk az eur\u00f3pai futballban, aki 2008 \u00f3ta t\u00f6lti be posztj\u00e1t, de Qurbanov ilyen, keze (igen jellegzetes) nyoma l\u00e1tszik az els\u0151sz\u00e1m\u00fa azeri klub minden megmozdul\u00e1s\u00e1n.\r\n\r\nAz agressz\u00edv, gyors, l\u00e1tv\u00e1nyos kombin\u00e1ci\u00f3kkal oper\u00e1l\u00f3 j\u00e1t\u00e9k inspir\u00e1l\u00f3ja <strong>Pep Guardiola<\/strong> Barcelon\u00e1ja, \u00e9s most a magyar szurkol\u00f3k is meggy\u0151z\u0151dhettek arr\u00f3l, milyen magas szint\u0171 futballra k\u00e9pes ellenf\u00e9lr\u0151l van sz\u00f3. A Qarabag j\u00e1t\u00e9k\u00e1nak egyik jellemz\u0151je \u2013 nemcsak a hazai, hanem az eur\u00f3pai sz\u00ednt\u00e9ren is \u2013 a kimondottan agressz\u00edv j\u00e1t\u00e9k. Az azeri bajnok PPDA-mutat\u00f3ja (<em>passes allowed per defensive action<\/em> = v\u00e9dekez\u0151 k\u00f6zbel\u00e9p\u00e9s el\u0151tt megengedett passzok sz\u00e1ma) igen alacsony, az elm\u00falt egy napt\u00e1ri \u00e9v nemzetk\u00f6zi m\u00e9rk\u0151z\u00e9seit \u00e1tlagolva 6,54 (min\u00e9l kisebb a PPDA, ann\u00e1l agressz\u00edvabb egy csapat, vagy ann\u00e1l t\u00f6bbsz\u00f6r szerez labd\u00e1t ellenfele t\u00e9rfel\u00e9n). A Qarabag \u2013 ellenfele min\u0151s\u00e9g\u00e9t\u0151l f\u00fcggetlen\u00fcl \u2013 hajlamos az opponens arc\u00e1ba m\u00e1szni, vagy j\u00f3l c\u00e9lzott let\u00e1mad\u00e1ssal rombolni annak t\u00e1mad\u00e1s\u00e9p\u00edt\u00e9s\u00e9t.\r\n\r\n<span class=\"highlight-block-small\">A visszav\u00e1g\u00f3n az eredm\u00e9nyt hajszol\u00f3 Fradi ugyancsak egyre agressz\u00edvabb lett, \u00e9s ebb\u0151l id\u0151nk\u00e9nt igen sz\u00f3rakoztat\u00f3 csata alakult ki.<\/span>\r\n\r\n[caption id=\"attachment_5517\" align=\"aligncenter\" width=\"2000\"]<img class=\"size-full wp-image-5517\" src=\"https:\/\/sport24.24.hu\/app\/uploads\/sites\/24\/2022\/08\/central-0713132668.jpg\" alt=\"\" width=\"2000\" height=\"1330\" \/> A Ferencv\u00e1ros-Qarabag m\u00e9rk\u0151z\u00e9s 2022. augusztus 9-\u00e9n a Groupama Ar\u00e9n\u00e1ban.[\/caption]\r\n\r\nAz FTC\u2013Qarabag m\u00e9rk\u0151z\u00e9sr\u0151l sz\u00f3l\u00f3 <a href=\"https:\/\/sport24.24.hu\/foci\/2022\/08\/10\/miert-omlott-ossze-a-visszavagon-a-fradi\/\">elemz\u00e9s\u00fcnkben<\/a> \u00edrtunk arr\u00f3l, hogy milyen probl\u00e9m\u00e1kat siker\u00fclt okozni a Ferencv\u00e1rosnak, amelynek k\u00e9t k\u00f6z\u00e9ph\u00e1tv\u00e9dje, <strong>Adnan Kovacevic<\/strong> \u00e9s <strong>Rasmus Thelander<\/strong> elk\u00e9peszt\u0151 mennyis\u00e9g\u0171 labdaelad\u00e1ssal rukkolt el\u0151. Az \u00e9lete t\u00e1n legrosszabb m\u00e9rk\u0151z\u00e9s\u00e9t j\u00e1tsz\u00f3, az els\u0151 g\u00f3lt rossz passz\u00e1val el\u0151id\u00e9z\u0151 Kovacevicet az ut\u00e1n cser\u00e9lte le <strong>Sztanyiszlav Csercseszov<\/strong>, hogy a m\u00e1sodik f\u00e9lid\u0151 elej\u00e9n 3 perc alatt 3 labd\u00e1t adott el. A bekknek nem volt (nem is nagyon lehetett) marad\u00e1sa a p\u00e1ly\u00e1n.\r\n\r\n[central_article_recommendation title=\"Kapcsol\u00f3d\u00f3\" url=\"https:\/\/sport24.24.hu\/foci\/2022\/08\/10\/miert-omlott-ossze-a-visszavagon-a-fradi\/\" image=\"1\" lead=\"1\"]\r\n\r\nAz elm\u00falt \u00e9vben a Qarabagnak szinte minden nemzetk\u00f6zi m\u00e9rk\u0151z\u00e9s\u00e9n volt olyan peri\u00f3dusa \u2013 a meccs helysz\u00edn\u00e9t\u0151l \u00e9s az ellenf\u00e9l j\u00e1t\u00e9kerej\u00e9t\u0151l f\u00fcggetlen\u00fcl \u2013, amelyben kimondottan agressz\u00edv j\u00e1t\u00e9kkal pr\u00f3b\u00e1lta kiz\u00f6kkenteni ellenfel\u00e9t (4 alatt a PPDA). A PPDA nem min\u0151s\u00e9gm\u00e9r\u0151 mutat\u00f3 (a Liverpool \u00e1tlagos m\u00e9r\u0151sz\u00e1ma p\u00e9ld\u00e1ul magasabb a Qarabag\u00e9n\u00e1l, m\u00e9gis ink\u00e1bb <strong>Klopp\u00e9k<\/strong> jelentik az etalont), kontextusb\u00f3l kiv\u00e9ve nehezen \u00e9rtelmezhet\u0151 (f\u00fcgg a m\u00e9rk\u0151z\u00e9s \u00e1ll\u00e1s\u00e1t\u00f3l \u00e9s hull\u00e1mz\u00e1s\u00e1t\u00f3l, a taktik\u00e1t\u00f3l), de\r\n\r\n<span class=\"highlight-block-small\">az nem v\u00e9letlen, hogy az azeriek legut\u00f3bbi 17 kupam\u00e9rk\u0151z\u00e9s\u00fckb\u0151l 15-sz\u00f6r magasabb intenzit\u00e1s\u00fa let\u00e1mad\u00e1st alkalmaztak az ellenfel\u00fckn\u00e9l. <\/span>\r\n\r\nA bakui meccsen a fojtogat\u00f3 meleg \u00e9s a hazai kulcsemberek hi\u00e1nya is hozz\u00e1j\u00e1rulhatott ahhoz, hogy a Qarabag elmaradt az \u00e1tlag\u00e1t\u00f3l, de ezt p\u00f3tolta Budapesten. K\u00e9t negyed\u00f3r\u00e1s szakaszban is el\u00e9g intenz\u00edv nyom\u00e1st gyakorolt (3,7-es \u00e9s 3,9-es PPDA, teh\u00e1t a harmadik-negyedik Fradi-passzra megpr\u00f3b\u00e1ltak k\u00f6zbel\u00e9pni a magyar kapuhoz k\u00f6zelebb es\u0151 ter\u00fcleten; a bizonytalankod\u00e1sra egyb\u0151l r\u00e1mozdultak), ilyesmivel pedig a Ferencv\u00e1ros szinte csak az eur\u00f3pai sz\u00ednt\u00e9ren tal\u00e1lkozik.\r\n<div class=\"payable-content-section\"><\/div>\r\nHa az el\u0151z\u0151 magyar id\u00e9nyt (bajnoki \u00e9s kupam\u00e9rk\u0151z\u00e9sek) vessz\u00fck, a Ferencv\u00e1rosnak 39 meccsen csak 9, ehhez hasonl\u00f3 id\u0151szakkal kellett megbirk\u00f3znia. Az NB I legt\u00f6bb csapata mer kicsi lenni, ink\u00e1bb fegyelmezetten \u00e9s (viszonylag) m\u00e9lyen v\u00e9dekezik az FTC ellen. A Qarabaghoz hasonl\u00f3 intenzit\u00e1ssal p\u00f6rg\u0151 \u2013 \u00e1m annak sz\u00ednvonal\u00e1t\u00f3l elmarad\u00f3 \u2013 csapatk\u00e9nt csak <strong>Bogn\u00e1r Gy\u00f6rgy<\/strong> Paks\u00e1t \u00e9s a m\u00e9g <strong>Horv\u00e1th Ferenc<\/strong> ir\u00e1ny\u00edtotta Honv\u00e9dot eml\u00edthetj\u00fck, de a Ferencv\u00e1rosnak igaz\u00e1n egyik sem okozott gondot. Ez a domin\u00e1ns egy\u00fcttesekn\u00e9l az \u00e9let velej\u00e1r\u00f3ja: az \u201e\u00f6r\u00f6k\u00f6s osztr\u00e1k bajnok\u201d Salzburgot m\u00e9g kevesebbszer pr\u00f3b\u00e1lj\u00e1k meg agressz\u00edv, magas let\u00e1mad\u00e1ssal zaklatni hazai ellenfelei, mert tiszt\u00e1ban vannak vele, a n\u00e1luk sokkal er\u0151sebb riv\u00e1lis k\u00f6nnyed\u00e9n \u00e1tjuthat ezen, majd kihaszn\u00e1lhatja a megny\u00edl\u00f3 ter\u00fcleteket.\r\n\r\n\u00c9rdekes viszont az \u00f6sszehasonl\u00edt\u00e1s a cseh bajnok Viktoria Plzennel. A Plzen nem annyira domin\u00e1ns csapat, mint a Ferencv\u00e1ros, cseh ellenfelei pedig sokkal er\u0151sebben \u201ezavarognak\u201d, \u00e9s ez felfog\u00e1sbeli k\u00fcl\u00f6nbs\u00e9g lehet: 36 m\u00e9rk\u0151z\u00e9sen 29 olyan peri\u00f3dus fordult el\u0151, hogy intenz\u00edv nyom\u00e1st helyeztek a \u201eViktork\u00e1ra\u201d (ugyanez 39\/9 a Fradin\u00e1l). Ebb\u0151l a szempontb\u00f3l elk\u00e9pzelhet\u0151, hogy a cseh bajnoks\u00e1g jobban felk\u00e9sz\u00edti a bajnok\u00e1t a kontinent\u00e1lis sz\u00ednt\u00e9rre \u2013 kisebb a differencia a hazai \u00e9s a nemzetk\u00f6zi porond k\u00f6z\u00f6tt, a Qarabag k\u00f6vetkez\u0151 riv\u00e1lisa gyakrabban tal\u00e1lkozik magas intenzit\u00e1ssal let\u00e1mad\u00f3 ellenf\u00e9llel odahaza.\r\n<h2>Egyszeri kisikl\u00e1s?<\/h2>\r\nHogy mi lett az agresszivit\u00e1s \u00e9s a j\u00f3l c\u00e9lzott let\u00e1mad\u00e1s eredm\u00e9nye; p\u00e1rosulva azzal, hogy a korai, g\u00f3lhoz vezet\u0151 hiba ut\u00e1n a magyar bajnok v\u00e9gig az eredm\u00e9ny ut\u00e1n futott? Beesett a Ferencv\u00e1ros passzmutat\u00f3ja (az elm\u00falt napt\u00e1ri \u00e9vben m\u00e9rt 85,1 sz\u00e1zal\u00e9kos \u00e1tlaghoz k\u00e9pest 73\u201374 sz\u00e1zal\u00e9k a Qarabag elleni m\u00e9rk\u0151z\u00e9seken), emelkedett az elvesztett labd\u00e1k, \u00e1tlag f\u00f6l\u00f6tti a hossz\u00fa ind\u00edt\u00e1sok sz\u00e1ma. A szurkol\u00f3i szem nem csalt: Kovacevic (85 sz\u00e1zal\u00e9kos passzpontoss\u00e1g a WyScout adatfelv\u00e9teli id\u0151szak\u00e1ban, ehhez k\u00e9pest 67, illetve 76 sz\u00e1zal\u00e9k a Qarabag elleni k\u00e9t meccsen), a vele m\u00e9g nem \u00f6sszeszokott v\u00e9d\u0151t\u00e1rs Thelander (88,2 sz\u00e1zal\u00e9kos karrier\u00e1tlag, 75, illetve 77 sz\u00e1zal\u00e9k a Qarabag ellen) \u00e9s a kulcsszerepet j\u00e1tsz\u00f3 balh\u00e1tv\u00e9d, <strong>Eldar Civic<\/strong> (76,4 helyett 68, illetve 56 sz\u00e1zal\u00e9k) is szenvedett.\r\n\r\nH\u00e1rman nagyj\u00e1b\u00f3l t\u00edz olyan labdaelad\u00e1sban voltak benne a visszav\u00e1g\u00f3n, ami a saj\u00e1t t\u00e9rf\u00e9len t\u00f6rt\u00e9nt. A v\u00e9delem jobb oldal\u00e1n <strong>Botka Endre<\/strong> mutat\u00f3i is estek, \u00e1m az \u00e9p\u00edtkez\u00e9s ink\u00e1bb Civic oldal\u00e1n t\u00f6rt\u00e9nik, \u00e9s a magyar v\u00e1logatott v\u00e9d\u0151 legal\u00e1bb nem volt \u00f6nvesz\u00e9lyes.\r\n\r\nKovacevic eset\u00e9ben \u00e9rdekes, hogy akci\u00f3sikeress\u00e9ge, passzpontoss\u00e1ga nem egyszer j\u00f3csk\u00e1n visszaesett az agressz\u00edvabb k\u00fclf\u00f6ldi ellenfelek (Slavia Praha, Betis, Celtic, Qarabag) ellen; m\u00edg p\u00e9ld\u00e1ul a Franciaorsz\u00e1gba szerz\u0151d\u00f6tt <strong>Miha Blazic<\/strong> sokkal jobban tartotta a szintet az eur\u00f3pai porondon. Blazic a Barcelona \u00e9s a Juventus elleni BL-csoportm\u00e9rk\u0151z\u00e9seken is 83\u201394 sz\u00e1zal\u00e9kos passzpontoss\u00e1ggal (\u00e9s \u00e1tlag\u00e1t megk\u00f6zel\u00edt\u0151 vagy azt fel\u00fclm\u00fal\u00f3 akci\u00f3sikeress\u00e9ggel) munk\u00e1lkodott. <strong>Samy Mmaee<\/strong> Blazic\u00e9hoz hasonl\u00f3 passzbiztons\u00e1ga (ami a Slavia elleni meccseket kiv\u00e9ve a kontinent\u00e1lis porondon is igen j\u00f3 volt) szint\u00e9n nagyon hi\u00e1nyzott. Lehet, hogy gyenge pontot azonos\u00edtottak az azeriek, vagy egyszer\u0171en r\u00e1sz\u00e1lltak Kovacevic, illetve a vele nem \u00f6sszeszokott Thelander bizonytalans\u00e1g\u00e1ra? Megl\u00e1tjuk, hogy ez csak egyszeri kisikl\u00e1s volt-e, vagyis az azeri bajnok st\u00edlusa volt-e a f\u0151 probl\u00e9ma.\r\n<h2>M\u00e1s k\u00e1v\u00e9h\u00e1z, \u00edr k\u00e1v\u00e9val<\/h2>\r\nHa a Qarabag j\u00e1t\u00e9ka szokatlannak bizonyult volna, az \u00edr bajnoki c\u00edmv\u00e9d\u0151 \u00e9s listavezet\u0151 Shamrock Rovers ellen m\u00e1r ismer\u0151sebb k\u00e1v\u00e9h\u00e1zba l\u00e9phet be a Fradi. A dublini csapat a hazai porondon domin\u00e1ns, de eur\u00f3pai sz\u00ednt\u00e9ren er\u0151s egy\u00fcttes ellen ritk\u00e1bban kezdem\u00e9nyez, nem is kiemelked\u0151en agressz\u00edv. A Rovers els\u0151sorban hazai p\u00e1ly\u00e1n vesz\u00e9lyes: 2019\u20132022 k\u00f6z\u00f6tt legy\u0151zte a Fradi \u00e1ltal j\u00f3l ismert Slovan Bratislav\u00e1t \u00e9s a Ludogorecet, valamint a norv\u00e9g Brannt \u00e9s a ciprusi Apollont is. A Tallaght stadion k\u00fclf\u00f6ldi vend\u00e9gei k\u00f6z\u00fcl az ut\u00f3bbi \u00e9vekben csak az AC Milan \u00e9s az \u00e9szt Flora tudott gy\u0151zni, a hazai m\u00e9rleg impressz\u00edv: 7\u20131\u20132.\r\n\r\n<span class=\"highlight-block\">Vend\u00e9gk\u00e9nt j\u00f3val sebezhet\u0151bb az \u00edr csapat.<\/span>\r\n\r\nA Rovers fiatal edz\u0151je, <strong>Stephen Bradley<\/strong> az Arsenal akad\u00e9mi\u00e1j\u00e1n tanulta a futballt, de saj\u00e1t bevall\u00e1sa szerint k\u00e9ptelen volt megk\u00fczdeni azzal, hogy egy topklub j\u00e1t\u00e9kosa \u00e9s sok p\u00e9nze van. Azt hitte, m\u00e1r befutott, \u00e9s megrekedt a fejl\u0151d\u00e9se; r\u00e1ad\u00e1sul bet\u00f6rtek a londoni h\u00e1z\u00e1ba \u00e9s megt\u00e1madt\u00e1k, fejbe sz\u00fart\u00e1k egy csavarh\u00faz\u00f3val (!), minek nyom\u00e1n s\u00e9r\u00fcl\u00e9sei kilenc h\u00f3napra a partvonalon k\u00edv\u00fclre k\u00e9nyszer\u00edtett\u00e9k.\r\n\r\nKor\u00e1n, 27 \u00e9vesen visszavonult, \u00e9s az Arsenal \u00edrorsz\u00e1gi j\u00e1t\u00e9kos-megfigyel\u0151je, ezt k\u00f6vet\u0151en a Rovers akad\u00e9mi\u00e1j\u00e1nak egyik alap\u00edt\u00f3ja, azt\u00e1n m\u00e1sod-, majd vezet\u0151edz\u0151je lett. A c\u00e9lja?\r\n<ul>\r\n \t<li>Egyr\u00e9szt olyan j\u00e1t\u00e9kosokat kinevelni, akik nem mennek el k\u00fclf\u00f6ldre nagyon fiatalon (ezt ma m\u00e1r Anglia \u00e9s Sk\u00f3cia eset\u00e9ben <a href=\"https:\/\/sport24.24.hu\/foci\/2022\/06\/27\/adam-martin-anglia-pontrendszer-skocia\/\">a brexit ki is z\u00e1rja<\/a>), hanem a Shamrock Roversn\u00e9l \u00e9p\u00fclnek be az els\u0151 csapatba, \u00e9s \u00edr \u00e9lvonalbeli, valamint nemzetk\u00f6zi tapasztalatokkal felv\u00e9rtezve adhatj\u00e1k tov\u00e1bb \u0151ket. Ez nem mindig megy a legnagyobb tehets\u00e9gek eset\u00e9ben: a 16 \u00e9ves <strong>Kevin Zefit<\/strong> tavaly az Inter vitte el.<\/li>\r\n \t<li>A m\u00e1sik c\u00e9l most teljes\u00fclt: olyan egy\u00fcttest \u00f6sszerakni, amely f\u0151t\u00e1bl\u00e1ra k\u00e9pes jutni egy eur\u00f3pai kupasorozatban. A Shamrock Rovers KL-helye m\u00e1r biztos, ez a m\u00e1sodik alkalom, hogy a klub csoportk\u00f6rbe ker\u00fcl.<\/li>\r\n<\/ul>\r\nAz \u00edr szak\u00e9rt\u0151k gyakran dics\u00e9rik a Shamrock Rovers attrakt\u00edv futballj\u00e1t (az edz\u0151re er\u0151sen hatott <strong>Mauricio Pochettino<\/strong> Tottenhamje, illetve <strong>Graham Potter<\/strong> \u00e9s <strong>Brendan Rodgers<\/strong> munk\u00e1ja), j\u00e1t\u00e9kosai pedig Bradley \u2013 fiatal kor\u00e1hoz k\u00e9pest rendk\u00edv\u00fcli \u2013 taktikai tud\u00e1s\u00e1t emelik ki. A l\u00e1tv\u00e1nyos, hazai szinten dominanci\u00e1ra t\u00f6rekv\u0151 j\u00e1t\u00e9k ligarekordot jelent\u0151 veretlens\u00e9gi sorozatot, k\u00e9t bajnoki c\u00edmet \u00e9s egy \u00edr Szuperkupa-gy\u0151zelmet hozott eddig a Roversnek, Bradley k\u00e9tszer is az \u00e9v edz\u0151je lett haz\u00e1j\u00e1ban.\r\n\r\nSzinte mindig h\u00e1romv\u00e9d\u0151s form\u00e1ci\u00f3kat alkalmaz (3\u20134\u20131\u20132, 3\u20134\u20132\u20131, n\u00e9ha 3\u20134\u20133), b\u00e1r ez t\u00e1mad\u00e1s\u00e9p\u00edt\u00e9s k\u00f6zben ideiglenesen n\u00e9gyes l\u00e1ncc\u00e1 alakul. A legt\u00f6bb vesz\u00e9lyt a sz\u00e9leken alak\u00edtj\u00e1k ki: megpr\u00f3b\u00e1lnak l\u00e9tsz\u00e1mf\u00f6l\u00e9nyt teremteni az egyik (t\u00f6bbnyire a bal) oldalon, \u00e9s vagy ott \u00e1tt\u00f6rnek, vagy ford\u00edtanak a m\u00e1sik oldalra, hogy j\u00f3 helyzetb\u0151l adhassanak be, esetleg l\u0151jenek kapura. A BL-selejtez\u0151ben a m\u00e1ltai Hibernians kapott \u00edzel\u00edt\u0151t abb\u00f3l, hogy ez mit jelent, az akci\u00f3t a hossz\u00fan be\u00f3l\u00e1lkod\u00f3 sz\u00e1rnyv\u00e9d\u0151, a csapatkapit\u00e1ny<strong> Ronan Finn<\/strong> fejezte be.\r\n\r\nhttps:\/\/www.youtube.com\/watch?v=9OM-aHFIOX4\r\n\r\nAz el\u0151k\u00e9sz\u00edt\u00e9sben kiemelked\u0151 szerepe van az igen j\u00f3 r\u00fag\u00f3technik\u00e1j\u00fa, remek\u00fcl bead\u00f3, n\u00e9gyszeres \u00edr v\u00e1logatott <strong>Jack Byrne-nek<\/strong>, aki a Manchester Cityn\u00e9l nevelkedett. A t\u00e1mad\u00f3 k\u00f6z\u00e9pp\u00e1ly\u00e1s az \u00edr bajnoks\u00e1g kanadai t\u00e1bl\u00e1zat\u00e1n a Rovers legjobbja, k\u00f6sz\u00f6nhet\u0151en rengeteg g\u00f3lpassz\u00e1nak. A helyi Premier League-ben sz\u00f6gletek ut\u00e1n a Shamrock Rovers tal\u00e1l be a legt\u00f6bbsz\u00f6r, s a m\u00e1sodik legt\u00f6bb fejes g\u00f3lt is Bradley fiai \u00e9rik el. A tizenegyeseket <strong>Graham Burke<\/strong> l\u00f6vi biztos (bal) l\u00e1bbal.\r\n\r\nA befejez\u00e9s t\u00f6bbnyire a nig\u00e9riai sz\u00e1rmaz\u00e1s\u00fa \u00edg\u00e9ret, <strong>Aidomo Emakhu<\/strong> vagy a rutinos <strong>Rory Gaffney<\/strong> dolga, mivel a g\u00f3lfelel\u0151s<strong> Danny Mandroiut<\/strong> elvitte az angol Lincoln City a ny\u00e1ron. A csup\u00e1n 18 \u00e9ves, t\u00f6bbnyire cserek\u00e9nt besz\u00e1ll\u00f3 Emakhu az elm\u00falt hetekben \u00f6t m\u00e9rk\u0151z\u00e9sen n\u00e9gy g\u00f3lt szerzett, Gaffney szint\u00e9n n\u00e9gy g\u00f3llal \u00e9s k\u00e9t g\u00f3lpasszal rukkolt el\u0151.\r\n\r\nA Slovan Bratislava vagy a Ludogorec a megmondhat\u00f3ja, hogy a Shamrock Rovers mennyire vesz\u00e9lyes csapat tud lenni, \u00e1m ennek ellen\u00e9re j\u00f3val alacsonyabb j\u00e1t\u00e9ker\u0151t k\u00e9pvisel, mint a Qarabag, a k\u00e9t j\u00e1t\u00e9koskeret k\u00f6z\u00f6tt is j\u00f3kora k\u00fcl\u00f6nbs\u00e9g van, mind \u00e9rt\u00e9kben, mind sz\u00ednvonalban. Viszont semmi nyom\u00e1s nem lesz az \u00edreken: a Ferencv\u00e1ros a favorit, a Roversnek m\u00e1r \u00f6nmag\u00e1ban az is nagy sz\u00f3, hogy biztosan feljut a Konferencia Liga f\u0151t\u00e1bl\u00e1j\u00e1ra. Minden m\u00e1s csak hab a tort\u00e1n.\r\n\r\n<iframe class=\"flourish-embed-iframe\" style=\"width: 100%;height: 600px\" title=\"Interactive or visual content\" src=\"https:\/\/flo.uri.sh\/visualisation\/10894428\/embed\" frameborder=\"0\" scrolling=\"no\"><\/iframe>\r\n<div style=\"width: 100%!;margin-top: 4px!important;text-align: right!important\"><a class=\"flourish-credit\" style=\"text-decoration: none!important\" href=\"https:\/\/public.flourish.studio\/visualisation\/10894428\/?utm_source=embed&amp;utm_campaign=visualisation\/10894428\" target=\"_top\" rel=\"noopener\"><img style=\"width: 105px!important;height: 16px!important;border: none!important;margin: 0!important\" src=\"https:\/\/public.flourish.studio\/resources\/made_with_flourish.svg\" alt=\"Made with Flourish\" \/> <\/a><\/div>\r\nA Ferencv\u00e1rosn\u00e1l a k\u00f6vetkez\u0151 n\u00e9h\u00e1ny m\u00e9rk\u0151z\u00e9s \u00e9s az \u0151szi, kett\u0151s terhel\u00e9ssel j\u00e1r\u00f3 szezon seg\u00edthet igaz\u00e1n \u00e9rt\u00e9kelni Sztanyiszlav Csercseszov munk\u00e1j\u00e1t. Az orosz szakvezet\u0151 eddig nem tudott extr\u00e1t h\u00fazni az eur\u00f3pai porondon a Fradival, s\u0151t, hat selejtez\u0151 m\u00e9rk\u0151z\u00e9sen t\u00f6bb veres\u00e9get (2) szenvedett el, mint <strong>Szerhij Rebrov<\/strong> tizenh\u00e1rmon \u2013 r\u00e1ad\u00e1sul a \u201erebrovi\u201d ellenfelek sora er\u0151sebb is.\r\n\r\nAz ukr\u00e1n tr\u00e9ner ir\u00e1ny\u00edt\u00e1sa alatt az FTC \u00e9p\u00edtkez\u00e9se, labdaj\u00e1rat\u00e1sa, poz\u00edci\u00f3s j\u00e1t\u00e9ka magasabb szint\u0171 volt. A BL-csoportk\u00f6r\u00f6s \u00e9vben 11 nemzetk\u00f6zi tal\u00e1lkoz\u00f3b\u00f3l csak egyszer (Glasgow-ban) esett 81 sz\u00e1zal\u00e9k al\u00e1 a passzpontoss\u00e1g. A Rebrov-\u00e9r\u00e1ban lej\u00e1tszott selejtez\u0151k\u00f6n az ellenfelek rosszabb min\u0151s\u00e9g\u0171 helyzeteket tudtak kialak\u00edtani, mint ebben az id\u00e9nyben. A passzj\u00e1t\u00e9k biztosabbnak, a csapatj\u00e1t\u00e9k csiszoltabbnak, a Fradi pedig stabilabbnak t\u0171nt.\r\n\r\n<span class=\"highlight-block-small\">A Qarabag elleni kudarc ellen\u00e9re aligha fenyegeti b\u00e1rmi Csercseszov poz\u00edci\u00f3j\u00e1t, viszont ha hossz\u00fa t\u00e1vra akar tervezni, akkor a Shamrock Rovers elleni tov\u00e1bbjut\u00e1s k\u00f6telez\u0151 feladat, a csoportk\u00f6rben pedig szint\u00e9n villantania kellene legal\u00e1bb n\u00e9h\u00e1ny meccsen a Fradinak. <\/span>\r\n\r\nDe egyel\u0151re csak az \u00edrekre szabad gondolni.\r\n\r\n[prefabricated_shortcode in_app=\"0\" code=\"%3Cdiv%20class%3D%22article_box_border%22%20style%3D%22background%3A%20url%28%27https%3A%2F%2F24.p3k.hu%2Fapp%2Fuploads%2Fsites%2F24%2F2021%2F05%2Fsport24-pattern.png%27%29%20no-repeat%20left%20-16px%20%23f3f3f4%3B%20border%3A%20none%3B%22%3E%0D%0A%3Cdiv%20class%3D%22article_solidheader%22%3E%0D%0A%3Ch2%20style%3D%22color%3A%20%23111115%21important%3B%20font-size%3A%2036px%3B%20font-weight%3A%20bold%3B%20margin-bottom%3A%2030px%3B%20margin-top%3A%2020px%3B%20text-align%3A%20center%3B%20line-height%3A%2036px%3B%22%3E%3Cimg%20class%3D%22aligncenter%20size-full%20wp-image-141%22%20src%3D%22https%3A%2F%2F24.p3k.hu%2Fapp%2Fuploads%2Fsites%2F24%2F2021%2F05%2Fs24-logo-dt.png%22%20alt%3D%22%22%20width%3D%22408%22%20height%3D%2290%22%20%2F%3E%3C%2Fh2%3E%0D%0A%3Ch2%20style%3D%22color%3A%20%23111115%21important%3B%20font-size%3A%2036px%3B%20font-weight%3A%20bold%3B%20margin-bottom%3A%2030px%3B%20margin-top%3A%2020px%3B%20text-align%3A%20center%3B%20line-height%3A%2040px%3B%22%3ECsatlakozz%20a%20Sport24%20k%C3%B6z%C3%B6ss%C3%A9ghez%2C%20mondd%20el%20v%C3%A9lem%C3%A9nyedet%20z%C3%A1rt%20Facebook-csoportunkban%2C%20%C3%A9s%20vegy%C3%A9l%20r%C3%A9szt%20csak%20el%C5%91fizet%C5%91knek%20el%C3%A9rhet%C5%91%20exkluz%C3%ADv%20esem%C3%A9nyeinken.%3C%2Fh2%3E%0D%0A%3C%2Fdiv%3E%0D%0A%3Cp%20style%3D%22background%3A%20%2357A600%3B%20margin-top%3A%2020px%3B%20padding%3A%2020px%3B%20text-align%3A%20center%3B%22%3E%3Ca%20style%3D%22color%3A%20%23ffffff%3B%20font-size%3A%2026px%3B%20font-weight%3A%20600%3B%22%20href%3D%22https%3A%2F%2Fwww.facebook.com%2Fgroups%2F212344460412327%22%3ECSATLAKOZOM%3C%2Fa%3E%3C%2Fp%3E%0D%0A%0D%0A%3C%2Fdiv%3E\"]","type":"rich","thumbnail_url":"https:\/\/s.24.hu\/app\/uploads\/sites\/24\/2022\/08\/gettyimages-1241722196-150x150.jpg","thumbnail_width":150,"thumbnail_height":150}