{"version":"1.0","provider_name":"Sport24","provider_url":"https:\/\/sport24.24.hu","author_name":"Bruckner G\u00e1bor","author_url":"https:\/\/sport24.24.hu\/author\/brucknerg\/","title":"Manchester Unikum: h\u00fasz \u00e9ve lett Kopl\u00e1rovicsb\u00f3l B\u00e9la kir\u00e1ly","html":"A <strong>Kopl\u00e1rovics<\/strong>-sztori el\u0151szav\u00e1t <strong>Alfonso Perez Burrull<\/strong> \u00edrta. A BL-selejtez\u0151 els\u0151 fordul\u00f3j\u00e1ban az NK Zagreb \u2013 Zalaegerszegen elszenvedett 1-0-s veres\u00e9ge ut\u00e1n \u2013 2-0-ra vezetett a visszav\u00e1g\u00f3n, amikor a spanyol b\u00edr\u00f3 tizenegyest adott <strong>Cs\u00f3ka Zsolt<\/strong> eles\u00e9s\u00e9\u00e9rt a 89. percben. A ZTE ekkor m\u00e1r t\u00edz j\u00e1t\u00e9kosra fogyatkozott, mivel <strong>Kocs\u00e1rdi Gergely<\/strong> piros lapot kapott, azaz a magyar csapatnak l\u00e1tsz\u00f3lag semmi es\u00e9lye nem maradt a tov\u00e1bbjut\u00e1sra.\r\n\r\n<strong>Urb\u00e1n Fl\u00f3ri\u00e1n<\/strong> kapuba k\u00fcld\u00f6tt b\u00fcntet\u0151je ut\u00e1n m\u00e9g a magyar org\u00e1numokban is visszak\u00f6sz\u00f6nt, hogy a Zete \u201eelk\u00e9peszt\u0151en szerencs\u00e9s k\u00f6r\u00fclm\u00e9nyek k\u00f6z\u00f6tt\u201d vette az akad\u00e1lyt, <strong>Ivan Katalinic<\/strong> z\u00e1gr\u00e1bi edz\u0151 pedig kijelentette: \u201eA p\u00e1rharcot a j\u00e1t\u00e9kvezet\u0151 d\u00f6nt\u00f6tte el.\u201d\r\n\r\n<span class=\"highlight-block\">A kvalifik\u00e1ci\u00f3s szakasz m\u00e1sodik fordul\u00f3ja el\u0151tt nagyobb balh\u00e9 t\u00e1madt. <\/span>\r\n\r\nA ZTE vez\u00e9rkara \u00fagy d\u00f6nt\u00f6tt, a Pusk\u00e1s Stadionba telep\u00edti a Manchester United elleni tal\u00e1lkoz\u00f3t, de a legnagyobb hazai ar\u00e9n\u00e1ba 2002-ben csak 28 ezer szurkol\u00f3t lehetett beengedni a l\u00e9tes\u00edtm\u00e9ny leromlott \u00e1llaga miatt. R\u00e1ad\u00e1sul a sz\u0171k\u00f6s jegyk\u00e9szlet t\u00f6bb mint a fel\u00e9t lefoglalta egy vil\u00e1gc\u00e9g magyarorsz\u00e1gi le\u00e1nyv\u00e1llalata, amely nem sokkal a brit csapat budapesti fell\u00e9p\u00e9se el\u0151tt k\u00f6t\u00f6tt szerz\u0151d\u00e9st a vid\u00e9ki klubbal. Zalaegerszegen \u00e1llt a b\u00e1l, mert t\u00f6rzsszurkol\u00f3k sem tudtak bel\u00e9p\u0151h\u00f6z jutni, a Unitedet ugyanis m\u00e9g azok is l\u00e1tni akart\u00e1k, akik \u00e9let\u00fckben nem j\u00e1rtak labdar\u00fag\u00f3-m\u00e9rk\u0151z\u00e9sen.\r\n\r\n<strong>Nagy Ferenc<\/strong> klubeln\u00f6k ut\u00f3bb azt mondta: \u201eNem voltunk felk\u00e9sz\u00fclve olyan szint\u0171 esem\u00e9nyre, amilyet a Manchester United fogad\u00e1sa jelentett. R\u00e1ad\u00e1sul f\u00e9l \u00e9vig folyton idegenben j\u00e1tszott a csapat, hiszen az egerszegi stadion \u00e1t\u00e9p\u00edt\u00e9se \u00e9ppen 2002 nyar\u00e1n kezd\u0151d\u00f6tt.\u201d\r\n\r\n<span class=\"highlight-block-small\">A pesti alb\u00e9rletben azt\u00e1n a m\u00e1sf\u00e9l \u00f3ra nagy r\u00e9sze unalomban telt, a Carroll \u2013 Brown (Phil Neville), Blanc, O'Shea, Silvestre \u2013 Beckham, Veron, Keane, Giggs \u2013 Solskjaer (Forl\u00e1n), Van Nistelrooy \u00f6sszet\u00e9tel\u0171 brit egy\u00fcttes enyh\u00e9n sz\u00f3lva nem strap\u00e1lta mag\u00e1t. <\/span>\r\n\r\nUrb\u00e1n azt \u00e1ll\u00edtotta <strong>David Beckhamr\u0151l:<\/strong> \u201eOlyan nagyk\u00e9p\u0171, hogy tal\u00e1n m\u00e9g mag\u00e1nak sem k\u00f6sz\u00f6n.\u201d Sokan m\u00e1r elk\u00f6nyvelt\u00e9k, hogy \u00fagy z\u00e1rul a meccs, ahogyan kezd\u0151d\u00f6tt, 0-0-val, amikor a rendes j\u00e1t\u00e9kid\u0151 letelt\u00e9vel <strong>Szamosi Tam\u00e1s<\/strong> a bal oldalon el\u0151ret\u00f6rt, \u00e9s k\u00f6z\u00e9pre passzolt labd\u00e1j\u00e1t a nyolc perccel kor\u00e1bban a p\u00e1ly\u00e1ra vez\u00e9nyelt Kopl\u00e1rovics B\u00e9la a kapuba k\u00fcldte (1-0).\r\n\r\n<iframe title=\"YouTube video player\" src=\"https:\/\/www.youtube.com\/embed\/ya3OSw-2Eec\" width=\"560\" height=\"315\" frameborder=\"0\" allowfullscreen=\"allowfullscreen\"><\/iframe>\r\n<div class=\"payable-content-section\"><\/div>\r\nAz addig m\u00e9l\u00e1z\u00f3 k\u00f6z\u00f6ns\u00e9g egyszeriben \u0151rj\u00f6ngeni kezdett, a tal\u00e1lkoz\u00f3t k\u00f6zvet\u00edt\u0151 <strong>Hajd\u00fa B. Istv\u00e1n<\/strong> pedig \u00edgy eml\u00e9kezett a k\u00fcl\u00f6nleges pillanatra: \u201eA m\u00e9rk\u0151z\u00e9s nem \u00edg\u00e9rt hazai g\u00f3lt, azt\u00e1n egy gyakorlatilag m\u00e9g itthon is ismeretlen j\u00e1t\u00e9kos, aki az NB II-b\u0151l \u00e9rkezett, betal\u00e1lt. Ez annyira megh\u00f6kkent\u0151 volt, hogy hasonl\u00f3 g\u00f3l\u00f6r\u00f6m\u00f6t addig csak egyszer produk\u00e1ltam: 1996-ban, az atlantai olimpi\u00e1n, ahol a <strong>Roberto Carlosszal, Ronald\u00f3val, Aldairral<\/strong> felvonul\u00f3 brazil csapat ellen <strong>Madar Csaba<\/strong> kiegyenl\u00edtett.\u201d\r\n\r\nPesten az angol \u00fajs\u00e1g\u00edr\u00f3k hosszasan p\u00f6ty\u00f6gtett\u00e9k sz\u00e1m\u00edt\u00f3g\u00e9p\u00fckbe: az <strong>Ilic<\/strong> \u2013 Cs\u00f3ka, Urb\u00e1n, <strong>Budisa<\/strong>, Szamosi \u2013 <strong>Babati, Ljubojevic, Vincze, Egressy (Moln\u00e1r Bal\u00e1zs) \u2013 Farag\u00f3 (Balog Csaba), Kenesei Kriszti\u00e1n<\/strong> (Kopl\u00e1rovics) \u00f6sszet\u00e9tel\u0171 egy\u00fcttes fel\u00fclm\u00falta az \u00e1lmok sz\u00ednh\u00e1z\u00e1nak elk\u00e9nyeztetett szt\u00e1rjait.\r\n\r\nA News of the World \u00f6ssze\u00e1ll\u00edt\u00e1st tett k\u00f6zz\u00e9 arr\u00f3l, hogy \u201emik\u00f6zben Beckham 3 milli\u00f3 font \u00e9rt\u00e9k\u0171, \u00bbBeckingham Palace-k\u00e9nt\u00ab emlegetett hatalmas h\u00e1zban lakik, \u00e9s heti 100 ezer fontot keres, addig Kopl\u00e1rovics havi 108 font\u00e9rt b\u00e9rel egy 60 n\u00e9gyzetm\u00e9teres lak\u00e1st, \u00e9s hetente 250 fontot kapar \u00f6ssze; Beckhamnek komplett g\u00e9pkocsiparkja van, benne egy 165 ezer fontot \u00e9r\u0151 Bentley-vel \u00e9s k\u00e9t Ferrarival, m\u00edg Kopl\u00e1rovics hatezer fontot \u00e9r\u0151 Opel Vectr\u00e1t vezet\u201d.\r\n\r\nA lap felid\u00e9zte azt is: <strong>Bozsik P\u00e9ter<\/strong> zalaegerszegi edz\u0151 a hatvanhatod r\u00e9sz\u00e9t veheti fel <strong>Sir Alex Ferguson<\/strong> manchesteri menedzser \u00e9vi 3 milli\u00f3 fontos j\u00f6vedelm\u00e9nek, \u00e9s hogy\r\n\r\n<span class=\"highlight-block\">a ZTE k\u00f6lts\u00e9gvet\u00e9se alig a sz\u00e1zada a United 130 milli\u00f3 fontos b\u00fcdzs\u00e9j\u00e9nek.<\/span>\r\n\r\n<img class=\"aligncenter size-full wp-image-5505\" src=\"https:\/\/sport24.24.hu\/app\/uploads\/sites\/24\/2022\/08\/gettyimages-651912546-3.jpg\" alt=\"\" width=\"2500\" height=\"1667\" \/>\r\n\r\nKopl\u00e1rovicsb\u00f3l idehaza B\u00e9la kir\u00e1ly lett, egyszeriben t\u00f6bben \u00e9rdekl\u0151dtek ir\u00e1nta, mint a celebek\u00e9rt. T\u00e9nyleg fabul\u00e1ba ill\u0151 t\u00f6rt\u00e9net volt, hogy az akkor huszonegy \u00e9ves cserej\u00e1t\u00e9kos el\u0151bb l\u0151tt g\u00f3lt a Bajnokok Lig\u00e1j\u00e1ban a Manchester Unitednak, mint hogy megz\u00f6rgette volna a h\u00e1l\u00f3t az NB I-ben. Az els\u0151 oszt\u00e1lyban b\u0151 k\u00e9t h\u00e9ttel kor\u00e1bban, j\u00falius 27-\u00e9n mutatkozott be Kispesten abban a stadionban, amelyet a ZTE szakvezet\u0151j\u00e9nek \u00e9desapj\u00e1r\u00f3l neveztek el.\r\n\r\nA tal\u00e1lkoz\u00f3 3-3-mal z\u00e1rult \u2013 Kopl\u00e1rovics Balog Csab\u00e1t v\u00e1ltotta az 59. percben \u2013, \u00e9s ez az\u00e9rt is \u00e9rdekes, mert k\u00e9t \u00e9vvel k\u00e9s\u0151bb ugyanott szint\u00e9n 3-3-mal fejez\u0151d\u00f6tt be a Honv\u00e9d\u2013ZTE tal\u00e1lkoz\u00f3, amely K. B. p\u00e1lyafut\u00e1sa legjobb meccseinek egyike volt: a csat\u00e1r g\u00f3lt szerzett \u00e9s k\u00e9t g\u00f3lpasszt adott.\r\n\r\nA Manchester-mese m\u00e9gsem v\u00e1lt sikert\u00f6rt\u00e9nett\u00e9.\r\n\r\n<span class=\"highlight-block-small\">A visszav\u00e1g\u00f3n Kopl\u00e1rovics m\u00e1r meleg\u00edtett, amikor Ilicet ki\u00e1ll\u00edtotta a j\u00e1t\u00e9kvezet\u0151, \u00edgy Bozsiknak kapust kellett cser\u00e9lnie, a csat\u00e1r meg vehette vissza a meleg\u00edt\u0151j\u00e9t. Igaz, a kinti m\u00e9rk\u0151z\u00e9s semmik\u00e9pp sem sz\u00f3lhatott volna r\u00f3la, hiszen a United h\u00fasz perc alatt 3-0-ra elh\u00fazott, majd laz\u00e1n 5-0-ra gy\u0151z\u00f6tt.<\/span>\r\n\r\n<strong>Lothar Matth\u00e4us<\/strong>, a magyar v\u00e1logatott akkori szakvezet\u0151je ezzel egy\u00fctt felfedezte Kopl\u00e1rovicsot, igaz, a labdar\u00fag\u00f3k\u00e9nt extraklasszis n\u00e9met szakvezet\u0151 beh\u00edvott boldogot, boldogtalant, itteni regn\u00e1l\u00e1sa h\u00e1rom \u00e9v\u00e9ben 40, 39, majd 59 j\u00e1t\u00e9kos fordult meg a v\u00e1logatottban. A zalai sz\u00e9ls\u0151t egy thaif\u00f6ldi t\u00far\u00e1ra vitte el, amelyen a szlov\u00e1kokt\u00f3l 1-0-ra kikapott a magyar csapat, majd \u2013 a cserej\u00e1t\u00e9kosb\u00f3l kezd\u0151v\u00e9 el\u0151l\u00e9p\u0151 Kopl\u00e1roviccsal a k\u00f6z\u00e9pp\u00e1lya bal oldal\u00e1n \u2013 5-0-ra lesim\u00edtotta az \u00e9szteket. Az egerszegi \u00fajonc borong\u00f3san \u00e9rt\u00e9kelte bemutatkoz\u00e1s\u00e1t: \u201eNem ment j\u00f3l.\u201d\r\n\r\nA var\u00e1zs m\u00e1r az Old Traffordban megt\u00f6rt, de 2002 szeptember\u00e9ben m\u00e9g k\u00ednosabb blam\u00e1zs k\u00f6vetkezett: az UEFA Kup\u00e1ba \u00e1tsorolt ZTE-t 6-0-val int\u00e9zte el Z\u00e1gr\u00e1bban a Dinamo. Pedig Bozsik nagyon k\u00e9sz\u00fclt, a meccs el\u0151tt azt mondta: \u201e<strong>Ciro Blazevic<\/strong> edz\u0151nek k\u00f6sz\u00f6nettel tartozom, felhergelte csapatomat, hiszen nem egyszer sz\u00f3lt r\u00f3lunk lekezel\u0151en. A legvisszafogottabban akkor nyilatkozott, amikor kijelentette: a ZTE-nek nulla sz\u00e1zal\u00e9k es\u00e9lye van a tov\u00e1bbjut\u00e1sra.\u201d\r\n\r\n\u00c9ppen annyi volt.\r\n\r\nA Jutarnji List azt \u00edrta: \u201e\u00c9rthetetlen, hogy ez a ZTE mik\u00e9nt tudta legy\u0151zni a Manchestert.\u201d M\u00e9g a Nemzeti Sport is \u00edgy komment\u00e1lt: \u201eA tragikus egerszegi j\u00e1t\u00e9knak (mif\u00e9le j\u00e1t\u00e9knak?!) nem is lehetett m\u00e1s a v\u00e9ge, mint cs\u00fafos 6-0-s veres\u00e9g, illetve lehetett volna m\u00e1s a v\u00e9ge: mondjuk, 10-1...\u201d\r\n\r\nKopl\u00e1rovics k\u00e9s\u0151bb sem v\u00e1ltotta meg a vil\u00e1got: 122 NB I-es tal\u00e1lkoz\u00f3n 12 g\u00f3lt \u00e9s 20 g\u00f3lpasszt jegyzett, majd 2008-ban P\u00e9csre, ut\u00e1na Lendv\u00e1ra, k\u00e9s\u0151bb az ir\u00e1ni Sansza Arak, a Koz\u00e1rmisleny, majd az osztr\u00e1k \u00f6t\u00f6doszt\u00e1ly\u00fa Utzenaich csapat\u00e1hoz szerz\u0151d\u00f6tt. Az ausztriai faluban Kopl\u00e1rovics\u00e9kkal egy\u00fctt 1536 lakos \u00e9l, a kor\u00e1bbi futballista egy rep\u00fcl\u0151g\u00e9p-alkatr\u00e9szeket k\u00e9sz\u00edt\u0151 c\u00e9gn\u00e9l dolgozik. Nemr\u00e9giben megh\u00edvt\u00e1k a ZTE\u2013Milan el\u0151k\u00e9sz\u00fcleti m\u00e9rk\u0151z\u00e9sre. Nem viselt \u00e1lruh\u00e1t, felismert\u00e9k h\u00e1t sokan. \u201eNagyon j\u00f3 \u00e9rz\u00e9s volt \u00fajra bel\u00e9pni a p\u00e1ly\u00e1ra\u201d \u2013 nyilatkozta a megyei egyenlapnak.\r\n\r\nA k\u00f6zemberr\u00e9 v\u00e1ltozott B\u00e9la kir\u00e1ly p\u00e1lyafut\u00e1sa cs\u00facspontj\u00e1r\u00f3l nem sz\u00edvesen besz\u00e9l:\r\n<blockquote>Elegem van abb\u00f3l, hogy mindenki a Manchester-meccsr\u0151l k\u00e9rdez, \u00e9s \u00fagy v\u00e9lekedik r\u00f3lam: na, ez is r\u00fagott egy g\u00f3lt, azt\u00e1n semmi m\u00e1st nem csin\u00e1lt.<\/blockquote>\r\nEtt\u0151l f\u00fcggetlen\u00fcl a hist\u00f3ria megmarad Manchester Unikumnak.\r\n\r\n[prefabricated_shortcode in_app=\"0\" code=\"%3Cdiv%20class%3D%22article_box_border%22%20style%3D%22background%3A%20url%28%27https%3A%2F%2F24.p3k.hu%2Fapp%2Fuploads%2Fsites%2F24%2F2021%2F05%2Fsport24-pattern.png%27%29%20no-repeat%20left%20-16px%20%23f3f3f4%3B%20border%3A%20none%3B%22%3E%0D%0A%3Cdiv%20class%3D%22article_solidheader%22%3E%0D%0A%3Ch2%20style%3D%22color%3A%20%23111115%21important%3B%20font-size%3A%2036px%3B%20font-weight%3A%20bold%3B%20margin-bottom%3A%2030px%3B%20margin-top%3A%2020px%3B%20text-align%3A%20center%3B%20line-height%3A%2036px%3B%22%3E%3Cimg%20class%3D%22aligncenter%20size-full%20wp-image-141%22%20src%3D%22https%3A%2F%2F24.p3k.hu%2Fapp%2Fuploads%2Fsites%2F24%2F2021%2F05%2Fs24-logo-dt.png%22%20alt%3D%22%22%20width%3D%22408%22%20height%3D%2290%22%20%2F%3E%3C%2Fh2%3E%0D%0A%3Ch2%20style%3D%22color%3A%20%23111115%21important%3B%20font-size%3A%2036px%3B%20font-weight%3A%20bold%3B%20margin-bottom%3A%2030px%3B%20margin-top%3A%2020px%3B%20text-align%3A%20center%3B%20line-height%3A%2040px%3B%22%3ECsatlakozz%20a%20Sport24%20k%C3%B6z%C3%B6ss%C3%A9ghez%2C%20mondd%20el%20v%C3%A9lem%C3%A9nyedet%20z%C3%A1rt%20Facebook-csoportunkban%2C%20%C3%A9s%20vegy%C3%A9l%20r%C3%A9szt%20csak%20el%C5%91fizet%C5%91knek%20el%C3%A9rhet%C5%91%20exkluz%C3%ADv%20esem%C3%A9nyeinken.%3C%2Fh2%3E%0D%0A%3C%2Fdiv%3E%0D%0A%3Cp%20style%3D%22background%3A%20%2357A600%3B%20margin-top%3A%2020px%3B%20padding%3A%2020px%3B%20text-align%3A%20center%3B%22%3E%3Ca%20style%3D%22color%3A%20%23ffffff%3B%20font-size%3A%2026px%3B%20font-weight%3A%20600%3B%22%20href%3D%22https%3A%2F%2Fwww.facebook.com%2Fgroups%2F212344460412327%22%3ECSATLAKOZOM%3C%2Fa%3E%3C%2Fp%3E%0D%0A%0D%0A%3C%2Fdiv%3E\"]","type":"rich","thumbnail_url":"https:\/\/s.24.hu\/app\/uploads\/sites\/24\/2022\/08\/gettyimages-651912630-2-150x150.jpg","thumbnail_width":150,"thumbnail_height":150}