{"version":"1.0","provider_name":"Sport24","provider_url":"https:\/\/sport24.24.hu","author_name":"Bruckner G\u00e1bor","author_url":"https:\/\/sport24.24.hu\/author\/brucknerg\/","title":"Mi\u00e9rt nyerhette el a Real Madrid szinte edz\u0151meccset j\u00e1tszva a Szuperkup\u00e1t?","html":"A Real Madridhoz 2015 ut\u00e1n visszat\u00e9r\u0151<strong> Carlo Ancelotti<\/strong> vezet\u00e9s\u00e9vel a rojiblanc\u00f3k nemcsak a bajnoki c\u00edmet h\u00f3d\u00edtott\u00e1k el a tavalyi szezont d\u00f6c\u00f6g\u0151sen kezd\u0151 Barcelon\u00e1t\u00f3l, hanem a Bajnokok Lig\u00e1j\u00e1t is megnyert\u00e9k, miut\u00e1n mindh\u00e1rom egyenes kies\u00e9ses p\u00e1rharcot a s\u00edrb\u00f3l siker\u00fclt visszahozniuk. Az imm\u00e1r n\u00e9gyszeres BL-gy\u0151ztes edz\u0151 j\u00e1t\u00e9kelk\u00e9pzel\u00e9se nem k\u00fcl\u00f6nb\u00f6z\u00f6tt nagyban az el\u0151d Zin\u00e9dine Zidan\u00e9t\u00f3l; a centire kidolgozott poz\u00edci\u00f3s j\u00e1t\u00e9k \u00e9s a let\u00e1mad\u00e1si mechanizmusok helyett, ahogyan azt a kor\u00e1bbi klubjain\u00e1l is megszokhattuk,\r\n\r\n<span class=\"highlight-block-small\">nagyobb szabads\u00e1got adott a viszonylag magas \u00e1tlag\u00e9letkor\u00fa csapatnak, amely szinte minden poszton k\u00f6zel \u00e9vtizedes tapasztalatot hozott a legmagasabb szintr\u0151l, \u00e9s amelynek a magj\u00e1t m\u00e9g mindig a n\u00e9gy-\u00f6t \u00e9vvel ezel\u0151tti, h\u00e1romszoros BL-gy\u0151ztes t\u00e1rsas\u00e1g adja. <\/span>\r\n\r\nA 4-3-3-as j\u00e1t\u00e9krendszer ennek a liber\u00e1lis j\u00e1t\u00e9kst\u00edlusnak j\u00f3 keretrendszert adott: az egyes csoportok sz\u00e9lt\u00e9ben \u00e9s hossz\u00e1ban is szabadon mozoghattak labdabirtokl\u00e1sban, ami olykor az \u00f6sszhang rov\u00e1s\u00e1ra ment. Let\u00e1mad\u00e1sban a 4-1-4-1-es alapfel\u00e1ll\u00e1sb\u00f3l emberfog\u00e1ssal szabadon lehetett fell\u00e9pni a magas let\u00e1mad\u00e1shoz, m\u00e9lyebb v\u00e9dekez\u00e9sn\u00e9l pedig a k\u00e9t sz\u00e9ls\u0151 ak\u00e1r emberfog\u00e1ssal is visszafel\u00e9 k\u00f6vethette a v\u00e9d\u0151vonalba az ellenf\u00e9l sz\u00e9ls\u0151 h\u00e1tv\u00e9djeit. Ancelotti teh\u00e1t labd\u00e1s \u00e9s a labda elleni j\u00e1t\u00e9kban is nagy szabads\u00e1got adott a j\u00e1t\u00e9kosoknak, s ez a szerencs\u00e9s tov\u00e1bbjut\u00e1sok \u00e9s a v\u00e9dekez\u00e9s sebezhet\u0151s\u00e9ge mellett is sikeresnek bizonyult az els\u0151 \u00e9vadban.\r\n\r\n<strong>Oliver Glasner<\/strong> Frankfurtja csak a 11. helyen v\u00e9gzett a Bundesliga legut\u00f3bbi szezonj\u00e1ban, \u00e1m a csapatnak az Eur\u00f3pa Lig\u00e1t \u00f6sszess\u00e9g\u00e9ben veretlen\u00fcl(!) siker\u00fclt megnyernie. A n\u00e9metek a d\u00f6nt\u0151ben a sk\u00f3t Rangers g\u00e1rd\u00e1j\u00e1t gy\u0151zt\u00e9k le tizenegyesekkel, de a menetel\u00e9s sor\u00e1n a piros-feket\u00e9k m\u00e1sok mellett a Barcelon\u00e1t is k\u00e9t v\u00e1llra fektett\u00e9k. Az osztr\u00e1k edz\u0151 a Linzben \u00e9s Wolfsburgban megszokott, kev\u00e9s labdabirtokl\u00e1sra, de rendk\u00edv\u00fcl direkt j\u00e1t\u00e9kra \u00e9s agressz\u00edv let\u00e1mad\u00e1sra \u00e9p\u00fcl\u0151, kellemetlen st\u00edlust pr\u00f3b\u00e1lta megval\u00f3s\u00edtani a Frankfurtn\u00e1l is. Ehhez leggyakrabban a 3-4-3-as fel\u00e1ll\u00e1s duk\u00e1lt, ami a plusz bels\u0151 v\u00e9d\u0151nek k\u00f6sz\u00f6nhet\u0151en nagyobb stabilit\u00e1st adott a h\u00e1ts\u00f3 sorban \u00e9s seg\u00edtett a p\u00e1lya k\u00f6zep\u00e9nek kontroll\u00e1l\u00e1s\u00e1ban.\r\n\r\nAncelotti semmit nem v\u00e1ltoztatott a BL-gy\u0151ztes kezd\u0151csapaton.<strong> Thibaut Courtois<\/strong> el\u0151tt <strong>Carvajal, Militao, Alaba<\/strong> \u00e9s <strong>Ferland Medy<\/strong> alkotta a v\u00e9delmet, a k\u00f6z\u00e9pp\u00e1ly\u00e1n az elny\u0171hetetlen<strong> Casemiro, Modric, Kroos<\/strong> tri\u00f3 kapott helyet, el\u00f6l pedig a f\u00e9lig sz\u00e9ls\u0151k\u00e9nt, f\u00e9lig negyedik k\u00f6z\u00e9pp\u00e1ly\u00e1sk\u00e9nt j\u00e1tsz\u00f3<strong> Fedrico Valverde<\/strong> l\u00e9pett p\u00e1ly\u00e1ra a k\u00f6z\u00e9pcsat\u00e1r <strong>Benzema<\/strong> \u00e9s a bal oldalvonal mellett j\u00e1tsz\u00f3 <strong>Vin\u00edcius Junior<\/strong> mellett.\r\n\r\nGlasner kezd\u0151csapata a t\u00e1voz\u00f3 <strong>Filip Kostic<\/strong> kiv\u00e9tel\u00e9vel t\u00edz helyen megegyezett a Rangers elleni EL-d\u00f6nt\u0151ben p\u00e1ly\u00e1ra k\u00fcld\u00f6tt egy\u00fcttessel. A kapus <strong>Kevin Trapp<\/strong> el\u0151tt <strong>Almamy Tour\u00e9, Tuta<\/strong> \u00e9s <strong>Kevin Ndicka<\/strong> alkotta a h\u00e1romf\u0151s bels\u0151 v\u00e9delmet; a sz\u00e1rnyv\u00e9d\u0151 jobb oldalt <strong>Ansgar Knauff<\/strong>, bal oldalt pedig a t\u00e1voz\u00f3 <strong>Kostic<\/strong> helyett <strong>Christopher Lenz<\/strong> lett. A v\u00e9delem el\u0151tt <strong>Sebastian Rode<\/strong> \u00e9s <strong>Djibril Sowe<\/strong> felelt a j\u00e1t\u00e9k forgat\u00e1s\u00e1\u00e9rt \u00e9s az ellenf\u00e9l t\u00e1mad\u00e1sainak megsz\u0171r\u00e9s\u00e9\u00e9rt. A h\u00e1rom centr\u00e1lisan j\u00e1tsz\u00f3 t\u00e1mad\u00f3 pedig az \u00edg\u00e9retes jap\u00e1n <strong>Daichi Kamada<\/strong>, a d\u00e1n<strong> Jesper Lindstr\u00f6m<\/strong> \u00e9s a kolumbiai k\u00f6z\u00e9pcsat\u00e1r, <strong>Rafael Santos Borr\u00e9<\/strong> lett.\r\n<div class=\"payable-content-section\"><\/div>\r\n\r\n[caption id=\"attachment_5485\" align=\"alignnone\" width=\"2048\"]<img class=\"wp-image-5485 size-full\" src=\"https:\/\/sport24.24.hu\/app\/uploads\/sites\/24\/2022\/08\/rmafra0.png\" alt=\"\" width=\"2048\" height=\"1261\" \/> A kezd\u0151csapatok[\/caption]\r\n\r\nA meccs jellemz\u0151 k\u00e9pe m\u00e1r az els\u0151 percekben kirajzol\u00f3dott: a Real Madrid stabilan, de energiatakar\u00e9kosan j\u00e1ratta a labd\u00e1t, a frankfurtiak pedig legink\u00e1bb k\u00f6z\u00e9ps\u0151 blokkban, a p\u00e1lya k\u00f6zep\u00e9t lez\u00e1rva v\u00e9dekeztek. Az 5-4-1-es v\u00e9delm\u00fck lehet\u0151v\u00e9 tette, hogy a h\u00e1ts\u00f3 ter\u00fcletek stabil lev\u00e9d\u00e9s\u00e9n \u00e9s a p\u00e1lya k\u00f6z\u00e9ps\u0151 s\u00e1vjainak lez\u00e1r\u00e1s\u00e1n t\u00fal egy-egy ember a blokkb\u00f3l kil\u00e9pve alkalomadt\u00e1n meg is t\u00e1madhassa a labd\u00e1s j\u00e1t\u00e9kost. Ett\u0151l a madridiak m\u00e9g \u00f6nmag\u00e1ban nem ijedtek meg, hiszen Kroos \u00e9s Modric seg\u00edts\u00e9g\u00e9vel labdabiztosan forgathatt\u00e1k a j\u00e1t\u00e9kot egyik oldalr\u00f3l a m\u00e1sikra. Ugyanakkor a Frankfurt form\u00e1ci\u00f3ja alkalmas volt a sz\u00e9lek lev\u00e9d\u00e9s\u00e9re is, Lindstr\u00f6m \u00e9s Kamada k\u00f6nnyed\u00e9n ki tudta seg\u00edteni a m\u00f6g\u00f6tt\u00fck j\u00e1tsz\u00f3 sz\u00e1rnyv\u00e9d\u0151t, illetve, ha a szitu\u00e1ci\u00f3 megengedte a Rode, Sow p\u00e1ros labd\u00e1hoz k\u00f6zelebbi tagja szint\u00e9n kimozdulhatott l\u00e9tsz\u00e1mf\u00f6l\u00e9nyt kialak\u00edtani. Ami a Real labdabirtokl\u00e1s\u00e1t illeti, Carvajal jobbh\u00e1tv\u00e9dk\u00e9nt szinte mindig felfutott az oldalvonal mellett, Valverde pedig amolyan hamis sz\u00e9ls\u0151k\u00e9nt ink\u00e1bb befel\u00e9 mozgott. A bal oldalon a szereposzt\u00e1s pontosan ford\u00edtott volt: Ferland Mendy ink\u00e1bb h\u00e1tul, a f\u00e9lter\u00fcletben maradva hamis sz\u00e9ls\u0151h\u00e1tv\u00e9dk\u00e9nt, vagy harmadik bels\u0151 v\u00e9d\u0151k\u00e9nt helyezkedett, Vinicius pedig hagyom\u00e1nyos sz\u00e9ls\u0151k\u00e9nt az oldalvonalat taposta, m\u00e9lyen tartva ezzel Knauffot. A madridiak azonban legink\u00e1bb a p\u00e1lya k\u00f6z\u00e9ps\u0151, a frankfurti blokk el\u0151tti ter\u00fcletein tudt\u00e1k j\u00e1ratni a labd\u00e1t, a sz\u00e9lekre t\u00f6rt\u00e9n\u0151 forgat\u00e1st a Frankfurt az el\u0151bb le\u00edrt m\u00f3don viszonylag hat\u00e9konyan tudta semleges\u00edteni.\r\n\r\n<img class=\"alignnone size-full wp-image-5487\" src=\"https:\/\/sport24.24.hu\/app\/uploads\/sites\/24\/2022\/08\/rmafra1.png\" alt=\"\" width=\"1280\" height=\"720\" \/>\r\n\r\n<em>A Real labdabirtokl\u00e1sa a jobb oldalon. Carvajal fell\u00e9p az ellenf\u00e9l v\u00e9d\u0151vonal\u00e1ig, Valverde befel\u00e9 mozog, Modric a sz\u00e9len k\u00e9ri el a labd\u00e1t. A Frankfurt k\u00f6z\u00e9pp\u00e1ly\u00e1s vonala kell\u0151en sz\u00e9les ahhoz, hogy \u201eletol\u00f3dja\u201d Kroos forgat\u00e1s\u00e1t.<\/em>\r\n\r\n<img class=\"alignnone size-full wp-image-5488\" src=\"https:\/\/sport24.24.hu\/app\/uploads\/sites\/24\/2022\/08\/rmafra2.png\" alt=\"\" width=\"1280\" height=\"720\" \/>\r\n\r\n<em>A Real labdabirtokl\u00e1sa a bal oldalon. Mendy hamis sz\u00e9ls\u0151h\u00e1tv\u00e9dk\u00e9nt kapja a labd\u00e1t, de Vin\u00edcius Kroos forgat\u00e1sa ut\u00e1n m\u00e9g nem \u00e9rt \u00e1t a t\u00faloldalra. A Frankfurt 5-4-1-es k\u00f6z\u00e9ps\u0151 blokkja sikeresen tol\u00f3dik.<\/em>\r\n\r\nAmikor pedig a Madrid h\u00e1ts\u00f3 j\u00e1t\u00e9kosai megeresztettek egy-egy kock\u00e1zatos m\u00e9lys\u00e9gi passzt a v\u00e9delmi blokkon bel\u00fclre, akkor az \u00f3ram\u0171 pontoss\u00e1ggal takar\u00edt\u00f3 Rode \u00e9s Sow labdaszerz\u00e9sei egy-egy vesz\u00e9lyes kontr\u00e1ra is lehet\u0151s\u00e9get adtak. B\u00e1r ilyenkor a Frankfurtnak viszonylag m\u00e9lyr\u0151l, gyorsan kellett fel\u00e9rnie, a kis ter\u00fcleten is magabiztos jap\u00e1n Kamad\u00e1nak \u00e9s Lindstr\u00f6m sebess\u00e9g\u00e9nek nagy haszn\u00e1t vett\u00e9k.\r\n\r\nB\u00e1r a Frankfurt csak 42 sz\u00e1zal\u00e9kban birtokolta a labd\u00e1t a m\u00e9rk\u0151z\u00e9sen, a Real v\u00e9dekez\u00e9se viszonylag hossz\u00fa peri\u00f3dusokra enged\u00e9lyezte a n\u00e9metek sz\u00e1m\u00e1ra a t\u00e1mad\u00e1s\u00e9p\u00edt\u00e9st.\r\n\r\n<span class=\"highlight-block\">A madridiak csak ritk\u00e1n t\u00e1madt\u00e1k le a frankfurti labdakihozatalokat, <\/span>\r\n\r\nde amikor \u00edgy tettek, akkor legink\u00e1bb az oldalvonal mellett, a k\u00f6zvetlen passzopci\u00f3kon emberfog\u00e1st alkalmazva pr\u00f3b\u00e1lt\u00e1k a labd\u00e1st \u00edvel\u00e9sre k\u00e9nyszer\u00edteni. A Madrid nagyon gyakran \u2013 el\u0151szezon l\u00e9v\u00e9n, sp\u00f3rolva az energi\u00e1val \u2013 ink\u00e1bb a kezd\u0151k\u00f6r k\u00f6rny\u00e9k\u00e9n v\u00e9dekezett. Mivel Benzema \u00e9s Vin\u00edcius csak m\u00e9rs\u00e9kelten helyezett nyom\u00e1st a labd\u00e1sra, Kroos \u00e9s k\u00fcl\u00f6n\u00f6sen Modric pedig nem az egy az egyben v\u00e9dekez\u00e9s nagymestere, tov\u00e1bb\u00e1 a Zidane-\u00e9r\u00e1hoz hasonl\u00f3an olykor m\u00e9g Alaba \u00e9s Militao is kil\u00e9phetett az ember\u00e9vel, a Frankfurt t\u00f6bb alkalommal sikeresen kombin\u00e1lhatott a Kamada, Borr\u00e9, Lindstr\u00f6m h\u00e1rmason j\u00f3volt\u00e1b\u00f3l.\r\n\r\n<img class=\"alignnone size-full wp-image-5489\" src=\"https:\/\/sport24.24.hu\/app\/uploads\/sites\/24\/2022\/08\/rmafra3.png\" alt=\"\" width=\"1280\" height=\"720\" \/>\r\n\r\n<em>A Real let\u00e1mad\u00e1sa. A bal bels\u0151 k\u00f6z\u00e9ph\u00e1tv\u00e9d Ndicka kapja a labd\u00e1t. Benzema oldalra szor\u00edtja, Modric \u00e9s Valverde is a k\u00f6zvetlen passzopci\u00f3kat \u0151rzi. Vin\u00edcius az oldalford\u00edt\u00e1s lehet\u0151s\u00e9g\u00e9t z\u00e1rja le.<\/em>\r\n\r\n<img class=\"alignnone size-full wp-image-5490\" src=\"https:\/\/sport24.24.hu\/app\/uploads\/sites\/24\/2022\/08\/rmafra4.png\" alt=\"\" width=\"1280\" height=\"720\" \/>\r\n\r\n<em>Sow kapja a labd\u00e1t Lenzt\u0151l, de nincs nyom\u00e1s alatt, a passzs\u00e1v sincs lez\u00e1rva. Felpasszolja Borr\u00e9nak a labd\u00e1t, aki a harmadik emberk\u00e9nt beindul\u00f3 Lindstr\u00f6m\u00f6t hozza j\u00e1t\u00e9kba.<\/em>\r\n\r\nV\u00e1laszul a Madrid egyre m\u00e9lyebbre h\u00fazta a v\u00e9delmi vonal\u00e1t \u2013 ezt a l\u00e9p\u00e9st a tavaszi BL-menetel\u00e9skor is t\u00f6bbsz\u00f6r l\u00e1thattuk a csapatt\u00f3l \u2013, amire a Frankfurtnak m\u00e1r nem igaz\u00e1n akadt receptje. Glasner egy\u00fcttese ugyanis - amint arr\u00f3l m\u00e1r sz\u00f3 volt \u2013 sokkal ink\u00e1bb szeret direkten, a v\u00e9delem m\u00f6g\u00e9 sebess\u00e9gb\u0151l bet\u00f6rve t\u00e1madni, mintsem szemb\u0151l, sokpasszos j\u00e1t\u00e9kkal felt\u00f6rni egy m\u00e9lyen bet\u00f6m\u00f6r\u00fcl\u0151 falat. Neh\u00e9z is megmondani, hogy az ilyen szitu\u00e1ci\u00f3kra mi a frankfurtiak elk\u00e9pzel\u00e9se.\r\n\r\n<img class=\"alignnone size-full wp-image-5491\" src=\"https:\/\/sport24.24.hu\/app\/uploads\/sites\/24\/2022\/08\/rmafra5.png\" alt=\"\" width=\"1280\" height=\"720\" \/>\r\n\r\n<em>A gyenge oldali sz\u00e9ls\u0151h\u00e1tv\u00e9d, Knauff befel\u00e9 mozog, hogy labdaveszt\u00e9s eset\u00e9n k\u00f6nnyebb legyen visszat\u00e1madni. \u00cdgy azonban a Real v\u00e9delme a t\u00faloldalon nincs sz\u00e9th\u00fazva. A labd\u00e1s legk\u00f6zelebbi opci\u00f3ja k\u00f6z\u00fcl ketten is a labda fel\u00e9 mozognak, csak a cserek\u00e9nt be\u00e1llt Kolo Muani indul be a f\u00e9lter\u00fcletbe.<\/em>\r\n\r\n<span class=\"highlight-block\">H\u00e1tr\u00e1nyban term\u00e9szetesen sz\u00fcks\u00e9gess\u00e9 v\u00e1lt, hogy a Frankfurt magasan let\u00e1madja ellenfel\u00e9t. <\/span>\r\n\r\nEzt \u00e9rtelemszer\u0171en a k\u00f6z\u00e9pcsat\u00e1r Borr\u00e9 ind\u00edtotta. A Rode, Sow p\u00e1ros tagjainak egyike a k\u00f6z\u00e9ps\u0151 passzopci\u00f3kat fogta le, m\u00edg Kamada \u00e9s Lindstr\u00f6m a f\u00e9lter\u00fcletben helyezkedve ink\u00e1bb a fedez\u0151\u00e1rny\u00e9kot haszn\u00e1lta. Hi\u00e1ba engedte meg azonban az \u00f6tf\u0151s h\u00e1ts\u00f3 sor, hogy a sz\u00e1rnyv\u00e9d\u0151k, vagy extr\u00e9m esetben a bels\u0151 v\u00e9d\u0151k egyike is fell\u00e9pjen az ember\u00e9vel, a madridi labdakihozatalokat nem nagyon siker\u00fclt meg\u00e1ll\u00edtani. Zidane \u00e9s Ancelotti id\u0151szak\u00e1ra is jellemz\u0151 volt, hogy a nagy poz\u00edci\u00f3s szabads\u00e1ggal j\u00e1tsz\u00f3 Real ink\u00e1bb a m\u00e9lyen bet\u00f6m\u00f6r\u00fcl\u0151 ellenfelekkel szemben boldogult nehezen. A magasan let\u00e1mad\u00f3 riv\u00e1lisokat \u2013 k\u00fcl\u00f6n\u00f6sen Modric \u00e9s Kroos labdabiztoss\u00e1g\u00e1nak \u00e9s poz\u00edci\u00f3s intelligenci\u00e1j\u00e1nak k\u00f6sz\u00f6nhet\u0151en \u2013 gyakran szigor\u00fabb s\u00e9m\u00e1k n\u00e9lk\u00fcl is ki tudt\u00e1k passzolni. Ez szerda este sem volt m\u00e1sk\u00e9ppen, a m\u00e9lyre visszal\u00e9p\u0151, sz\u00e9lre kimozg\u00f3 Kroos \u00e9s Modric megengedte, hogy a sz\u00e9ls\u0151h\u00e1tv\u00e9dek feljebb h\u00faz\u00f3djanak.\r\n\r\n<img class=\"alignnone size-full wp-image-5492\" src=\"https:\/\/sport24.24.hu\/app\/uploads\/sites\/24\/2022\/08\/rmafra6.png\" alt=\"\" width=\"1280\" height=\"720\" \/>\r\n\r\n<em>Milita\u00f3t Borr\u00e9 \u00e9s Lindstr\u00f6m pr\u00f3b\u00e1lja oldalra szor\u00edtani. A labda oldal\u00e1n az \u00f6sszes opci\u00f3 emberfog\u00e1s alatt. Carvajal Krooshoz passzol, majd, ahogyan t\u0151le megszokhattuk, befel\u00e9 mozog, \u00e9s visszakapja a labd\u00e1t. Ezut\u00e1n Alab\u00e1hoz forgat a t\u00faloldalra, a frankfurti let\u00e1mad\u00e1s sikeresen kij\u00e1tszva.<\/em>\r\n\r\n<img class=\"alignnone size-full wp-image-5493\" src=\"https:\/\/sport24.24.hu\/app\/uploads\/sites\/24\/2022\/08\/rmafra7.png\" alt=\"\" width=\"1280\" height=\"720\" \/>\r\n\r\n<em>Mendy nyom\u00e1s alatt, Vin\u00edcius a vonal mellett a fell\u00e9p\u0151 Knauff m\u00f6g\u00f6tti ter\u00fcletbe indul. Megkapja a labd\u00e1t, \u00e9s a jelenet v\u00e9g\u00e9n az \u00e9rkez\u0151 Benzem\u00e1val megr\u00fagatja a m\u00e1sodik g\u00f3lt.<\/em>\r\n\r\n\u00c9s ekkor j\u00f6tt a k\u00e9pbe a legfontosabb fegyver, ami a m\u00e1sodik g\u00f3lhoz vezetett: Vin\u00edcius sebess\u00e9ge.\r\n\r\nA Szuperkup\u00e1t teh\u00e1t a BL-gy\u0151ztes vihette haza, ahogyan az elm\u00falt t\u00edz \u00e9vben egy kiv\u00e9tellel mindig. A k\u00e9t csapat k\u00f6z\u00f6tt el\u0151zetesen is kalkul\u00e1lhat\u00f3 k\u00fcl\u00f6nbs\u00e9g l\u00e1tv\u00e1nyosan megmutatkozott: Glasner g\u00e1rd\u00e1ja hi\u00e1ba volt v\u00e9dekez\u00e9sben nagyon szervezett, nem igaz\u00e1n tudta kompenz\u00e1lni a k\u00e9t j\u00e1t\u00e9koskeret k\u00f6z\u00f6tti min\u0151s\u00e9gi k\u00fcl\u00f6nbs\u00e9get. A Real Madrid pedig nyugodtan, szinte edz\u0151meccset j\u00e1tszva hozta le a tal\u00e1lkoz\u00f3t az \u00f6sszeszokott, rutinos j\u00e1t\u00e9kosokra \u00e9p\u00edtett, viszonylag stabil alapj\u00e1t\u00e9k\u00e1val. Az \u0151 eset\u00fckben\r\n\r\n<span class=\"highlight-block\">a szezon legnagyobb k\u00e9rd\u00e9se, hogy fenn tudj\u00e1k-e tartani a legut\u00f3bbi, igencsak kicentizett Bl-teljes\u00edtm\u00e9nyt,<\/span>\r\n\r\nilletve a spanyol bajnoks\u00e1gban Xavi Barcelon\u00e1ja meg\u00e1ll\u00edthatja-e \u0151ket. A Frankfurt pedig EL-gy\u0151ztesk\u00e9nt a Bajnokok Lig\u00e1ja csoportk\u00f6r\u00e9ben indulhat. K\u00e9rd\u00e9s, a plusz terhel\u00e9s feldobja-e, vagy ink\u00e1bb kif\u00e1rasztja a csapatot.\r\n\r\n[prefabricated_shortcode in_app=\"0\" code=\"%3Cdiv%20class%3D%22article_box_border%22%20style%3D%22background%3A%20url%28%27https%3A%2F%2F24.p3k.hu%2Fapp%2Fuploads%2Fsites%2F24%2F2021%2F05%2Fsport24-pattern.png%27%29%20no-repeat%20left%20-16px%20%23f3f3f4%3B%20border%3A%20none%3B%22%3E%0D%0A%3Cdiv%20class%3D%22article_solidheader%22%3E%0D%0A%3Ch2%20style%3D%22color%3A%20%23111115%21important%3B%20font-size%3A%2036px%3B%20font-weight%3A%20bold%3B%20margin-bottom%3A%2030px%3B%20margin-top%3A%2020px%3B%20text-align%3A%20center%3B%20line-height%3A%2036px%3B%22%3E%3Cimg%20class%3D%22aligncenter%20size-full%20wp-image-141%22%20src%3D%22https%3A%2F%2F24.p3k.hu%2Fapp%2Fuploads%2Fsites%2F24%2F2021%2F05%2Fs24-logo-dt.png%22%20alt%3D%22%22%20width%3D%22408%22%20height%3D%2290%22%20%2F%3E%3C%2Fh2%3E%0D%0A%3Ch2%20style%3D%22color%3A%20%23111115%21important%3B%20font-size%3A%2036px%3B%20font-weight%3A%20bold%3B%20margin-bottom%3A%2030px%3B%20margin-top%3A%2020px%3B%20text-align%3A%20center%3B%20line-height%3A%2040px%3B%22%3ECsatlakozz%20a%20Sport24%20k%C3%B6z%C3%B6ss%C3%A9ghez%2C%20mondd%20el%20v%C3%A9lem%C3%A9nyedet%20z%C3%A1rt%20Facebook-csoportunkban%2C%20%C3%A9s%20vegy%C3%A9l%20r%C3%A9szt%20csak%20el%C5%91fizet%C5%91knek%20el%C3%A9rhet%C5%91%20exkluz%C3%ADv%20esem%C3%A9nyeinken.%3C%2Fh2%3E%0D%0A%3C%2Fdiv%3E%0D%0A%3Cp%20style%3D%22background%3A%20%2357A600%3B%20margin-top%3A%2020px%3B%20padding%3A%2020px%3B%20text-align%3A%20center%3B%22%3E%3Ca%20style%3D%22color%3A%20%23ffffff%3B%20font-size%3A%2026px%3B%20font-weight%3A%20600%3B%22%20href%3D%22https%3A%2F%2Fwww.facebook.com%2Fgroups%2F212344460412327%22%3ECSATLAKOZOM%3C%2Fa%3E%3C%2Fp%3E%0D%0A%0D%0A%3C%2Fdiv%3E\"]","type":"rich","thumbnail_url":"https:\/\/s.24.hu\/app\/uploads\/sites\/24\/2022\/08\/gettyimages-1414207229-masolat-150x150.jpg","thumbnail_width":150,"thumbnail_height":150}