{"version":"1.0","provider_name":"Sport24","provider_url":"https:\/\/sport24.24.hu","author_name":"Bruckner G\u00e1bor","author_url":"https:\/\/sport24.24.hu\/author\/brucknerg\/","title":"Egyre s\u00fcrget\u0151bb a k\u00e9rd\u00e9s: mit tehet a Bundesliga, ha t\u00fal j\u00f3 a Bayern?","html":"Aki l\u00e1tta minden id\u0151k legizgalmasabb n\u00e9met bajnoki hajr\u00e1j\u00e1t, sosem felejti el azt. A 2000\/2001-es Bundesliga-id\u00e9nyben a Bayern M\u00fcnchen \u00e9s a Schalke 04 v\u00edvott \u00f3ri\u00e1si csat\u00e1t a sal\u00e1t\u00e1st\u00e1l\u00e9rt. M\u00e1r az utols\u00f3 el\u0151tti fordul\u00f3 is dr\u00e1mai volt (a Schalke a 90. percben kapott g\u00f3llal maradt alul Stuttgartban, a Bayern a 90. percben szerzett g\u00f3llal gy\u0171rte le a Kaiserslauternt), de az utols\u00f3 k\u00f6r esem\u00e9nyeit m\u00e9g forgat\u00f3k\u00f6nyvk\u00e9nt is visszadobt\u00e1k volna, annyira hihetetlen dolgok t\u00f6rt\u00e9ntek a p\u00e1ly\u00e1kon.\r\n\r\nA l\u00e9p\u00e9sh\u00e1tr\u00e1nyba ker\u00fclt Schalke hazai p\u00e1ly\u00e1n 0\u20132-re \u00e9s 2\u20133-ra is \u00e1llt a kies\u0151jel\u00f6lt Unterhaching ellen, hogy azt\u00e1n az utols\u00f3 17 percben 5\u20133-ra ford\u00edtson. Ez m\u00e9g nem volt el\u00e9g, a gelsenkirchenieknek az is kellett volna az arany\u00e9remhez, hogy a Bayern kikapjon Hamburgban. A HSV <strong>Sergej Barbarez<\/strong> fejes\u00e9vel meg is szerezte a vezet\u00e9st a 90. percben. Gelsenkirchenben p\u00e1lyainv\u00e1zi\u00f3 k\u00f6vetkezett, a del\u00edriumba esett hazai drukkerek a p\u00e1ly\u00e1n tomboltak, mert karny\u00fajt\u00e1snyira ker\u00fclt a Schalke els\u0151 n\u00e9met bajnoki c\u00edme 1958 \u00f3ta. Azt\u00e1n j\u00f6tt Hamburgban egy hazaad\u00e1s, a Schalke k\u00f6lcs\u00f6nj\u00e1t\u00e9kosak\u00e9nt a HSV-ban v\u00e9d\u0151 <strong>Mathias Schober<\/strong> megfogta azt, a Bayern k\u00f6zvetett szabadr\u00fag\u00e1shoz jutott. <strong>Stefan Effenberg<\/strong> legur\u00edtotta a labd\u00e1t<strong> Patrik Anderssonnak<\/strong>, a sv\u00e9d v\u00e9d\u0151 pedig a 94. percben a h\u00e1l\u00f3ba bik\u00e1zta egyetlen bajnoki g\u00f3lj\u00e1t a Bayern sz\u00edneiben. Gelsenkirchenben az esem\u00e9nysort kivet\u00edt\u0151n n\u00e9z\u0151 drukkerhad nem hitt a szem\u00e9nek. A sal\u00e1t\u00e1st\u00e1l M\u00fcnchenbe ker\u00fclt.\r\n\r\nhttps:\/\/www.youtube.com\/watch?v=0lLFZPW9r9M\r\n\r\nK\u00e1r, hogy ilyen nem lesz a 2022\/23-as \u00e9vadban. Na, j\u00f3. Val\u00f3sz\u00edn\u0171leg nem lesz. Val\u00f3sz\u00edn\u0171leg az lesz, mint a legut\u00f3bbi t\u00edz szezonban: a Bayern M\u00fcnchen sim\u00e1n megszerzi az els\u0151 helyet.\r\n\r\n\u00c9s \u00e9ppen itt van a Bundesliga egyik kulcsprobl\u00e9m\u00e1ja.\r\n\r\nEz nyilv\u00e1n nem t\u00fal nagy \u201eprobl\u00e9ma\u201d a 32-szeres bajnok (31-szeres Bundesliga-gy\u0151ztes) Bayern hatalmas szurkol\u00f3t\u00e1bor\u00e1nak, fejf\u00e1j\u00e1st okoz viszont a riv\u00e1lisoknak \u00e9s nem seg\u00edti el\u0151 a n\u00e9met \u00e9lvonal k\u00fclf\u00f6ldi eladhat\u00f3s\u00e1g\u00e1t. Tudniillik sok dolgot mondhatunk a Bundeslig\u00e1ra: \u00e9l\u0151bb a kapcsolat klubok, v\u00e1rosok \u00e9s szurkol\u00f3t\u00e1borok k\u00f6z\u00f6tt, mint b\u00e1rmely m\u00e1s toplig\u00e1ban; fantasztikus a temp\u00f3 \u00e9s a dinamika, igen magas a sz\u00ednvonal, a jelen \u00e9s j\u00f6v\u0151 szt\u00e1rjainak tucatjait l\u00e1tjuk, elit bajnoks\u00e1ghoz k\u00e9pest megfizethet\u0151k a jegy\u00e1rak \u00e9s pazar a hangulat.\r\n\r\n<span class=\"highlight-block\">Csak \u00e9ppen nem izgalmas a bajnoks\u00e1g m\u00e1r egy \u00e9vtizede.<\/span>\r\n\r\nNem N\u00e9metorsz\u00e1g az egyed\u00fcli, amely ezzel a probl\u00e9m\u00e1val k\u00fcszk\u00f6dik \u2013 pont a m\u00falt h\u00e9ten <a href=\"https:\/\/sport24.24.hu\/foci\/2022\/07\/29\/nb-i-rajt-megallitja-e-barki-fradi-uthenger-beharangozo\/\">tekintett\u00fcnk ki a k\u00f6z\u00e9p- \u00e9s kelet-eur\u00f3pai helyzetre<\/a> a Ferencv\u00e1ros NB I-es dominanci\u00e1ja kapcs\u00e1n \u2013, az eur\u00f3pai futball \u00f6sszess\u00e9g\u00e9ben is az er\u0151koncentr\u00e1ci\u00f3 ir\u00e1ny\u00e1ba halad, nemzeti \u00e9s nemzetk\u00f6zi szinten egyar\u00e1nt. Az, hogy a legnagyobb szurkol\u00f3t\u00e1bor\u00fa, legjobb \u00e9s leg\u00e9rt\u00e9kesebb keret\u0171, legnagyobb k\u00f6lts\u00e9gvet\u00e9s\u0171, nemzetk\u00f6zileg is a legnagyobb preszt\u00edzs\u0171, r\u00e1ad\u00e1sul mintaszer\u0171en gazd\u00e1lkod\u00f3 n\u00e9met klub uralja a Bundeslig\u00e1t \u2013 egyszer\u0171 pap\u00edrforma. Pap\u00edrforma, \u00e1m a Bundesliga hagyom\u00e1nyos dinamik\u00e1j\u00e1t (amelyben a Bayern a leger\u0151sebb klub, \u00e1m le-lel\u00f6kik a tr\u00f3nr\u00f3l) felbor\u00edtja \u00e9s a vonzerej\u00e9t cs\u00f6kkenti.\r\n\r\nErre M\u00fcnchenben teljes joggal mondhatj\u00e1k \u2013 \u00e9s a klub eg\u00e9szs\u00e9ges arroganci\u00e1t t\u00fckr\u00f6z\u0151 szellemis\u00e9g\u00e9nek meg is felelne ez \u2013, hogy ha m\u00e1sok annyira akarj\u00e1k a sal\u00e1t\u00e1st\u00e1lat, h\u00e1t legyenek sz\u00edvesek er\u0151sebbek lenni. Ett\u0151l persze m\u00e9g nem lesznek a t\u00f6bbiek er\u0151sebbek, s a Bayern nyomaszt\u00f3 dominanci\u00e1ja sem cs\u00f6kken.\r\n\r\nAzt, hogy mennyire szokatlan az ilyen szint\u0171 egyeduralom, egy id\u0151vonallal illusztr\u00e1ljuk. A Bundesliga eddigi 59 \u00e9vada szerepel rajta, a bajnokcsapat \u00e9s a m\u00e1sodik helyezett pontsz\u00e1m\u00e1val, illetve a kett\u0151 k\u00f6zti k\u00fcl\u00f6nbs\u00e9ggel. Eg\u00e9szen 2012-ig \u2013 a legut\u00f3bbi id\u00e9nyig, amelyet nem a Bayern nyert meg (akkor a Dortmund diadalmaskodott) \u2013 igen ritka volt a mindenf\u00e9le izgalmat n\u00e9lk\u00fcl\u00f6z\u0151 bajnoki versenyfut\u00e1s. Ha a jelenlegi, a gy\u0151zelmet 3 ponttal jutalmaz\u00f3 pontsz\u00e1m\u00edt\u00e1sra konvert\u00e1ljuk a v\u00e9geredm\u00e9nyeket, akkor bajnok \u00e9s vicebajnok k\u00f6z\u00f6tt 1964 \u00e9s 2012 k\u00f6z\u00f6tt csak h\u00e9tszer alakult volna ki 10 pontn\u00e1l nagyobb k\u00fcl\u00f6nbs\u00e9g.\r\n\r\n<span class=\"highlight-block-small\">A legut\u00f3bbi 10 id\u00e9nyb\u0151l viszont 8 ilyen volt, a Bayern ebben a peri\u00f3dusban \u00e1tlagosan 13,6 pont el\u0151nnyel ig\u00e1zta le a m\u00e1sodik helyezettet (az 1964\u20132012 k\u00f6z\u00f6tti \u00e1tlag csup\u00e1n 4,7).<\/span>\r\n<div class=\"payable-content-section\"><\/div>\r\nEgyetlen id\u00e9ny volt a legut\u00f3bbi \u00e9vtizedben, amelyben az utols\u00f3 fordul\u00f3ig nyitva maradt a bajnoki c\u00edm k\u00e9rd\u00e9se, holott a Bundeslig\u00e1nak sok\u00e1ig ism\u00e9rve volt a v\u00e9gig ki\u00e9lezett versenyfut\u00e1s.\r\n\r\n<iframe class=\"flourish-embed-iframe\" style=\"width: 100%;height: 600px\" title=\"Interactive or visual content\" src=\"https:\/\/flo.uri.sh\/visualisation\/10815511\/embed\" frameborder=\"0\" scrolling=\"no\"><\/iframe>\r\n<div style=\"width: 100%!;margin-top: 4px!important;text-align: right!important\"><a class=\"flourish-credit\" style=\"text-decoration: none!important\" href=\"https:\/\/public.flourish.studio\/visualisation\/10815511\/?utm_source=embed&amp;utm_campaign=visualisation\/10815511\" target=\"_top\" rel=\"noopener\"><img style=\"width: 105px!important;height: 16px!important;border: none!important;margin: 0!important\" src=\"https:\/\/public.flourish.studio\/resources\/made_with_flourish.svg\" alt=\"Made with Flourish\" \/> <\/a><\/div>\r\n&nbsp;\r\n\r\nSz\u00f3val a t\u00edz egym\u00e1st k\u00f6vet\u0151 m\u00fcncheni bajnoki c\u00edmn\u00e9l is nyomaszt\u00f3bb az, hogy a t\u00f6bbi csapat a fasorban sincs, b\u00e1rmivel pr\u00f3b\u00e1lkozik. Hi\u00e1ba a Red Bull-konszern p\u00e9nze, az RB Leipzig m\u00e9g egyszer sem tudta val\u00f3di versenyfut\u00e1sba belek\u00e9nyszer\u00edteni a Bayernt. Hi\u00e1ba a Dortmund hatalmas, fanatikus szurkol\u00f3t\u00e1bora, hi\u00e1ba a fiatal szt\u00e1rok sora, a BVB is t\u00edz \u00e9ve v\u00e1r a bajnoki c\u00edmre. A Leverkusen minden erej\u00e9t megfesz\u00edtve oda-oda\u00e9r a dobog\u00f3ra \u00e9s ritk\u00e1n esik ki az els\u0151 hatb\u00f3l. A t\u00f6bbieknek j\u00f3 ideje ennyi sem jut. A Bayern nem verhetetlen (\u00e1ltal\u00e1ban 4-5 veres\u00e9get szenved egy bajnoki id\u00e9nyben), de a vet\u00e9lyt\u00e1rsak k\u00e9ptelenek annyira stabilan teljes\u00edteni, hogy val\u00f3di verseny alakuljon ki.\r\n\r\nA ny\u00e1ri \u00e1tigazol\u00e1si id\u0151szakban sem mutatja semmi azt, hogy v\u00e1ltoz\u00e1s \u00e1llna be, s\u0151t. A Bundesliga elvesz\u00edtette k\u00e9t arc\u00e1t (a Barcelon\u00e1hoz szerz\u0151d\u0151, a Dortmund \u00e9s a Bayern sz\u00edneiben 312 bajnoki g\u00f3lt el\u00e9rt <strong>Robert Lewandowskit<\/strong> \u00e9s a Manchester Cityhez al\u00e1\u00edr\u00f3 <strong>Erling Haalandot<\/strong>), de m\u00edg a Bayern M\u00fcnchen a Liverpoolt\u00f3l megszerzett <strong>Sadio Man\u00e9val<\/strong> \u00e9s a Juventust\u00f3l \u00e9rkez\u0151 <strong>Matthijs de Ligttel<\/strong> b\u00fcszk\u00e9lkedhet, a Dortmundn\u00e1l a \u201eHaaland-p\u00f3tl\u00f3\u201d <strong>S\u00e9bastien Hallert<\/strong> rosszindulat\u00fa heredaganattal diagnosztiz\u00e1lt\u00e1k. Azaz, ha lehet, m\u00e9g tov\u00e1bb ny\u00edlt az oll\u00f3 a ny\u00e1ri \u00e1tigazol\u00e1si ablakban, m\u00e9g akkor is, ha az RB Leipzig igen j\u00f3nak t\u0171nik. A lipcseiek az\u00e9rt a Szuper Kupa-m\u00e9rk\u0151z\u00e9sen kaptak egy kis \u00edzel\u00edt\u0151t az \u00e1talakult Bayern erej\u00e9b\u0151l, 5\u20133-as veres\u00e9get szenvedtek.\r\n\r\n\u201eK\u00edv\u00e1ncsi vagyok, Man\u00e9 mi\u00e9rt hagyta el a Premier League-et, hiszen az els\u0151 sz\u00e1m\u00fa eur\u00f3pai bajnoks\u00e1gb\u00f3l szerz\u0151d\u00f6tt egy olyanba, amely nem az. Persze a Bundeslig\u00e1nak, amely k\u00e9t topj\u00e1t\u00e9kos\u00e1t vesz\u00edtette el a ny\u00e1ron, ez nagyon fontos volt\u201d \u2013 v\u00e9lekedett az egykori Leverkusen-, Bayern- \u00e9s Chelsea-szt\u00e1r, <strong>Michael Ballack<\/strong> az id\u00e9nynyit\u00f3 el\u0151tt. Ballack ugyanakkor r\u00e1mutatott arra, amire sok m\u00e1s szak\u00e9rt\u0151 is: a kialakult helyzetb\u0151l k\u00fcls\u0151 beavatkoz\u00e1s n\u00e9lk\u00fcl aligha van ki\u00fat.\r\n<blockquote>Az FC Bayern remek munk\u00e1t v\u00e9gzett az ut\u00f3bbi \u00e9vekben, \u00e9s el\u0151\u00e1ll\u00edtotta azt a helyzetet, amelyben most vagyunk: t\u00edz bajnoki c\u00edmet nyert egym\u00e1s ut\u00e1n. N\u00e9metorsz\u00e1gban a tradicionalist\u00e1knak nagy belesz\u00f3l\u00e1suk van a dolgok menet\u00e9be, \u00e1m a versenyhelyzet fontos lenne ahhoz, hogy a term\u00e9k \u2013 a Bundesliga \u2013 m\u00e9g vonz\u00f3bb \u00e9s izgalmasabb legyen<\/blockquote>\r\n\u2013 mondta Ballack, aki alapvet\u0151en k\u00e9t v\u00e1ltoztat\u00e1si lehet\u0151s\u00e9get l\u00e1t. Az egyik a bajnoki rendszer megv\u00e1ltoztat\u00e1sa, a m\u00e1sik a n\u00e9met futball egyik kulcsfontoss\u00e1g\u00fa elem\u00e9nek sz\u00e1m\u00edt\u00f3 50+1-es rendszer megreform\u00e1l\u00e1sa. Az ut\u00f3bbi Pandora szelenc\u00e9j\u00e9t nyitn\u00e1 ki \u2013 beengedn\u00e9 a k\u00fcls\u0151 befektet\u0151ket, amelyek t\u00f6bbs\u00e9gi tulajdont szerezhetn\u00e9nek, ezzel elszakadhatna a nagyon szoros kapocs is, amely a helyi k\u00f6z\u00f6ss\u00e9geket, a szurkol\u00f3kat \u00e9s a klubokat \u00f6sszek\u00f6ti \u2013, az el\u0151bbi pedig igazs\u00e1gtalan lenne a leger\u0151sebb r\u00e9sztvev\u0151vel, a Bayernnel szemben. Felvet\u0151dik m\u00e9g a t\u00e9v\u00e9s p\u00e9nzek egyenl\u0151bb eloszt\u00e1sa is a megold\u00e1si javaslatok k\u00f6z\u00f6tt. A bev\u00e9telk\u00fcl\u00f6nbs\u00e9g j\u00f3kora a csapatok k\u00f6z\u00f6tt, a Bayernt eur\u00f3pai sikeress\u00e9ge m\u00e9g jobban elszak\u00edtja riv\u00e1lisait\u00f3l.\r\n<blockquote>A Bayern 285 milli\u00f3 eur\u00f3val t\u00f6bb bev\u00e9telt termel, mint mi. Durv\u00e1n k\u00e9tszer annyit tudnak fektetni a keret\u00fckbe ebben az id\u00e9nyben, mint amire mi k\u00e9pesek vagyunk<\/blockquote>\r\n\u2013 vil\u00e1g\u00edtotta meg a k\u00fcl\u00f6nbs\u00e9get <strong>Sebastian Kehl<\/strong>, a Dortmund sportigazgat\u00f3ja.\r\n\r\n<img class=\"wp-image-5414 size-full\" src=\"https:\/\/sport24.24.hu\/app\/uploads\/sites\/24\/2022\/08\/gettyimages-1242121994.jpg\" alt=\"\" width=\"2625\" height=\"1750\" \/>\r\n\r\nA szomsz\u00e9dos, hasonl\u00f3 probl\u00e9m\u00e1val (a Red Bull Salzburg tot\u00e1lis er\u0151f\u00f6l\u00e9ny\u00e9vel) k\u00fcszk\u00f6d\u0151 Ausztri\u00e1ban m\u00e1r beleny\u00faltak a lebonyol\u00edt\u00e1sba (az alapszakasz ut\u00e1n fels\u0151- \u00e9s als\u00f3h\u00e1zra bomlik a mez\u0151ny, a megszerzett pontokat megfelezik), de ez l\u00e9nyegi v\u00e1ltoz\u00e1st nem hozott, a salzburgiak tov\u00e1bbra is uralj\u00e1k a mez\u0151nyt. A sziszt\u00e9ma vissz\u00e1ss\u00e1gai ugyanakkor ki\u00fctk\u00f6znek (az Admira Wacker p\u00e9ld\u00e1ul az el\u0151z\u0151 \u00e9vadban \u00fagy esett ki, hogy hagyom\u00e1nyos pontsz\u00e1m\u00edt\u00e1ssal megel\u0151zte volna az Altachot), a ligareform meg\u00edt\u00e9l\u00e9se vegyes.\r\n\r\nMarad egy olyan verzi\u00f3, amely a hagyom\u00e1nyokhoz is k\u00f6t\u0151dik, \u00e9s a nagyobb izgalmat is biztos\u00edthatn\u00e1, ez pedig a bajnoki playoff. A legt\u00f6bb eur\u00f3pai bajnoks\u00e1ggal ellent\u00e9tben N\u00e9metorsz\u00e1gban ennek \u00f3ri\u00e1si m\u00faltja van: a bajnoki c\u00edmet 1903 \u00e9s 1963 k\u00f6z\u00f6tt r\u00e1j\u00e1tsz\u00e1s, majd fin\u00e1l\u00e9 d\u00f6nt\u00f6tte el, az utols\u00f3ban nyolccsapatos playoff v\u00e9g\u00e9n a Borussia Dortmund 3\u20131-re gy\u0151zte le az 1. FC K\u00f6lnt a stuttgarti Neckarstadion 75 ezer n\u00e9z\u0151je el\u0151tt. Ha a legjobb nyolc csapat klasszikus, kies\u00e9ses rendszer\u0171 r\u00e1j\u00e1tsz\u00e1st v\u00edvna, akkor az els\u0151 k\u00f6r d\u00f6nthetne a BL-szerepl\u0151k kil\u00e9t\u00e9r\u0151l, \u00edgy v\u00e9gig hatalmas lenne a t\u00e9t, \u00e9s nem kapna jelent\u0151s plusz meccsterhel\u00e9st a mez\u0151ny (ut\u00f3bbival minden v\u00e1ltoztat\u00e1s eset\u00e9ben sz\u00e1molni kell, hisz a 18 csapatos Bundesliga 34 m\u00e9rk\u0151z\u00e9st eredm\u00e9nyez m\u00e1r egy \u201ealapszakaszban\u201d is).\r\n\r\nNem v\u00e9letlen, hogy a N\u00e9met Labdar\u00fag\u00f3 Liga (DFL) \u00faj vezet\u0151je, <strong>Donata Hopfen<\/strong> jelezte, a szervezet nyitott mindenf\u00e9le megold\u00e1sra, amely izgalmasabb\u00e1 \u00e9s eladhat\u00f3v\u00e1 tehetn\u00e9 a bajnoks\u00e1got, illetve n\u00f6veln\u00e9 a koronav\u00edrus-vil\u00e1gj\u00e1rv\u00e1ny miatt megcsappant bev\u00e9teleket.\r\n\r\n\u201eEgy\u00e9rtelm\u0171, hogy a Bundesliga vonz\u00f3bb\u00e1 v\u00e1lna, ha \u00e9lesebb lenne a verseny a tabella elej\u00e9n. Amikor hivatalba l\u00e9ptem, kijelentettem: sz\u00e1momra nincsenek szent tehenek. Ha a playoff seg\u00edtene, akkor t\u00e1rgyaljunk r\u00f3la (\u2026) A liga tagjai k\u00f6z\u00fcl senki sem l\u00e9pett az 50+1 szab\u00e1ly megsz\u00fcntet\u00e9se \u00e9rdek\u00e9ben. Az \u00e9rt\u00e9keink \u00e9s hagyom\u00e1nyaink meg\u0151rz\u00e9s\u00e9re alapozva kell t\u00f6bb t\u0151k\u00e9t vonzanunk. A Bayern M\u00fcnchen Eur\u00f3pa egyik legjobb csapata az 50+1 ellen\u00e9re, \u00e9s ez bizony\u00edtja, hogy nem ez a szab\u00e1ly a siker akad\u00e1lya. Korl\u00e1toz\u00e1sok n\u00e9lk\u00fcl k\u00f6nnyebb lenne mindenkinek, semmi k\u00e9ts\u00e9g. De m\u00e9g mindig a mi Bundeslig\u00e1nkr\u00f3l besz\u00e9lhetn\u00e9nk, ha elt\u00f6r\u00f6ln\u00e9nk ezeket? Nem hiszem, hogy a befektet\u0151szab\u00e1ly elt\u00f6rl\u00e9se illeszkedne a n\u00e9met futballkult\u00far\u00e1hoz\u201d \u2013 mondta Hopfen az \u00e9v elej\u00e9n a Bild am Sonntagnak egy nagyinterj\u00faban. Ebb\u0151l kiindulva a bajnoks\u00e1g form\u00e1tum\u00e1nak megv\u00e1ltoztat\u00e1sa val\u00f3sz\u00edn\u0171bb, mint hogy a DFL m\u00e1s ir\u00e1nyba induljon el \u2013 \u00e9s azt is tudjuk, hogy m\u00e1r a Bayern sem felt\u00e9tlen\u00fcl ellenzi ezt. M\u00edg Uli Hoeness k\u00f6vetkezetesen playoff-ellenes volt, ut\u00f3dja, <strong>Oliver Kahn<\/strong> m\u00e1r nem az, nyilatkozta is, hogy lenne \u00e9rtelme r\u00e1j\u00e1tsz\u00e1sban gondolkodni. A reform val\u00f3sz\u00edn\u0171leg megt\u00f6rn\u00e9 a rekordbajnok teljes dominanci\u00e1j\u00e1t, de M\u00fcnchenben is tudj\u00e1k: a t\u00f6bb izgalom jobb (k\u00fclf\u00f6ldi) eladhat\u00f3s\u00e1got, nagyobb bev\u00e9teleket hozhat. M\u00e1rpedig erre sz\u00fcks\u00e9ge van a Bayernnek is.\r\n\r\n<span class=\"highlight-block-small\">Konkr\u00e9t l\u00e9p\u00e9seket m\u00e9g senki sem tett, de elk\u00e9pzelhet\u0151, hogy a DFL-n\u00e9l \u00e9s a klubokn\u00e1l a m\u00faltban l\u00e1tj\u00e1k meg a j\u00f6v\u0151t, s el\u0151bb-ut\u00f3bb visszany\u00falnak a r\u00e1j\u00e1tsz\u00e1sos rendszerhez. <\/span>\r\n\r\nEnnek ugyanakkor vannak h\u00e1tr\u00e1nyai is. Igazs\u00e1gtalan a domin\u00e1ns csapattal (Bayern) szemben. Az igen hossz\u00fa bajnoki alapszakasz \u00e9rdektelens\u00e9gbe fulladhat (n\u00e9zz\u00fck meg, milyen probl\u00e9m\u00e1kat okoz a csoportk\u00f6r \u00e9rdektelen \u00e9s kisz\u00e1m\u00edthat\u00f3 volta az UEFA-nak \u00e9s a Bajnokok Lig\u00e1j\u00e1nak!), a szt\u00e1rokat gyakrabban pihentethetik. Ha a k\u00f6rm\u00e9rk\u0151z\u00e9ses r\u00e9sz alapszakassz\u00e1 v\u00e1ltozik, megv\u00e1ltozhat a csapatok hozz\u00e1\u00e1ll\u00e1sa, visszaeshet az alapszakasz-meccsek sz\u00ednvonala \u00e9s intenzit\u00e1sa. \u00dagy t\u0171nik, a DFL \u00e9s a klubvezet\u0151k minden kor\u00e1bbin\u00e1l nyitottabbak egy reformra, pedig a playoff bevezet\u00e9s\u00e9t szinte egy\u00f6ntet\u0171en elutas\u00edtott\u00e1k a kor\u00e1bbi bels\u0151 kutat\u00e1sok sor\u00e1n. K\u00e9rd\u00e9ses, hogy mik\u00e9nt reag\u00e1ln\u00e1nak a N\u00e9metorsz\u00e1gban jelent\u0151s er\u0151t k\u00e9pvisel\u0151 szervezett szurkol\u00f3i csoportok.\r\n\r\n\u201e\u00dagy gondolom, hogy aki 34 m\u00e9rk\u0151z\u00e9s ut\u00e1n a legt\u00f6bb pontot gy\u0171jt\u00f6tte, annak bajnoknak is kell lennie. V\u00e9lem\u00e9nyem szerint a mostani a legtisztess\u00e9gesebb lebonyol\u00edt\u00e1s. De nem mindig a legizgalmasabb\u201d \u2013 fogalmazta meg a dilemm\u00e1t <strong>Christian Streich<\/strong>, a Freiburg vezet\u0151edz\u0151je.\r\n\r\nHa k\u00edv\u00fclr\u0151l nem bor\u00edthatja fel nagybefektet\u0151k megjelen\u00e9se az er\u0151viszonyokat, illetve reformokat sem vezetnek be, h\u00e1t mi vethet v\u00e9get a Bayern sikersorozat\u00e1nak? \u2013 k\u00e9rdezhetj\u00fck. A szomsz\u00e9dos Franciaorsz\u00e1gban a 2002 \u00e9s 2008 k\u00f6z\u00f6tt sorozatban h\u00e9tszer diadalmaskod\u00f3 Olympique Lyon \u00e9vr\u0151l \u00e9vre eladta a legjobbjait, hogy azt\u00e1n v\u00e9g\u00fcl kics\u00fasszon a kez\u00e9b\u0151l a kontroll, majd a PSG \u00fajb\u00f3li\u00a0 felemelked\u00e9s\u00e9vel (2011) v\u00e9gk\u00e9pp az \u00fcld\u00f6z\u0151bolyba szoruljon.\u00a0 Hasonl\u00f3 helyzet aligha elk\u00e9pzelhet\u0151 a gazdas\u00e1gilag rendk\u00edv\u00fcl stabil, kiv\u00e1l\u00f3an ir\u00e1ny\u00edtott Bayernn\u00e9l. Olaszorsz\u00e1gban a Juventus kilences sz\u00e9ri\u00e1j\u00e1nak lez\u00e1rul\u00e1s\u00e1hoz a tradicion\u00e1lis mil\u00e1n\u00f3i riv\u00e1lisok meger\u0151s\u00f6d\u00e9se, a nagy strat\u00e9ga <strong>Beppe Marotta<\/strong> elveszt\u00e9se, j\u00e1t\u00e9kospiaci mell\u00e9fog\u00e1sok \u00e9s balsiker\u0171nek bizonyul\u00f3 edz\u0151v\u00e1laszt\u00e1sok is hozz\u00e1j\u00e1rultak. Spanyolorsz\u00e1gban a Barcelon\u00e1t a <strong>Bartomeu<\/strong>-\u00e9ra megd\u00f6bbent\u0151en felel\u0151tlen gazd\u00e1lkod\u00e1sa sodorta ideiglenesen a t\u00f6nk sz\u00e9l\u00e9re, a m\u00e9lypontr\u00f3l hazard\u00edroz\u00e1ssal igyekszik elmozdulni a klub. A Bayern M\u00fcnchen eddig nem sokat hib\u00e1zott, \u00e9s ha igen, akkor (mint a 2019\/20-as \u00e9vad k\u00f6zben menesztett<strong> Niko Kovac<\/strong> vezet\u0151edz\u0151 eset\u00e9ben) remek\u00fcl korrig\u00e1lt.\r\n\r\nA Bundesliga 60. ki\u00edr\u00e1sa el\u0151tt\r\n\r\n<span class=\"highlight-block\">a riv\u00e1lisoknak j\u00f3form\u00e1n csak az ima maradt <\/span>\r\n\r\nvalamif\u00e9le megmagyar\u00e1zhatatlan sz\u00e9tes\u00e9s\u00e9rt, vagy egy Leicester-szer\u0171 csodaid\u00e9ny\u00e9rt. Ha m\u00e1s\u00e9rt nem, az\u00e9rt most is \u00e9rdemes lesz n\u00e9zni a n\u00e9met bajnoks\u00e1got, hogy ezek az im\u00e1k meghallgattatnak-e, \u00e9s l\u00e1tunk-e v\u00e9gre egy igaz\u00e1n izgalmas szezont.\r\n\r\n[prefabricated_shortcode in_app=\"0\" code=\"%3Cdiv%20class%3D%22article_box_border%22%20style%3D%22background%3A%20url%28%27https%3A%2F%2F24.p3k.hu%2Fapp%2Fuploads%2Fsites%2F24%2F2021%2F05%2Fsport24-pattern.png%27%29%20no-repeat%20left%20-16px%20%23f3f3f4%3B%20border%3A%20none%3B%22%3E%0D%0A%3Cdiv%20class%3D%22article_solidheader%22%3E%0D%0A%3Ch2%20style%3D%22color%3A%20%23111115%21important%3B%20font-size%3A%2036px%3B%20font-weight%3A%20bold%3B%20margin-bottom%3A%2030px%3B%20margin-top%3A%2020px%3B%20text-align%3A%20center%3B%20line-height%3A%2036px%3B%22%3E%3Cimg%20class%3D%22aligncenter%20size-full%20wp-image-141%22%20src%3D%22https%3A%2F%2F24.p3k.hu%2Fapp%2Fuploads%2Fsites%2F24%2F2021%2F05%2Fs24-logo-dt.png%22%20alt%3D%22%22%20width%3D%22408%22%20height%3D%2290%22%20%2F%3E%3C%2Fh2%3E%0D%0A%3Ch2%20style%3D%22color%3A%20%23111115%21important%3B%20font-size%3A%2036px%3B%20font-weight%3A%20bold%3B%20margin-bottom%3A%2030px%3B%20margin-top%3A%2020px%3B%20text-align%3A%20center%3B%20line-height%3A%2040px%3B%22%3ECsatlakozz%20a%20Sport24%20k%C3%B6z%C3%B6ss%C3%A9ghez%2C%20mondd%20el%20v%C3%A9lem%C3%A9nyedet%20z%C3%A1rt%20Facebook-csoportunkban%2C%20%C3%A9s%20vegy%C3%A9l%20r%C3%A9szt%20csak%20el%C5%91fizet%C5%91knek%20el%C3%A9rhet%C5%91%20exkluz%C3%ADv%20esem%C3%A9nyeinken.%3C%2Fh2%3E%0D%0A%3C%2Fdiv%3E%0D%0A%3Cp%20style%3D%22background%3A%20%2357A600%3B%20margin-top%3A%2020px%3B%20padding%3A%2020px%3B%20text-align%3A%20center%3B%22%3E%3Ca%20style%3D%22color%3A%20%23ffffff%3B%20font-size%3A%2026px%3B%20font-weight%3A%20600%3B%22%20href%3D%22https%3A%2F%2Fwww.facebook.com%2Fgroups%2F212344460412327%22%3ECSATLAKOZOM%3C%2Fa%3E%3C%2Fp%3E%0D%0A%0D%0A%3C%2Fdiv%3E\"]","type":"rich","thumbnail_url":"https:\/\/s.24.hu\/app\/uploads\/sites\/24\/2022\/08\/gettyimages-1412485409-masolat-150x150.jpg","thumbnail_width":150,"thumbnail_height":150}