{"version":"1.0","provider_name":"Sport24","provider_url":"https:\/\/sport24.24.hu","author_name":"Fut\u00f3 Csaba","author_url":"https:\/\/sport24.24.hu\/author\/futocs\/","title":"A brazil sz\u00e9ls\u0151, aki\u00e9rt a Barca eladta a j\u00f6v\u0151j\u00e9t","html":"A katal\u00e1nok p\u00e9nz\u00fcgyi probl\u00e9m\u00e1i el\u00e9g j\u00f3l dokument\u00e1ltak, nem nagyon lehet olyan futballszeret\u0151 ember, aki az elm\u00falt h\u00f3napokban ne hallott volna arr\u00f3l, <a href=\"https:\/\/sport24.24.hu\/foci\/2022\/07\/20\/lewandowski-a-zsakban-a-jovo-a-zaciban-eloremenekul-a-barcelona\/\">mif\u00e9le tr\u00fckk\u00f6z\u00e9sek kellenek<\/a> a klubt\u00f3l ak\u00e1r csak a mindennapi m\u0171k\u00f6d\u00e9shez, na meg \u00faj j\u00e1t\u00e9kosok \u00e1tigazol\u00e1s\u00e1hoz.\r\n\r\n<span class=\"highlight-block-small\"><strong>Joan Laporta<\/strong> a tavalyi kinevez\u00e9se \u00f3ta egyfolyt\u00e1ban a<strong> Josep Maria Bartomeu<\/strong>-f\u00e9le eln\u00f6ks\u00e9g marad\u00e9kait pr\u00f3b\u00e1lja elkaparni, \u00e9s igen hat\u00e9konyan teszi mindezt \u2013 az m\u00e1s k\u00e9rd\u00e9s, hogy egyben igen k\u00e9rd\u0151jeles \u00e9rt\u00e9k\u00edt\u00e9lettel.<\/span>\r\n\r\n[central_article_recommendation title=\"Kapcsol\u00f3d\u00f3\" url=\"https:\/\/sport24.24.hu\/foci\/2022\/07\/20\/lewandowski-a-zsakban-a-jovo-a-zaciban-eloremenekul-a-barcelona\/\" image=\"1\" lead=\"1\"]\r\n\r\nA Barcelona hihetetlen m\u00f3don kiszolg\u00e1ltatta a j\u00f6v\u0151j\u00e9t az\u00e9rt, hogy az idei ny\u00e1ron nagyot gur\u00edtson az \u00e1tigazol\u00e1si piacon. Hogy mindez \u00e9vek m\u00falt\u00e1n bek\u00e9ri-e az \u00e1r\u00e1t, azt csup\u00e1n a j\u00f3sok tudj\u00e1k megmondani. K\u00e9t dolog biztos csak:\r\n<ul>\r\n \t<li>\u00e9szveszejt\u0151en vesz\u00e9lyes ez a m\u0171velet, mert el\u0151\u00e1llhat olyan helyzet, ahol a klub letolt gaty\u00e1val, mindenf\u00e9le eszk\u00f6z n\u00e9lk\u00fcl marad, ugyanakkor<\/li>\r\n \t<li>a teljesen jogos k\u00e9ts\u00e9gek ellen\u00e9re az er\u0151s\u00edt\u00e9s eg\u00e9szen j\u00f3l siker\u00fclt.<\/li>\r\n<\/ul>\r\n<strong>Robert Lewandowski<\/strong> a vil\u00e1g jelenlegi egyik, ha nem legjobb labdar\u00fag\u00f3ja, <strong>Franck Kessi\u00e9<\/strong> \u00e9s <strong>Andreas Christensen<\/strong> mindketten kiv\u00e1l\u00f3 futballist\u00e1k, az Angli\u00e1b\u00f3l a h\u00edrek szerint 58 milli\u00f3 eur\u00f3\u00e9rt (plusz b\u00f3nuszok\u00e9rt) begy\u0171jt\u00f6tt <strong>Raphinha<\/strong> pedig pontosan olyan sz\u00e9ls\u0151, amilyet Xavi szeretett volna, emellett 25 \u00e9ves kor\u00e1ra val\u00f3 tekintettel sim\u00e1n \u00e9rt\u00e9kes\u00edthet\u0151 lesz, ha kiszolg\u00e1lt a gr\u00e1n\u00e1tv\u00f6r\u00f6s-k\u00e9kekn\u00e9l.\r\n\r\nDe milyen j\u00e1t\u00e9kos \u0151? Ki ez a brazil cselg\u00e9p, aki\u00e9rt a sport\u00e1g h\u00e1rom gig\u00e1sza, a Chelsea, az Arsenal \u00e9s a Barcelona heteken \u00e1t \u00f6lre ment?\r\n<h2>Cselg\u00e9pek a vonal mellett<\/h2>\r\nAmikor <strong>Xavit<\/strong> kinevezt\u00e9k novemberben, n\u00e9h\u00e1ny alapelve krist\u00e1lytiszt\u00e1n kivil\u00e1glott az els\u0151 pillanatt\u00f3l kezdve: a t\u00f6bbi k\u00f6zt, hogy az elm\u00falt \u00e9vekkel ellent\u00e9tben nem magasra tolt, hanem befel\u00e9 h\u00faz\u00f3d\u00f3 sz\u00e9ls\u0151 v\u00e9d\u0151kkel k\u00e9pzeli el a j\u00e1t\u00e9kot, a sz\u00e9less\u00e9get pedig a sz\u00e9ls\u0151 t\u00e1mad\u00f3k adj\u00e1k. R\u00e1ad\u00e1sul kifejezetten specifikus szerepben, rengeteg egy-az-egy elleni p\u00e1rbajt felv\u00e1llalva, azzal a feladattal felruh\u00e1zva, hogy mindenk\u00e9ppen pr\u00f3b\u00e1ljanak meg \u00e1tt\u00f6rni az ellenfelek v\u00e9delm\u00e9n. M\u00e1r az els\u0151 hetekben is ragaszkodott ehhez, amikor pedig m\u00e9g nem \u00e1llt rendelkez\u00e9s\u00e9re a megfelel\u0151 emberanyag \u00e9s ifiket kellett bedob\u00e1lnia. Amikor azt\u00e1n <strong>Ousman\u00e9 Demb\u00e9l\u00e9<\/strong> fel\u00e9p\u00fclt, pazar eszk\u00f6zt kapott \u00e9s az egy\u00e9ni k\u00e9pess\u00e9gek ter\u00e9n frenetikus francia brill\u00edrozott, a legszebb napjait id\u00e9zte.\r\n\r\n[caption id=\"attachment_5210\" align=\"alignnone\" width=\"1024\"]<img class=\"size-full wp-image-5210\" src=\"https:\/\/sport24.24.hu\/app\/uploads\/sites\/24\/2022\/07\/raphinha2.jpg\" alt=\"\" width=\"1024\" height=\"682\" \/> Raphinha m\u00e9g a Leeds j\u00e1t\u00e9kosak\u00e9nt a drukkerek \u00fcnnepli a bennmarad\u00e1st.[\/caption]\r\n\r\nDemb\u00e9l\u00e9 v\u00e9g\u00fcl \u2013 annak ellen\u00e9re, hogy \u0151, az \u00fcgyn\u00f6ke \u00e9s Laporta kabar\u00e9ba ill\u0151en nyilatkozott a nyilv\u00e1noss\u00e1g el\u0151tt az \u00fcgyr\u0151l h\u00f3napokon kereszt\u00fcl \u2013 hosszabb\u00edtott. <strong>Ansu Fati<\/strong> rem\u00e9lhet\u0151leg rendbe j\u00f6n fizikailag a 2022-23-as \u00e9vadra, \u00edgy egy-egy kiv\u00e1l\u00f3an cselez\u0151 sz\u00e9ls\u0151 a jobb \u00e9s a bal oldalra is jutott a keretben (<strong>Ferr\u00e1n Torres<\/strong> legink\u00e1bb a fel\u00e9p\u00fclni pr\u00f3b\u00e1l\u00f3 Fati helyett kapott lehet\u0151s\u00e9get, de \u0151 egy m\u00e1s t\u00edpus\u00fa j\u00e1t\u00e9kos). Csakhogy k\u00e9t brut\u00e1lisan s\u00e9r\u00fcl\u00e9keny focist\u00e1r\u00f3l besz\u00e9l\u00fcnk, a katal\u00e1nok \u00edgy kin\u00e9ztek egy harmadikat, aki azon t\u00fal, hogy mindk\u00e9t oldalon k\u00e9pes szerepelni, vagyis Fati \u00e9s Demb\u00e9l\u00e9 alternat\u00edv\u00e1j\u00e1t is k\u00e9pezi, egy\u00e9bk\u00e9nt van azon a szinten, hogy az aktu\u00e1lis form\u00e1t\u00f3l f\u00fcgg\u0151en ak\u00e1r kezdjen is.\r\n\r\n<span class=\"highlight-block-small\">M\u00e9lys\u00e9g is min\u0151s\u00e9g egy szem\u00e9lyben \u2013 a brazillal kieg\u00e9sz\u00fclve a Barcelona t\u00e1mad\u00f3sora eg\u00e9szen r\u00e9miszt\u0151 k\u00e9pet fest.<\/span>\r\n<div class=\"payable-content-section\"><\/div>\r\nAz \u00f6t topliga minden egyes labdar\u00fag\u00f3j\u00e1t figyelembe v\u00e9ve Raphinha a legt\u00f6bb statisztik\u00e1ban a 30-40. hely k\u00f6z\u00f6tti legjobb sz\u00e1mot hozta tavaly a Premier League-ben. A 38. legt\u00f6bb l\u00f6v\u00e9s, a 40. legmagasabb xA (v\u00e1rhat\u00f3 g\u00f3lpasszok mennyis\u00e9ge, az \u00e1tad\u00e1sok min\u0151s\u00e9gi m\u00e9r\u0151sz\u00e1ma), 31. legt\u00f6bb kulcspassz, 36. legt\u00f6bb l\u00f6v\u00e9st el\u0151k\u00e9sz\u00edt\u0151 akci\u00f3. Amiben \u2013 a kor\u00e1bbiakban le\u00edrtaknak megfelel\u0151en nem t\u00fal meglep\u0151en \u2013 abszol\u00fat elit, azok a cselez\u00e9sek: b\u00e1r nem t\u00fal izmos hat\u00e1sfokkal, de a 7. legt\u00f6bb alkalommal k\u00eds\u00e9relte meg ilyen m\u00f3don megverni az ellenfeleket. Im\u00e1dt\u00e1k, m\u00e1r-m\u00e1r rajongtak \u00e9rte Leedsben, mert sz\u00fcl\u0151haz\u00e1ja legszebb trad\u00edci\u00f3it k\u00e9pviseli: hihetetlen\u00fcl f\u00fcrge, eszes \u00e9s kreat\u00edv cselekkel sz\u00edvatja a szerelni igyekv\u0151 v\u00e9d\u0151ket, hossz\u00fa-hossz\u00fa v\u00e1logat\u00e1sokat lehet r\u00f3la \u00f6ssze\u00e1ll\u00edtani kiz\u00e1r\u00f3lag ezekb\u0151l. J\u00f3l al\u00e1t\u00e1masztja ezt az is, hogy tavaly 15 esetben b\u0151r\u00f6z\u00f6tt be valakit \u2013 enn\u00e9l a toplig\u00e1k mez\u0151ny\u00e9ben mind\u00f6ssze ketten osztottak ki t\u00f6bb k\u00f6t\u00e9nyt az el\u0151z\u0151 szezon sor\u00e1n.\r\n\r\nA t\u00e1maszkod\u00e1son \u00e9s elv\u00e9tve egy-egy h\u00e1rom m\u00e9teres passzon k\u00edv\u00fcl semmi m\u00e1sra nem haszn\u00e1lja a rosszabbik \u2013 a jobb \u2013 l\u00e1b\u00e1t, de a balosa hal\u00e1los \u00e9s egyben rengeteg mindenre k\u00e9pes.\r\n\r\nA Leeds Unitedn\u00e9l mindk\u00e9t edz\u0151je, <strong>Marcelo Bielsa<\/strong> \u00e9s <strong>Jesse Marsch<\/strong> is legink\u00e1bb klasszikus t\u00fck\u00f6rsz\u00e9ls\u0151k\u00e9nt alkalmazta \u0151t, aki vagy megverte az ellenfel\u00e9t befel\u00e9, vagy m\u00f6g\u00e9 ker\u00fclt kifel\u00e9. Ha el\u0151bbi t\u00f6rt\u00e9nt, akkor vagy t\u0171pontos labd\u00e1k \u00e9rkeztek a hossz\u00fa oldalra, vagy ind\u00edt\u00e1sok az \u0151 eredeti hely\u00e9re keresztbe fut\u00f3 egyik t\u00e1rs fel\u00e9, vagy kapura tette. Ha ut\u00f3bbi, akkor az igaz\u00e1n vesz\u00e9lyes akci\u00f3k \u00e1ltal\u00e1ban \u00fagynevezett \u201ecut-back\u201d-passzokkal, vagyis a mozg\u00e1s ir\u00e1ny\u00e1val ellent\u00e9tesen k\u00f6z\u00e9pre tett \u00e1tad\u00e1sokkal v\u00e9gz\u0151dtek.\r\n\r\n<span class=\"highlight-block-small\">Ez egy modern \u00e9s komplett sz\u00e9ls\u0151 profilj\u00e1t festi le, aki mindent tud, amire Xavinak sz\u00fcks\u00e9ge lehetett.<\/span>\r\n\r\nMindk\u00e9t ir\u00e1nyba le tud venni egy v\u00e9d\u0151t, egy-egy v\u00e1ratlanul b\u00e1tor progressz\u00edv passzal extr\u00e1t tud jelenteni, vissza tudja kaparni a m\u00e1sodik hull\u00e1mban \u00e9rkez\u0151 k\u00f6z\u00e9pp\u00e1ly\u00e1soknak a j\u00e1t\u00e9kszert \u00e9s \u0151 maga is g\u00f3ler\u0151s. Pl\u00e1ne, hogy az emlegetett mutat\u00f3kat Raphinha egy f\u00f6rtelmesen szenved\u0151, irdatlan mennyis\u00e9g\u0171 s\u00e9r\u00fcl\u00e9ssel \u00e9s a kies\u00e9s ellen k\u00fczd\u0151 Leedsben hozta \u00f6ssze. Egy olyan csapatban, ami a tabell\u00e1n elfoglalt helyez\u00e9se \u00e9s a st\u00e1tusza ellen\u00e9re b\u00e1tor, kezdem\u00e9nyez\u0151 focit j\u00e1tszik, de az\u00e9rt \u00e1tlagban 52,5 sz\u00e1zal\u00e9kban birtokolta a labd\u00e1t \u00e9s meccsenk\u00e9nt 469-szor passzolt \u2013 a Barc\u00e1n\u00e1l 64,8 sz\u00e1zal\u00e9kr\u00f3l \u00e9s 658 passzr\u00f3l besz\u00e9l\u00fcnk. Egy domin\u00e1nsabb egy\u00fcttesben, amelynek t\u00f6bb t\u00e1mad\u00e1sa jut el a kapuig, a sz\u00e1mok kil\u0151hetnek az egekbe.\r\n\r\n<img class=\"alignnone size-full wp-image-5209\" src=\"https:\/\/sport24.24.hu\/app\/uploads\/sites\/24\/2022\/07\/raphinha1.jpg\" alt=\"\" width=\"1024\" height=\"682\" \/>\r\n\r\nAkkor, amikor a Barcelona \u00e9p\u00edtkezik majd, tiszt\u00e1bb teh\u00e1t a k\u00e9p, el\u00e9gg\u00e9 biztosra vehet\u0151, hogy Raphinha j\u00f3l illeszkedik majd a csapat st\u00edlus\u00e1hoz. Labda n\u00e9lk\u00fcl sincsen nagy baj, de ezen a t\u00e9ren az\u00e9rt lesz min dolgoznia Xavinak. A Leeds egy alapvet\u0151en emberorient\u00e1lt, kegyetlen\u00fcl agressz\u00edv let\u00e1mad\u00e1ssal \u00e9rkezett meg az angol \u00e9lvonalba Bielsa vezet\u00e9s\u00e9vel. Az emberorient\u00e1lts\u00e1g k\u00f6z\u00f6s pont, az egykori legend\u00e1s ir\u00e1ny\u00edt\u00f3 is erre \u00e9p\u00edti a presszingj\u00e9t \u2013 a Marsch-sal t\u00f6lt\u00f6tt n\u00e9h\u00e1ny h\u00f3nap ut\u00e1n a j\u00e1t\u00e9kos visszany\u00falhat a kor\u00e1bbi automatizmusokhoz. A probl\u00e9ma abb\u00f3l ad\u00f3dik, hogy Leeds let\u00e1mad\u00e1s\u00e1nak intenzit\u00e1sa am\u00fagy is zuhan\u00f3rep\u00fcl\u00e9st vett a tavalyi \u00e9vad alatt, amib\u0151l Raphinha is b\u0151ven kivette a r\u00e9sz\u00e9t. Sz\u00e1mtalanszor volt megfigyelhet\u0151, hogy labdaveszt\u00e9st k\u00f6vet\u0151en b\u00e1rgy\u00fa m\u00f3don el-elindulgat az embere ut\u00e1n, azt\u00e1n gyakorlatilag hagyja \u0151t. Kor\u00e1nt sincs arr\u00f3l sz\u00f3, hogy megb\u00edzhatatlan \u00e9s hasznavehetetlen teher lenne el\u0151rev\u00e9dekez\u00e9s ter\u00e9n, de a kellet\u00e9n\u00e9l t\u00f6bbsz\u00f6r figyelmetlen \u00e9s laz\u00e1zik, amit ki kell igaz\u00edtani, k\u00fcl\u00f6nben pontokba fog ker\u00fclni.\r\n\r\nA Barcelona egy ragyog\u00f3 tehets\u00e9g\u0171, veszett\u00fcl l\u00e1tv\u00e1nyos futballra k\u00e9pes j\u00e1t\u00e9kost szerzett, aki pluszban illeszkedik a gr\u00e1n\u00e1tv\u00f6r\u00f6s-k\u00e9kek \u201ebrazil tr\u00fckkmester\u201d-hagyom\u00e1ny\u00e1ba (<strong>Neymar<\/strong>,<strong> Ronaldinho<\/strong>, <strong>Rivaldo<\/strong>, <strong>Rom\u00e1rio<\/strong>). B\u00e1lv\u00e1nyozni fogja \u0151t a Camp Nou\u2026 pardon, a Spotify Camp Nou k\u00f6z\u00f6ns\u00e9ge, mert a cseleivel, a szabadr\u00fag\u00e1saival, a t\u00e1voli bomb\u00e1ival visszak\u00f6lt\u00f6zik az a var\u00e1zslat a katal\u00e1n f\u0151v\u00e1rosba, amely az elm\u00falt \u00e9vekben kiss\u00e9 elveszett.\r\n<h3>Raphinha g\u00f3lt l\u0151tt \u00e9s k\u00e9t g\u00f3lpasszt adott az Inter Miami elleni felk\u00e9sz\u00fcl\u00e9si meccsen:<\/h3>\r\nhttps:\/\/www.youtube.com\/watch?v=VW4a8VwDzts&amp;ab_channel=FCBarcelona","type":"rich","thumbnail_url":"https:\/\/s.24.hu\/app\/uploads\/sites\/24\/2022\/07\/raphinha-150x150.jpg","thumbnail_width":150,"thumbnail_height":150}