{"version":"1.0","provider_name":"Sport24","provider_url":"https:\/\/sport24.24.hu","author_name":"Fut\u00f3 Csaba","author_url":"https:\/\/sport24.24.hu\/author\/futocs\/","title":"Csal\u00f3d\u00e1st kelt\u0151 iksz ut\u00e1n \u00f6t r\u00fagott g\u00f3l: mi t\u00f6rt\u00e9nt a Fradin\u00e1l egy h\u00e9t alatt?","html":"A ferencv\u00e1rosi szurkol\u00f3k bizakod\u00f3an v\u00e1rhatt\u00e1k csapatuk nemzetk\u00f6zi kupaszerepl\u00e9s\u00e9t, hiszen a kezdeti neh\u00e9zs\u00e9gek ut\u00e1n <strong>Sztanyiszlav Csercseszov<\/strong> csapata t\u00e1mad\u00e1sban is egyre biztat\u00f3bb k\u00e9pet kezdett mutatni, amint azt a kupad\u00f6nt\u0151 ut\u00e1n <a href=\"https:\/\/sport24.24.hu\/foci\/2022\/05\/14\/magyar-kupa-ftc-paks-taktikai-elemzes\/\">mi is meg\u00edrtuk<\/a>.\r\n\r\n[central_article_recommendation title=\"Kapcsol\u00f3d\u00f3\" url=\"https:\/\/sport24.24.hu\/foci\/2022\/05\/14\/magyar-kupa-ftc-paks-taktikai-elemzes\/\" image=\"1\" lead=\"1\"]\r\n\r\nB\u00e1r az els\u0151 m\u00e9rk\u0151z\u00e9sen a Ferencv\u00e1ros t\u00f6bbet birtokolta a labd\u00e1t, helyzeteket nehezen tudott kidolgozni. A kor\u00e1bban m\u00e1r kipr\u00f3b\u00e1lt h\u00e1romv\u00e9d\u0151s rendszer helyett a ferencv\u00e1rosiak ism\u00e9t n\u00e9gy v\u00e9d\u0151vel, k\u00e9t bels\u0151 k\u00f6z\u00e9pp\u00e1ly\u00e1ssal \u00e9s n\u00e9gy, viszonylag szabadon j\u00e1tsz\u00f3 t\u00e1mad\u00f3val l\u00e9ptek p\u00e1ly\u00e1ra. A k\u00e9t v\u00e9dekez\u0151 k\u00f6z\u00e9pp\u00e1ly\u00e1s, <strong>V\u00e9csei<\/strong> \u00e9s <strong>Laidouni<\/strong> felv\u00e1ltva l\u00e9ptek vissza a k\u00e9t bels\u0151 v\u00e9d\u0151, <strong>Sammy Mmaee<\/strong> \u00e9s <strong>Kovacevic<\/strong> mell\u00e9, Civic \u00e9s Botka sz\u00e9ls\u0151h\u00e1tv\u00e9dk\u00e9nt viszont a megszokottn\u00e1l kev\u00e9sb\u00e9 j\u00e1tszottak t\u00e1mad\u00f3 felfog\u00e1sban, az agressz\u00edv beindul\u00e1s helyett legt\u00f6bbsz\u00f6r ink\u00e1bb l\u00e1bra k\u00e9rt\u00e9k a labd\u00e1t. Botka sokszor egyenesen befel\u00e9 mozogva, a f\u00e9lter\u00fcletben k\u00e9rte a labd\u00e1t amolyan \u201ehamis\u201d sz\u00e9ls\u0151h\u00e1tv\u00e9dk\u00e9nt, \u00edgy a <strong>Traor\u00e9<\/strong>\u2013<strong>Zachariassen<\/strong>\u2013<strong>Tokmac<\/strong>\u2013<strong>Boli<\/strong> n\u00e9gyes az els\u0151 m\u00e9rk\u0151z\u00e9sen kevesebb t\u00e1mogat\u00e1st kapott.\r\n\r\n<span class=\"highlight-block-small\">B\u00e1r a Fradi j\u00e1t\u00e9kosai az odav\u00e1g\u00f3n sokat j\u00e1ratt\u00e1k a labd\u00e1t, f\u0151k\u00e9nt a p\u00e1lya bal oldal\u00e1n, ez legink\u00e1bb a kazah csapat v\u00e9delmi blokkj\u00e1n k\u00edv\u00fcl siker\u00fclt.<\/span>\r\n\r\nA hazai v\u00e9dekez\u00e9st az ellenf\u00e9l v\u00e9d\u0151vonalai k\u00f6z\u00e9 bej\u00e1tszva, vagy a v\u00e9dekez\u00e9st a v\u00e9delmi vonal m\u00f6g\u00e9 bet\u00f6rve nemigen siker\u00fclt megbontani. Ennek egyik f\u0151 oka az volt, hogy a ferencv\u00e1rosiak a visszav\u00e1g\u00f3hoz k\u00e9pest Kazahszt\u00e1nban m\u00e9g nem voltak kell\u0151en t\u00fcrelmesek a labdabirtokl\u00e1ssal: a h\u00e1tulr\u00f3l, gyakran a v\u00e9d\u0151vonalr\u00f3l \u00e9rkez\u0151 hossz\u00fa, meredek passzokra a kompaktan v\u00e9dekez\u0151 hazaiaknak volt idej\u00fck oda\u00e9rni. R\u00e1ad\u00e1sul Csercseszov csapata a t\u00e1mad\u00f3harmadhoz \u00e9rve sem haszn\u00e1lta ki el\u00e9gszer a p\u00e1lya sz\u00e9l\u00e9t \u00e9s k\u00f6zep\u00e9t \u00f6sszek\u00f6t\u0151, \u00fagynevezett f\u00e9lter\u00fcletet, amely <strong>Pep Guardiola<\/strong> vagy \u00e9ppen <strong>Julian Nagelsmann<\/strong> csapatain\u00e1l is kulcsszerepet t\u00f6lt be. A n\u00e9gy t\u00e1mad\u00f3 kev\u00e9s alkalommal pr\u00f3b\u00e1lt az ellenf\u00e9l sz\u00e9ls\u0151 \u00e9s bels\u0151 v\u00e9d\u0151je k\u00f6z\u00e9 beindulva megbontani az ellenf\u00e9l v\u00e9dekez\u00e9s\u00e9t. Beindul\u00e1s helyett is sokszor poz\u00edci\u00f3ban v\u00e1rt\u00e1k a labd\u00e1t, m\u00e1skor pedig egyszerre pr\u00f3b\u00e1ltak beindulni, akkor, amikor a labda Civicn\u00e9l, az oldalvonal mellett volt. Innen a labd\u00e1t k\u00f6z\u00e9pre juttatni nem egyszer\u0171, hiszen rengeteg l\u00e1b k\u00f6z\u00f6tt kellett volna folytatni a j\u00e1t\u00e9kot.\r\n\r\n[caption id=\"attachment_5162\" align=\"alignnone\" width=\"1920\"]<img class=\"size-full wp-image-5162\" src=\"https:\/\/sport24.24.hu\/app\/uploads\/sites\/24\/2022\/07\/ftctob1.png\" alt=\"\" width=\"1920\" height=\"1080\" \/> Civicn\u00e9l a labda, \u00e1m el van szigetelve, mik\u00f6zben h\u00e1rom t\u00e1mad\u00f3 egyszerre fut be k\u00f6z\u00e9pre. Nincs kinek adni a labd\u00e1t, figyelj\u00fck meg, hogy a t\u00faloldalon a jobbh\u00e1tv\u00e9d Botka felfut\u00f3 helyett ink\u00e1bb biztoss\u00edt\u00f3 szerepben van.[\/caption]\r\n\r\nA Tobol Kosztanaj csapata r\u00e1ad\u00e1sul az els\u0151 m\u00e9rk\u0151z\u00e9sen m\u00e9g igen kompaktan v\u00e9dekezett: a k\u00f6z\u00e9pcsat\u00e1r <strong>Zsakszlikov<\/strong> mell\u00e9 emberfog\u00e1ssal mindig kil\u00e9pett egy csapatt\u00e1rs a k\u00f6z\u00e9pp\u00e1ly\u00e1r\u00f3l. R\u00e1ad\u00e1sul az egym\u00e1s mellett j\u00e1tsz\u00f3k is viszonylag sz\u0171k t\u00e1vols\u00e1got tartottak egym\u00e1st\u00f3l, \u00edgy a kil\u00e9p\u0151 j\u00e1t\u00e9kos m\u00f6g\u00e9 viszonylag kev\u00e9s alkalommal siker\u00fclt felpasszolni a labd\u00e1t. A meglepet\u00e9sszer\u0171en kil\u00e9p\u0151 j\u00e1t\u00e9kosok ugyanakkor hossz\u00e1ban megny\u00fajtott\u00e1k a kazahok v\u00e9dekez\u00e9s\u00e9t. Erre volt reakci\u00f3 ferencv\u00e1rosi r\u00e9szr\u0151l a m\u00e1r eml\u00edtett hossz\u00fa m\u00e9lys\u00e9gi passz, amit a labd\u00e1t kap\u00f3 ferencv\u00e1rosi t\u00e1mad\u00f3kra kil\u00e9pve a kazah v\u00e9d\u0151sornak volt ideje lereag\u00e1lni.\r\n\r\n[caption id=\"attachment_5163\" align=\"alignnone\" width=\"1920\"]<img class=\"size-full wp-image-5163\" src=\"https:\/\/sport24.24.hu\/app\/uploads\/sites\/24\/2022\/07\/ftctob2.png\" alt=\"\" width=\"1920\" height=\"1080\" \/> Sammy Mmaee nincs nagy nyom\u00e1s alatt, de a kapunak h\u00e1ttal l\u00e9v\u0151 Laidounihoz passzol, akire emberfog\u00e1ssal sim\u00e1n kil\u00e9pnek.[\/caption]\r\n\r\nAz odav\u00e1g\u00f3 neh\u00e9zs\u00e9gei ut\u00e1n szerda este a Fradi <a href=\"https:\/\/rangado.24.hu\/nemzetkozi_foci\/2022\/07\/13\/bl-selejtezo-ferencvaros-fc-tobol\/\">gyorsan eld\u00f6nt\u00f6tte<\/a> a p\u00e1rharc l\u00e9nyeges k\u00e9rd\u00e9seit: h\u00fasz perc ut\u00e1n a z\u00f6ld-feh\u00e9rek m\u00e1r 3-0-ra vezettek. A friss igazol\u00e1s <strong>Adama Traor\u00e9<\/strong> egy sz\u00f6gletet k\u00f6vet\u0151en m\u00e1r n\u00e9gy perc ut\u00e1n betal\u00e1lt.\r\n\r\n<span class=\"highlight-block-small\">Ezt k\u00f6vet\u0151en a Tobol v\u00e9dekez\u00e9se teljesen sz\u00e9tesett, a Ferencv\u00e1ros pedig az el\u0151z\u0151 m\u00e9rk\u0151z\u00e9sn\u00e9l j\u00f3val olajozottabb t\u00e1mad\u00f3j\u00e1t\u00e9kot mutatott.<\/span>\r\n<div class=\"payable-content-section\"><\/div>\r\nA Tobol egy\u00fcttese az odav\u00e1g\u00f3n mutatott szervezett kompakt v\u00e9dekez\u00e9ssel ellent\u00e9tben a gyors bekapott g\u00f3lt k\u00f6vet\u0151en teljesen szervezetlen\u00fcl mozgott a p\u00e1ly\u00e1n. A j\u00f3 \u00fctem\u0171 kil\u00e9p\u00e9sek teljesen hi\u00e1nyoztak, sz\u00e9less\u00e9gben is \u00f3ri\u00e1si t\u00e1vols\u00e1g volt a j\u00e1t\u00e9kosok k\u00f6z\u00f6tt, r\u00e1ad\u00e1sul a labda m\u00f6g\u00e9 sem siettek vissza, ha a hazaiak \u00e1tpasszolt\u00e1k \u0151ket. Ebb\u0151l olyan sz\u00fcrre\u00e1lis jelenetek sz\u00fclettek, mint a harmadik g\u00f3l, amikor is a labd\u00e1t lek\u00e9sz\u00edt\u0151 Traor\u00e9 \u00e9s a m\u00e9lys\u00e9gb\u0151l \u00e9rkez\u0151 Laidouni m\u00e9teres k\u00f6rzet\u00e9ben nem volt kazah v\u00e9d\u0151, noha az eg\u00e9sz jelenet a kaput\u00f3l h\u00fasz m\u00e9terre t\u00f6rt\u00e9nt.\r\n\r\n[caption id=\"attachment_5164\" align=\"alignnone\" width=\"1280\"]<img class=\"size-full wp-image-5164\" src=\"https:\/\/sport24.24.hu\/app\/uploads\/sites\/24\/2022\/07\/ftctob3.png\" alt=\"\" width=\"1280\" height=\"720\" \/> \u00cdgy n\u00e9zett ki a kazahok \u201elet\u00e1mad\u00e1sa\u201d a visszav\u00e1g\u00f3n: A labd\u00e1son semmi nyom\u00e1s nincs, \u00f3ri\u00e1si a t\u00e1vols\u00e1g a j\u00e1t\u00e9kosok k\u00f6z\u00f6tt, Traor\u00e9 pedig tudatosan visszafel\u00e9 mozog, \u00edgy sim\u00e1n megkapja a labd\u00e1t.[\/caption]\r\n\r\n[caption id=\"attachment_5165\" align=\"alignnone\" width=\"1280\"]<img class=\"size-full wp-image-5165\" src=\"https:\/\/sport24.24.hu\/app\/uploads\/sites\/24\/2022\/07\/ftctob4.png\" alt=\"\" width=\"1280\" height=\"720\" \/> A harmadik g\u00f3l. Tokmac indul be a bal oldali f\u00e9lter\u00fcletbe, a Fradi a visszav\u00e1g\u00f3n m\u00e1r tudatosan haszn\u00e1lja ki a sz\u00e9ls\u0151 \u00e9s bels\u0151 v\u00e9d\u0151 k\u00f6z\u00f6tti ter\u00fcleteket. A kazah csapat teljesen eltol\u00f3dva, k\u00f6z\u00e9pen senki nem figyel a m\u00e1sodik hull\u00e1mban visszal\u0151tt labd\u00e1ra, Traor\u00e9 k\u00f6nnyed\u00e9n g\u00f3lpasszt ad Laidouninak.[\/caption]\r\n\r\nA Ferencv\u00e1ros j\u00e1t\u00e9ka szerda este m\u00e1r a p\u00e1lya mindk\u00e9t oldal\u00e1n nagyj\u00e1b\u00f3l egyenl\u0151 aktivit\u00e1st mutatott. A Botka helyett jobbh\u00e1tv\u00e9dbe ker\u00fcl\u0151 <strong>Henry Wingo<\/strong> kifejezetten agressz\u00edvan, sok felfut\u00e1ssal j\u00e1tszott az oldalvonal mellett, nem ritk\u00e1n vesz\u00e9lyes, lapos bead\u00e1sokkal okozva riadalmat a Tobol h\u00e1ts\u00f3 alakzat\u00e1ban. A bal oldalon pedig Csercseszov csapata imm\u00e1r sokkal tudatosabban haszn\u00e1lta a f\u00e9lter\u00fcletet, a n\u00e9gy t\u00e1mad\u00f3 kifejezetten l\u00e1tv\u00e1nyosan pr\u00f3b\u00e1lta balra h\u00fazni az ellenfeleket, majd bet\u00f6rni a jobbh\u00e1tv\u00e9d \u00e9s a jobb bels\u0151 v\u00e9d\u0151 k\u00f6z\u00f6tti r\u00e9sbe, hogy onnan l\u00f6v\u00f6ld\u00f6zhesse a labd\u00e1kat m\u00e1sodik hull\u00e1mba, az alapvonalig h\u00e1trah\u00fazott, tehetetlen v\u00e9d\u0151sorral szemben.\r\n\r\nAmi a Fradi v\u00e9dekez\u00e9s\u00e9t illeti, a kazahok t\u00e1mad\u00e1s\u00e9p\u00edt\u00e9si pr\u00f3b\u00e1lkoz\u00e1sait viszonylag k\u00f6nnyed\u00e9n siker\u00fclt visszafogni. Amint m\u00e1r t\u00f6bbsz\u00f6r le\u00edrtuk, Csercseszov csapatai let\u00e1mad\u00e1skor alapvet\u0151en z\u00f3nav\u00e9dekez\u00e9st haszn\u00e1lnak, megengedve azonban, hogy egy j\u00e1t\u00e9kos a saj\u00e1t ter\u00fclet\u00e9n k\u00edv\u00fclre is k\u00f6vesse ellenfel\u00e9t. Ez szerda este is hasonl\u00f3an n\u00e9zett ki: a let\u00e1mad\u00e1st a n\u00e9gy t\u00e1mad\u00f3 ind\u00edtotta, a v\u00e9delem el\u0151tt pedig Laidouni \u00e9s Esiti kifejezetten a t\u00e1mad\u00e1sok megsz\u0171r\u00e9s\u00e9\u00e9rt felelt.\r\n\r\n[caption id=\"attachment_5166\" align=\"alignnone\" width=\"1280\"]<img class=\"size-full wp-image-5166\" src=\"https:\/\/sport24.24.hu\/app\/uploads\/sites\/24\/2022\/07\/ftctob5.png\" alt=\"\" width=\"1280\" height=\"720\" \/> A szok\u00e1sos Csercseszov-f\u00e9le let\u00e1mad\u00e1s: itt \u00e9ppen a c\u00e9l a sz\u00e9ls\u0151 v\u00e9d\u0151 oldalra szor\u00edt\u00e1sa, k\u00f6z\u00e9pen mindenki ink\u00e1bb az ember\u00e9re figyel.[\/caption]\r\n\r\nB\u00e1r a m\u00e9rk\u0151z\u00e9s \u00e9s a p\u00e1rharc l\u00e9nyeg\u00e9ben h\u00fasz perc ut\u00e1n eld\u0151lt, a m\u00e9rk\u0151z\u00e9s k\u00e9s\u0151bbi szakasza, \u00e9s a Tobol Kosztanaj gyors sz\u00e9p\u00edt\u0151 g\u00f3lja megmutatta:\r\n\r\n<span class=\"highlight-block-small\">gyenge ellenf\u00e9l ide vagy oda, a v\u00e9dekez\u00e9sen az\u00e9rt m\u00e9g van mit csiszolni.<\/span>\r\n\r\nTerm\u00e9szetesen az is elk\u00e9pzelhet\u0151, hogy a n\u00e9gy t\u00e1mad\u00f3 a biztos el\u0151ny tudat\u00e1ban sz\u00e1nd\u00e9kosan kevesebbet seg\u00edtett vissza, de az els\u0151 kazah g\u00f3lhoz hasonl\u00f3 jelenetek a Slovan ellen biztosan nem fognak belef\u00e9rni. Csercseszov csapat\u00e1nak teh\u00e1t figyelnie kell arra, hogyan z\u00e1rjon vissza a kapu el\u00e9, ha a magas let\u00e1mad\u00e1st az ellenf\u00e9l \u00e1tj\u00e1tszan\u00e1.\r\n\r\n<img class=\"alignnone wp-image-5167 size-full\" src=\"https:\/\/sport24.24.hu\/app\/uploads\/sites\/24\/2022\/07\/ftctob6.png\" alt=\"\" width=\"1280\" height=\"720\" \/>\r\n\r\n[caption id=\"attachment_5168\" align=\"alignnone\" width=\"1280\"]<img class=\"wp-image-5168 size-full\" src=\"https:\/\/sport24.24.hu\/app\/uploads\/sites\/24\/2022\/07\/ftctob7.png\" alt=\"\" width=\"1280\" height=\"720\" \/> Tokmac a k\u00e9t jelenetn\u00e9l m\u00e1r kevesebbet seg\u00edt vissza, \u00edgy a Fradi v\u00e9delmi blokkja mellett t\u00f6bb szabad ter\u00fclet van. Emiatt a k\u00f6vetkez\u0151 k\u00e9pen m\u00e1r Laidouni kell, hogy kitol\u00f3djon k\u00f6z\u00e9pre. Civicet egy az egyben megverik, \u00edgy a poz\u00edci\u00f3n k\u00edv\u00fclre ker\u00fclt Laidouni hely\u00e9r\u0151l sz\u00fcletik a sz\u00e9p\u00edt\u0151 g\u00f3l.[\/caption]\r\n\r\nA Ferencv\u00e1ros csapata v\u00e9g\u00fcl is magabiztosan, 5-1-es \u00f6sszes\u00edt\u00e9ssel jutott tov\u00e1bb a Bajnokok Lig\u00e1ja els\u0151 selejtez\u0151k\u00f6r\u00e9b\u0151l. B\u00e1r a visszav\u00e1g\u00f3 magabiztos j\u00e1t\u00e9ka \u00e9s sz\u00e9p t\u00e1mad\u00e1sai tetszet\u0151sen mutattak, ne felejts\u00fck el: az ellenf\u00e9l rendk\u00edv\u00fcl gyeng\u00e9n v\u00e9dekezett, \u00e9s az els\u0151 m\u00e9rk\u0151z\u00e9sen b\u0151ven voltak hi\u00e1nyoss\u00e1gok a labdabirtokl\u00e1st illet\u0151en.\r\n\r\nAz els\u0151 er\u0151pr\u00f3b\u00e1t ugyan sikerrel vette a magyar bajnok, de a tavasz meg\u00e9r\u00e9s\u00e9hez a j\u00f6v\u0151ben enn\u00e9l nagyobb brav\u00farokra lesz sz\u00fcks\u00e9g.","type":"rich","thumbnail_url":"https:\/\/s.24.hu\/app\/uploads\/sites\/24\/2022\/07\/ferencvaros-150x150.jpg","thumbnail_width":150,"thumbnail_height":150}