{"version":"1.0","provider_name":"Sport24","provider_url":"https:\/\/sport24.24.hu","author_name":"Bruckner G\u00e1bor","author_url":"https:\/\/sport24.24.hu\/author\/brucknerg\/","title":"\u00dcres kal\u00f3ri\u00e1k a transzfercirkuszban: mi\u00e9rt \u0151r\u00fcl meg a vil\u00e1g az \u00e1tigazol\u00e1si pletyk\u00e1k\u00e9rt?","html":"\u201eExkluz\u00edv: a Manchester United megpr\u00f3b\u00e1lja kisiklatni a <strong>Tyrell Malacia<\/strong>-transzfert! B\u00e1r m\u00e1r megvolt a sz\u00f3beli egyezs\u00e9g az OL-lel, a Man United k\u00f6zbel\u00e9pett, m\u00e9g az al\u00e1\u00edr\u00e1s el\u0151tt. T\u00e1rgyalnak a Feyenoorddal \u2013 ezt holland forr\u00e1sok meger\u0151s\u00edtik. [Fontos] r\u00e9szlet: Malacia \u00e9s <strong>Frenkie de Jong<\/strong> \u00fcgyn\u00f6kei ugyanazok.\u201d\r\n<blockquote class=\"twitter-tweet\">\r\n<p dir=\"ltr\" lang=\"en\">Excl: Manchester United are trying to hijack Tyrell Malacia deal! After full verbal agreement with OL, Man Utd jumped into it before it was signed. \ud83d\udea8\ud83c\uddf3\ud83c\uddf1 <a href=\"https:\/\/twitter.com\/hashtag\/MUFC?src=hash&amp;ref_src=twsrc%5Etfw\">#MUFC<\/a><\/p>\r\nTalks with Feyenoord to reach an agreement, Dutch sources confirm.\r\n\r\nDetail: Malacia has same agents as Frenkie de Jong.\r\n\r\n\u2014 Fabrizio Romano (@FabrizioRomano) <a href=\"https:\/\/twitter.com\/FabrizioRomano\/status\/1541786365905575942?ref_src=twsrc%5Etfw\">June 28, 2022<\/a><\/blockquote>\r\n<script async src=\"https:\/\/platform.twitter.com\/widgets.js\" charset=\"utf-8\"><\/script>\r\n\r\nTess\u00e9k, egy h\u00e9tk\u00f6znapi <strong>Fabrizio Romano<\/strong>-tweet, amelyet t\u00f6bb mint 96 ezer szurkol\u00f3 kedvelt, j\u00f3 14 ezer pedig tov\u00e1bb is k\u00fcld\u00f6tt, illetve id\u00e9zett. H\u00e1rom nappal \u2013 \u00e9s a k\u00f6zben kitweetelt nagyj\u00e1b\u00f3l sz\u00e1z inform\u00e1ci\u00f3val \u2013 k\u00e9s\u0151bb Malacia eset\u00e9ben megjelent a \u201ehere we go\u201d, a holland v\u00e9d\u0151t Romano \u201eeladta\u201d a Manchester Unitednek.\r\n\r\n<span class=\"highlight-block-small\">A vil\u00e1g legismertebb \u00e1tigazol\u00e1si specialista sport\u00fajs\u00e1g\u00edr\u00f3j\u00e1t t\u00f6bb mint 9 milli\u00f3an k\u00f6vetik a Twitteren. \u00d6sszehasonl\u00edt\u00e1sul: az AC Milan angol nyelv\u0171 Twitter\u00e9t \u201ecsak\u201d 8,3 milli\u00f3an, a Borussia Dortmund\u00e9t 4,1 milli\u00f3an, az Inter\u00e9t 2,6 milli\u00f3an. <\/span>\r\n\r\nRomano megker\u00fclhetetlen \u00e1tigazol\u00e1si \u201eor\u00e1kulum\u201d, aki saj\u00e1t brandet \u00e9p\u00edtett, szinte minden k\u00f6z\u00f6ss\u00e9gi m\u00e9diafel\u00fcleten akt\u00edv, klubokkal m\u0171k\u00f6dik egy\u00fctt bejelent\u00e9sekkor. Kis t\u00falz\u00e1ssal le\u00edrhatjuk azt is, hogy egy csapat \u00fajabban m\u00e1r csak akkor hiszi el a saj\u00e1t \u00e1tigazol\u00e1s\u00e1t, ha olvassa azt Romano Twitter\u00e9n, a tweet v\u00e9g\u00e9n az elh\u00edres\u00fclt \u201ehere we go\u201d kifejez\u00e9ssel. \u0150r\u00fclet.\r\n\r\nAz\u00e9rt \u0151r\u00fclet, mert az \u00e1tigazol\u00e1si pletyk\u00e1k tulajdonk\u00e9ppen pszeudoesem\u00e9nyek. T\u00f6rt\u00e9nt valami a fenti esetben? Nem, ekkor (m\u00e9g) nincs v\u00e9gleges\u00edtett szerz\u0151d\u00e9s. Bizony\u00edthat\u00f3k a le\u00edrtak? Megint csak: nem, de megb\u00edzunk Romano rutinj\u00e1ban, eddigi tev\u00e9kenys\u00e9g\u00e9ben \u00e9s kapcsolataiban, \u00e9s ez\u00e9rt elhissz\u00fck. Adva van egy \u00e1tigazol\u00e1si \u00e9rtes\u00fcl\u00e9s \u2013 t\u00e9nyleges transzfertev\u00e9kenys\u00e9g n\u00e9lk\u00fcl \u2013, adott p\u00e1r \u00e1ll\u00edt\u00e1s, ezek ellen\u0151rizhetetlenek, a nagyk\u00f6z\u00f6ns\u00e9g \u00e9s a sportm\u00e9dia m\u00e9gis nagykan\u00e1llal eszi a tartalmat. Mert hogy Romano referenciapont a sportsajt\u00f3nak is, olyannyira, hogy bejegyz\u00e9seib\u0151l rendre h\u00edr lesz a port\u00e1lokon. De ugyanilyen st\u00e1tusban van kos\u00e1rlabd\u00e1ban az NBA-guru <strong>Adrian \u201eWoj\u201d Wojnarowski<\/strong> \u00e9s tan\u00edtv\u00e1ny-riv\u00e1lisa, <strong>Shams Charania<\/strong>.\r\n\r\n[caption id=\"attachment_5056\" align=\"alignnone\" width=\"2000\"]<img class=\"size-full wp-image-5056\" src=\"https:\/\/sport24.24.hu\/app\/uploads\/sites\/24\/2022\/07\/063_1228569154.jpg\" alt=\"\" width=\"2000\" height=\"1333\" \/> Shams Charania[\/caption]\r\n<h2>Schlosser \u00e9s a k\u00e9k nyakkend\u0151<\/h2>\r\nEz az a pont a cikkben, amikor kif\u00fajhatjuk a leveg\u0151t, majd magunk el\u00e9 mormoghatjuk, hogy \u201er\u00e9gen minden jobb volt\u201d. De n\u00e9zz\u00fcnk csak meg egy 1915 v\u00e9gi magyar transzfert! T\u00f6rt\u00e9nt ugyanis, hogy<strong> Schlosser Imre<\/strong>, az FTC g\u00f3lzs\u00e1kja, a kor legjobb magyar j\u00e1t\u00e9kosa fogta mag\u00e1t, \u00e9s \u00e1tigazolt a Fradib\u00f3l az MTK-ba, ami csak \u00e1rnyalatnyival volt kisebb \u00e1rul\u00e1s ann\u00e1l, mint amikor <strong>Lu\u00eds Figo<\/strong> Barcelon\u00e1b\u00f3l a Real Madrid fel\u00e9 vette az ir\u00e1nyt\u2026 Els\u0151k\u00e9nt Az Ujs\u00e1g sz\u00e1molt be a Schlosser-transzfer lehet\u0151s\u00e9g\u00e9r\u0151l, olyan st\u00edlusban, ami ma is sim\u00e1n illene a Twitteren d\u00fch\u00f6ng\u0151 pletykakering\u0151be.\r\n<div class=\"payable-content-section\"><\/div>\r\n<strong>December 5., Az Ujs\u00e1g:<\/strong> \u201eSchlosser (\u2026) mi\u00e9rt, mi\u00e9rt nem, nem tudjuk, az utols\u00f3 k\u00e9t vas\u00e1rnap nem j\u00e1tszott az FTC csapatj\u00e1ban, hanem \u00e1ts\u00e9t\u00e1lt a Hung\u00e1ria-\u00fati p\u00e1ly\u00e1ra, \u00e9s onnan n\u00e9zte a matchet.\u201d\r\n<blockquote>Schlosser azonban sem holnap, sem azut\u00e1n sem fog m\u00e1r j\u00e1tszani a Franzstadtban, mert szavahihet\u0151 tan\u00fak jelentik, hogy p\u00e9nteken k\u00e9k-feh\u00e9r nyakkend\u0151ben l\u00e1tt\u00e1k, \u00e9s j\u00f3 helyr\u0151l szerzett \u00e9rtes\u00fcl\u00e9seink szerint a nyakkend\u0151 nemcsak \u00edzl\u00e9scser\u00e9t, hanem klubcser\u00e9t is jelent, amennyiben Schlosser az MTK-n\u00e1l jelentkezetett felv\u00e9telre.<\/blockquote>\r\nHamarosan j\u00f6tt a meger\u0151s\u00edt\u00e9s is, m\u00e9ghozz\u00e1 a felt\u0171n\u0151en j\u00f3l \u00e9rtes\u00fclt konkurenci\u00e1t\u00f3l, amelynek valaki mintha kisziv\u00e1rogtatta volna a hivatalos iratot!\r\n\r\n<strong>December 8., Pesti Napl\u00f3:<\/strong> \u201eSchlosser Imre, a vil\u00e1gszerte ismert reprezentativ j\u00e1t\u00e9kos, k\u00f6zte \u00e9s klubja k\u00f6zt keletkezett differencia miatt kil\u00e9pett r\u00e9gi egyes\u00fclet\u00e9b\u0151l \u00e9s bel\u00e9pett a Magyar Testgyakorl\u00f3k K\u00f6r\u00e9be. A MTK err\u0151l \u00e1tiratban \u00e9rtes\u00edtette a Ferencv\u00e1rosi Torna Klubot.\u201d\r\n\r\n\u00c9s ezzel m\u00e9g nem volt v\u00e9ge, s\u0151t, csak most lend\u00fclt bele a g\u00e9pezet igaz\u00e1b\u00f3l!\r\n\r\n<strong>December 12., Az Ujs\u00e1g:<\/strong> \u201eHogy mi igaz, mi nem ezekb\u0151l az [\u00e1tigazol\u00e1si] h\u00edrekb\u0151l, ma m\u00e9g ellen\u0151rizhetetlen, de ha suttognak, bizonyos, hogy valami bennfentes adta tov\u00e1bb, azzal a felt\u00e9tellel, hogy ne mondja el m\u00e1snak. Ez a legbiztosabb m\u00f3dja a diszkr\u00e9t h\u00edrek min\u00e9l sz\u00e9lesebb k\u00f6r\u00f6kben val\u00f3 elterjeszt\u00e9s\u00e9nek. A Schlosser \u00e1tl\u00e9p\u00e9s\u00e9r\u0151l mi eml\u00e9kezt\u00fcnk meg el\u0151sz\u00f6r; klubcser\u00e9je azonban nem tartozik a h\u00e9t pecs\u00e9t alatt \u0151rz\u00f6tt titkok k\u00f6z\u00e9, melyek csak december 15-\u00e9n \u00e9jf\u00e9lkor [az MLSZ ekkor tette k\u00f6zz\u00e9 a klubcser\u00e9ket \u2013 a szerk.] ker\u00fclhetnek nyilv\u00e1noss\u00e1ga.\u201d\r\n\r\nNo meg:\r\n\r\n\u201eAzt besz\u00e9lik ugyanis, hogy Zs\u00e1k, a 33 FC reprezentativ kapuv\u00e9dje p\u00e1rtol \u00e1t a z\u00f6ld-feh\u00e9rekhez\u201d.\r\n\r\n<strong>December 16., Pesti Hirlap:<\/strong> Egy kis h\u00edrben tudatja a lap az \u00e1tigazol\u00e1sokat, k\u00f6zt\u00fck ott lapul a bomba: Schlosser Imre az FTC-b\u0151l az MTK-ba adott be \u00e1tigazol\u00e1si k\u00e9relmet.\r\n\r\nSz\u00f3val m\u00e1r az els\u0151 vil\u00e1gh\u00e1bor\u00fa alatt l\u00e1tott egy olvas\u00f3 \u201eexkluz\u00edv \u00e1tigazol\u00e1si inform\u00e1ci\u00f3t\u201d (a Pesti Napl\u00f3 \u00fcgyeletes Fabrizio Roman\u00f3ja nem is t\u00e9vedett Schlosser eset\u00e9ben), lebegtet\u00e9st \u00e9s sejtet\u00e9st, n\u00e9mi g\u00fanyol\u00f3d\u00e1st a mindenfel\u00e9 repked\u0151 transzferpletyk\u00e1kr\u00f3l, s\u0151t \u00e1tigazol\u00e1si kacs\u00e1t is (Zs\u00e1k K\u00e1roly nem hogy nem igazolt \u00e1t az FTC-be, de eg\u00e9sz p\u00e1lyafut\u00e1sa alatt h\u0171 maradt a \u201eHarih\u00e1romhoz\u201d). Azt\u00e1n j\u00f6tt a hivatalos bejelent\u00e9s. Erre Schlossert a Fradi-t\u00e1bor elhordta mindennek, a csat\u00e1rszt\u00e1r a lapokhoz eljuttatott k\u00f6zlem\u00e9nyben v\u00e9dte mag\u00e1t (ma mindez a Twitteren \u00e9s az Instagramon zajlana), az MLSZ vizsg\u00e1latot ind\u00edtott, az \u00e1tigazol\u00e1s \u00e9s ut\u00f3\u00e9lete pedig m\u00e9g h\u00f3napokig foglalkoztatta a k\u00f6z\u00f6ns\u00e9get.\r\n\r\nNincs \u00faj a Nap alatt \u2013 az \u00e1tigazol\u00e1si h\u00edrek \u00e9s pletyk\u00e1k m\u00e1r a 20. sz\u00e1zad elej\u00e9nek futballrajong\u00f3it is l\u00e1zba hozt\u00e1k, olyannyira, hogy a Nemzeti Sport 1923-ban publicisztik\u00e1ban figur\u00e1zta ki a j\u00e1t\u00e9kosmozg\u00e1sokkal egy\u00fctt j\u00e1r\u00f3 pletyka\u00f6z\u00f6nt. Kilencvenkilenc \u00e9vvel k\u00e9s\u0151bb m\u00e9g mindig relev\u00e1ns lenne a cikk.\r\n<h2>\u00dcres kal\u00f3ri\u00e1k<\/h2>\r\nAz \u00e1tigazol\u00e1si pletyka \u00fcres kal\u00f3ria, de a k\u00f6z\u00f6ns\u00e9g ett\u0151l m\u00e9g zab\u00e1lja, a m\u00e9dia meg nem gy\u0151zi k\u00e9sz\u00edteni. A ny\u00e1ri uborkaszezonban kev\u00e9s a meccs, a transzferh\u00edrek pedig biztos olvasotts\u00e1got hoznak. A \u201emercato\u201d legjobb kiakn\u00e1z\u00f3i mindig az olasz \u00fajs\u00e1g\u00edr\u00f3k voltak, nem hi\u00e1ba lett k\u00f6zismert a mil\u00e1n\u00f3i ATA Hotel \u2013 az utols\u00f3 pillanatos \u00e1tigazol\u00e1sok ny\u00e9lbe \u00fct\u00e9s\u00e9nek egykori helysz\u00edne \u2013, \u00e9s nem v\u00e9letlen\u00fcl olaszok a legismertebb transzferguruk.\r\n\r\nAz internet elterjed\u00e9s\u00e9vel m\u00e9g nagyobb teret kaptak a transzferh\u00edrek \u00e9s \u2013pletyk\u00e1k: a nyomtatott \u00fajs\u00e1gokkal ellent\u00e9tben itt (majdnem) minden be- \u00e9s elf\u00e9rt, az \u00e1tigazol\u00e1si z\u00e1r\u00e1s esem\u00e9nyeit lehetett percr\u0151l percre, \u00e9l\u0151ben k\u00f6vetni. M\u00e9g jobban megszaporodtak az \u00e1tigazol\u00e1si anyagok, a piac \u201ekitermelte\u201d a maga szak\u00edr\u00f3it, akik \u2013 legal\u00e1bbis a ny\u00e1ri \u00e9s t\u00e9li mercato id\u0151szak\u00e1ban \u2013 szinte kiz\u00e1r\u00f3lag a j\u00e1t\u00e9kosmozg\u00e1sokkal foglalkoztak.\r\n\r\nA t\u00e9nyleges \u00e1tigazol\u00e1si h\u00edrek \u00e9s pletyk\u00e1k k\u00f6zti eltol\u00f3d\u00e1st mutatja meg k\u00e9t kutat\u00f3, <strong>Jos\u00e9 Luis Rojas Torrijos<\/strong> \u00e9s <strong>Matheus Simoes Mello<\/strong> tanulm\u00e1nya. A Lisszaboni Egyetem kommunik\u00e1ci\u00f3kutat\u00f3i az \u00e1tigazol\u00e1si h\u00edrekben megjelen\u0151 f\u00e9lret\u00e1j\u00e9koztat\u00e1sok m\u00e1trix\u00e1val foglalkoztak n\u00e9gy nagy lap (a spanyol Marca, a portug\u00e1l A Bola, az olasz La Gazzetta dello Sport \u00e9s az angol The Guardian) anyagainak elemz\u00e9s\u00e9vel. Az eml\u00edtett lapok online kiad\u00e1saiban \u00e9s Twitter\u00e9n a megvizsg\u00e1lt peri\u00f3dusban t\u00f6bb \u00e1tigazol\u00e1si pletyka (53,1 sz\u00e1zal\u00e9k) jelent meg, mint t\u00e9nyleges \u00e1tigazol\u00e1si h\u00edr (46,9). Az A Bola, valamint La Gazzetta dello Sport eset\u00e9ben\r\n\r\n<span class=\"highlight-block\">a pletyk\u00e1k ar\u00e1nya a 75 sz\u00e1zal\u00e9kot is meghaladta. <\/span>\r\n\r\nA Twitter eset\u00e9ben voltak a legjobban eltol\u00f3dva az ar\u00e1nyok \u2013 a r\u00f6vid \u00fczenetek vill\u00e1mgyors \u00e1tad\u00e1s\u00e1ra szolg\u00e1l\u00f3 platform t\u00f6k\u00e9letes fel\u00fclete az \u00e1tigazol\u00e1si pletyk\u00e1k terjeszt\u00e9s\u00e9nek, nem v\u00e9letlen, hogy sz\u00e1mos \u00fajs\u00e1g\u00edr\u00f3 itt gy\u0171jt\u00f6tt hatalmas olvas\u00f3t\u00e1bort.\r\n\r\nA megvizsg\u00e1lt cikkekben a t\u00e9ves inform\u00e1ci\u00f3k t\u00f6bb t\u00edpus\u00e1t is megtal\u00e1lt\u00e1k a kutat\u00f3k. A lapok \u201etal\u00e1lati ar\u00e1nya\u201d 56 sz\u00e1zal\u00e9k alatt maradt, teh\u00e1t a lehozott pletyk\u00e1k alig t\u00f6bb mint fele bizonyult k\u00e9s\u0151bb igaznak. Az A Bola a Twitteren 37,5, honlapj\u00e1n 30 sz\u00e1zal\u00e9kos tal\u00e1lati ar\u00e1nyt hozott, amivel aligha lehet dicsekedni. A Football Transfer League UK nev\u0171 honlap 2006 nyara \u00f3ta figyeli a brit m\u00e9diumok pontoss\u00e1g\u00e1t \u00e1tigazol\u00e1si \u00fcgyekben, adataik szerint egy lap sem \u00e9ri el a 40 sz\u00e1zal\u00e9kos tal\u00e1lati ar\u00e1nyt.\r\n\r\nMin\u00e9l nagyobb egy klub, ann\u00e1l val\u00f3sz\u00edn\u0171bb, hogy t\u00f6bb pletyka \u00e9s t\u00f6bb \u201e\u00e1lh\u00edr\u201d kel sz\u00e1rnyra. Nem v\u00e9letlen\u00fcl h\u00edvta <strong>Rory Smith<\/strong>,<a href=\"https:\/\/www.nytimes.com\/2017\/07\/13\/sports\/soccer\/premier-league-transfers-window.html\" target=\"_blank\" rel=\"noopener\"> a New York Times publicist\u00e1ja<\/a> az \u00e1tigazol\u00e1si pletyk\u00e1kat az \u201eeredeti fake newsnak\u201d: az \u00e1lh\u00edrek erny\u0151je al\u00e1 sorolhat\u00f3 szinte \u00f6sszes torz\u00edt\u00e1s megjelenik ezen a ter\u00fcleten.\r\n\r\n\u201eA ny\u00e1ri \u00e1tigazol\u00e1si id\u0151szak hossz\u00fa napjain a futball maga csak mell\u00e9kszerepl\u0151 a j\u00e1t\u00e9kosok ad\u00e1sv\u00e9tele mellett. \u00d6sszemos\u00f3dik t\u00e9ny \u00e9s fikci\u00f3; a klubok, menedzserek \u00e9s \u00fcgyn\u00f6k\u00f6k mind-mind saj\u00e1t \u00e9rdek\u00fcknek megfelel\u0151en komment\u00e1lj\u00e1k titokban a t\u00f6rt\u00e9n\u00e9seket, s az igazs\u00e1g kisiklik a kezeink k\u00f6z\u00fcl\u201d \u2013 \u00edrta.\r\n\r\nAz internettel egy\u00fctt j\u00e1r\u00f3 pontos m\u00e9rhet\u0151s\u00e9g meg\u00e1gyazott az \u00e1tigazol\u00e1si pletyk\u00e1k v\u00e9gtelen sor\u00e1nak: a m\u00e9diumok addig is sejtett\u00e9k, hogy a k\u00f6z\u00f6ns\u00e9g szereti a t\u00e9m\u00e1t; a honlapokon, k\u00f6z\u00f6ss\u00e9gim\u00e9dia-fel\u00fcleteken m\u00e1r le is tudt\u00e1k ezt m\u00e9rni.\r\n\r\n<span class=\"highlight-block\">A k\u00f6z\u00f6ns\u00e9g pletyk\u00e1lt, pletyk\u00e1l \u00e9s pletyk\u00e1lni fog, \u00e9hes az inform\u00e1ci\u00f3morzs\u00e1kra;<\/span>\r\n\r\na sportm\u00e9dia pedig \u00f6r\u00f6mmel el\u00e9g\u00edti ki inform\u00e1ci\u00f3\u00e9hs\u00e9g\u00e9t, f\u0151leg, hogy profit\u00e1l is ebb\u0151l (egy sportoldal eset\u00e9ben k\u00f6nnyed\u00e9n elk\u00e9pzelhet\u0151 olyan ny\u00e1ri nap, amelyen az \u00e1tigazol\u00e1si h\u00edrek, inform\u00e1ci\u00f3k \u00e9s pletyk\u00e1k t\u00f6bb kattint\u00e1st hoznak, mint b\u00e1rmi m\u00e1s). A k\u00f6z\u00f6ss\u00e9gi m\u00e9dia tov\u00e1bb gyors\u00edtotta a h\u00edrek ciklus\u00e1t \u00e9s az inform\u00e1ci\u00f3\u00e1raml\u00e1st, az igaz, (m\u00e9g) igazolatlan \u00e9s hamis inform\u00e1ci\u00f3k sz\u00e9d\u00fcletes sebess\u00e9ggel keringenek. A transzfer\u0151r\u00fclet a futball-sz\u00f3rakoztat\u00f3ipar r\u00e9sze lett \u2013 <strong>Mino Raiola<\/strong>, az id\u00e9n elhunyt \u201eszuper\u00fcgyn\u00f6k\u201d el\u0151szeretettel tulajdon\u00edtotta mag\u00e1nak a folyamat elind\u00edt\u00e1s\u00e1t. Aki \u00e1tigazol\u00e1sokkal foglalkozik, az besz\u00e1ll a cirkuszba.\r\n<h2>Az \u00e1tigazol\u00e1sok kir\u00e1lya<\/h2>\r\nMiel\u0151tt elint\u00e9zn\u00e9nk az eg\u00e9szet egy legyint\u00e9ssel, \u00e1lljunk meg: az \u00e1tigazol\u00e1si specialista \u00fajs\u00e1g\u00edr\u00f3k (akik nem m\u00e1sod- \u00e9s harmadk\u00e9zb\u0151l adj\u00e1k tov\u00e1bb az \u00e9rtes\u00fcl\u00e9seket, hanem els\u0151sorban saj\u00e1t inform\u00e1ci\u00f3ikat r\u00f6p\u00edtik vil\u00e1gg\u00e1) nagyon komoly munk\u00e1t v\u00e9geznek. Ahhoz, hogy (t\u00f6bbnyire) megb\u00edzhat\u00f3 inform\u00e1ci\u00f3morzs\u00e1kat kapjanak, \u00e9vek munk\u00e1j\u00e1val kell bizalmi viszonyt kialak\u00edtani a piac k\u00fcl\u00f6nb\u00f6z\u0151 szerepl\u0151ivel, f\u0151k\u00e9nt a j\u00e1t\u00e9kos\u00fcgyn\u00f6k\u00f6kkel. Meg kell tanulni m\u00e9rlegelni az inform\u00e1ci\u00f3kat, megpr\u00f3b\u00e1lni meger\u0151s\u00edttetni azokat, nemzetk\u00f6zi kapcsolati h\u00e1l\u00f3t kell l\u00e9trehozni, mindezt annak a tudat\u00e1ban, hogy bizonyosan lesz fals inform\u00e1ci\u00f3, utols\u00f3 pillanatban meghi\u00fasult \u00fczlet \u00e9s ezekben az esetekben az \u00fajs\u00e1g\u00edr\u00f3 hiteless\u00e9ge szenvedheti meg az \u00fcgyet.\r\n\r\nHa m\u00e1r eml\u00edtett\u00fck Roman\u00f3t: a 29 \u00e9ves olasz \u00fajs\u00e1g\u00edr\u00f3 karrierj\u00e9vel \u00e9rdemes illusztr\u00e1lni, milyen is egy \u00e1tigazol\u00e1si specialista munk\u00e1ja. A n\u00e1polyi fiatalember 2011-ben egy kezd\u0151 \u00fcgyn\u00f6kkel kialak\u00edtott kapcsolat\u00e1nak k\u00f6sz\u00f6nhet\u0151en els\u0151k\u00e9nt \u00edrta meg (az akkor m\u00e9g ismeretlen ifij\u00e1t\u00e9kos) <strong>Mauro Icardi<\/strong> \u00e1tigazol\u00e1s\u00e1t a Barcelon\u00e1t\u00f3l a Sampdori\u00e1ba. K\u00e9t \u00e9vvel k\u00e9s\u0151bb ugyanez az \u00fcgyn\u00f6k adta le neki a dr\u00f3tot Icardi Interbe szerz\u0151d\u00e9s\u00e9r\u0151l, \u00e9s a sztori nagyot robbant. Romano az olasz \u00e1tigazol\u00e1si tev\u00e9kenys\u00e9g k\u00f6zpontj\u00e1ba, Mil\u00e1n\u00f3ba k\u00f6lt\u00f6z\u00f6tt, \u00e9s az akkori \u201etranszferkir\u00e1ly\u201d <strong>Gianluca Di Marzi\u00f3val<\/strong> dolgozott egy\u00fctt.\r\n\r\n[caption id=\"attachment_5058\" align=\"alignnone\" width=\"2000\"]<img class=\"size-full wp-image-5058\" src=\"https:\/\/sport24.24.hu\/app\/uploads\/sites\/24\/2022\/07\/066_dppi_40214537_013.jpg\" alt=\"\" width=\"2000\" height=\"1333\" \/> Icardi (k\u00e9kben) a Milan\u2013Internazionale olasz bajnoki m\u00e9rk\u0151z\u00e9sen, m\u00e9g 2014-ben[\/caption]\r\n\r\n\u201e\u00c9vekig r\u00f3ttam a k\u00f6r\u00f6ket a v\u00e1rosban. Sz\u00e1llod\u00e1kba, \u00e9ttermekbe j\u00e1rtam, b\u00e1rhov\u00e1, ahol a futballban dolgoz\u00f3k tal\u00e1lkozhattak\u201d \u2013 mondta <a href=\"https:\/\/www.nytimes.com\/2022\/01\/24\/sports\/soccer\/fabrizio-romano-transfer-rumors.html\" target=\"_blank\" rel=\"noopener\">a New York Times portr\u00e9anyag\u00e1ban<\/a>. Romano r\u00e1j\u00f6tt, mekkora lehet\u0151s\u00e9g van a k\u00f6z\u00f6ss\u00e9gi m\u00e9di\u00e1ban \u2013 az eml\u00edtett Di Marzio m\u00e9g saj\u00e1t honlappal \u201earatott\u201d, tan\u00edtv\u00e1nya viszont letarolta a Twittert \u00e9s az Instagramot. Ma csak Twitteren hatszor annyian k\u00f6vetik, mint Di Marzi\u00f3t.\r\n\r\nVannak, akik lass\u00fanak tartj\u00e1k \u2013 rendszeresen kritiz\u00e1lj\u00e1k azzal, hogy \u201etap-in merchant\u201d, azaz olyasvalaki, aki az \u00fcres kapus ziccereket rugdalja be \u2013, \u00e1m Romano tudatosan v\u00e1r ak\u00e1r napokat, heteket is egy inform\u00e1ci\u00f3 kiad\u00e1s\u00e1val, meg akarja \u0151rizni bizalmi t\u0151k\u00e9j\u00e9t gigantikus k\u00f6vet\u0151t\u00e1bora el\u0151tt. Megpr\u00f3b\u00e1l megb\u00edzhat\u00f3 viszony\u00edt\u00e1si pont lenni egy h\u00edrhedten kisz\u00e1m\u00edthatatlan ter\u00fcleten. Hajnali \u00f6tig dolgozik \u00e1tigazol\u00e1si id\u0151szakban, eg\u00e9sz nap chatel \u00e9s h\u00edvogatja kapcsolatait.\r\n\r\n<span class=\"highlight-block\">A telefon 16-17 \u00f3r\u00e1n kereszt\u00fcl szinte ki sem ker\u00fcl a kez\u00e9b\u0151l.<\/span>\r\n\r\n<img class=\"alignnone size-full wp-image-5063\" src=\"https:\/\/sport24.24.hu\/app\/uploads\/sites\/24\/2022\/07\/fabrizio-romano.jpg\" alt=\"\" width=\"2048\" height=\"1365\" \/>\r\n\r\nRendszeresen besz\u00e9l klubvezet\u0151kkel, \u00fcgyn\u00f6k\u00f6kkel \u00e9s j\u00e1t\u00e9kosokkal is, h\u00edrneve \u00e9s k\u00f6vet\u0151t\u00e1bora miatt sz\u00edvesen \u00e1llnak vele sz\u00f3ba. \u00c1ll\u00edt\u00e1sa szerint kar\u00e1csony el\u0151tt majd\u2019 egy teljes munkanapja elmegy arra, hogy felh\u00edvja kapcsolatait \u00e9s tolm\u00e1csolja j\u00f3k\u00edv\u00e1ns\u00e1gait \u2013 ez is kell a transzfergurus\u00e1ghoz, no meg a kapcsolatok \u00e1pol\u00e1s\u00e1hoz\u2026\r\n\r\n\u201eRomano akkora befoly\u00e1sra tett szert \u2013 nem is felt\u00e9tlen\u00fcl sz\u00e1nd\u00e9kosan \u2013 hogy egyszer\u0171 riporterb\u0151l \u00f6n\u00e1ll\u00f3 er\u0151v\u00e9 v\u00e1lt az \u00e1tigazol\u00e1si piacon. Ezzel elmosta a hat\u00e1rvonalat \u00fajs\u00e1g\u00edr\u00f3 \u00e9s influencer, k\u00fcls\u0151 megfigyel\u0151 \u00e9s bels\u0151 r\u00e9sztvev\u0151 k\u00f6z\u00f6tt\u201d \u2013 <a href=\"https:\/\/www.nytimes.com\/2022\/01\/24\/sports\/soccer\/fabrizio-romano-transfer-rumors.html\" target=\"_blank\" rel=\"noopener\">\u00edrja portr\u00e9j\u00e1ban<\/a> a m\u00e1r id\u00e9zett Rory Smith. Ez persze etikai k\u00e9rd\u00e9sek sor\u00e1t veti fel.\r\n\r\nFeltehetj\u00fck azt a k\u00e9rd\u00e9st is: mi \u00e9rtelme van ennek az eg\u00e9sznek? Am\u00edg meg nem k\u00f6ttetik egy szerz\u0151d\u00e9s, pszeudoesem\u00e9nyek sor\u00e1r\u00f3l besz\u00e9l\u00fcnk, arr\u00f3l, hogy valami (esetleg) t\u00f6rt\u00e9nni fog vagy valami (nem bizony\u00edthat\u00f3an) megt\u00f6rt\u00e9nt. Nem lenne el\u00e9g, ha csak a t\u00e9nyleges \u00e1tigazol\u00e1si h\u00edrek ker\u00fcln\u00e9nek a szem\u00fcnk el\u00e9, spekul\u00e1ci\u00f3 n\u00e9lk\u00fcl? Mi t\u00f6rt\u00e9nne, ha az \u00e1tigazol\u00e1si inform\u00e1ci\u00f3morzs\u00e1k \u00e9s pletyk\u00e1k egyszerre elapadn\u00e1nak? Mi lenne, ha Romano \u201emegn\u00e9mulna\u201d? V\u00e1ltozna \u00e9rdemben b\u00e1rmi?\r\n\r\nAligha. A sportvil\u00e1g h\u00edrei \u00e9ppen ugyan\u00fagy \u00e9lvezhet\u0151k lenn\u00e9nek pletyk\u00e1k \u00e9s bennfentes \u00e1tigazol\u00e1si inform\u00e1ci\u00f3k n\u00e9lk\u00fcl is. \u00c1m a sportm\u00e9dia, a piaci szerepl\u0151k sora \u00e9s a k\u00f6z\u00f6ns\u00e9g k\u00e9zen fogva \u00fajra kialak\u00edtan\u00e1 a szc\u00e9n\u00e1t.\r\n\r\n<span class=\"highlight-block-small\">A pletyka- \u00e9s inform\u00e1ci\u00f3\u00e9hs\u00e9g, a tervezett \u00e1tigazol\u00e1sokkal kapcsolatos izgalom, az el\u00e9rhet\u0151 olvasotts\u00e1g, n\u00e9zetts\u00e9g t\u00fal nagy \u00far. A cirkuszb\u00f3l nincs kisz\u00e1ll\u00e1s.<\/span>\r\n\r\n[prefabricated_shortcode in_app=\"0\" code=\"%3Cdiv%20class%3D%22article_box_border%22%20style%3D%22background%3A%20url%28%27https%3A%2F%2F24.p3k.hu%2Fapp%2Fuploads%2Fsites%2F24%2F2021%2F05%2Fsport24-pattern.png%27%29%20no-repeat%20left%20-16px%20%23f3f3f4%3B%20border%3A%20none%3B%22%3E%0D%0A%3Cdiv%20class%3D%22article_solidheader%22%3E%0D%0A%3Ch2%20style%3D%22color%3A%20%23111115%21important%3B%20font-size%3A%2036px%3B%20font-weight%3A%20bold%3B%20margin-bottom%3A%2030px%3B%20margin-top%3A%2020px%3B%20text-align%3A%20center%3B%20line-height%3A%2036px%3B%22%3E%3Cimg%20class%3D%22aligncenter%20size-full%20wp-image-141%22%20src%3D%22https%3A%2F%2F24.p3k.hu%2Fapp%2Fuploads%2Fsites%2F24%2F2021%2F05%2Fs24-logo-dt.png%22%20alt%3D%22%22%20width%3D%22408%22%20height%3D%2290%22%20%2F%3E%3C%2Fh2%3E%0D%0A%3Ch2%20style%3D%22color%3A%20%23111115%21important%3B%20font-size%3A%2036px%3B%20font-weight%3A%20bold%3B%20margin-bottom%3A%2030px%3B%20margin-top%3A%2020px%3B%20text-align%3A%20center%3B%20line-height%3A%2040px%3B%22%3ECsatlakozz%20a%20Sport24%20k%C3%B6z%C3%B6ss%C3%A9ghez%2C%20mondd%20el%20v%C3%A9lem%C3%A9nyedet%20z%C3%A1rt%20Facebook-csoportunkban%2C%20%C3%A9s%20vegy%C3%A9l%20r%C3%A9szt%20csak%20el%C5%91fizet%C5%91knek%20el%C3%A9rhet%C5%91%20exkluz%C3%ADv%20esem%C3%A9nyeinken.%3C%2Fh2%3E%0D%0A%3C%2Fdiv%3E%0D%0A%3Cp%20style%3D%22background%3A%20%2357A600%3B%20margin-top%3A%2020px%3B%20padding%3A%2020px%3B%20text-align%3A%20center%3B%22%3E%3Ca%20style%3D%22color%3A%20%23ffffff%3B%20font-size%3A%2026px%3B%20font-weight%3A%20600%3B%22%20href%3D%22https%3A%2F%2Fwww.facebook.com%2Fgroups%2F212344460412327%22%3ECSATLAKOZOM%3C%2Fa%3E%3C%2Fp%3E%0D%0A%0D%0A%3C%2Fdiv%3E\"]","type":"rich","thumbnail_url":"https:\/\/s.24.hu\/app\/uploads\/sites\/24\/2022\/07\/000_9372nd-150x150.jpg","thumbnail_width":150,"thumbnail_height":150}