{"version":"1.0","provider_name":"Sport24","provider_url":"https:\/\/sport24.24.hu","author_name":"Bruckner G\u00e1bor","author_url":"https:\/\/sport24.24.hu\/author\/brucknerg\/","title":"\u00c1d\u00e1m Martin angliai \u00e1lm\u00e1val elb\u00e1nt a pontrendszer, de kiny\u00edlt egy kiskapu","html":"J\u00e1t\u00e9kosk\u00e9nt Angli\u00e1ba ker\u00fclni sokak \u00e1lma. A labdar\u00fag\u00e1s sz\u00fcl\u0151haz\u00e1j\u00e1ban ak\u00e1r a m\u00e1sodik vonalban szerepelni \u2013 nagy eredm\u00e9ny, pl\u00e1ne, ha egy j\u00e1t\u00e9kos Magyarorsz\u00e1gr\u00f3l indul. Angli\u00e1ba eljutni az NB I-b\u0151l jelenleg k\u00f6zb\u00fcls\u0151 \u201eugr\u00f3deszka\u201d n\u00e9lk\u00fcl szinte lehetetlen. Ma a Premier League majdnem megugorhatatlan kih\u00edv\u00e1s egy NB I-es j\u00e1t\u00e9kosnak (2015\/16 \u00f3ta nem l\u00e9pett p\u00e1ly\u00e1ra magyar az angol \u00e9lvonalban, akkor <strong>Bogd\u00e1n \u00c1d\u00e1m<\/strong> v\u00e9dett a Liverpoolban), de m\u00e9g a Championship is t\u00fal messze van, ahogyan azt <strong>\u00c1d\u00e1m Martin<\/strong> is megtapasztalhatta. A Paks hatalmas termet\u0171 center\u00e9nek egy angliai lehet\u0151s\u00e9g az \u00e1lma, \u00e1m \u2013 amint arr\u00f3l az M4 Sportnak besz\u00e9lt \u2013 a Brexittel bevezetett b\u00fcrokratikus szab\u00e1lyoz\u00e1s miatt m\u00e9g a m\u00e1sodoszt\u00e1lyba sem igazolhat.\r\n<blockquote class=\"small-quote\">Angli\u00e1ba sajnos nem szerz\u0151dhetek, mert nincsenek meg azok az \u00e1tigazol\u00e1shoz sz\u00fcks\u00e9ges sz\u00e1maim, amelyek a Brexit ut\u00e1n kellenek<\/blockquote>\r\n\u2013 nyilatkozta.\r\n\r\n[caption id=\"attachment_5015\" align=\"aligncenter\" width=\"1024\"]<img class=\"size-large wp-image-5015\" src=\"https:\/\/sport24.24.hu\/app\/uploads\/sites\/24\/2022\/06\/central-0661356881-1024x681.jpg\" alt=\"\" width=\"1024\" height=\"681\" \/> \u00c1d\u00e1m Martin. Fot\u00f3: Farkas Norbert[\/caption]\r\n\r\nA szab\u00e1lyoz\u00e1ssal Eur\u00f3pa-szerte k\u00fczdenek. A \u201ek\u00f6zepes\u201d \u00e9s \u201ekis\u201d lig\u00e1kb\u00f3l, a toplig\u00e1s orsz\u00e1gok m\u00e1sodik vonal\u00e1b\u00f3l nagyon neh\u00e9zz\u00e9 v\u00e1lt Angli\u00e1ba \u201e\u00e1tugrani\u201d. Ennek a kor\u00e1bban az angol felvev\u0151piacra \u201esz\u00e1ll\u00edt\u00f3\u201d bajnoks\u00e1gok mellett a kev\u00e9sb\u00e9 gazdag, \u00e1m remek\u00fcl scoutol\u00f3 angol klubok (pl. Brentford) \u00e9s a j\u00f3 eur\u00f3pai kapcsolatokat ki\u00e9p\u00edt\u0151 Championship-csapatok (pl. Barnsley) egyar\u00e1nt k\u00e1rvallottjai lehetnek. Az el\u0151z\u0151 id\u00e9ny \u00e1tigazol\u00e1si tev\u00e9kenys\u00e9g\u00e9t a koronav\u00edrus-vil\u00e1gj\u00e1rv\u00e1ny is er\u0151sen befoly\u00e1solta, \u00edgy alighanem 2022 nyar\u00e1n kapunk tiszt\u00e1bb k\u00e9pet arr\u00f3l, mennyiben v\u00e1ltoztatja meg a brit piacot \u00e9s a klubok tev\u00e9kenys\u00e9g\u00e9t a 2021. janu\u00e1r elsej\u00e9vel bevezetett pontrendszer. Mint mindig, most sem a k\u00f6zvetlen elit j\u00e1r rosszul, hanem akik lejjebb vannak a \u201et\u00e1pl\u00e1l\u00e9kl\u00e1ncban\u201d.\r\n<h2>\u00c1d\u00e1mnak nem, Fiol\u00e1nak tal\u00e1n, Sallainak igen<\/h2>\r\nA Brexittel bevezetett pontsz\u00e1m\u00edt\u00e1s \u00faj kiad\u00e1s\u00e1t j\u00faniusban <a href=\"\/Users\/G%C3%A1bor\/Downloads\/mens-players-criteria-202223.pdf\" target=\"_blank\" rel=\"noopener\">jelentette meg az angol sz\u00f6vets\u00e9g<\/a>, azaz az FA. A 27 oldalas dokumentum nem tartozik a k\u00f6nnyen em\u00e9szthet\u0151 iratok k\u00f6z\u00e9, olyannyira nem, hogy t\u00f6bb c\u00e9g aj\u00e1nl fizet\u0151s pontsz\u00e1m\u00edt\u00f3 szolg\u00e1ltat\u00e1st a kluboknak, hogy az \u00e1tigazol\u00e1s\u00e9rt felel\u0151s st\u00e1b gombnyom\u00e1sra megkapja a megfelel\u0151 eredm\u00e9nyt, \u00e9s ne kelljen sz\u00e1molgatni.\r\n\r\nAz \u00fajonnan kiadott szab\u00e1lyzat magyar szempontb\u00f3l a legfontosabb helyen nem v\u00e1ltozott: az NB I tov\u00e1bbra is a legals\u00f3, hatodik szintre kapott besorol\u00e1st, m\u00e1rpedig ebb\u0151l a kateg\u00f3ri\u00e1b\u00f3l nagyon neh\u00e9z Angli\u00e1ba igazolni.\r\n\r\nA szerz\u0151dtet\u00e9shez sz\u00fcks\u00e9ges enged\u00e9ly (GBE) megszerz\u00e9s\u00e9hez 15 pont sz\u00fcks\u00e9ges. Ahhoz, hogy k\u00fcl\u00f6n enged\u00e9lyt lehessen k\u00e9rni (ennek megad\u00e1s\u00e1r\u00f3l egy bizotts\u00e1g d\u00f6nt) szint\u00e9n el kell \u00e9rni legal\u00e1bb 10 pontot, vagy ifi j\u00e1t\u00e9kos eset\u00e9ben bizony\u00edtani kell a szerz\u0151dtetni k\u00edv\u00e1n\u00f3 klubnak: kiszemeltje \u201ejelent\u0151s potenci\u00e1llal \u00e9s megfelel\u0151 min\u0151s\u00e9ggel b\u00edr ahhoz, hogy az angol futball fejl\u0151d\u00e9s\u00e9hez hozz\u00e1j\u00e1ruljon\u201d. A pontsz\u00e1m\u00edt\u00e1si t\u00e1bl\u00e1zatba els\u0151sorban a k\u00f6vetkez\u0151k sz\u00e1m\u00edtanak bele:\r\n<ul>\r\n \t<li>a nemzeti k\u00fczdelemsorozatokban lej\u00e1tszott j\u00e1t\u00e9kpercek,<\/li>\r\n \t<li>a v\u00e1logatott tal\u00e1lkoz\u00f3k,<\/li>\r\n \t<li>a kontinent\u00e1lis kupam\u00e9rk\u0151z\u00e9seken kapott j\u00e1t\u00e9kpercek \u00e9s a csapat nemzetk\u00f6zi szerepl\u00e9se,<\/li>\r\n \t<li>a j\u00e1t\u00e9kos klubj\u00e1nak ereje, bajnoki helyez\u00e9se.<\/li>\r\n<\/ul>\r\nA pontokat egy referenciaperi\u00f3dus \u2013 a GBE-k\u00e9relem beny\u00fajt\u00e1s\u00e1t megel\u0151z\u0151 egy \u00e9v \u2013 alapj\u00e1n sz\u00e1molj\u00e1k.\r\n\r\n<span class=\"highlight-block-small\">A v\u00e1logatottak alapembereinek van a legk\u00f6nnyebb dolguk, m\u00e1r ha nemzeti csapatuk a vil\u00e1granglista els\u0151 \u00f6tven helyezettje k\u00f6z\u00f6tt tal\u00e1lhat\u00f3 (Magyarorsz\u00e1g most a 37.).<\/span>\r\n\r\nHa egy j\u00e1t\u00e9kos vil\u00e1granglista top t\u00edzes v\u00e1logatottban a meccsek legal\u00e1bb 30 sz\u00e1zal\u00e9k\u00e1n p\u00e1ly\u00e1ra l\u00e9pett a referenciaperi\u00f3dusban, akkor automatikusan megkapja az enged\u00e9lyt (ez az \u00fagynevezett Auto-Pass). A 11\u201320. helyezettek eset\u00e9ben a hat\u00e1r legal\u00e1bb 40 sz\u00e1zal\u00e9kra, a 21\u201330. helyezettekn\u00e9l legal\u00e1bb 60 sz\u00e1zal\u00e9kra, a 31\u201350. helyezettekn\u00e9l legal\u00e1bb 70 sz\u00e1zal\u00e9kra emelkedik. Ha nincs Auto-Pass, akkor is j\u00f3l lehet pontokat \u201ekasz\u00e1lni\u201d a rendszeres v\u00e1logatott szerepl\u00e9ssel. Amennyiben viszont a nemzeti csapat nincs a vil\u00e1granglista els\u0151 \u00f6tvenben, akkor a j\u00e1t\u00e9kos semmik\u00e9ppen sem kaphat automatikus enged\u00e9lyt, \u00e9s k\u00e9t pontn\u00e1l t\u00f6bbet nem gy\u0171jthet \u00f6ssze.\r\n\r\nJ\u00f6hetnek a j\u00e1t\u00e9kperc alapj\u00e1n sz\u00e1m\u00edtott \u201eklubpontok\u201d. A magyar NB I a hatodik, azaz a legrosszabb kateg\u00f3ri\u00e1ban van, \u00e9s ez a legt\u00f6bb j\u00e1t\u00e9kos angliai szerz\u0151d\u00e9s\u00e9t megtorped\u00f3zn\u00e1: 2 pontn\u00e1l t\u00f6bbet nem lehet a j\u00e1t\u00e9kpercek alapj\u00e1n \u00f6sszegy\u0171jteni. Ha egy kateg\u00f3ri\u00e1val feljebb soroln\u00e1k az NB I-et, akkor egy magyar \u00e9lvonalbeli kulcsj\u00e1t\u00e9kos m\u00e1r 4 pontot gy\u0171jthetne, ha kett\u0151vel, akkor 6 pontot. Tegy\u00fck hozz\u00e1: egy negyedik kateg\u00f3ri\u00e1s bajnoks\u00e1gban minden percet v\u00e9gigj\u00e1tsz\u00f3 futballista annyi pontot kap, mint egy toplig\u00e1ban a percek 30 sz\u00e1zal\u00e9k\u00e1t megkap\u00f3 t\u00e1rsa\u2026 Sz\u00f3val ebben a sz\u00e1m\u00edt\u00e1sban kulcsfontoss\u00e1g\u00fa szerepe van a bajnoks\u00e1g szintj\u00e9nek \u00e9s az angolok \u00e1ltal meg\u00e1llap\u00edtott besorol\u00e1snak.\r\n\r\nR\u00e9gi\u00f3nkb\u00f3l a szlov\u00e1k \u00e9s a rom\u00e1n kiv\u00e9tel\u00e9vel minden bajnoks\u00e1g besorol\u00e1sa jobb, mint az NB I-\u00e9 (a csehek, horv\u00e1tok, ukr\u00e1nok \u00e9s osztr\u00e1kok a 4., a szerbek, a lengyelek \u00e9s a szlov\u00e9nek az 5. kateg\u00f3ri\u00e1ba tartoznak). \u00c9rt\u00e9kes plusz pontokat jelent, ha egy klub el\u00e9ri az eur\u00f3pai kupak\u00fczdelmek sor\u00e1n a csoportk\u00f6rt. Egy 5. vagy 6. kateg\u00f3ri\u00e1s bajnoks\u00e1gb\u00f3l kiz\u00e1r\u00f3lag a hazai szerepl\u00e9s alapj\u00e1n k\u00e9ptelens\u00e9g \u00f6sszeszedni a kell\u0151 15 pontot (10, illetve 5 a maximum), egy 4. kateg\u00f3ri\u00e1sb\u00f3l extr\u00e9m neh\u00e9z (15 a maximum). Ez\u00e9rt kell a j\u00e1t\u00e9klehet\u0151s\u00e9g a v\u00e1logatottban \u00e9s ez\u00e9rt kell, hogy a j\u00e1t\u00e9kos csapata legal\u00e1bb a csoportk\u00f6rig eljusson egy eur\u00f3pai kup\u00e1ban.\r\n<div class=\"payable-content-section\"><\/div>\r\n<iframe class=\"flourish-embed-iframe\" style=\"width: 100%;height: 600px\" title=\"Interactive or visual content\" src=\"https:\/\/flo.uri.sh\/visualisation\/10437013\/embed\" frameborder=\"0\" scrolling=\"no\"><\/iframe>\r\n<div style=\"width: 100%!;margin-top: 4px!important;text-align: right!important\"><a class=\"flourish-credit\" style=\"text-decoration: none!important\" href=\"https:\/\/public.flourish.studio\/visualisation\/10437013\/?utm_source=embed&amp;utm_campaign=visualisation\/10437013\" target=\"_top\" rel=\"noopener\"><img style=\"width: 105px!important;height: 16px!important;border: none!important;margin: 0!important\" src=\"https:\/\/public.flourish.studio\/resources\/made_with_flourish.svg\" alt=\"Made with Flourish\" \/> <\/a><\/div>\r\n&nbsp;\r\n\r\nA transferroom.com korl\u00e1tozottan <a href=\"https:\/\/www.transferroom.com\/gbe?hsLang=en#calculator\" target=\"_blank\" rel=\"noopener\">el\u00e9rhet\u0151v\u00e9 tette GBE-kalkul\u00e1tor\u00e1t<\/a>, ennek seg\u00edts\u00e9g\u00e9vel vizsg\u00e1ltunk meg n\u00e9h\u00e1ny magyar v\u00e1logatott j\u00e1t\u00e9kost. M\u00e1s kalkul\u00e1torok elt\u00e9r\u0151 eredm\u00e9nyre juthatnak (ahogyan egy j\u00e1t\u00e9kos\u00fcgyn\u00f6k fogalmazott, ez teljes\u00edti ki az \u0151r\u00fcletet).\r\n<ul>\r\n \t<li><strong>\u00c1d\u00e1m Martin (Paks):<\/strong> Nem j\u00e1tszott eleget a v\u00e1logatottban (0 pont). A magyar bajnoks\u00e1gban hi\u00e1ba kulcsember \u00e9s g\u00f3lkir\u00e1ly, ez a j\u00e1t\u00e9kperc alap\u00fa bajnoki pontsz\u00e1m\u00edt\u00e1sban alig hagy nyomot (1 pont). A Paks nem j\u00e1tszott nemzetk\u00f6zi kup\u00e1ban (0 pont). Jelenlegi csapata az NB I-ben szerepel (2 pont). Ez 3 pont, \u00c1d\u00e1m nem kaphat enged\u00e9lyt az angliai j\u00e1t\u00e9kra, s m\u00e9g k\u00fcl\u00f6nbizotts\u00e1g el\u00e9 sem lehet vinni az \u00fcgyet.<\/li>\r\n \t<li><strong>Sallai Roland (Freiburg):<\/strong> Folyamatosan j\u00e1tszik a v\u00e1logatottban, melynek kulcsembere, \u00e9s a magyar nemzeti csapat bent van az els\u0151 50-ben a vil\u00e1granglist\u00e1n. Ennek h\u00e1la automatikusan megkapn\u00e1 az enged\u00e9lyt (Auto-Pass), de ha egy\u00e1ltal\u00e1n nem j\u00e1tszana a nemzeti csapatban, Bundesliga-j\u00e1t\u00e9kosk\u00e9nt akkor is sim\u00e1n \u00e1tvinn\u00e9 a l\u00e9cet (22 pont a v\u00e1logatotts\u00e1g n\u00e9lk\u00fcl, \u00fagy, hogy a Freiburg nem j\u00e1tszott az eur\u00f3pai kupaporondon).<\/li>\r\n \t<li><strong>Nego Loic (Feh\u00e9rv\u00e1r):<\/strong> Nagyon kev\u00e9s NB I-es j\u00e1t\u00e9kos \u00e9rn\u00e9 el az enged\u00e9lyhez sz\u00fcks\u00e9ges ponthat\u00e1rt, Nego ezek k\u00f6z\u00e9 tartozik. Mivel fontos embere a v\u00e1logatottnak, Sallaihoz hasonl\u00f3an automatikusan megkapn\u00e1 a GBE-t (Auto-Pass). Pedig magyarorsz\u00e1gi klubja \u00e9s j\u00e1t\u00e9kpercei alapj\u00e1n csup\u00e1n 3 pontja lenne.<\/li>\r\n \t<li><strong>Dibusz D\u00e9nes (FTC):<\/strong> Neg\u00f3hoz hasonl\u00f3an megkapn\u00e1 az enged\u00e9lyt, ehhez nagyban hozz\u00e1j\u00e1rul a Ferencv\u00e1ros j\u00f3 szerepl\u00e9se az eur\u00f3pai kupaporondon (pontjaib\u00f3l 7 a v\u00e1logatott, 4 a nemzetk\u00f6zi kupameccsek, 2 az eur\u00f3pai kupaszerepl\u00e9s ut\u00e1n j\u00f6n).<\/li>\r\n \t<li><strong>Fiola Attila (Feh\u00e9rv\u00e1r):<\/strong> 12 pontj\u00e1nak t\u00f6bbs\u00e9g\u00e9t a v\u00e1logatott szerepl\u00e9s hozza. K\u00fcl\u00f6n enged\u00e9lyt kellene k\u00e9rni a sz\u00e1m\u00e1ra egy bizotts\u00e1gt\u00f3l.<\/li>\r\n \t<li><strong>Lang \u00c1d\u00e1m (Omonia Nicosia):<\/strong> A ciprusi bajnoks\u00e1g az NB I-hez hasonl\u00f3 besorol\u00e1s\u00fa, \u00edgy Langnak is 12 pontja van, d\u00f6nt\u0151en a v\u00e1logatott szerepl\u00e9s miatt. K\u00fcl\u00f6n enged\u00e9ly\u00e9rt kellene folyamodnia.<\/li>\r\n \t<li><strong>N\u00e9meth Andr\u00e1s (Genk):<\/strong> Az U21-es v\u00e1logatott csat\u00e1r klubja, a Genk a belga \u00e9lvonalban szerepel (10 pont), \u00e9s N\u00e9meth p\u00e1ly\u00e1ra is l\u00e9pett (feln\u0151ttek k\u00f6z\u00f6tti bemutatkoz\u00e1s 2. kateg\u00f3ri\u00e1s lig\u00e1ban, 5 pont). M\u00e1s kateg\u00f3ri\u00e1b\u00f3l is lenne m\u00e9g 2 pontja, \u00edgy 17 ponttal megkapn\u00e1 az enged\u00e9lyt. Pedig a belga \u00e9lvonalban 3 meccsen csup\u00e1n 17 percet j\u00e1tszott.<\/li>\r\n<\/ul>\r\n<span class=\"highlight-block-small\">Sz\u00f3val egy er\u0151s bajnoks\u00e1gban fiatalon bemutatkozni t\u00f6bbet \u00e9r az Angli\u00e1ba igazol\u00e1s szempontj\u00e1b\u00f3l, mint NB I-es kulcsembernek \u00e9s a v\u00e1logatott kieg\u00e9sz\u00edt\u0151 j\u00e1t\u00e9kos\u00e1nak lenni, m\u00e1r ha a futballista magyar klubja nem jut el egy eur\u00f3pai kupa csoportk\u00f6r\u00e9ig. <\/span>\r\n\r\nEz az Angli\u00e1ba v\u00e1gy\u00f3 magyar fiatalok karrier\u00edv\u00e9t, klubv\u00e1lt\u00e1sait is befoly\u00e1solhatja, hiszen itthonr\u00f3l nagyon neh\u00e9z megfelelni a GBE-hez kell\u0151 krit\u00e9riumoknak.\r\n\r\n[caption id=\"attachment_5017\" align=\"aligncenter\" width=\"1024\"]<img class=\"size-large wp-image-5017\" src=\"https:\/\/sport24.24.hu\/app\/uploads\/sites\/24\/2022\/06\/central-0697024202-1024x681.jpg\" alt=\"\" width=\"1024\" height=\"681\" \/> Sallai Roland az angolok ellen.[\/caption]\r\n\r\nAmikor <a href=\"https:\/\/ai-abacus.co.uk\/blog\/2020\/12\/17\/post-brexit-recruitment-predicting-eligibility-of-overseas-players\/\" target=\"_blank\" rel=\"noopener\">az AI Abacus szolg\u00e1ltat\u00f3 c\u00e9g<\/a> a pontsz\u00e1m\u00edt\u00e1si rendszer els\u0151 k\u00f6zz\u00e9t\u00e9tele ut\u00e1n k\u00f6rk\u00e9pet k\u00e9sz\u00edtett, csak 7 olyan NB I-es j\u00e1t\u00e9kost tal\u00e1lt, aki megkapta volna az angliai enged\u00e9lyt. \u00d6sszehasonl\u00edt\u00e1sul: a szlov\u00e9n \u00e9s rom\u00e1n \u00e9lvonalban 8-8, a lengyelben 11, a szerbben 14, a horv\u00e1tban 34, a csehben 37, az osztr\u00e1kban 46, az ukr\u00e1nban 54 ilyen j\u00e1t\u00e9kost leltek. Ez persze sehol sincs a t\u00f6r\u00f6k Szuperliga (301), a belga (243) vagy a holland (235) \u00e9lvonal sz\u00e1mait\u00f3l.\r\n<h2>Z\u00e1r\u00f3dnak az ajt\u00f3k, ny\u00edlnak a kiskapuk<\/h2>\r\nA szigor\u00fa szab\u00e1lyoz\u00e1s kev\u00e9sb\u00e9 \u00e9rinti a Premier League klubjait: ide \u00e1ltal\u00e1ban olyanok igazolnak, akik v\u00e1logatott kulcsj\u00e1t\u00e9kosk\u00e9nt vagy toplig\u00e1s sp\u00edlerk\u00e9nt hozn\u00e1k a k\u00f6vetelm\u00e9nyeket. Nagyobb a hat\u00e1s a k\u00fclf\u00f6ldi j\u00e1t\u00e9kosokt\u00f3l az adatok alapj\u00e1n hirtelen \u201evisszah\u0151k\u00f6l\u0151\u201d Championshipben: az Analytics FC kutat\u00e1sa alapj\u00e1n 70-r\u0151l 92 sz\u00e1zal\u00e9kra ugrott az angol m\u00e1sodoszt\u00e1ly\u00fa \u00e1tigazol\u00e1sokn\u00e1l a \u201edomestic player bias\u201d, azaz, hogy a csapatok mennyi hazai j\u00e1t\u00e9kost szerz\u0151dtetnek. A Brexit \u00e9letbe l\u00e9p\u00e9se el\u0151tti utols\u00f3 ny\u00e1ron (2020) h\u00fasz j\u00e1t\u00e9kos igazolt a 4., 5. \u00e9s 6. kateg\u00f3ri\u00e1ba sorolt bajnoks\u00e1gokb\u00f3l a Championshipbe. Tavaly ny\u00e1ron m\u00e1r csak h\u00e1rom.\r\n\r\nRossz h\u00edr volt a Brexit-szab\u00e1lyoz\u00e1s a sk\u00f3toknak is, hiszen a toplig\u00e1s j\u00e1t\u00e9kosok (enged\u00e9lyt k\u00f6nnyed\u00e9n megkap\u00f3) kr\u00e9mje sz\u00e1mukra el\u00e9rhetetlen. Ann\u00e1l n\u00e9pszer\u0171bbek a kisebb bajnoks\u00e1gokb\u00f3l szerz\u0151dtetett l\u00e9gi\u00f3sok. A sk\u00f3tok \u2013 aligha v\u00e9letlen\u00fcl \u2013 kihagytak egy paragrafust az angol FA sz\u00f6veg\u00e9b\u0151l, \u00e9s \u00edgy n\u00e1luk akkor is k\u00fcl\u00f6n bizotts\u00e1g el\u00e9 lehet vinni egy j\u00e1t\u00e9kos \u00fcgy\u00e9t, ha az nem gy\u0171jt\u00f6tt \u00f6ssze 10 pontot. A saj\u00e1t szab\u00e1lyok alapj\u00e1n m\u0171k\u00f6d\u0151 bizotts\u00e1g meg\u0151rz\u00e9se kulcsfontoss\u00e1g\u00fa volt a sk\u00f3toknak, hiszen egy angliai szigor\u00fas\u00e1g\u00fa szab\u00e1lyoz\u00e1s lehetetlen helyzetbe hozta volna klubjaikat. Hosszas t\u00e1rgyal\u00e1sok ut\u00e1n tavaly decemberben z\u00f6ld jelz\u00e9st kaptak a sk\u00f3tok, s megtarthatt\u00e1k az elt\u00e9r\u0151 szab\u00e1lyoz\u00e1st.\r\n\r\n[caption id=\"attachment_5019\" align=\"aligncenter\" width=\"1024\"]<img class=\"size-large wp-image-5019\" src=\"https:\/\/sport24.24.hu\/app\/uploads\/sites\/24\/2022\/06\/gettyimages-1236658689-1024x698.jpg\" alt=\"\" width=\"1024\" height=\"698\" \/> Neil Doncaster, a sk\u00f3t professzion\u00e1lis liga \u00fcgyvezet\u0151je.[\/caption]\r\n\r\n\u201eNem t\u00falzok, ha azt \u00e1ll\u00edtom, ez volt az egyik legfontosabb dolog a klubjaink sz\u00e1m\u00e1ra. Az alternat\u00edv\u00e1ra gondolni sem merek \u2013 rendk\u00edv\u00fcli m\u00f3don korl\u00e1tozta volna a magas szint\u0171 j\u00e1t\u00e9kosok be\u00e1raml\u00e1s\u00e1t, \u00e9s ez katasztrof\u00e1lis p\u00e9nz\u00fcgyi k\u00f6vetkezm\u00e9nyekkel j\u00e1rt volna, hiszen sok sk\u00f3t klub \u00fczleti modellje a k\u00fclf\u00f6ldi j\u00e1t\u00e9kosok importj\u00e1n, tov\u00e1bbfejleszt\u00e9s\u00e9n \u00e9s elad\u00e1s\u00e1n alapul\u201d \u2013<a href=\"https:\/\/www.bbc.com\/sport\/football\/59555258\" target=\"_blank\" rel=\"noopener\"> mondta a d\u00f6nt\u00e9s ut\u00e1n<\/a> a sk\u00f3t professzion\u00e1lis liga (SPFL) \u00fcgyvezet\u0151je, <strong>Neil Doncaster<\/strong>.\r\n\r\n<span class=\"highlight-block\">A sk\u00f3tok kibulizt\u00e1k maguknak a kiskaput, \u00e9s erre sz\u00fcks\u00e9g\u00fck is van. <\/span>\r\n\r\nEgy aktu\u00e1lis p\u00e9lda: az Aberdeen az elm\u00falt hetekben szerz\u0151dtette az MTK k\u00e9t v\u00e1logatott futballist\u00e1j\u00e1t, az alb\u00e1n<strong> Ylber Ramadanit<\/strong> \u00e9s az \u00e9szakmaced\u00f3n <strong>Bojan Miovszkit<\/strong>. Mindk\u00e9t j\u00e1t\u00e9kos er\u0151s\u00edt\u00e9st jelenthet az Aberdeennek \u00e9s mindkett\u0151ben van tov\u00e1bb\u00e9rt\u00e9kes\u00edt\u00e9si potenci\u00e1l, \u00e1m a pontsz\u00e1m\u00edt\u00e1s alapj\u00e1n Angli\u00e1ban nem hogy nem kaphatn\u00e1nak enged\u00e9lyt, hanem m\u00e9g csak bizotts\u00e1g el\u00e9 sem lehetne vinni k\u00e9relm\u00fcket. Ugyan Sk\u00f3ci\u00e1ban sem kapn\u00e1k meg automatikusan az enged\u00e9lyt, \u00e1m a k\u00fcl\u00f6n bizotts\u00e1g el\u0151tt m\u00e1r \u201emeg lehetett \u00e9rvelni\u201d a k\u00e9t j\u00e1t\u00e9kos szerz\u0151dtet\u00e9s\u00e9t.\r\n\r\nA k\u00fcl\u00f6n bizotts\u00e1g az alapj\u00e1n d\u00f6nt, hogy a j\u00e1t\u00e9kosok er\u0151s\u00edt\u00e9st jelentenek-e a sk\u00f3t futballnak. Az Aberdeen meghallgat\u00e1st k\u00e9rt Ramadani \u00fcgy\u00e9ben, \u00e9s <a href=\"https:\/\/www.afc.co.uk\/2022\/06\/08\/ramadani-becomes-a-red\/\" target=\"_blank\" rel=\"noopener\">a bizotts\u00e1g \u00fagy d\u00f6nt\u00f6tt<\/a>, az alb\u00e1n k\u00f6z\u00e9pp\u00e1ly\u00e1s megkapja az enged\u00e9lyt. A hat\u00e1r \u00e9szaki oldal\u00e1ra j\u00f3val k\u00f6nnyebb \u00fat vezet, \u00e9s ez a k\u00e9s\u0151bb Angli\u00e1ba v\u00e1gy\u00f3k seg\u00edts\u00e9g\u00e9re lehet, mivel a sk\u00f3t bajnoks\u00e1g m\u00e1r 3. kateg\u00f3ri\u00e1sk\u00e9nt \u201efizet\u201d.\r\n\r\nRamadani p\u00e9ld\u00e1j\u00e1val \u00e9lve: ha a k\u00f6z\u00e9pp\u00e1ly\u00e1s egy id\u00e9nyen kereszt\u00fcl kulcsemberk\u00e9nt j\u00e1tszik az Aberdeenben (3. kateg\u00f3ri\u00e1s klub \u2013 8 pont, a j\u00e1t\u00e9kpercek legal\u00e1bb 80 sz\u00e1zal\u00e9k\u00e1t a p\u00e1ly\u00e1n t\u00f6lt\u00f6tte \u2013 7 pont), m\u00e1r szerez el\u00e9g pontot ahhoz, hogy tov\u00e1bb tudjon l\u00e9pni az angol Championshipbe, \u00e9s m\u00e9g v\u00e1logatott vagy eur\u00f3pai kupaszerepl\u00e9sre, vagy j\u00f3 bajnoki eredm\u00e9nyre sincsen sz\u00fcks\u00e9ge. Az MTK-ban ugyanilyen mutat\u00f3kkal 3 pontot szedett volna \u00f6ssze.\r\n\r\n[caption id=\"attachment_5021\" align=\"aligncenter\" width=\"1024\"]<img class=\"size-large wp-image-5021\" src=\"https:\/\/sport24.24.hu\/app\/uploads\/sites\/24\/2022\/06\/075_urbanandsport-spainval220326_npmup-1024x726.jpg\" alt=\"\" width=\"1024\" height=\"726\" \/> Ylber Ramadani[\/caption]\r\n<h2>Brexit-pillang\u00f3hat\u00e1s<\/h2>\r\nA Brexit \u201epillang\u00f3hat\u00e1sa\u201d persze enn\u00e9l t\u00f6bb ter\u00fcleten \u00e9rz\u0151dik. A pontrendszer miatt megv\u00e1ltozhatnak a csapatok transzferpreferenci\u00e1i. Az angol kluboknak a j\u00f6v\u0151ben lehet, hogy jobban meg\u00e9ri amerikai bajnoks\u00e1gokat megfigyelni a k\u00f6z\u00e9p- vagy kelet-eur\u00f3pai lig\u00e1k helyett. Az AI Abacus m\u00e1r eml\u00edtett sz\u00e1m\u00edt\u00e1sa szerint p\u00e9ld\u00e1ul az argentin, brazil, mexik\u00f3i, kolumbiai, uruguayi, chilei \u00e9s amerikai els\u0151 oszt\u00e1lyban 703 \u201eazonnal igazolhat\u00f3\u201d j\u00e1t\u00e9kos volt, a mi r\u00e9gi\u00f3nkban csup\u00e1n 219, a toplig\u00e1s orsz\u00e1gok m\u00e1sodik vonal\u00e1ban pedig csak 80. Jelent\u0151s k\u00fcl\u00f6nbs\u00e9g!\r\n\r\nElk\u00e9pzelhet\u0151, hogy potenci\u00e1lis bomba\u00fczleteket nem lehet ny\u00e9lbe \u00fctni. Ha a pontrendszer 2014-ben is m\u0171k\u00f6dik, a Leicester City nem szerz\u0151dtethette volna <strong>Rijad Mahrezt<\/strong>, aki \u00e1tigazol\u00e1sa el\u0151tt a francia m\u00e1sodoszt\u00e1ly\u00fa Le Havre-ban futballozott, \u00e9s \u00e9pphogy bemutatkozott az alg\u00e9riai v\u00e1logatottban. Teh\u00e1t egy val\u00f3di j\u00e1t\u00e9kos-megfigyel\u00e9si brav\u00fart\u00f3l \u2013 amelynek kulcsszerepe volt k\u00e9s\u0151bb a Leicester szenz\u00e1ci\u00f3s bajnoki c\u00edm\u00e9ben \u2013 esett volna el a klub \u00e9s a liga. Felfordul\u00e1s van az ut\u00e1np\u00f3tl\u00e1s-koroszt\u00e1ly\u00fa labdar\u00fag\u00f3k piac\u00e1n is. Nem lehet 18 \u00e9ven aluli k\u00fclf\u00f6ldi fiatalokat Angli\u00e1ba szerz\u0151dtetni (<strong>Pogba, Fabregas<\/strong>\u2026), de az ifj\u00fa angol tehets\u00e9gek (<strong>Sancho, Bellingham<\/strong>\u2026) sem mehetnek m\u00e1r k\u00f6nnyen m\u00e1s lig\u00e1kba. A 18 \u00e9ven aluli \u00edr tehets\u00e9gek nem igazolhatnak Angli\u00e1ba, \u00e9s m\u00e1s eur\u00f3pai klubokkal kezdtek szemezni, ugyanakkor a feln\u0151tt \u00edr j\u00e1t\u00e9kosok (Eur\u00f3p\u00e1ban egyed\u00fclik\u00e9nt) mentes\u00fclnek a pontrendszer al\u00f3l, teh\u00e1t \u0151k j\u00f3l j\u00e1rtak.\r\n\r\n<span class=\"highlight-block-small\">A brit \u00edg\u00e9retek\u00e9rt az eddigin\u00e9l is nagyobb a harc, ak\u00e1r m\u00e1r 13-14 \u00e9ves korban megpr\u00f3b\u00e1lnak r\u00e1juk lecsapni a topklubok, jelent\u0151s kiad\u00e1sokat sem sajn\u00e1lva. <\/span>\r\n\r\nA brit klubok er\u0151s\u00edtik orsz\u00e1gon bel\u00fcli scoutingh\u00e1l\u00f3zatukat. \u00a0Nagyobb szerepet kaphatnak a szatellitklubok \u00e9s fi\u00f3kcsapatok, mint p\u00e9ld\u00e1ul a (Manchester) City Group \u201eist\u00e1ll\u00f3j\u00e1ba\u201d tartoz\u00f3 belga m\u00e1sodik lig\u00e1s Lommel, amely <strong>Vancsa Zal\u00e1n<\/strong> munkaad\u00f3ja. Ha a Lommel feljut (ez a c\u00e9l), akkor k\u00f6nnyen gy\u0171jthetik a pontokat a belga klubhoz ir\u00e1ny\u00edtott, angliai enged\u00e9lyt m\u00e9g nem kap\u00f3 fiatalok. Minden v\u00e1ltozik, \u00e9s itt is az nyer, aki jobban alkalmazkodik.\r\n\r\n\u201eAz adatok szerint n\u00e9h\u00e1ny klub m\u00e1r nem tudja a kor\u00e1bbiakhoz hasonl\u00f3an kihaszn\u00e1lni, hogy m\u00e1sok \u00e1ltal nem annyira figyelt eur\u00f3pai bajnoks\u00e1gokb\u00f3l hoz el j\u00e1t\u00e9kosokat. Pedig n\u00e9h\u00e1ny csapat nagyon hat\u00e9konyan haszn\u00e1lta ezt a strat\u00e9gi\u00e1t, amely jelent\u0151s p\u00e9nz\u00fcgyi \u00e9s sportszakmai el\u0151rel\u00e9p\u00e9st hozott. Term\u00e9szetesen erre a Brentford a legjobb p\u00e9lda\u201d \u2013 \u00e1llap\u00edtja meg <a href=\"https:\/\/analyticsfc.co.uk\/blog\/2021\/10\/05\/brexitball-the-effects-of-gbe-restrictions-on-the-english-football-market\/\" target=\"_blank\" rel=\"noopener\">az Analytics FC tanulm\u00e1nya<\/a>, amely felh\u00edvja a figyelmet arra, hogy a nagy klubok ugyan \u201e\u00fct\u00e9s\u00e1ll\u00f3k\u201d, a kisebbek k\u00f6z\u00fcl j\u00f3kora el\u0151nybe ker\u00fclhetnek azok, amelyek hamar \u00e9s j\u00f3l reag\u00e1lnak az \u00faj szab\u00e1lyoz\u00e1sra.\r\n\r\nK\u00f6z\u00e9p-Eur\u00f3p\u00e1ban meg feltehet\u0151leg f\u00fcstbe megy j\u00f3 p\u00e1r angliai \u00e1lom, vagy ker\u00fcl\u0151 \u00faton kell eljutni \u2013 ugr\u00f3deszk\u00e1ul szolg\u00e1l\u00f3 bajnoks\u00e1gokon kereszt\u00fcl \u2013 az \u00e1lmok f\u00f6ldj\u00e9re.\r\n\r\n[prefabricated_shortcode in_app=\"0\" code=\"%3Cdiv%20class%3D%22article_box_border%22%20style%3D%22background%3A%20url%28%27https%3A%2F%2F24.p3k.hu%2Fapp%2Fuploads%2Fsites%2F24%2F2021%2F05%2Fsport24-pattern.png%27%29%20no-repeat%20left%20-16px%20%23f3f3f4%3B%20border%3A%20none%3B%22%3E%0D%0A%3Cdiv%20class%3D%22article_solidheader%22%3E%0D%0A%3Ch2%20style%3D%22color%3A%20%23111115%21important%3B%20font-size%3A%2036px%3B%20font-weight%3A%20bold%3B%20margin-bottom%3A%2030px%3B%20margin-top%3A%2020px%3B%20text-align%3A%20center%3B%20line-height%3A%2036px%3B%22%3E%3Cimg%20class%3D%22aligncenter%20size-full%20wp-image-141%22%20src%3D%22https%3A%2F%2F24.p3k.hu%2Fapp%2Fuploads%2Fsites%2F24%2F2021%2F05%2Fs24-logo-dt.png%22%20alt%3D%22%22%20width%3D%22408%22%20height%3D%2290%22%20%2F%3E%3C%2Fh2%3E%0D%0A%3Ch2%20style%3D%22color%3A%20%23111115%21important%3B%20font-size%3A%2036px%3B%20font-weight%3A%20bold%3B%20margin-bottom%3A%2030px%3B%20margin-top%3A%2020px%3B%20text-align%3A%20center%3B%20line-height%3A%2040px%3B%22%3ECsatlakozz%20a%20Sport24%20k%C3%B6z%C3%B6ss%C3%A9ghez%2C%20mondd%20el%20v%C3%A9lem%C3%A9nyedet%20z%C3%A1rt%20Facebook-csoportunkban%2C%20%C3%A9s%20vegy%C3%A9l%20r%C3%A9szt%20csak%20el%C5%91fizet%C5%91knek%20el%C3%A9rhet%C5%91%20exkluz%C3%ADv%20esem%C3%A9nyeinken.%3C%2Fh2%3E%0D%0A%3C%2Fdiv%3E%0D%0A%3Cp%20style%3D%22background%3A%20%2357A600%3B%20margin-top%3A%2020px%3B%20padding%3A%2020px%3B%20text-align%3A%20center%3B%22%3E%3Ca%20style%3D%22color%3A%20%23ffffff%3B%20font-size%3A%2026px%3B%20font-weight%3A%20600%3B%22%20href%3D%22https%3A%2F%2Fwww.facebook.com%2Fgroups%2F212344460412327%22%3ECSATLAKOZOM%3C%2Fa%3E%3C%2Fp%3E%0D%0A%0D%0A%3C%2Fdiv%3E\"]","type":"rich","thumbnail_url":"https:\/\/s.24.hu\/app\/uploads\/sites\/24\/2022\/06\/adam-martin-150x150.jpg","thumbnail_width":150,"thumbnail_height":150}