{"version":"1.0","provider_name":"Sport24","provider_url":"https:\/\/sport24.24.hu","author_name":"Bruckner G\u00e1bor","author_url":"https:\/\/sport24.24.hu\/author\/brucknerg\/","title":"D\u00e1nia jachtklubban \u201enyaralva\u201d \u00fcdv\u00f6z\u00f6lte \u00e9s beugr\u00f3k\u00e9nt megel\u0151zte Eur\u00f3p\u00e1t","html":"Az \u00e9szakiak nem ak\u00e1rmilyen \u00e1gon v\u00edvt\u00e1k ki a kiv\u00e9teles diadalt: az el\u0151z\u0151 h\u00e1rom Eb gy\u0151ztes\u00e9t egyar\u00e1nt fel\u00fclm\u00falt\u00e1k. El\u0151sz\u00f6r az 1984-ben arany\u00e9rmes franci\u00e1kat vert\u00e9k 2-1-re. Ez az ut\u00e1n t\u00f6rt\u00e9nt, hogy g\u00f3l n\u00e9lk\u00fcli d\u00f6ntetlent j\u00e1tszottak Anglia egy\u00fcttes\u00e9vel, majd 1-0-ra kikaptak a h\u00e1zigazda Sv\u00e9dorsz\u00e1g legjobbjait\u00f3l. A Det fri Aktuelt c\u00edm\u0171 koppenh\u00e1gai \u00fajs\u00e1g azt \u00edrta: \u201eD\u00e1nia sz\u00e1m\u00e1ra m\u00e1ris befejez\u0151d\u00f6tt az Eb.\u201d\r\n\r\nNana.\r\n\r\nA franci\u00e1k elleni 2-1 ut\u00e1n \u2013 a korabeli besz\u00e1mol\u00f3 szerint \u2013\r\n<blockquote class=\"small-quote\">Flemming Povlsen kiemelte hely\u00e9r\u0151l a sz\u00f6gletz\u00e1szl\u00f3t, azzal futott m\u00e1morosan k\u00f6rbe, John Siveb\u00e6k a fej\u00e9hez kapva zokogott boldogs\u00e1g\u00e1ban.<\/blockquote>\r\n<strong>Kim Vilfort<\/strong> aznap nem j\u00e1tszott. Arr\u00f3l \u00e9rtes\u00edtett\u00e9k, hogy h\u00e9tesztend\u0151s kisl\u00e1nya, Linne leuk\u00e9mi\u00e1s. Azonnal hazautazott, mindenki biztosra vette, hogy n\u00e9lk\u00fcle fejez\u0151dik be az Eur\u00f3pa-bajnoks\u00e1g. \u00c1m a d\u00f6nt\u0151re a feles\u00e9ge visszak\u00fcldte G\u00f6teborgba, mondv\u00e1n: \u201eA gyereknek is azzal szerzed a legnagyobb \u00f6r\u00f6m\u00f6t, ha D\u00e1nia h\u0151sek\u00e9nt t\u00e9rsz haza.\u201d\r\n\r\nAhhoz persze t\u00fal kellett jutni az el\u0151d\u00f6nt\u0151n a c\u00edmv\u00e9d\u0151 hollandokkal szemben. <strong>Jens Brinch<\/strong>, a d\u00e1n r\u00e1di\u00f3 riportere azt mondta: \u201e A j\u00e1t\u00e9kosok j\u00f3 r\u00e9sze m\u00e1r szabads\u00e1gon volt, amikor megtudta, hogy szerepelhet az Eb-n, ennek ellen\u00e9re egy\u00fcttes\u00fcnk val\u00f3di csapatk\u00e9nt jelentkezett a torn\u00e1n. Az el\u0151d\u00f6nt\u0151beli sikerhez azonban csod\u00e1ra lenne sz\u00fcks\u00e9g, mert a realit\u00e1s azt mondatja velem: a vil\u00e1gszt\u00e1rok holland v\u00e1logatottj\u00e1val szemben kev\u00e9s az es\u00e9ly\u00fcnk.\u201d\r\n\r\n<span class=\"highlight-block\">Arra sem volt kil\u00e1t\u00e1s, hogy D\u00e1nia r\u00e9szt vehet az Eur\u00f3pa-bajnoks\u00e1gon. <\/span>\r\n\r\nNoha m\u00e1jus v\u00e9ge fel\u00e9 m\u00e1r el lehetett k\u00e9pzelni, hogy a boszniai m\u00e9sz\u00e1rl\u00e1s\u00e9rt kiz\u00e1rj\u00e1k a jugoszl\u00e1v v\u00e1logatottat, k\u00e9t nappal a h\u00f3 v\u00e9ge el\u0151tt az Eur\u00f3pai Labdar\u00fag\u00f3 Sz\u00f6vets\u00e9g a walesi Newportban megtartott \u00fcl\u00e9s\u00e9n \u00fagy hat\u00e1rozott, marad a nyolcas mez\u0151nyben a m\u00e1r a helysz\u00ednen tart\u00f3zkod\u00f3 d\u00e9lszl\u00e1v egy\u00fcttes. <strong>Lennart Johansson<\/strong> eln\u00f6k kiemelte: \u201eAz UEFA nem politikai test\u00fclet, ez\u00e9rt a sportszempontok alapj\u00e1n hat\u00e1roztunk.\u201d\r\n\r\nMajd m\u00e1snap ugyan\u0151 \u00e9rtes\u00edtette a d\u00e1nokat: k\u00e9sz\u00fcljenek!\r\n<div class=\"payable-content-section\"><\/div>\r\n<strong>Miljan Miljanic<\/strong> kapit\u00e1ny keret\u00e9ben olyan kiv\u00e1l\u00f3s\u00e1gok k\u00f6sz\u00f6ntek el a kontinenstorn\u00e1t\u00f3l \u00e9s Sv\u00e9dorsz\u00e1gt\u00f3l, mint <strong>Brnovic, Djukic, Jugovic, Mihajlovic, Mijatovic, Dragan Stojkovic<\/strong>. K\u00f6zben a Roland Garroson <strong>Szeles M\u00f3nika<\/strong> 6:2, 6:2-re verte <strong>Jennifer Capriatit<\/strong>, 6:3, 4:6, 6:4-re <strong>Gabriela Sabatinit<\/strong>, a d\u00f6nt\u0151ben 6:2, 3:6, 10:8-ra <strong>Steffi Grafot<\/strong>. Jugoszl\u00e1v sz\u00ednekben.\r\n\r\n<strong>Flemming Nielsen<\/strong>, aki az Atalanta l\u00e9gi\u00f3sa volt \u00e9s 26-szor szerepelt a d\u00e1n futballv\u00e1logatottban, majd haz\u00e1ja legnagyobb p\u00e9ld\u00e1nysz\u00e1m\u00fa napilapj\u00e1nak, a Berlingske Tidend\u00e9nek a labdar\u00fag\u00f3-szak\u00edr\u00f3ja lett, a torna el\u0151tt \u00fagy v\u00e9lte: \u201eSajnos, a mi v\u00e1logatottunk sem fizikailag, sem lelkileg nincs \u00fagy felk\u00e9sz\u00fclve, hogy b\u00e1rmilyen keresnival\u00f3ja legyen az Eb-n. Szerencs\u00e9re els\u0151 ellenfel\u00fcnknek, Angli\u00e1nak sincs sok. Konzervat\u00edv futballjukkal a britek itt semmire sem juthatnak. Meggy\u0151z\u0151d\u00e9sem, hogy Sv\u00e9dorsz\u00e1g, Franciaorsz\u00e1g, N\u00e9metorsz\u00e1g \u00e9s Hollandia ker\u00fcl a n\u00e9gy k\u00f6z\u00e9.\u201d\r\n\r\nA sv\u00e9deket, a franci\u00e1kat \u00e9s a n\u00e9meteket eltal\u00e1lta.\r\n\r\nA hollandokat kiejtett\u00e9k honfit\u00e1rsai.\r\n\r\n[caption id=\"attachment_4996\" align=\"aligncenter\" width=\"2000\"]<img class=\"size-full wp-image-4996\" src=\"https:\/\/sport24.24.hu\/app\/uploads\/sites\/24\/2022\/06\/gettyimages-145880421.jpg\" alt=\"\" width=\"2000\" height=\"1333\" \/> Henrik Larsen els\u0151 g\u00f3lja a Hollandia elleni el\u0151d\u00f6nt\u0151ben.[\/caption]\r\n\r\nA meccs ut\u00e1n Nielsen lapja \u00edgy \u00f6rvendezett:\r\n<blockquote class=\"small-quote\">A d\u00e1n nyaral\u00f3k megett\u00e9k a narancslekv\u00e1rt.<\/blockquote>\r\nEz arra utalt, hogy a beugr\u00e1s h\u00edr\u00fcl v\u00e9tel\u00e9nek idej\u00e9n a h\u00faszas keret nyolc l\u00e9gi\u00f3sa m\u00e1r k\u00fcl\u00f6nb\u00f6z\u0151 tengerpartokon s\u00fctk\u00e9rezett. A d\u00e1n bajnoks\u00e1g m\u00e9g tartott, mert senki nem gondolt az Eb-szerepl\u00e9sre. Arra meg pl\u00e1ne nem, hogy el\u0151d\u00f6nt\u0151s lesz a csapat, s\u0151t a legjobb n\u00e9gy k\u00f6z\u00f6tt a tizenegyesp\u00e1rbajban fel\u00fclm\u00falja a <strong>Bergkamppal, Gullittal, Rijkaarddal, Van Bastennel<\/strong> felvonul\u00f3 tulip\u00e1nos csapatot. A 2-2 ut\u00e1n a dupl\u00e1z\u00f3 Henrik Larsen azt mondta: \u201eEz \u00e9letem legboldogabb napja. A tizenegyessel egy\u00fctt h\u00e1rom g\u00f3lt szereztem a hollandok ellen.\u201d\r\n\r\nEkkor hat\u00e1roztam el, hogy elmegyek a d\u00e1nok sz\u00e1ll\u00e1shely\u00e9re Stenungsundba. \u00dagy tetszett, a helyettes\u00edt\u0151 tan\u00e1rok az Eb-n is nyaralnak, mert egy jachtklubban laktak, s az odavezet\u0151 h\u00eddra kifesz\u00edtettek egy transzparenst, ezzel a sz\u00f6veggel: \u201eD\u00e1nia \u00fcdv\u00f6zli Eur\u00f3p\u00e1t\u201d. Az \u00e9p\u00fclet bej\u00e1rata el\u0151tt pedig egy fest\u0151\u00e1llv\u00e1nyra kitett hatalmas karikat\u00fara \u00e1llt, ezen a d\u00e1n j\u00e1t\u00e9kosok vid\u00e1man arr\u00e9bb rugdostak egy tutajt, amelyen angol z\u00e1szl\u00f3kat lenget\u0151 szurkol\u00f3k utaztak, sapk\u00e1jukon ezzel a felirattal: \u201eHulig\u00e1nok\u201d.\r\n\r\n<span class=\"highlight-block-small\">Az m\u00e1r csak hab volt a tort\u00e1n, hogy a d\u00e1n labdar\u00fag\u00f3k egy r\u00e9sze az asztalokon \u00fclt, a l\u00e1b\u00e1t l\u00f3b\u00e1lta, mik\u00f6zben s\u00f6rt ivott \u00e9s\/vagy cigarett\u00e1zott, a vend\u00e9g t\u00e9nyleg nem akart hinni a saj\u00e1t szem\u00e9nek.<\/span>\r\n\r\nEhhez j\u00f6ttek a dum\u00e1k. <strong>Peter Schmeichel<\/strong>, aki el\u0151bb egy perc t\u00fcrelmet k\u00e9rt, majd elt\u0171nt, gondoltam, aznap m\u00e1r nem ker\u00fcl el\u0151, majd lap\u00e1t tenyer\u00e9vel \u00fagy h\u00e1tba v\u00e1gott, hogy majdnem \u00f6sszecsuklottam: \u201ewell, my friend\u201d, lesz\u00f6gezte: \u201eA d\u00f6nt\u0151ben kilencn\u00e9l bizonyosan t\u00f6bben lesz\u00fcnk, \u00e9s a hollandok ellen kilenc j\u00e1t\u00e9kossal is tartani tudtuk a 2-2-t a hosszabb\u00edt\u00e1sban. Az es\u00e9ly\u00fcnk pontosan ugyanannyi, amennyi eddig volt, s az eredm\u00e9nyeket mindenki ismeri.\u201d\r\n\r\n[caption id=\"attachment_4998\" align=\"aligncenter\" width=\"2000\"]<img class=\"size-full wp-image-4998\" src=\"https:\/\/sport24.24.hu\/app\/uploads\/sites\/24\/2022\/06\/gettyimages-145880443.jpg\" alt=\"\" width=\"2000\" height=\"1333\" \/> A csapatkabpit\u00e1nyok, Lars Olsen \u00e9s Andreas Brehme a csapatok bevonul\u00e1sakor a d\u00f6nt\u0151ben.[\/caption]\r\n\r\n<strong>Lars Olsen<\/strong> szint\u00e9n nem \u00f3vatoskodott: \u201e\u00dagy j\u00f6tt\u00fcnk az Eb-re, hogy azt gondoltuk, valamennyi csoportt\u00e1rsunk megel\u0151z benn\u00fcnket, mert az angolok, a franci\u00e1k \u00e9s a sv\u00e9dek felk\u00e9sz\u00fclhettek, mi viszont nem. Azt\u00e1n m\u00e9rk\u0151z\u00e9sr\u0151l m\u00e9rk\u0151z\u00e9sre kider\u00fclt, mind jobban \u00e9s jobban j\u00e1tszunk, azaz mi\u00e9rt ne futballozhatn\u00e1nk a legjobban a d\u00f6nt\u0151ben?\u201d\r\n\r\nAz Ekstra Bladet c\u00edm\u0171 d\u00e1n \u00fajs\u00e1g is enyh\u00e9n sz\u00f3lva der\u0171l\u00e1t\u00f3 volt. C\u00edmoldal\u00e1n azzal hencegett:\r\n<blockquote class=\"small-quote\">Gyertek csak, n\u00e9metek, \u00fagy is mi vagyunk Eur\u00f3pa legjobbjai!<\/blockquote>\r\n<strong>Richard M\u00f6ller Nielsen<\/strong> sz\u00f6vets\u00e9gi kapit\u00e1ny m\u00e1r gondterheltebbnek l\u00e1tszott, mivel h\u00e9t j\u00e1t\u00e9kosa s\u00e9r\u00fcl\u00e9ssel bajl\u00f3dott, k\u00f6z\u00fcl\u00fck a k\u00f6lni <strong>Henrik Andersent<\/strong> hazavitt\u00e9k Koppenh\u00e1g\u00e1ba megoper\u00e1lni. \u00d6sszesen 300 v\u00e1logatotts\u00e1g szerepl\u00e9se volt k\u00e9rd\u00e9ses, <strong>Mogens Kreutzfeld<\/strong> csapatorvos v\u00e1lt a d\u00e1n k\u00fcld\u00f6tts\u00e9g legfontosabb ember\u00e9v\u00e9.\r\n\r\nNem mese: Andersenen k\u00edv\u00fcl mindenki meggy\u00f3gyult, a d\u00e1nok majdnem a legjobb tizenegy\u00fckkel kezdhettek a n\u00e9metek ellen a g\u00f6teborgi Ullevi stadionban. Csapatuk \u00edgy \u00e1llt fel: Schmeichel (Manchester United) \u2013 Olsen (Trabzonspor) \u2013 Siveb\u00e6k (Monaco), <strong>Kent Nielsen<\/strong> (Aarhus), <strong>Piechnik<\/strong> (Boldklub 1903), <strong>Christofte<\/strong> (Br\u00f6ndby) \u2013 <strong>Jensen<\/strong>, <strong>Vilfort<\/strong> (mindkett\u0151 Br\u00f6ndby), <strong>Larsen<\/strong> (Lyngby) \u2013 Povlsen (Borussia Dortmund), <strong>Brian Laudrup<\/strong> (Bayern M\u00fcnchen).\r\n\r\nMajd John Jensen r\u00fagott egy \u00f3ri\u00e1si g\u00f3lt a r\u00f6vid fels\u0151be \u2013 el\u0151tte a d\u00e1n labdaszerz\u00e9s aligha volt szab\u00e1lyos, de <strong>Bruno Galler<\/strong> sv\u00e1jci j\u00e1t\u00e9kvezet\u0151nek ez nem sz\u00fart szemet \u2013, majd a visszat\u00e9r\u0151 Vilfort a tizenhatosn\u00e1l fektet\u0151s l\u00f6v\u0151cselt mutatott be, azt\u00e1n menthetetlen\u00fcl a bal sarokba k\u00fcldte a labd\u00e1t (2-0). Jensen azt mondta: \u201eMi nemcsak a gy\u0151zelem\u00e9rt, nem csup\u00e1n D\u00e1ni\u00e1\u00e9rt, hanem Kim leuk\u00e9mi\u00e1s kisl\u00e1ny\u00e1\u00e9rt is harcoltunk.\u201d\r\n\r\nA leforr\u00e1zott n\u00e9metek (1980 Eur\u00f3pa-bajnokai) a k\u00f6vetkez\u0151kkel magyar\u00e1zt\u00e1k a v\u00e1ratlan veres\u00e9get: Galler r\u00e9szrehajl\u00e1sa;<strong> Berti Vogts<\/strong> sz\u00f6vets\u00e9gi kapit\u00e1ny tan\u00e1cstalans\u00e1ga-tehetetlens\u00e9ge; a csapat \u00f6tlettelen, <strong>Stefan Effenberg<\/strong> k\u00fcl\u00f6n\u00f6sen gyenge j\u00e1t\u00e9ka; az Ullevi stadion hangulata (\u00e9rtsd: szinte mindenki a d\u00e1noknak szurkolt). A stockholmi Svenska Dagbladet m\u00e1sk\u00e9ppen is \u00f6sszef\u00fcgg\u00e9sbe hozta a n\u00e9metekkel a szenz\u00e1ci\u00f3s meccset: \u201eA d\u00e1nok gy\u0151zelme a legnagyobb meglepet\u00e9s 1954 \u00f3ta. Annak idej\u00e9n az NSZK es\u00e9lytelennek tartott csapata legy\u0151zte a csod\u00e1latos magyar v\u00e1logatottat. Akkor m\u00e1morban f\u00fcr\u00f6dtek a n\u00e9metek, most a legsz\u00edvesebben s\u00edrtak volna.\u201d\r\n\r\n[caption id=\"attachment_4999\" align=\"aligncenter\" width=\"2000\"]<img class=\"size-full wp-image-4999\" src=\"https:\/\/sport24.24.hu\/app\/uploads\/sites\/24\/2022\/06\/gettyimages-145880348.jpg\" alt=\"\" width=\"2000\" height=\"1334\" \/> Brian Laudrup \u00e9s Guido Buchwald a d\u00f6nt\u0151ben.[\/caption]\r\n\r\nA d\u00e1nok megadt\u00e1k a m\u00f3dj\u00e1t az arany\u00e9rmesek \u00fcnnepl\u00e9s\u00e9nek.\r\n\r\n<span class=\"highlight-block\">A csapat szombat d\u00e9lel\u0151tt indult haza G\u00f6teborgb\u00f3l, s amikor a charter a d\u00e1n l\u00e9gt\u00e9rbe \u00e9rt, k\u00e9t F\u201316-os vad\u00e1szg\u00e9p k\u00eds\u00e9rte azt a kastrupi rep\u00fcl\u0151t\u00e9rig. <\/span>\r\n\r\nIlyen fogadtat\u00e1s csup\u00e1n \u00e1llam- \u00e9s korm\u00e1nyf\u0151knek, azok k\u00f6z\u00fcl is csak keveseknek j\u00e1r... A rept\u00e9rr\u0151l f\u00e9l \u00e9vsz\u00e1zados, nyitott aut\u00f3buszban utazott a csapat a koppenh\u00e1gai v\u00e1rosh\u00e1z\u00e1ig. Ezt az utat k\u00f6zepes forgalomban negyed\u00f3ra alatt meg lehet tenni, \u00e1m a nem t\u00fal nagy t\u00e1vols\u00e1g lek\u00fczd\u00e9s\u00e9hez kiv\u00e9telesen k\u00e9t \u00f3r\u00e1ra volt sz\u00fcks\u00e9g, mivel a busz csak l\u00e9p\u00e9sben tudott haladni az \u00fat sz\u00e9l\u00e9n felsorakoz\u00f3 t\u00edzezrek miatt. A konvoj v\u00e9g\u00e9n ment\u0151aut\u00f3 haladt, benne a m\u00e1r megm\u0171t\u00f6tt Andersen balh\u00e1tv\u00e9ddel.\r\n\r\nEzt megint csak volt szerencs\u00e9m l\u00e1tni, mert komppal \u00e1tmentem D\u00e1ni\u00e1ba, a mosoly orsz\u00e1g\u00e1ba. Az Eb-gy\u0151ztesek fejenk\u00e9nt 300 ezer d\u00e1n koron\u00e1t, azaz nagyj\u00e1b\u00f3l \u00f6tvenezer doll\u00e1r jutalmat kaptak, de j\u00e1t\u00e9kuk, mentalit\u00e1suk \u00e9s fogadtat\u00e1suk \u00e9lm\u00e9nye megfizethetetlen volt.\r\n\r\nA p\u00e1ly\u00e1n k\u00edv\u00fcli els\u0151 helyet azonban n\u00e1lam egy t\u00e1virat vitte el. \u201eGratul\u00e1lunk a fantasztikus gy\u0151zelemhez \u00e9s a csod\u00e1latos Eur\u00f3pa-bajnoki teljes\u00edtm\u00e9nyhez\u201d \u2013 sz\u00f3lt a sz\u00f6veg. Az al\u00e1\u00edr\u00e1s pedig ez volt: Jugoszl\u00e1via koppenh\u00e1gai nagyk\u00f6vets\u00e9ge.\r\n\r\n<img class=\"size-full wp-image-5001\" src=\"https:\/\/sport24.24.hu\/app\/uploads\/sites\/24\/2022\/06\/000_app2000030888042.jpg\" alt=\"\" width=\"2000\" height=\"1447\" \/>\r\n\r\n[prefabricated_shortcode in_app=\"0\" code=\"%3Cdiv%20class%3D%22article_box_border%22%20style%3D%22background%3A%20url%28%27https%3A%2F%2F24.p3k.hu%2Fapp%2Fuploads%2Fsites%2F24%2F2021%2F05%2Fsport24-pattern.png%27%29%20no-repeat%20left%20-16px%20%23f3f3f4%3B%20border%3A%20none%3B%22%3E%0D%0A%3Cdiv%20class%3D%22article_solidheader%22%3E%0D%0A%3Ch2%20style%3D%22color%3A%20%23111115%21important%3B%20font-size%3A%2036px%3B%20font-weight%3A%20bold%3B%20margin-bottom%3A%2030px%3B%20margin-top%3A%2020px%3B%20text-align%3A%20center%3B%20line-height%3A%2036px%3B%22%3E%3Cimg%20class%3D%22aligncenter%20size-full%20wp-image-141%22%20src%3D%22https%3A%2F%2F24.p3k.hu%2Fapp%2Fuploads%2Fsites%2F24%2F2021%2F05%2Fs24-logo-dt.png%22%20alt%3D%22%22%20width%3D%22408%22%20height%3D%2290%22%20%2F%3E%3C%2Fh2%3E%0D%0A%3Ch2%20style%3D%22color%3A%20%23111115%21important%3B%20font-size%3A%2036px%3B%20font-weight%3A%20bold%3B%20margin-bottom%3A%2030px%3B%20margin-top%3A%2020px%3B%20text-align%3A%20center%3B%20line-height%3A%2040px%3B%22%3ECsatlakozz%20a%20Sport24%20k%C3%B6z%C3%B6ss%C3%A9ghez%2C%20mondd%20el%20v%C3%A9lem%C3%A9nyedet%20z%C3%A1rt%20Facebook-csoportunkban%2C%20%C3%A9s%20vegy%C3%A9l%20r%C3%A9szt%20csak%20el%C5%91fizet%C5%91knek%20el%C3%A9rhet%C5%91%20exkluz%C3%ADv%20esem%C3%A9nyeinken.%3C%2Fh2%3E%0D%0A%3C%2Fdiv%3E%0D%0A%3Cp%20style%3D%22background%3A%20%2357A600%3B%20margin-top%3A%2020px%3B%20padding%3A%2020px%3B%20text-align%3A%20center%3B%22%3E%3Ca%20style%3D%22color%3A%20%23ffffff%3B%20font-size%3A%2026px%3B%20font-weight%3A%20600%3B%22%20href%3D%22https%3A%2F%2Fwww.facebook.com%2Fgroups%2F212344460412327%22%3ECSATLAKOZOM%3C%2Fa%3E%3C%2Fp%3E%0D%0A%0D%0A%3C%2Fdiv%3E\"]","type":"rich","thumbnail_url":"https:\/\/s.24.hu\/app\/uploads\/sites\/24\/2022\/06\/gettyimages-145880454-150x150.jpg","thumbnail_width":150,"thumbnail_height":150}