{"version":"1.0","provider_name":"Sport24","provider_url":"https:\/\/sport24.24.hu","author_name":"Bruckner G\u00e1bor","author_url":"https:\/\/sport24.24.hu\/author\/brucknerg\/","title":"\u00dajpest 1-0, FTC 1-0, n\u00e9z\u0151\u00e1tlag: 15 533 \u2013 \u0151r\u00fclet volt \u00f6tven \u00e9ve az el\u0151sz\u00f6r NB I-es ZTE k\u00f6r\u00fcl","html":"Az NB I\/B-s egerszegi n\u00e9z\u0151\u00e1tlag hetvenegy \u0151sz\u00e9n 7735, hetvenkett\u0151 tavasz\u00e1n m\u00e1r 8660 volt. A Szegedi EOL m\u00f6g\u00f6tt ez\u00fcst\u00e9rmesk\u00e9nt feljut\u00f3 egy\u00fcttes a nyolcadik fordul\u00f3t\u00f3l \u2013 a huszonnegyediket kiv\u00e9ve \u2013 egyfolyt\u00e1ban az els\u0151 vagy a m\u00e1sodik, azaz NB I-es helyen \u00e1llt. A bajnoks\u00e1g utols\u00f3 harmad\u00e1ban minden Zete-meccs tud\u00f3s\u00edt\u00e1sa a Zalai H\u00edrlap c\u00edmoldal\u00e1n kezd\u0151d\u00f6tt.\r\n\r\nAmikor azt\u00e1n v\u00e9glegess\u00e9 v\u00e1lt az els\u0151 oszt\u00e1ly\u00fa tags\u00e1g,\r\n\r\n<span class=\"highlight-block-small\">a sportk\u00f6r azzal fordult a szurkol\u00f3khoz, hogy a drukkerek t\u00e1rsadalmi munk\u00e1ban seg\u00edts\u00e9k a helyi sporttelep \u00e1t\u00e9p\u00edt\u00e9s\u00e9t. <\/span>\r\n\r\nA k\u00e9r\u00e9s nem v\u00e1ltott ki akkora visszhangot, amekkor\u00e1ra a n\u00e9z\u0151sz\u00e1m alapj\u00e1n sz\u00e1m\u00edtani lehetett, de a lel\u00e1t\u00f3 b\u0151v\u00edt\u00e9sekor \u00edgy is h\u00e1rommilli\u00f3 forint \u00e9rt\u00e9k\u0171 seg\u00edts\u00e9get ny\u00fajtottak az \u00f6nzetlen h\u00edvek.\r\n\r\nEz akkoriban 1225 ember egy havi fizet\u00e9se volt \u00f6sszesen.\r\n\r\nA stadion f\u0151pr\u00f3b\u00e1j\u00e1t szeptember 10-\u00e9n, a G\u00f6cseji randev\u00fa elnevez\u00e9s\u0171 esztr\u00e1d m\u0171sorral tartott\u00e1k, \u00e9s t\u00edzezren tapsoltak <strong>Bodrogi Gyul\u00e1nak, Kabos L\u00e1szl\u00f3nak, R\u00e1tonyi R\u00f3bertnek, Voith \u00c1ginak<\/strong>, valamint a Gener\u00e1l egy\u00fcttesnek, amely azon a ny\u00e1ron a Mit tehet az ember egy elt\u00f6rt szerelemmel? c\u00edm\u0171 felejthetetlen opusszal h\u00f3d\u00edtott a T\u00e1ncdalfesztiv\u00e1lon.\r\n\r\nA m\u00fcncheni olimpia miatt szeptember 17-re halasztott NB I-es nyit\u00e1nyon m\u00e1r h\u00faszezren tolongtak. Pedig nem az FTC vagy az \u00dajpest, hanem a Tatab\u00e1nya l\u00e1togatott Zalaegerszegre, igaz, a vend\u00e9gek ir\u00e1ny\u00edt\u00f3 k\u00f6z\u00e9pp\u00e1ly\u00e1sa a Megyeri \u00fatr\u00f3l menesztett <strong>G\u00f6r\u00f6cs J\u00e1nos<\/strong> volt. A m\u00e9rk\u0151z\u00e9s egyetlen g\u00f3lj\u00e1t <strong>Szab\u00f3<\/strong> l\u0151tte, de nem Rezs\u0151, aki az NB I\/B-ben m\u00e1sodik volt a mesterl\u00f6v\u00e9szek list\u00e1j\u00e1n, hanem Gy\u00f6rgy, aki nem kevesebb, mint 510 els\u0151 oszt\u00e1ly\u00fa meccset j\u00e1tszott, mindig a Tatab\u00e1nya csapat\u00e1ban. M\u00e1r a harminchetediket taposta, amikor <strong>dr. Lakat K\u00e1roly<\/strong> szakvezet\u0151 be\u00e1ll\u00edtotta a v\u00e1logatottba, de els\u0151 \u00e9s utols\u00f3 c\u00edmeres mezes fell\u00e9p\u00e9s\u00e9t \u0151 meg az eg\u00e9sz magyar futball egyar\u00e1nt megemlegette, mert az Egyes\u00fclt \u00c1llamok amat\u0151rjei 1979 \u0151sz\u00e9n 2-0-ra nyertek a nagyr\u00e9szt \u00fcresen \u00e1s\u00edtoz\u00f3 N\u00e9pstadionban.\r\n<div class=\"payable-content-section\"><\/div>\r\n<span class=\"highlight-block-small\">A ZTE veres\u00e9ge nem vette el az egerszegi szurkol\u00f3k kedv\u00e9t, a Szeged elleni tal\u00e1lkoz\u00f3n is 20 ezren t\u00f6lt\u00f6tt\u00e9k meg a trib\u00fcn\u00f6ket. <\/span>\r\n\r\nMeg\u00e9rte kitartaniuk, mert a Zete els\u0151 NB I-es gy\u0151zelme 4-0-ra r\u00fagott. Az \u00dajpest vend\u00e9gj\u00e1t\u00e9ka alkalm\u00e1val m\u00e1r 22 ezren gy\u0171ltek egybe, \u00e9s a Zalai H\u00edrlap m\u00e1snap azt jelenthette: \u201eK\u00e9t v\u00e1llon a bajnok!\u201d Az \u00fajonc 1-0-ra nyert, a g\u00f3lt <strong>T\u00f3th J\u00f3zsef<\/strong> szerezte, a v\u00e9d\u0151<strong> Moln\u00e1r L\u00e1szl\u00f3<\/strong> 9-es oszt\u00e1lyzatot kapott a sportlapt\u00f3l, mert \u201e<strong>Dunai II<\/strong> hossz\u00fa szakaszokra l\u00e1thatatlann\u00e1 v\u00e1lt\u201d, le is cser\u00e9lt\u00e9k mell\u0151le.\r\n\r\nAz \u00dajpest m\u00e1sodszor szerepelt az NB I-ben Zalaegerszegen. Ez meg hogy lehet? \u00dagy, hogy 1959 tavasz\u00e1n, a Szombathely\u2013Honv\u00e9d tal\u00e1lkoz\u00f3n <strong>Emsberger Gyula<\/strong> j\u00e1t\u00e9kvezet\u0151t alm\u00e1val fejbe dobt\u00e1k, mire a b\u00edr\u00f3 a 18. percben v\u00e9get vetett a m\u00e9rk\u0151z\u00e9snek Az incidens miatt k\u00e9t meccsre bez\u00e1rt\u00e1k a Halad\u00e1s p\u00e1ly\u00e1j\u00e1t, ez\u00e9rt a Honv\u00e9dot m\u00e1sodszorra Szt\u00e1linv\u00e1rosban, m\u00edg az \u00dajpestet Egerszegen fogadta a vasi csapat. A lil\u00e1k akkor sem remekeltek, 1-1-gyel kellett be\u00e9rni\u00fck.\r\n\r\n<span class=\"highlight-block\">Az FTC pedig ugyan\u00fagy j\u00e1rt Zal\u00e1ban, ak\u00e1r az \u00dajpest: ugyancsak 22 ezer n\u00e9z\u0151 el\u0151tt szint\u00e9n 1-0-ra kikapott.<\/span>\r\n\r\n<strong>Szimacsek Tibor<\/strong> mindj\u00e1rt az els\u0151 percben bek\u00f6sz\u00f6nt, majd megs\u00e9r\u00fclt, \u00e9s m\u00e1r a 12. percben le kellett cser\u00e9lni. \u00cdgy is h\u0151s lett, mik\u00e9nt <strong>D\u00e9ri L\u00e1szl\u00f3<\/strong>, a kapus, aki h\u00e1r\u00edtotta <strong>Juh\u00e1sz Istv\u00e1n<\/strong> tizenegyes\u00e9t.\r\n\r\n[caption id=\"attachment_4959\" align=\"aligncenter\" width=\"1600\"]<img class=\"size-full wp-image-4959\" src=\"https:\/\/sport24.24.hu\/app\/uploads\/sites\/24\/2022\/06\/01zalaihirlap_1973_05-1571438723__pages44-44.jpg\" alt=\"\" width=\"1600\" height=\"2080\" \/> Zalai H\u00edrlap, 1973. m\u00e1jus 8. (29. \u00e9vfolyam, 105. sz\u00e1m)[\/caption]\r\n\r\nA N\u00e9psport <strong>Albert Fl\u00f3ri\u00e1nt<\/strong> tette meg els\u0151 sz\u00e1m\u00fa felel\u0151ss\u00e9, a \u201eCs\u00e1sz\u00e1rnak\u201d adta a leggyeng\u00e9bb \u00e9rdemjegyet (3-ast). Majd azt \u00edrta: \u201eA Ferencv\u00e1rosnak \u2013 \u00e9s a csapaton bel\u00fcl Albertnek \u2013, Zalaegerszegen is \u00f3ri\u00e1si var\u00e1zsa van (volt?). S ahogy teltek a percek, \u00fagy t\u00fcnedezett el az \u00e1h\u00edtat, a var\u00e1zs. \u0150szint\u00e9n sajn\u00e1ljuk az Aranycsapat \u00f3ta eltelt id\u0151k legnagyobb magyar labdar\u00fag\u00f3-egy\u00e9nis\u00e9g\u00e9t, hogy m\u00e9g saj\u00e1t m\u00faltja sem \u00f6szt\u00f6nzi jobb, hasznosabb, ha nem is j\u00f3, de legal\u00e1bb elfogadhat\u00f3 teljes\u00edtm\u00e9nyre. Gyenge j\u00e1t\u00e9k\u00e1t m\u00e9g az sem mentheti, hogy a Ferencv\u00e1ros eg\u00e9sze sem volt k\u00e9pes feln\u0151ni az \u00fajonc Zalaegerszeghez.\u201d\r\n\r\nNem tudott feln\u0151ni a Honv\u00e9d (4-1) \u00e9s az MTK (4-0) sem, a f\u0151v\u00e1rosi nagyok k\u00f6z\u00fcl egyed\u00fcl az angyalf\u00f6ldiek nyertek a ZTE vend\u00e9gek\u00e9nt. Csupa V volt aznap Egerszeg: <strong>Vid\u00e1ts<\/strong> \u00e9s <strong>V\u00e1rady<\/strong> szerezte a Vasas-g\u00f3lokat (2-1). K\u00f6zben az \u00e9vad zalai n\u00e9z\u0151\u00e1tlaga 15 533-ra cs\u00f6kkent, mert a kispestiek legy\u0151z\u00e9se el\u0151tt hatalmas vihar t\u00e1madt a vid\u00e9ki v\u00e1rosban, \u00e9s a n\u00e9z\u0151k fele hazamenek\u00fclt az ork\u00e1nszer\u0171 sz\u00e9l \u00e9s a j\u00e9ges\u0151 el\u0151l. \u201eNyolcezren \u00e1ztak a lel\u00e1t\u00f3kon, amikor <strong>B\u00edr\u00f3czky<\/strong> j\u00e1t\u00e9kvezet\u0151 d\u00f6nt\u00e9se ut\u00e1n a k\u00e9t csapat kivonult a p\u00e1ly\u00e1ra\u201d \u2013 \u00e1llt a korabeli tud\u00f3s\u00edt\u00e1sban.\r\n\r\n<span class=\"highlight-block\">A ZTE v\u00e9g\u00fcl a hatodik helyet szerezte meg,<\/span>\r\n\r\nmiut\u00e1n hazai m\u00e9rlege \u2013 10 gy\u0151zelem, 3 d\u00f6ntetlen, 2 veres\u00e9g \u2013 kimagasl\u00f3 volt. A kit\u0171n\u0151 poz\u00edci\u00f3 abb\u00f3l is fakadt, hogy <strong>Sz\u0151cs J\u00e1nos<\/strong> edz\u0151 csapata a bajnoks\u00e1g utols\u00f3 harmad\u00e1ban csak egyszer vesztett, \u00e9s hatszor nyert. Az \u00e9vad tizenegy\u00e9ben D\u00e9ri, <strong>Fil\u00f3 L\u00e1szl\u00f3<\/strong> \u00e9s Szab\u00f3 is helyet kapott, a posztonk\u00e9nti rangsorban m\u00e1sodik volt <strong>Mihalecz Istv\u00e1n<\/strong>, harmadik Moln\u00e1r, negyedik <strong>Bita J\u00f3zsef<\/strong> \u00e9s <strong>Papp Antal<\/strong>. D\u00e9ri m\u00e9g 1973 \u0151sz\u00e9n is listaels\u0151 maradt, nem utols\u00f3sorban az\u00e9rt, mert a F\u00e1y utc\u00e1ban, ahogyan mondani szok\u00e1s, kiv\u00e9dte a Vasas-labdar\u00fag\u00f3k szem\u00e9t, a H\u00e9tf\u0151i H\u00edrek D\u00e9ri nagy napja c\u00edmmel sz\u00e1molt be az 1-1-es tal\u00e1lkoz\u00f3r\u00f3l. Azt\u00e1n <strong>Bolem\u00e1nyi J\u00e1nos<\/strong> 1975-ben ker\u00fclt be az \u00e9vad tizenegy\u00e9be, \u00fagyhogy Zalaegerszegen a hetvenes \u00e9vekben nem voltak kapusgondok.\r\n\r\nEgyebek se nagyon, mert \u2013 ahogyan <strong>So\u00f3s Istv\u00e1n<\/strong>, a csapat legfiatalabbjainak egyike eml\u00edtette \u2013 \u201emindenki j\u00f3l \u00e9rezte mag\u00e1t: mi a p\u00e1ly\u00e1n, a n\u00e9z\u0151k meg a lel\u00e1t\u00f3n\u201d. A szezon utols\u00f3 napj\u00e1n, az MTK ellen akkora volt a hangulat, mintha bajnoks\u00e1got nyert volna ZTE, \u00e9s Szab\u00f3 Rezs\u0151 mesterh\u00e1rmassal \u00f6rvendeztette meg a h\u00e1l\u00e1s publikumot.\r\n\r\n<span class=\"highlight-block\">A tr\u00fckk\u00f6s csat\u00e1r h\u00e1rom nappal kor\u00e1bban Salg\u00f3tarj\u00e1nban olyan sz\u00f3l\u00f3g\u00f3lt l\u0151tt, hogy m\u00e9g a St\u00e9c\u00e9 massz\u0151rje is fek\u00fcdt, <\/span>\r\n\r\ns ez nem csup\u00e1n legenda, mert a helysz\u00edni tud\u00f3s\u00edt\u00e1sban az \u00e1llt: \u201eEgyed\u00fcl indult meg az ellenf\u00e9l t\u00e9rfel\u00e9nek k\u00f6zep\u00e9r\u0151l, s miut\u00e1n az eg\u00e9sz hazai v\u00e9delmet \u00e1tcselezte, 8 m-r\u0151l Magyar mellett a kapuba gur\u00edtott.\u201d\r\n\r\nD\u00e9rib\u0151l ut\u00f3bb a tapolcai Bauxit \u00c9tterem \u00e9s a T\u00f3 Pressz\u00f3 \u00fczletvezet\u0151je lett, majd tizennyolc \u00e9vet N\u00e9metorsz\u00e1gban t\u00f6lt\u00f6tt, ma H\u00e9v\u00edzen \u00e9l. Bolem\u00e1nyi meghalt, ak\u00e1rcsak Papp Antal, <strong>Prokisch K\u00e1roly<\/strong>, Szimacsek \u00e9s Szab\u00f3. Moln\u00e1r j\u00e1t\u00e9k-, majd technikai vezet\u0151k\u00e9nt m\u0171k\u00f6d\u00f6tt, a Zalasz\u00e1m Informatikai Kft. kereskedelmi \u00e1gazat\u00e1nak \u00fczletvezet\u0151jek\u00e9nt is jegyezt\u00e9k. Mihalecz edz\u0151sk\u00f6d\u00f6tt, Fil\u00f3 az Alum\u00edniumipari G\u00e9pgy\u00e1r rakt\u00e1rosak\u00e9nt kereste a kenyer\u00e9t, <strong>G\u00e1sp\u00e1r Gyula<\/strong> az egerszegi fedett uszoda gondnoka, <strong>T\u00f3th Gyula<\/strong> a Caola zalaegerszegi gy\u00e1r\u00e1nak technikusa volt. So\u00f3s Istv\u00e1n a Feh\u00e9r Hatty\u00fa \u00e9ttermet vezette, majd taxira v\u00e1ltott, m\u00e1ig vezet, \u00e9s m\u00e9g mindig megismerik az utasok. T\u00f3th J\u00f3zsef aut\u00f3alkatr\u00e9sz-keresked\u0151k\u00e9nt folytatta a civil \u00e9letben, <strong>Kocsis Tam\u00e1s<\/strong> a Mozi\u00fczemi V\u00e1llalatn\u00e1l dolgozott, Bita J\u00f3zsef ut\u00e1np\u00f3tl\u00e1sedz\u0151, technikai vezet\u0151, majd r\u00f6vid ideig klubdirektor volt, <strong>J\u00f3zsi Gy\u00f6rgy<\/strong> m\u00e1ig az MLSZ megyei sportigazgat\u00f3ja.\r\n\r\nE labdar\u00fag\u00f3k nem tudtak gyeng\u00e9n j\u00e1tszani. So\u00f3s ugyanis azt mondta:\r\n<blockquote>A gyep k\u00f6r\u00fcl nem volt salakp\u00e1lya, a n\u00e9z\u0151k a nyakunkba lihegtek. Abban a katlanban nem lehetett rosszul futballozni. Legf\u00f6ljebb az ellenf\u00e9lnek, amelyet r\u00e9szben a k\u00f6z\u00f6ns\u00e9g\u00fcnk vert meg. Nem k\u00e9zzel vagy bottal, hanem a feledhetetlen l\u00e9gk\u00f6rrel.<\/blockquote>\r\n[prefabricated_shortcode in_app=\"0\" code=\"%3Cdiv%20class%3D%22article_box_border%22%20style%3D%22background%3A%20url%28%27https%3A%2F%2F24.p3k.hu%2Fapp%2Fuploads%2Fsites%2F24%2F2021%2F05%2Fsport24-pattern.png%27%29%20no-repeat%20left%20-16px%20%23f3f3f4%3B%20border%3A%20none%3B%22%3E%0D%0A%3Cdiv%20class%3D%22article_solidheader%22%3E%0D%0A%3Ch2%20style%3D%22color%3A%20%23111115%21important%3B%20font-size%3A%2036px%3B%20font-weight%3A%20bold%3B%20margin-bottom%3A%2030px%3B%20margin-top%3A%2020px%3B%20text-align%3A%20center%3B%20line-height%3A%2036px%3B%22%3E%3Cimg%20class%3D%22aligncenter%20size-full%20wp-image-141%22%20src%3D%22https%3A%2F%2F24.p3k.hu%2Fapp%2Fuploads%2Fsites%2F24%2F2021%2F05%2Fs24-logo-dt.png%22%20alt%3D%22%22%20width%3D%22408%22%20height%3D%2290%22%20%2F%3E%3C%2Fh2%3E%0D%0A%3Ch2%20style%3D%22color%3A%20%23111115%21important%3B%20font-size%3A%2036px%3B%20font-weight%3A%20bold%3B%20margin-bottom%3A%2030px%3B%20margin-top%3A%2020px%3B%20text-align%3A%20center%3B%20line-height%3A%2040px%3B%22%3ECsatlakozz%20a%20Sport24%20k%C3%B6z%C3%B6ss%C3%A9ghez%2C%20mondd%20el%20v%C3%A9lem%C3%A9nyedet%20z%C3%A1rt%20Facebook-csoportunkban%2C%20%C3%A9s%20vegy%C3%A9l%20r%C3%A9szt%20csak%20el%C5%91fizet%C5%91knek%20el%C3%A9rhet%C5%91%20exkluz%C3%ADv%20esem%C3%A9nyeinken.%3C%2Fh2%3E%0D%0A%3C%2Fdiv%3E%0D%0A%3Cp%20style%3D%22background%3A%20%2357A600%3B%20margin-top%3A%2020px%3B%20padding%3A%2020px%3B%20text-align%3A%20center%3B%22%3E%3Ca%20style%3D%22color%3A%20%23ffffff%3B%20font-size%3A%2026px%3B%20font-weight%3A%20600%3B%22%20href%3D%22https%3A%2F%2Fwww.facebook.com%2Fgroups%2F212344460412327%22%3ECSATLAKOZOM%3C%2Fa%3E%3C%2Fp%3E%0D%0A%0D%0A%3C%2Fdiv%3E\"]","type":"rich","thumbnail_url":"https:\/\/s.24.hu\/app\/uploads\/sites\/24\/2022\/06\/01zalaihirlap_1972_10-1571438166__pages169-169-150x150.jpg","thumbnail_width":150,"thumbnail_height":150}