{"version":"1.0","provider_name":"Sport24","provider_url":"https:\/\/sport24.24.hu","author_name":"Bruckner G\u00e1bor","author_url":"https:\/\/sport24.24.hu\/author\/brucknerg\/","title":"A Liverpool v\u00e1lasza Haalandra: N\u00fanez, a 100 milli\u00f3s uruguayi csat\u00e1r","html":"B\u00e1r a Bajnokok Lig\u00e1ja d\u00f6nt\u0151je el\u0151tt egy sajt\u00f3t\u00e1j\u00e9koztat\u00f3n f\u00e9lhivatalosan meg\u00edg\u00e9rte, hogy marad, <strong>Mohamed Szalah<\/strong> liverpooli szerz\u0151d\u00e9shosszabb\u00edt\u00e1s\u00e1nak alj\u00e1ra m\u00e9g mindig nem ker\u00fclt oda az al\u00e1\u00edr\u00e1s. Mindek\u00f6zben <strong>Sadio Man\u00e9<\/strong> t\u00e1voz\u00e1sa szinte garant\u00e1lhat\u00f3, \u00edgy azt figyelembe v\u00e9ve, hogy <strong>Roberto Firmino<\/strong> m\u00e1r az el\u0151z\u0151 szezonban kiszorult a kezd\u0151b\u0151l, a m\u00f6g\u00f6tt\u00fcnk hagyott n\u00e9h\u00e1ny \u00e9v nagy t\u00e1mad\u00f3 tri\u00f3j\u00e1nak j\u00f6v\u0151je egyt\u0151l-egyig bizonytalan a Mersey partj\u00e1n.\r\n\r\n<strong>Diogo Jota<\/strong> egy \u00e9vvel ezel\u0151tti, <strong>Luis D\u00edaz<\/strong> idei \u00e9rkez\u00e9se r\u00e9szint erre a folyamatra adott v\u00e1laszt a klub r\u00e9sz\u00e9r\u0151l \u2013 bor\u00edt\u00e9kolni lehetett, hogy egy fontos l\u00e1ncszem a mostani \u00e1tigazol\u00e1si ablakban is a hely\u00e9re ker\u00fcl. \u0150 lett a nemsok\u00e1ra 23. sz\u00fclet\u00e9snapj\u00e1t \u00fcnnepl\u0151, a Benfic\u00e1b\u00f3l \u00e9rkez\u0151 uruguayi t\u00e1mad\u00f3, <strong>Darwin N\u00fanez<\/strong>, 80 milli\u00f3 plusz tov\u00e1bbi 20 milli\u00f3 eur\u00f3 b\u00f3nusz\u00e9rt cser\u00e9be. Hatalmas p\u00e9nz, hatalmas rem\u00e9nyek \u00e9s egy kock\u00e1zatos, \u00e1m r\u00e9m izgalmas transzfer. Vizsg\u00e1ljuk meg minden szerepl\u0151 oldal\u00e1r\u00f3l!\r\n<h2>A Benfica szempontj\u00e1b\u00f3l<\/h2>\r\nA Benfica az eur\u00f3pai futball egyik legjobban cseng\u0151 m\u00e1rkaneve, olyan csapat\u00e9, amelynek minden \u00e9vben a bajnoki c\u00edm\u00e9rt kell k\u00fczdenie Portug\u00e1li\u00e1ban. \u00c1m amellett, hogy ez utolj\u00e1ra a 2018\/19-es \u00e9vad v\u00e9g\u00e9n siker\u00fclt, a lisszaboniak jelenleg \u00e1tmenetben l\u00e9v\u0151 egy\u00fcttes k\u00e9p\u00e9t mutatj\u00e1k, nagyon furcsa kerettel. \u00c9v k\u00f6zben a legend\u00e1s <strong>Jorge Jesus<\/strong> \u00e9s a klub \u00fatjai elv\u00e1ltak egym\u00e1st\u00f3l, a hely\u00e9t ideiglenesen <strong>N\u00e9lson Ver\u00edssimo<\/strong> vette \u00e1t a kispadon. Az edz\u0151 a BL-ben tisztesen helyt\u00e1llt, m\u00edg a bajnoks\u00e1gban a dobog\u00f3 als\u00f3 fok\u00e1ig juttatta egy\u00fcttes\u00e9t, de az egy\u00e9rtelm\u0171, hogy a hely\u00e9re \u00e9rkez\u0151 <strong>Roger Schmidtnek<\/strong> \u00fajj\u00e1 kell \u00e9p\u00edtenie a t\u00e1rsas\u00e1got.\r\n\r\nA mediterr\u00e1n orsz\u00e1g h\u00e1rom gig\u00e1sz\u00e1nak (a m\u00e1sik kett\u0151 a Porto \u00e9s a Sporting) el\u00e9g j\u00f3l k\u00f6r\u00fclhat\u00e1rolhat\u00f3 az \u00fczleti modellje: minden m\u00e1s klubn\u00e1l jobban m\u0171k\u00f6d\u0151 scouting-rendszer, minek k\u00f6sz\u00f6nhet\u0151en \u201epremier tehets\u00e9geket\u201d tal\u00e1lnak, s a fiatalokat \u00e9lvonalbeli lehet\u0151s\u00e9ghez seg\u00edtve addig fejlesztik, m\u00edg a leggazdagabbak bus\u00e1s \u00e1ron le nem csapnak r\u00e1juk. Ebb\u0151l azt\u00e1n kisebb \u00f6sszegek\u00e9rt \u00fajra megkereshetik az ifj\u00fa \u00edg\u00e9reteket, akikb\u0151l val\u00f3sz\u00edn\u0171leg egy-k\u00e9t j\u00e1t\u00e9kos ism\u00e9t 50-60-70-80 milli\u00f3\u00e9rt kelhet el, ebb\u0151l \u00fajfent futja fiatalokra\u2026 A sort az <em>Eredet<\/em> c\u00edm\u0171 film \u201e\u00e1lom az \u00e1lomban\u201d koncepci\u00f3j\u00e1hoz hasonl\u00f3an a v\u00e9gtelens\u00e9gig lehetne folytatni.\r\n\r\n<span class=\"highlight-block\">A Benfica az\u00e9rt \u00e9rezhette kiss\u00e9 szorult helyzetben mag\u00e1t, mert a szek\u00e9r kereke elt\u00f6r\u00f6tt. <\/span>\r\n\r\nMik\u00f6zben az elm\u00falt esztend\u0151kben olyan veter\u00e1nokkal t\u00f6lt\u00f6tt\u00e9k fel a keretet, mint <strong>Nicol\u00e1s Otamendi, Jan Vertonghen<\/strong> vagy <strong>Adel Taarabt<\/strong>, a tov\u00e1bbi fontos szerepl\u0151k j\u00f3 korban l\u00e9v\u0151, de ink\u00e1bb k\u00f6z\u00e9pszer\u0171 min\u0151s\u00e9get k\u00e9pvisel\u0151 labdar\u00fag\u00f3k: <strong>Julian Weigl, \u00c9verton, Roman Jaremcsuk, Joao M\u00e1rio, Haris Seferovic.<\/strong>\r\n\r\nEzeket a futballist\u00e1kat nehezen lehetne komoly \u00f6sszegek\u00e9rt \u00e9rt\u00e9kes\u00edteni, olyan tehets\u00e9gnek pedig, akinek re\u00e1lisan kin\u00e9z egy majdani vil\u00e1gklasszis st\u00e1tusz, a sz\u00e1rny\u00e1t egyel\u0151re lassan bontogat\u00f3 <strong>Goncalo Ramost<\/strong>, na meg Darwin N\u00fanezt nevezhetj\u00fck. Ahhoz, hogy a Benfica megpr\u00f3b\u00e1lja utol\u00e9rni a Port\u00f3t \u00e9s a Sportingot, gyakorlatilag musz\u00e1j eladnia a csat\u00e1rt. Az, hogy ennek ellen\u00e9re ilyen frenetikus \u00e1rat tudtak kialkudni a Liverpooln\u00e1l, a t\u00e1rgyal\u00e1si technik\u00e1jukat dics\u00e9ri, \u00e9s j\u00f3l mutatja, mekkora potenci\u00e1l rejlik a d\u00e9l-amerikai \u00e9kben.\r\n\r\n<img class=\"size-full wp-image-4939\" src=\"https:\/\/sport24.24.hu\/app\/uploads\/sites\/24\/2022\/06\/075_fiuza-sporting220417_nprtt.jpg\" alt=\"\" width=\"2000\" height=\"1333\" \/>\r\n<h2>N\u00fanez r\u00e9sz\u00e9r\u0151l<\/h2>\r\nAmikor Luis D\u00edaz janu\u00e1rban Angli\u00e1ba \u00e9rkezett, hangs\u00falyosan kiemelt\u00fck mi is, mennyire fontos a karaktere szempontj\u00e1b\u00f3l, hogyan n\u0151tt fel.\r\n\r\n[central_article_recommendation title=\"Kapcsol\u00f3d\u00f3\" url=\"https:\/\/sport24.24.hu\/foci\/2022\/01\/31\/luis-diaz-liverpool-igazolas\/\" image=\"1\" lead=\"1\"]\r\n\r\nDiogo Jot\u00e1t kiv\u00e9ve minden liverpooli t\u00e1mad\u00f3 \u2013 Man\u00e9, Firmino \u00e9s Szalah is \u2013 rengeteget k\u00fczd\u00f6tt az\u00e9rt, hogy profi futballist\u00e1v\u00e1 v\u00e1ljon. Mindannyian szer\u00e9ny k\u00f6r\u00fclm\u00e9nyek k\u00f6zepette nevelkedtek, \u00edgy a harcos szem\u00e9lyis\u00e9g\u00fck t\u00f6k\u00e9letesen alkalmass\u00e1 teszi \u0151ket, hogy betagoz\u00f3djanak a <strong>Klopp<\/strong>-f\u00e9le let\u00e1mad\u00e1sba, \u00e9s maguk\u00e9nak vallj\u00e1k a csapatot \u00f6vez\u0151 el\u00e9v\u00fclhetetlen hozz\u00e1\u00e1ll\u00e1st. Ez al\u00f3l N\u00fanez sem kiv\u00e9tel.\r\n<div class=\"payable-content-section\"><\/div>\r\n\u00c9desapja \u00e9p\u00edtkez\u00e9seken dolgozott, m\u00edg \u00e9desanyja \u00fcvegeket gy\u0171jt\u00f6tt az utc\u00e1n \u2013 \u00edgy pr\u00f3b\u00e1lt\u00e1k fenntartani a csal\u00e1dot. Sokat \u00e1ldoztak az\u00e9rt, hogy a fiuk eljuthasson oda, ahov\u00e1 most k\u00e9sz\u00fcl, \u00e9s \u0151 ennek a tehernek teljes tudat\u00e1ban cseperedett vil\u00e1g\u00e9let\u00e9ben.\r\n\r\n<span class=\"highlight-block-small\">Amikor es\u00e9lye ny\u00edlt, hogy Uruguayb\u00f3l Eur\u00f3p\u00e1ba igazoljon, k\u00f6ny\u00f6rg\u00f6tt a Penarol igazgat\u00f3j\u00e1nak: engedje el, \u00e9s a transzferb\u0151l keresett p\u00e9nzen h\u00e1zat vett a sz\u00fcleinek.<\/span>\r\n\r\nAzon t\u00fal, hogy emiatt pazarul illeszkedik a V\u00f6r\u00f6s\u00f6k \u00e1ltal t\u00e1masztott elv\u00e1r\u00e1sokhoz, k\u00e9t szem\u00e9lyis\u00e9gjegy ismeretes a k\u00f6r\u00fcl\u00f6tte l\u00e9v\u0151k elmond\u00e1sa alapj\u00e1n. Az els\u0151 a legkev\u00e9sb\u00e9 sem probl\u00e9m\u00e1s: a legt\u00f6bben kedves, szorgalmas, j\u00f3lelk\u0171 sr\u00e1cnak \u00edrj\u00e1k le, aki nagyon kellemes t\u00e1rsas\u00e1g a mindennapokban. A m\u00e1sodik azonban felvet n\u00e9mi dilemm\u00e1t: N\u00fanez tavalyi szezonja el\u00e9g visszafogottan siker\u00fclt, kor\u00e1ntsem hozta azokat a sz\u00e1mokat, melyeket az id\u00e9n l\u00e1thattunk t\u0151le.\r\n\r\nA k\u00f6z\u00f6ns\u00e9g kikezdte \u0151t a k\u00f6z\u00f6ss\u00e9gi m\u00e9di\u00e1ban, amire nem reag\u00e1lt t\u00fal j\u00f3l. Embereket tiltott le, let\u00f6r\u00f6lte a profilj\u00e1t, azt\u00e1n visszatette. A brit sajt\u00f3 minden m\u00e1sn\u00e1l kegyetlenebb ragadoz\u00f3; ha ezt a fajta nyom\u00e1st nem tudja megfelel\u0151en kezelni, az ak\u00e1r t\u00f6nkre is teheti \u0151t ment\u00e1lisan.\r\n\r\nA visszafogott \u00e9vad ut\u00e1n a legut\u00f3bbiban hatalmasat robbantott: 41 t\u00e9tm\u00e9rk\u0151z\u00e9sen 34 g\u00f3lt v\u00e1gott, ebb\u0151l 26-ot bajnokikon. A portug\u00e1l \u00e9s az \u00f6t eur\u00f3pai toplig\u00e1t figyelembe v\u00e9ve kiz\u00e1r\u00f3lag <strong>Robert Lewandowski, Kylian Mbapp\u00e9, Karim Benzema<\/strong> \u00e9s <strong>Ciro Immobile<\/strong> mattolta t\u00f6bbsz\u00f6r az ellenfelek kapusait. A 22 \u00e9ves vagy ann\u00e1l fiatalabb t\u00e1mad\u00f3kat figyelve, 90 percre vet\u00edtve mindenkin\u00e9l k\u00edm\u00e9letlenebb volt N\u00fanez: a kapura tart\u00f3 l\u00f6v\u00e9sek \u00e9s a g\u00f3lok tekintet\u00e9ben senki sem \u00e9rhetett a nyom\u00e1ba, se az \u00e9ppen a Dortmundb\u00f3l a Manchester Citybe igazolt <strong>Erling Haaland<\/strong>, se <strong>Dusan Vlahovic<\/strong>, se <strong>Vinic\u00edus Jr<\/strong>, se <strong>Kai Havertz<\/strong>, se <strong>Joao F\u00e9lix<\/strong>.\r\n\r\nMost, ezen a ny\u00e1ron j\u00f6tt el a pillanat a szintl\u00e9p\u00e9sre, \u00e9s ezt rajta k\u00edv\u00fcl a Liverpool is pontosan tudta.\r\n<h2>A Liverpool n\u00e9z\u0151pontj\u00e1b\u00f3l<\/h2>\r\nB\u00e1r nem k\u00fcl\u00f6n\u00f6sebben hasonl\u00edt N\u00fanezhez, az el\u0151bb m\u00e1r emlegetett Haaland t\u00f6bb szempontb\u00f3l is j\u00f3 alapja az \u00f6sszehasonl\u00edt\u00e1snak. Mindketten igen leny\u0171g\u00f6z\u0151 fizikum\u00faak, magasak, izmosak, \u00edgy adott esetben jogosan vet\u0151dhetne fel, hogy er\u0151b\u0151l dolgoznak \u2013 valamif\u00e9le klasszikus k\u00f6z\u00e9pcsat\u00e1rok. K\u00e9ts\u00e9gtelen\u00fcl haszn\u00e1lj\u00e1k a testi adotts\u00e1gaikat, de messze nem csup\u00e1n ebb\u0151l \u00e9lnek. Sokkal t\u00f6bbek \u0151k.\r\n\r\nA Bajnokok Lig\u00e1ja-fin\u00e1l\u00e9 ut\u00e1n a Liverpool szurkol\u00f3i k\u00f6z\u00f6tt v\u00e9gigfutott egy kiss\u00e9 furcsa trend k\u00e9pe, miszerint az egyar\u00e1nt g\u00f3l n\u00e9lk\u00fcli Liga Kupa-, FA Kupa- \u00e9s BL-d\u00f6nt\u0151 egy ir\u00e1nyba mutat: kell egy igazi befejez\u0151 ember. A felvet\u00e9s f\u0151leg az\u00e9rt hangzott k\u00fcl\u00f6n\u00f6sen, mert Klopp Angli\u00e1ba \u00e9rkez\u00e9se \u00f3ta csakis esetileg haszn\u00e1lt val\u00f3di csat\u00e1rt (Origi); a t\u00e1mad\u00f3sor a fluidit\u00e1sra, a helycser\u00e9kre, a kisz\u00e1m\u00edthatatlans\u00e1gra \u00e9s a sok mozg\u00e1sra \u00e9p\u00fclt. Ez\u00e9rt m\u0171k\u00f6d\u00f6tt kiv\u00e1l\u00f3an hamis kilencesk\u00e9nt Firmino, \u00e9s ez\u00e9rt brill\u00edrozott Man\u00e9 k\u00f6z\u00e9pre ker\u00fcl\u00e9s\u00e9vel is az egy\u00fcttes janu\u00e1r ut\u00e1n.\r\n\r\nN\u00fanezzel egyszerre cser\u00e9lik a j\u00e1rt utat j\u00e1ratlanra, illetve maradnak a m\u00e1r kitaposott \u00f6sv\u00e9nyen. \u0150 nem csak k\u00f6z\u00e9pen tud szerepelni: a Benfic\u00e1ban sokszor eleve balsz\u00e9ls\u0151k\u00e9nt, vagy a 3-4-2-1-es fel\u00e1ll\u00e1sban egy sorral h\u00e1tr\u00e9bb k\u00fcldt\u00e9k p\u00e1ly\u00e1ra. Mindemellett rengeteget oper\u00e1l a bal oldali f\u00e9lter\u00fcletben. A labdakezel\u00e9se \u00e9s a technik\u00e1ja \u2013 erre mindj\u00e1rt visszat\u00e9r\u00fcnk m\u00e9g \u2013 \u00e9g \u00e9s f\u00f6ld a francia legend\u00e1hoz k\u00e9pest, de a sajt\u00f3 nem hi\u00e1ba kezdte el haszn\u00e1lni p\u00e1rhuzamk\u00e9nt <strong>Thierry Henryt<\/strong>. Ugyan\u00fagy j\u00f3l megtermett fick\u00f3, aki hihetetlen g\u00f3lv\u00e1g\u00f3, \u00e9s azon t\u00fal, hogy szenz\u00e1ci\u00f3san \u00e9rkezik a tizenhatoson bel\u00fcl, kifejezetten sz\u00edvesen tany\u00e1zik egy az egy ellen a vonalhoz k\u00f6zelebb. Ebben k\u00f6nnyed\u00e9n v\u00e9lhetj\u00fck felfedezni a t\u00e1voz\u00f3f\u00e9lben l\u00e9v\u0151 Man\u00e9t, m\u00e1s t\u00e9ren viszont \u2013 \u00e9s ez az igaz\u00e1n izgalmas \u2013 m\u00f3dfelett k\u00fcl\u00f6nb\u00f6zik a \u201ep\u00f3tolt\u201d \u00e9s a \u201ep\u00f3tl\u00e9k\u201d.\r\n\r\nA mobilit\u00e1sa \u00e9s a t\u00e9r\u00e9rz\u00e9ke ellen\u00e9re \u2013 b\u00e1mulatosan teremt helyet a mell\u0151le befel\u00e9 l\u00e9p\u0151knek, amikor kikalandozik balra, \u00fagyhogy D\u00edazzal egy\u00fctt \u00e9lm\u00e9ny lesz n\u00e9zni \u0151ket \u2013 a k\u00e9t legfontosabb tulajdons\u00e1ga a\r\n\r\n<span class=\"highlight-block\">teljess\u00e9ggel kiismerhetetlen, frenetikusan \u00fctemezett beindul\u00e1sa a v\u00e9d\u0151k m\u00f6g\u00e9,<\/span>\r\n\r\nilletve hogy mennyire konzisztens m\u00f3don ker\u00fcl kiv\u00e1l\u00f3 l\u00f6v\u0151helyzetekbe. Nem rossz a passzj\u00e1t\u00e9ka, maxim\u00e1lisan k\u00e9pes egy-egy fontos \u00e1tad\u00e1s kioszt\u00e1s\u00e1ra, de ebben Firmino, \u00e9s f\u0151k\u00e9pp Man\u00e9 szintj\u00e9t\u0151l m\u00e9rf\u00f6ldekre elmarad. A Liverpool N\u00fanezzel g\u00f3lv\u00e1g\u00f3t v\u00e1s\u00e1rolt, s \u0151 \u00e9ppens\u00e9ggel beilleszthet\u0151 a csapat j\u00e1t\u00e9k\u00e1ba, de ett\u0151l m\u00e9g mindenf\u00e9lek\u00e9ppen alkalmazkod\u00e1st, v\u00e1ltoztat\u00e1st ig\u00e9nyel a komplett szerkezetet \u00e9s elk\u00e9pzel\u00e9st tekintve.\r\n\r\n<img class=\"size-full wp-image-4941\" src=\"https:\/\/sport24.24.hu\/app\/uploads\/sites\/24\/2022\/06\/000_329n3fh.jpg\" alt=\"\" width=\"2000\" height=\"1333\" \/>\r\n\r\nAz uruguayi tal\u00e1latait v\u00e9gigb\u00f6ng\u00e9szve arra jutunk: azok t\u00f6bbs\u00e9ge szervezetlen v\u00e9delmek ellen sz\u00fcletett. Ez a Premier League egyik legf\u0151bb bajnokes\u00e9lyes\u00e9nek dressz\u00e9t mag\u00e1ra \u00f6ltve majd j\u00f3val ritk\u00e1bban t\u00f6rt\u00e9nik meg. \u00c1m az, hogy mennyire \u00e9rzi, hova \u00e9s hogyan kell meg\u00e9rkeznie a kapu el\u0151tt \u00e9s, hogy merre tud kib\u00fajni egy r\u00e9sen a legsz\u0171kebben, legkompaktabban helyezked\u0151 h\u00e1ts\u00f3 sorok ellen is, felbecs\u00fclhetetlen. Emiatt nem nagyon \u00e9rdemes agg\u00f3dni, mert <strong>Trent Alexander-Arnold<\/strong>, Szalah \u00e9s <strong>Thiago<\/strong> passzai j\u00f6nni fognak, oda kell csak \u00e9rni azokra, \u00e9s N\u00fanez sz\u00e1mtalanszor bizony\u00edtotta, hogy k\u00e9pes erre.\r\n\r\nA megindul\u00e1sai el\u0151tti m\u00e1sodpercekben \u00e9lm\u00e9ny n\u00e9zni: olyan, mint egy amerikaifutball-elkap\u00f3, apr\u00f3 testcselekkel, s\u00falypont\u00e1thelyez\u00e9sekkel billenti ki a v\u00e9d\u0151ket, miel\u0151tt elz\u00fag mellett\u00fck. Mintha hetedik \u00e9rz\u00e9ke lenne a labda \u00edv\u00e9nek \u00e9s \u00fatj\u00e1nak kisz\u00e1m\u00edt\u00e1s\u00e1ban. Ak\u00e1r, amikor r\u00f6gt\u00f6n \u0151t tal\u00e1lja meg, ak\u00e1r, amikor pattog a t\u00f6megben, szinte gravit\u00e1l a l\u00e1ba fel\u00e9. Tan\u00edthatatlan \u00e9s n\u00e9lk\u00fcl\u00f6zhetetlen adotts\u00e1gok ezek.\r\n\r\nA legvastagabb k\u00e9rd\u0151jel a g\u00e1rda m\u0171k\u00f6d\u00e9s\u00e9vel kapcsolatban vet\u0151dik fel. Firmino \u00e9s Man\u00e9 is remek\u00fcl k\u00f6t\u00f6tte \u00f6ssze a csapatr\u00e9szeket, t\u0151l\u00fck funkcion\u00e1lt istenigaz\u00e1b\u00f3l hat\u00e9konyan a Liverpool. Ahogyan azt m\u00e1r \u00e9rintett\u00fck, az oldalra \u00e9s visszamozg\u00e1sait pazarul ki tudj\u00e1k haszn\u00e1lni a t\u00e1rsai, beindulhatnak majd m\u00f6g\u00e9 m\u00e1sok, mindazon\u00e1ltal ett\u0151l m\u00e9g nem fogja bet\u00f6lteni azt a ragacs-habarcs szerepet, amit az eml\u00edtett el\u0151d\u00f6k. Kloppnak \u00e9s a st\u00e1bj\u00e1nak m\u00e1sk\u00e9pp kell ezt el\u00e9rnie, mert k\u00fcl\u00f6nben felborul az egyens\u00faly. A Fulhamb\u0151l \u00e9rkez\u0151, fiatal, de piszok \u00edg\u00e9retes portug\u00e1l-angol <strong>F\u00e1bio Carvalho<\/strong>, vagy a s\u00e9r\u00fcl\u00e9s\u00e9ig \u0151sszel komoly felel\u0151ss\u00e9ggel felruh\u00e1zott <strong>Harvey Elliott<\/strong> szolg\u00e1lhat majd v\u00e1lasszal erre a k\u00e9rd\u00e9sre.\r\n\r\n<span class=\"highlight-block-small\">Ami mindemellett biztosan ad m\u00e9g ny\u00e1ri munk\u00e1t N\u00faneznek \u00e9s a klubnak, az a let\u00e1mad\u00e1s \u00e9s a j\u00e1t\u00e9kos els\u0151 labda\u00e9rint\u00e9se.<\/span>\r\n\r\nhttps:\/\/www.youtube.com\/watch?v=Vp2JeBq14y0&amp;ab_channel=NComps\r\n\r\nEgyik sem lehetetlen k\u00fcldet\u00e9s, hiszen az el\u0151bbi fejleszt\u00e9s\u00e9re keresve sem tal\u00e1lhatn\u00e1nk alkalmasabb terepet az Anfieldn\u00e9l, m\u00edg az ut\u00f3bbit id\u0151vel \u00e9s gyakorl\u00e1ssal sim\u00e1n lehet tomp\u00edtani \u2013 erre <strong>Romelu Lukaku<\/strong> a p\u00e9lda. \u00c9vekig sz\u00edvatt\u00e1k \u0151t a manchesteri labda\u00e1tv\u00e9telei miatt, azt\u00e1n az Interben megfelel\u0151 k\u00f6r\u00fclm\u00e9nyek mellett, a helyes taktikai keretrendszerbe helyezve, ez m\u00e1r mit sem sz\u00e1m\u00edtott.\r\n\r\nEtt\u0151l f\u00fcggetlen\u00fcl mindkett\u0151 kulcsfontoss\u00e1g\u00fa terepe a beilleszked\u00e9snek. Amennyiben a \u2018Pool a kiv\u00e1laszt\u00e1s folyamata sor\u00e1n azt \u00e1llap\u00edtotta meg, hogy a csat\u00e1rt hat\u00e9konyan r\u00e1 lehet venni a r\u00e9szv\u00e9telre a presszingben \u2013 egy\u00e9bk\u00e9nt val\u00f3sz\u00edn\u0171leg nem igazolt\u00e1k volna le \u2013, akkor mind\u00f6ssze t\u00fcrelem kell, de abb\u00f3l a jelenlegi sz\u00e1mok alapj\u00e1n meglehet\u0151sen sok. A portug\u00e1l bajnoks\u00e1gban sem emelkedett ki az el\u0151rev\u00e9dekez\u00e9st m\u00e9r\u0151 statisztik\u00e1kban, \u00fagyhogy lesz mit p\u00f3tolni az angol \u00e9lvonal intenzit\u00e1sa mellett.\r\n\r\n\u00c9s ha m\u00e1r sz\u00f3t ejtett\u00fcnk a Liverpool vezet\u0151s\u00e9g\u00e9r\u0151l\u2026 A V\u00f6r\u00f6s\u00f6k nem kev\u00e9s, de a nagy riv\u00e1lis Manchester Cityn\u00e9l kevesebb p\u00e9nzb\u0151l tudtak versenyben maradni az elm\u00falt esztend\u0151kben, k\u00f6sz\u00f6nhet\u0151en annak, hogy az \u00e1tigazol\u00e1si piacon szinte egyetlen bakl\u00f6v\u00e9st sem k\u00f6vettek el. Az eddigi \u00e9rkez\u0151k azonban egyt\u0151l egyig profilba illettek, majdnem minden liverpoolos tulajdons\u00e1got \u00e9s k\u00e9pess\u00e9get maguk\u00e9nak tudhattak.\r\n\r\nN\u00fanez k\u00fcl\u00f6nleges, r\u00e1 ugyanis ez nem igaz marad\u00e9ktalanul. A riv\u00e1lisok rem\u00e9nykedhetnek abban, hogy most t\u00f6rt\u00e9nt meg az els\u0151 igaz\u00e1n nagy hiba, hogy brut\u00e1lis \u00f6sszeg\u00e9rt l\u0151ttek bakot, de azon az\u00e9rt \u00e9rdemes elgondolkodni: ahogyan sok m\u00e1sik j\u00e1t\u00e9kos vagy nyomvonal eset\u00e9ben, vajon nem \u0151k l\u00e1tnak, tudnak-e valamit, amire egyel\u0151re a versenyt\u00e1rsak nem j\u00f6ttek r\u00e1?\r\n\r\nTal\u00e1n nem v\u00e9letlen, hogy ugyanazon a ny\u00e1ron jutottak ugyanarra, mint a Manchester City. Nevezetesen, hogy elj\u00f6tt a pillanat egy kegyetlen k\u00f6z\u00e9pcsat\u00e1r beszerz\u00e9s\u00e9re. A m\u00f6g\u00f6tt\u00fcnk hagyott \u00e9vekben z\u00f6m\u00e9ben ilyen futballista n\u00e9lk\u00fcl \u00e9rtek el sikereket, s az adatok lehet azt mutatt\u00e1k, hogy ezt mostan\u00e1ig lehetett fenntartani.\r\n\r\n<span class=\"highlight-block\">M\u00e1rpedig, ha a Liverpool k\u00f6ny\u00f6rtelen befejez\u0151t keresett, jobbat nem tal\u00e1lhatott Darwin N\u00fanezn\u00e9l.<\/span>\r\n\r\n<img class=\"size-full wp-image-4944\" src=\"https:\/\/sport24.24.hu\/app\/uploads\/sites\/24\/2022\/06\/000_327r2xq.jpg\" alt=\"\" width=\"2000\" height=\"1333\" \/>\r\n\r\n[prefabricated_shortcode in_app=\"0\" code=\"%3Cdiv%20class%3D%22article_box_border%22%20style%3D%22background%3A%20url%28%27https%3A%2F%2F24.p3k.hu%2Fapp%2Fuploads%2Fsites%2F24%2F2021%2F05%2Fsport24-pattern.png%27%29%20no-repeat%20left%20-16px%20%23f3f3f4%3B%20border%3A%20none%3B%22%3E%0D%0A%3Cdiv%20class%3D%22article_solidheader%22%3E%0D%0A%3Ch2%20style%3D%22color%3A%20%23111115%21important%3B%20font-size%3A%2036px%3B%20font-weight%3A%20bold%3B%20margin-bottom%3A%2030px%3B%20margin-top%3A%2020px%3B%20text-align%3A%20center%3B%20line-height%3A%2036px%3B%22%3E%3Cimg%20class%3D%22aligncenter%20size-full%20wp-image-141%22%20src%3D%22https%3A%2F%2F24.p3k.hu%2Fapp%2Fuploads%2Fsites%2F24%2F2021%2F05%2Fs24-logo-dt.png%22%20alt%3D%22%22%20width%3D%22408%22%20height%3D%2290%22%20%2F%3E%3C%2Fh2%3E%0D%0A%3Ch2%20style%3D%22color%3A%20%23111115%21important%3B%20font-size%3A%2036px%3B%20font-weight%3A%20bold%3B%20margin-bottom%3A%2030px%3B%20margin-top%3A%2020px%3B%20text-align%3A%20center%3B%20line-height%3A%2040px%3B%22%3ECsatlakozz%20a%20Sport24%20k%C3%B6z%C3%B6ss%C3%A9ghez%2C%20mondd%20el%20v%C3%A9lem%C3%A9nyedet%20z%C3%A1rt%20Facebook-csoportunkban%2C%20%C3%A9s%20vegy%C3%A9l%20r%C3%A9szt%20csak%20el%C5%91fizet%C5%91knek%20el%C3%A9rhet%C5%91%20exkluz%C3%ADv%20esem%C3%A9nyeinken.%3C%2Fh2%3E%0D%0A%3C%2Fdiv%3E%0D%0A%3Cp%20style%3D%22background%3A%20%2357A600%3B%20margin-top%3A%2020px%3B%20padding%3A%2020px%3B%20text-align%3A%20center%3B%22%3E%3Ca%20style%3D%22color%3A%20%23ffffff%3B%20font-size%3A%2026px%3B%20font-weight%3A%20600%3B%22%20href%3D%22https%3A%2F%2Fwww.facebook.com%2Fgroups%2F212344460412327%22%3ECSATLAKOZOM%3C%2Fa%3E%3C%2Fp%3E%0D%0A%0D%0A%3C%2Fdiv%3E\"]","type":"rich","thumbnail_url":"https:\/\/s.24.hu\/app\/uploads\/sites\/24\/2022\/06\/075_fiuza-slbenfic220223_nptxh-150x150.jpg","thumbnail_width":150,"thumbnail_height":150}