{"version":"1.0","provider_name":"Sport24","provider_url":"https:\/\/sport24.24.hu","author_name":"Fut\u00f3 Csaba","author_url":"https:\/\/sport24.24.hu\/author\/futocs\/","title":"A BL-d\u00f6nt\u0151ben j\u00f6tt el az igazs\u00e1g pillanata Courtois-nak","html":"<blockquote>Meg kellett nyernem ezt a d\u00f6nt\u0151t a karrierem miatt. Kem\u00e9ny munk\u00e1val pedig siker\u00fclt el\u00e9rnem, hogy tisztelettel besz\u00e9ljenek r\u00f3lam, mert ezt nem mindig kaptam meg, f\u0151leg Angli\u00e1ban nem<\/blockquote>\r\n\u2013 mondta a szombati, p\u00e1rizsi Bajnokok Lig\u00e1ja-d\u00f6nt\u0151 ut\u00e1n <strong>Thibaut Courtois<\/strong>.\r\n\r\nNem szokv\u00e1nyos, hogy egy kapus lopja el a show-t az eur\u00f3pai kupaszezon legfontosabb m\u00e9rk\u0151z\u00e9s\u00e9n. Kor\u00e1bban ez csak <strong>Oliver Kahnnak<\/strong> (2001, Bayern M\u00fcnchen) \u00e9s <strong>Edwin van der Sarnak<\/strong> (2008, Manchester United) siker\u00fclt, id\u00e9n pedig a Real Madrid belga h\u00e1l\u00f3\u0151r\u00e9t v\u00e1lasztott\u00e1k a meccs ember\u00e9nek.\r\n\r\nhttps:\/\/www.youtube.com\/watch?v=Md55beM4_wk&amp;ab_channel=RMDVIDSTV\r\n\r\nPedig az el\u0151zm\u00e9nyek alapj\u00e1n nem pont erre lehetett sz\u00e1m\u00edtani, ebben a szezonban ugyanis a Real Madridb\u00f3l mindenki m\u00e1st elhom\u00e1lyos\u00edtott az eg\u00e9szen k\u00e1pr\u00e1zatos form\u00e1ban futballoz\u00f3 \u00e9s Aranylabda-es\u00e9lyes <strong>Karim Benzema<\/strong>, a mag\u00e1ra tal\u00e1l\u00f3 <strong>Vin\u00edcius Jr.<\/strong>, a meccsek alakul\u00e1s\u00e1t egy-egy k\u00e1pr\u00e1zatos passzal megford\u00edt\u00f3 <strong>Luka Modric<\/strong>, vagy a legfontosabb pillanatokban a kispadr\u00f3l besz\u00e1llva g\u00f3lokat szerz\u0151 <strong>Rodrygo<\/strong>, de a BL-d\u00f6nt\u0151n Courtois m\u00e9gis mindannyiukat t\u00falragyogta a Liverpool ellen. \u00d6sszesen kilenc v\u00e9d\u00e9st mutatott be a az 1-0-s gy\u0151zelem alkalm\u00e1val, k\u00f6zte t\u00f6bb igen komoly brav\u00fart, <strong>Mohamed Szalah<\/strong> err\u0151l hosszan tudna mes\u00e9lni, annyiszor kibabr\u00e1lt vele. De a d\u00f6nt\u0151 csak a pont volt az i-re, a belg\u00e1nak eg\u00e9sz tavasszal komoly szerepe volt abban, hogy a Real minden id\u0151k egyik <a href=\"https:\/\/sport24.24.hu\/foci\/2022\/05\/29\/minden-idok-legvaloszerutlenebb-bl-menetelese-a-real-madride\/\">legsz\u00fcrre\u00e1lisabb menetel\u00e9s\u00e9t<\/a> bemutatva tizennegyedik alkalommal is megnyerte a leger\u0151sebb eur\u00f3pai kupasorozatot.\r\n\r\n[central_article_recommendation title=\"Kapcsol\u00f3d\u00f3\" url=\"https:\/\/sport24.24.hu\/foci\/2022\/05\/29\/minden-idok-legvaloszerutlenebb-bl-menetelese-a-real-madride\/\" image=\"1\" lead=\"1\"]\r\n\r\nCourtois a meccs ut\u00e1ni sajt\u00f3t\u00e1j\u00e9koztat\u00f3n tiszt\u00e1zta, mire is utalt pontosan fenti nyilatkozatakor. Azt vette zokon, hogy m\u00e1rciusban nem szerepelt az els\u0151 t\u00edzben a FourFourTwo legjobb kapusait felsorol\u00f3 list\u00e1j\u00e1n. \u201eNyilv\u00e1n nem k\u00f6telez\u0151 az els\u0151 helyre tenni\u00fck, nem is v\u00e1rom el, de hogy az els\u0151 t\u00edzben sem vagyok benne \u2013 az er\u0151s az\u00e9rt\u201d \u2013 mondta.\r\n\r\n<img class=\"alignnone size-full wp-image-4766\" src=\"https:\/\/sport24.24.hu\/app\/uploads\/sites\/24\/2022\/06\/courtois.jpg\" alt=\"\" width=\"1024\" height=\"682\" \/>\r\n\r\n\u00c9rdekes, hogy \u00e9pp a Bajnokok Lig\u00e1ja-d\u00f6nt\u0151 ut\u00e1ni pillanatokat v\u00e1lasztotta arra, hogy besz\u00e9ljen a s\u00e9relmeir\u0151l \u00e9s tisztelet hi\u00e1ny\u00e1r\u00f3l, valamint, hogy a kritikusainak \u00fczenjen. Eleve furcsa, hogy pont neki kell magyar\u00e1zkodnia \u00e9s sz\u00e1mon k\u00e9rnie, mi\u00e9rt nem tartj\u00e1k sz\u00e1mon a vil\u00e1g legjobbjai k\u00f6zt, ugyanis eddig b\u00e1rhol megfordult, mindig nyert \u2013 ha nem is minden d\u00f6nt\u0151ben.\r\n<div class=\"payable-content-section\"><\/div>\r\n<ul>\r\n \t<li>Belga bajnok volt a Genkkel,<\/li>\r\n \t<li>majd leigazolta a Chelsea, de h\u00e1rom szezont az Atl\u00e9tico Madridn\u00e1l t\u00f6lt\u00f6tt k\u00f6lcs\u00f6nben, amellyel 2014-ben megnyerte a La Lig\u00e1t, 2012-ben az Eur\u00f3pa Lig\u00e1t, 2014-ben pedig BL-d\u00f6nt\u0151t j\u00e1tszott (azt \u00e9pp a Real ellen vesz\u00edtette el csapata).<\/li>\r\n \t<li>Vissza is rendelte mag\u00e1hoz a londoni klub, ahonnan k\u00e9t bajnoki c\u00edm \u00e9s k\u00e9t kupagy\u0151zelem ut\u00e1n t\u00e1vozott.<\/li>\r\n \t<li>A Real Madriddal id\u00e9n a m\u00e1sodik bajnoki c\u00edm\u00e9t zsebelte be, volt klubvil\u00e1gbajnok is, \u00f6sszej\u00f6tt a h\u0151n \u00e1h\u00edtott BL-gy\u0151zelem is.<\/li>\r\n \t<li>Ugyan a belga v\u00e1logatottal nem siker\u00fclt hozni azt, amit a t\u00f6bbs\u00e9g elv\u00e1rt (egy nagy torna megnyer\u00e9s\u00e9t), egy vil\u00e1gbajnoki bronz\u00e9rem az\u00e9rt csak \u00f6sszej\u00f6tt.<\/li>\r\n \t<li>A csapatsikerek mellett egy\u00e9ni d\u00edjak sokas\u00e1g\u00e1t is fel tudja mutatni, a belga, a spanyol \u00e9s az angol bajnoks\u00e1gban is v\u00e1lasztott\u00e1k a legjobbnak, volt m\u00e1r az \u00e9v kapusa a FIFA-n\u00e1l, az IIFHS-n\u00e9l, 2018-ban \u0151 kapta a v\u00e9b\u00e9 aranykeszty\u0171j\u00e9t.<\/li>\r\n<\/ul>\r\n<span class=\"highlight-block-small\">Klubszinten eddig \u00f6sszesen tizen\u00f6t tr\u00f3fe\u00e1t szerzett, ami az\u00e9rt el\u00e9g komoly mutat\u00f3 egy 30 \u00e9ves j\u00e1t\u00e9kos eset\u00e9ben.<\/span>\r\n\r\nValahol viszont mag\u00e1nak k\u00f6sz\u00f6nheti, hogy az \u00e1ltala elv\u00e1rt tisztelet\u00e9rt m\u00e1r topkapusk\u00e9nt is \u00e9vekig meg kellett dolgoznia. A meg\u00edt\u00e9l\u00e9se ugyanis sosem volt makul\u00e1tlan, legink\u00e1bb a 2018 nyar\u00e1n t\u00f6rt\u00e9ntek miatt. Akkor k\u00f6z\u00f6lte ugyanis a Chelsea vezet\u0151ivel, hogy b\u00e1r m\u00e9g egy \u00e9vig szerz\u0151d\u00e9s k\u00f6tn\u00e9 \u0151t a klubhoz, k\u00f6zelebb szeretne lenni a gyerekeihez, majd megh\u00fazta azt, ami joggal v\u00e1lt ki ellenszenvet b\u00e1rkib\u0151l: egyszer\u0171en bojkott\u00e1lta az edz\u00e9seket Londonban, hogy \u00edgy k\u00e9nyszer\u00edtse ki az elad\u00e1s\u00e1t. A Chelsea kiv\u00e1rt addig, m\u00edg megtal\u00e1lta az ut\u00f3dj\u00e1t, aki a 80 milli\u00f3 eur\u00f3\u00e9rt igazolt <strong>Kepa Arrizabalaga<\/strong> lett \u2013 az m\u00e1r egy m\u00e1sik cikk t\u00e9m\u00e1ja lehetne, hogy a baszk h\u00e1l\u00f3\u0151r mennyire nem v\u00e1ltotta be a hozz\u00e1 f\u0171z\u00f6tt rem\u00e9nyeket.\r\n\r\nCourtois mindenesetre azzal, hogy a Real Madridhoz igazolt, egy csap\u00e1sra mag\u00e1ra harag\u00edtotta k\u00e9t kor\u00e1bbi csapata, a Chelsea \u00e9s az Atl\u00e9tico Madrid szurkol\u00f3it (m\u00e9giscsak a v\u00e1rosi riv\u00e1lishoz szerz\u0151d\u00f6tt), r\u00e1ad\u00e1sul a Real-drukkerek sem fogadt\u00e1k kit\u00f6r\u0151 \u00f6r\u00f6mmel. \u00c9rkez\u00e9sekor <strong>Keylor Navas<\/strong> volt a kapus, aki sorozatban h\u00e1rom BL-t nyert a csapattal, \u00e9s k\u00f6ztiszteletnek \u00f6rvendett a madridist\u00e1k k\u00f6r\u00e9ben. A Costa Rica-i a teljes\u00edtm\u00e9ny\u00e9vel m\u00e9g a klublegend\u00e1t, <strong>Iker Casillast<\/strong> is kit\u00farta kor\u00e1bban a kapub\u00f3l. Courtois helyzet\u00e9n az sem jav\u00edtott, hogy 2018 nyar\u00e1n t\u00e1vozott a Juventushoz <strong>Cristiano Ronaldo<\/strong> is, a drukkerek pedig a t\u00e1mad\u00f3sorba v\u00e1rtak szt\u00e1rigazol\u00e1st, helyette viszont \u201ecsak\u201d egy kapust kaptak.\r\n\r\nA h\u00edrek szerint a csapatt\u00e1rsakat is megosztotta a szem\u00e9lye. A csapatkapit\u00e1ny, az \u00f6lt\u00f6z\u0151 hangad\u00f3ja, <strong>Sergio Ramos<\/strong> j\u00f3ban volt Navasszal, ebb\u0151l kifoly\u00f3lag diplomatikusan fogalmazva is h\u0171v\u00f6s volt a kapcsolata a belga kapussal.\r\n\r\nMindezek ut\u00e1n Thibaut Courtois els\u0151 madridi szezonja nem siker\u00fclt j\u00f3l, igaz, sok\u00e1ig m\u00e9g sz\u00e9tosztott\u00e1k a k\u00fcl\u00f6nb\u00f6z\u0151 sorozatok meccseit k\u00f6zte \u00e9s Navas k\u00f6z\u00f6tt, valamint h\u00e1rom vezet\u0151edz\u0151 ir\u00e1ny\u00edtotta a csapatot: <strong>Julen Lopetegui<\/strong> fels\u00fcl\u00e9se ut\u00e1n beugrott <strong>Santiago Solari<\/strong>, majd a tavasszal visszat\u00e9rt <strong>Zin\u00e9dine Zidane<\/strong>. A legk\u00ednosabb dolog a k\u00f6vetkez\u0151 id\u00e9nyben t\u00f6rt\u00e9nt vele, amikor a Club Brugge elleni BL-meccsen k\u00e9t hib\u00e1ja is g\u00f3lhoz vezetett, Zidane pedig a f\u00e9lid\u0151ben lecser\u00e9lte \u0151t. Ekkor m\u00e9g nem volt ritka, hogy a mindig kritikus madridi k\u00f6z\u00f6ns\u00e9g egyszer\u0171en kif\u00fcty\u00fclte \u0151t.\r\n\r\n<img class=\"alignnone size-full wp-image-4767\" src=\"https:\/\/sport24.24.hu\/app\/uploads\/sites\/24\/2022\/06\/courtois2.jpg\" alt=\"\" width=\"1024\" height=\"682\" \/>\r\n\r\nM\u00e9gis az a szezon hozta meg neki az \u00e1tt\u00f6r\u00e9st. Addigra m\u00e1r Navast eladta a PSG-nek a Real Madrid, \u00e9s b\u00e1r \u00e9rkezett m\u00f6g\u00e9 <strong>Alphonse Areola<\/strong>, Zidane egy\u00e9rtelm\u0171en els\u0151 sz\u00e1m\u00fa kapusk\u00e9nt tekintett r\u00e1. Ezt a bajnoki hajr\u00e1ban h\u00e1l\u00e1lta meg: a koronav\u00edrus miatti le\u00e1ll\u00e1st k\u00f6vet\u0151en lehengerl\u0151en t\u00e9rt vissza a Real, amely t\u00edz bajnokij\u00e1t nyerte meg egy d\u00f6ntetlen mellett, ezzel a hajr\u00e1val pedig meg is nyerte 2020-ban a bajnoki c\u00edmet. Ebben hatalmas szerepe volt Courtois-nak, aki abban az id\u0151szakban t\u00edz tal\u00e1lkoz\u00f3n l\u00e9pett p\u00e1ly\u00e1ra \u00e9s mind\u00f6ssze n\u00e9gy g\u00f3lt kapott, pedig az ellenfelek 7,02 v\u00e1rhat\u00f3 g\u00f3lnak megfelel\u0151 min\u0151s\u00e9g\u0171 helyzetet (xG) dolgoztak ki \u00f6sszesen a Real ellen. Ekkorra m\u00e1r, egyik nagy szem\u00e9lyes sikerek\u00e9nt jegyezhetj\u00fck fel, Sergio Ramos is elfogadta \u0151t.\r\n\r\nA 2020\/21-es szezonban a Real Madrid a bajnoks\u00e1gban m\u00e1sodik lett, a szuperkup\u00e1ban \u00e9s a Bajnokok Lig\u00e1j\u00e1ban az el\u0151d\u00f6nt\u0151 jelentette a v\u00e9g\u00e1llom\u00e1st, a Kir\u00e1ly Kup\u00e1ban pedig m\u00e1r a 32 k\u00f6z\u00f6tt kiesett, azaz csal\u00f3d\u00e1st kelt\u0151 volt a szerepl\u00e9s. Thibaut Courtois viszont m\u00e1r klasszis teljes\u00edtm\u00e9nyt ny\u00fajtott, k\u00f6zel tizenegy g\u00f3llal kapott kevesebbet a bajnoks\u00e1gban \u00e9s BL-ben egy\u00fcttesen (42-t), mint amire az ellenfelek helyzetei alapj\u00e1n sz\u00e1m\u00edtani lehetett (52,89).\r\n\r\n<span class=\"highlight-block\">A mostani id\u00e9nyre siker\u00fclt m\u00e9g tov\u00e1bb emelnie a n\u00edv\u00f3n.<\/span>\r\n\r\nEzt sokan azzal is magyar\u00e1zz\u00e1k, hogy visszat\u00e9rt a klubhoz <strong>Luis Llopis<\/strong>. Spanyolorsz\u00e1g egyik legjobb kapusedz\u0151je kor\u00e1bban m\u00e1r volt a Real Madrid alkalmaz\u00e1s\u00e1ban, neki tudj\u00e1k be azt is, hogy Navast az elitbe seg\u00edtette, akivel egy\u00e9bk\u00e9nt m\u00e1r a Levant\u00e9n\u00e1l is egy\u00fctt dolgozott. Most egy klasszis form\u00e1ban l\u00e9v\u0151 kapust kapott k\u00e9zhez, \u00e1m a Talking Tactics \u00edgy is felh\u00edvta a figyelmet egy apr\u00f3, de m\u00e9gis nagyszer\u0171 v\u00e1ltoz\u00e1sra Courtois-val kapcsolatban a mostani szezont, valamint a chelsea-s \u00e9veket \u00f6sszehasonl\u00edtva: m\u00edg Angli\u00e1ban agressz\u00edvabb fell\u00e9p\u00e9st v\u00e1rtak a belg\u00e1t\u00f3l, aki \u00edgy majdnem az \u00f6t\u00f6s vonal\u00e1n \u00e1llva v\u00e1rta a l\u00f6v\u00e9seket, addig most m\u00e1r p\u00e1r l\u00e9p\u00e9ssel h\u00e1tr\u00e1bbr\u00f3l k\u00f6veti a j\u00e1t\u00e9kot, ez\u00e1ltal pedig t\u00f6bb ideje van reag\u00e1lni a t\u00e1voli l\u00f6v\u00e9sekre, ami ki is hozta a k\u00e9tm\u00e9teres kapus igazi klasszis\u00e1t.\r\n<blockquote class=\"twitter-tweet\">\r\n<p dir=\"ltr\" lang=\"en\">Early criticism of Courtois focused on the goals he conceded from distance (1st pic). He used to have an aggressive starting position.<\/p>\r\nHe now plays a couple of yards deeper, increasing his reaction time.\r\n\r\nA small adjustment but it has helped him become one of the world\u2019s best. <a href=\"https:\/\/t.co\/8nn52unoJR\">https:\/\/t.co\/8nn52unoJR<\/a> <a href=\"https:\/\/t.co\/Z6tLW1AXPm\">pic.twitter.com\/Z6tLW1AXPm<\/a>\r\n\r\n\u2014 Talking Tactics (@TalkinTactics) <a href=\"https:\/\/twitter.com\/TalkinTactics\/status\/1530671175541698561?ref_src=twsrc%5Etfw\">May 28, 2022<\/a><\/blockquote>\r\n<script async src=\"https:\/\/platform.twitter.com\/widgets.js\" charset=\"utf-8\"><\/script>\r\n\r\nCourtois ugyan a bajnoks\u00e1gban is kiemelked\u0151 sz\u00e1mokat hozott, a brav\u00farjaira legink\u00e1bb a Bajnokok Lig\u00e1j\u00e1ban volt sz\u00fcks\u00e9ge a Realnak. A BL-ben messze a belga n\u00e9zett szembe a legt\u00f6bb l\u00f6v\u00e9ssel (77-szer tartott a labda a kapuj\u00e1ra), ebb\u0151l k\u00f6vetkezik, hogy \u00f6v\u00e9 volt a legt\u00f6bb v\u00e9d\u00e9s (63), \u00e9s ugyan 19,1 v\u00e1rhat\u00f3 g\u00f3lt tettek ki az ellenfelek l\u00f6v\u00e9sei, a belg\u00e1nak mind\u00f6ssze 14-szer kellett maga m\u00f6g\u00e9 ny\u00falnia az eg\u00e9sz BL-szezon sor\u00e1n.\r\n\r\nHa csak az egyenes kies\u00e9ses meccseket n\u00e9zz\u00fck, brut\u00e1lis nyom\u00e1s nehezedett a kapuj\u00e1ra, csak a PSG elleni visszav\u00e1g\u00f3 \u00e9s a Chelsea elleni londoni m\u00e9rk\u0151z\u00e9s volt olyan, amikor az ellenfeleket siker\u00fclt k\u00e9t xG alatti helyzeten tartani, m\u00edg p\u00e9ld\u00e1ul a d\u00f6nt\u0151ben a Liverpool k\u00e9t \u00e9s f\u00e9l g\u00f3lnak megfelel\u0151 lehet\u0151s\u00e9get dolgozott ki mag\u00e1nak.\r\n<ul>\r\n \t<li>A Real kapusa azonban a t\u00f6bbi k\u00f6zt kiv\u00e9dte <strong>Lionel Messi<\/strong> tizenegyes\u00e9t a p\u00e1rizsiak ellen,<\/li>\r\n \t<li>l\u00e1bbal kitolta a manchesteri <strong>Jack Grealish<\/strong> hossz\u00fa als\u00f3ba tart\u00f3, alighanem mindent eld\u00f6nt\u0151 l\u00f6v\u00e9s\u00e9t,<\/li>\r\n \t<li>a fin\u00e1l\u00e9ban <strong>Sadio Man\u00e9<\/strong> l\u00f6ket\u00e9t a kapuf\u00e1ra tolta, a hajr\u00e1ban pedig Szalah k\u00f6zeli pr\u00f3b\u00e1lkoz\u00e1s\u00e1nak is \u00fatj\u00e1t \u00e1llta.<\/li>\r\n<\/ul>\r\n<img class=\"alignnone size-full wp-image-4768\" src=\"https:\/\/sport24.24.hu\/app\/uploads\/sites\/24\/2022\/06\/courtois3.jpg\" alt=\"\" width=\"1024\" height=\"682\" \/>\r\n\r\nThibaut Courtois nem mindenben felel meg a modern kapusokkal szemben t\u00e1masztott elv\u00e1r\u00e1soknak, mert l\u00e1bbal m\u00e9g sokszor esetlennek t\u0171nik. A posztja alapjait ugyanakkor a legmagasabb szinten \u0171zi, a hossz\u00fa \u00e9vek sor\u00e1n belefektetett kem\u00e9ny munka cs\u00facspontja pedig egy\u00e9rtelm\u0171en a p\u00e1rizsi BL-d\u00f6nt\u0151ben bemutatott sok\u00e1ig eml\u00e9kezetes produkci\u00f3ja volt.\r\n<blockquote>Sok kritik\u00e1t kaptam a meccs el\u0151tt, hogy majd biztosan hib\u00e1zom, meg nem vagyok el\u00e9g j\u00f3. Pedig nagyszer\u0171en teljes\u00edtettem, \u00e9s ez jelentette a k\u00fcl\u00f6nbs\u00e9get<\/blockquote>\r\n\u2013 mondta Courtois.\r\n\r\nA belg\u00e1nak igaza van, a Real Madrid els\u0151sorban miatta nyerte meg a p\u00e1rizsi d\u00f6nt\u0151t. Lehet, hogy a Chelsea drukkerei sosem feledik t\u00e1voz\u00e1s\u00e1nak k\u00f6r\u00fclm\u00e9nyeit, az Atl\u00e9tico szurkol\u00f3i sem bocs\u00e1tanak meg neki v\u00e9lhet\u0151en (erre \u00e9pp el\u00e9g bizony\u00edt\u00e9k, hogy a napokban elt\u00e1vol\u00edtott\u00e1k a stadionn\u00e1l l\u00e9v\u0151 eml\u00e9kt\u00e1bl\u00e1j\u00e1t). De Thibaut Courtois, \u00e9rje b\u00e1rmilyen kritika, nyugodtan felelheti, hogy a d\u00f6nt\u00e9sei eddig mindig bej\u00f6ttek, megnyert szinte mindent \u2013 \u00e9s joggal v\u00e1rja el, hogy tisztelettel besz\u00e9ljenek r\u00f3la.","type":"rich","thumbnail_url":"https:\/\/s.24.hu\/app\/uploads\/sites\/24\/2022\/06\/thibaut-courtois-150x150.jpg","thumbnail_width":150,"thumbnail_height":150}