{"version":"1.0","provider_name":"Sport24","provider_url":"https:\/\/sport24.24.hu","author_name":"Bruckner G\u00e1bor","author_url":"https:\/\/sport24.24.hu\/author\/brucknerg\/","title":"Minden id\u0151k legval\u00f3szer\u0171tlenebb BL-menetel\u00e9se a Real Madrid\u00e9","html":"<strong>Nagy S\u00e1ndor<\/strong> vil\u00e1gh\u00f3d\u00edt\u00f3 hadsereg\u00e9nek az adta az egyik legnagyobb erej\u00e9t, hogy rengeteg k\u00fcl\u00f6nleges egys\u00e9g v\u00e9gzett speci\u00e1lis feladatokat: a Balk\u00e1nt\u00f3l kezdve G\u00f6r\u00f6gorsz\u00e1g legk\u00edm\u00e9letlenebb helyrajzi ter\u00fcletei, vagy a Kaszpi-tenger keleti partj\u00e1nak vid\u00e9ke is adott k\u00f6nny\u0171gyalogosokat, \u00edj\u00e1szokat, lovas \u00edj\u00e1szokat. Ennek ellen\u00e9re az a k\u00e9t oszlop, amelyre a birodalom fel\u00e9p\u00fclt, az oly sok csat\u00e1t eld\u00f6nt\u0151 \u00e9s neh\u00e9zlovass\u00e1got ad\u00f3 hetairoszok\u00e9, illetve a legink\u00e1bb ismert, maked\u00f3n falanxban harcol\u00f3 pezetairoszok\u00e9 volt. A 11 \u00e9vig tart\u00f3 hadj\u00e1rat alatt sokan vesz\u00edtett\u00e9k \u00e9let\u00fcket azok k\u00f6z\u00fcl, akik Kr. e. 334-ben \u00e1tkeltek \u00c1zsi\u00e1ba, megt\u00e9ve ezzel els\u0151 l\u00e9p\u00e9s\u00fcket az \u00f6r\u00f6kk\u00e9val\u00f3s\u00e1g ir\u00e1ny\u00e1ba. N\u00e9h\u00e1nyan a Perzsa Birodalom ellen v\u00edvott csat\u00e1kban, valaki egy t\u00e1voli baktriai v\u00e1ros ostrom\u00e1n\u00e1l, m\u00e1sok egy furcsa betegs\u00e9gben Indi\u00e1ban, sokan a hazafel\u00e9 \u00faton, a kegyetlen gedrosziai sivatagban. Ennek ellen\u00e9re a falanx egyik elitegys\u00e9g\u00e9nek, a nem csup\u00e1n <strong>Alexandrosszal<\/strong>, hanem m\u00e1r \u00e9desapj\u00e1val, <strong>II. Philipposszal<\/strong> is egy\u00fctt k\u00fczd\u0151 legend\u00e1s \u201eez\u00fcstpajzsosok\u201d csapat\u00e1nak tagjai viszonylag nagy sz\u00e1mban \u00e9lt\u00e9k meg az \u00f3kor legnagyobb hadvez\u00e9r\u00e9nek hal\u00e1l\u00e1t. Sz\u00e1mok tekintet\u00e9ben nyilv\u00e1n nincs megd\u00f6nthetetlen bizony\u00edt\u00e9kkal b\u00edr\u00f3 forr\u00e1s, de\r\n\r\n<span class=\"highlight-block-small\">ezek a val\u00f3ban t\u0171zben edzett, ezer \u00e9s ezer csat\u00e1t meg\u00e9lt veter\u00e1nok a kir\u00e1ly utols\u00f3 l\u00e9legzetv\u00e9tel\u00e9nek idej\u00e9n m\u00e9g nagyj\u00e1b\u00f3l h\u00e1romezren \u00e9letben maradtak.<\/span>\r\n\r\nAz ezt k\u00f6vet\u0151 \u00f6r\u00f6k\u00f6s\u00f6d\u00e9si viaskod\u00e1s, vagyis a diadokhoszok h\u00e1bor\u00fainak idej\u00e9re ezek az emberek 60-70 \u00e9vesek voltak. Ennek ellen\u00e9re a Paraitaken\u00e9n\u00e9l \u00e9s Gabien\u00e9n\u00e9l v\u00edvott \u00fctk\u00f6zetekben szinte egyed\u00fcl futam\u00edtott\u00e1k \u00e9s semmis\u00edtett\u00e9k meg az ellenfelet \u2013 majdhogynem nulla vesztes\u00e9get elszenvedve. Hi\u00e1ba hagyhatta el \u0151ket ekkorra m\u00e1r erej\u00fck egy r\u00e9sze, az a felfoghatatlan tapasztalat, amellyel rendelkeztek \u00e9s az az \u00f6sszeszokotts\u00e1g, amellyel egy\u00fctt k\u00fczd\u00f6ttek, olyanokkal szemben is diadalt hozott, akik az unok\u00e1ik lehettek volna.\r\n\r\nA jelenlegi Real Madrid pontosan ilyen. B\u00e1r az \u201eez\u00fcstpajzsosoknak\u201d a gabienei csata jelentette a v\u00e9get (ugyanis t\u00fal vesz\u00e9lyesnek \u00edt\u00e9lt\u00e9k \u0151ket, \u00e9s sz\u00e9tsz\u00f3rt\u00e1k a csapatot a birodalom k\u00fcl\u00f6nb\u00f6z\u0151 pontjain), azt senki sem tudja, hogy <strong>Modric\u00e9kb\u00f3l<\/strong> mikor fogy ki a szufla. Az biztos, hogy <strong>Florentino P\u00e9rez<\/strong> nem fogja feldarabolni ezt a t\u00e1rsas\u00e1got, mert hi\u00e1ba a 2000-es \u00e9vek galaktikusai, ez az egy\u00fcttes p\u00e1ly\u00e1ja cs\u00facsa \u00e9s \u00e9gk\u00f6ve, minden, ami\u00e9rt valaha is dolgozott.\r\n\r\nA Real \u2013 csak a k\u00f6zelm\u00faltat n\u00e9zve \u2013 2014, 2016, 2017 \u00e9s 2018 ut\u00e1n 2022-ben is Bajnokok Lig\u00e1j\u00e1t nyert. Elitegys\u00e9gb\u0151l rend\u00edthetetlen veter\u00e1nokk\u00e1 v\u00e1ltak. L\u00e1ssuk, hogyan nyert\u00e9k meg a d\u00f6nt\u0151t!\r\n<div class=\"payable-content-section\"><\/div>\r\n<h2>Szinte semmi meglepet\u00e9s<\/h2>\r\n<strong>Thiag\u00f3val<\/strong> kapcsolatban \u00f6tpercenk\u00e9nt elt\u00e9r\u0151 inform\u00e1ci\u00f3t kaptunk; a kezd\u0151be jel\u00f6lt\u00e9k, azt\u00e1n k\u00fcl\u00f6n meleg\u00edtett, \u00fagy t\u0171nt <strong>Naby Keit\u00e1nak<\/strong> kell kifutnia az elej\u00e9t\u0151l, azt\u00e1n v\u00e9g\u00fcl m\u00e9gis tudta v\u00e1llalni a j\u00e1t\u00e9kot. Ezen persze a t\u00f6bb mint f\u00e9l\u00f3r\u00e1s cs\u00fasz\u00e1s sem sokat seg\u00edtett, de a j\u00e1t\u00e9kmester szerepl\u00e9s\u00e9n k\u00edv\u00fcl taktikailag igaz\u00e1ndib\u00f3l minden \u00fagy alakult, ahogyan azt el\u0151zetesen v\u00e1rni lehetett. Akkor is, ha a Liverpool birtokolta a labd\u00e1t\u2026\r\n\r\n<img class=\"alignnone size-full wp-image-4732\" src=\"https:\/\/sport24.24.hu\/app\/uploads\/sites\/24\/2022\/05\/liv-labdaval.png\" alt=\"\" width=\"2048\" height=\"1261\" \/>\r\n\r\n\u2026\u00e9s akkor is, ha a Real Madrid, b\u00e1r a spanyolok sokkal kev\u00e9sb\u00e9 defini\u00e1lt poz\u00edci\u00f3kat vettek fel, \u00e9s <strong>Valverde<\/strong> helyezked\u00e9s\u00e9t\u0151l f\u00fcgg\u0151en leolvashattunk egy aszimmetrikus 4-3-3-at vagy 4-4-2-t is.\r\n\r\n<img class=\"alignnone size-full wp-image-4733\" src=\"https:\/\/sport24.24.hu\/app\/uploads\/sites\/24\/2022\/05\/real-labdaval.png\" alt=\"\" width=\"2048\" height=\"1261\" \/>\r\n\r\nA form\u00e1ci\u00f3kon t\u00fal a k\u00e9t f\u00e9l hozz\u00e1\u00e1ll\u00e1sa sem okozhatott k\u00fcl\u00f6n\u00f6sebb megd\u00f6bben\u00e9st. A Liverpool a m\u00e9rk\u0151z\u00e9s els\u0151 h\u00fasz perc\u00e9ben let\u00e1madott, ir\u00e1ny\u00edtott \u00e9s domin\u00e1lt, m\u00edg a Real Madrid igyekezett a lehet\u0151 legt\u00f6bbsz\u00f6r megfogni a temp\u00f3t. Ritk\u00e1n pr\u00f3b\u00e1lkoztak vele a spanyolok, de ha megindultak magasabbra let\u00e1madni, az t\u00f6bbnyire eg\u00e9szen b\u00e1nt\u00f3 jeleneteket sz\u00fclt, az intenzit\u00e1s hi\u00e1nya, Modric k\u00e9ts\u00e9ges szerepe (egyszer-egyszer fell\u00e9pett Thiag\u00f3ra, m\u00e1skor nem), \u00e9s f\u0151leg az ezen a t\u00e9ren rendk\u00edv\u00fcl inakt\u00edv <strong>Benzema<\/strong> miatt. Vagy <strong>Fabinho<\/strong> vagy Thiago egyfolyt\u00e1ban \u00fcresen maradt, \u00e9s a V\u00f6r\u00f6s\u00f6k vihett\u00e9k tov\u00e1bb a t\u00e1mad\u00e1saikat.\r\n\r\nEz legf\u0151k\u00e9ppen akkor kezdett igaz\u00e1n vesz\u00e9lyess\u00e9 v\u00e1lni, amikor a Pool jobb oldali rot\u00e1ci\u00f3i mind b\u00e1trabban m\u0171k\u00f6d\u00e9sbe l\u00e9ptek, \u00e9s megkavart\u00e1k a madridi v\u00e9dekez\u00e9st. N\u00e9ha <strong>Mohamed Szalah<\/strong> maradt a sz\u00e9len, n\u00e9ha befel\u00e9 mozgott, \u00e9s <strong>Jordan Henderson<\/strong> vagy <strong>Trent Alexander-Arnold<\/strong> h\u00faz\u00f3dott ki a vonal mell\u00e9. \u201eTAA\u201d olykor m\u00e9lyebb \u00e9s centr\u00e1lisabb helyet foglalt el, m\u00e1skor felment a b\u00fcntet\u0151ter\u00fclet sz\u00e9l\u00e9re. A tal\u00e1lkoz\u00f3 els\u0151 l\u00f6v\u00e9se \u2013 egyben egyik legnagyobb helyzete \u2013 is ebb\u0151l alakult ki. Thiago kiforgatta a labd\u00e1t Hendersonnak <strong>Ferland Mendy<\/strong> m\u00f6g\u00e9\u2026\r\n\r\n<img class=\"alignnone size-full wp-image-4734\" src=\"https:\/\/sport24.24.hu\/app\/uploads\/sites\/24\/2022\/05\/szalah1.png\" alt=\"\" width=\"1280\" height=\"720\" \/>\r\n\r\n\u2026majd az angol lefejelte azt Alexander-Arnoldnak, aki egy visszal\u0151tt labd\u00e1val megtal\u00e1lta a Mersey-partiak egyiptomi szt\u00e1rj\u00e1t.\r\n\r\n<img class=\"alignnone size-full wp-image-4735\" src=\"https:\/\/sport24.24.hu\/app\/uploads\/sites\/24\/2022\/05\/szalah2.png\" alt=\"\" width=\"1280\" height=\"720\" \/>\r\n\r\n<span class=\"highlight-block\"><strong>Thibaut Courtois<\/strong> m\u00e1r ekkor is v\u00e9dett. <\/span>\r\n\r\nAhogyan kicsivel k\u00e9s\u0151bb, a 21. percben is, miut\u00e1n <strong>Sadio Man\u00e9<\/strong> zseni\u00e1lis cseleket k\u00f6vet\u0151en a r\u00f6vidre tekert. A belga kapus l\u00e1tv\u00e1nyos mozdulattal h\u00e1r\u00edtott, a Liverpool lend\u00fclete pedig ezut\u00e1n sz\u00e9pen lassan elapadt. K\u00e9ts\u00e9gtelen lenne tagadni, hogy a meccs ezen szakasz\u00e1ban \u0151k ir\u00e1ny\u00edtottak, <strong>Toni Kroos\u00e9knak<\/strong> durv\u00e1n meggy\u0171lt a bajuk a labdakihozatalok sor\u00e1n, <strong>\u00c9der Milita\u00f3\u00e9k<\/strong> pedig ser\u00e9nyen munk\u00e1lkodhattak a b\u00fcntet\u0151ter\u00fcleten bel\u00fcl. De amellett, hogy igazi ziccert nem tudott kialak\u00edtani <strong>J\u00fcrgen Klopp<\/strong> csapata, t\u00falzottan is \u00f3vatosan futballozott.\r\n\r\nA Pool sz\u00edve-lelke az er\u0151teljes presszing, a kock\u00e1zatv\u00e1llal\u00e1s, \u00e9s mik\u00f6zben el\u0151bbi ter\u00e9n is l\u00e1thattuk m\u00e1r ezt a csapatot sokkal brut\u00e1lisabban rohanni, ut\u00f3bbi eset\u00e9ben egy\u00e9rtelm\u0171en extra int\u00e9zked\u00e9seket vezetett be a n\u00e9met szakember.\r\n\r\nAzt sejteni lehetett, hogy Ancelotti a teljes kies\u00e9ses szakasz sor\u00e1n remekl\u0151 Benzema,<strong>Vin\u00edcius<\/strong> kapcsolattal szeretn\u00e9 majd megnyerni az \u00f6sszecsap\u00e1st az Alexander-Arnold m\u00f6g\u00f6tt megny\u00edl\u00f3 ter\u00fcleteken. \u00c9s Klopp egy\u00e9bk\u00e9nt is v\u00e9deni szokta az els\u0151dleges kreat\u00edv erej\u00e9t v\u00e9dekez\u00e9sben. \u00c1m azzal, hogy egy kez\u00fcnk\u00f6n meg tudjuk sz\u00e1molni, mennyi futott olyan t\u00e1mad\u00e1sb\u00f3l, amelyben Alexander-Arnoldnak vagy Hendersonnak nem kellett h\u00e1tul maradnia az esetleges kontr\u00e1kra figyelve, az id\u0151 el\u0151rehaladt\u00e1val megk\u00f6nny\u00edtette a Real dolg\u00e1t. \u00cdgy ide\u00e1lis esetben is \u201ecsak\u201d n\u00e9gy liverpooli helyezkedett a t\u00e1mad\u00f3sorban egym\u00e1s mellett, amivel \u2013 f\u0151k\u00e9nt azt figyelembe v\u00e9ve, hogy <strong>Dani Carvajal<\/strong> lerad\u00edrozta a p\u00e1ly\u00e1r\u00f3l <strong>Luis Diazt<\/strong> \u2013 kih\u00edv\u00e1sra k\u00e9sztett\u00e9k a v\u00e9d\u0151ket, de a madridi v\u00e9d\u0151sort nem tudt\u00e1k sz\u00e9less\u00e9gben sz\u00e9th\u00fazni.\r\n\r\nAmikor menni kellett az eredm\u00e9ny\u00e9rt, \u00e9s m\u00e1r nem volt mit vesz\u00edteni, k\u00f6z\u00e9pp\u00e1ly\u00e1sok helyett csat\u00e1rokat hozott Klopp, de szerkezetileg a 90 perc legnagyobb r\u00e9sz\u00e9ben nem mert kock\u00e1ztatni. A megszokottn\u00e1l konzervat\u00edvabb Liverpoolt l\u00e1ttunk, amely sokszor momentumokra \u00e1llt a g\u00f3lt\u00f3l, de v\u00e9g\u00fcl hagyta az ellenfel\u00e9t a komfortz\u00f3n\u00e1j\u00e1ban futballozni.\r\n<h2>Egyetlen helyzet, csup\u00e1n ennyi kellett<\/h2>\r\nA Liverpool 24-szer pr\u00f3b\u00e1lkozott l\u00f6v\u00e9ssel, ezekb\u0151l 9-szer el is tal\u00e1lta a kaput, a csapat 2,2 xG-nyi lehet\u0151s\u00e9get teremtett mag\u00e1nak. A t\u00faloldalon ezek a sz\u00e1mok: 4\/2, 0,9. A V\u00f6r\u00f6s\u00f6k 75 alkalommal passzoltak a t\u00e1mad\u00f3 harmadban, a Madrid 46 \u00e1tad\u00e1ssal z\u00e1rt ebben a z\u00f3n\u00e1ban.\r\n\r\nCsakhogy \u0151k a d\u00f6nt\u0151ig is pontosan \u00edgy jutottak el. A BL tavaszi szakasz\u00e1ban h\u00e9t m\u00e9rk\u0151z\u00e9s alatt (nem is kicsi minta) \u00e1tlagban 18 l\u00f6v\u00e9st engedtek az ellenfeleknek, 1,75-\u00f6s xG-nyi \u00e9rt\u00e9kben. Magyarul:\r\n\r\n<span class=\"highlight-block-small\">az ellenfelek l\u00f6v\u00e9seinek min\u0151s\u00e9ge alapj\u00e1n gyakorlatilag tal\u00e1lkoz\u00f3nk\u00e9nt k\u00e9t g\u00f3lt kellett volna kapniuk, m\u00e9gis megnyert\u00e9k a sorozatot. <\/span>\r\n\r\nVolt, amikor Benzema \u00e9s a t\u00e1mad\u00f3sor zsenialit\u00e1s\u00e1ra \u00e9p\u00edtve ford\u00edtottak \u2013 \u201et\u00falr\u00fagva\u201d az ellenfelet. A fin\u00e1l\u00e9ban pedig bizton sz\u00e1m\u00edthattak Courtois-ra, akin ezen az est\u00e9n egy rak\u00e9tavet\u0151vel sem lehetett volna \u00e1tt\u00f6rni.\r\n\r\nhttps:\/\/twitter.com\/sportingindex\/status\/1530665487696375808?s=21&amp;t=pK6XjzzNo_wQmyY_PS4AlQ\r\n\r\n\u00c9s b\u00edzva \u00f6nmagukban, b\u00edzva abban, hogy lesz, aki kiemelked\u0151 teljes\u00edtm\u00e9nyt ny\u00fajt, no meg b\u00edzva a szerencs\u00e9j\u00fckben, egyetlen szekvencia, egyetlen t\u00e1mad\u00e1s kellett, nem t\u00f6bb. \u00c9s, ahogyan az a nyolcadd\u00f6nt\u0151ben, a negyedd\u00f6nt\u0151ben \u00e9s az el\u0151d\u00f6nt\u0151ben is megesett, Ancelotti nem csal\u00f3dott.\r\n\r\nNem gyakran siker\u00fclt a habfeh\u00e9reknek megtal\u00e1lniuk Modricot a sorok k\u00f6z\u00f6tt, de a horv\u00e1t tud\u00e1sa miatt ez minden esetben \u00e9letvesz\u00e9llyel fenyegetett. Az 58. percben pontatlan a liverpooli let\u00e1mad\u00e1s, Modric visszafordul, mag\u00e1ra h\u00fazva ezzel h\u00e1rom embert, majd egy passzal \u00e1t is t\u00f6ri \u0151ket. Valverde pillanatokon bel\u00fcl \u00fcresen marad, mert <strong>Robertson<\/strong> \u2013 reag\u00e1lva az esem\u00e9nyekre \u2013 agressz\u00edven kil\u00e9p.\r\n\r\n<img class=\"alignnone size-full wp-image-4736\" src=\"https:\/\/sport24.24.hu\/app\/uploads\/sites\/24\/2022\/05\/gol1.png\" alt=\"\" width=\"1280\" height=\"720\" \/>\r\n\r\nL\u00e9tsz\u00e1mra m\u00e9g \u00edgy is meglenn\u00e9nek<strong> Van Dijk\u00e9k<\/strong>, de Robertson egy dolgot nem \u00e9szlelhetett azel\u0151tt, hogy elindult: a min\u0151s\u00e9gi f\u00f6l\u00e9ny a t\u00faloldalon ugyanis m\u00e1r r\u00e9g a Real\u00e9. Benzema m\u00e1sodpercekkel kor\u00e1bban mag\u00e1ra vonta Alexander-Arnold figyelm\u00e9t, \u00edgy amikor Valverde \u00e1t\u00edvel a t\u00faloldalra, a jobbh\u00e1tv\u00e9dnek m\u00e1r elk\u00e9pzel\u00e9se sincsen, Vin\u00edcius honnan \u00e9s mikor \u00e9rkezik.\r\n\r\n<img class=\"alignnone size-full wp-image-4737\" src=\"https:\/\/sport24.24.hu\/app\/uploads\/sites\/24\/2022\/05\/gol2.png\" alt=\"\" width=\"1280\" height=\"720\" \/>\r\n\r\n<span class=\"highlight-block-small\">A v\u00e1lasz: m\u00f6g\u00fcle \u00e9s t\u00f6k\u00e9letesen. Egy BL-els\u0151s\u00e9get eld\u00f6nt\u0151 g\u00f3llal megkoron\u00e1zva az eddig is fantasztikus id\u00e9ny\u00e9t.<\/span>\r\n\r\nFejtegethetn\u00e9nk ut\u00f3lag, hogy vajon a rendez\u0151k sz\u00e9gyenletes, menthetetlen \u00e9s zavarba ejt\u0151 b\u00e9n\u00e1z\u00e1sa \u00e1ltal okozott cs\u00fasz\u00e1s visszavetette-e a Liverpoolt. M\u00e9g tal\u00e1n logika is lenne benne: ahhoz az intenzit\u00e1shoz, amely \u0151ket jellemzi, j\u00f3l kisz\u00e1m\u00edtott, \u00e9les bemeleg\u00edt\u00e9s sz\u00fcks\u00e9geltetik, \u00e9ppen \u00fagy id\u0151z\u00edtve, hogy a kezd\u0151 s\u00edpsz\u00f3 idej\u00e9re robbanjon. Ezt a k\u00e9s\u00e9s keresztbe h\u00fazhatta, de objekt\u00edven nem bizony\u00edthat\u00f3. Az azonban igaz, hogy olyan intervallumot, amikor Klopp g\u00e1rd\u00e1ja mind labd\u00e1val, mind labda n\u00e9lk\u00fcl igaz\u00e1n fojtogatta volna a riv\u00e1list, neh\u00e9z megnevezni. M\u00e1rpedig ez kellett volna, mert a vezet\u00e9s megszerz\u00e9s\u00e9t k\u00f6vet\u0151en a madridi veter\u00e1nok hal\u00e1los nyugalommal \u00e9s rutinnal tartott\u00e1k az \u00e1ll\u00e1sokat.\r\n\r\nA Liverpool t\u00f6bb helyzetet alak\u00edtott ki, ir\u00e1ny\u00edtott, \u00e9s egy kis szerencs\u00e9vel Man\u00e9 vagy Szalah feliratkozik a l\u0151lapra. Ugyanakkor nem szabad\u00edtott\u00e1k el azt a poklot, amely minden m\u00e1s egy\u00fcttesn\u00e9l k\u00fcl\u00f6nlegesebb\u00e9 teszi \u0151ket, \u00edgy es\u00e9lyt hagytak, \u00e9s a harmadik idei fin\u00e1l\u00e9jukban is g\u00f3l n\u00e9lk\u00fcl maradtak.\r\n\r\n<span class=\"highlight-block\">A helyzetek mennyis\u00e9ge miatt val\u00f3szer\u0171bb lett volna a Liverpool gy\u0151zelme, <\/span>\r\n\r\nde az egyetlen kihagyhatatlan ziccert a Real Madrid alak\u00edtotta ki \u2013 az angolok t\u00e1mad\u00f3inak egy ihletett form\u00e1ban v\u00e9d\u0151 h\u00e1l\u00f3\u0151r ellen kellett volna g\u00f3lra v\u00e1ltani a kisebb lehet\u0151s\u00e9geket.\r\n\r\nAbban, hogy a PSG, a Chelsea, a Manchester City \u00e9s a Liverpool a p\u00e1rharcok t\u00falnyom\u00f3 t\u00f6bbs\u00e9g\u00e9ben min\u0151s\u00e9gibb j\u00e1t\u00e9kot ny\u00fajtott, mint a Real Madrid, nem lehet vita \u2013 ilyen menetel\u00e9s \u00f3ri\u00e1si adag szerencse n\u00e9lk\u00fcl nem t\u00f6rt\u00e9nhet meg. Ett\u0151l f\u00fcggetlen\u00fcl n\u00e9h\u00e1ny h\u00e9t alatt kiejteni vagy legy\u0171rni a francia \u00e9s az angol bajnokot, a BL c\u00edmv\u00e9d\u0151j\u00e9t, majd a Premier League ez\u00fcst\u00e9rmes\u00e9t, egyben az FA Kupa \u00e9s a Ligakupa birtokos\u00e1t, a BEK\/BL t\u00f6rt\u00e9net\u00e9nek egyik legelk\u00e9peszt\u0151bb teljes\u00edtm\u00e9nye.\r\n\r\nNem \u00fagy marad meg ez a csapat az eml\u00e9kezet\u00fcnkben, mint a t\u00f6rt\u00e9nelem legkiforrottabb, legink\u00e1bb \u00f6sszecsiszolt \u00e9s kimunk\u00e1lt labdar\u00fag\u00f3-egy\u00fcttese. De ahogyan term\u00e9szetesen Carlo Ancelotti, a keret Carvajal, <strong>Casemiro<\/strong>, Kroos, Modric, Benzema alkotta gerince is egy\u00e9rtelm\u0171en a sport\u00e1g legend\u00e1rium\u00e1nak el\u00e9v\u00fclhetetlen szelete.\r\n\r\n2014, 2016, 2017, 2018, 2022.\r\n\r\n<span class=\"highlight-block\">Nyolc \u00e9v alatt \u00f6tsz\u00f6r ugyanaz a Bajnokok Lig\u00e1ja-gy\u0151ztes, ugyanarra az alapra \u00e9p\u00edtve.<\/span>\r\n\r\n[prefabricated_shortcode in_app=\"0\" code=\"%3Cdiv%20class%3D%22article_box_border%22%20style%3D%22background%3A%20url%28%27https%3A%2F%2F24.p3k.hu%2Fapp%2Fuploads%2Fsites%2F24%2F2021%2F05%2Fsport24-pattern.png%27%29%20no-repeat%20left%20-16px%20%23f3f3f4%3B%20border%3A%20none%3B%22%3E%0D%0A%3Cdiv%20class%3D%22article_solidheader%22%3E%0D%0A%3Ch2%20style%3D%22color%3A%20%23111115%21important%3B%20font-size%3A%2036px%3B%20font-weight%3A%20bold%3B%20margin-bottom%3A%2030px%3B%20margin-top%3A%2020px%3B%20text-align%3A%20center%3B%20line-height%3A%2036px%3B%22%3E%3Cimg%20class%3D%22aligncenter%20size-full%20wp-image-141%22%20src%3D%22https%3A%2F%2F24.p3k.hu%2Fapp%2Fuploads%2Fsites%2F24%2F2021%2F05%2Fs24-logo-dt.png%22%20alt%3D%22%22%20width%3D%22408%22%20height%3D%2290%22%20%2F%3E%3C%2Fh2%3E%0D%0A%3Ch2%20style%3D%22color%3A%20%23111115%21important%3B%20font-size%3A%2036px%3B%20font-weight%3A%20bold%3B%20margin-bottom%3A%2030px%3B%20margin-top%3A%2020px%3B%20text-align%3A%20center%3B%20line-height%3A%2040px%3B%22%3ECsatlakozz%20a%20Sport24%20k%C3%B6z%C3%B6ss%C3%A9ghez%2C%20mondd%20el%20v%C3%A9lem%C3%A9nyedet%20z%C3%A1rt%20Facebook-csoportunkban%2C%20%C3%A9s%20vegy%C3%A9l%20r%C3%A9szt%20csak%20el%C5%91fizet%C5%91knek%20el%C3%A9rhet%C5%91%20exkluz%C3%ADv%20esem%C3%A9nyeinken.%3C%2Fh2%3E%0D%0A%3C%2Fdiv%3E%0D%0A%3Cp%20style%3D%22background%3A%20%2357A600%3B%20margin-top%3A%2020px%3B%20padding%3A%2020px%3B%20text-align%3A%20center%3B%22%3E%3Ca%20style%3D%22color%3A%20%23ffffff%3B%20font-size%3A%2026px%3B%20font-weight%3A%20600%3B%22%20href%3D%22https%3A%2F%2Fwww.facebook.com%2Fgroups%2F212344460412327%22%3ECSATLAKOZOM%3C%2Fa%3E%3C%2Fp%3E%0D%0A%0D%0A%3C%2Fdiv%3E\"]","type":"rich","thumbnail_url":"https:\/\/s.24.hu\/app\/uploads\/sites\/24\/2022\/05\/033_8203194_629323e9b2303-masolat-150x150.jpg","thumbnail_width":150,"thumbnail_height":150}