{"version":"1.0","provider_name":"Sport24","provider_url":"https:\/\/sport24.24.hu","author_name":"Bruckner G\u00e1bor","author_url":"https:\/\/sport24.24.hu\/author\/brucknerg\/","title":"M\u00e9g a nagy \u00dajpest\u00e9n\u00e9l is nyomaszt\u00f3bb a Fradi dominanci\u00e1ja","html":"Az \u00e9g k\u00e9k, a f\u0171 z\u00f6ld, a nemr\u00e9g z\u00e1rult bajnoks\u00e1got is a Ferencv\u00e1ros nyerte meg, ez pedig annyira volt pap\u00edrforma, mint eltal\u00e1lni az 1896-os angol\u2013zanzib\u00e1ri \u201eh\u00e1bor\u00fa\u201d v\u00e9geredm\u00e9ny\u00e9t (aki nem ismeri a t\u00f6rt\u00e9netet: Anglia 38 perc alatt gy\u0151z\u00f6tt, ez a vil\u00e1g legr\u00f6videbbnek tartott fegyveres konfliktusa).\r\n\r\nSz\u00f3val egym\u00e1s ut\u00e1n negyedszer is bajnok lett a Fradi, teljesen meg\u00e9rdemelten. \u00dagy, hogy az \u0151szi id\u00e9nye r\u00e9szben r\u00e1ment egy rosszul siker\u00fclt edz\u0151v\u00e1lt\u00e1sra (a <strong>Szerhij Rebrovot<\/strong> v\u00e1lt\u00f3 <strong>Peter St\u00f6gert<\/strong> fel is \u00e1ll\u00edtott\u00e1k a kispadr\u00f3l), a tavaszi szezonnak pedig a koronav\u00edrus-j\u00e1rv\u00e1ny miatt gyakorlatilag felk\u00e9sz\u00fcl\u00e9s n\u00e9lk\u00fcl v\u00e1gott neki az \u00fajonnan kinevezett <strong>Sztanyiszlav Csercseszov<\/strong>, aki menet k\u00f6zben keresg\u00e9lte a csapat\u00e1t. Megtal\u00e1lta, \u00e9s a Paks elleni fin\u00e1l\u00e9ban rendk\u00edv\u00fcl meggy\u0151z\u0151 teljes\u00edtm\u00e9nnyel a Magyar Kup\u00e1t is hozz\u00e1adta a tr\u00f3feagy\u0171jtem\u00e9nyhez, \u00edgy 2015\/16 ut\u00e1n siker\u00fclt dupl\u00e1zniuk a z\u00f6ldeknek. A Ferencv\u00e1ros sorrendben 13, 13, 20 \u00e9s 12 pont el\u0151nnyel nyerte meg az arany\u00e9rmet, teh\u00e1t izgulnia egyszer sem kellett a szurkol\u00f3t\u00e1bornak. A hatvanas \u00e9vek v\u00e9g\u00e9nek, hetvenes \u00e9vek elej\u00e9nek-k\u00f6zep\u00e9nek nagy \u00dajpestje \u00f3ta el\u0151sz\u00f6r tudta magyar klub n\u00e9gyszer egym\u00e1s ut\u00e1n elh\u00f3d\u00edtani a bajnoki serleget.\r\n<h2>Nyomaszt\u00f3 f\u00f6l\u00e9ny<\/h2>\r\nHelyezz\u00fck kontextusba ezt a gy\u0151zelmet \u00e9s a dominancia m\u00e9rt\u00e9k\u00e9t! A 2018 \u00e9s 2022 k\u00f6z\u00f6tt n\u00e9gy bajnoki c\u00edmet nyert Ferencv\u00e1rost m\u00e1s domin\u00e1ns csapatokkal vetett\u00fck \u00f6ssze a m\u00e1sodik vil\u00e1gh\u00e1bor\u00fa ut\u00e1ni \u00e9r\u00e1ban. Term\u00e9szetesen a vizsg\u00e1lt egy\u00fcttesek j\u00e1t\u00e9ker\u0151 szempontj\u00e1b\u00f3l aligha vethet\u0151k \u00f6ssze: senki sem vitatja, hogy az 1949\u20131955-\u00f6s nagy Honv\u00e9d (\u00e9s \u201eszubdomin\u00e1nsa\u201d, az MTK, amely a Textiles, Bp. B\u00e1stya, Bp. V\u00f6r\u00f6s Lobog\u00f3 neveket viselte ekkoriban) tele volt vil\u00e1gklasszis j\u00e1t\u00e9kossal, \u00e9s kontinent\u00e1lis szinten sokkal nagyobb er\u0151t k\u00e9pviselt, mint a mostani FTC. Ezt elmondhatjuk az 1969\u20131975 k\u00f6z\u00f6tti nagy \u00dajpestr\u0151l is, legfeljebb a vil\u00e1gklasszist kell Eur\u00f3pa-klasszisra cser\u00e9ln\u00fcnk. Az \u00f6sszevet\u00e9sben m\u00e9g a Honv\u00e9d 1983 \u00e9s 1986, valamint a Debrecen 2004 \u00e9s 2010 k\u00f6z\u00f6tt kiemelked\u0151 szerepet j\u00e1tsz\u00f3 g\u00e1rd\u00e1ja szerepel. A Honv\u00e9d (1949\u20131955) 5 bajnoki c\u00edmet \u00e9s 2 ez\u00fcst\u00e9rmet zsebelt be (\u00e9rdekes m\u00f3don viszont h\u00e1romszor egym\u00e1s ut\u00e1n nem tudott egyszer sem gy\u0151zni), az \u00dajpest (1969\u20131975) zsin\u00f3rban h\u00e9tszer lett bajnok, a Honv\u00e9d (1983\u20131986) sorozatban h\u00e1romszor nyert, a DVSC (2004\u20132010) hat \u00e9vadb\u00f3l \u00f6tsz\u00f6r diadalmaskodott, m\u00edg az FTC (2018\u20132022) domin\u00e1lta a legut\u00f3bbi n\u00e9gy bajnoki ki\u00edr\u00e1st.\r\n\r\nHa minden bajnoki eredm\u00e9nyt h\u00e1rompontos rendszerre konvert\u00e1lunk, akkor l\u00e1thatjuk, mennyire voltak meghat\u00e1roz\u00f3ak az eml\u00edtett csapatok cs\u00facsid\u0151szakukban. Ha a k\u00f6zvetlen riv\u00e1lisok eredm\u00e9nyeit is megvizsg\u00e1ljuk, akkor m\u00e1r kontextust is kapunk: nemcsak azt l\u00e1tjuk, hogy mennyire volt er\u0151s a domin\u00e1ns csapat, hanem azt is, mennyire volt k\u00f6zel hozz\u00e1 az els\u0151 sz\u00e1m\u00fa riv\u00e1lisa. A grafikonon az \u00f6t eml\u00edtett domin\u00e1ns csapatot \u00e9s eg\u00e9szen kiemelked\u0151 eredm\u00e9nysora miatt az 1949\u20131955 k\u00f6z\u00f6tti MTK-t \u00e1br\u00e1zoltuk.\r\n\r\n<iframe class=\"flourish-embed-iframe\" style=\"width: 100%;height: 600px\" title=\"Interactive or visual content\" src=\"https:\/\/flo.uri.sh\/visualisation\/10064234\/embed\" frameborder=\"0\" scrolling=\"no\"><\/iframe>\r\n<div style=\"width: 100%!;margin-top: 4px!important;text-align: right!important\"><a class=\"flourish-credit\" style=\"text-decoration: none!important\" href=\"https:\/\/public.flourish.studio\/visualisation\/10064234\/?utm_source=embed&amp;utm_campaign=visualisation\/10064234\" target=\"_top\" rel=\"noopener\"><img style=\"width: 105px!important;height: 16px!important;border: none!important;margin: 0!important\" src=\"https:\/\/public.flourish.studio\/resources\/made_with_flourish.svg\" alt=\"Made with Flourish\" \/> <\/a><\/div>\r\n&nbsp;\r\n\r\nA Ferencv\u00e1rosn\u00e1l csak a m\u00e1sodik vil\u00e1gh\u00e1bor\u00fa ut\u00e1ni magyar klubfutball leger\u0151sebb egy\u00fcttese, az Aranycsapat gerinc\u00e9t ad\u00f3 Honv\u00e9d volt domin\u00e1nsabb, illetve a kispestiek akkori legnagyobb riv\u00e1lisa (MTK) is elk\u00e9peszt\u0151en kiemelkedett a mez\u0151nyb\u0151l. Az \u00dajpest \u00e9s a Debrecen nagy korszaka nagyj\u00e1b\u00f3l hasonl\u00f3 er\u0151f\u00f6l\u00e9nyt hozott, de az FTC mostani dominanci\u00e1ja mindkett\u0151n\u00e9l kicsit er\u0151sebb.\r\n<div class=\"payable-content-section\"><\/div>\r\nR\u00e1ad\u00e1sul ott van m\u00e9g a konkurencia k\u00e9rd\u00e9se is. A Ferencv\u00e1ros \u00e1tlagban 14,5 pont el\u0151nnyel nyerte meg a legut\u00f3bbi n\u00e9gy bajnoks\u00e1got.\r\n\r\n<span class=\"highlight-block-small\">Az \u00dajpest egym\u00e1s ut\u00e1n h\u00e9t ki\u00edr\u00e1sban gy\u0151z\u00f6tt, \u00e1m h\u00e1rompontos rendszerre \u00e1tsz\u00e1molva \u00e1tlagos el\u0151nye 1969\u20131975 k\u00f6z\u00f6tt csak 8,5 pontnyi volt, j\u00f3val alacsonyabb, mint az ut\u00f3bbi id\u0151k Fradij\u00e1\u00e9. <\/span>\r\n\r\nSzinte minden, a cikkben vizsg\u00e1lt domin\u00e1ns egy\u00fcttesnek er\u0151sebb riv\u00e1lisa(i) volt(ak), mint most a Ferencv\u00e1rosnak, ak\u00e1r a pont\/meccs mutat\u00f3t, ak\u00e1r a gy\u0151zelmi sz\u00e1zal\u00e9kot n\u00e9zz\u00fck.\r\n\r\nAz, hogy a Fradi egy (a szintj\u00e9n) rossznak mondhat\u00f3 \u0151szi szezont futott, edz\u0151t kellett v\u00e1ltania \u00e9s \u00edgy is t\u00fck\u00f6rsim\u00e1n nyert, tov\u00e1bbi dominanci\u00e1t \u00edg\u00e9r. Szint\u00e9n efel\u00e9 mutat a t\u00e9ny, hogy a magyar rekordbajnok olyan bev\u00e9teli forr\u00e1st (UEFA-p\u00e9nzd\u00edjak) v\u00edvott ki nemzetk\u00f6zi szerepl\u00e9s\u00e9vel, amelyhez riv\u00e1lisai egyel\u0151re k\u00f6zel sem f\u00e9rnek. Az oll\u00f3 ny\u00edlik, csak ny\u00edlik. \u201eZ\u00e1r\u00f3d\u00e1s\u00e1hoz\u201d alighanem az kellene, hogy a Ferencv\u00e1rost le tudja tasz\u00edtani a hazai tr\u00f3nr\u00f3l egy riv\u00e1lisa, \u00e9s bejusson a BL vagy az EL csoportk\u00f6r\u00e9be, hozz\u00e1f\u00e9rve a \u201ekasszakulcshoz\u201d. Egy-egy esetleges Konferencia Liga-szerepl\u00e9s m\u00e9g nem cs\u00f6kkenten\u00e9 el\u00e9gg\u00e9 a differenci\u00e1t. \u0150rs\u00e9gv\u00e1lt\u00e1snak azonban nincs nyoma, \u00e9s ha az FTC-n m\u00falik, ez m\u00e9g \u00e9vekig sz\u00f3ba sem ker\u00fcl.\r\n<h2>L\u00e9gi\u00f3s hatalom\u00e1tv\u00e9tel<\/h2>\r\nA jelens\u00e9ggel m\u00e1r t\u00f6bbsz\u00f6r foglalkoztunk, hiszen meghat\u00e1roz\u00f3 eleme az NB I jelenlegi \u00e9r\u00e1j\u00e1nak, de nem mehet\u00fcnk el eml\u00edt\u00e9s n\u00e9lk\u00fcl amellett, hogy az \u00e9lvonal t\u00f6rt\u00e9nete sor\u00e1n el\u0151sz\u00f6r t\u00f6bb j\u00e1t\u00e9kperc jutott az idegenl\u00e9gi\u00f3soknak, mint a hazai j\u00e1t\u00e9kosoknak. A sz\u00e1m\u00edt\u00e1shoz az FBRef rendszer\u00e9t haszn\u00e1ltuk, amely sok hat\u00e1ron t\u00fali magyart \u00e9s a magyart m\u00e1sodik \u00e1llampolg\u00e1rs\u00e1gk\u00e9nt megkap\u00f3, de v\u00e1logatottunkban nem szerepl\u0151 l\u00e9gi\u00f3st k\u00fclf\u00f6ldik\u00e9nt kezel, a nagy eg\u00e9sz szemsz\u00f6g\u00e9b\u0151l azonban ez vajmi keveset sz\u00e1m\u00edt.\r\n\r\nM\u00edg 2011 \u00e9s 2018 k\u00f6z\u00f6tt a j\u00e1t\u00e9kpercek nagyj\u00e1b\u00f3l k\u00e9tharmada jutott hazai futballist\u00e1knak az NB I-ben, a 2015\/16-os cs\u00facspont \u00f3ta egyre cs\u00f6kken a j\u00e1t\u00e9kidej\u00fck. A l\u00e9gi\u00f3skorl\u00e1toz\u00e1s megsz\u00fcntet\u00e9se ut\u00e1n egyb\u0151l 50-50 sz\u00e1zal\u00e9k k\u00f6rny\u00e9k\u00e9re v\u00e1ltozott az ar\u00e1ny, \u00e9s 2021\/22-ben \u2013 el\u0151sz\u00f6r a magyar futball t\u00f6rt\u00e9net\u00e9ben \u2013 t\u00f6bbet j\u00e1tszottak l\u00e9gi\u00f3sok az \u00e9lvonalban, mint az itthoni futballist\u00e1k.\r\n\r\n<iframe class=\"flourish-embed-iframe\" style=\"width: 100%;height: 600px\" title=\"Interactive or visual content\" src=\"https:\/\/flo.uri.sh\/visualisation\/10064978\/embed\" frameborder=\"0\" scrolling=\"no\"><\/iframe>\r\n<div style=\"width: 100%!;margin-top: 4px!important;text-align: right!important\"><a class=\"flourish-credit\" style=\"text-decoration: none!important\" href=\"https:\/\/public.flourish.studio\/visualisation\/10064978\/?utm_source=embed&amp;utm_campaign=visualisation\/10064978\" target=\"_top\" rel=\"noopener\"><img style=\"width: 105px!important;height: 16px!important;border: none!important;margin: 0!important\" src=\"https:\/\/public.flourish.studio\/resources\/made_with_flourish.svg\" alt=\"Made with Flourish\" \/> <\/a><\/div>\r\n&nbsp;\r\n\r\n\u00c9rdekes lesz megfigyelni, hogy az MLSZ \u00faj \u00f6szt\u00f6nz\u0151 rendszere hoz-e b\u00e1rmif\u00e9le v\u00e1ltoz\u00e1st, valamint hogy a k\u00e9t feljut\u00f3 (Vasas, Kecskem\u00e9t) milyen utat k\u00f6vet. Lehet, hogy a l\u00e9gi\u00f3sok \u201ehatalom\u00e1tv\u00e9tele\u201d sz\u00ednvonal-n\u00f6veked\u00e9shez vezet, \u00e1m nagy k\u00e9rd\u00e9s, eg\u00e9szs\u00e9ges-e. Ugyanakkor, ha a sz\u00f6vets\u00e9g hatalmi sz\u00f3val rendel el korl\u00e1toz\u00e1sokat, azzal beavatkozik a rendszerbe, \u00e9s cs\u00f6kkenti, cs\u00f6kkentheti a klubok eur\u00f3pai versenyk\u00e9pess\u00e9g\u00e9t. \u00c9rdemi v\u00e1ltoz\u00e1st alighanem csak az hozna, ha sokkal t\u00f6bb jobban k\u00e9pzett magyar fiatal jelenne meg a rendszerben, \u00e9s kapna rendszeres j\u00e1t\u00e9klehet\u0151s\u00e9get.\r\n<h2>Csapatr\u00f3l csapatra<\/h2>\r\nId\u00e9ny-visszatekint\u0151nk z\u00e1r\u00f3 r\u00e9sz\u00e9ben \u2013 t\u00e9li \u00e9rt\u00e9kel\u00e9s\u00fcnkh\u00f6z hasonl\u00f3an \u2013 csapatr\u00f3l csapatra summ\u00e1zzuk a klubok teljes\u00edtm\u00e9ny\u00e9t.\r\n\r\n<strong>1. FERENCV\u00c1ROS (71 pont).<\/strong> A sors fintora, hogy a decemberben menesztett Peter St\u00f6ger (10 gy\u0151zelem\u20132 d\u00f6ntetlen\u20133 veres\u00e9g; 2,13 pont\/meccs) NB I-es m\u00e9rlege gyakorlatilag azonos \u2013 s\u0151t, hajsz\u00e1lnyival jobb \u2013 volt az \u0151t k\u00f6vet\u0151 Sztanyiszlav Csercseszov\u00e9n\u00e1l (11\u20133\u20133; 2,12), de m\u00e9gis olyb\u00e1 t\u0171nik, az edz\u0151v\u00e1lt\u00e1s ford\u00edtotta meg a Fradi szezonj\u00e1t. Az el\u0151dj\u00e9n\u00e9l j\u00f3val autokrat\u00e1bb st\u00edlus\u00fa, az \u00f6lt\u00f6z\u0151t \u201erendbe kap\u00f3\u201d Csercseszov v\u00e9g\u00fcl magabiztosan nyerte meg az elv\u00e1rt bajnoki c\u00edmet, mell\u00e9csapta a kupasikert is, a Ferencv\u00e1ros dupl\u00e1zni tudott. A z\u00f6ld-feh\u00e9rek er\u0151f\u00f6l\u00e9ny\u00e9t n\u00e9zve ez pap\u00edrforma: a konkurencia addig tudott a Ferencv\u00e1ros nyom\u00e1ban maradni, am\u00edg a c\u00edmv\u00e9d\u0151t leterhelt\u00e9k az eur\u00f3pai kupam\u00e9rk\u0151z\u00e9sek, \u00e9s h\u00e1tr\u00e1ltatta a betegs\u00e9ghull\u00e1mmal egy\u00fctt j\u00e1r\u00f3 felk\u00e9sz\u00fcl\u00e9s.\r\n\r\n<span class=\"highlight-block-small\">Csercseszovra ugyanaz igaz, mint Rebrovra vagy St\u00f6gerre: meg\u00edt\u00e9l\u00e9s\u00e9t nem els\u0151sorban a bajnoki c\u00edm, hanem az eur\u00f3pai szerepl\u00e9s fogja meghat\u00e1rozni. <\/span>\r\n\r\nKontinent\u00e1lis porondon pedig m\u00e9g nem l\u00e1ttuk. Az id\u00e9nyben a Fradi juttatta el a legt\u00f6bbsz\u00f6r a labd\u00e1t a t\u00e1mad\u00f3 harmadba, illetve az ellenf\u00e9l tizenhatos\u00e1n bel\u00fclre a bajnoks\u00e1g sor\u00e1n; a konkurenci\u00e1val j\u00f3val nagyobb hat\u00e9konys\u00e1ggal oper\u00e1lt a kapu el\u0151ter\u00e9ben, valamint passzpontoss\u00e1gban \u00e9s az egy az egy elleni j\u00e1t\u00e9kban is rangels\u0151. A leger\u0151sebb keret\u0171, legmagasabb min\u0151s\u00e9get k\u00e9pvisel\u0151 csapat meg\u00e9rdemelten nyerte meg a bajnoks\u00e1got, lehet tov\u00e1bbhaladni, nincs itt semmi l\u00e1tnival\u00f3.\r\n\r\n<strong>2. KISV\u00c1RDA (59 pont).<\/strong> A bajnoks\u00e1g nagy sztorija a Kisv\u00e1rd\u00e1\u00e9 volt: az NB I legkeletibb csapata t\u00f6rt\u00e9nete messze legjobb eredm\u00e9ny\u00e9t \u00e9rte el mind a helyez\u00e9st, mind a pontsz\u00e1mot tekintve, s kil\u00e9phet a nemzetk\u00f6zi porondra. Lehet, hogy <strong>R\u00e9v\u00e9sz Attila<\/strong> megoszt\u00f3 figura, lehet, hogy kiv\u00e1l\u00f3 az \u00f6nmitologiz\u00e1l\u00e1sban, lehet, hogy a plafonig van zs\u00fafolva l\u00e9gi\u00f3sokkal a csapat (\u00e9s melyik nem, m\u00e1r a Paksot lesz\u00e1m\u00edtva?), de R\u00e9v\u00e9sz joggal mondhatja: \u201eN\u00e9zzetek a t\u00e1bl\u00e1ra!\u201d A Kisv\u00e1rda 59 pontj\u00e1b\u00f3l 34-et szerzett az els\u0151 17 fordul\u00f3ban \u00e9s csak 25-\u00f6t a tov\u00e1bbi 16-ban, de az id\u00e9nyt z\u00e1r\u00f3 h\u00e1rom gy\u0151zelem ez\u00fcstf\u00e9nybe bor\u00edtotta a V\u00e1rkerti Stadiont. Az NB I-es csapatok k\u00f6z\u00fcl ebben az id\u00e9nyben a v\u00e1rdaiak nyert\u00e9k meg legjobb ar\u00e1nyban a p\u00e1rharcaikat \u00e9s a m\u00e1sodik legkevesebb l\u00f6v\u00e9s az \u0151 kapujukra ir\u00e1nyult. Re\u00e1lisan n\u00e9zve ez a cs\u00facs, de hov\u00e1 vezet innen az \u00fat?\r\n\r\n<strong>3. PUSK\u00c1S AKAD\u00c9MIA (54 pont).<\/strong> A lehet\u0151s\u00e9geket \u00e9s a j\u00e1t\u00e9koskeretet tekintve a PAFC mindenk\u00e9ppen dobog\u00f3s csapat, j\u00f3 k\u00e9rd\u00e9s, hogy a 3. hellyel a poh\u00e1r f\u00e9lig tele van (\u00e9remszerz\u00e9s, eur\u00f3pai szerepl\u00e9s, h\u00e1rom \u00e9vadon bel\u00fcl harmadszor), vagy f\u00e9lig \u00fcres. Az id\u00e9nyz\u00e1r\u00f3 nyilatkozatok ink\u00e1bb az ut\u00f3bbira utaltak. A Pusk\u00e1s Akad\u00e9mia a legut\u00f3bbi h\u00e1rom bajnoks\u00e1gban csak eggyel szerzett kevesebb pontot (166), mint a Feh\u00e9rv\u00e1r (167), \u00edgy lassan m\u00e1sodik sz\u00e1m\u00fa er\u0151nek is tekinthetj\u00fck az NB I-ben. A PAFC listavezet\u0151 volt az egyik statisztikai mutat\u00f3ban: a felcs\u00fatiak tartott\u00e1k a legjobban t\u00e1vol a kapujukt\u00f3l ellenfeleiket, csup\u00e1n 319 k\u00eds\u00e9rletet enged\u00e9lyeztek a riv\u00e1lisoknak (\u00f6sszevet\u00e9s\u00fcl: a liga\u00e1tlag 396,6, \u00e9s m\u00e9g a Ferencv\u00e1ros is 357-tel z\u00e1rt).\r\n\r\n<strong>4. MOL FEH\u00c9RV\u00c1R FC (48 pont).<\/strong> Janu\u00e1r 30. \u00e9s m\u00e1rcius 13. k\u00f6z\u00f6tt egym\u00e1s ut\u00e1n h\u00e9t veres\u00e9get szenvedett el a Vidi, az id\u00e9nyr\u0151l sokat elmond az a jelenet, amikor a <strong>Szab\u00f3 J\u00f3zsef<\/strong> klubrekordj\u00e1t \u00e9ppen be\u00e1ll\u00edt\u00f3 <strong>Nikolics Nemanja<\/strong> percekig s\u00edrt az M4 Sport kamer\u00e1ja el\u0151tt\u2026 A m\u00e9lypontr\u00f3l azt\u00e1n kilences veretlens\u00e9gi sorozattal a 4. helyre k\u00fczd\u00f6tte fel mag\u00e1t <strong>Michael Boris<\/strong> ir\u00e1ny\u00edt\u00e1s\u00e1val a Feh\u00e9rv\u00e1r, a Fradi kupagy\u0151zelm\u00e9nek h\u00e1la az eur\u00f3pai szerepl\u00e9s is \u00f6sszej\u00f6tt, el\u00e9gedett m\u00e9gsem lehet senki. Sem az eredm\u00e9nnyel, sem a j\u00e1t\u00e9kkal.\r\n\r\n<span class=\"highlight-block-small\">Egy megh\u00f6kkent\u0151 statisztika: a WyScout adatai szerint a Vidin\u00e9l csak a DVSC \u00e9s a Gyirm\u00f3t k\u00eds\u00e9rletezett kevesebbszer kapura l\u00f6v\u00e9ssel\/fejessel 2021\/22-ben. <\/span>\r\n\r\nEgy m\u00e1sik meglep\u0151 adat: csak az MTK kapott t\u00f6bb g\u00f3lt (15) fejesekb\u0151l, mint a \u201el\u00e9gi elh\u00e1r\u00edt\u00e1ssal\u201d hadil\u00e1bon \u00e1ll\u00f3 Vidi (13). A ny\u00e1ron v\u00e1ltoz\u00e1sok v\u00e1rhat\u00f3k, a feh\u00e9rv\u00e1riak nyilv\u00e1n mindent megtesznek az\u00e9rt, hogy a Ferencv\u00e1ros nyom\u00e1ba \u00e9rjenek.\r\n\r\n<strong>5. \u00daJPEST FC (44 pont).<\/strong> Az \u0151sszel m\u00e9g a kies\u00e9s r\u00e9me k\u00eds\u00e9rtette az \u00dajpestet, a tavaszi szezon v\u00e9g\u00e9n m\u00e1r az eur\u00f3pai porond is bel\u00e1that\u00f3 k\u00f6zels\u00e9gbe ker\u00fclt. A janu\u00e1rban kinevezett<strong> Milos Kruscsics<\/strong> j\u00f3l vezette csapat\u00e1t, no meg az \u00dajpest\u00e9 a legjobb t\u00e9li igazol\u00e1s is: a Vidit\u0151l k\u00f6lcs\u00f6nvett <strong>Budu Zivzivadze<\/strong> telital\u00e1latnak bizonyult (14 t\u00e9tmeccsen 11 g\u00f3l, 2 g\u00f3lpassz). T\u00e1voli l\u00f6v\u00e9sekb\u0151l szerzett g\u00f3lokat tekintve az \u00dajpest j\u00e1rt az \u00e9len ebben a bajnoks\u00e1gban (12), ugyanakkor a lil\u00e1k kapt\u00e1k a legt\u00f6bb g\u00f3lt b\u00fcntet\u0151b\u0151l (szint\u00e9n 12). A folytat\u00e1ssal kapcsolatban a legnagyobb k\u00e9rd\u0151jel a tulajdonosv\u00e1lt\u00e1s: <strong>Roderick Duchatelet<\/strong> janu\u00e1r v\u00e9g\u00e9n al\u00e1\u00edrta a szerz\u0151d\u00e9st a klub elad\u00e1s\u00e1r\u00f3l, viszont a tranzakci\u00f3 m\u00e9g hivatalosan nem z\u00e1rult le. Az \u00fajpesti szurkol\u00f3k persze mondhatj\u00e1k: bizonytalans\u00e1g ide vagy oda, a k\u00f6zelm\u00falt megpr\u00f3b\u00e1ltat\u00e1sain\u00e1l csak jobb j\u00f6het. Az \u00dajpest a legut\u00f3bbi 13 \u00e9vadban csak egyszer \u00e1llhatott dobog\u00f3ra, ilyen kor\u00e1bban nem fordult el\u0151 az \u00e9lvonal egyik legnagyobb hagyom\u00e1ny\u00fa klubj\u00e1val.\r\n\r\n[caption id=\"attachment_4700\" align=\"alignnone\" width=\"2000\"]<img class=\"size-full wp-image-4700\" src=\"https:\/\/sport24.24.hu\/app\/uploads\/sites\/24\/2022\/05\/central-0685928665.jpg\" alt=\"\" width=\"2000\" height=\"1333\" \/> Ferencv\u00e1ros\u2013\u00dajpest a Groupama Ar\u00e9n\u00e1ban, \u00e1prilisban. A h\u00e1tt\u00e9rben Csercseszov.[\/caption]\r\n\r\n<strong>6. PAKSI FC (43 pont).<\/strong> L\u00e1ttuk a \u201eBogn\u00e1rball\u201d vonzerej\u00e9t \u00e9s annak korl\u00e1tait is: a ny\u00edlt sisakos t\u00e1mad\u00f3futballal el\u0151rukkol\u00f3 tolnaiak messze a legt\u00f6bb g\u00f3lt szerezt\u00e9k a bajnoks\u00e1gban, de k\u00f6zben a legt\u00f6bbet is kapt\u00e1k \u2013 ez a tisztes fels\u0151h\u00e1zbeli tags\u00e1ghoz volt elegend\u0151. Az MK-ban a d\u00f6nt\u0151ig jutott a csapat, m\u00edg\r\n\r\n<span class=\"highlight-block\">a g\u00f3lkir\u00e1ly \u00c1d\u00e1m Martin egymaga t\u00f6bbsz\u00f6r tal\u00e1lt be (31), mint az MTK (28). <\/span>\r\n\r\nA paksiak eg\u00e9szen kit\u0171n\u0151en z\u00e1rtak a t\u00e1mad\u00f3 mutat\u00f3kat tekintve \u2013 a g\u00f3lokat, az xG-t, a l\u00f6v\u00e9ssz\u00e1mot, a kulcspasszokat, a fejes g\u00f3lokat tekintve els\u0151, a b\u00fcntet\u0151ter\u00fcleten bel\u00fcli labda\u00e9rint\u00e9sekben m\u00e1sodik volt a csapat \u2013, a v\u00e9dekez\u0151 mutat\u00f3kra ez az\u00e9rt nem igaz. <strong>Bogn\u00e1r Gy\u00f6rgy<\/strong> az MTK-hoz t\u00e1vozott az id\u00e9ny z\u00e1r\u00e1sa ut\u00e1n, ut\u00f3dja kiv\u00e1laszt\u00e1sa kulcsk\u00e9rd\u00e9s lesz, mivel kiz\u00e1r\u00f3lag magyar j\u00e1t\u00e9kosokkal sz\u00e1mol\u00f3 klubfiloz\u00f3fi\u00e1j\u00e1val \u00e9s a Bogn\u00e1r-f\u00e9le l\u00e1tv\u00e1nyos j\u00e1t\u00e9kkal a Paks sok semleges drukkert maga mell\u00e9 \u00e1ll\u00edtott. A k\u00e9rd\u00e9s az: meg tudja-e tartani a szimp\u00e1ti\u00e1t?\r\n\r\n<strong>7. DVSC (39 pont).<\/strong> A bemutatott j\u00e1t\u00e9kot tekintve a Lokin\u00e1l aligha lehetnek el\u00e9gedetlenek a 7. hellyel, mert ez lehetett volna rosszabb is, nem v\u00e9letlen\u00fcl morgol\u00f3dott az utols\u00f3, MTK elleni meccsre elutaz\u00f3 n\u00e9h\u00e1ny sz\u00e1z szurkol\u00f3. A debreceniek els\u0151sorban t\u00e1mad\u00e1sban gyeng\u00e9lkedtek: csak a Gyirm\u00f3tnak volt n\u00e1luk kevesebb l\u00f6v\u00e9se, kulcspasszokat \u00e9s xG-t tekintve utols\u00f3 volt az NB I-ben a DVSC. Az m\u00e1r m\u00e1s k\u00e9rd\u00e9s (erre j\u00f3k az olyan kiv\u00e1l\u00f3 r\u00fag\u00f3technik\u00e1j\u00fa j\u00e1t\u00e9kosok, mint <strong>Dzsuzdzs\u00e1k Bal\u00e1zs<\/strong> vagy <strong>Ugrai Roland<\/strong>), hogy a Loki eg\u00e9szen d\u00f6bbenetes sz\u00e1mmal, 9,62-vel m\u00falta fel\u00fcl g\u00f3lok tekintet\u00e9ben az xG-j\u00e9t (35,38-as xG-re szerzett 45 g\u00f3lt) \u00e9s a m\u00e1sodik legt\u00f6bb g\u00f3lt (9) szerezte t\u00e1voli l\u00f6v\u00e9sek ut\u00e1n. Ezzel \u201ecsak\u201d az a baj, hogy t\u00f6bb id\u00e9nyen kereszt\u00fcl val\u00f3sz\u00edn\u0171leg fenntarthatatlan. Mindenesetre a bennmarad\u00e1s \u00f6sszej\u00f6tt, az el\u0151rel\u00e9p\u00e9st pedig elv\u00e1rn\u00e1k a szurkol\u00f3k.\r\n\r\n<strong>8. ZTE FC (39 pont).<\/strong> Az \u0151szi szezon ut\u00e1n m\u00e9g az 5. helyen \u00e1llt a Zete, a tavasz (pl\u00e1ne annak a v\u00e9ge) nem volt az igazi, \u00e1m \u00edgy sem kellett h\u00e1trafel\u00e9 tekintgetni, \u00e9s ez \u00f6nmag\u00e1ban is eredm\u00e9ny. A 2018\/19-es visszajut\u00e1s \u00f3ta egy 7., 9. \u00e9s 8. helyez\u00e9s j\u00f6tt \u00f6ssze, az tal\u00e1ny, hogy innen el\u0151re lehet-e l\u00e9pni. Vagy legal\u00e1bbis valamivel kit\u0171nni a mez\u0151nyb\u0151l. A 2021\/2022-es \u00e9vadban a ZTE egy mutat\u00f3ban \u201emagaslott ki\u201d a mez\u0151nyb\u0151l: messze a legt\u00f6bb g\u00f3lt (12) kapta t\u00e1voli l\u00f6v\u00e9sekb\u0151l.\r\n\r\n<strong>9. BP. HONV\u00c9D (38 pont).<\/strong> Lehet, hogy bennmaradt a Honv\u00e9d, de egym\u00e1s ut\u00e1n a m\u00e1sodik id\u00e9nyben kellett a v\u00e9ghajr\u00e1ig izgulnia. Finoman fogalmazva sem ezt \u00edg\u00e9rte az \u00faj vezet\u0151s\u00e9g\u2026 A Honv\u00e9d az NB I Evertonja: jelent\u0151s befektet\u00e9ssel nem \u00e9rt el semmit a bajnoks\u00e1gban, s\u0151t a megmenek\u00fcl\u00e9snek is \u00f6r\u00fclnie kellett.\r\n\r\n<span class=\"highlight-block-small\">Az eg\u00e9sz id\u00e9ny lehangol\u00f3 volt, rothad\u00e1s jelei mutatkoznak, ami k\u00fcl\u00f6n\u00f6sen kontrasztos az \u00faj stadion gy\u00f6ny\u00f6r\u0171 kulissz\u00e1i k\u00f6z\u00f6tt. <\/span>\r\n\r\nA szurkol\u00f3knak m\u00e1r mindenb\u0151l \u00e9s mindenkib\u0151l eleg\u00fck van, a nihilb\u0151l ki kell t\u00f6rni, vagy ennek nem lesz j\u00f3 v\u00e9ge. A ny\u00e1ron nagytakar\u00edt\u00e1s v\u00e1rhat\u00f3 Kispesten. R\u00e1 is f\u00e9r a h\u00e1zra.\r\n\r\n<strong>10. MEZ\u0150K\u00d6VESD (38 pont).<\/strong> Az els\u0151 oszt\u00e1ly\u00fa tags\u00e1got siker\u00fclt meg\u0151rizni, ha nem is k\u00f6nnyen, ett\u0151l eltekintve a k\u00f6vesdiek is kev\u00e9s pozit\u00edvumr\u00f3l sz\u00e1molhatnak be. A kaput eg\u00e9sz id\u00e9nyben \u201ebedeszk\u00e1zt\u00e1k\u201d (46,3-as xG-re csak 37 g\u00f3l), a maty\u00f3f\u00f6ldiek nem ritk\u00e1n virtigli kies\u0151jel\u00f6lt k\u00e9p\u00e9t festett\u00e9k. Ha ez \u00edgy megy tov\u00e1bb, a k\u00f6vetkez\u0151 id\u00e9nyben is a h\u00e1tuk m\u00f6g\u00e9 kell pillantgatniuk.\r\n\r\n[central_article_recommendation title=\"Kapcsol\u00f3d\u00f3\" url=\"https:\/\/sport24.24.hu\/foci\/2022\/05\/16\/113-ev-alatt-3-kieses-6-ev-alatt-meg-3-a-patinas-mtk-bol-uj-haladas-lett\/\" image=\"1\" lead=\"1\"]\r\n\r\n<strong>11. MTK BUDAPEST (36 pont).<\/strong> Az MTK-val m\u00e1r foglalkoztunk kor\u00e1bban, de sz\u00f6gezz\u00fck le megint: a nagy hajr\u00e1 (\u00e9s a megb\u00edzott edz\u0151 <strong>Horv\u00e1th D\u00e1vid<\/strong> sikeres bel\u00e9p\u0151je) egy dolog, de ha a magyar labdar\u00fag\u00e1s egyik meghat\u00e1roz\u00f3 klubja hat \u00e9ven bel\u00fcl harmadszor esik ki, akkor az minden tov\u00e1bbi n\u00e9lk\u00fcl arcpir\u00edt\u00f3nak nevezhet\u0151. Az MTK a 12. \u00e9s a 33. fordul\u00f3 k\u00f6z\u00f6tt egy fordul\u00f3t lesz\u00e1m\u00edtva mindig kies\u0151 helyen \u00e1llt\u2026 Teljes \u00fajratervez\u00e9s j\u00f6n, a szakmai munka a <strong>Verebes<\/strong>-f\u00e9le csapattal bajnoks\u00e1got nyert Bogn\u00e1r Gy\u00f6rgy kez\u00e9be ker\u00fclt. Ahogy a Honv\u00e9dn\u00e1l, itt is elmondhat\u00f3: a nihilb\u0151l ki kell t\u00f6rni. Ha az xG-nek van istene, h\u00e1t haragudhatott a k\u00e9k-feh\u00e9rekre: az MTK 39,08-as xG-re csak 28 g\u00f3lt szerzett, a legkevesebbet a mez\u0151nyb\u0151l. A g\u00f3lk\u00e9ptelens\u00e9g \u00e9s a rengeteg kihagyott helyzet megpecs\u00e9telte a Hung\u00e1ria k\u00f6r\u00fatiak sors\u00e1t, az pedig \u00f6r\u00f6k tal\u00e1ny marad:\r\n\r\n<span class=\"highlight-block\">mi van, ha M\u00e1rton G\u00e1bort kor\u00e1bban menesztik?<\/span>\r\n\r\n<strong>12. GYIRM\u00d3T (32 pont).<\/strong> Amennyiben a bajnoks\u00e1g el\u0151tt megk\u00e9rdeznek sz\u00e1z szurkol\u00f3t, melyik csapat lesz az utols\u00f3, a t\u00f6bbs\u00e9g\u00fck val\u00f3sz\u00edn\u0171leg a Gyirm\u00f3tot v\u00e1gta volna r\u00e1. A csapat lehet\u0151s\u00e9geihez k\u00e9pest mindent megtett, de \u00edgy sem tudt\u00e1k elker\u00fclni az azonnali al\u00e1sz\u00e1ll\u00e1st. A t\u00e1mad\u00f3j\u00e1t\u00e9k v\u00e9gig csak d\u00f6c\u00f6g\u00f6tt: a harmadik legalacsonyabb xG, a m\u00e1sodik legkevesebb tizenhatoson bel\u00fcli labda\u00e9rint\u00e9s \u00e9s t\u00e1mad\u00f3 harmadba eljuttatott labda, illetve a legkevesebb l\u00f6v\u00e9s is az \u0151 nev\u00fck mellett \u00e1ll. A Gyirm\u00f3t febru\u00e1r 26-\u00e1n zuhant (ism\u00e9t) kies\u0151 helyre, \u00e9s a 22. fordul\u00f3 ut\u00e1n nem is tudott egyszer sem kikapaszkodni a vesz\u00e9lyz\u00f3n\u00e1b\u00f3l. Az ingacsapati st\u00e1tuszt \u2013 amelyet az MTK sz\u00e9gyenszemre az ut\u00f3bbi id\u0151ben nem tud elker\u00fclni \u2013 \u0151k meglehet, el is fogadn\u00e1k.\r\n<h2>N\u00e9z\u0151sz\u00e1m: csak a szok\u00e1sos<\/h2>\r\nV\u00e9gezet\u00fcl a n\u00e9z\u0151sz\u00e1mr\u00f3l: a magyarfutball.hu sz\u00e1m\u00edt\u00e1sai szerint az \u00e9vad v\u00e9g\u00e9re 2773-ra emelkedett az \u00e1tlag n\u00e9z\u0151sz\u00e1m, teh\u00e1t a j\u00e1rv\u00e1nyhelyzet javul\u00e1sa, a korl\u00e1toz\u00e1sok megsz\u00fcntet\u00e9se, a jobb id\u0151 \u00e9s n\u00e9h\u00e1ny plusz t\u00e9nyez\u0151 (pl. az \u00fajpesti ultr\u00e1k visszat\u00e9r\u00e9se) el\u00e9g volt ahhoz, hogy az ut\u00f3bbi \u00e9vekben megszokott szintre j\u00f6jj\u00f6n vissza a l\u00e1togatotts\u00e1g. Az \u0151szi 2554-hez k\u00e9pest kellett is a javul\u00e1s, mert az 1918 \u00f3ta csak egyszer l\u00e1tott alacsony n\u00e9z\u0151sz\u00e1mot vet\u00edtett el\u0151re. Ennek ellen\u00e9re az \u00e9lvonal t\u00f6rt\u00e9net\u00e9nek valaha m\u00e9rt nyolc legalacsonyabb \u00e1tlag n\u00e9z\u0151sz\u00e1m\u00e1b\u00f3l \u00f6t a 2014\u20132022-es peri\u00f3dushoz k\u00f6thet\u0151. Folytat\u00e1s j\u00falius utols\u00f3 h\u00e9tv\u00e9g\u00e9j\u00e9n \u2013 kupacsapataink ekkor m\u00e1r mind j\u00e1t\u00e9kban lesznek.\r\n\r\n<img class=\"alignnone size-full wp-image-4699\" src=\"https:\/\/sport24.24.hu\/app\/uploads\/sites\/24\/2022\/05\/central-0685927643.jpg\" alt=\"\" width=\"2000\" height=\"1330\" \/>\r\n\r\n<span class=\"highlight-block\">J\u00f6het a 2022\/23-as \u00e9vad, amelyben meglepet\u00e9s lenne, ha b\u00e1rmelyik riv\u00e1lis meg tudn\u00e1 t\u00f6rni a Fradi nagy sorozat\u00e1t.<\/span>\r\n\r\nMert, ugye, ott a dominancia, r\u00e1ad\u00e1sul egyel\u0151re tr\u00f3nk\u00f6vetel\u0151 sem nagyon k\u00f6rvonalaz\u00f3dik.\r\n\r\n[prefabricated_shortcode in_app=\"0\" code=\"%3Cdiv%20class%3D%22article_box_border%22%20style%3D%22background%3A%20url%28%27https%3A%2F%2F24.p3k.hu%2Fapp%2Fuploads%2Fsites%2F24%2F2021%2F05%2Fsport24-pattern.png%27%29%20no-repeat%20left%20-16px%20%23f3f3f4%3B%20border%3A%20none%3B%22%3E%0D%0A%3Cdiv%20class%3D%22article_solidheader%22%3E%0D%0A%3Ch2%20style%3D%22color%3A%20%23111115%21important%3B%20font-size%3A%2036px%3B%20font-weight%3A%20bold%3B%20margin-bottom%3A%2030px%3B%20margin-top%3A%2020px%3B%20text-align%3A%20center%3B%20line-height%3A%2036px%3B%22%3E%3Cimg%20class%3D%22aligncenter%20size-full%20wp-image-141%22%20src%3D%22https%3A%2F%2F24.p3k.hu%2Fapp%2Fuploads%2Fsites%2F24%2F2021%2F05%2Fs24-logo-dt.png%22%20alt%3D%22%22%20width%3D%22408%22%20height%3D%2290%22%20%2F%3E%3C%2Fh2%3E%0D%0A%3Ch2%20style%3D%22color%3A%20%23111115%21important%3B%20font-size%3A%2036px%3B%20font-weight%3A%20bold%3B%20margin-bottom%3A%2030px%3B%20margin-top%3A%2020px%3B%20text-align%3A%20center%3B%20line-height%3A%2040px%3B%22%3ECsatlakozz%20a%20Sport24%20k%C3%B6z%C3%B6ss%C3%A9ghez%2C%20mondd%20el%20v%C3%A9lem%C3%A9nyedet%20z%C3%A1rt%20Facebook-csoportunkban%2C%20%C3%A9s%20vegy%C3%A9l%20r%C3%A9szt%20csak%20el%C5%91fizet%C5%91knek%20el%C3%A9rhet%C5%91%20exkluz%C3%ADv%20esem%C3%A9nyeinken.%3C%2Fh2%3E%0D%0A%3C%2Fdiv%3E%0D%0A%3Cp%20style%3D%22background%3A%20%2357A600%3B%20margin-top%3A%2020px%3B%20padding%3A%2020px%3B%20text-align%3A%20center%3B%22%3E%3Ca%20style%3D%22color%3A%20%23ffffff%3B%20font-size%3A%2026px%3B%20font-weight%3A%20600%3B%22%20href%3D%22https%3A%2F%2Fwww.facebook.com%2Fgroups%2F212344460412327%22%3ECSATLAKOZOM%3C%2Fa%3E%3C%2Fp%3E%0D%0A%0D%0A%3C%2Fdiv%3E\"]","type":"rich","thumbnail_url":"https:\/\/s.24.hu\/app\/uploads\/sites\/24\/2022\/05\/central-0685928268-2-150x150.jpg","thumbnail_width":150,"thumbnail_height":150}