{"version":"1.0","provider_name":"Sport24","provider_url":"https:\/\/sport24.24.hu","author_name":"Fut\u00f3 Csaba","author_url":"https:\/\/sport24.24.hu\/author\/futocs\/","title":"R\u00f3zsasz\u00edn v\u00e9c\u00e9pap\u00edr-gurig\u00e1kkal b\u00facs\u00faztatt\u00e1k a m\u00e1sodoszt\u00e1lyba zuhant Bordeaux-t","html":"Tudjuk, ki volt 2008-2009-ben a francia bajnoks\u00e1g legjobb j\u00e1t\u00e9kosa? Maga a szikr\u00e1z\u00f3an j\u00f3 <strong>Yohan Gourcuff<\/strong>. Legjobb edz\u0151je? Az a <strong>Laurent Blanc<\/strong>, aki nem sokra r\u00e1 a francia v\u00e1logatott sz\u00f6vets\u00e9gi kapit\u00e1nya lett. Legjobb v\u00e9d\u0151je? <strong>Souleymane Diawara<\/strong>, a \u201cszeneg\u00e1li szikla\u201d. Mindh\u00e1rman annak a Girondins de Bordeaux-nak voltak a tagjai, amely akkoriban 80 ponttal nyerte a bajnoks\u00e1got.\r\n\r\n<span class=\"highlight-block-small\">Az\u00f3ta eltelt 13 \u00e9v, \u00e9s most a Bordeaux az utols\u00f3 helyen, 31 ponttal kiesett a francia \u00e9lvonalb\u00f3l.<\/span>\r\n\r\nBordeaux-ban borzaszt\u00f3an hi\u00e1nyzott a stabilit\u00e1s az elm\u00falt \u00e9vekben. Ami\u00f3ta 2014-ben a kor\u00e1bbi v\u00e1logatott <strong>Willy Sagnolt<\/strong> nevezt\u00e9k ki vezet\u0151edz\u0151nek, 10 edz\u0151t fogyasztottak el, ebb\u0151l a t\u00f6bbs\u00e9g nem j\u00e1tszott 45 meccsn\u00e9l t\u00f6bbet. Tavaly m\u00e1r majdnem kiestek, de egy utols\u00f3 rohamban m\u00e9g siker\u00fclt megkapaszkodniuk, mostanra viszont d\u00f6bbenetesen maguk al\u00e1 licit\u00e1ltak.\r\n\r\nId\u00e9n a Bordeaux-\u00e9 volt Eur\u00f3pa leggyeng\u00e9bb v\u00e9delme: m\u00e9g egy helyi viszonylatban is lesajn\u00e1lt Greuter F\u00fcrth vagy Norwich City is kevesebb g\u00f3lt <a href=\"https:\/\/fbref.com\/en\/comps\/Big5\/Big-5-European-Leagues-Stats\">nyelt be<\/a>, mint \u0151k. A Bordeaux els\u0151 bekapott g\u00f3l n\u00e9lk\u00fcli (clean sheet) meccs\u00e9re \u00e1prilisig kellett v\u00e1rni, mik\u00f6zben olyan mafl\u00e1sokba szaladt bele, mint egy Lyon elleni 6-1, egy Reims elleni 5-0, vagy egy Rennest\u0151l bekapott 6-0. Megt\u00f6rt\u00e9nt, hogy a klub az\u00e9rt bontott szerz\u0151d\u00e9st az egyik fogad\u00f3ipari f\u0151szponzor\u00e1val, mert az a Twitter csatorn\u00e1j\u00e1n a csapaton \u00e9lcel\u0151d\u00f6tt.\r\n\r\n[caption id=\"attachment_4661\" align=\"aligncenter\" width=\"1024\"]<img class=\"wp-image-4661 size-large\" src=\"https:\/\/sport24.24.hu\/app\/uploads\/sites\/24\/2022\/05\/000_32aq2kh-1024x683.jpg\" alt=\"\" width=\"1024\" height=\"683\" \/> Szokv\u00e1nyos k\u00e9p Franciaorsz\u00e1gban, Gaetan Poussin kiveszi a labd\u00e1t a h\u00e1l\u00f3b\u00f3l, miut\u00e1n g\u00f3lt kapott.[\/caption]\r\n\r\nPedig a szezon kezdetkor m\u00e9g l\u00f3gott n\u00e9mi fant\u00e1zia a leveg\u0151ben. A csapat edz\u0151je az a <strong>Vladimir Petkovic<\/strong> lett, aki Sv\u00e1jc sz\u00f6vets\u00e9gi kapit\u00e1nyak\u00e9nt sz\u00e9pet menetelt a ny\u00e1ri Eur\u00f3pa-bajnoks\u00e1gon, ugyanakkor int\u0151 jel is volt, hogy klubszinten k\u00f6zel \u00fcres bizony\u00edtv\u00e1nyt tudott felmutatni. Petkovicot a borzalmas eredm\u00e9nyek l\u00e1tt\u00e1n <strong>David Guionra<\/strong> cser\u00e9lt\u00e9k, aki a Stade de Reimsszal m\u00e9g eur\u00f3pai helyek\u00e9rt is futott (\u00e9pp a MOL Vidi akasztotta meg) \u00e9s egy csendes, konszolid\u00e1lt, v\u00e9dekez\u0151 t\u00edpus\u00fa focit lehetett t\u0151le elv\u00e1rni \u2013 olyat, amire azt gondoln\u00e1nk, egy kies\u00e9s ellen k\u00fczd\u0151 csapatnak sz\u00fcks\u00e9ge lehet.\r\n\r\nA v\u00e1lt\u00e1s egy\u00e1ltal\u00e1n nem j\u00f6tt be. Am\u00edg Petkovic meccsenk\u00e9nt 0,87 pontot hozott, addig Guion 0,62-ig jutott. A v\u00e9delemet csak n\u00e9mi kozmetik\u00e1z\u00e1s \u00e9rte: m\u00edg kor\u00e1bban 2,5 g\u00f3lt nyeltek be, k\u00e9s\u0151bb m\u00e1r csak 2,2-t. Maga Guion is \u00fagy fogalmazott m\u00e9g az utols\u00f3 fordul\u00f3 el\u0151tt, hogy nem \u00e9rdemlik meg, hogy a Ligue 1-ben j\u00e1tsszanak.\r\n<div class=\"payable-content-section\"><\/div>\r\nA kudarc nemcsak az edz\u0151kre vezethet\u0151 vissza.\r\n\r\n<span class=\"highlight-block-small\">A Bordeaux kerete egyszerre vegy\u00edti a k\u00f6z\u00e9pszer\u0171t a siralmassal.\u00a0<\/span>\r\n\r\nA Boavist\u00e1t\u00f3l elhozott <strong>Alberth Elis<\/strong> 9 g\u00f3lig jutott, miel\u0151tt egy s\u00falyosabb s\u00e9r\u00fcl\u00e9s t\u00f6nkrev\u00e1gta volna a szezonj\u00e1t. Egy m\u00e1sik Porgut\u00e1li\u00e1b\u00f3l (Braga) hozott j\u00e1t\u00e9kos, <strong>Fransergio<\/strong> ugyanakkor a szezon legrosszabb igazol\u00e1sa-c\u00edmre p\u00e1ly\u00e1zik. <strong>M\u2019Baye Niang<\/strong> a Rennes-ben t\u00f6lt\u00f6tt k\u00e9t id\u00e9nye alatt mindk\u00e9tszer 10 g\u00f3l felett j\u00e1rt, id\u00e9n viszont 22 meccsen nem jutott tov\u00e1bb 3 tal\u00e1latn\u00e1l, cser\u00e9be eg\u00e9sz szezonban \u00e9rdektelen focival \u00e9s a szakmai igazgat\u00f3j\u00e1val val\u00f3 \u00f6sszet\u0171z\u00e9s\u00e9vel tudott kit\u0171nni. A v\u00e9delem pill\u00e9reinek sz\u00e1m\u00edt\u00f3 <strong>Ot\u00e1vi\u00f3t<\/strong> \u00e9s <strong>Laurent Koscielnyt<\/strong> janu\u00e1rban az\u00e9rt k\u00fcldt\u00e9k el, mert t\u00fal magas volt a fizet\u00e9s\u00fck. Ha <strong>Joshua Guilavoguira<\/strong> eml\u00e9kszik m\u00e9g valaki, akkor \u00faj inform\u00e1ci\u00f3 lehet, hogy m\u00e9g mindig csak 31 \u00e9ves.\r\n\r\nBordeaux-ban t\u00f6bbsz\u00f6r is pattan\u00e1sig fesz\u00fclt a helyzet. <strong>Benoit Costil<\/strong>, a csapat kapusa egy veres\u00e9g alkalm\u00e1val \u00f6sszeverekedett a szurkol\u00f3kkal, akik \u00e9rdekes m\u00f3don nagyon j\u00f3 kapcsolatot \u00e1polnak a klub tulajdonos\u00e1val, <strong>G\u00e9rard Lopezzel<\/strong>.\r\n\r\nLopez alig egy \u00e9ve vette \u00e1t a klub ir\u00e1ny\u00edt\u00e1s\u00e1t. Kor\u00e1bban a francia bajnoki c\u00edmig jut\u00f3 Lille-t vezette, \u00e1m a t\u00f6bbs\u00e9gi tulajdonos t\u0151kealap jelezte, hogy az \u00fczleti c\u00e9lok nem teljes\u00fcltek az elv\u00e1rt \u00fctemben, ez\u00e9rt mennie kellett. Lopez a v\u00e1ls\u00e1gban a maga jav\u00e1ra tudta ford\u00edtani a szurkol\u00f3i el\u00e9gedetlens\u00e9get \u00e9s olyanokat nyilatkozott a veres\u00e9gek ut\u00e1n, hogy \u201da szurkol\u00f3knak \u00e9s nekem is eleg\u00fcnk van\u201d, vagy \u201colyan, mintha a j\u00e1t\u00e9kosok testv\u00e9rei l\u00e9pn\u00e9nek p\u00e1ly\u00e1ra\u201d, vagy hogy a j\u00e1t\u00e9kosok \u201c\u00fagy j\u00e1tszanak, mintha egy kioldott k\u00e9zigr\u00e1n\u00e1t lenne a kez\u00fckben.\u201d\r\n\r\n[caption id=\"attachment_4662\" align=\"aligncenter\" width=\"1024\"]<img class=\"wp-image-4662 size-large\" src=\"https:\/\/sport24.24.hu\/app\/uploads\/sites\/24\/2022\/05\/000_32ap8hz-1-1024x683.jpg\" alt=\"\" width=\"1024\" height=\"683\" \/> A Bordeaux szurkol\u00f3i vil\u00e1gos \u00fczenetet \u00edrtak ki az utols\u00f3 meccsen: ti vagytok a Girondins de Bordeaux sz\u00e9gyenei.[\/caption]\r\n\r\nLopezt\u0151l nem idegen ez a vezet\u00e9si m\u00f3dszer. A recept \u00e1ltal\u00e1ban az, hogy \u00e1tvesz egy elad\u00f3sodott klubot, k\u00f6nny\u00edt a b\u00e9rkereten, beh\u00faz n\u00e9h\u00e1ny mesteri igazol\u00e1st \u00e9s az eg\u00e9szet tov\u00e1bbadja egy k\u00f6vetkez\u0151 tulajdonosnak. A Lille-n\u00e9l ez t\u00f6k\u00e9letesen bev\u00e1lt: amikor meg\u00e9rkezett, szinte egyb\u0151l elengedte a r\u00e9gi b\u00fatornak sz\u00e1m\u00edt\u00f3 Vincent Enyeam\u00e1t \u00e9s Rio Mavub\u00e1t, majd olyan aranyr\u00f6g\u00f6ket zsebelt be, mint <strong>Victor Osimhen<\/strong>, <strong>Nicolas P\u00e9p\u00e9<\/strong>, <strong>Gabriel Magalhaes<\/strong>, vagy m\u00e1sodik hull\u00e1mban <strong>Jonathan David<\/strong>, <strong>Sven Botman<\/strong>, <strong>Renato Sanches<\/strong> vagy <strong>Reinildo<\/strong>. Csakhogy ezek nem Lopez igazol\u00e1sai voltak, hanem <strong>Luis Campos\u00e9<\/strong>, a klub kor\u00e1bbi szakmai igazgat\u00f3j\u00e1\u00e9.\r\n\r\nA Bordeaux-ban viszont nyoma sincs se Camposnak, se Camposhoz foghat\u00f3 szakembernek. Ad\u00f3ss\u00e1gb\u00f3l viszont ann\u00e1l t\u00f6bb jut: a francia ellen\u0151rz\u0151 szervezet (DNCG) jelent\u00e9se szerint a teljes francia bajnoks\u00e1g tavaly 645 milli\u00f3 eur\u00f3s vesztes\u00e9get realiz\u00e1lt, ebb\u0151l a Bordeaux 67 milli\u00f3s deficitje a 4. legnagyobb volt a mez\u0151nyben. Koscielny-t \u00e9s Ot\u00e1vi\u00f3t ez\u00e9rt k\u00fcldt\u00e9k el, mik\u00f6zben a kor\u00e1bban <strong>Jules Kound\u00e9\u00e9rt<\/strong> \u00e9s <strong>Aur\u00e9lien Tchouam\u00e9ni\u00e9rt<\/strong> kapott hasznokat olyan j\u00e1t\u00e9kosokra forgatt\u00e1k vissza, mint <strong>Edson Mexer<\/strong> vagy <strong>R\u00e9mi Oudin<\/strong>. Lopez fi\u00f3kcsapata, a belga Mouscron j\u00e1t\u00e9kosai id\u0151k\u00f6zben sztr\u00e1jkba fogtak, ami\u00e9rt h\u00f3napokat cs\u00faszott a fizet\u00e9s\u00fck. Mindezek \u00f6nmagukban nem komoly m\u00e9rf\u00f6ldk\u00f6vek, de egy el\u00e9g cs\u00fafos \u00f6sszk\u00e9pet festenek le a bordeaux-i \u00e1llapotokr\u00f3l.\r\n\r\nAz igazi szimb\u00f3lum m\u00e9gis az utols\u00f3 el\u0151tti meccsen j\u00f6tt el, amikor m\u00e1r csak halv\u00e1nyan pisl\u00e1kol\u00f3 matematikai es\u00e9ly\u00fck maradt a bentmarad\u00e1sra. A szurkol\u00f3k \u201c140 \u00e9ves t\u00f6rt\u00e9nelm\u00fcnk sz\u00e9gyenei vagytok\u201d, \u00e9s \u201cszarok vagytok\u201d-felirat\u00fa molin\u00f3kat raktak ki a lel\u00e1t\u00f3kra \u00e9s r\u00f3zsasz\u00edn v\u00e9c\u00e9pap\u00edr-gurig\u00e1kkal \u00fczent\u00e9k meg, mit gondolnak a Bordeaux sors\u00e1r\u00f3l.\r\n<blockquote class=\"twitter-tweet\">\r\n<p dir=\"ltr\" lang=\"fr\">Sans commentaire <a href=\"https:\/\/twitter.com\/girondins?ref_src=twsrc%5Etfw\">@girondins<\/a> <a href=\"https:\/\/t.co\/IygMZHR1yD\">pic.twitter.com\/IygMZHR1yD<\/a><\/p>\r\n\u2014 Hichem (@Hichem33600) <a href=\"https:\/\/twitter.com\/Hichem33600\/status\/1525558525539549184?ref_src=twsrc%5Etfw\">May 14, 2022<\/a><\/blockquote>\r\n<script async src=\"https:\/\/platform.twitter.com\/widgets.js\" charset=\"utf-8\"><\/script>\r\n\r\n<strong>Gr\u00e9gory Sertic<\/strong>, a klub kor\u00e1bbi j\u00e1t\u00e9kosa t\u00f6bbsz\u00f6r is lenyilatkozta, hogy nyoma nincs m\u00e1r annak a csal\u00e1dias klubnak, ami akkor volt jellemz\u0151, amikor ott j\u00e1tszott.\r\n\r\n<span class=\"highlight-block-small\">A szakmai st\u00e1bban dolgoz\u00f3<strong> Jaroslav Plasil<\/strong> az Angers elleni veres\u00e9g alkalm\u00e1val a k\u00f6nnyeivel k\u00fcszk\u00f6d\u00f6tt a kispadon.<\/span>\r\n\r\nHa minden a terv szerint halad, a francia bajnoks\u00e1g 2023-2024-t\u0151l \u00fajra 18 csapatos lesz, (b\u00e1r a h\u00edrek szerint ezt m\u00e9g el\u0151r\u00e9bb hozhatj\u00e1k a d\u00f6nt\u00e9shoz\u00f3k). L\u00e1tva a Bordeaux-ban uralkod\u00f3 \u00e1llapotokat, nem egyhamar fogjuk \u0151ket viszontl\u00e1tni a francia \u00e9lvonalban.","type":"rich","thumbnail_url":"https:\/\/s.24.hu\/app\/uploads\/sites\/24\/2022\/05\/000_32aq2mz-e1653220176864-150x150.jpg","thumbnail_width":150,"thumbnail_height":150}