{"version":"1.0","provider_name":"Sport24","provider_url":"https:\/\/sport24.24.hu","author_name":"Bruckner G\u00e1bor","author_url":"https:\/\/sport24.24.hu\/author\/brucknerg\/","title":"Akkor most vil\u00e1gklasszis Jorginho vagy nem?","html":"Jorge Luiz Frello Filho, azaz <strong>Jorginho<\/strong> Braz\u00edli\u00e1ban sz\u00fcletett 1991. december 20-\u00e1n, de futballkarrierj\u00e9t nagyon kor\u00e1n meghat\u00e1rozta olasz k\u00f6t\u0151d\u00e9se: 15 \u00e9ves kor\u00e1ban ker\u00fclt csal\u00e1dj\u00e1val It\u00e1li\u00e1ba. Ez nem meglep\u0151, hiszen velencei sz\u00e1rmaz\u00e1s\u00fa d\u00e9dapja r\u00e9v\u00e9n Jorginh\u00f3nak olasz \u00e1llampolg\u00e1rs\u00e1ga is volt.\r\n\r\nA Hellas Verona ificsapat\u00e1ban kezdte el r\u00fagni a b\u0151rt, innen ker\u00fclt 2010-ben, 18 \u00e9vesen az els\u0151 csapathoz. A 2010\/11-es \u00e9vadot m\u00e9g k\u00f6lcs\u00f6nben t\u00f6lt\u00f6tte a negyedoszt\u00e1lyban, \u00e1m 2013-ban m\u00e1r alapemberk\u00e9nt v\u00edvta ki a s\u00e1rga-k\u00e9kekkel az \u00e9lvonalba jut\u00e1st. A veronaiak mez\u00e9ben mutatkozott be a Serie A-ban 2013 \u0151sz\u00e9n, s a Napoli az els\u0151 adand\u00f3 alkalommal felfigyelt r\u00e1.\r\n\r\nhttps:\/\/www.youtube.com\/watch?v=egyWknP7wn8\r\n\r\nM\u00e1r a t\u00e9li id\u0151szakban leigazolt\u00e1k \u0151t a k\u00e9kmezesek, s m\u00e9g azon a tavaszon olasz kupagy\u0151ztes lett az akkor m\u00e9g <strong>Rafa Ben\u00edtez<\/strong> vezette csapattal. B\u00e1r a spanyol mesternek <strong>Ra\u00fal Albiolt\u00f3l Marek Hamsikon<\/strong> \u00e1t <strong>Dries Mertensig<\/strong> \u00e9s <strong>Lorenzo Insign\u00e9ig<\/strong> sok neves j\u00e1t\u00e9kos \u00e1llt rendelkez\u00e9s\u00e9re, a j\u00e1t\u00e9k m\u00e9gis sablonosnak \u00e9s kisz\u00e1m\u00edthat\u00f3nak t\u0171nt, az olasz bajnoks\u00e1gban pedig ekkoriban csak egy-egy harmadik \u00e9s \u00f6t\u00f6dik helyre futotta az egy\u00fcttesnek, mindk\u00e9tszer 24 ponttal lemaradva a gy\u0151ztes Juventust\u00f3l.\r\n\r\n2015-ben <strong>Maurizio Sarri<\/strong> lett a Napoli edz\u0151je, aki \u00e9lete els\u0151 \u00e9lvonalbeli munk\u00e1j\u00e1t kapta. A k\u00f6vetkez\u0151 h\u00e1rom \u00e9vben a n\u00e1polyiak rengeteg semleges szurkol\u00f3 sz\u00edv\u00e9be lopt\u00e1k be magukat a Sarri n\u00e9vjegy\u00e9nek sz\u00e1m\u00edt\u00f3 r\u00f6vidpasszos, kombinat\u00edv, de <strong>Pep Guardiol\u00e1\u00e9hoz<\/strong> k\u00e9pest valamivel direktebb j\u00e1t\u00e9kkal, amit a sajt\u00f3ban gyakran \u201em\u00e9lys\u00e9gi tiki-taka\u201d n\u00e9vvel illettek.\r\n\r\n<span class=\"highlight-block\">Ez az id\u0151szak hozta el Jorginho karrierj\u00e9nek felvir\u00e1gz\u00e1s\u00e1t is: <\/span>\r\n\r\nSarri rendszer\u00e9ben klasszikus, olasz t\u00edpus\u00fa regista, azaz m\u00e9lys\u00e9gi ir\u00e1ny\u00edt\u00f3 volt, aki a v\u00e9delem el\u0151tt j\u00e1tszva nem a v\u00e9dekez\u00e9s\u00e9vel \u00e9s a fizikai erej\u00e9vel, hanem a labd\u00e1s j\u00e1t\u00e9k\u00e1val \u00e9s a passzaival t\u0171nt ki. A Napoli a p\u00e1lya baloldal\u00e1t t\u00falt\u00f6ltve, a labd\u00e1t m\u00e9lys\u00e9gben mozgatva csalogatta ki az ellenfeleket, ahol Jorginho a v\u00e9delem el\u0151tt \u0151rj\u00e1ratozva t\u00f6k\u00e9letes tri\u00f3t alkotott a k\u00f6z\u00e9ps\u0151 k\u00f6z\u00e9pp\u00e1ly\u00e1s <strong>Allannal<\/strong> \u00e9s a magasabban, majdhogynem t\u00edzesk\u00e9nt j\u00e1tsz\u00f3 Hamsikkal (aki az ellenf\u00e9l v\u00e9d\u0151vonalai k\u00f6z\u00f6tt a Napoli t\u00e1mad\u00e1sainak egyik gy\u00fajt\u00f3pontja volt). Sarri els\u0151 szezonj\u00e1ban Jorginho 5,6-del a mai napig a legmagasabb xA (v\u00e1rhat\u00f3 g\u00f3lpassz) mutat\u00f3j\u00e1t produk\u00e1lta. Ez azon l\u00f6v\u00e9sek xG-\u00e9rt\u00e9k\u00e9nek az \u00f6sszege, amelyeket \u0151 k\u00e9sz\u00edtett el\u0151. Jorginho azonban m\u00e1r ekkoriban sem legink\u00e1bb a g\u00f3lpasszok\u00e9rt, hanem a labd\u00e1k felv\u00e9tel\u00e9\u00e9rt \u00e9s elosztogat\u00e1s\u00e1\u00e9rt felelt a t\u00e1mad\u00e1s els\u0151 k\u00e9t f\u00e1zis\u00e1ban. Ezt a legjobban az xGBuildup m\u00e9ri. Ez a mutat\u00f3 az xGChain-hez hasonl\u00f3an kumul\u00e1lja az \u00f6sszes olyan t\u00e1mad\u00e1s xG-\u00e9rt\u00e9k\u00e9t, amelyben a j\u00e1t\u00e9kos r\u00e9szt vett, \u00e1m ebb\u0151l kivonja a j\u00e1t\u00e9kos saj\u00e1t kulcspasszait(xA) \u00e9s l\u00f6v\u00e9seit (xG). A 2015\/16-os Serie A-\u00e9vad eg\u00e9sz mez\u0151ny\u00e9ben k\u00e9t Napoli-j\u00e1t\u00e9kos, Hamsik(22,34) \u00e9s Jorginho(21,75) \u00e1llt az els\u0151 k\u00e9t helyen. E k\u00e9t j\u00e1t\u00e9kos labda\u00e9rint\u00e9sei adt\u00e1k teh\u00e1t a Sarriball lelk\u00e9t.\r\n<div class=\"payable-content-section\"><\/div>\r\nhttps:\/\/www.youtube.com\/watch?v=jZR9mknSkDs\r\n\r\nSarri 2018-ban elv\u00e1llalta \u00e9lete els\u0151 k\u00fclf\u00f6ldi munk\u00e1j\u00e1t: a Chelsea csapat\u00e1n\u00e1l v\u00e1ltotta<strong> Antonio Cont\u00e9t<\/strong>. lett. Hogy Jorginho mennyire fontos volt az \u0151 rendszer\u00e9ben, azt mi sem mutatja jobban, mint hogy Jorginh\u00f3t a londoni k\u00e9kek a tr\u00e9nerrel egy id\u0151ben igazolt\u00e1k le. Sarri egy\u00e9bk\u00e9nt h\u00e1rom \u00e9vvel kor\u00e1bban az Empolib\u00f3l is t\u00f6bb j\u00e1t\u00e9kos\u00e1t mag\u00e1val vitte a Napolihoz, ez\u00fattal azonban egyed\u00fcl Jorginho tartott vele kor\u00e1bbi csapat\u00e1b\u00f3l. Egy megb\u00edzhat\u00f3 m\u00e9lys\u00e9gi ir\u00e1ny\u00edt\u00f3hoz Sarrinak Londonban is sz\u00fcks\u00e9ge volt.\r\n\r\nA k\u00eds\u00e9rlet felem\u00e1s eredm\u00e9nnyel z\u00e1rult,\r\n\r\n<span class=\"highlight-block\">Jorginho sok kritik\u00e1t kapott els\u0151 angliai \u00e9v\u00e9ben. <\/span>\r\n\r\nA Chelsea k\u00fcl\u00f6n\u00f6sen a rangad\u00f3kon szenvedett, amelyeken az ellenfelek agressz\u00edv let\u00e1mad\u00e1st alkalmaztak, \u00e9s Jorginh\u00f3ra gyakran k\u00fcl\u00f6n, emberfog\u00e1ssal \u00fcgyeltek. A brazil-olasz ir\u00e1ny\u00edt\u00f3nak \u00edgy nem maradt el\u00e9g ter\u00fclete a megszokott passzokhoz, \u00e9s fizikailag sem tudott alkalmazkodni az er\u0151s presszinghez. Az \u0151 esete t\u00f6k\u00e9letesen megmutatta, hogy a k\u00e9t \u00e9vtizeddel kor\u00e1bban a legtaktikusabbnak tartott olasz bajnoks\u00e1g mennyire lemaradt a Premier League-hez k\u00e9pest, amelyben a k\u00fclf\u00f6ldi edz\u0151k id\u0151k\u00f6zben a modern futball szinte \u00f6sszes taktikai innov\u00e1ci\u00f3j\u00e1t elhozt\u00e1k a szigetorsz\u00e1gba, leg\u00fajabban Pep Guardiola \u00e9s <strong>J\u00fcrgen Klopp<\/strong> j\u00f3volt\u00e1b\u00f3l. Az egykoron a v\u00e9dekez\u00e9s nagymester\u00e9nek tartott Serie A-ban a modern futballt meghat\u00e1roz\u00f3 agressz\u00edv, kompakt, passzs\u00e1vok lez\u00e1r\u00e1s\u00e1ra \u00e9p\u00fcl\u0151 let\u00e1mad\u00e1st nemhogy a kiscsapatok, de m\u00e9g az \u00e9lcsapatok is ritk\u00e1n haszn\u00e1lj\u00e1k. A Premier League-hez vagy a Bundeslig\u00e1hoz k\u00e9pest sokkal nagyobb ter\u00fcleten zajlik a j\u00e1t\u00e9k, \u00edgy egy Jorginh\u00f3hoz hasonl\u00f3, fizikailag nem kiemelked\u0151 j\u00e1t\u00e9kosnak m\u00e9g a v\u00e9delem el\u0151tt j\u00e1tszva, a p\u00e1lya k\u00f6zep\u00e9n is rendelkez\u00e9s\u00e9re \u00e1llnak azok a ter\u00fcletek, amelyek a Manchester City vagy a Liverpool dar\u00e1l\u00f3j\u00e1ban egyszer\u0171en nem l\u00e9teznek. Ennek \u00e9kes p\u00e9ld\u00e1j\u00e1t l\u00e1thattuk 2019 febru\u00e1rj\u00e1ban, amikor a k\u00e9kmezesek megsemmis\u00edt\u0151, 6-0-s veres\u00e9get szenvedtek Guardiola Manchester Cityj\u00e9t\u0151l.\r\n\r\n<img class=\"alignnone size-full wp-image-4639\" src=\"https:\/\/sport24.24.hu\/app\/uploads\/sites\/24\/2022\/05\/jorginho1.png\" alt=\"\" width=\"1280\" height=\"720\" \/>\r\n\r\nA m\u00e1r eml\u00edtett, r\u00e9gim\u00f3di v\u00e9dekez\u00e9s egy\u00e9bk\u00e9nt Sarri csapataira is jellemz\u0151. Ennek Jorginho v\u00e9dekez\u0151 k\u00f6z\u00e9pp\u00e1ly\u00e1sk\u00e9nt Angli\u00e1ban is k\u00e1rvallottja lett. B\u00e1r az Olaszorsz\u00e1gban m\u00e9g mindig gyakran haszn\u00e1latos emberfog\u00e1s (gondoljunk az Allegri-f\u00e9le Juventusra) helyett Sarri egy\u00e9rtelm\u0171en z\u00f3nav\u00e9dekez\u00e9st j\u00e1tszatott csapataival, ezekb\u0151l \u00e1ltal\u00e1ban hi\u00e1nyoznak azok a csapd\u00e1z\u00f3 mozg\u00e1sok, amelyekkel a Liverpool m\u00e1r a saj\u00e1t tizenhatosukn\u00e1l meg tudja zavarni az ellenfelek labdakihozatalait. Sarri csapata az eml\u00edtett 0-6 alkalm\u00e1val is k\u00e9ptelen volt nyom\u00e1st gyakorolni a manchesteriek labdakihozatalaira, folyamatos \u00fctemk\u00e9s\u00e9sben volt a g\u00e1rda, az \u00e9gsz\u00ednk\u00e9kek pontosan \u00fagy csalogatt\u00e1k ki a k\u00f6z\u00e9pp\u00e1ly\u00e1jukat, ahogyan Sarri szerette volna azt l\u00e1tni saj\u00e1t csapat\u00e1t\u00f3l\u2026 Jorginh\u00f3nak \u00edgy a v\u00e9delem el\u0151tt j\u00e1tszva hatalmas ter\u00fcletet kellett volna lev\u00e9dekeznie, amit fizikai p\u00e1rharcok helyett a passzok lef\u00fclel\u00e9s\u00e9vel akart volna megoldani \u2013 nem sok sikerrel.\r\n\r\n<img class=\"alignnone size-full wp-image-4640\" src=\"https:\/\/sport24.24.hu\/app\/uploads\/sites\/24\/2022\/05\/jorginho2.png\" alt=\"\" width=\"1280\" height=\"720\" \/>\r\n\r\nSarri azonban r\u00f6videsen t\u00e1vozott Angli\u00e1b\u00f3l, \u00e9s 2019 nyar\u00e1n a kor\u00e1bbi klublegenda, <strong>Frank Lampard<\/strong> vette \u00e1t a londoni K\u00e9keket, \u0151 azonban m\u00e1sf\u00e9l \u00e9v alatt nem v\u00e1ltotta be a hozz\u00e1 f\u0171z\u00f6tt rem\u00e9nyeket. Labdabirtokl\u00e1sban a csapat soha nem volt kell\u0151en magabiztos, \u00e9s egy id\u0151 ut\u00e1n a kezdetben \u00edg\u00e9retes let\u00e1mad\u00e1sintenzit\u00e1sa is v\u00e9szesen lecs\u00f6kkent. Pedig Lampard gyakran kifejezetten t\u00e1mad\u00f3 szellemben \u00e1ll\u00edtotta \u00f6ssze k\u00f6z\u00e9pp\u00e1ly\u00e1j\u00e1t 4-3-3-as vagy 4-2-3-1-es fel\u00e1ll\u00e1sban: a v\u00e9delem el\u0151tt Jorginho t\u00e1rsa duplasz\u0171r\u0151ben sokszor a kifejezetten labda\u00fcgyes k\u00f6z\u00e9pp\u00e1ly\u00e1s horv\u00e1t k\u00f6z\u00e9pp\u00e1ly\u00e1s, <strong>Mateo Kovacic<\/strong> volt. Ez v\u00e9dekez\u00e9sben t\u00f6rv\u00e9nyszer\u0171en \u00e9reztette a hat\u00e1s\u00e1t, \u00e9s ami m\u00e9g rosszabb: a rendszer hi\u00e1nyoss\u00e1gai miatt t\u00e1mad\u00e1sban sem siker\u00fclt profit\u00e1lni bel\u0151le.\r\n\r\n2020 tavasz\u00e1n \u2013 Lampard eddigi egyetlen kies\u00e9ses BL-p\u00e1rharc\u00e1ban \u2013 a Bayern M\u00fcnchen agressz\u00edv let\u00e1mad\u00e1sa teljesen elsz\u00edvta a leveg\u0151t a Jorginho, Kovacic du\u00f3 el\u0151l. A Chelsea az al\u00e1bbi k\u00e9pen is \u00edvel\u00e9sre k\u00e9nyszer\u00fcl.\r\n\r\n<img class=\"alignnone size-full wp-image-4641\" src=\"https:\/\/sport24.24.hu\/app\/uploads\/sites\/24\/2022\/05\/jorginho3.png\" alt=\"\" width=\"1798\" height=\"850\" \/>\r\n\r\n2021 tel\u00e9re a Chelsea a Premier League k\u00f6z\u00e9pmez\u0151ny\u00e9be s\u00fcllyedt vissza. Ugyan a j\u00e1rv\u00e1ny miatt gyors\u00edtott temp\u00f3ban megrendezett id\u00e9ny felbor\u00edtotta a ritmust, meg kell jegyezn\u00fcnk: hi\u00e1ba <strong>Ziyech, Havertz<\/strong> vagy \u00e9ppen <strong>Werner<\/strong> leigazol\u00e1sa, Lampard nem tudott r\u00e1juk m\u0171k\u00f6d\u0151 rendszert \u00e9p\u00edteni.\r\n\r\n<span class=\"highlight-block-small\">Ut\u00f3lag Jorginho a sajt\u00f3ban is kritiz\u00e1lta akkori menedzser\u00e9t, mondv\u00e1n: Lampard j\u00e1t\u00e9kosk\u00e9nt legend\u00e1nak sz\u00e1m\u00edt a Chelsea-n\u00e9l, edz\u0151k\u00e9nt m\u00e9gsem \u00e1ll k\u00e9szen egy ilyen nagy klub ir\u00e1ny\u00edt\u00e1s\u00e1ra.<\/span>\r\n\r\nLampard ut\u00f3dja<strong> Thomas Tuchel<\/strong> lett, aki amellett, hogy gyorsan stabiliz\u00e1lta a csapat v\u00e9dekez\u00e9s\u00e9t, gyorsan adta \u00e1t sikeresen j\u00e1t\u00e9kosainak a Guardiol\u00e1t\u00f3l ellesett poz\u00edci\u00f3s j\u00e1t\u00e9k alapelveit. A 3-4-2-1-es vagy 3-4-1-2-es fel\u00e1ll\u00e1s j\u00f3l illeszkedett a n\u00e9met edz\u0151 j\u00e1t\u00e9kst\u00edlus\u00e1hoz: a h\u00e1rom bels\u0151 v\u00e9d\u0151 stabilit\u00e1st adott a v\u00e9delem k\u00f6zep\u00e9n, a h\u00e1rom bels\u0151 t\u00e1mad\u00f3s rendszer Havertz \u00e9s <strong>Werner<\/strong> sz\u00e1m\u00e1ra is helyet tal\u00e1lt. Jorginho pedig m\u00e9lys\u00e9gi ir\u00e1ny\u00edt\u00f3k\u00e9nt hat\u00e9kony p\u00e1rost alkotott <strong>N\u2019Golo Kant\u00e9val,<\/strong> hiszen a francia sz\u0171r\u0151 fizikuma \u00e9s v\u00e9d\u0151munk\u00e1ja kit\u0171n\u0151en kompenz\u00e1lta Jorginho labda elleni hi\u00e1nyoss\u00e1gait.\r\n\r\nErre l\u00e1thatunk egy p\u00e9ld\u00e1t az al\u00e1bbi k\u00e9pen: a Chelsea nagyszer\u0171en v\u00e9dekezi le a City labdaj\u00e1rat\u00e1s\u00e1t a 2021-es BL-d\u00f6nt\u0151ben. A h\u00e1rom bels\u0151 v\u00e9d\u0151 a p\u00e1lya k\u00f6zep\u00e9t \u0151rzi, Kant\u00e9 agressz\u00edven kil\u00e9p a labd\u00e1sra, m\u00edg Jorginho \u2013 picit h\u00e1tr\u00e9bb \u2013 a passzs\u00e1vot z\u00e1rja.\r\n\r\n<img class=\"alignnone size-full wp-image-4642\" src=\"https:\/\/sport24.24.hu\/app\/uploads\/sites\/24\/2022\/05\/jorginho4.png\" alt=\"\" width=\"1280\" height=\"720\" \/>\r\n\r\n<span class=\"highlight-block-small\">Tuchel h\u00faz\u00e1sa az\u00e9rt volt zseni\u00e1lis, mert ezzel a fel\u00e1ll\u00e1ssal csapata k\u00e9pes volt uralni a p\u00e1lya k\u00f6zep\u00e9t, mind labdabirtokl\u00e1sban, mind v\u00e9dekez\u00e9sben. <\/span>\r\n\r\nA kisebb csapatok ellen egyre jobban n\u00e9zett ki a poz\u00edci\u00f3s j\u00e1t\u00e9k, a Bajnokok Lig\u00e1j\u00e1ban pedig a v\u00e9dekez\u00e9sben \u00e9s a kontraj\u00e1t\u00e9kban remekelt Tuchel csapata \u00ad\u2013 olyannyira, hogy a Chelsea 2012 ut\u00e1n ism\u00e9t Eur\u00f3pa tr\u00f3nj\u00e1ra \u00fclhetett, miut\u00e1n a d\u00f6nt\u0151ben Havertz g\u00f3lj\u00e1val legy\u0151zte a Guardiola vezette Manchester Cityt. Ahogyan kilenc \u00e9vvel kor\u00e1bban, ez\u00fattal is beugr\u00f3 edz\u0151vel lett BL-gy\u0151ztes a Chelsea \u2013 \u00e1m ez\u00fattal kev\u00e9sb\u00e9 a szerencs\u00e9nek \u00e9s sokkal ink\u00e1bb a min\u0151s\u00e9gi j\u00e1t\u00e9knak k\u00f6sz\u00f6nhet\u0151en.\r\n\r\nJorginho a mostani szezonban is legt\u00f6bbsz\u00f6r Kant\u00e9val egy\u00fctt foglalta el a p\u00e1lya k\u00f6zep\u00e9t. Igaz, az \u00e9vad v\u00e9ge fel\u00e9 mind kevesebbszer j\u00e1tszotta v\u00e9gig a 90 percet, a Real Madrid elleni p\u00e1rharc t\u00f6bb mint 210 perc\u00e9b\u0151l \u00f6sszesen 78-at t\u00f6lt\u00f6tt a p\u00e1ly\u00e1n; a visszav\u00e1g\u00f3n Kovacic volt Kant\u00e9 t\u00e1rsa. Hogy a k\u00e9t j\u00e1t\u00e9kos kieg\u00e9sz\u00edti egym\u00e1st, azt a Chelsea-ben mutatott sz\u00e1maik is bizony\u00edtj\u00e1k. Mivel az idei PL-szezonban Jorginho n\u00e9mileg t\u00f6bbet (2285 perc) j\u00e1tszott, mint Kant\u00e9 (1697 perc), \u00edgy kettej\u00fck mutat\u00f3it \u00e9rdemes 90 perccel \u00e1tlagolva elemezni. \u00a0Erre vet\u00edtve Jorginho 0,64-es, m\u00edg Kant\u00e9 0,61-es xGChain mutat\u00f3t produk\u00e1lt eddig a szezonban, azaz nagyj\u00e1b\u00f3l hasonl\u00f3 m\u00e9rt\u00e9kben j\u00e1rulnak hozz\u00e1 csapatuk helyzetkialak\u00edt\u00e1saihoz. Ugyanakkor az xGbuildup-mutat\u00f3 90 percre vet\u00edtve Jorginh\u00f3n\u00e1l 0,6, Kant\u00e9 eset\u00e9ben viszont 0,4, vagyis a brazil-olasznak fontosabb szerepe van a labdakihozatalok megindul\u00e1s\u00e1ban. Mindek\u00f6zben a 90 percre vet\u00edtett v\u00e1rhat\u00f3 g\u00f3lpassz mutat\u00f3juk (xA) 0,11-es \u00e9rt\u00e9kkel teljesen megegyezik.\r\n\r\n<span class=\"highlight-block-small\">Jorginho j\u00e1t\u00e9ka az \u00e9vek sor\u00e1n teh\u00e1t nagyban f\u00fcgg\u00f6tt az adott liga taktikai kontextus\u00e1t\u00f3l \u00e9s att\u00f3l, hogy mennyire illeszkedett az \u00e9ppen aktu\u00e1lis edz\u0151 csapat\u00e1ba. <\/span>\r\n\r\nA 2014-t\u0151l napjainkig \u00f6sszes\u00edtett legfontosabb statisztik\u00e1it lentebb l\u00e1thatjuk. Ebb\u0151l lesz\u0171rhetj\u00fck, hogy a t\u00e1mad\u00e1s\u00e9p\u00edt\u00e9sben t\u00f6rt\u00e9n\u0151 r\u00e9szv\u00e9tele (xGChain, xGBuildup) az angliai id\u0151szakban n\u00e9mileg visszaesett, k\u00fcl\u00f6n\u00f6sen a kezdeti neh\u00e9zs\u00e9gek, illetve a Lampard-korszak sikertelens\u00e9ge ok\u00e1n. A mostani \u00e9vadban azonban szinte az \u00f6sszes relev\u00e1ns statisztik\u00e1ban javul\u00f3 tendenci\u00e1t mutat.\r\n\r\n<img class=\"alignnone size-full wp-image-4644\" src=\"https:\/\/sport24.24.hu\/app\/uploads\/sites\/24\/2022\/05\/jorginho_understat.png\" alt=\"\" width=\"1416\" height=\"484\" \/>\r\n\r\nAz olasz v\u00e1logatottban Jorginho neh\u00e9z utat j\u00e1rt be, mire stabil csapattagg\u00e1 v\u00e1lt. M\u00e9g 2016 m\u00e1rcius\u00e1ban, Antonio Conte ir\u00e1ny\u00edt\u00e1sa alatt mutatkozott be egy spanyolok elleni bar\u00e1ts\u00e1gos m\u00e9rk\u0151z\u00e9sen, de a franciaorsz\u00e1gi Eur\u00f3pa-bajnoks\u00e1gon nem ker\u00fclt a keretbe. Conte ut\u00f3dja, <strong>Gian Piero Ventura<\/strong> 2016 \u00e9s 2017 k\u00f6z\u00f6tt nem sz\u00e1molt vele \u2013 eg\u00e9szen az utols\u00f3 m\u00e9rk\u0151z\u00e9s\u00e9ig, amikor is a Sv\u00e9dorsz\u00e1g elleni vb-p\u00f3tselejtez\u0151 visszav\u00e1g\u00f3j\u00e1n szorult helyzetben dobta egyb\u0151l a kezd\u0151be. Az olaszok az idegenbeli 1-0-s veres\u00e9get k\u00f6vet\u0151en hazai p\u00e1ly\u00e1n is csak g\u00f3l n\u00e9lk\u00fcli d\u00f6ntetlent tudtak el\u00e9rni, \u00edgy 60 \u00e9v ut\u00e1n lemaradtak a vil\u00e1gbajnoks\u00e1gr\u00f3l.\r\n\r\nVentura ut\u00f3dja, <strong>Roberto Mancini<\/strong> a kezdett\u0151l fogva alapemberk\u00e9nt sz\u00e1molt Jorginh\u00f3val, \u00e9s a v\u00e1logatottszinthez k\u00e9pest meglep\u0151en szervezett poz\u00edci\u00f3s j\u00e1t\u00e9kot val\u00f3s\u00edtott meg a csapattal. A 4-1-4-1-es v\u00e9dekez\u00e9s t\u00e1mad\u00e1sban leggyakrabban 3-2-4-1-re v\u00e1ltott \u00e1t, Jorginho pedig a p\u00e1lya k\u00f6zep\u00e9n olyan j\u00e1tsz\u00f3t\u00e1rsakat kapott, mint <strong>Marco Veratti<\/strong> vagy \u00e9ppen <strong>Manuel Locatelli<\/strong>. B\u00e1r a t\u00f6bb hasonl\u00f3 t\u00edpus\u00fa j\u00e1t\u00e9kos id\u0151nk\u00e9nt kiss\u00e9 kioltotta egym\u00e1st, Mancini csapata \u00f6sszess\u00e9g\u00e9ben j\u00f3val olajozottabban m\u0171k\u00f6d\u00f6tt az \u00e1tlagos v\u00e1logatottn\u00e1l. Erre l\u00e1thatunk p\u00e9ld\u00e1t a t\u00f6r\u00f6k\u00f6k elleni 3-0-s olasz gy\u0151zelemmel v\u00e9gz\u0151d\u0151 Eb-nyit\u00f3meccsr\u0151l, amelyen a labdabirtokl\u00e1sban kialak\u00edtott h\u00e1rmas v\u00e9d\u0151sor a Jorginho, Locatelli p\u00e1rossal egy\u00fctt tot\u00e1lisan domin\u00e1lja az ellenf\u00e9l rendk\u00edv\u00fcl rendezetlen k\u00f6z\u00e9pp\u00e1ly\u00e1j\u00e1t.\r\n\r\n<img class=\"alignnone size-full wp-image-4645\" src=\"https:\/\/sport24.24.hu\/app\/uploads\/sites\/24\/2022\/05\/jorginho5-1.png\" alt=\"\" width=\"1280\" height=\"720\" \/>\r\n\r\nA sztori t\u00f6bbi r\u00e9sze unalomig ismert: az egy \u00e9vvel k\u00e9s\u0151bbre halasztott Eur\u00f3pa-bajnoks\u00e1gon k\u00f6nny\u0171 menetel\u00e9s a csoportban, neh\u00e9z meccsek a kies\u00e9ses szakaszban, majd Jorginho tizenegyest hib\u00e1zik a d\u00f6nt\u0151ben, Olaszorsz\u00e1g ennek ellen\u00e9re Eb-arany\u00e9rmes.\r\n\r\nJorginho m\u00e9gis a 2021-es Aranylabda egyik v\u00e1rom\u00e1nyosa lett.\r\n\r\n<span class=\"highlight-block\">Sokakat megosztott a k\u00e9rd\u00e9s: val\u00f3ban vil\u00e1gklasszisk\u00e9nt emlegethetj\u00fck-e? <\/span>\r\n\r\nHa figyelembe vessz\u00fck, hogy a taktikailag mindink\u00e1bb lemarad\u00f3 Serie A-b\u00f3l \u00e9rkezett a Premier League-be, tal\u00e1n nemleges v\u00e1laszt kapunk: az angol bajnoks\u00e1g \u201ehatos\u201d poszton m\u00e1st k\u00f6vetel meg egy j\u00e1t\u00e9kost\u00f3l, mint az olasz. Azzal is \u00e9rvelhetn\u00e9nk, hogy egy vil\u00e1gklasszis j\u00e1t\u00e9kos nem hib\u00e1zik a d\u00f6nt\u0151 pillanatokban \u2013 gondoljunk csak a Real Madrid idei BL-menetel\u00e9s\u00e9re \u2013, m\u00e1rpedig Jorginho az Eb-d\u00f6nt\u0151ben kihagyott tizenegyese mellett a vil\u00e1gbajnoki selejtez\u0151sorozatban Sv\u00e1jc ellen mindk\u00e9t meccsen hib\u00e1zott a b\u00fcntet\u0151pontr\u00f3l, ez az olaszoknak a csoport els\u0151 hely\u00e9be ker\u00fclt, a p\u00f3tselejtez\u0151ben pedig elv\u00e9rzett az Eur\u00f3pa-bajnok.\r\n\r\nUgyanakkor egyetlen futballist\u00e1t sem lehet csak \u00f6nmag\u00e1ban \u00e9rtelmezni: a csapatj\u00e1t\u00e9k egyik l\u00e9nyege, hogy a k\u00fcl\u00f6nb\u00f6z\u0151 profilok kompenz\u00e1lni tudj\u00e1k egym\u00e1s gyenges\u00e9geit, mik\u00f6zben kidombor\u00edtj\u00e1k a m\u00e1sik er\u0151ss\u00e9geit.\r\n\r\n[prefabricated_shortcode in_app=\"0\" code=\"%3Cdiv%20class%3D%22article_box_border%22%20style%3D%22background%3A%20url%28%27https%3A%2F%2F24.p3k.hu%2Fapp%2Fuploads%2Fsites%2F24%2F2021%2F05%2Fsport24-pattern.png%27%29%20no-repeat%20left%20-16px%20%23f3f3f4%3B%20border%3A%20none%3B%22%3E%0D%0A%3Cdiv%20class%3D%22article_solidheader%22%3E%0D%0A%3Ch2%20style%3D%22color%3A%20%23111115%21important%3B%20font-size%3A%2036px%3B%20font-weight%3A%20bold%3B%20margin-bottom%3A%2030px%3B%20margin-top%3A%2020px%3B%20text-align%3A%20center%3B%20line-height%3A%2036px%3B%22%3E%3Cimg%20class%3D%22aligncenter%20size-full%20wp-image-141%22%20src%3D%22https%3A%2F%2F24.p3k.hu%2Fapp%2Fuploads%2Fsites%2F24%2F2021%2F05%2Fs24-logo-dt.png%22%20alt%3D%22%22%20width%3D%22408%22%20height%3D%2290%22%20%2F%3E%3C%2Fh2%3E%0D%0A%3Ch2%20style%3D%22color%3A%20%23111115%21important%3B%20font-size%3A%2036px%3B%20font-weight%3A%20bold%3B%20margin-bottom%3A%2030px%3B%20margin-top%3A%2020px%3B%20text-align%3A%20center%3B%20line-height%3A%2040px%3B%22%3ECsatlakozz%20a%20Sport24%20k%C3%B6z%C3%B6ss%C3%A9ghez%2C%20mondd%20el%20v%C3%A9lem%C3%A9nyedet%20z%C3%A1rt%20Facebook-csoportunkban%2C%20%C3%A9s%20vegy%C3%A9l%20r%C3%A9szt%20csak%20el%C5%91fizet%C5%91knek%20el%C3%A9rhet%C5%91%20exkluz%C3%ADv%20esem%C3%A9nyeinken.%3C%2Fh2%3E%0D%0A%3C%2Fdiv%3E%0D%0A%3Cp%20style%3D%22background%3A%20%2357A600%3B%20margin-top%3A%2020px%3B%20padding%3A%2020px%3B%20text-align%3A%20center%3B%22%3E%3Ca%20style%3D%22color%3A%20%23ffffff%3B%20font-size%3A%2026px%3B%20font-weight%3A%20600%3B%22%20href%3D%22https%3A%2F%2Fwww.facebook.com%2Fgroups%2F212344460412327%22%3ECSATLAKOZOM%3C%2Fa%3E%3C%2Fp%3E%0D%0A%0D%0A%3C%2Fdiv%3E\"]","type":"rich","thumbnail_url":"https:\/\/s.24.hu\/app\/uploads\/sites\/24\/2022\/05\/gettyimages-1327352692-150x150.jpg","thumbnail_width":150,"thumbnail_height":150}