{"version":"1.0","provider_name":"Sport24","provider_url":"https:\/\/sport24.24.hu","author_name":"Bruckner G\u00e1bor","author_url":"https:\/\/sport24.24.hu\/author\/brucknerg\/","title":"Az a csapat nyerte az elm\u00falt \u00e9vek legjobb hangulat\u00fa d\u00f6nt\u0151j\u00e9t, amelynek nem kellett kil\u00e9pnie a komfortz\u00f3n\u00e1b\u00f3l","html":"N\u00e9h\u00e1ny h\u00f3nappal ezel\u0151tt m\u00e9g kevesen gondolhatt\u00e1k, hogy az Eur\u00f3pa Liga d\u00f6nt\u0151j\u00e9t az Eintracht Frankfurt \u00e9s a Rangers j\u00e1tssza majd. \u00dagy t\u0171nt, hogy a n\u00e9metekn\u00e9l nem a legjobban s\u00fcl el az edz\u0151v\u00e1lt\u00e1s, hiszen r\u00f6gt\u00f6n a szezon elej\u00e9n a harmadoszt\u00e1ly\u00fa SV Waldhof Mannheim b\u00facs\u00faztatta a g\u00e1rd\u00e1t N\u00e9met Kup\u00e1t\u00f3l. Azt\u00e1n az <strong>Adi H\u00fcttert<\/strong> v\u00e1lt\u00f3 <strong>Oliver Glasnerrel<\/strong> a kispadon a Bundeslig\u00e1ban eg\u00e9szen okt\u00f3berig egyetlen meccset sem siker\u00fclt nyerni\u00fck a frankfurtiaknak, \u00e9s v\u00e9g\u00fcl \u00f6sszesen t\u00edz gy\u0151zelemmel a 11. helyen fejezt\u00e9k be a n\u00e9met bajnoks\u00e1got.\r\n\r\nA Rangers az el\u0151z\u0151 \u00e9vadban<strong> Steven Gerrard<\/strong> ir\u00e1ny\u00edt\u00e1s\u00e1val a klub 2012-es felsz\u00e1mol\u00e1s\u00e1t \u00e9s negyedoszt\u00e1lyba t\u00f6rt\u00e9n\u0151 sz\u00e1m\u0171z\u00e9s\u00e9t k\u00f6vet\u0151en el\u0151sz\u00f6r tudta megnyerni a sk\u00f3t bajnoks\u00e1got, de a sikeredz\u0151 a most zajl\u00f3 szezon k\u00f6zben az Aston Villa csapat\u00e1hoz t\u00e1vozott. B\u00e1r a hely\u00e9t a klubot kor\u00e1bban j\u00e1t\u00e9kosk\u00e9nt er\u0151s\u00edt\u0151 \u00e9s a Feyenoorddal holland bajnoki c\u00edmet szerz\u0151 <strong>Giovanni van Bronckhorst<\/strong> vette \u00e1t, a Celtic visszaszerezte tr\u00f3nt a sk\u00f3t \u00e9lvonalban.\r\n\r\n<span class=\"highlight-block-small\">R\u00e1ad\u00e1sul az Eur\u00f3pa Liga egyenes kies\u00e9ses szakasz\u00e1nak is olyan, n\u00e1luk j\u00f3val es\u00e9lyesebb egy\u00fcttesek v\u00e1gtak neki, mint az Barcelona, a Napoli, az Atalanta, a Dortmund, a West Ham vagy \u00e9ppen az RB Leipzig. <\/span>\r\n\r\n\u00c1m a Dortmundot \u00e9s a Leipziget a Rangers, a Barcelon\u00e1t \u00e9s a West Hamet pedig a Frankfurt b\u00facs\u00faztatta, \u00edgy j\u00f6tt \u00f6ssze az elm\u00falt \u00e9vek tal\u00e1n legjobb hangulat\u00fa fin\u00e1l\u00e9ja, amelyben egyik csapat sem tekintette vigasz\u00e1gnak az Eur\u00f3pa Lig\u00e1t. R\u00e1ad\u00e1sul olyan k\u00e9kbe \u00e9s feh\u00e9rbe \u00f6lt\u00f6z\u00f6tt szurkol\u00f3k t\u00f6lt\u00f6tt\u00e9k meg a Ram\u00f3n S\u00e1nchez-Pizju\u00e1n stadiont, akik pontosan tiszt\u00e1ban voltak vele, hogy tal\u00e1n ez lesz \u00e9let\u00fck m\u00e9rk\u0151z\u00e9se.\r\n\r\nA k\u00e9t d\u00f6nt\u0151s csapat menetel\u00e9s\u00e9ben kulcsszerepet j\u00e1tszott, hogy a kor\u00e1bbi p\u00e1rharcaikban nem nekik kellett felv\u00e1llalni a domin\u00e1ns szerepet, \u00edgy a meccs el\u0151tt a legfontosabb k\u00e9rd\u00e9s az volt: kinek kell majd ilyen szempontb\u00f3l kil\u00e9pnie a komfortz\u00f3n\u00e1j\u00e1b\u00f3l. Azt m\u00e1r a kezd\u0151csapatok alapj\u00e1n sejteni lehetett, hogy a sk\u00f3t bajnoks\u00e1gban domin\u00e1nsabb futballt j\u00e1tsz\u00f3 Rangers lesz az, amely ink\u00e1bb igyekszik a labd\u00e1val mag\u00e1hoz ragadni a kezdem\u00e9nyez\u00e9st.\r\n\r\n<img class=\"alignnone size-full wp-image-4630\" src=\"https:\/\/sport24.24.hu\/app\/uploads\/sites\/24\/2022\/05\/kezdocsapatok_megjobb-3.png\" alt=\"\" width=\"597\" height=\"759\" \/>\r\n<div class=\"payable-content-section\"><\/div>\r\nMerthogy Oliver Glasner a n\u00e9met oldalon gyakorlatilag nem szolg\u00e1lt semmif\u00e9le meglepet\u00e9ssel, a csapata a megszokott 3-4-2-1-es hadrendben \u00e1llt fel, \u00e9s szem\u00e9lyi k\u00e9rd\u00e9sekben is csak k\u00e9t fontos v\u00e1ltoz\u00e1s t\u00f6rt\u00e9nt. <strong>Martin Hinteregger<\/strong> nem tudott fel\u00e9p\u00fclni a West Ham elleni visszav\u00e1g\u00f3n \u00f6sszeszedett s\u00e9r\u00fcl\u00e9s\u00e9b\u0151l, ez\u00e9rt \u0151t a v\u00e9delemben <strong>Almamy Toure<\/strong> v\u00e1ltotta<strong> Tuta <\/strong>\u00e9s <strong>Ndicka<\/strong> mellett, viszont a t\u00e1mad\u00f3h\u00e1rmasba m\u00e9g az el\u0151d\u00f6nt\u0151 els\u0151 felvon\u00e1s\u00e1n megs\u00e9r\u00fcl\u0151 <strong>Jasper Lindstr\u00f6m<\/strong> visszat\u00e9rhetett <strong>Kamada Daicsi<\/strong> \u00e9s<strong> Rafael Borr\u00e9<\/strong> mell\u00e9.\r\n\r\nA m\u00e1sik oldalon m\u00e1r el\u0151zetesen is sokkal t\u00f6bb volt a k\u00e9rd\u00e9s, els\u0151sorban azzal kapcsolatban, hogy Van Bronckhorst mik\u00e9nt reag\u00e1l az ellenf\u00e9l alapfel\u00e1ll\u00e1s\u00e1ra, \u00e9s a sz\u00e1rnyv\u00e9d\u0151k \u2013 <strong>Ansgar Knauff<\/strong>, de els\u0151sorban a Frankfurt legvesz\u00e9lyesebb j\u00e1t\u00e9kosa, <strong>Filip Kostic<\/strong> \u2013 \u00e1ltal jelentett vesz\u00e9lyre. A holland edz\u0151 az el\u0151d\u00f6nt\u0151 m\u00e1sodik m\u00e9rk\u0151z\u00e9s\u00e9n a szint\u00e9n 3-4-2-1-ben fel\u00e1ll\u00f3 RB Leipzig ellen \u00fagy d\u00f6nt\u00f6tt, hogy let\u00fckr\u00f6zi a riv\u00e1lis hadrendj\u00e9t, \u00e9s <strong>John Lundstramot<\/strong> visszarendelve a k\u00f6z\u00e9pp\u00e1ly\u00e1r\u00f3l a v\u00e9delembe \u0151 is h\u00e1rom bels\u0151 v\u00e9d\u0151vel \u00e1llt fel, ezzel megakad\u00e1lyozva, hogy az ellenf\u00e9l a k\u00f6z\u00e9pp\u00e1ly\u00e1n \u00e9s sz\u00e9less\u00e9gben is l\u00e9tsz\u00e1mf\u00f6l\u00e9nyes helyzeteket tudjon kialak\u00edtani. Az volt az egyetlen m\u00e9rk\u0151z\u00e9s a szezonban, amikor a sk\u00f3tok ezt a form\u00e1ci\u00f3t v\u00e1lasztott\u00e1k, \u00e9s b\u00e1r k\u00e9zenfekv\u0151 lett volna ugyanezt alkalmazni a fin\u00e1l\u00e9ban is, Van Bronckhorst m\u00e9gis a 4-3-3 mellett d\u00f6nt\u00f6tt.\r\n\r\nA Rangers edz\u0151j\u00e9nek d\u00f6nt\u00e9se miatt is el\u00e9g egy\u00e9rtelm\u0171 meccsk\u00e9p alakult ki az els\u0151 f\u00e9lid\u0151ben. A sk\u00f3t csapat ugyan megpr\u00f3b\u00e1lt a labd\u00e1val \u00e9p\u00edtkezni, az Eintracht Frankfurt az esetek t\u00falnyom\u00f3 t\u00f6bbs\u00e9g\u00e9ben ezeket a k\u00eds\u00e9rletez\u00e9seket cs\u00edr\u00e1j\u00e1ban elfojtotta, hogy az ut\u00e1n direkt m\u00f3don tudja t\u00e1madni az ellenf\u00e9l kapuj\u00e1t.\r\n\r\n<img class=\"alignnone size-full wp-image-4615\" src=\"https:\/\/sport24.24.hu\/app\/uploads\/sites\/24\/2022\/05\/1-kep-4.png\" alt=\"\" width=\"3905\" height=\"2197\" \/>\r\n\r\nAz els\u0151 kiemelt jelenetn\u00e9l pedig m\u00e1r az l\u00e1that\u00f3, hogy pontosan mit is pr\u00f3b\u00e1lt megval\u00f3s\u00edtani a Rangers a t\u00e1mad\u00e1s\u00e9p\u00edt\u00e9sek sor\u00e1n. Van Bronckhorst a bajnoks\u00e1gban \u00e9s az Eur\u00f3pa Lig\u00e1ban \u00f6sszesen 13 g\u00f3lt szerz\u0151 \u00e9s 14 g\u00f3lpasszt kioszt\u00f3 <strong>James Taverniert<\/strong> szerette volna min\u00e9l k\u00f6zelebb tolni az ellenf\u00e9l kapuj\u00e1hoz, ez\u00e9rt a jobbh\u00e1tv\u00e9d folyamatosan magas poz\u00edci\u00f3t vett fel a p\u00e1ly\u00e1n, az \u00e9p\u00edtkez\u00e9s sor\u00e1n pedig a k\u00f6z\u00e9pp\u00e1ly\u00e1r\u00f3l John Lundstram l\u00e9pett ki a hely\u00e9re, a jobb oldalra. Ezzel egy\u00fctt a jobbsz\u00e9ls\u0151 <strong>Scott Wright<\/strong> mozgott be a f\u00e9lter\u00fclet ir\u00e1ny\u00e1ba, hogy ott k\u00e9rje el a labd\u00e1t.\r\n\r\nEzzel az alapfel\u00e1ll\u00e1s l\u00e9nyeg\u00e9ben nem v\u00e1ltozott, a Rangers tov\u00e1bbra is 4-3-3-ban pr\u00f3b\u00e1lt \u00e9p\u00edtkezni, de \u00edgy az 5-2-3-as alakzatban v\u00e9dekez\u0151 Frankfurt k\u00f6nnyen l\u00e9tsz\u00e1mf\u00f6l\u00e9nyt alak\u00edthatott ki labda n\u00e9lk\u00fcl. Kamada k\u00f6nnyed\u00e9n ki tudott l\u00e9pni Lundstramra, aki csak a visszamozg\u00f3 Wrightra tudta felpasszolni a labd\u00e1t. Ut\u00f3bbit viszont \u2013 \u00e9ppen Lundstram visszal\u00e9p\u00e9se miatt \u2013 <strong>Sow<\/strong> szabad emberk\u00e9nt vehette fel, \u00e9s ezzel meg is akadt a glasgow-i egy\u00fcttes t\u00e1mad\u00e1sa.\r\n\r\n<img class=\"alignnone size-full wp-image-4616\" src=\"https:\/\/sport24.24.hu\/app\/uploads\/sites\/24\/2022\/05\/2-kep-5.png\" alt=\"\" width=\"3905\" height=\"2197\" \/>\r\n\r\nA 42. percben szint\u00e9n ilyen szitu\u00e1ci\u00f3 alakult ki: Lundstram k\u00f6z\u00e9pp\u00e1ly\u00e1sk\u00e9nt visszal\u00e9pett a jobbh\u00e1tv\u00e9d hely\u00e9re, Tavernier jobbh\u00e1tv\u00e9dk\u00e9nt magas poz\u00edci\u00f3t vett fel, \u00edgy Wrightnak kellett bemozognia a f\u00e9lter\u00fcletbe. \u00c1m \u00edgy Kamada, Sow, Kostic \u00e9s a bal oldali k\u00f6z\u00e9ph\u00e1tv\u00e9d <strong>Ndicka<\/strong> n\u00e9gy a h\u00e1rom elleni l\u00e9tsz\u00e1mf\u00f6l\u00e9nyt tudott kialak\u00edtani az oldalvonal mell\u00e9 szorult Rangersszel szemben, \u00e9s szinte es\u00e9ly sem volt vesz\u00e9lyes helyzet kialak\u00edt\u00e1s\u00e1ra.\r\n\r\n<img class=\"alignnone size-full wp-image-4617\" src=\"https:\/\/sport24.24.hu\/app\/uploads\/sites\/24\/2022\/05\/3-kep-5.png\" alt=\"\" width=\"3905\" height=\"2197\" \/>\r\n\r\nA k\u00e9rd\u00e9s innent\u0151l kezdve az volt, hogy a Rangers hol lesz k\u00e9pes szabad embert tal\u00e1lni, a v\u00e1lasz pedig a hossz\u00fa oldal volt.\u00a0 A Frankfurt ugyanis az 5-2-3-as alakzat\u00e1ban folyamatosan a labda ir\u00e1ny\u00e1ba tol\u00f3dott, ez\u00e9rt a hossz\u00fa oldalon folyamatosan kett\u0151 az egy elleni helyzet alakulhatott ki a n\u00e9metek sz\u00e1rnyv\u00e9d\u0151j\u00e9vel szemben. Ahogyan fent is l\u00e1tszik, Kosticnak egyszerre kellett volna Wrightra \u00e9s Tavernierre is figyelnie. De mivel a Frankfurt a labd\u00e1s oldalon folyamatosan nyom\u00e1st fejthetett ki, a sk\u00f3tok csak elv\u00e9tve tudt\u00e1k gyors labdaj\u00e1rat\u00e1ssal forgatni a j\u00e1t\u00e9kot, \u00e9s megtal\u00e1lni a szabad embert.\r\n\r\n<img class=\"alignnone size-full wp-image-4618\" src=\"https:\/\/sport24.24.hu\/app\/uploads\/sites\/24\/2022\/05\/4-kep-3.png\" alt=\"\" width=\"3905\" height=\"2197\" \/>\r\n\r\nA Rangers j\u00e1t\u00e9kosai az \u00e9p\u00edtkez\u00e9s sor\u00e1n t\u00f6bbsz\u00f6r is azt pr\u00f3b\u00e1lt\u00e1k kihaszn\u00e1lni, hogy a Frankfurt a sz\u00e9lek fel\u00e9 k\u00eds\u00e9rli meg kiszor\u00edtani \u0151ket, \u00e9s a k\u00f6z\u00e9pcsat\u00e1r Rafael Borr\u00e9 feladata volt a k\u00e9t k\u00f6z\u00e9ph\u00e1tv\u00e9d k\u00f6z\u00f6tt helyezkedve a p\u00e1lya megfelez\u00e9se. Viszont \u00edgy a labd\u00e1t birtokl\u00f3 k\u00f6z\u00e9ph\u00e1tv\u00e9dnek \u00e1ltal\u00e1ban b\u0151ven volt ideje feln\u00e9zni, \u00e9s hossz\u00fa labd\u00e1kkal igyekezett kihaszn\u00e1lni a sz\u00e9leken kialakul\u00f3 kett\u0151 az egy elleni helyzeteket. Ebben a szitu\u00e1ci\u00f3ban p\u00e9ld\u00e1ul <strong>Bassey<\/strong> volt az, aki egy keresztlabd\u00e1val igyekezett \u00e1tforgatni a labd\u00e1t Wright \u00e9s Tavernier fel\u00e9. Ez ut\u00e1n azonban a sk\u00f3toknak m\u00e9g p\u00e1rharcokat kellett nyerni\u00fck, \u00e9s a m\u00e1sodik labd\u00e1kat is musz\u00e1j volt gy\u0171jteni\u00fck, \u00edgy pedig ezekb\u0151l a hossz\u00fa labd\u00e1kb\u00f3l csak elv\u00e9tve siker\u00fclt el\u0151ny\u00f6s lehet\u0151s\u00e9get kicsikarni.\r\n\r\n<img class=\"alignnone size-full wp-image-4619\" src=\"https:\/\/sport24.24.hu\/app\/uploads\/sites\/24\/2022\/05\/5-kep-2.png\" alt=\"\" width=\"3905\" height=\"2197\" \/>\r\n\r\nSokkal kedvez\u0151bb helyzet alakult ki akkor, amikor<strong> Goldson<\/strong> a rendelkez\u00e9s\u00e9re \u00e1ll\u00f3 id\u0151t \u00e9s ter\u00fcletet kihaszn\u00e1lva k\u00f6z\u00e9ph\u00e1tv\u00e9dk\u00e9nt el\u0151ret\u00f6rt, \u00e9s mag\u00e1ra tudta h\u00fazni Kamad\u00e1t is, majd egy egyszer\u0171 felpasszal meg tudta j\u00e1tszani a bent helyezked\u0151 Wrightot. Mivel Tavernier ez\u00fattal is magas poz\u00edci\u00f3t vett fel, Kostic figyelme megosztott volt, \u00edgy Wright befordulhatott, \u00e9s az akci\u00f3 v\u00e9g\u00e9n kialakult a sk\u00f3tok els\u0151 tiszta l\u00f6v\u0151helyzete. Ez viszont egy\u00e1ltal\u00e1n nem volt rendszeres, \u00edgy a Frankfurt t\u00f6bbnyire tov\u00e1bbra is sikeresen tudta a vonalak mell\u00e9 szor\u00edtani ellenfel\u00e9t, hogy ott v\u00e9g\u00fcl hib\u00e1ra is k\u00e9nyszer\u00edtse. Az al\u00e1bbi grafik\u00e1n is pontosan l\u00e1tszik, mennyire nem tudott eljutni a k\u00f6z\u00e9ps\u0151 ter\u00fcletekre a Rangers az ellenf\u00e9l t\u00e9rfel\u00e9n.\r\n\r\nhttps:\/\/twitter.com\/StatsBomb\/status\/1527013251241893888\r\n\r\n<img class=\"alignnone size-full wp-image-4620\" src=\"https:\/\/sport24.24.hu\/app\/uploads\/sites\/24\/2022\/05\/6-kep-2.png\" alt=\"\" width=\"3905\" height=\"2197\" \/>\r\n\r\nAhogy arr\u00f3l kor\u00e1bban m\u00e1r sz\u00f3 volt, a meccs el\u0151tt az egyik legfontosabb k\u00e9rd\u00e9s az volt: a Rangers mik\u00e9nt tudja megakad\u00e1lyozni, hogy a Frankfurt a sz\u00e1rnyv\u00e9d\u0151ivel \u00e9s a k\u00e9t t\u00e1mad\u00f3 k\u00f6z\u00e9pp\u00e1ly\u00e1s\u00e1val l\u00e9tsz\u00e1mf\u00f6l\u00e9nyt tudjon kialak\u00edtani a p\u00e1lya k\u00f6zep\u00e9n \u00e9s sz\u00e9less\u00e9gben. Az RB Leipzig elleni meccsel ellent\u00e9tben Van Bronckhorst Lundstramot ez\u00fattal nem dedik\u00e1ltan harmadik k\u00f6z\u00e9ph\u00e1tv\u00e9dk\u00e9nt haszn\u00e1lta, hanem a csapat\u00e1val emberorient\u00e1lt v\u00e9dekez\u00e9st alkalmazva Kamad\u00e1ra \u00e1ll\u00edtotta r\u00e1 a k\u00f6z\u00e9pp\u00e1ly\u00e1st.\r\n\r\nA fenti k\u00e9pen pedig tiszt\u00e1n l\u00e1that\u00f3 az a strukt\u00fara, amelyben a Rangers k\u00f6z\u00e9pmagasan igyekezett v\u00e9dekezni a n\u00e9metekkel szemben. Kamara \u00e9s Jack l\u00e9pett fel k\u00f6z\u00e9pp\u00e1ly\u00e1sk\u00e9nt nyom\u00e1st helyezni a k\u00e9t frankfurti hatosra, <strong>Rod\u00e9ra<\/strong> \u00e9s Sow-ra, Lundstram Kamad\u00e1ra figyelt, a bal oldali k\u00f6z\u00e9ph\u00e1tv\u00e9d Bassey vette fel Lindstr\u00f6m szem\u00e9ly\u00e9ben a m\u00e1sik t\u00e1mad\u00f3 k\u00f6z\u00e9pp\u00e1ly\u00e1st, m\u00edg Goldson t\u00f6bbnyire a k\u00f6z\u00e9pcsat\u00e1r Borr\u00e9ra figyelt.\r\n\r\nEmiatt a k\u00e9t sz\u00e9ls\u0151h\u00e1tv\u00e9dnek, Taverniernek \u00e9s <strong>Barisicnak<\/strong> a figyelme nem volt megosztott, \u00edgy \u0151k nyugodtan kil\u00e9phettek a sz\u00e1rnyv\u00e9d\u0151k\u00e9nt felfut\u00f3 Kosticra \u00e9s Knaufra, nem tartva att\u00f3l, hogy a t\u00e1mad\u00f3 k\u00f6z\u00e9pp\u00e1ly\u00e1sok esetleg szabadon vehetik fel a labd\u00e1t a vonalak k\u00f6z\u00f6tt vagy \u00e9ppen a m\u00f6g\u00f6tt\u00fck megny\u00edl\u00f3 ter\u00fcletben.\r\n\r\n<img class=\"alignnone size-full wp-image-4621\" src=\"https:\/\/sport24.24.hu\/app\/uploads\/sites\/24\/2022\/05\/7-kep-1.png\" alt=\"\" width=\"3905\" height=\"2197\" \/>\r\n\r\nMagas let\u00e1mad\u00e1s eset\u00e9n is tiszt\u00e1n kirajzol\u00f3dott a Rangers emberorient\u00e1lt v\u00e9dekez\u00e9se. Amint a h\u00e1rom t\u00e1mad\u00f3 a h\u00e1rom frankfurti k\u00f6z\u00e9ph\u00e1tv\u00e9dre helyezett nyom\u00e1st, Kamara \u00e9s <strong>Jack<\/strong> feljebb l\u00e9pett Rod\u00e9ra \u00e9s Sowra, Lundstram pedig jobb oldali k\u00f6z\u00e9pp\u00e1ly\u00e1sk\u00e9nt ebben az esetben eg\u00e9szen a k\u00e9t k\u00f6z\u00e9ph\u00e1tv\u00e9d k\u00f6z\u00e9 k\u00f6vette Kamad\u00e1t, ezzel \u00e1tmenetileg \u00f6t\u00f6s v\u00e9delmi l\u00e1ncot alkotva.\r\n\r\n<img class=\"alignnone size-full wp-image-4622\" src=\"https:\/\/sport24.24.hu\/app\/uploads\/sites\/24\/2022\/05\/8.png\" alt=\"\" width=\"3905\" height=\"2197\" \/>\r\n\r\nAzonban ennek a megk\u00f6zel\u00edt\u00e9snek is megvolt a h\u00e1tr\u00e1nya, ugyanis a Frankfurt sok elmozg\u00e1ssal pr\u00f3b\u00e1lt szabad ter\u00fcletet nyerni, ami t\u00f6bb, b\u00e1r kev\u00e9sb\u00e9 vesz\u00e9lyes l\u00f6v\u0151helyzethez is vezetett. A legnagyobb gondot viszont az jelentette a sk\u00f3tok sz\u00e1m\u00e1ra, amikor jobb oldali t\u00e1mad\u00f3 k\u00f6z\u00e9pp\u00e1ly\u00e1sk\u00e9nt Lindstr\u00f6m (majd a lecser\u00e9l\u00e9s\u00e9t k\u00f6vet\u0151en <strong>Hauge<\/strong>) m\u00e9lyebb poz\u00edci\u00f3t vett fel. Mivel a Rangers alapvet\u0151en n\u00e9gy v\u00e9d\u0151vel \u00e1llt fel, ilyenkor Bassey-nek d\u00f6ntenie kellett, hogy k\u00f6veti-e az ember\u00e9t, kock\u00e1ztatva azt, hogy ter\u00fcletet hagy maga m\u00f6g\u00f6tt, egy az egyben hagyva Borr\u00e9t Goldsonnal, vagy \u00e1tadja Lindstr\u00f6m\u00f6t az egyik k\u00f6z\u00e9pp\u00e1ly\u00e1snak. A fenti k\u00e9pen pontosan ez l\u00e1that\u00f3, \u00e9s emiatt Rode teljesen szabadon hozhatta fel a labd\u00e1t. Nem meglep\u0151 m\u00f3don a n\u00e9metek a sz\u00fcnet ut\u00e1n komolyabb mez\u0151nyf\u00f6l\u00e9nyt is ki tudtak harcolni Lindstr\u00f6m akt\u00edvabb visszamozg\u00e1sainak k\u00f6sz\u00f6nhet\u0151en, a Rangers vezet\u00e9st jelent\u0151 g\u00f3lja pedig k\u00f6zel sem a j\u00e1t\u00e9k k\u00e9p\u00e9b\u0151l fakadt.\r\n\r\n<img class=\"alignnone size-full wp-image-4623\" src=\"https:\/\/sport24.24.hu\/app\/uploads\/sites\/24\/2022\/05\/9-kep-1.png\" alt=\"\" width=\"3905\" height=\"2197\" \/>\r\n\r\nA k\u00f6vetkez\u0151 jelenet kiv\u00e1l\u00f3an illusztr\u00e1lja mi t\u00f6rt\u00e9nt akkor, amikor Bassey k\u00f6vette az eg\u00e9szen a saj\u00e1t t\u00e9rfel\u00e9ig visszamozg\u00f3 Lindstr\u00f6m\u00f6t. Toure azonnal \u00e9szlelte a m\u00f6g\u00f6tte megny\u00edl\u00f3 ter\u00fcletet, \u00e9s m\u00e1r k\u00fcldte is a labd\u00e1t el\u0151re, Borr\u00e9 ir\u00e1ny\u00e1ba.\r\n\r\n<img class=\"alignnone size-full wp-image-4624\" src=\"https:\/\/sport24.24.hu\/app\/uploads\/sites\/24\/2022\/05\/10-kep-1.png\" alt=\"\" width=\"3905\" height=\"2197\" \/>\r\n\r\nA kolumbiai csat\u00e1r a mozg\u00e1s\u00e1val mag\u00e1val r\u00e1ntotta Goldsont is a Rangers bal oldal\u00e1ra, az egy pillanattal kor\u00e1bban Bassey-t kimozgat\u00f3 Lindstr\u00f6m pedig m\u00e1ris lend\u00fcletb\u0151l t\u00e1madta az \u00edgy megny\u00edl\u00f3 folyos\u00f3t , \u00e9s csak az egy\u00e9bk\u00e9nt eg\u00e9sz m\u00e9rk\u0151z\u00e9sen kiemelked\u0151en j\u00e1tsz\u00f3 Bassey utols\u00f3 pillanatos k\u00f6zbel\u00e9p\u00e9s\u00e9nek volt k\u00f6sz\u00f6nhet\u0151, hogy nem vezethette ziccerben a kapusra a labd\u00e1t.\r\n\r\n<img class=\"alignnone size-full wp-image-4625\" src=\"https:\/\/sport24.24.hu\/app\/uploads\/sites\/24\/2022\/05\/11-kep-1.png\" alt=\"\" width=\"3905\" height=\"2197\" \/>\r\n\r\nGiovanni van Bronckhorst ezzel a probl\u00e9m\u00e1val eg\u00e9szen a rendes j\u00e1t\u00e9kid\u0151 v\u00e9g\u00e9ig nem tudott mit kezdeni, \u00e9s itt m\u00e1r b\u0151ven Rafael Borr\u00e9 egyenl\u00edt\u0151 g\u00f3lja ut\u00e1n l\u00e1that\u00f3, hogy a cserek\u00e9nt be\u00e1ll\u00f3<strong> Steven Davies<\/strong> k\u00f6veti le a Basic hely\u00e9re kimozg\u00f3 Haug\u00e9t, minek a k\u00f6vetkezt\u00e9ben Rode sz\u00e1m\u00e1ra ny\u00edlt hatalmas ter\u00fclet k\u00f6zvetlen\u00fcl a v\u00e9delem el\u0151tt.\r\n\r\nV\u00e9g\u00fcl a sk\u00f3tok holland edz\u0151je a hosszabb\u00edt\u00e1sra sz\u00e1nta r\u00e1 mag\u00e1t komolyabb szerkezeti \u00e1talak\u00edt\u00e1sra, \u00e9s el\u0151bb az el\u0151zetes v\u00e1rakoz\u00e1soknak megfelel\u0151en Lundstramot tolta vissza jobb oldali k\u00f6z\u00e9ph\u00e1tv\u00e9dnek, 3-4-3-ra alak\u00edtva csapata szerkezet\u00e9t, majd a 101. perct\u0151l a cserek\u00e9nt be\u00e1ll\u00f3 <strong>James Sands<\/strong> vette \u00e1t ezt a szerepk\u00f6rt.\r\n\r\nMaga a m\u00e9rk\u0151z\u00e9s \u00f6sszess\u00e9g\u00e9ben rendk\u00edv\u00fcl hull\u00e1mz\u00f3, de \u00e9ppen emiatt kiegyenl\u00edtett is volt. B\u00e1r a Frankfurt t\u00f6bbsz\u00f6r tudta \u00e9rv\u00e9nyre juttatni a direkt j\u00e1t\u00e9k\u00e1t, \u00e9s v\u00e9g\u00fcl Glasner csapata 22 l\u00f6v\u00e9sig jutott el a Rangers 14 pr\u00f3b\u00e1lkoz\u00e1s\u00e1val szemben, ezeknek a l\u00f6v\u00e9seknek a min\u0151s\u00e9gi \u00e1tlag\u00e1t tekintve a sk\u00f3tok nem maradtak el az ellenfel\u00fckt\u0151l, s\u0151t: a Frankfurt l\u00f6v\u00e9senk\u00e9nt 0,10-es, m\u00edg a Rangers 0,11-es xG \u00e9rt\u00e9ket produk\u00e1lt.\r\n\r\nMindezek mellett a d\u00f6ntetlen ak\u00e1r igazs\u00e1gosnak is mondhat\u00f3 120 perc ut\u00e1n, de v\u00e9g\u00fcl m\u00e9gis az t\u0171nt a legmeghat\u00e1roz\u00f3bbnak, hogy am\u00edg a labd\u00e1val kezdem\u00e9nyez\u0151bb Rangersnek n\u00e9mileg fel kellett adnia azt a futballt, ami eljuttatta eg\u00e9szen a d\u00f6nt\u0151ig, addig\r\n\r\n<span class=\"highlight-block\">a Frankfurtnak nem kellett kil\u00e9pnie a saj\u00e1t komfortz\u00f3n\u00e1j\u00e1b\u00f3l, <\/span>\r\n\r\n\u00e9s emiatt hat\u00e9konyabban is tudta megval\u00f3s\u00edtani a saj\u00e1t j\u00e1t\u00e9k\u00e1t.\r\n\r\nA tizenegyesp\u00e1rbajban persze m\u00e1r nem ez d\u00f6nt\u00f6tt a Frankfurt jav\u00e1ra, hanem a hosszabb\u00edt\u00e1s v\u00e9g\u00e9n m\u00e9g egy \u00f3ri\u00e1si v\u00e9d\u00e9st is bemutat\u00f3<strong> Kevin Trapp<\/strong>, aki h\u00e1r\u00edtotta az alig p\u00e1r perccel kor\u00e1bban be\u00e1ll\u00f3, meccshi\u00e1nyos <strong>Aaron Ramsey<\/strong> tizenegyes\u00e9t.\r\n\r\n[prefabricated_shortcode in_app=\"0\" code=\"%3Cdiv%20class%3D%22article_box_border%22%20style%3D%22background%3A%20url%28%27https%3A%2F%2F24.p3k.hu%2Fapp%2Fuploads%2Fsites%2F24%2F2021%2F05%2Fsport24-pattern.png%27%29%20no-repeat%20left%20-16px%20%23f3f3f4%3B%20border%3A%20none%3B%22%3E%0D%0A%3Cdiv%20class%3D%22article_solidheader%22%3E%0D%0A%3Ch2%20style%3D%22color%3A%20%23111115%21important%3B%20font-size%3A%2036px%3B%20font-weight%3A%20bold%3B%20margin-bottom%3A%2030px%3B%20margin-top%3A%2020px%3B%20text-align%3A%20center%3B%20line-height%3A%2036px%3B%22%3E%3Cimg%20class%3D%22aligncenter%20size-full%20wp-image-141%22%20src%3D%22https%3A%2F%2F24.p3k.hu%2Fapp%2Fuploads%2Fsites%2F24%2F2021%2F05%2Fs24-logo-dt.png%22%20alt%3D%22%22%20width%3D%22408%22%20height%3D%2290%22%20%2F%3E%3C%2Fh2%3E%0D%0A%3Ch2%20style%3D%22color%3A%20%23111115%21important%3B%20font-size%3A%2036px%3B%20font-weight%3A%20bold%3B%20margin-bottom%3A%2030px%3B%20margin-top%3A%2020px%3B%20text-align%3A%20center%3B%20line-height%3A%2040px%3B%22%3ECsatlakozz%20a%20Sport24%20k%C3%B6z%C3%B6ss%C3%A9ghez%2C%20mondd%20el%20v%C3%A9lem%C3%A9nyedet%20z%C3%A1rt%20Facebook-csoportunkban%2C%20%C3%A9s%20vegy%C3%A9l%20r%C3%A9szt%20csak%20el%C5%91fizet%C5%91knek%20el%C3%A9rhet%C5%91%20exkluz%C3%ADv%20esem%C3%A9nyeinken.%3C%2Fh2%3E%0D%0A%3C%2Fdiv%3E%0D%0A%3Cp%20style%3D%22background%3A%20%2357A600%3B%20margin-top%3A%2020px%3B%20padding%3A%2020px%3B%20text-align%3A%20center%3B%22%3E%3Ca%20style%3D%22color%3A%20%23ffffff%3B%20font-size%3A%2026px%3B%20font-weight%3A%20600%3B%22%20href%3D%22https%3A%2F%2Fwww.facebook.com%2Fgroups%2F212344460412327%22%3ECSATLAKOZOM%3C%2Fa%3E%3C%2Fp%3E%0D%0A%0D%0A%3C%2Fdiv%3E\"]","type":"rich","thumbnail_url":"https:\/\/s.24.hu\/app\/uploads\/sites\/24\/2022\/05\/000_32af4w2-150x150.jpg","thumbnail_width":150,"thumbnail_height":150}