{"version":"1.0","provider_name":"Sport24","provider_url":"https:\/\/sport24.24.hu","author_name":"Fut\u00f3 Csaba","author_url":"https:\/\/sport24.24.hu\/author\/futocs\/","title":"R\u00e9g v\u00e1rt d\u00f6nt\u0151k adj\u00e1k vissza a hitet, hogy a futball mindenki\u00e9","html":"Az UEFA marketingesei d\u00f6rzs\u00f6lhetik a tenyer\u00fcket: az idei h\u00e1rom eur\u00f3pai kupad\u00f6nt\u0151ben hat orsz\u00e1g (Anglia, Spanyolorsz\u00e1g, N\u00e9metorsz\u00e1g, Sk\u00f3cia, Olaszorsz\u00e1g \u00e9s Hollandia) csapatai k\u00e9pviseltetik magukat. A Bajnokok Lig\u00e1j\u00e1ban Liverpool\u2013Real Madrid, az Eur\u00f3pa Lig\u00e1ban Glasgow Rangers\u2013Eintracht Frankfurt, az id\u00e9n el\u0151sz\u00f6r megrendezett Konferencia Lig\u00e1ban AS Roma\u2013Feyenoord d\u00f6nt\u0151 lesz. Ez a sz\u00f3r\u00e1s meger\u0151s\u00edtheti azt az \u00fczenetet, amely szerint a futball mindenki\u00e9 \u2013 \u00e9s ez esetben a szurkol\u00f3k Eur\u00f3pa-szerte maguk\u00e9nak \u00e9rezhett\u00e9k a j\u00e1t\u00e9kot. Az el\u0151d\u00f6nt\u0151kben tapasztalt zs\u00fafolt lel\u00e1t\u00f3k \u00e9s a szurkol\u00f3i ekszt\u00e1zis Glasgow-ban, Marseille-ben vagy R\u00f3m\u00e1ban legal\u00e1bbis erre engednek k\u00f6vetkeztetni.\r\n\r\nAz eur\u00f3pai kupasorozatok \u2013 k\u00fcl\u00f6n\u00f6sen a KEK 1999-es megsz\u00fcntet\u00e9se ut\u00e1n \u2013 egyre ink\u00e1bb a toplig\u00e1k bel\u00fcgy\u00e9nek kezdtek sz\u00e1m\u00edtani. A Bajnokok Lig\u00e1j\u00e1ban a k\u00e9tezres \u00e9vek eleje \u00f3ta szinte teljes a spanyol klubdominancia, a Real Madrid \u00e9s a Barcelona \u00f6sszesen t\u00edz tr\u00f3fe\u00e1t nyert meg (Real Madrid 6, Barcelona 4), majdnem annyit, mint a m\u00e1sik h\u00e1rom toplig\u00e1s orsz\u00e1g csapatai \u00f6sszesen (Anglia 5, N\u00e9metorsz\u00e1g \u00e9s Olaszorsz\u00e1g 3-3). Ha a d\u00f6nt\u0151be jutott csapatok sz\u00e1m\u00e1t tekintj\u00fck 2000 \u00e9s 2022 k\u00f6z\u00f6tt, m\u00e9g sz\u00fcrk\u00e9bb a k\u00e9p. A 44 d\u00f6nt\u0151s k\u00f6z\u00fcl mind\u00f6ssze h\u00e1romszor fordult el\u0151, hogy olyan csapat futhatott ki a p\u00e1ly\u00e1ra a fin\u00e1l\u00e9ban, amely nem a top four orsz\u00e1gait k\u00e9pviselte.\r\n\r\n[caption id=\"attachment_4605\" align=\"aligncenter\" width=\"4800\"]<img class=\"size-full wp-image-4605\" src=\"https:\/\/sport24.24.hu\/app\/uploads\/sites\/24\/2022\/05\/043_dpa-pa_220506-99-179939_dpai.jpg\" alt=\"\" width=\"4800\" height=\"3200\" \/> Filip Kostic g\u00f3lj\u00e1t \u00fcnneplik a Frankfurt j\u00e1t\u00e9kosai a West Ham elleni el\u0151d\u00f6nt\u0151n 2022.m\u00e1jus 5-\u00e9n.[\/caption]\r\n\r\n<span class=\"highlight-block-small\">Ilyen volt a m\u00e1ig unik\u00e1lis 2004-es BL-d\u00f6nt\u0151 portug\u00e1l \u00e9s francia r\u00e9szv\u00e9tellel (Porto\u2013Monaco 3-0), valamint a tavalyel\u0151tti fin\u00e1l\u00e9, amelyben a (gazdas\u00e1gi helyzete alapj\u00e1n egy\u00e9bk\u00e9nt a topn\u00e1l is toplig\u00e1sabb) PSG szerepelhetett.<\/span>\r\n\r\nBL-d\u00f6nt\u0151t j\u00e1tsz\u00f3 csapatok sz\u00e1ma 2000 \u00e9s 2022 k\u00f6z\u00f6tt, orsz\u00e1gok szerint:\r\n<ul>\r\n \t<li>14 spanyol<\/li>\r\n \t<li>13 angol<\/li>\r\n \t<li>7-7 olasz \u00e9s n\u00e8met<\/li>\r\n \t<li>2 francia<\/li>\r\n \t<li>1 portug\u00e1l<\/li>\r\n<\/ul>\r\nA soksz\u00edn\u0171bb Eur\u00f3pa Lig\u00e1ban 2000 \u00e9s 2011 k\u00f6z\u00f6tt izgalmas volt a k\u00e9p: \u00f6sszesen h\u00e9t orsz\u00e1g (Anglia, Spanyolorsz\u00e1g, Portug\u00e1lia, Oroszorsz\u00e1g, Ukrajna, Hollandia, T\u00f6r\u00f6korsz\u00e1g) csapatainak siker\u00fclt a gy\u0151zelem. Ezt k\u00f6vet\u0151en azonban be\u00e1llt a BL-rend, a legut\u00f3bbi t\u00edz fin\u00e1l\u00e9 k\u00f6z\u00fcl h\u00e9tszer spanyol, h\u00e1romszor angol csapat nyert\u2026 \u00c9rdekess\u00e9g, \u00e9s alighanem a soksz\u00edn\u0171s\u00e9g ellen hat\u00f3 t\u00e9nyez\u0151, hogy a fenti id\u0151szakban az Eur\u00f3pa Liga d\u00f6nt\u0151iben szerepl\u0151 csapatok k\u00f6zel fele (44-b\u0151l 21) olyan klub volt, amelyik az adott szezonban eredetileg a Bajnokok lig\u00e1j\u00e1ban indult, \u00e9s onnan ker\u00fclt \u00e1tsorol\u00e1sra a kisebbik eur\u00f3pai kupasorozatba. Az \u00faj \u00e9vezredben r\u00f6gt\u00f6n az els\u0151 d\u00f6nt\u0151t k\u00e9t ilyen klub j\u00e1tszotta: 2000, Galatasaray\u2013Arsenal.\r\n\r\nAz idei futballd\u00f6nt\u0151k cs\u00facsa nyilv\u00e1nval\u00f3an a Liverpool\u2013Real Madrid m\u00e9rk\u0151z\u00e9s lesz m\u00e1jus 28-\u00e1n \u2013 egy hatszoros \u00e9s egy tizenh\u00e1romszoros BEK\/BL-gy\u0151ztes meccse. Vajon siker\u00fcl-e a visszav\u00e1g\u00e1s <strong>Salah-nak<\/strong> a n\u00e9gy \u00e9vvel ezel\u0151tti <strong>Sergio Ramos<\/strong>-dzs\u00fad\u00f3jelenet miatt \u2013 vagy <strong>Ancelotti<\/strong> szerzi meg negyedik BL-c\u00edm\u00e9t edz\u0151k\u00e9nt? A nagy meccs \u00e1rny\u00e9k\u00e1ban azonban ott vannak azok a p\u00e1ros\u00edt\u00e1sok, amelyek a nyolcvanas \u00e9veket id\u00e9zve nosztalgikus hangulatot keltenek a k\u00f6z\u00e9pkor\u00fa vagy ann\u00e1l id\u0151sebb futballszurkol\u00f3k k\u00f6r\u00e9ben.\r\n\r\n[caption id=\"attachment_4607\" align=\"aligncenter\" width=\"2000\"]<img class=\"size-full wp-image-4607\" src=\"https:\/\/sport24.24.hu\/app\/uploads\/sites\/24\/2022\/05\/000_329j8zt-1.jpg\" alt=\"\" width=\"2000\" height=\"1333\" \/> Rangers -RB Leipzig el\u0151d\u00f6nt\u0151 2022. m\u00e1jus 5-\u00e9n.[\/caption]\r\n\r\n<div class=\"payable-content-section\"><\/div>\r\nAz Eur\u00f3pa Lig\u00e1ban a Barcelon\u00e1t is b\u00facs\u00faztat\u00f3 Eintracht Frankfurt j\u00e1tszik az el\u0151d\u00f6nt\u0151ben a \u201emagyaros\u201d Lipcs\u00e9t kiejt\u0151 Glasgow Rangersszel Sevill\u00e1ban, m\u00e1jus 18-\u00e1n. A Frankfurt gy\u0151zelme megszak\u00edtana egy k\u00ednos sorozatot: huszon\u00f6t \u00e9v ut\u00e1n nyerheti meg n\u00e9met klub ezt a tr\u00f3fe\u00e1t. Az utols\u00f3 sikert a Schalke jegyzi, amely 1997-ben az akkor m\u00e9g UEFA-kupak\u00e9nt fut\u00f3 sorozatban tizenegyesekkel verte az Intert.\r\n\r\n<span class=\"highlight-block-small\">A Frankfurtr\u00f3l sokunknak k\u00e9t magyar juthat az esz\u00e9be: Pusk\u00e1s Ferenc \u00e9s D\u00e9t\u00e1ri Lajos.<\/span>\r\n\r\nEl\u0151bbi n\u00e9gy g\u00f3lt szerzett a Real Madrid mez\u00e9ben a n\u00e9met csapat ellen 7-3-ra megnyert 1960-as BEK-d\u00f6nt\u0151ben \u2013 ut\u00f3bbi pedig egy k\u00e1pr\u00e1zatos szabadr\u00fag\u00e1sg\u00f3llal seg\u00edtette gy\u0151zelemhez az Eintrachtot a Bochum ellen 1988-as N\u00e9met Kupa-d\u00f6nt\u0151ben. A Frankfurtnak egyetlen nemzetk\u00f6zi kupagy\u0151zelme van: 1980-ban UEFA-kup\u00e1t nyert a csapat, abban az eg\u00e9szen kiv\u00e9teles \u00e9vben, amikor a legjobb n\u00e9gy k\u00f6z\u00e9 csak n\u00e9met klubok jutottak be (Bayern, M\u00f6nchengladbach, Frankfurt, Stuttgart).\r\n\r\n[caption id=\"attachment_4602\" align=\"aligncenter\" width=\"2000\"]<img class=\"size-full wp-image-4602\" src=\"https:\/\/sport24.24.hu\/app\/uploads\/sites\/24\/2022\/05\/gettyimages-1213096737.jpg\" alt=\"\" width=\"2000\" height=\"1409\" \/> Karl-Heinz K\u00f6rbel \u00e9s D\u00e9t\u00e1ri Lajos a kup\u00e1val.[\/caption]\r\n\r\nHogy az idei El-d\u00f6nt\u0151 mennyire retr\u00f3meccs, arra az is p\u00e9lda, hogy a Frankurt \u00e9s a Rangers eml\u00e9kezetes BEK-el\u0151d\u00f6nt\u0151t v\u00edvott 1960 tavasz\u00e1n. Akkor a frankfurti 6-1 ut\u00e1n a n\u00e9metek idegenben is nyertek: 6-3-ra. A sk\u00f3tok n\u00e9gy vesztes kupad\u00f6nt\u0151 mellett \u2013 a Frankfurthoz hasonl\u00f3an \u2013 egy nemzetk\u00f6zi tr\u00f3fe\u00e1t \u0151riznek, 1972-b\u0151l. A Rangers a Rennes, a Sporting \u00e9s a Bayern M\u00fcnchen kiver\u00e9se ut\u00e1n a Dinamo Moszkv\u00e1t verte 3-2-re a Camp Nouban (24 ezer n\u00e9z\u0151 el\u0151tt\u2026). Ami a jelent illeti, er\u0151s \u00e9vtized \u00e1ll a Rangers m\u00f6g\u00f6tt: a 2012-es cs\u0151d ut\u00e1n a klubot a negyedik lig\u00e1ba sorolt\u00e1k vissza. A csapat 2016-ban t\u00e9rt vissza a sk\u00f3t Premier League-be, ahol tavaly \u2013 t\u00edz \u00e9v ut\u00e1n \u2013 ism\u00e9t bajnoki c\u00edmet nyert, \u00f6tven\u00f6t\u00f6dik alkalommal. A Rangers EL-d\u00f6nt\u0151be jut\u00e1sa a sk\u00f3t foci sz\u00e1m\u00e1ra is nagy visszat\u00e9r\u00e9s, az utols\u00f3 nemzetk\u00f6zi kupad\u00f6nt\u0151t 2008-ban j\u00e1tszotta sk\u00f3t csapat, akkor ugyancsak a Rangers kapott ki a Zenitt\u0151l.\r\n\r\n[caption id=\"attachment_4604\" align=\"aligncenter\" width=\"2000\"]<img class=\"size-full wp-image-4604\" src=\"https:\/\/sport24.24.hu\/app\/uploads\/sites\/24\/2022\/05\/000_dv312017.jpg\" alt=\"\" width=\"2000\" height=\"1269\" \/> Andrej Arsavin a Rangers-Zenit kupad\u00f6nt\u0151n 2008-ban.[\/caption]\r\n\r\nA Konferencia Lig\u00e1t kimondottan az\u00e9rt hozt\u00e1k l\u00e9tre, hogy a toplig\u00e1s csapatok dominanci\u00e1j\u00e1t m\u00e9rs\u00e9kelj\u00e9k, s min\u00e9l t\u00f6bb perif\u00e9riaorsz\u00e1got helyzetbe hozzanak. (Erre utal az is, hogy a d\u00f6nt\u0151t Tiran\u00e1ban rendezik.) Az \u00f6t legjobb bajnoks\u00e1gb\u00f3l egy-egy csapat vehet r\u00e9szt a sorozatban, mik\u00f6zben az UEFA koefficiensei alapj\u00e1n a 6. \u00e9s 15. helyezett nemzetek k\u00e9t-k\u00e9t, a 16. \u00e9s 50. helyezett orsz\u00e1gok pedig h\u00e1rom-h\u00e1rom klubot ind\u00edthattak. Itt is l\u00e9trej\u00f6tt egy retr\u00f3d\u00f6nt\u0151 (m\u00e1jus 25.), amelybe egy toplig\u00e1s csapat az\u00e9rt csak bejutott: az olasz AS Roma.\r\n\r\n<span class=\"highlight-block-small\">M\u00e1s k\u00e9rd\u00e9s, hogy az olasz klubfoci messze van a kilencvenes \u00e9vekbeli egyeduralomt\u00f3l.<\/span>\r\n\r\nAz \u00faj \u00e9vezredben az UEFA-kup\u00e1t kor\u00e1bban leural\u00f3 olasz klubok k\u00f6z\u00fcl mind\u00f6ssze egy volt k\u00e9pes bejutni az Eur\u00f3pa Liga d\u00f6nt\u0151j\u00e9be: az Inter, amely k\u00e9t \u00e9vvel ezel\u0151tt a Sevill\u00e1t\u00f3l kapott ki 3-2-re. Ez m\u00e9g akkor is k\u00ednos, ha tudjuk, az olasz egyes\u00fcletek \u2013 k\u00fcl\u00f6n\u00f6sen a k\u00e9tezres \u00e9vek els\u0151 \u00e9vtized\u00e9ben \u2013 nem vett\u00e9k komolyan az UEFA-kup\u00e1t, majd annak jogut\u00f3dj\u00e1t, \u00e9s gyakran a B csapatukkal \u00e1lltak ki az EL-meccsekre.\r\n\r\nA csoportk\u00f6rben az AS Roma is \u00edgy tett: emiatt szenvedhetett p\u00e9ld\u00e1ul t\u00f6rt\u00e9nelmi, 6-1-es veres\u00e9get a Bod\u00f8\/Glimt ellen \u2013 a norv\u00e9g csapatot azt\u00e1n a legjobb nyolc k\u00f6z\u00f6tt, imm\u00e1r a legjobb fel\u00e1ll\u00e1s\u00e1ban, v\u00e9g\u00fcl elb\u00facs\u00faztatta a sorozatt\u00f3l. A szertelen r\u00f3mai j\u00e1t\u00e9kosokb\u00f3l <strong>Jos\u00e9 Mourinho<\/strong> tavaszra egys\u00e9ges, szervezett egy\u00fcttest szerkesztett, amely 1991 ut\u00e1n j\u00e1tszhat ism\u00e9t eur\u00f3pai kupad\u00f6nt\u0151t (Inter\u2013Roma 2-0, 0-1). A Frankfurthoz \u00e9s a Rangershez hasonl\u00f3an a r\u00f3maiak is egyszeres nemzetk\u00f6zi kupagy\u0151ztesek, \u00e9s az \u0151 c\u00edm\u00fck dat\u00e1l\u00f3dik a legr\u00e9gebbr\u0151l: 1961-ben a Birmingham elleni p\u00e1ros m\u00e9rk\u0151z\u00e9s ut\u00e1n lett \u00f6v\u00e9k a V\u00e1s\u00e1rv\u00e1rosok Kup\u00e1ja.\r\n\r\n[caption id=\"attachment_4606\" align=\"aligncenter\" width=\"2000\"]<img class=\"size-full wp-image-4606\" src=\"https:\/\/sport24.24.hu\/app\/uploads\/sites\/24\/2022\/05\/gettyimages-1395666275.jpg\" alt=\"\" width=\"2000\" height=\"1333\" \/> Jos\u00e9 Mourinho az AS Roma \u00f6lt\u00f6z\u0151j\u00e9ben miut\u00e1n a Leicester legy\u0151z\u00e9s\u00e9vel a Konferencia Liga d\u00f6nt\u0151j\u00e9be jutott a csapatuk.[\/caption]\r\n\r\n<div class=\"article_box_border\">\r\n<div class=\"article_solidheader\">\r\n<h2>Mourinho t\u00f6rt\u00e9nelmet \u00edrhat<\/h2>\r\n<\/div>\r\nOlasz csapat utolj\u00e1ra 2010-ben szerzett nemzetk\u00f6zi kupatr\u00f3fe\u00e1t, amikor az Inter verte 2-0-ra a BL-d\u00f6nt\u0151ben a Bayern M\u00fcnchent. Azt a gy\u0151ztes csapatot is Jos\u00e9 Mourinho ir\u00e1ny\u00edtotta. A BL-ben kakukktoj\u00e1snak sz\u00e1m\u00edt\u00f3 2004-es fin\u00e1l\u00e9 sor\u00e1n is \u0151 vezette a Port\u00f3t (amellyel 2003-ban UEFA-kup\u00e1t nyert), 2017-ben pedig a Manchester Uniteddel h\u00fazta be az Eur\u00f3pa Lig\u00e1t. Azaz most negyedik csapat\u00e1val is nemzetk\u00f6zi kup\u00e1t nyerhet a sokszor le\u00edrt portug\u00e1l.\r\n\r\n<\/div>\r\nAz olaszok azzal a Feyenoorddal csapnak majd \u00f6ssze a d\u00f6nt\u0151ben, amely kor\u00e1bban k\u00e9tszer m\u00e1r megnyerte az UEFA-kup\u00e1t (1974, 2002), egyszer a BEK-et (1970), egyszer pedig a Vil\u00e1gkup\u00e1t is (1970). Patin\u00e1s futballklub, fantasztikus t\u00f6rt\u00e9nelmi hagyom\u00e1nyokkal, nagy sikerekkel, \u00f3ri\u00e1si j\u00e1t\u00e9kosokkal \u2013 b\u00fcszk\u00e9k lehet\u00fcnk arra, hogy a Feyenoord egyik legend\u00e1ja az 1989 \u00e9s 1995 k\u00f6z\u00f6tt Rotterdamban futballoz\u00f3 Kiprich J\u00f3zsef. Ezzel egy\u00fctt a holland klubfutball sem b\u00fcszk\u00e9lkedhet t\u00fal j\u00f3 eredm\u00e9nyekkel a toplig\u00e1s csapatok \u00e1rny\u00e9k\u00e1ban. Az \u00faj \u00e9vezredben a Feyenoord 2002-es UEFA-kupa gy\u0151zelme (Dortmund 3:2) mellett mind\u00f6ssze egy vesztes El-d\u00f6nt\u0151 jutott a Hollandi\u00e1nak (2017, ManUTD\u2013Ajax 2:0).\r\n\r\nB\u00e1rmilyen eredm\u00e9nyek is sz\u00fcletnek majd a m\u00e1jusi d\u00f6nt\u0151kben, k\u00e9t olyan gy\u0151ztest mindenk\u00e9ppen \u00fcnnepelhet\u00fcnk majd az eur\u00f3pai kupaid\u00e9ny v\u00e9g\u00e9n, amely csod\u00e1latos futballm\u00faltja \u00e9s fanatikus rajong\u00f3t\u00e1bora miatt vil\u00e1gszerte n\u00e9pszer\u0171 klubnak sz\u00e1m\u00edt, a nyolcvanas-kilencvenes \u00e9vekig a kontinens futballj\u00e1nak meghat\u00e1roz\u00f3 szerepl\u0151je volt, a Bajnokok Lig\u00e1j\u00e1t \u00e9s \u00fajabban m\u00e1r az Eur\u00f3pa Lig\u00e1t is leural\u00f3 spanyol-angol tengely mellett azonban hossz\u00fa ideje es\u00e9lye sem volt labd\u00e1ba r\u00fagni. Tal\u00e1n sok futballnosztalgi\u00e1ra hajlamos szurkol\u00f3val egy\u00fctt mondhatom, a magam r\u00e9sz\u00e9r\u0151l id\u00e9n sokkal jobban v\u00e1rom az Eur\u00f3pa Liga \u00e9s a Konferencia Liga d\u00f6nt\u0151j\u00e9t, mint a BL-fin\u00e1l\u00e9t.","type":"rich","thumbnail_url":"https:\/\/s.24.hu\/app\/uploads\/sites\/24\/2022\/05\/gettyimages-1397783171-150x150.jpg","thumbnail_width":150,"thumbnail_height":150}