{"version":"1.0","provider_name":"Sport24","provider_url":"https:\/\/sport24.24.hu","author_name":"Bruckner G\u00e1bor","author_url":"https:\/\/sport24.24.hu\/author\/brucknerg\/","title":"A kupad\u00f6nt\u0151 is megmutatta, mennyit fejl\u0151d\u00f6tt a Fradi a Csercseszov-\u00e9ra kezdeti neh\u00e9zs\u00e9gei \u00f3ta","html":"A k\u00e9t csapat k\u00f6z\u00fcl tal\u00e1n a paksiak \u00f6ssze\u00e1ll\u00edt\u00e1sa okozta a kisebb meglepet\u00e9st, <strong>Bogn\u00e1r Gy\u00f6rgy<\/strong> egy\u00fcttese a szok\u00e1sos 3-5-2-es hadrendben \u00e1llt fel. A kapuban a Vasassal \u00f6t \u00e9ve m\u00e1r kupad\u00f6nt\u0151s <strong>Nagy Gergely<\/strong> \u00e1llt, a v\u00e9delem belsej\u00e9t <strong>Lenzs\u00e9r, Sz\u00e9lp\u00e1l<\/strong> \u00e9s <strong>Szab\u00f3 J\u00e1nos<\/strong> h\u00e1rmasa alkotta. A jobb oldalon ez\u00fattal <strong>Kov\u00e1cs Nikolasz<\/strong>, m\u00edg a m\u00e1sikon <strong>Medgyes Sinan<\/strong> adta a sz\u00e9less\u00e9get. A k\u00f6z\u00e9pp\u00e1ly\u00e1n pedig <strong>Balogh Bal\u00e1zs, Windecker<\/strong> \u00e9s <strong>Szab\u00f3 B\u00e1lint<\/strong> mellett <strong>Haraszti<\/strong> kezdett az el\u0151retolt \u00e9k, <strong>\u00c1d\u00e1m Martin<\/strong> m\u00f6g\u00f6tt.\r\n\r\nAmi a Ferencv\u00e1ros kezd\u0151csapat\u00e1t illeti: <strong>Sztanyiszlav Csercseszov<\/strong> r\u00e9sz\u00e9r\u0151l m\u00e1r n\u00e9mileg v\u00e1ratlan h\u00faz\u00e1sk\u00e9nt \u00e9rt\u00e9kelhet\u0151, hogy koll\u00e9g\u00e1j\u00e1hoz hasonl\u00f3an ez\u00fattal \u0151 is a 3-5-2-es fel\u00e1ll\u00e1s mellett d\u00f6nt\u00f6tt. Az orosz mester els\u0151 ferencv\u00e1rosi h\u00f3napjaiban ink\u00e1bb 4-2-3-1-et \u00e9s 4-3-3-at j\u00e1tszatott, \u00e1m az elm\u00falt n\u00e9h\u00e1ny h\u00e9tben k\u00e9t alkalommal is kipr\u00f3b\u00e1lta ezt a sziszt\u00e9m\u00e1t \u2013 a Zalaegerszeg \u00e9s \u00e9ppen a Paks ellen. <strong>Dibusz<\/strong> el\u0151tt \u00edgy <strong>Botka, Blazic<\/strong> \u00e9s <strong>Samy Mmaee<\/strong> volt a h\u00e1rom bels\u0151 v\u00e9d\u0151, a jobbsz\u00e9len <strong>Carlos Auzqui<\/strong>, m\u00edg a bal oldalon az erd\u00e9lyi sz\u00e1rmaz\u00e1s\u00fa <strong>P\u00e1szka L\u00f3r\u00e1nd<\/strong> futk\u00e1rozhatott. A p\u00e1lya k\u00f6zep\u00e9n a sz\u0171r\u0151 <strong>Esiti<\/strong> el\u0151tt <strong>Laidouni<\/strong> \u00e9s <strong>Zachariassen<\/strong> felelt a j\u00e1t\u00e9k folyamatoss\u00e1g\u00e1\u00e9rt, el\u00f6l pedig a brazil <strong>Marquinhos<\/strong> lett <strong>Franck Boli<\/strong> csat\u00e1rt\u00e1rsa.\r\n\r\n[caption id=\"attachment_4555\" align=\"alignnone\" width=\"2048\"]<img class=\"size-full wp-image-4555\" src=\"https:\/\/sport24.24.hu\/app\/uploads\/sites\/24\/2022\/05\/ftcpaks-kezdok.png\" alt=\"\" width=\"2048\" height=\"1261\" \/> A kezd\u0151csapatok[\/caption]\r\n\r\nCsercseszov form\u00e1ci\u00f3v\u00e1lt\u00e1sa elvben megalapozottnak t\u0171nt. Amikor ugyanis k\u00e9t 3-5-2-ben j\u00e1tsz\u00f3 csapat tal\u00e1lkozik, elviekben mindkett\u0151 azonos el\u0151ny\u00f6kkel \u00e9s h\u00e1tr\u00e1nyokkal indul: a labdabirtokl\u00f3 egy\u00fcttes a bels\u0151 v\u00e9d\u0151k vonal\u00e1ban mindig h\u00e1rom a kett\u0151 elleni l\u00e9tsz\u00e1mf\u00f6l\u00e9nyben lesz, ugyanakkor ez a p\u00e1lya m\u00e1sodik v\u00e9g\u00e9n is igaz, ahol a k\u00e9t k\u00f6z\u00e9pcsat\u00e1rra egy plusz bels\u0151 v\u00e9d\u0151 jut. Ek\u00f6zben pedig a k\u00f6z\u00e9pp\u00e1lya k\u00f6zep\u00e9n l\u00e9tsz\u00e1megyenl\u0151s\u00e9g alakul ki. Mivel azonban a csapatok szerkezete a m\u00e9rk\u0151z\u00e9sen folyamatos mozg\u00e1sban van, ez a kiindul\u00f3pont term\u00e9szetesen csak a m\u00e1gnest\u00e1bl\u00e1n l\u00e9tezik egy elm\u00e9leti, kiragadott pillanatban. \u00cdgy a legfontosabb k\u00e9rd\u00e9s az, hogy a k\u00e9t g\u00e1rda milyen j\u00e1t\u00e9kst\u00edlus megval\u00f3s\u00edt\u00e1s\u00e1ra haszn\u00e1lja ugyanazt a fel\u00e1ll\u00e1st, \u00e9s a k\u00e9t st\u00edlus k\u00f6z\u00fcl melyik \u00e9rv\u00e9nyes\u00fcl a m\u00e9rk\u0151z\u00e9s\u00e9n.\r\n\r\n<span class=\"highlight-block-small\">A szerdai kupad\u00f6nt\u0151n a Ferencv\u00e1ros volt az a csapat, amely k\u00e9ts\u00e9get kiz\u00e1r\u00f3an, gyakorlatilag a m\u00e9rk\u0151z\u00e9s eg\u00e9sz\u00e9ben r\u00e1 tudta er\u0151ltetni j\u00e1t\u00e9k\u00e1t az ellenfel\u00e9re.<\/span>\r\n<div class=\"payable-content-section\"><\/div>\r\nA Fradi sz\u00e1m\u00e1ra az ut\u00f3bbi \u00e9vekben mindink\u00e1bb elv\u00e1r\u00e1s, hogy ak\u00e1r nemzetk\u00f6zi szinten is k\u00e9pes legyen labd\u00e1val domin\u00e1lni a m\u00e9rk\u0151z\u00e9seket. Csercseszov egy\u00fcttese a magyar kupad\u00f6nt\u0151n ezt a felfog\u00e1st a m\u00e9r\u0151z\u00e9s els\u0151 perc\u00e9t\u0151l igyekezett megval\u00f3s\u00edtani. A t\u00e1mad\u00e1s kezdet\u00e9n a v\u00e9d\u0151k a p\u00e1lya bels\u0151 ter\u00fcleteit elfoglalva, megfelel\u0151 \u00fctemben tudt\u00e1k j\u00e1ratni a labd\u00e1t, m\u00edg egy sorral feljebb a bels\u0151 ter\u00fcleteken Laidouni \u00e9s Zachariassen kifel\u00e9 mozogva, vagy ak\u00e1r Esiti mell\u00e9 visszal\u00e9pve is elk\u00e9rhette a labd\u00e1t.\r\n\r\nAz er\u0151s fizikum\u00fa Boli ak\u00e1r visszal\u00e9pve is ig\u00e9nyt tarthatott a labd\u00e1ra, \u00edgy nyom\u00e1s alatt egy meredek m\u00e9lys\u00e9gi passzal is megj\u00e1tszhatt\u00e1k \u0151t a v\u00e9d\u0151k. Boli csapatba \u00e1ll\u00edt\u00e1sa egy\u00e9bk\u00e9nt az\u00e9rt is indokolt volt, hogy a Paks agressz\u00edv let\u00e1mad\u00e1sa ellen sz\u00fcks\u00e9g eset\u00e9n fel lehessen r\u00e1 \u00edvelni a labd\u00e1kat. Erre \u00e1ltal\u00e1ban v\u00e9g\u00fcl nem is volt sz\u00fcks\u00e9g, az FTC a f\u00f6ld\u00f6n is remek\u00fcl elboldogult a labdakihozatalokkal.\r\n\r\nK\u00fcl\u00f6n er\u00e9ny\u00fck volt a f\u0151v\u00e1rosiaknak, hogy a t\u00e1mad\u00e1suk a t\u00fcrelmes labdakihozatal ut\u00e1n nem lassult le, \u00e9s a viszonylag magasra feltolt paksi v\u00e9delem m\u00f6g\u00e9 idej\u00e9ben, lend\u00fcletb\u0151l tudtak bet\u00f6rni. Ebben a mez\u0151nyj\u00e1t\u00e9k mellett a beindul\u00e1sban is jelesked\u0151 Boli, valamint a k\u00e9t sz\u00e1rnyv\u00e9d\u0151, Auzqui \u00e9s P\u00e1szka j\u00e1tszotta a f\u0151szerepet; \u0151k j\u00f3 id\u0151z\u00edt\u00e9ssel indultak be a sz\u00e9ls\u0151 ter\u00fcletekbe, \u00e9s nem nagyon lass\u00edtott\u00e1k a j\u00e1t\u00e9kot a l\u00e1bukra k\u00e9rt r\u00f6vid passzokkal.\r\n\r\nA Ferencv\u00e1ros vesz\u00e9lyes t\u00e1mad\u00e1saihoz term\u00e9szetesen a Paks v\u00e9dekez\u00e9se is hozz\u00e1j\u00e1rult,\r\n\r\n<span class=\"highlight-block\">a tolnaiak labda elleni j\u00e1t\u00e9kban ezen az est\u00e9n nem \u00e1lltak a helyzet magaslat\u00e1n. <\/span>\r\n\r\nBogn\u00e1r Gy\u00f6rgy csapat\u00e1nak agressz\u00edv, emberfog\u00e1sra \u00e9p\u00fcl\u0151 let\u00e1mad\u00e1sa \u00e9s direkt, g\u00f3lgazdag t\u00e1mad\u00f3j\u00e1t\u00e9ka sok n\u00e9z\u0151 szimp\u00e1ti\u00e1j\u00e1t kiv\u00edvta az elm\u00falt m\u00e1sf\u00e9l \u00e9vben, de a kupad\u00f6nt\u0151ben a paksiak ebb\u0151l vajmi keveset tudtak megmutatni. B\u00e1r a v\u00e9d\u0151vonaluk v\u00e9gig magasra volt tolva, nem helyeztek el\u00e9g nyom\u00e1st a labd\u00e1t birtokl\u00f3 ferencv\u00e1rosiakra a t\u00e1mad\u00e1s\u00e9p\u00edt\u00e9s els\u0151 f\u00e1zis\u00e1ban, \u00edgy Csercseszov csapata szinte mindig tudott szabad passzopci\u00f3t tal\u00e1lni a labda k\u00f6r\u00fcl.\r\n\r\nR\u00e1ad\u00e1sul a p\u00e1lya k\u00f6zep\u00e9n Balogh, Windecker \u00e9s Szab\u00f3 els\u0151dlegesen v\u00e9gig emberfog\u00e1ssal v\u00e9dekezett, helyezked\u00e9s\u00fcket \u00e1ltal\u00e1ban az ellenf\u00e9l egy j\u00e1t\u00e9kosa, nem pedig a csapatt\u00e1rsak \u00e9s a labda helyzete hat\u00e1rozta meg. Ez\u00e9rt gyakran el\u0151fordult, hogy a paksi j\u00e1t\u00e9kosok k\u00f6z\u00f6tt szabad ter\u00fcletek ad\u00f3dtak, amelyekben \u00fajabb passzs\u00e1vok ny\u00edltak a labd\u00e1t birtokl\u00f3 ferencv\u00e1rosi j\u00e1t\u00e9kosok sz\u00e1m\u00e1ra.\r\n\r\nA Fradi \u00edgy legink\u00e1bb a paksi k\u00f6z\u00e9pp\u00e1lya mellett, az \u00fagynevezett f\u00e9lter\u00fcletben tudta el\u0151rejuttatni a labd\u00e1t, ami a p\u00e1lya sz\u00e9le \u00e9s k\u00f6zepe k\u00f6z\u00f6tti k\u00e9t folyos\u00f3t jelenti, ha a j\u00e1t\u00e9kteret sz\u00e9lt\u00e9ben \u00f6t r\u00e9szre osztjuk. A mai topedz\u0151k \u2013 p\u00e9ld\u00e1ul <strong>Pep Guardiola<\/strong> \u2013 sz\u00e1m\u00e1ra strat\u00e9giailag ez a p\u00e1lya legfontosabb ter\u00fclete, hiszen innen a p\u00e1lya sz\u00e9le \u00e9s k\u00f6zepe fel\u00e9 is lehet folytatni a j\u00e1t\u00e9kot, r\u00e1ad\u00e1sul \u00e1tl\u00f3san, ami mindig vesz\u00e9lyesebb, mint egyenes vonalban passzolni.\r\n\r\nAz FTC t\u00e1mad\u00f3j\u00e1t\u00e9k\u00e1ra \u00e9s a Paks v\u00e9dekez\u00e9s\u00e9re t\u00f6k\u00e9letes p\u00e9lda az els\u0151 ferencv\u00e1rosi g\u00f3l, amit a rekordbajnok sakk-mattra tudott kij\u00e1tszani.\r\n\r\n<img class=\"alignnone wp-image-4556 size-full\" src=\"https:\/\/sport24.24.hu\/app\/uploads\/sites\/24\/2022\/05\/ftcpaks1.png\" alt=\"\" width=\"1280\" height=\"720\" \/>\r\n\r\n<em>Botka l\u00e9p be a j\u00e1t\u00e9kba, de nincs rajta nyom\u00e1s, a p\u00e1lya eg\u00e9sz bal oldal\u00e1n l\u00e9tsz\u00e1mf\u00f6l\u00e9nyben a Ferencv\u00e1ros. Jobb h\u00edj\u00e1n a paksi v\u00e9d\u0151knek kell kil\u00e9pni\u00fck, de nincs es\u00e9ly\u00fck oda\u00e9rni, \u00edgy a beindul\u00f3 t\u00e1mad\u00f3k sz\u00e1m\u00e1ra ny\u00edlik ter\u00fclet<\/em>\r\n\r\n<img class=\"alignnone size-full wp-image-4557\" src=\"https:\/\/sport24.24.hu\/app\/uploads\/sites\/24\/2022\/05\/ftcpaks2.png\" alt=\"\" width=\"1280\" height=\"720\" \/>\r\n\r\n<em> N\u00e9h\u00e1ny passzal k\u00e9s\u0151bb: a Paks v\u00e9delme imm\u00e1r teljesen sz\u00e9tzil\u00e1lva, Laidouni vesz\u00e9lyes helyen birtokolja a labd\u00e1t, de a vend\u00e9gek k\u00f6z\u00fcl senkinek nincs es\u00e9lye kil\u00e9pni r\u00e1. A jelenet v\u00e9g\u00e9n zavartalanul g\u00f3lpasszt ad a beindul\u00f3 Zachariassennek<\/em>\r\n\r\nA Paks csak n\u00e9h\u00e1ny alkalommal tudott kell\u0151 nyom\u00e1st gyakorolni a let\u00e1mad\u00e1s sor\u00e1n, ilyenkor \u00c1d\u00e1m Martin \u00e9s Haraszti legink\u00e1bb a sz\u00e9ls\u0151 k\u00f6z\u00e9ph\u00e1tv\u00e9deket helyezte nyom\u00e1s al\u00e1, mik\u00f6zben a t\u00f6bbi j\u00e1t\u00e9kos k\u00f6zvetlen\u00fcl fogta az ember\u00e9t.\r\n\r\n<img class=\"alignnone size-full wp-image-4558\" src=\"https:\/\/sport24.24.hu\/app\/uploads\/sites\/24\/2022\/05\/ftcpaks3.png\" alt=\"\" width=\"1280\" height=\"720\" \/>\r\n\r\n<img class=\"alignnone size-full wp-image-4559\" src=\"https:\/\/sport24.24.hu\/app\/uploads\/sites\/24\/2022\/05\/ftcpaks4.png\" alt=\"\" width=\"1280\" height=\"720\" \/>\r\n\r\n<em>A kev\u00e9s sikeres paksi let\u00e1mad\u00e1s egyike: b\u00e1r Mmaee teljesen szabadon van a k\u00e9t paksi csat\u00e1r emberfog\u00e1sa miatt, a visszal\u00e9p\u0151 Marquinhosra a k\u00f6z\u00e9pp\u00e1ly\u00e1n siker\u00fcl emberfog\u00e1ssal kil\u00e9pni. A jelenet folytat\u00e1sak\u00e9nt Balogh imm\u00e1r Blazicot szor\u00edtja oldalra Marquinhost a fedez\u0151\u00e1rny\u00e9k\u00e1ban tartva<\/em>\r\n\r\nT\u00e1mad\u00e1sban Bogn\u00e1r Gy\u00f6rgy csapat\u00e1t\u00f3l eddig direkt, gyakran hossz\u00fa labd\u00e1kra, illetve a fel\u00edvelt labd\u00e1k visszaszerz\u00e9s\u00e9re, az egy\u00e9ni v\u00e1llalkoz\u00f3kedvre \u00e9s a viszonylag sok t\u00e1voli l\u00f6v\u00e9sekre \u00e9p\u00fcl\u0151 t\u00e1mad\u00f3j\u00e1t\u00e9kot l\u00e1thattunk. Kapuskir\u00fag\u00e1skor Nagy Gergely t\u00f6bbnyire a f\u00e9lp\u00e1ly\u00e1ig el\u0151rek\u00fcldte a v\u00e9delmi vonalat, \u00e9s a labdakihozatal kihagy\u00e1s\u00e1val, hossz\u00fa kir\u00fag\u00e1ssal ind\u00edtotta meg a j\u00e1t\u00e9kot. A fel\u00edvel\u00e9sek ut\u00e1n viszont a paksiak nem tudtak el\u00e9g labd\u00e1t visszaszerezni, \u00e9s a t\u00e1mad\u00f3harmadban sem volt meg a kell\u0151en \u00f6sszehangolt egy\u00fcttmozg\u00e1s ahhoz, hogy \u00c1d\u00e1m Martint \u00e9s t\u00e1rsait passzokkal g\u00f3lhelyzetbe tudj\u00e1k hozni. A f\u0151leg Medgyest\u0151l \u00e9s Kov\u00e1cst\u00f3l \u00e9rkez\u0151, kisz\u00e1m\u00edthat\u00f3, magas bead\u00e1sokon \u00e9s a k\u00f6z\u00e9pp\u00e1ly\u00e1sok kiszor\u00edtott helyzetben l\u00e9v\u0151, egy\u00e9ni cselk\u00eds\u00e9rletein k\u00edv\u00fcl a Paks nem tudott \u00e9rdemi vesz\u00e9lyt kialak\u00edtani.\r\n\r\n<img class=\"alignnone size-full wp-image-4560\" src=\"https:\/\/sport24.24.hu\/app\/uploads\/sites\/24\/2022\/05\/ftcpaks5.png\" alt=\"\" width=\"1280\" height=\"720\" \/>\r\n\r\n<em>Jellemz\u0151 k\u00e9p: hossz\u00fa fel\u00edvel\u00e9s paksi r\u00e9szr\u0151l. \u00c1m ezekb\u0151l a szitu\u00e1ci\u00f3kb\u00f3l a legritk\u00e1bb esetekben siker\u00fclt el\u0151nyt kov\u00e1csolni<\/em>\r\n\r\n<img class=\"alignnone size-full wp-image-4561\" src=\"https:\/\/sport24.24.hu\/app\/uploads\/sites\/24\/2022\/05\/ftcpaks6.png\" alt=\"\" width=\"1280\" height=\"720\" \/>\r\n\r\n<img class=\"alignnone size-full wp-image-4562\" src=\"https:\/\/sport24.24.hu\/app\/uploads\/sites\/24\/2022\/05\/ftcpaks7.png\" alt=\"\" width=\"1280\" height=\"720\" \/>\r\n\r\n<em>A sz\u00f3rv\u00e1nyos paksi labdakihozatalok sem siker\u00fcltek. Kev\u00e9s a passzopci\u00f3 a saj\u00e1t t\u00e9rf\u00e9len, nincs meg a megfelel\u0151 technikai sz\u00ednvonal \u00e9s sebess\u00e9g a labdaj\u00e1rat\u00e1shoz. A jelenet v\u00e9g\u00e9n Szab\u00f3 J\u00e1nos a sz\u00e9len \u00edvel\u00e9sre k\u00e9nyszer\u00fcl<\/em>\r\n\r\nA m\u00e1sodik f\u00e9lid\u0151ben Bogn\u00e1r Balogh Bal\u00e1zs hely\u00e9re a t\u00e1mad\u00f3bb szellem\u0171 <strong>Sajb\u00e1nt<\/strong> k\u00fcldte be a k\u00f6z\u00e9pp\u00e1ly\u00e1ra, \u00e9s Haraszti helyett <strong>B\u00f6de<\/strong> szem\u00e9ly\u00e9ben egy m\u00e1sodik er\u0151csat\u00e1r is \u00e9rkezett. B\u00e1r a Paks nagy energi\u00e1kat mozg\u00f3s\u00edtott, a j\u00e1t\u00e9k\u00e1n \u00e9rdemben a cser\u00e9k sem jav\u00edtottak. Ek\u00f6zben Marquinhos hely\u00e9re egy \u00fajabb k\u00f6z\u00e9ps\u0151 k\u00f6z\u00e9pp\u00e1ly\u00e1st cser\u00e9lt be Csercseszov (<strong>Stjepan Loncart<\/strong>), ezzel m\u00e9g ink\u00e1bb bebiztos\u00edtva a p\u00e1lya k\u00f6zep\u00e9t, \u00e9s n\u00e9mileg lass\u00edtva a j\u00e1t\u00e9k ritmus\u00e1t, mik\u00f6zben Zachariassen n\u00e9mileg feljebb, kv\u00e1zi m\u00e1sodik csat\u00e1rk\u00e9nt j\u00e1tszott. A Ferencv\u00e1ros fel\u00e1llt fal elleni j\u00e1t\u00e9ka ebben a konstrukci\u00f3ban is m\u0171k\u00f6d\u00f6tt az egyre ink\u00e1bb kimer\u00fcl\u0151 Paks ellen, ezt j\u00f3l mutatja a csapat m\u00e1sodik (Boli els\u0151) g\u00f3lja.\r\n\r\n<img class=\"alignnone size-full wp-image-4563\" src=\"https:\/\/sport24.24.hu\/app\/uploads\/sites\/24\/2022\/05\/ftcpaks8.png\" alt=\"\" width=\"1280\" height=\"720\" \/>\r\n\r\n<em>A m\u00e1sodik ferencv\u00e1rosi g\u00f3l t\u00f6rt\u00e9nete: a jelenet kezdet\u00e9n a paksi let\u00e1mad\u00e1s sz\u00edntere ism\u00e9t magasan az ellenf\u00e9l t\u00e9rfele, de Botk\u00e1n most sincs nyom\u00e1s, hosszan Zachariassenhez passzol. A passz ut\u00e1n a Fradi nem t\u00f6r be r\u00f6gt\u00f6n a v\u00e9delem m\u00f6g\u00e9, ink\u00e1bb t\u00fcrelmesen \u00e1tj\u00e1ratja a labd\u00e1t az egyik oldalr\u00f3l a m\u00e1sikra. A jelenet v\u00e9g\u00e9n a cserek\u00e9nt be\u00e1llt Wingo beindul\u00e1sa mag\u00e1val viszi az embert, \u00edgy Loncar nyom\u00e1s n\u00e9lk\u00fcl passzolhat Bolihoz.Az elef\u00e1ntcsontparti csat\u00e1r gy\u00f6ny\u00f6r\u0171 f\u00e9lfordulattal g\u00f3lt szerez<\/em>\r\n\r\nA harmadik g\u00f3lt \u00e9s a kegyelemd\u00f6f\u00e9st szint\u00e9n az elef\u00e1ntcsontparti t\u00e1mad\u00f3 adta meg: egy paksi bedob\u00e1st k\u00f6vet\u0151 kontr\u00e1b\u00f3l, megint csak egy oldalford\u00edt\u00e1s ut\u00e1n, ez\u00fattal beindul\u00e1sb\u00f3l tal\u00e1lt a kapuba. A Ferencv\u00e1ros f\u00f6l\u00e9ny\u00e9t j\u00f3l mutatja, hogy xG-mutat\u00f3ja nagyj\u00e1b\u00f3l k\u00e9t \u00e9s f\u00e9l g\u00f3l, m\u00edg a paksiak b\u0151ven egy alatt maradnak. A mutat\u00f3 id\u0151beli alakul\u00e1sa is Fradi-f\u00f6l\u00e9nyt jelez gyakorlatilag az els\u0151 perct\u0151l az utols\u00f3ig. A kidolgozott helyzetek nagy r\u00e9sze pedig Boli nev\u00e9hez f\u0171z\u0151d\u00f6tt.\r\n\r\n<img class=\"alignnone size-full wp-image-4566\" src=\"https:\/\/sport24.24.hu\/app\/uploads\/sites\/24\/2022\/05\/ftcpaks-xg.png\" alt=\"\" width=\"1502\" height=\"425\" \/>\r\n\r\nAz FTC mez\u0151nybeli f\u00f6l\u00e9ny\u00e9t is j\u00f3l al\u00e1t\u00e1masztja a statisztika: a passzt\u00e9rk\u00e9p a j\u00e1t\u00e9kosok \u00e1tlagos poz\u00edci\u00f3j\u00e1t \u00e1br\u00e1zolja. Min\u00e9l t\u00f6bb passzt kapott egy adott j\u00e1t\u00e9kos, ann\u00e1l nagyobb k\u00f6rrel jel\u00f6lik, s min\u00e9l t\u00f6bbsz\u00f6r passzolt egym\u00e1snak k\u00e9t j\u00e1t\u00e9kos, ann\u00e1l vastagabb ny\u00edl jel\u00f6li a passzkapcsolatot. Sokatmond\u00f3, hogy a Fradi t\u00e9rk\u00e9pe sokkal sz\u00f6vev\u00e9nyesebb, \u00e9s az el\u00fcls\u0151 j\u00e1t\u00e9kosok k\u00f6z\u00f6tt is sok vastag vonalat l\u00e1thatunk, m\u00edg a Paks gyakorlatilag kiz\u00e1r\u00f3lag a v\u00e9d\u0151sorban tudott el\u00e9g er\u0151s passzkapcsolatokat kialak\u00edtani.\r\n\r\n<img class=\"alignnone size-full wp-image-4567\" src=\"https:\/\/sport24.24.hu\/app\/uploads\/sites\/24\/2022\/05\/ftc-passzterkep.png\" alt=\"\" width=\"1019\" height=\"678\" \/>\r\n\r\n<img class=\"alignnone size-full wp-image-4568\" src=\"https:\/\/sport24.24.hu\/app\/uploads\/sites\/24\/2022\/05\/paks-passzterkep.png\" alt=\"\" width=\"1017\" height=\"676\" \/>\r\n\r\n\u00d6sszess\u00e9g\u00e9ben teh\u00e1t a Ferencv\u00e1ros t\u00e1mad\u00e1sban \u00e9s v\u00e9dekez\u00e9sben is v\u00e9gig magabiztosan ir\u00e1ny\u00edtotta a m\u00e9rk\u0151z\u00e9st, Csercseszov csapata ezzel meg\u00e9rdemelten zsebelte be a bajnoki arany mellett a Magyar Kup\u00e1t is. A Fradi j\u00e1t\u00e9ktud\u00e1sban sokat fejl\u0151d\u00f6tt a Csercseszov-\u00e9ra kezdeti neh\u00e9zs\u00e9gei \u00f3ta, messze kiemelkedik a hazai mez\u0151nyb\u0151l, \u00e9s sorozatban negyedszer juthat be valamelyik eur\u00f3pai kupa csoportk\u00f6r\u00e9be.\r\n\r\nBogn\u00e1r Gy\u00f6rgy b\u00e1tor, de kock\u00e1zatos futballja sok szurkol\u00f3 elismer\u00e9s\u00e9re, a bajnoki k\u00f6z\u00e9pmez\u0151nyhez \u00e9s egy kupad\u00f6nt\u0151h\u00f6z volt el\u00e9g. A szakember a ny\u00e1ron a st\u00e1bj\u00e1val egy\u00fctt biztosan t\u00e1vozik Toln\u00e1b\u00f3l, \u00edgy\r\n\r\n<span class=\"highlight-block\">k\u00e9rd\u00e9ses, hogy a kiz\u00e1r\u00f3lag magyar j\u00e1t\u00e9kosokb\u00f3l fel\u00e9p\u00edtett paksiak \u00fatja milyen ir\u00e1nyt vesz.<\/span>\r\n\r\n[prefabricated_shortcode in_app=\"0\" code=\"%3Cdiv%20class%3D%22article_box_border%22%20style%3D%22background%3A%20url%28%27https%3A%2F%2F24.p3k.hu%2Fapp%2Fuploads%2Fsites%2F24%2F2021%2F05%2Fsport24-pattern.png%27%29%20no-repeat%20left%20-16px%20%23f3f3f4%3B%20border%3A%20none%3B%22%3E%0D%0A%3Cdiv%20class%3D%22article_solidheader%22%3E%0D%0A%3Ch2%20style%3D%22color%3A%20%23111115%21important%3B%20font-size%3A%2036px%3B%20font-weight%3A%20bold%3B%20margin-bottom%3A%2030px%3B%20margin-top%3A%2020px%3B%20text-align%3A%20center%3B%20line-height%3A%2036px%3B%22%3E%3Cimg%20class%3D%22aligncenter%20size-full%20wp-image-141%22%20src%3D%22https%3A%2F%2F24.p3k.hu%2Fapp%2Fuploads%2Fsites%2F24%2F2021%2F05%2Fs24-logo-dt.png%22%20alt%3D%22%22%20width%3D%22408%22%20height%3D%2290%22%20%2F%3E%3C%2Fh2%3E%0D%0A%3Ch2%20style%3D%22color%3A%20%23111115%21important%3B%20font-size%3A%2036px%3B%20font-weight%3A%20bold%3B%20margin-bottom%3A%2030px%3B%20margin-top%3A%2020px%3B%20text-align%3A%20center%3B%20line-height%3A%2040px%3B%22%3ECsatlakozz%20a%20Sport24%20k%C3%B6z%C3%B6ss%C3%A9ghez%2C%20mondd%20el%20v%C3%A9lem%C3%A9nyedet%20z%C3%A1rt%20Facebook-csoportunkban%2C%20%C3%A9s%20vegy%C3%A9l%20r%C3%A9szt%20csak%20el%C5%91fizet%C5%91knek%20el%C3%A9rhet%C5%91%20exkluz%C3%ADv%20esem%C3%A9nyeinken.%3C%2Fh2%3E%0D%0A%3C%2Fdiv%3E%0D%0A%3Cp%20style%3D%22background%3A%20%2357A600%3B%20margin-top%3A%2020px%3B%20padding%3A%2020px%3B%20text-align%3A%20center%3B%22%3E%3Ca%20style%3D%22color%3A%20%23ffffff%3B%20font-size%3A%2026px%3B%20font-weight%3A%20600%3B%22%20href%3D%22https%3A%2F%2Fwww.facebook.com%2Fgroups%2F212344460412327%22%3ECSATLAKOZOM%3C%2Fa%3E%3C%2Fp%3E%0D%0A%0D%0A%3C%2Fdiv%3E\"]","type":"rich","thumbnail_url":"https:\/\/s.24.hu\/app\/uploads\/sites\/24\/2022\/05\/dszzs20220511027-150x150.jpg","thumbnail_width":150,"thumbnail_height":150}