{"version":"1.0","provider_name":"Sport24","provider_url":"https:\/\/sport24.24.hu","author_name":"Bruckner G\u00e1bor","author_url":"https:\/\/sport24.24.hu\/author\/brucknerg\/","title":"Tisztelg\u0151 Celtic-sorfal a levonul\u00f3 MTK-nak a KEK-el\u0151d\u00f6nt\u0151ben el\u00e9rt 4-0 ut\u00e1n","html":"Szerkeszt\u0151s\u00e9g\u00fcnk a k\u00f6vetkez\u0151 levelet kapta h\u00e9tf\u0151n: \u201e<strong>Mogyor\u00f3di \u00c1rp\u00e1d<\/strong> nyugd\u00edjas tan\u00e1r vagyok Kazincbarcik\u00e1r\u00f3l. Olvastam <strong>Aranyossy \u00c1ron<\/strong> <a href=\"https:\/\/rangado.24.hu\/nemzetkozi_foci\/2022\/05\/09\/futball-diszsorfal-tortenelem-elvaras\/\">\u00edr\u00e1s\u00e1t<\/a>, amely azzal foglalkozik, hogy egy labdar\u00fag\u00f3csapat tagjai, tisztelet\u00fck kifejez\u00e9s\u00e9\u00fcl, d\u00edszsorfalat \u00e1llnak egy m\u00e1sik csapat j\u00e1t\u00e9kosainak. \u00c9vtizedek \u00f3ta melengetek egy eml\u00e9ket, amely a t\u00e9m\u00e1hoz kapcsol\u00f3dik. Az 1964-ben lej\u00e1tszott MTK\u2013Celtic labdar\u00fag\u00f3-m\u00e9rk\u0151z\u00e9sen a Sk\u00f3ci\u00e1ban 3-0-s veres\u00e9get szenved\u0151 k\u00e9k-feh\u00e9rek a visszav\u00e1g\u00f3n 4-0-ra gy\u0151ztek. A tal\u00e1lkoz\u00f3 ut\u00e1n a Celtic j\u00e1t\u00e9kosai sorfalat \u00e1lltak, \u00e9s megtapsolt\u00e1k az MTK levonul\u00f3 labdar\u00fag\u00f3it. Mivel a m\u00e9rk\u0151z\u00e9st 58 \u00e9ve j\u00e1tszott\u00e1k, lehet, hogy nem j\u00f3l eml\u00e9kszem. <strong>Hegyi Iv\u00e1n<\/strong> val\u00f3sz\u00edn\u0171leg pontos\u00edtani tudja.\u201d\r\n\r\nPontos\u00edtani tudom, olvas\u00f3nk t\u00f6k\u00e9letesen eml\u00e9kszik. De, hogy ne csak r\u00e1v\u00e1gjam, a tan\u00e1r \u00farnak igaza van, felid\u00e9zem, a korabeli N\u00e9pszava mit \u00edrt a KEK-el\u0151d\u00f6nt\u0151 befejez\u00e9s\u00e9r\u0151l: \u201eA felejthetetlen \u00e9lm\u00e9nyt ny\u00fajt\u00f3 m\u00e9rk\u0151z\u00e9s ut\u00e1n hosszan tart\u00f3 taps k\u00f6sz\u00f6nt\u00f6tte a p\u00e1ly\u00e1r\u00f3l levonul\u00f3 k\u00e9k-feh\u00e9r labdar\u00fag\u00f3kat, akiknek teljes\u00edtm\u00e9ny\u00e9t a gyepsz\u0151nyeg sz\u00e9l\u00e9n felsorakoz\u00f3 Celtic-j\u00e1t\u00e9kosok is tapssal honor\u00e1lt\u00e1k.\u201d Az akkoriban roppant n\u00e9pszer\u0171 H\u00e9tf\u0151i H\u00edrek, amely r\u00e9szletesen besz\u00e1molt a hajdan\u00e1n vas\u00e1rnap rendezett bajnoki fordul\u00f3k tal\u00e1lkoz\u00f3ir\u00f3l, \u00edgy tekintett vissza a h\u00e9tk\u00f6zi aktusra (a m\u00e9rk\u0151z\u00e9st szerda este j\u00e1tszott\u00e1k):\r\n<blockquote>Nagy veres\u00e9g \u00e9rte a sk\u00f3t csapatot. J\u00e1t\u00e9kosait azonban nem ker\u00edtette hatalm\u00e1ba az elkesered\u00e9s, a sz\u00e9gyen \u00e9s d\u00fch kever\u00e9k\u00e9nek kellemetlen \u00e9rz\u00e9se, nem is rohantak fejvesztetten az \u00f6lt\u00f6z\u0151be, amikor a b\u00edr\u00f3 a j\u00e1t\u00e9kot lef\u00fajta, hanem a p\u00e1lya sz\u00e9l\u00e9n meg\u00e1lltak, \u00e9s a lelkes k\u00f6z\u00f6ns\u00e9ggel egy\u00fctt tapsolt\u00e1k, \u00fcnnepelt\u00e9k a magyar fi\u00fakat. S ez legal\u00e1bb olyan sz\u00e9p \u00e9s mag\u00e1val ragad\u00f3 volt, mint az MTK fergeteges gy\u0151zelme.<\/blockquote>\r\n<div class=\"payable-content-section\"><\/div>\r\nA Celtic am\u00fagy r\u00e9mes szezont mondhatott a mag\u00e1\u00e9nak, mert az 1963\/64-es \u00e9vadban \u00f6tb\u0151l \u00f6tsz\u00f6r kapott ki a gy\u0171l\u00f6lt riv\u00e1lis Rangerst\u0151l (a bajnoks\u00e1gban 1-2, 0-1, a sk\u00f3t kup\u00e1ban 0-2, a sk\u00f3t Liga Kup\u00e1ban k\u00e9tszer 0-3). Viszont a glasgow-i z\u00f6ld-feh\u00e9rek el\u0151sz\u00f6r ker\u00fcltek a legjobb n\u00e9gy k\u00f6z\u00e9 az eur\u00f3pai kup\u00e1k valamelyik\u00e9ben. Az MTK m\u00e1r m\u00e1sodszor v\u00edvott el\u0151d\u00f6nt\u0151t: 1962-ben a V\u00e1s\u00e1rv\u00e1rosok Kup\u00e1j\u00e1ban j\u00e1tszott a d\u00f6nt\u0151be jut\u00e1s\u00e9rt, \u00e1m v\u00e1ratlanul nagy differenci\u00e1val alulmaradt a Valenci\u00e1val szemben (0-3, 3-7). Pedig a pesti visszav\u00e1g\u00f3ra k\u00f6lcs\u00f6nk\u00e9rte a bajnoki c\u00edmv\u00e9d\u0151 Vasas k\u00e9t extraklasszis csat\u00e1r\u00e1t, <strong>Machos Ferencet<\/strong> \u00e9s <strong>Farkas J\u00e1nost<\/strong> \u2013 ezt annak idej\u00e9n m\u00e9g meg lehetett tenni \u2013, de Machos hi\u00e1ba szerzett k\u00e9t g\u00f3lt, a spanyol <strong>Vicente Guillot<\/strong> \u00e9s a brazil <strong>Waldo<\/strong> is dupl\u00e1zott, az uruguayi <strong>H\u00e9ctor N\u00fanez<\/strong> pedig mesterh\u00e1rmast jegyzett. A d\u00f6nt\u0151ben a Valencia a Barcelon\u00e1t is kit\u00f6mte: otthon 6-2-re gy\u0151z\u00f6tt ellene, majd vend\u00e9gk\u00e9nt 1-1-et \u00e9rt el. (A katal\u00e1nok mindh\u00e1rom g\u00f3lj\u00e1t <strong>Kocsis S\u00e1ndor<\/strong> szerezte.)\r\n\r\n[caption id=\"attachment_4526\" align=\"aligncenter\" width=\"1548\"]<img class=\"size-full wp-image-4526\" src=\"https:\/\/sport24.24.hu\/app\/uploads\/sites\/24\/2022\/05\/2kepessport_1964_1__pages279-279.jpg\" alt=\"\" width=\"1548\" height=\"2000\" \/> K\u00e9pes Sport, 1964. janu\u00e1r-j\u00fanius (11. \u00e9vfolyam, 19. sz\u00e1m)[\/caption]\r\n\r\nAz MTK mezcser\u00e9vel kezdett a vele egyid\u0151s, szint\u00e9n 1888-ban alap\u00edtott Celtic ellen. Mivel mindk\u00e9t egy\u00fcttes cs\u00edkos dresszben futott ki a glasgow-i p\u00e1ly\u00e1ra, a magyar csapatnak a bemeleg\u00edt\u00e9s ut\u00e1n szerel\u00e9st kellett v\u00e1ltania, mert akkoriban a t\u00e9v\u00e9 m\u00e9g csak fekete-feh\u00e9r ad\u00e1st sug\u00e1rzott. <span class=\"highlight-block-small\">A veres\u00e9g persze nem ezen, hanem ink\u00e1bb azon m\u00falt, hogy a k\u00e9k-feh\u00e9r vezet\u0151s\u00e9g a m\u00e9rk\u0151z\u00e9s d\u00e9lut\u00e1nj\u00e1n k\u00e9t\u00f3r\u00e1s aj\u00e1nd\u00e9kv\u00e1s\u00e1rl\u00e1st enged\u00e9lyezett a j\u00e1t\u00e9kosok sz\u00e1m\u00e1ra, \u00e9s a glasgow-i boltok felkeres\u00e9s\u00e9n\u00e9l jobb felk\u00e9sz\u00fcl\u00e9st is el lehetett volna k\u00e9pzelni.<\/span>\r\n\r\nSz\u00f3fi\u00e1ban ilyen gondok nem voltak, de az MTK meglehet\u0151sen nehezen jutott t\u00fal az els\u0151 fordul\u00f3n a Szlavi\u00e1val szemben (1-0, 1-1). Zwickauban sem k\u00e1pr\u00e1ztatott az \u00fczleti negyed, a helyi Motor m\u00e9gis 1-0-ra legy\u0151zte a k\u00e9k-feh\u00e9r csapatot, amely azonban a visszav\u00e1g\u00f3n 2.0-ra nyert. A Fenerbahce ellen (2-0, 1-3) m\u00e1r harmadik m\u00e9rk\u0151z\u00e9sre volt sz\u00fcks\u00e9g a tov\u00e1bbjut\u00e1s kiv\u00edv\u00e1s\u00e1hoz, \u00e9s R\u00f3m\u00e1ban<strong> Kuti Istv\u00e1n<\/strong> a 86. percben megszerezte a ment\u0151 g\u00f3lt (1-0). Nem \u00e1ll\u00edthat\u00f3, hogy a tal\u00e1lkoz\u00f3 k\u00fcl\u00f6n\u00f6sebben megmozgatta volna az \u00d6r\u00f6k V\u00e1rost: a magyar lapok 2000-re becs\u00fclt\u00e9k a n\u00e9z\u0151sz\u00e1mot, m\u00e1s forr\u00e1sok szerint 700 jelenl\u00e9v\u0151 l\u00e9zengett az Olimpiai Stadionban.\r\n\r\nA Celtic-kel v\u00edvott visszav\u00e1g\u00f3ra 10 800 n\u00e9z\u0151 v\u00e1ltott jegyet, pedig az MTK a N\u00e9pstadionba telep\u00edtette a tal\u00e1lkoz\u00f3t, arra sz\u00e1m\u00edtva, hogy nagy k\u00f6z\u00f6ns\u00e9g lesz. \u00c1m a glasgow-i 0-3 ut\u00e1n senki nem rem\u00e9nykedett a d\u00f6nt\u0151be jut\u00e1sban, annak ellen\u00e9re sem, hogy a h\u00f3napokig s\u00e9r\u00fclt<strong> S\u00e1ndor K\u00e1roly<\/strong> visszat\u00e9rt a k\u00e9k-feh\u00e9r csapatba. A v\u00e1logatottba m\u00e9g nem, j\u00f3llehet<strong> Nagy Istv\u00e1nnal<\/strong> egy\u00fctt elutazott P\u00e1rizsba, az Eb-negyedd\u00f6nt\u0151 els\u0151 m\u00e9rk\u0151z\u00e9s\u00e9re, amelyet \u00e1prilis 25-\u00e9n 3-1-re megnyert a <strong>Szentmih\u00e1lyi<\/strong> (Vasas) \u2013 <strong>M\u00e1trai<\/strong> (FTC), <strong>M\u00e9sz\u00f6ly<\/strong> (Vasas), <strong>Sipos<\/strong> (Honv\u00e9d), <strong>S\u00e1rosi<\/strong> (Vasas) \u2013 Nagy Istv\u00e1n (MTK), <strong>R\u00e1kosi<\/strong> (FTC) \u2013 <strong>G\u00f6r\u00f6cs<\/strong> (\u00dajpest), <strong>Albert<\/strong> (FTC), <strong>Tichy<\/strong> (Honv\u00e9d), <strong>Fenyvesi<\/strong> (FTC) \u00f6sszet\u00e9tel\u0171 c\u00edmeres mezes egy\u00fcttes. A t\u00f6bbiek P\u00e1rizsb\u00f3l M\u00fcnchenbe, majd B\u00e9csbe mentek, Nagy \u00e9s S\u00e1ndor azonban hazaj\u00f6tt, hogy a KEK-el\u0151d\u00f6nt\u0151 lej\u00e1tsz\u00e1sa ut\u00e1n a cs\u00e1sz\u00e1rv\u00e1rosba utazzon az Ausztria\u2013Magyarorsz\u00e1g tal\u00e1lkoz\u00f3ra. Azon <strong>Guttmann B\u00e9la<\/strong> sz\u00f6vets\u00e9gi kapit\u00e1ny 1-0-s gy\u0151zelemre vezette a \u201eszomsz\u00e9dokat\u201d.\r\n\r\n<span class=\"highlight-block-small\">Az MTK-t <strong>Volentik B\u00e9la<\/strong> vitte sikerre; Glasgow-ban m\u00e9g<strong> Kov\u00e1cs Imre<\/strong> volt az edz\u0151. \u00c1m az a k\u00fcl\u00f6n\u00f6s eset fordult el\u0151, hogy a N\u00e9pstadionban a lecser\u00e9lt tr\u00e9ner is a kispadon \u00fclt. <\/span>\r\n\r\nS \u00f6r\u00f6mmel tapasztalta: eg\u00e9szen m\u00e1s a helyzet, mint Glasgow-ban, vagy mint az els\u0151 pesti MTK\u2013Celtic meccsen, 1906. j\u00fanius 3-\u00e1n, a Millen\u00e1rison. Hajdan\u00e1n a britek 8-1-re nyertek, s a korabeli tud\u00f3s\u00edt\u00e1s szerint \u201ea k\u00f6z\u00f6ns\u00e9g alig gy\u0151zte b\u00e1mulni az alacsony termet\u0171 magyarok mellett val\u00f3s\u00e1gos \u00f3ri\u00e1soknak l\u00e1tsz\u00f3, hatalmas mellkas\u00fa sk\u00f3tokat\u201d. A meccs f\u0151szerepl\u0151je a n\u00e9gy g\u00f3lt szerz\u0151 <strong>Peter Somers<\/strong> volt, aki alig harminchat \u00e9vet \u00e9lt, mert fert\u0151z\u00e9s k\u00f6vetkezt\u00e9ben amput\u00e1lni kellett a l\u00e1b\u00e1t, amely azonban a csonkol\u00e1s ut\u00e1n is \u00fcszk\u00f6s\u00f6d\u00f6tt.\r\n\r\nA N\u00e9pstadionban, ahogyan R\u00f3m\u00e1ban is, Kuti vitte a pr\u00edmet: \u0151 szerezte az els\u0151 \u00e9s a negyedik g\u00f3lt, az ut\u00f3bbit \u00e9vtizedekig emlegetett bombal\u00f6v\u00e9ssel. A kett\u0151 k\u00f6z\u00f6tt Vasas Mih\u00e1ly tizenegyest \u00e9rt\u00e9kes\u00edtett, a jobbsz\u00e9ls\u0151 S\u00e1ndor \u201eCsikar\u201d pedig \u2013 <strong>B\u00f6d\u00f6r L\u00e1szl\u00f3<\/strong> tr\u00fckk\u00f6s \u00e1tl\u00e9p\u00e9se ut\u00e1n \u2013 ballal k\u00fcldte a labd\u00e1t a boldogtalan <strong>John Fallon<\/strong> h\u00e1l\u00f3j\u00e1ba. A <strong>Kovalik<\/strong> \u2013 <strong>Keszei, Danszky, Jenei<\/strong> \u2013 Nagy Istv\u00e1n, <strong>Vasas<\/strong> \u2013 S\u00e1ndor, <strong>Tak\u00e1cs<\/strong>, B\u00f6d\u00f6r, Kuti, <strong>Hal\u00e1pi<\/strong> \u00f6sszet\u00e9tel\u0171 k\u00e9k-feh\u00e9rek brav\u00farj\u00e1r\u00f3l a K\u00e9pes Sport azt \u00edrta: \u201eAz MTK j\u00e1t\u00e9ka \u00e9s eredm\u00e9nye az \u00fajkor egyik legszebb labdar\u00fag\u00f3-h\u0151sk\u00f6ltem\u00e9nye.\u201d Az Esti H\u00edrlap is lelkendezett: \u201eAz ut\u00f3bbi \u00e9vek legeml\u00e9kezetesebb m\u00e9rk\u0151z\u00e9s\u00e9t l\u00e1ttuk.\u201d\r\n\r\n<span class=\"highlight-block\">A diadal\u00e9rt a k\u00e9k-feh\u00e9rek j\u00e1t\u00e9kosai fejenk\u00e9nt 1600 forint pr\u00e9miumot kaptak. <\/span>\r\n\r\n(K\u00e9rd\u00e9s, vajon mib\u0151l sp\u00e1jzoltak be Glasgow-ban.) Azt\u00e1n a d\u00f6nt\u0151ben 3-3-at j\u00e1tszottak a lisszaboni Sportinggal Br\u00fcsszelben, m\u00edg az Antwerpenben megism\u00e9telt m\u00e9rk\u0151z\u00e9st 1-0-ra elvesztett\u00e9k. <strong>Joao Morais<\/strong> tov\u00e1bbi \u00e9rint\u00e9s n\u00e9lk\u00fcli, a h\u00e1l\u00f3ba hull\u00f3 sz\u00f6gletr\u00fag\u00e1sa d\u00f6nt\u00f6tt...\r\n\r\nMajd' negyven \u00e9vvel k\u00e9s\u0151bb mit adtunk volna hasonl\u00f3 kellemetlens\u00e9g\u00e9rt egy eur\u00f3pai d\u00f6nt\u0151ben! Az MTK \u00e9s a Celtic 2003-ban is tal\u00e1lkozott, \u00e9s a Pusk\u00e1s stadionban rendezett Bajnokok Lig\u00e1ja-selejtez\u0151n a sk\u00f3tok nyertek 4-0-ra a <strong>V\u00e9gh \u2013 Moln\u00e1r (Pisont), Pusztai, Juh\u00e1sz Roland, F\u00fczi dr. \u2013 Zavadszky, Halmai, Jezdimirovic (Torghelle), Ill\u00e9s, Rednic (Szab\u00f3 Ott\u00f3) \u2013 Welton Silva<\/strong> \u00f6sszet\u00e9tel\u0171 k\u00e9k-feh\u00e9rek ellen.\r\n\r\nEl\u00e9rkezt\u00fcnk a nem a diadalok miatt torokszor\u00edt\u00f3 huszonegyedik sz\u00e1zadhoz.\r\n\r\n[prefabricated_shortcode in_app=\"0\" code=\"%3Cdiv%20class%3D%22article_box_border%22%20style%3D%22background%3A%20url%28%27https%3A%2F%2F24.p3k.hu%2Fapp%2Fuploads%2Fsites%2F24%2F2021%2F05%2Fsport24-pattern.png%27%29%20no-repeat%20left%20-16px%20%23f3f3f4%3B%20border%3A%20none%3B%22%3E%0D%0A%3Cdiv%20class%3D%22article_solidheader%22%3E%0D%0A%3Ch2%20style%3D%22color%3A%20%23111115%21important%3B%20font-size%3A%2036px%3B%20font-weight%3A%20bold%3B%20margin-bottom%3A%2030px%3B%20margin-top%3A%2020px%3B%20text-align%3A%20center%3B%20line-height%3A%2036px%3B%22%3E%3Cimg%20class%3D%22aligncenter%20size-full%20wp-image-141%22%20src%3D%22https%3A%2F%2F24.p3k.hu%2Fapp%2Fuploads%2Fsites%2F24%2F2021%2F05%2Fs24-logo-dt.png%22%20alt%3D%22%22%20width%3D%22408%22%20height%3D%2290%22%20%2F%3E%3C%2Fh2%3E%0D%0A%3Ch2%20style%3D%22color%3A%20%23111115%21important%3B%20font-size%3A%2036px%3B%20font-weight%3A%20bold%3B%20margin-bottom%3A%2030px%3B%20margin-top%3A%2020px%3B%20text-align%3A%20center%3B%20line-height%3A%2040px%3B%22%3ECsatlakozz%20a%20Sport24%20k%C3%B6z%C3%B6ss%C3%A9ghez%2C%20mondd%20el%20v%C3%A9lem%C3%A9nyedet%20z%C3%A1rt%20Facebook-csoportunkban%2C%20%C3%A9s%20vegy%C3%A9l%20r%C3%A9szt%20csak%20el%C5%91fizet%C5%91knek%20el%C3%A9rhet%C5%91%20exkluz%C3%ADv%20esem%C3%A9nyeinken.%3C%2Fh2%3E%0D%0A%3C%2Fdiv%3E%0D%0A%3Cp%20style%3D%22background%3A%20%2357A600%3B%20margin-top%3A%2020px%3B%20padding%3A%2020px%3B%20text-align%3A%20center%3B%22%3E%3Ca%20style%3D%22color%3A%20%23ffffff%3B%20font-size%3A%2026px%3B%20font-weight%3A%20600%3B%22%20href%3D%22https%3A%2F%2Fwww.facebook.com%2Fgroups%2F212344460412327%22%3ECSATLAKOZOM%3C%2Fa%3E%3C%2Fp%3E%0D%0A%0D%0A%3C%2Fdiv%3E\"]","type":"rich","thumbnail_url":"https:\/\/s.24.hu\/app\/uploads\/sites\/24\/2022\/05\/2_kepessport_1964_1__pages246-246-150x150.jpg","thumbnail_width":150,"thumbnail_height":150}