{"version":"1.0","provider_name":"Sport24","provider_url":"https:\/\/sport24.24.hu","author_name":"Bruckner G\u00e1bor","author_url":"https:\/\/sport24.24.hu\/author\/brucknerg\/","title":"Milan vagy Inter? J\u00f6n a hajr\u00e1, olaszok!","html":"Elk\u00e9nyeztet minket az id\u00e9n az olasz bajnoks\u00e1g, pedig nem ez a leger\u0151sebb \u00e9vad az ut\u00f3bbi id\u0151szakban, az biztos. Viszont izgalmakkal b\u0151ven szolg\u00e1l, \u00e9s nemcsak a tabella tetej\u00e9n, ahol a legfontosabb k\u00e9rd\u00e9s kiv\u00e9tel\u00e9vel lassan eld\u0151lnek a fontos k\u00e9rd\u00e9sek, hanem a k\u00f6zep\u00e9n, s\u0151t m\u00e9g ink\u00e1bb az alj\u00e1n is.\r\n\r\nA BL-helyek ugyan elkeltek, de az eur\u00f3pai kupar\u00e9szv\u00e9tel\u00e9rt m\u00e9g \u00f3ri\u00e1si harc d\u00fal, \u00e9s el\u0151fordulhat, hogy m\u00e9g a Fiorentina nyolcadik helye is Konferencia Lig\u00e1t \u00e9r. A negyedik helyezett alatti mez\u0151ny am\u00fagy is iszony\u00fa s\u0171r\u0171, az \u00f6t\u00f6dik Lazio el\u0151nye h\u00e1rom pont az AS Roma, a Fiorentina, valamint az Atalanta el\u0151tt. A tabella alj\u00e1n a poraib\u00f3l felt\u00e1mad\u00f3 Salernitana \u2013 a lehetetlen bennmarad\u00e1sok m\u00e1gus\u00e1val, <strong>Davide Nicol\u00e1val<\/strong> \u2013 kezdett \u00f3ri\u00e1si menetel\u00e9sbe, de k\u00e9t fordul\u00f3val a z\u00e1r\u00e1s el\u0151tt m\u00e9g a csontutols\u00f3 Venezi\u00e1nak is van halv\u00e1ny rem\u00e9nye a bennmarad\u00e1sra.\r\n\r\n<span class=\"highlight-block\">De ezek az izgalmak mind elt\u00f6rp\u00fclnek a bajnoki c\u00edm\u00e9rt foly\u00f3 harc mellett.<\/span>\r\n\r\nAz Inter c\u00edmv\u00e9d\u0151 ugyan, de a tavalyi, m\u00e9g <strong>Antonio Cont\u00e9val<\/strong> beh\u00fazott scudetto el\u0151tt tizenegy \u00e9vig nem siker\u00fclt nyernie, \u00e9s a Milan is b\u0151 egy \u00e9vtized ut\u00e1n \u00fclhetne fel a tr\u00f3nra. L\u00e1ssunk \u00f6t t\u00e9nyez\u0151t, ami eld\u00f6ntheti a rendk\u00edv\u00fcl ki\u00e9lezett csat\u00e1t.\r\n<div class=\"payable-content-section\"><\/div>\r\n<h2>1. A kupad\u00f6nt\u0151<\/h2>\r\nB\u00e1r a szerdai Coppa Italia-d\u00f6nt\u0151nek csak az Inter a r\u00e9sztvev\u0151je (miut\u00e1n pont a Milant ebrudalta ki az el\u0151d\u00f6nt\u0151ben nagy szigorral), a v\u00e1ros m\u00e1sik fel\u00e9ben is nagy \u00e9rdekl\u0151d\u00e9ssel k\u00f6vetik majd a Juventus elleni fin\u00e1l\u00e9t. Igaz, <strong>Stefano Pioli\u00e9kat<\/strong> val\u00f3j\u00e1ban az tenn\u00e9 a legboldogabb\u00e1, ha hosszabb\u00edt\u00e1s lenne a m\u00e9rk\u0151z\u00e9sen.\r\n\r\nA kupafin\u00e1l\u00e9 \u00e9s a bajnoki versenyfut\u00e1s ugyanis els\u0151sorban a meccsterhel\u00e9s miatt f\u00fcgg \u00f6ssze. Az Inter m\u00e1r eddig is t\u00f6bb m\u00e9rk\u0151z\u00e9st j\u00e1tszott a Milann\u00e1l, a k\u00e9k-feket\u00e9k tov\u00e1bbjutottak a BL-csoportjukb\u00f3l, \u00edgy a nyolcadd\u00f6nt\u0151ben k\u00e9tszer is \u00f6sszecsaptak a Liverpoollal, \u00e9s a bajnok jog\u00e1n egy Szuperkupa-d\u00f6nt\u0151 is a l\u00e1bukban van m\u00e1r \u2013 ut\u00f3bbit \u00e9ppen hosszabb\u00edt\u00e1sban nyert\u00e9k meg a Juventusszal szemben.\r\n\r\nA hajr\u00e1 am\u00fagy is mozgalmasabb az Inter sz\u00e1m\u00e1ra, a k\u00e9k-feket\u00e9k k\u00e9t hete p\u00f3tolt\u00e1k a Bologna ellen elmaradt meccset, most pedig a kupad\u00f6nt\u0151 rond\u00edt bele a pihen\u0151s h\u00e9tk\u00f6znapokba. B\u00e1r az Inter kerete b\u0151vebb a Milan\u00e9n\u00e1l, a frissess\u00e9g fontos szempont a befut\u00f3n\u00e1l, m\u00e1r csak az\u00e9rt is, mert a piros-feket\u00e9k a BL-csoportjukban ragadtak, \u00edgy tavaszra nem sok dolguk maradt a bajnoks\u00e1gon k\u00edv\u00fcl.\r\n\r\n[caption id=\"attachment_4519\" align=\"alignnone\" width=\"1500\"]<img class=\"size-full wp-image-4519\" src=\"https:\/\/sport24.24.hu\/app\/uploads\/sites\/24\/2022\/05\/szuperkupa.jpg\" alt=\"\" width=\"1500\" height=\"1000\" \/> Matteo Darmian (Inter) a Szuperkup\u00e1val[\/caption]\r\n\r\nArr\u00f3l nem is besz\u00e9lve, hogy lelkileg mit jelent az Inter sz\u00e1m\u00e1ra a d\u00f6nt\u0151 v\u00e9geredm\u00e9nye. Egy szezonon bel\u00fcl k\u00e9t kupafin\u00e1l\u00e9t is megnyerhetnek a Juventusszal szemben, ami az egekbe l\u00f6kn\u00e9 a csapat \u00f6nbizalm\u00e1t, veres\u00e9g eset\u00e9n viszont lankadtan vehetn\u00e9k tudom\u00e1sul, hogy val\u00f3sz\u00edn\u0171leg \u00fcres k\u00e9zzel z\u00e1rj\u00e1k a szezont.\r\n<h2>2. A h\u00e1tral\u00e9v\u0151 meccsek<\/h2>\r\nEls\u0151 blikkre azonnal r\u00e1v\u00e1gja az ember, hogy a Milan sorsol\u00e1sa klasszisokkal nehezebb, hiszen az ut\u00f3bbi \u00e9vekben folyamatosan a BL-ben szerepl\u0151 Atalant\u00e1val, illetve a megalkuv\u00e1s n\u00e9lk\u00fcli t\u00e1mad\u00f3j\u00e1t\u00e9kkal nyomul\u00f3 Sassuol\u00f3val j\u00e1tszanak Pioli\u00e9k, mik\u00f6zben az Interre a tabella alj\u00e1n tany\u00e1z\u00f3 Cagliari \u00e9s Sampdoria v\u00e1r az utols\u00f3 k\u00e9t fordul\u00f3ban.\r\n\r\nA Milan helyzet\u00e9t tov\u00e1bb nehez\u00edti, hogy a bergam\u00f3iak m\u00e9g harcban \u00e1llnak az eur\u00f3pai kupahelyek\u00e9rt is, \u00e1m a k\u00e9pet \u00e1rnyalja, hogy az Atalanta \u2013 amely lejjebb m\u00e1r nem cs\u00faszhat a tabell\u00e1n \u2013 ak\u00e1r a nyolcadik hely\u00e9vel is KL-r\u00e9sztvev\u0151 lehet. Ehhez csak annyi kell, hogy a Roma megnyerje a Konferencia Liga d\u00f6nt\u0151j\u00e9t. Tov\u00e1bb\u00e1 az sem elhanyagolhat\u00f3, hogy az idei Atalanta a kanyarban nincs az ut\u00f3bbi \u00e9vekben l\u00e1tott csapathoz k\u00e9pest, amit az is bizony\u00edt, hogy k\u00f6r\u00fclbel\u00fcl h\u00fasz pontot ver r\u00e1 a bajnok, \u00e9s a rangad\u00f3ira sem lehet igaz\u00e1n b\u00fcszke. Az \u0151sszel gyeng\u00e9lked\u0151 Juventust legy\u0151zte, \u00e9s N\u00e1polyban is nyerni tudott, de ezen a k\u00e9t eredm\u00e9nyen k\u00edv\u00fcl a csapat t\u00f6bbi rangad\u00f3ja nem siker\u00fclt j\u00f3l.\r\n\r\nEk\u00f6zben\r\n\r\n<span class=\"highlight-block\">az Interre pap\u00edron sokkal k\u00f6nnyebb feladat v\u00e1r <\/span>\r\n\r\n\u2013 illetve v\u00e1rhatott volna, ha nincs a Salernitana k\u00e1pr\u00e1zatos felt\u00e1mad\u00e1sa. A biztos kies\u0151nek v\u00e9lt d\u00e9li kiscsapat sz\u00e1rnyalni kezdett Davide Nicola edz\u0151vel, \u00e9s a salern\u00f3iak virtuskod\u00e1s\u00e1nak az Inter k\u00e9t h\u00e1tral\u00e9v\u0151 ellenfele itta meg a lev\u00e9t. A Cagliari sz\u00e1m\u00e1ra konkr\u00e9tan \u00e9let-hal\u00e1l k\u00e9rd\u00e9s a mil\u00e1n\u00f3iak vend\u00e9gj\u00e1t\u00e9ka, \u00e9s alakulhat \u00fagy, hogy az utols\u00f3 fordul\u00f3ban a Sampdori\u00e1nak is nagyon, de nagyon kell a pont a San Sir\u00f3b\u00f3l.\r\n<h2>3. Ki a bajnokabb?<\/h2>\r\nEl\u00e9g megfoghatatlan, m\u00e1r-m\u00e1r hablatyba hajl\u00f3 nagy igazs\u00e1g, hogy a bajnoki c\u00edmet fejben kell megszerezni. Ezt az xG-korszakban el\u00e9g neh\u00e9z lenyomni az emberek tork\u00e1n, de az t\u00e9ny, hogy egy bajnoki versenyfut\u00e1s \u2013 kiv\u00e1lt, ha ilyen szoros \u2013 sokszor azon d\u0151l el, hogy a csapatok fejben mennyire \u00e1llnak k\u00e9szen a v\u00e9gs\u0151 sikerre.\r\n\r\nHa a bajnoki rutin d\u00f6nt, akkor az Internek ak\u00e1r oda is lehet adni a scudett\u00f3t, hiszen a Milan keret\u00e9ben alig akad j\u00e1t\u00e9kos, akinek van ilyen c\u00edme. <strong>Fikayo Tomori<\/strong> U20-as vil\u00e1gbajnok,<strong> Ismael Bennacer<\/strong> nyert Afrika Kup\u00e1t (\u00e9s MVP lett),<strong> Theo Hernandez<\/strong> pedig a Real Madrid kispadj\u00e1n n\u00e9zte v\u00e9gig csapata sikereit. Ott van ugyan<strong> Zlatan Ibrahimovic<\/strong> \u00e9s <strong>Olivier Giroud<\/strong>, aki t\u00f6bb klubbal is \u00e9rt el komoly sikereket, de az Inter sokkal jobban \u00e1ll ebb\u0151l a szempontb\u00f3l.\r\n\r\nHogy m\u00e1st ne mondjunk, az Inter a c\u00edmv\u00e9d\u0151, \u00edgy a mostani keret jelent\u0151s r\u00e9sze pontosan tudja, milyen bajnoknak lenni, s\u0151t a ny\u00e1ron az olasz v\u00e1logatottal Eur\u00f3pa-bajnoki c\u00edmet szerzett <strong>Alessandro Bastoni<\/strong> \u00e9s <strong>Nicol\u00f3 Barella<\/strong> is, mik\u00f6zben a Milant csak<strong> Alessandro Florenzi<\/strong>\u00a0k\u00e9pviselte az Eb-n (\u00e9s csak percek jutottak neki). Van m\u00e9g egy kontinensbajnoka a csapatnak: <strong>Alexis S\u00e1nchez<\/strong> Chil\u00e9vel k\u00e9tszer is gy\u0151z\u00f6tt a Copa Am\u00e9ric\u00e1n.\r\n\r\n<span class=\"highlight-block-small\">A k\u00e9t csapatot a rutin szempontj\u00e1b\u00f3l nem is \u00e9rdemes \u00f6sszehasonl\u00edtani, akkora f\u00f6l\u00e9nyben van az Inter.<\/span>\r\n\r\n<strong>Edin Dzeko<\/strong> \u00e9s <strong>Arturo Vidal<\/strong> h\u00e1rom-h\u00e1rom toplig\u00e1ban szerzett bajnoki c\u00edmet, S\u00e1nchez a spanyol bajnoki gy\u0151zelme mell\u00e9 k\u00e9t FA Kup\u00e1t is fel tud mutatni, <strong>Ivan Perisic<\/strong> pedig k\u00e9tszeres n\u00e9met bajnoknak mondhatja mag\u00e1t.\r\n<h2>4. A d\u00f6nt\u0151 pillanatok megragad\u00e1sa<\/h2>\r\nEgy bajnoki szezon k\u00f6zben sosem tudhatja az ember el\u0151re, mik lesznek a bajnoks\u00e1g d\u00f6nt\u0151 pillanatai, de azt az\u00e9rt lehetett sejteni, hogy a k\u00e9t mil\u00e1n\u00f3i derbi v\u00e9geredm\u00e9nye nem lesz l\u00e9nyegtelen a v\u00e9gelsz\u00e1mol\u00e1sn\u00e1l. Az id\u00e9n n\u00e9gy Madonnin\u00e1t is rendeztek, \u00e9s b\u00e1r l\u00e1tsz\u00f3lag el\u00e9g kiegyenl\u00edtett a m\u00e9rleg, val\u00f3j\u00e1ban nem az.\r\n\r\nA kup\u00e1ban \u2013 egy 0-0 ut\u00e1n \u2013 az Inter alaposan elnadr\u00e1golta a Milant, \u00e9s bejutott a fin\u00e1l\u00e9ba, de a Serie A-ban lej\u00e1tszott mindk\u00e9t Madonnina ut\u00e1n <strong>Simone Inzaghi<\/strong> foghatta a fej\u00e9t. Az \u0151szi meccset sok\u00e1ig uralta az Inter, <strong>Lautaro Martinez<\/strong> egy tizenegyest (\u00e9s k\u00e9t ziccert) is kihagyott, m\u00e9gis d\u00f6ntetlent lett, tavasszal pedig m\u00e9g rosszabbul j\u00e1rtak a k\u00e9k-feket\u00e9k. A hazai derbin Inzaghi\u00e9k konkr\u00e9tan megsemmis\u00edtett\u00e9k a Milant, a vend\u00e9gek 60 percig hozz\u00e1 sem szagoltak a meccshez, de l\u00e1tva, hogy az Inter nyomaszt\u00f3 f\u00f6l\u00e9ny\u00e9b\u0151l csak egy g\u00f3lra futotta, a hajr\u00e1ban <strong>Olivier Giroud<\/strong> dupl\u00e1j\u00e1val ford\u00edtani tudtak.\r\n\r\n<span class=\"highlight-block-small\">A Milan egy\u00e9bk\u00e9nt is a nagy ford\u00edt\u00e1sok mestere. Sz\u00e1mtalan meccset nyertek meg az utols\u00f3 t\u00edz percben, \u00e9s akadtak k\u00f6zt\u00fck olyanok is, amelyeken m\u00e9g csak igaz\u00e1n meg\u00e9rdemelt sem volt a gy\u0151zelm\u00fck. <\/span>\r\n\r\nCsak a legut\u00f3bbi fordul\u00f3kban k\u00e9tszer is el\u0151fordult, hogy az utols\u00f3 pillanatokban siker\u00fclt kicsikarni a h\u00e1rom pontot, a Fiorentina ellen egy kapushib\u00e1nak, a Lazio otthon\u00e1ban pedig egy elk\u00e9peszt\u0151 v\u00e9delmi bakinak k\u00f6sz\u00f6nhet\u0151en. Ha csak az egyik nem j\u00f6n \u00f6ssze, m\u00e1r az Inter \u00e1llna a tabella \u00e9l\u00e9n.\r\n\r\n\u00c9s m\u00e9g nem besz\u00e9lt\u00fcnk minden d\u00f6nt\u0151 pillanatok \u0151sanyj\u00e1r\u00f3l, az Inter bolognai veres\u00e9g\u00e9r\u0151l, amit \u2013 ha a Milan lesz a bajnok \u2013 a csapat buk\u00e1s\u00e1nak legf\u0151bb okak\u00e9nt fognak emlegetni. L\u00e1sd az 5. pontot!\r\n<h2>5. A rom\u00e1n cserekapusok min\u0151s\u00e9ge<\/h2>\r\nEl\u00e9g j\u00f3 oddsza lehetett \u2013 m\u00e1r ha egy\u00e1ltal\u00e1n k\u00edn\u00e1lt ilyen fogad\u00e1st b\u00e1rmelyik buki \u2013, hogy a Serie A 2021\/22-es \u00e9vad\u00e1t k\u00e9t rom\u00e1n cserekapus fogja eld\u00f6nteni, de ha minden \u00fagy marad a tabell\u00e1n, ahogyan most \u00e1ll, akkor ez t\u00e9nny\u00e9 v\u00e1lik.\r\n\r\nA Milan \u00e9s az Inter kapusfronton egy\u00e1ltal\u00e1n nem panaszkodhat. A piros-feket\u00e9kn\u00e9l<strong> Mike Maignan<\/strong> t\u00f6k\u00e9letesen p\u00f3tolja a k\u00f6zellens\u00e9gg\u00e9 v\u00e1l\u00f3<strong> Gigi Donnarumm\u00e1t<\/strong>, a k\u00e9k-feket\u00e9kn\u00e9l pedig a szlov\u00e9n <strong>Samir Handanovic<\/strong> \u2013 noha m\u00e1r egy\u00e9rtelm\u0171en kifel\u00e9 megy \u2013 m\u00e9g mindig a liga egyik legjobb kapusa. Mellett\u00fck kev\u00e9s sz\u00f3t \u00e9rdemel a Milan 35 \u00e9ves veter\u00e1nja,<strong> Ciprian Tatarusanu<\/strong>, illetve az Inter fiatal cserekapusa, <strong>Ionut Radu<\/strong>. Hacsak nem t\u00f6rt\u00e9nik valami d\u00f6bbenetes.\r\n\r\nDe az id\u00e9n t\u00f6rt\u00e9nt. Tatarusanu \u2013 ez t\u00falz\u00e1s n\u00e9lk\u00fcl kijelenthet\u0151 \u2013 gyakorlatilag t\u00f6k\u00e9letes teljes\u00edtm\u00e9nnyel hozta le azt a r\u00f6vid id\u0151szakot, am\u00edg Maignan s\u00e9r\u00fcl\u00e9ssel bajl\u00f3dott, \u00e9s ebbe beletartozott az Inter elleni, \u0151szi derbi is, amelyen nagy brav\u00farral v\u00e9dte Lautaro Martinez b\u00fcntet\u0151j\u00e9t. Az Internek m\u00e1r j\u00f3val kevesebb szerencs\u00e9je volt saj\u00e1t rom\u00e1n cserekapus\u00e1val,\r\n\r\n<span class=\"highlight-block-small\">Radu ugyanis az eg\u00e9sz szezon legnagyobb bakij\u00e1t elk\u00f6vetve aj\u00e1nd\u00e9kozott gy\u0151zelmet a Bologn\u00e1nak, pedig azon a meccsen csapata d\u00f6nt\u0151 csap\u00e1st m\u00e9rhetett volna a Milan bajnoki \u00e1lmaira.<\/span>\r\n\r\n[prefabricated_shortcode in_app=\"0\" code=\"%3Cdiv%20class%3D%22article_box_border%22%20style%3D%22background%3A%20url%28%27https%3A%2F%2F24.p3k.hu%2Fapp%2Fuploads%2Fsites%2F24%2F2021%2F05%2Fsport24-pattern.png%27%29%20no-repeat%20left%20-16px%20%23f3f3f4%3B%20border%3A%20none%3B%22%3E%0D%0A%3Cdiv%20class%3D%22article_solidheader%22%3E%0D%0A%3Ch2%20style%3D%22color%3A%20%23111115%21important%3B%20font-size%3A%2036px%3B%20font-weight%3A%20bold%3B%20margin-bottom%3A%2030px%3B%20margin-top%3A%2020px%3B%20text-align%3A%20center%3B%20line-height%3A%2036px%3B%22%3E%3Cimg%20class%3D%22aligncenter%20size-full%20wp-image-141%22%20src%3D%22https%3A%2F%2F24.p3k.hu%2Fapp%2Fuploads%2Fsites%2F24%2F2021%2F05%2Fs24-logo-dt.png%22%20alt%3D%22%22%20width%3D%22408%22%20height%3D%2290%22%20%2F%3E%3C%2Fh2%3E%0D%0A%3Ch2%20style%3D%22color%3A%20%23111115%21important%3B%20font-size%3A%2036px%3B%20font-weight%3A%20bold%3B%20margin-bottom%3A%2030px%3B%20margin-top%3A%2020px%3B%20text-align%3A%20center%3B%20line-height%3A%2040px%3B%22%3ECsatlakozz%20a%20Sport24%20k%C3%B6z%C3%B6ss%C3%A9ghez%2C%20mondd%20el%20v%C3%A9lem%C3%A9nyedet%20z%C3%A1rt%20Facebook-csoportunkban%2C%20%C3%A9s%20vegy%C3%A9l%20r%C3%A9szt%20csak%20el%C5%91fizet%C5%91knek%20el%C3%A9rhet%C5%91%20exkluz%C3%ADv%20esem%C3%A9nyeinken.%3C%2Fh2%3E%0D%0A%3C%2Fdiv%3E%0D%0A%3Cp%20style%3D%22background%3A%20%2357A600%3B%20margin-top%3A%2020px%3B%20padding%3A%2020px%3B%20text-align%3A%20center%3B%22%3E%3Ca%20style%3D%22color%3A%20%23ffffff%3B%20font-size%3A%2026px%3B%20font-weight%3A%20600%3B%22%20href%3D%22https%3A%2F%2Fwww.facebook.com%2Fgroups%2F212344460412327%22%3ECSATLAKOZOM%3C%2Fa%3E%3C%2Fp%3E%0D%0A%0D%0A%3C%2Fdiv%3E\"]","type":"rich","thumbnail_url":"https:\/\/s.24.hu\/app\/uploads\/sites\/24\/2022\/05\/milaninter-150x150.jpg","thumbnail_width":150,"thumbnail_height":150}