{"version":"1.0","provider_name":"Sport24","provider_url":"https:\/\/sport24.24.hu","author_name":"Bruckner G\u00e1bor","author_url":"https:\/\/sport24.24.hu\/author\/brucknerg\/","title":"A p\u00e1ly\u00e1n is t\u00f6rt\u00e9nelmi sikert \u00e9rt el a vil\u00e1g els\u0151 veg\u00e1n \u00e9s karbonsemleges futballklubja","html":"A 24 csapatos negyedoszt\u00e1lyb\u00f3l (League Two) n\u00e9gyen jutnak fel az \u00e9vad v\u00e9g\u00e9n, ebb\u0151l h\u00e1rman egyenes \u00e1gon, a negyedik hely sorsa pedig r\u00e1j\u00e1tsz\u00e1sban d\u0151l el. K\u00e9t feljut\u00f3 kil\u00e9te m\u00e1r \u00e1prilisban bizonyoss\u00e1 v\u00e1lt: el\u0151bb a Forest Green Rovers, majd n\u00e9h\u00e1ny nappal k\u00e9s\u0151bb az Exeter is kiv\u00edvta a magasabb oszt\u00e1lyban szerepl\u00e9s jog\u00e1t, a harmadik automatikus feljut\u00f3 hely viszont csak az utols\u00f3 j\u00e1t\u00e9knapon d\u0151lt el, nem is ak\u00e1rmilyen k\u00f6r\u00fclm\u00e9nyek k\u00f6z\u00f6tt:<strong>\u00a0Joey Barton<\/strong> csapat\u00e1nak, a Bristolnak h\u00e9t g\u00f3llal kellett nyernie, \u00e9s \u00e9pp 7-0-ra verte a Scunthorpe-ot!\r\n\r\nA k\u00e9t, m\u00e1r kor\u00e1bban feljut\u00f3 brig\u00e1d k\u00f6z\u00fcl egy\u00e9rtelm\u0171en a Forest Green sikere a nagyobb sztori, l\u00e9v\u00e9n az alig h\u00e9tezres Nailsworth v\u00e1roska csapata sosem szerepelt m\u00e9g a harmadoszt\u00e1lyban. A klub \u00e9vtizedekig a Gloucestershire megyei region\u00e1lis lig\u00e1kban j\u00e1tszott, majd egyre feljebb l\u00e9pdelt, \u00e9s a kilencvenes \u00e9vekben m\u00e1r kin\u0151tte a k\u00f6rzeti bajnoks\u00e1gokat. Ahhoz azonban, hogy a n\u00e9gy legmagasabb oszt\u00e1lyt t\u00f6m\u00f6r\u00edt\u0151 Football League tagja lehessen, komolyabb befektet\u00e9sre volt sz\u00fcks\u00e9g.\r\n\r\nEkkor l\u00e9pett sz\u00ednre <strong>Dale Vince<\/strong>, az Ecotricity nev\u0171 z\u00f6ldenergia-szolg\u00e1ltat\u00f3 c\u00e9g tulajdonosa, aki egyfel\u0151l biztos\u00edtotta az amb\u00edci\u00f3khoz m\u00e9lt\u00f3 anyagi h\u00e1tteret, m\u00e1sfel\u0151l azonban radik\u00e1lisan \u00e1t akarta form\u00e1lni a klub szellemis\u00e9g\u00e9t. Az \u00f6kotudatos Vince r\u00e9g\u00f3ta sz\u00e9lenergi\u00e1val \u00e9s meg\u00fajul\u00f3 energi\u00e1val foglalkozott, \u00e9s miut\u00e1n 2010-ben t\u00f6bbs\u00e9gi tulajdonos meg klubeln\u00f6k lett, hat\u00e1rozott elk\u00e9pzel\u00e9sei voltak a fociklub m\u0171k\u00f6d\u00e9s\u00e9vel kapcsolatban is. \u00c1m\r\n\r\n<span class=\"highlight-block-small\">\u0151 nem abba sz\u00f3lt bele, hogy ki legyen a balh\u00e1tv\u00e9d, ellenben eltiltotta a j\u00e1t\u00e9kosokat a h\u00fasev\u00e9st\u0151l, azt\u00e1n a p\u00e1ly\u00e1r\u00f3l is kitiltotta a h\u00fas\u00e9teleket, <\/span>\r\n\r\nnoha az angol stadionok addig elk\u00e9pzelhetetlenek voltak a h\u00fasos pite (meat pie) n\u00e9lk\u00fcl. Vince azonban nem \u00e1llt meg itt: 2015-ben a Forest Green Rovers lett a vil\u00e1g els\u0151 veg\u00e1n futballklubja, \u00e9s ez m\u00e9g csak az \u00e9tkez\u00e9s megreform\u00e1l\u00e1sa volt.\r\n\r\nA klub ugyanis minden t\u00e9ren a fenntarthat\u00f3s\u00e1gra t\u00f6rekedett. Sz\u00e1mos el\u0151remutat\u00f3 int\u00e9zked\u00e9st vezettek be: napelemek termelik az elektromos \u00e1ramot a stadionban; \u00f6sszegy\u0171jt\u00f6tt es\u0151v\u00edzzel locsolj\u00e1k a vegyi anyagok n\u00e9lk\u00fcl karbantartott, organikus gyepsz\u0151nyeget; a j\u00e1t\u00e9kosok \u00fajrahasznos\u00edtott anyagb\u00f3l k\u00e9sz\u00fclt meleg\u00edt\u0151t hordanak; elektromos busz sz\u00e1ll\u00edtja \u0151ket a meccsekre (mik\u00f6zben m\u00e9g a f\u00e9lprofi klubok k\u00f6z\u00f6tt is akadnak, amelyek rep\u00fcl\u0151g\u00e9ppel utaznak); a szurkol\u00f3kat t\u00f6lt\u0151\u00e1llom\u00e1sokkal b\u00e1tor\u00edtj\u00e1k az elektromos aut\u00f3ra t\u00f6rt\u00e9n\u0151 \u00e1t\u00e1ll\u00e1sban a stadion parkol\u00f3j\u00e1ban.\r\n\r\n<span class=\"highlight-block\">Nem v\u00e9letlen\u00fcl lett a Forest Green Rovers a vil\u00e1g els\u0151 karbonsemleges futballklubja, <\/span>\r\n\r\npedig m\u00e9g be sem k\u00f6lt\u00f6ztek az \u00e9p\u00fcl\u0151 \u00faj stadionjukba: az Eco Park ugyanis kiz\u00e1r\u00f3lag f\u00e1b\u00f3l \u00e9p\u00fcl, \u00e9s m\u00e9g a mostanin\u00e1l is <a href=\"https:\/\/markamonitor.hu\/2022\/02\/11\/zoldpenz-zoldfoci-a-vilag-elso-karbonsemleges-futballklubja-a-forest-green-rovers-esete\/\" target=\"_blank\" rel=\"noopener\">k\u00f6rnyezetbar\u00e1tabb technol\u00f3gi\u00e1kat<\/a> haszn\u00e1lnak hozz\u00e1.\r\n\r\n[caption id=\"attachment_4462\" align=\"aligncenter\" width=\"2924\"]<img class=\"size-full wp-image-4462\" src=\"https:\/\/sport24.24.hu\/app\/uploads\/sites\/24\/2022\/05\/gettyimages-1240171502.jpg\" alt=\"\" width=\"2924\" height=\"1772\" \/> A Forest Green Rovers j\u00e1t\u00e9kosai a feljut\u00e1st jelent\u0151 m\u00e9rk\u0151z\u00e9s\u00fck el\u0151tt 2022. \u00e1prilis 23-\u00e1n Bristolban.[\/caption]\r\n\r\nEz persze mind sz\u00e9p, de a kl\u00edmatudatoss\u00e1g\u00e9rt nem osztogatnak pontokat. A Forest Green is megszenvedett a siker\u00e9rt, v\u00e9g\u00fcl 2017-ben, sokadik pr\u00f3b\u00e1lkoz\u00e1sra jutott fel a negyedoszt\u00e1lyba, minek nyom\u00e1n Nailsworth lett a legkisebb v\u00e1ros, amely valaha is otthont adott Football League-klubnak.\r\n<div class=\"payable-content-section\"><\/div>\r\nItt a csapat k\u00e9tszer is eljutott a r\u00e1j\u00e1tsz\u00e1sig, de mindk\u00e9tszer el is bukott, pedig Dale Vince nemcsak z\u00f6ld klubot szeretett volna, hanem sikereket is, \u00e9s ennek \u00e9rdek\u00e9ben komoly \u00f6sszegeket fektetett a g\u00e1rd\u00e1ba. A sikert azonban nem is felt\u00e9tlen\u00fcl a p\u00e9nz hozta meg, hanem az, hogy tavaly ny\u00e1ron a volt walesi v\u00e1logatott v\u00e9d\u0151, <strong>Rob Edwards<\/strong> v\u00e1ltotta <strong>Mark Coopert<\/strong> a kispadon, tov\u00e1bb\u00e1 \u00e9rkezett \u2013 a klub igazol\u00e1spolitik\u00e1j\u00e1nak megfelel\u0151en \u2013 n\u00e9h\u00e1ny fiatal \u00e9s ezen a szinten komoly er\u0151s\u00edt\u00e9snek sz\u00e1m\u00edt\u00f3 j\u00e1t\u00e9kos.\r\n\r\nA Rovers\u00e9 a harmadik legfiatalabb csapata a lig\u00e1ban; olyan egy\u00fcttes, amely vagy fiatal j\u00e1t\u00e9kosokat v\u00e1s\u00e1rol az als\u00f3bb oszt\u00e1lyokb\u00f3l, vagy a Premier League \u00e9s a Championship akad\u00e9mi\u00e1ir\u00f3l elengedett futallits\u00e1kat gy\u0171jti \u00f6ssze \u00e9s fejleszti a k\u00e9pess\u00e9geiket, majd eladja \u0151ket j\u00f3 p\u00e9nz\u00e9rt.\r\n\r\nEdwards megmutatta, hogy m\u00e1r az angol negyedoszt\u00e1lyban sem ritkas\u00e1g a labdabirtokl\u00e1sra \u00e9p\u00fcl\u0151 j\u00e1t\u00e9kst\u00edlus, \u00e9s kimondottan l\u00e1tv\u00e1nyos t\u00e1mad\u00f3j\u00e1t\u00e9kkal verte v\u00e9gig a mez\u0151nyt. A Forest Green l\u0151tte a legt\u00f6bb g\u00f3lt a lig\u00e1ban, a 3-4-1-2 fel\u00e1ll\u00e1ssal a legjobbat hozta ki a j\u00e1t\u00e9kosaib\u00f3l, \u00e9s nem v\u00e9letlen\u00fcl v\u00e1lasztott\u00e1k az \u00e9v edz\u0151j\u00e9nek a lig\u00e1ban, mik\u00f6zben az esztend\u0151 csapat\u00e1ba h\u00e1rom Forest Green-j\u00e1t\u00e9kos is bef\u00e9rt. K\u00f6z\u00fcl\u00fck a West Bromt\u00f3l \u00e9rkezett jobbh\u00e1tv\u00e9d, a m\u00e9g csak 22 \u00e9ves <strong>Kane Wilson<\/strong> lett az \u00e9v j\u00e1t\u00e9kosa, de \u00e9rdemes megjegyezni a bokszol\u00f3nak indul\u00f3, de v\u00e9g\u00fcl futballist\u00e1v\u00e1 lett csat\u00e1r,<strong> Matty Stevens<\/strong> nev\u00e9t is (\u00e9s csak rem\u00e9lni lehet, hogy az \u00e1prilisban elszenvedett s\u00e9r\u00fcl\u00e9s\u00e9b\u0151l hamar fel\u00e9p\u00fcl majd).\r\n\r\nNem mindennapi t\u00f6rt\u00e9net teh\u00e1t a Forest Green Rovers\u00e9. B\u00e1r a riv\u00e1lisok szurkol\u00f3i szerint mindenekel\u0151tt Dale Vince milli\u00f3inak k\u00f6sz\u00f6nhet\u0151 a siker, tov\u00e1bb\u00e1 t\u00f6bben kifog\u00e1solj\u00e1k, hogyan lehet karbonsemlegesnek nevezni azt a klubot, amelynek a stadionj\u00e1t nem lehet megk\u00f6zel\u00edteni t\u00f6megk\u00f6zleked\u00e9ssel, eg\u00e9szen biztosan \u00faj sz\u00ednt hozott az angol futballba, \u00e9s k\u00f6nnyen lehet, hogy id\u0151vel egyre t\u00f6bben k\u00f6vetik majd a z\u00f6ld p\u00e9ld\u00e1t. (Vince egy\u00e9bk\u00e9nt nemr\u00e9giben lemondott a c\u00e9ge vezet\u00e9s\u00e9r\u0151l, mert a politik\u00e1ban szeretne \u00e9rv\u00e9nyes\u00fclni, de ez a d\u00f6nt\u00e9se fociklubot nem \u00e9rinti.)\r\n\r\n<span class=\"highlight-block\">Az Exeter t\u00f6rt\u00e9nete nem ennyire romantikus, <\/span>\r\n\r\nhiszen a klub hossz\u00fa \u00e9vtizedeket t\u00f6lt\u00f6tt a liga legals\u00f3 vonal\u00e1ban, \u00e9s n\u00e9h\u00e1nyszor m\u00e1r megfordult a harmadoszt\u00e1lyban is: legut\u00f3bb 2009-ben jutott fel, \u00e9s h\u00e1rom szezonig b\u00edrta. Igaz, addigra t\u00fal volt egy cs\u0151d\u00f6n, \u00e9s azt k\u00f6vet\u0151en ker\u00fclt a drukkerek k\u00f6tel\u00e9k\u00e9be: 2003-ban a szurkol\u00f3i tr\u00f6szt lett a t\u00f6bbs\u00e9gi tulajdonos, amely t\u00f6bb gy\u0171jt\u00e9st szervezett a szimpatiz\u00e1nsok k\u00f6r\u00e9ben az elad\u00f3sodott klub megment\u00e9s\u00e9re, de v\u00e9g\u00fcl a kupasorsol\u00e1s mentette meg az akkor \u00e9ppen az \u00f6t\u00f6dik vonalban szer\u00e9nyked\u0151 Exetert.\r\n\r\nMerthogy 2005 janu\u00e1rj\u00e1ban a Manchester Unitedet kapt\u00e1k ellenf\u00e9l\u00fcl, \u00e9s d\u00f6ntetlenre v\u00e9geztek az Old Traffordon, pedig a hazaiak becser\u00e9lt\u00e9k <strong>Cristiano Ronald\u00f3t<\/strong> \u00e9s <strong>Paul Scholest<\/strong> is \u2013 mindhi\u00e1ba. Az ebb\u0151l a tal\u00e1lkoz\u00f3b\u00f3l \u00e9s a hazai p\u00e1ly\u00e1n megism\u00e9telt meccsb\u0151l befoly\u00f3 j\u00f6vedelmeknek k\u00f6sz\u00f6nhet\u0151en a klub vissza tudta fizetni az ad\u00f3ss\u00e1gait. B\u00e1r az\u00f3ta is akadtak nehezebb id\u0151szakok (nyolc \u00e9ve egy id\u0151re \u00e1tigazol\u00e1si embarg\u00f3 is s\u00fajtotta az Exetert), a szurkol\u00f3i tr\u00f6szt j\u00f3 gazd\u00e1nak bizonyult, \u00e9s felel\u0151sen vezette a Grecians (G\u00f6r\u00f6g\u00f6k) becenev\u0171 egyes\u00fcletet.\r\n\r\n[caption id=\"attachment_4460\" align=\"aligncenter\" width=\"2000\"]<img class=\"size-full wp-image-4460\" src=\"https:\/\/sport24.24.hu\/app\/uploads\/sites\/24\/2022\/05\/075_fletcher-forestgr220104_npbqd.jpg\" alt=\"\" width=\"2000\" height=\"1333\" \/> Ben Stevenson (Forest Green Rovers) \u00e9s Jack Caprice (Exeter City) a k\u00e9t csapat m\u00e9rk\u0151z\u00e9s\u00e9n \u00a0Nailsworth-ban 2022. janu\u00e9r 4-\u00e9n.[\/caption]\r\n\r\nMik\u00f6zben folyamatosan l\u00e1thatjuk, mif\u00e9le alakok kaparintj\u00e1k meg az angol futballklubokat az als\u00f3bb oszt\u00e1lyokban is, k\u00fcl\u00f6n\u00f6sen fel\u00e9rt\u00e9kel\u0151dik az Exeter p\u00e9ld\u00e1ja, amely j\u00f6v\u0151re p\u00e9ld\u00e1ul azzal a Derby Countyval szerepel majd egy lig\u00e1ban, amely az el\u0151z\u0151 tulajdonos\u00e1nak felel\u0151tlen <a href=\"https:\/\/sport24.24.hu\/foci\/2021\/09\/29\/derby-county-pontlevonas-csodeljaras-wayne-rooney\/\" target=\"_blank\" rel=\"noopener\">p\u00e9nz\u00fcgyi tr\u00fckk\u00f6z\u00e9sei miatt kapott gigantikus b\u00fcntet\u00e9st<\/a>, \u00e9s ki is esett a Championshipb\u0151l. Az Exeter sikere viszont nem a szerencse m\u0171ve; a csapat a Forest Greenhez hasonl\u00f3an m\u00e1r \u00e9vek \u00f3ta ott toporgott a feljut\u00e1s k\u00fcsz\u00f6b\u00e9n, de mindig elbotlott a v\u00e9g\u00e9n.\r\n\r\nA klub strat\u00e9gi\u00e1ja nagym\u00e9rt\u00e9kben az ut\u00e1np\u00f3tl\u00e1s-nevel\u00e9sre \u00e9p\u00fcl: az Exeter akad\u00e9mi\u00e1ja az egyik legterm\u00e9kenyebb a Football League-ben, \u00e9s az elm\u00falt n\u00e9h\u00e1ny \u00e9vben t\u00edzmilli\u00f3 font k\u00f6r\u00fcli bev\u00e9telt hozott a klubnak, ami ezen a szinten rengeteg p\u00e9nzt jelent. Az Exeter nevel\u00e9se az angol v\u00e1logatottban is bemutatkoz\u00f3 <strong>Ollie Watkins<\/strong>, az Aston Villa t\u00e1mad\u00f3ja, a Chelsea is t\u0151l\u00fck igazolta <strong>Ethan Ampadut<\/strong>, \u00e9s szint\u00e9n onnan indult <strong>Matt Grimes<\/strong>, aki a Swansea sz\u00edneiben j\u00e1tszott a Premier League-ben is.\r\n\r\n<span class=\"highlight-block-small\">A jelenlegi csapatban ugyancsak sz\u00e1mos saj\u00e1t nevel\u00e9s\u0171 futballista akad, de mindemellett az Exeter is a Forest Greenn\u00e9l m\u00e1r ismertetett \u00e1tigazol\u00e1si strat\u00e9gi\u00e1t k\u00f6veti, azaz olyan, fejl\u0151d\u0151k\u00e9pes j\u00e1t\u00e9kosokat keresnek, akikr\u0151l valami\u00e9rt lemondott az el\u0151z\u0151 klubjuk.<\/span>\r\n\r\nA G\u00f6r\u00f6g\u00f6k vezet\u0151edz\u0151je r\u00e1ad\u00e1sul a klub egykori j\u00e1t\u00e9kosa, <strong>Matt Taylor<\/strong> (nem \u00f6sszekeverend\u0151 a Portsmouthban \u00e9s a Boltonban is megfordul\u00f3 Matt Taylorral, aki egy\u00e9bk\u00e9nt szint\u00e9n a lig\u00e1ban edz\u0151sk\u00f6d\u00f6tt, \u00e1m febru\u00e1rban elbocs\u00e1tott\u00e1k a Walsallt\u00f3l). \u0150 t\u00f6k\u00e9letesen ismeri a klubot, \u00e9s azonosul a filoz\u00f3fi\u00e1j\u00e1val is. Nem v\u00e9letlen\u00fcl <a href=\"https:\/\/www.bbc.com\/sport\/football\/61223672\" target=\"_blank\" rel=\"noopener\">nyilatkozta a feljut\u00e1st jelent\u0151 g\u00f3lt szerz\u0151 csapatkapit\u00e1ny<\/a>, a term\u00e9szetesen saj\u00e1t nevel\u00e9s\u0171 <strong>Matt Jay<\/strong> a BBC-nek: \u201eA szezon sor\u00e1n 11 vagy 12, az akad\u00e9mi\u00e1r\u00f3l kiker\u00fclt j\u00e1t\u00e9kos volt az els\u0151 csapatban vagy annak k\u00f6rny\u00e9k\u00e9n, \u00e9s ez nagyszer\u0171, mert bizony\u00edtja, hogy \u00edgy is lehet sikeresnek lenni. Ha megn\u00e9zed a Bradfordot, \u0151k a 16. helyen \u00e1llnak a League Two-ban, pedig vagyonokat k\u00f6lt\u00f6ttek, \u00e9s ugyanez a helyzet a Salfordn\u00e1l is. Mi itt m\u00e1sk\u00e9pp csin\u00e1ljuk, \u00e9s ez m\u0171k\u00f6dik.\u201d\r\n\r\n[caption id=\"attachment_4458\" align=\"aligncenter\" width=\"2000\"]<img class=\"size-full wp-image-4458\" src=\"https:\/\/sport24.24.hu\/app\/uploads\/sites\/24\/2022\/05\/gettyimages-1240259848.jpg\" alt=\"\" width=\"2000\" height=\"1321\" \/> Az Exter City j\u00e1t\u00e9kosai \u00fcnnepelik a feljut\u00e1sukat League One-ba a St. James Park-ban 2022. \u00e1prilis 26-\u00e1n.[\/caption]\r\n\r\nA saj\u00e1t nevel\u00e9s\u0171 j\u00e1t\u00e9kosok t\u00fals\u00falya \u00e9les ellent\u00e9tben \u00e1ll azzal, amit a fels\u0151bb oszt\u00e1lyokban l\u00e1tunk, \u00e9s az Exeter ezzel is jelzi: fontos sz\u00e1mukra a k\u00f6t\u0151d\u00e9s a v\u00e1roshoz \u00e9s k\u00f6rny\u00e9k\u00e9hez. Manaps\u00e1g, amikor nem ritka, hogy klubcsapatok teljes eg\u00e9sz\u00e9ben k\u00fclf\u00f6ldiekb\u0151l \u00e1ll\u00f3 kezd\u0151csapattal futnak ki a p\u00e1ly\u00e1ra, \u00e9s a n\u00e9ven meg a helysz\u00ednen k\u00edv\u00fcl az \u00e9gvil\u00e1gon semmi k\u00f6z\u00fck a nekik otthont ad\u00f3 v\u00e1roshoz, a benne \u00e9l\u0151kh\u00f6z.\r\n\r\nNem v\u00e9letlen\u00fcl vezeti \u00e9vek \u00f3ta az Exeter az \u00fagynevezett szurkol\u00f3i elk\u00f6telezetts\u00e9gi indexet, amely \u00e9rt\u00e9keli a drukkerekkel val\u00f3 p\u00e1rbesz\u00e9det, azok r\u00e9szv\u00e9tel\u00e9t a klub ir\u00e1ny\u00edt\u00e1s\u00e1ban \u00e9s az \u00e1tl\u00e1that\u00f3s\u00e1got is. Itt hi\u00e1ba is keresn\u00e9nk a szt\u00e1rklubokat az \u00e9lmez\u0151nyben, <a href=\"https:\/\/www.bbc.com\/sport\/football\/56988691\" target=\"_blank\" rel=\"noopener\">egyik\u00fck sem f\u00e9r be a top 40-be<\/a>.\r\n<blockquote class=\"small-quote\">Ha meghallgatn\u00e1nk, hogy mit akarnak a drukkerek, az sok probl\u00e9m\u00e1t megoldhatna a futballban<\/blockquote>\r\n\u2013 mondta a BBC-nek <strong>Nick Hawker<\/strong>, a szurkol\u00f3i tr\u00f6szt eln\u00f6ke. \u2013 Ki a tulajdonos? Igaz\u00e1b\u00f3l senki. Az Egyes\u00fclt Kir\u00e1lys\u00e1gban a legt\u00f6bb klub az 1800-as \u00e9vek v\u00e9g\u00e9n vagy az 1900-as \u00e9vek elej\u00e9n sz\u00fcletett, gyakran egyh\u00e1zak vagy munk\u00e1segyletek r\u00e9v\u00e9n, \u00e9s nagyon m\u00e9lyen gy\u00f6kerezik a k\u00f6z\u00f6ss\u00e9gben. Nem mi birtokoljuk az Exeter Cityt, hanem csak meg\u0151rizz\u00fck azt. Ezt kellene meg\u00e9rtenie n\u00e9h\u00e1ny Premier League-tulajdonosnak.\u201d\r\n\r\nNem csoda, hogy \u00e9vente sz\u00e1zezer fontot gy\u0171jtenek be a szurkol\u00f3kt\u00f3l (k\u00f6zt\u00fck p\u00e9ld\u00e1ul a szt\u00e1r\u00e9nekesn\u0151 <strong>Joss Stone-t\u00f3l<\/strong>), \u00e9s siker\u00e9vel az Exeter City p\u00e9ld\u00e1t mutathat a t\u00f6bbi klubnak is, mert minden ilyen sikersztorira h\u00e1rom t\u00f6nkrement, rosszul vezetett klub jut: az id\u00e9n olyan r\u00e9gi tagok zuhantak ki a Football League-b\u0151l, mint az Oldham \u00e9s a Scunthorpe, mindkett\u0151 a vezet\u0151s\u00e9g hathat\u00f3s k\u00f6zrem\u0171k\u00f6d\u00e9s\u00e9vel.\r\n\r\n\u00c9rdemes teh\u00e1t drukkolni az Exeternek a League One-ban is, hogy a p\u00e9lda ragad\u00f3s legyen.\r\n\r\n[prefabricated_shortcode in_app=\"0\" code=\"%3Cdiv%20class%3D%22article_box_border%22%20style%3D%22background%3A%20url%28%27https%3A%2F%2F24.p3k.hu%2Fapp%2Fuploads%2Fsites%2F24%2F2021%2F05%2Fsport24-pattern.png%27%29%20no-repeat%20left%20-16px%20%23f3f3f4%3B%20border%3A%20none%3B%22%3E%0D%0A%3Cdiv%20class%3D%22article_solidheader%22%3E%0D%0A%3Ch2%20style%3D%22color%3A%20%23111115%21important%3B%20font-size%3A%2036px%3B%20font-weight%3A%20bold%3B%20margin-bottom%3A%2030px%3B%20margin-top%3A%2020px%3B%20text-align%3A%20center%3B%20line-height%3A%2036px%3B%22%3E%3Cimg%20class%3D%22aligncenter%20size-full%20wp-image-141%22%20src%3D%22https%3A%2F%2F24.p3k.hu%2Fapp%2Fuploads%2Fsites%2F24%2F2021%2F05%2Fs24-logo-dt.png%22%20alt%3D%22%22%20width%3D%22408%22%20height%3D%2290%22%20%2F%3E%3C%2Fh2%3E%0D%0A%3Ch2%20style%3D%22color%3A%20%23111115%21important%3B%20font-size%3A%2036px%3B%20font-weight%3A%20bold%3B%20margin-bottom%3A%2030px%3B%20margin-top%3A%2020px%3B%20text-align%3A%20center%3B%20line-height%3A%2040px%3B%22%3ECsatlakozz%20a%20Sport24%20k%C3%B6z%C3%B6ss%C3%A9ghez%2C%20mondd%20el%20v%C3%A9lem%C3%A9nyedet%20z%C3%A1rt%20Facebook-csoportunkban%2C%20%C3%A9s%20vegy%C3%A9l%20r%C3%A9szt%20csak%20el%C5%91fizet%C5%91knek%20el%C3%A9rhet%C5%91%20exkluz%C3%ADv%20esem%C3%A9nyeinken.%3C%2Fh2%3E%0D%0A%3C%2Fdiv%3E%0D%0A%3Cp%20style%3D%22background%3A%20%2357A600%3B%20margin-top%3A%2020px%3B%20padding%3A%2020px%3B%20text-align%3A%20center%3B%22%3E%3Ca%20style%3D%22color%3A%20%23ffffff%3B%20font-size%3A%2026px%3B%20font-weight%3A%20600%3B%22%20href%3D%22https%3A%2F%2Fwww.facebook.com%2Fgroups%2F212344460412327%22%3ECSATLAKOZOM%3C%2Fa%3E%3C%2Fp%3E%0D%0A%0D%0A%3C%2Fdiv%3E\"]","type":"rich","thumbnail_url":"https:\/\/s.24.hu\/app\/uploads\/sites\/24\/2022\/05\/gettyimages-1240178170-150x150.jpg","thumbnail_width":150,"thumbnail_height":150}