{"version":"1.0","provider_name":"Sport24","provider_url":"https:\/\/sport24.24.hu","author_name":"Bruckner G\u00e1bor","author_url":"https:\/\/sport24.24.hu\/author\/brucknerg\/","title":"Hetven\u00f6t \u00e9ve szakadt le a lel\u00e1t\u00f3 az \u00dcll\u0151i \u00faton rendezett magyar-osztr\u00e1k meccsen","html":"Az \u00dcll\u0151i \u00faton vid\u00e1man kezd\u0151d\u00f6tt a program, a magyar\u2013osztr\u00e1k m\u00e9rk\u0151z\u00e9s el\u0151tt vagy negyvenezren \u00fcnnepelt\u00e9k a sokoldal\u00fa, \u00fasz\u00f3k\u00e9nt olimpiai bajnok, labdar\u00fag\u00f3k\u00e9nt is v\u00e1logatott, \u00e9p\u00edt\u00e9szk\u00e9nt szint\u00e9n kiemelked\u0151 <strong>Haj\u00f3s Alfr\u00e9dot<\/strong>, akinek kezd\u0151r\u00fag\u00e1sa arra eml\u00e9keztetett, hogy \u00f6tven \u00e9vvel kor\u00e1bban, 1897-ben rendezt\u00e9k az els\u0151 football-matchet Magyarorsz\u00e1gon. A pontos ferencv\u00e1rosi n\u00e9z\u0151sz\u00e1mot senki nem tudta, pedig az adatnak k\u00e9s\u0151bb hallatlan jelent\u0151s\u00e9ge lett volna. <strong>Nagy Marcell<\/strong>, az MLSZ p\u00e9nzt\u00e1rosa azt mondta: \u201eA p\u00e1lya befogad\u00f3k\u00e9pess\u00e9g\u00e9t 38 600-ban \u00e1llap\u00edtott\u00e1k meg, ezzel szemben a sz\u00f6vets\u00e9g csup\u00e1n 37 120 jegyet adott ki.\u201d\r\n\r\nViszont\r\n\r\n<span class=\"highlight-block\">h\u00edrek sz\u00f3ltak arr\u00f3l, hogy az \u00e1ll\u00f3helyi bel\u00e9p\u0151ket hamis\u00edtj\u00e1k, \u00e9s a f\u0151v\u00e1ros k\u00fcl\u00f6nb\u00f6z\u0151 pontjain sz\u00e1zas t\u00f6mb\u00f6kben k\u00edn\u00e1lj\u00e1k fel\u00e1r\u00e9rt. <\/span>\r\n\r\nA f\u0151kolompos az alvil\u00e1gban <strong>Buli<\/strong> n\u00e9ven ismert jegy\u00fcz\u00e9r volt \u2013 \u00edrt\u00e1k, \u00e1m a hamis jegyek el\u0151\u00e1ll\u00edt\u00e1s\u00e1t ut\u00f3bb c\u00e1folt\u00e1k. De nem tudhat\u00f3, mi volt az igazs\u00e1g, mert er\u0151sen politikai felhangja van az akkori MLSZ-k\u00f6zlem\u00e9nynek: \u201eA labdar\u00fag\u00e1s ellens\u00e9gei term\u00e9szetesen felhaszn\u00e1lj\u00e1k e szerencs\u00e9tlen alkalmat sportunk \u00e9s sz\u00f6vets\u00e9g\u00fcnk elleni hazug \u00e9s rosszindulat\u00fa t\u00e1mad\u00e1sra.\u201d\r\n\r\nA szerencs\u00e9tlen alkalom a lel\u00e1t\u00f3 leszakad\u00e1s\u00e1t jelentette. Csaknem h\u00e1romsz\u00e1z ember zuhant a m\u00e9lybe m\u00e1sf\u00e9l emeletnyi magass\u00e1gb\u00f3l, \u00e9s val\u00f3s\u00e1gos csoda, hogy senki sem halt meg. A sz\u00f6rny\u0171 esem\u00e9ny a m\u00e1sodik f\u00e9lid\u0151 hatodik perc\u00e9ben k\u00f6vetkezett be. A Nemzeti Sport \u00edgy sz\u00e1molt be a t\u00f6rt\u00e9ntekr\u0151l:\r\n<blockquote>A lel\u00e1t\u00f3r\u00f3l csak azt lehetett l\u00e1tni, hogy megmozdul a hatalmas embererd\u0151 az \u00e1ll\u00f3hely teniszp\u00e1lya fel\u0151li sark\u00e1ban, \u00e9s lefel\u00e9 zuhan. K\u00e9t perccel k\u00e9s\u0151bb m\u00e1r a tett helysz\u00edn\u00e9n voltunk, \u00e9s \u00edgy, k\u00f6zelr\u0151l m\u00e9g borzalmasabb volt a l\u00e1tv\u00e1ny. Mintegy nyolc m\u00e9ter magass\u00e1gban szakadt be a magas betonoszlopokra helyezett padl\u00f3zat. A deszka- \u00e9s oszlopdarabok k\u00f6z\u00fcl v\u00e9res ruh\u00e1ban, jajgatva m\u00e1sztak el\u0151 azok, akik j\u00e1rni tudtak. A helysz\u00ednre siet\u0151 rend\u0151r\u00f6k, ment\u0151k \u00e9s t\u0171zolt\u00f3k a romok al\u00f3l h\u00fazg\u00e1lt\u00e1k ki a sebes\u00fclteket. A kimentetteket a teniszp\u00e1lya sz\u00e9l\u00e9n, a gyepre fektett\u00e9k le. Perceken bel\u00fcl nagy szir\u00e9n\u00e1z\u00e1ssal t\u00edz ment\u0151aut\u00f3 \u00e9rkezett.<\/blockquote>\r\n<div class=\"payable-content-section\"><\/div>\r\nA Kis \u00dajs\u00e1g szerint \u201ea v\u00e1logatott m\u00e9rk\u0151z\u00e9s ir\u00e1nt oly nagy volt az \u00e9rdekl\u0151d\u00e9s, hogy m\u00e9g egyszer annyian szerettek volna bejutni az FTC \u00dcll\u0151i \u00fati sporttelep\u00e9re, mint amennyi hely volt. A zs\u00fafolts\u00e1g k\u00f6vetkezt\u00e9ben m\u00e1r a j\u00e1t\u00e9k els\u0151 r\u00e9sz\u00e9ben baleset t\u00f6rt\u00e9nt: az \u00dcll\u0151i \u00fati oldalon lev\u0151 \u00e1ll\u00f3hely korl\u00e1tj\u00e1t az \u00f6sszepr\u00e9sel\u0151d\u00f6tt n\u00e9z\u0151k benyomt\u00e1k, \u00e9s r\u00e1estek a korz\u00f3n \u00fcl\u0151kre. T\u00f6bben kisebb-nagyobb s\u00e9r\u00fcl\u00e9st szenvedtek, egy keresked\u0151nek elt\u00f6rt a kulcscsontja. A m\u00e1sodik f\u00e9lid\u0151ben az \u00e1ll\u00f3hely fedett r\u00e9sz\u00e9n, az \u00fagynevezett C trib\u00fcn\u00f6n a hering m\u00f3dj\u00e1ra \u00f6sszepr\u00e9selt emberek kinyomt\u00e1k a trib\u00fcn oldal\u00e1t \u00e9s az egyik betonoszlopot. A k\u00f6z\u00f6ns\u00e9g csak azt l\u00e1tta, hogy a trib\u00fcnnek ezen a r\u00e9sz\u00e9n megindul a t\u00f6meg, s elt\u0171nnek az emberek a m\u00e9lyben. A p\u00e1ly\u00e1n meg\u00e1llt a j\u00e1t\u00e9k, a k\u00e9szen \u00e1ll\u00f3 rend\u0151r\u00f6k mindj\u00e1rt a szerencs\u00e9tlens\u00e9g sz\u00ednhely\u00e9re siettek.\u201d\r\n\r\n\u00d6sszesen 278-an s\u00e9r\u00fcltek meg, n\u00e9h\u00e1nyan \u00e9letre sz\u00f3l\u00f3an. <strong>Varga P\u00e1l<\/strong> is \u00f6r\u00f6kre rokkant maradt. Az FTC ut\u00f3bb p\u00e9nzt\u00e1rosk\u00e9nt alkalmazta negyedsz\u00e1zadon \u00e1t, \u00e9s olyannyira \u00f6sszeforrt az \u00dcll\u0151i \u00fattal, hogy a klubh\u00e1zban lakott. Egy m\u00e1sik ifj\u00fa, bizonyos <strong>Nika L\u00e1szl\u00f3<\/strong> h\u00edress\u00e9 v\u00e1lt szerte a gl\u00f3buszon, mert bej\u00e1rta a vil\u00e1gsajt\u00f3t a fot\u00f3, amely azt \u00f6r\u00f6k\u00edtette meg, hogy a tin\u00e9dzser l\u00f3g egy lehajl\u00f3 deszk\u00e1n. Nika a Goldberger k\u00f6ly\u00f6kcsapat\u00e1nak j\u00e1t\u00e9kosa volt az akkor m\u00e9g szint\u00e9n \u00d3bud\u00e1n futballoz\u00f3 kis <strong>Berendy P\u00e1llal<\/strong> egy\u00fctt; a k\u00e9t gyereket a Vasas k\u00e9s\u0151bbi 24-szeres v\u00e1logatottj\u00e1nak \u00e9desapja vitte ki az \u00dcll\u0151i \u00fati tal\u00e1lkoz\u00f3ra.\r\n\r\n[caption id=\"attachment_4410\" align=\"aligncenter\" width=\"2000\"]<img class=\"size-full wp-image-4410\" src=\"https:\/\/sport24.24.hu\/app\/uploads\/sites\/24\/2022\/04\/nemzetisport_1947_05__pages11-11.jpg\" alt=\"\" width=\"2000\" height=\"1298\" \/> N\u00e9psport, 1947. m\u00e1jus (3. \u00e9vfolyam, 85. sz\u00e1m)[\/caption]\r\n\r\n<strong>M\u00e1ndy Iv\u00e1n<\/strong> 1964-ben, amikor a r\u00e9gi ferencv\u00e1rosi stadiont m\u00e1r bez\u00e1rt\u00e1k, azt \u00edrta: \u201eA p\u00e1lya \u00fcres \u00e9s elhagyatott. \u00dcresek a trib\u00fcn\u00f6k, \u00e9s \u00fcres az \u00e1ll\u00f3hely. Szemben... igen, ott szakadt le a trib\u00fcn egy r\u00e9gi osztr\u00e1k\u2013magyaron. Valaki a leszakadt gerend\u00e1n l\u00f3gott. K\u00e9s\u0151bb l\u00e1tni lehetett a k\u00e9p\u00e9t a lapokban.\u201d\r\n\r\n<span class=\"highlight-block\">A hivataloss\u00e1gok igyekeztek szabadulni a felel\u0151ss\u00e9gt\u0151l,<\/span>\r\n\r\ns noha a Szabad N\u00e9p k\u00e9t nappal k\u00e9s\u0151bb, kedden \u2013 h\u00e9tf\u0151n nem jelent meg \u2013 r\u00e9szletesen besz\u00e1molt a vas\u00e1rnapi szerencs\u00e9tlens\u00e9gr\u0151l, m\u00e9ghozz\u00e1 nem is az utols\u00f3, hanem a harmadik oldal\u00e1n, a k\u00e9s\u0151bbiekben elaludt az \u00fcgy.\r\n\r\nPedig <strong>Rajk L\u00e1szl\u00f3<\/strong> bel\u00fcgyminiszter vizsg\u00e1latot rendelt el, hogy \u201evajon a Magyar Labdar\u00fag\u00f3 Sz\u00f6vets\u00e9g k\u00f6vetett-e el hib\u00e1t a megengedettn\u00e9l t\u00f6bb bel\u00e9p\u0151jegy kibocs\u00e1t\u00e1s\u00e1val, vagy pedig az FTC rendez\u0151g\u00e1rd\u00e1j\u00e1nak a fel\u00fcletess\u00e9ge volt-e az oka, hogy olyan t\u00f6meg is bejuthatott a sporttelepre, amelynek nem is volt jegye\u201d. A vizsg\u00e1l\u00f3 bizotts\u00e1gban Haj\u00f3s Alfr\u00e9d is benne volt, \u00e9s a gr\u00e9mium a k\u00f6vetkez\u0151ket \u00e1llap\u00edtotta meg: \u201eA trib\u00fcn bels\u0151 gerend\u00e1ja kiss\u00e9 meghajlott a t\u00falterhel\u00e9s miatt. Ez megingatta a szerkezet biztons\u00e1g\u00e1t, \u00e9s a nagy dinamikus nyom\u00e1s k\u00f6vetkezt\u00e9ben a betonoszlop kid\u0151lt.\u201d<strong> Ries Istv\u00e1n<\/strong> igazs\u00e1g\u00fcgy-miniszter, az MLSZ eln\u00f6ke r\u00e1csatlakozott a szak\u00e9rt\u0151 v\u00e9lem\u00e9nyre, \u00e9s kijelentette: \u201eA sz\u00f6vets\u00e9g kell\u0151 gondoss\u00e1ggal j\u00e1rt el, m\u0171szakilag meg volt vizsg\u00e1lva a trib\u00fcn, a fa nem volt korhadt, \u00e9s a sajn\u00e1latos szerencs\u00e9tlens\u00e9gnek a betonoszlop kid\u0151l\u00e9se volt az oka.\u201d\r\n\r\nNagyj\u00e1b\u00f3l \u00fagy siker\u00fclt h\u00e1r\u00edtani, ahogyan a stadion k\u00f6zel\u00e9ben \u00e9l\u0151 honfit\u00e1rsuknak, aki apr\u00f3hirdet\u00e9sben tette k\u00f6zz\u00e9: \u201eK\u00fcl\u00f6nv\u00e1ltan \u00e9l\u0151 feles\u00e9gem tartoz\u00e1sai\u00e9rt felel\u0151ss\u00e9get nem v\u00e1llalok. <strong>Csurmann Ferenc<\/strong>, \u00dcll\u0151i \u00fat 121.\u201d\r\n\r\nM\u00e1jus 14-\u00e9n, t\u00edz nappal a trib\u00fcn leoml\u00e1sa ut\u00e1n m\u00e1r az jelent meg a Szabad N\u00e9pben: \u201eKedd d\u00e9lel\u0151tt ism\u00e9t m\u0171szaki vizsg\u00e1lat volt az \u00dcll\u0151i \u00fati sporttelepen. A rend\u0151rs\u00e9g a h\u00e1rom \u00e1ll\u00f3helyi lel\u00e1t\u00f3 kikapcsol\u00e1s\u00e1val megengedte a p\u00e1lya haszn\u00e1lat\u00e1t. Ezek szerint cs\u00fct\u00f6rt\u00f6k\u00f6n kett\u0151s m\u00e9rk\u0151z\u00e9st bonyol\u00edthatnak le az FTC-p\u00e1ly\u00e1n. F\u00e9l 4-kor a Szentl\u0151rinc a Szolnok ellen j\u00e1tszik, f\u00e9l 6-kor pedig a Ferencv\u00e1ros\u2013MTK rangad\u00f3 ker\u00fcl sorra.\u201d\r\n\r\nEz csup\u00e1n kett\u0151s meccs volt, de akadt h\u00e1rmas is. M\u00e1rcius 9-\u00e9n 11.30-t\u00f3l az \u00dcll\u0151i \u00fati sporttelepen egym\u00e1s ut\u00e1n k\u00f6vetkezett a Szentl\u0151rinci AC\u2013Szeged (6-0), az MTK\u2013Vasas (2-2), valamint az FTC\u2013\u00dajpest m\u00e9rk\u0151z\u00e9s (1-0). A tripla programot 32 ezren l\u00e1tt\u00e1k, ekkor m\u00e9g nem kellett f\u00e9lni att\u00f3l, hogy a lel\u00e1t\u00f3 nem b\u00edrja el a t\u00f6meget, mint a magyar\u2013osztr\u00e1kon.\r\n\r\nA v\u00e1logatott meccset egy\u00e9bk\u00e9nt lej\u00e1tszott\u00e1k, hogy ne t\u00f6rj\u00f6n ki kezelhetetlen p\u00e1nik.\r\n\r\n<span class=\"highlight-block-small\">A trib\u00fcn 3-2-es magyar vezet\u00e9sn\u00e9l szakadt le, majd n\u00e9h\u00e1ny perc eltelt\u00e9vel folytat\u00f3dott a j\u00e1t\u00e9k, \u00e9s a magyar csapat 5-2-re nyert. <\/span>\r\n\r\n<strong>Szusza Ferenc<\/strong> k\u00e9t g\u00f3lt szerzett \u2013 egyet az oml\u00e1s el\u0151tt, egyet ut\u00e1na \u2013, m\u00e9gis azt mondta: \u201eHossz\u00fa ideig szinte \u00f6nk\u00edv\u00fcleti \u00e1llapotban l\u00e9zengtem a p\u00e1ly\u00e1n.\u201d Az a hossz\u00fa id\u0151 tizenh\u00e1rom perc volt, akkor varrta be m\u00e1sodszor <strong>Pelikannak<\/strong>. Majd<strong> Balogh, Kir\u00e1di, Nagymarosi, Patkol\u00f3, Pusk\u00e1s, Szil\u00e1gyi I,<\/strong> valamint <strong>Mandik B\u00e9la<\/strong> \u00e9s<strong> Sebes Guszt\u00e1v<\/strong> edz\u0151 t\u00e1rsas\u00e1g\u00e1ban megl\u00e1togatta a s\u00e9r\u00fcltek egy r\u00e9sz\u00e9t a Szent Istv\u00e1n K\u00f3rh\u00e1zban.\r\n\r\nAzt\u00e1n a keret tagjai elutaztak Torin\u00f3ba, az olasz\u2013magyar meccsre, amelyet a k\u00f6vetkez\u0151 vas\u00e1rnap az utols\u00f3 percben szerzett <strong>Menti<\/strong>-g\u00f3llal a squadra azzurra nyert 3-2-re. Akkor m\u00e9g \u00e9lt a Torino valamennyi labdar\u00fag\u00f3ja, s\u0151t az \u00f6sszes mez\u0151nyj\u00e1t\u00e9kost a Grande Torino adta, csak a kapus<strong> Lucidio Sentimentit<\/strong> deleg\u00e1lta a v\u00e1rosi riv\u00e1lis Juventus. A magyar egy\u00fcttesben kilenc \u00dajpest-futballista szerepelt, csup\u00e1n <strong>Rudas Ferenc<\/strong> (FTC),<strong> Pusk\u00e1s Ferenc<\/strong> (Kispest) \u00e9s a Patkol\u00f3 Rezs\u0151 helyett a m\u00e1sodik f\u00e9lid\u0151re bek\u00fcld\u00f6tt<strong> Szil\u00e1gyi Gyula<\/strong> (Vasas) k\u00e9pviselt m\u00e1s klubot.\r\n\r\nAz \u00e9v tov\u00e1bbi k\u00e9t hazai v\u00e1logatott m\u00e9rk\u0151z\u00e9s\u00e9t (Bulg\u00e1ria 9-0, Alb\u00e1nia 3-0) szint\u00e9n az \u00dcll\u0151i \u00faton tartott\u00e1k. Szerencs\u00e9re csak az ellenfelek v\u00e9delme omlott \u00f6ssze, b\u00e1r az alb\u00e1n csapat\u00e9 nem is olyan nagyon.\r\n\r\n[prefabricated_shortcode in_app=\"0\" code=\"%3Cdiv%20class%3D%22article_box_border%22%20style%3D%22background%3A%20url%28%27https%3A%2F%2F24.p3k.hu%2Fapp%2Fuploads%2Fsites%2F24%2F2021%2F05%2Fsport24-pattern.png%27%29%20no-repeat%20left%20-16px%20%23f3f3f4%3B%20border%3A%20none%3B%22%3E%0D%0A%3Cdiv%20class%3D%22article_solidheader%22%3E%0D%0A%3Ch2%20style%3D%22color%3A%20%23111115%21important%3B%20font-size%3A%2036px%3B%20font-weight%3A%20bold%3B%20margin-bottom%3A%2030px%3B%20margin-top%3A%2020px%3B%20text-align%3A%20center%3B%20line-height%3A%2036px%3B%22%3E%3Cimg%20class%3D%22aligncenter%20size-full%20wp-image-141%22%20src%3D%22https%3A%2F%2F24.p3k.hu%2Fapp%2Fuploads%2Fsites%2F24%2F2021%2F05%2Fs24-logo-dt.png%22%20alt%3D%22%22%20width%3D%22408%22%20height%3D%2290%22%20%2F%3E%3C%2Fh2%3E%0D%0A%3Ch2%20style%3D%22color%3A%20%23111115%21important%3B%20font-size%3A%2036px%3B%20font-weight%3A%20bold%3B%20margin-bottom%3A%2030px%3B%20margin-top%3A%2020px%3B%20text-align%3A%20center%3B%20line-height%3A%2040px%3B%22%3ECsatlakozz%20a%20Sport24%20k%C3%B6z%C3%B6ss%C3%A9ghez%2C%20mondd%20el%20v%C3%A9lem%C3%A9nyedet%20z%C3%A1rt%20Facebook-csoportunkban%2C%20%C3%A9s%20vegy%C3%A9l%20r%C3%A9szt%20csak%20el%C5%91fizet%C5%91knek%20el%C3%A9rhet%C5%91%20exkluz%C3%ADv%20esem%C3%A9nyeinken.%3C%2Fh2%3E%0D%0A%3C%2Fdiv%3E%0D%0A%3Cp%20style%3D%22background%3A%20%2357A600%3B%20margin-top%3A%2020px%3B%20padding%3A%2020px%3B%20text-align%3A%20center%3B%22%3E%3Ca%20style%3D%22color%3A%20%23ffffff%3B%20font-size%3A%2026px%3B%20font-weight%3A%20600%3B%22%20href%3D%22https%3A%2F%2Fwww.facebook.com%2Fgroups%2F212344460412327%22%3ECSATLAKOZOM%3C%2Fa%3E%3C%2Fp%3E%0D%0A%0D%0A%3C%2Fdiv%3E\"]","type":"rich","thumbnail_url":"https:\/\/s.24.hu\/app\/uploads\/sites\/24\/2022\/04\/fortepan_24554-150x150.jpg","thumbnail_width":150,"thumbnail_height":150}