{"version":"1.0","provider_name":"Sport24","provider_url":"https:\/\/sport24.24.hu","author_name":"Bruckner G\u00e1bor","author_url":"https:\/\/sport24.24.hu\/author\/brucknerg\/","title":"Egressy Zolt\u00e1n: V\u00e9r \u00e9s arany \u2013 P\u00e1rizs \u00f6r\u00fcl (?)","html":"K\u00e9t <strong>Neymar<\/strong>, h\u00e1rom <strong>Messi<\/strong>, egy <strong>Verratti<\/strong> \u00e9s meglep\u0151 m\u00f3don egy <strong>Pauleta<\/strong> utazik velem\u00a0 a metr\u00f3kocsiban, r\u00e1n\u00e9z\u00e9sre egyik\u00fck sincs tizen\u00f6t \u00e9ves, fesz\u00fclnek a mezek az izzad\u00f3 h\u00e1takon, m\u00e1r csak tizenvalah\u00e1ny meg\u00e1ll\u00f3t kell kib\u00edrnom a Parc des Princes stadionig, az id\u0151 kiv\u00e1l\u00f3, d\u00e9lut\u00e1n esett ugyan, de csak n\u00e9h\u00e1ny percig, minden adott teh\u00e1t az \u00fcnnepl\u00e9shez, r\u00e1ad\u00e1sul \u00a0az ellenf\u00e9l nem rossz csapat, de t\u00f6k\u00e9letesen alkalmasnak t\u0171nik az \u00e1ldozati b\u00e1r\u00e1ny szerep\u00e9re \u2013 mert\r\n\r\n<span class=\"highlight-block-small\">hiszen a k\u00f6z\u00f6ns\u00e9g ma bajnoki c\u00edmet szeretne \u00fcnnepelni. Gondolom el\u0151zetesen. \u00a0Azt\u00e1n elbizonytalanodom.<\/span>\r\n\r\nEnnek oka, hogy a hangoskod\u00f3, n\u00e9vmezes fiatalokon k\u00edv\u00fcli utaz\u00f3k, akik nyilv\u00e1nval\u00f3an szint\u00e9n a PSG\u2013Lens meccsre vitetik magukat a metr\u00f3val, olyan fejjel \u00fclnek-\u00e1llnak, mintha valami k\u00f6telez\u0151 programon kellene r\u00e9szt venni\u00fck; m\u00e1snap, az Eiffel-torony t\u00f6v\u00e9ben kicsit meg\u00e9rt\u0151bbnek bizonyulok: arra gondolok, hogy nekem ugyan m\u00e1mor\u00edt\u00f3 dolog a sz\u00e9p \u00e1mul\u00e1sok szent v\u00e1ros\u00e1ban a h\u00e1romsz\u00e1z m\u00e9teres tornyot l\u00e1tni, de a helyiek bizony\u00e1ra hal\u00e1losan unj\u00e1k (sose szerett\u00e9k egy\u00e9bk\u00e9nt, az eredeti terv szerint le is bontott\u00e1k volna az 1889-es vil\u00e1gki\u00e1ll\u00edt\u00e1s ut\u00e1n), ahogy hozz\u00e1szoktak m\u00e1r ahhoz is, hogy rendszeresen \u00e9l\u0151ben l\u00e1thatj\u00e1k Messit, Neymart, <strong>Mbapp\u00e9t<\/strong>, tal\u00e1n cs\u00f6m\u00f6r\u00fck van t\u0151l\u00fck, n\u00e9ha m\u00e9g<strong> Di Maria<\/strong> is be\u00e1ll, semmis\u00e9g, mindennapos, unalmas apr\u00f3s\u00e1gok.\r\n\r\n\u00c9n azonban nem vagyok p\u00e1rizsi, nekem teh\u00e1t csoda lesz, erre k\u00e9sz\u00edtem magam, megvolt d\u00e9lel\u0151tt t\u00f6bbek k\u00f6z\u00f6tt a diadal\u00edv, a Champs-\u00c9lys\u00e9es, a Concorde t\u00e9r a sokkal t\u00f6bb mint h\u00e1romezer \u00e9ves obeliszkkel, a Tuileri\u00e1k kertje, m\u00e9g a Petit Palace is, amelynek egykori ki\u00e1ll\u00edt\u00e1sair\u00f3l (p\u00e9ld\u00e1ul a\u00a0 gyerekj\u00e1t\u00e9k-felhozatalr\u00f3l) <strong>Ady<\/strong> tud\u00f3s\u00edtotta a Pesti Napl\u00f3t 1904-ben, de a l\u00e9nyeg most k\u00f6vetkezik (\u00e9s m\u00e9g ki\u00e1ll\u00edt\u00e1s is lesz a meccsen): Messi\u00e9k a gyepen. \u00c9s h\u00e1t pr\u00f3b\u00e1lok, de\r\n\r\n<span class=\"highlight-block-small\">\u00e9rzem m\u00e1r, hogy nem nagyon tudok ezek ellen a j\u00e1t\u00e9kosok ellen szurkolni, t\u00fal sok \u00f6r\u00f6m\u00f6t szereztek,<\/span>\r\n\r\n<img class=\"alignnone size-full wp-image-4379\" src=\"https:\/\/sport24.24.hu\/app\/uploads\/sites\/24\/2022\/04\/gettyimages-1240188561.jpg\" alt=\"\" width=\"1500\" height=\"1241\" \/>\r\n\r\nigaz, ketten k\u00f6z\u00fcl\u00fck nem itt, hanem a kor\u00e1bbi klubjukban, ugyanakkor er\u0151sen szimpatiz\u00e1lok a Lensszal, f\u0151k\u00e9nt mi\u00f3ta l\u00e1ttam a csapat k\u00f6z\u00f6s \u00f6r\u00f6m\u00e9t, amikor a j\u00e1t\u00e9kosok \u00e9rtes\u00fcltek r\u00f3la, hogy <strong>Jonathan Clauss<\/strong> nev\u0171 h\u00e1tv\u00e9dj\u00fck megh\u00edv\u00f3t kapott a v\u00e1logatottba, \u00fagy \u00a0ugr\u00e1ltak, mint a kisgyerekek, vagy mintha \u0151ket v\u00e1logatt\u00e1k volna be.\r\n\r\nT\u00f6bbk\u00f6r\u00f6s ellen\u0151rz\u00e9sen kell sikeresen \u00e1tjutni a stadionba l\u00e9p\u00e9s el\u0151tt, a t\u00e1sk\u00e1mat konkr\u00e9tan n\u00e9gyszer n\u00e9zik \u00e1t udvariasan, de ellentmond\u00e1st nem t\u0171r\u0151en, a tapogat\u00e1sok ut\u00e1n mindig j\u00f6n egy kedves \u201emercy monsieur\u201d, az \u00e1sv\u00e1nyvizes flakon bej\u00f6het, de a kupakja nem; engem is megmotoznak, azt\u00e1n mehetek a helyemre, a j\u00e1t\u00e9koskij\u00e1r\u00f3val szemben, a felez\u0151vonal magass\u00e1g\u00e1ban \u00fcl\u00f6k, fel\u00fclr\u0151l a nyolcadik sor, \u00e9n innen l\u00e1tom \u00e1t a p\u00e1ly\u00e1t majdnem \u00fagy, mint Messi lentr\u0151l, az \u00fcl\u00e9s sz\u0171k, \u00e9s kicsit meredek az eg\u00e9sz, ha nem is annyira, mint Gy\u0151rben, ahol szint\u00e9n egy bajnokavat\u00e1s-meccsen szuszakol\u00f3dtam be n\u00e9h\u00e1ny \u00e9ve a helyemre, k\u00fcl\u00f6n\u00f6s, hogy nem zuhantam le.\r\n<div class=\"payable-content-section\"><\/div>\r\nGy\u00f6ny\u00f6r\u0171 Ferrari-t\u0171zpiros szerel\u00e9sben j\u00f6nnek ki meleg\u00edteni a lensiak, a k\u00f6z\u00f6ns\u00e9g nem fogadja \u0151ket kedvesen, de h\u00e1t ez a dolguk, Clausst keresem a szememmel, megvan, lassan megtelik a stadion, kellett volna ennem egy hot dogot, csak nem akartam lemaradni Messi\u00e9k kij\u00f6vetel\u00e9r\u0151l, \u00edme, itt vannak, minden szt\u00e1r el\u0151ttem kocog, akkor teh\u00e1t kezdenek, ezt ugye sose lehet biztosan tudni, a kedvenceim k\u00f6z\u00fcl csup\u00e1n Di Maria csere, de majd \u0151 is be\u00e1ll a v\u00e9ge fel\u00e9. Kicsit giccses-cirkuszos a hazai j\u00e1t\u00e9kosok bemutat\u00e1sa, sz\u00f3l a Pet Shop Boys Go west-j\u00e9nek gagyi feldolgoz\u00e1sa, a d\u00edszp\u00e1holy egy perc alatt telik meg, amikor a VIP-esek befalj\u00e1k a maguk hot dogjait.\r\n\r\n<span class=\"highlight-block\">A felhajt\u00e1s a kezd\u0151 s\u00edpsz\u00f3ig tart, onnant\u00f3l le\u00fcl a hangulat. <\/span>\r\n\r\nDortmundban, Liverpoolban v\u00e9gig szurkolnak a szurkol\u00f3k, az\u00e9rt is nevezik szurkol\u00f3knak \u0151ket, itt ink\u00e1bb olyan a hangulat, mint Barcelon\u00e1ban, minek izgulni, \u00fagyis j\u00f6nnek a g\u00f3lok \u2013 \u00e1m ez\u00fattal nem j\u00f6nnek, \u00edgy azt\u00e1n n\u00e9mi ap\u00e1tia \u00fcti fel a fej\u00e9t, mintha sem a p\u00e1ly\u00e1n, sem a lel\u00e1t\u00f3n nem indulna be valami, van egy kis k\u00f6telez\u0151 f\u00fctty a Lens-t\u00e1mad\u00e1sokn\u00e1l, apr\u00f3bb felh\u00f6rd\u00fcl\u00e9sek a PSG-helyzetecsk\u00e9kn\u00e9l, Mbapp\u00e9 \u00e9s Neymar is \u00a0kihagy egyet-egyet, szab\u00e1lytalans\u00e1g nemigen fordul el\u0151, h\u00e1borogni nincs ok, egy-egy sz\u00e9p szerel\u00e9s kap csak tapsot, nem kedvelem k\u00fcl\u00f6n\u00f6sebben <strong>Sergio Ramost<\/strong>, de \u00e9rteni v\u00e9lem, mi\u00e9rt tartj\u00e1k a vil\u00e1g egyik legjobb v\u00e9d\u0151j\u00e9nek.\r\n\r\nNeymar sarkazgat t\u00f6bbsz\u00f6r is, nem j\u00f6n be egyik sem, de nem b\u00e1ntj\u00e1k a n\u00e9z\u0151k emiatt, neki legal\u00e1bb esz\u00e9be jut valami sz\u00e9ps\u00e9g, elcsordog\u00e1l a f\u00e9lid\u0151, nagyobb izgalmakat csak a kivet\u00edt\u0151 okoz: aki megl\u00e1tja mag\u00e1t, boldogan integet, \u00e9rdekes, szinte mindenki \u00e9szreveszi, ha mutatj\u00e1k, mintha az emberek nem a meccset n\u00e9zn\u00e9k, hanem saj\u00e1t lehets\u00e9ges felt\u0171n\u00e9s\u00fcket v\u00e1rn\u00e1k. Felfigyelek a p\u00e1ly\u00e1nak h\u00e1ttal \u00fcl\u0151 biztons\u00e1giakra, kilencvenig sz\u00e1molom \u0151ket, rengetegen nem n\u00e9zik teh\u00e1t a helysz\u00ednen a m\u00e9rk\u0151z\u00e9st, de tov\u00e1bb nem sz\u00e1molok, mert hirtelen felgyorsulnak az esem\u00e9nyek: ki\u00e1ll\u00edtanak egy v\u00e9r \u00e9s arany-mezest, Ramos helyzetet hagy ki, azt\u00e1n persze j\u00f6n Messi, hogy a meccs ut\u00e1n M\u00e1ty\u00e1s bar\u00e1tomt\u00f3l meg\u00e9rkezhessen ez az \u00fczenet: \u201eAz\u00e9rt ezt te sem \u00edrhattad volna meg jobban. L\u00e1tt\u00e1l egy hatalmas Messi-g\u00f3lt, bajnoki c\u00edm \u00fcnnepl\u00e9s\u00e9t, \u00e9s m\u00e9g a Lens sem kapott ki.\u201d\r\n\r\n<img class=\"alignnone size-full wp-image-4374\" src=\"https:\/\/sport24.24.hu\/app\/uploads\/sites\/24\/2022\/04\/img_9944uj.jpg\" alt=\"\" width=\"3024\" height=\"2643\" \/>\r\n\r\nMert h\u00e1t val\u00f3ban nem, a v\u00e9ge el\u0151tt ugyanis egyenl\u00edtenek a vend\u00e9gek, \u00e9s b\u00e1r Mbapp\u00e9 az utols\u00f3 pillanatban l\u0151hetne egy g\u00f3lt, nem l\u0151: marad a d\u00f6ntetlen. Ekkor \u00e9rdekes dolog t\u00f6rt\u00e9nik. A PSG-j\u00e1t\u00e9kosok \u00f6r\u00fclni kezdenek, hiszen ezzel az eredm\u00e9nnyel m\u00e1r bajnokok. Beindul a t\u0171zij\u00e1t\u00e9k. A szurkol\u00f3k meg \u00e1llnak. Gyakorlatilag n\u00e9m\u00e1n. Az el\u0151ttem l\u00e9v\u0151 sorban egy t\u00edz\u00e9ves Mbapp\u00e9 \u00fcld\u00f6g\u00e9l egykedv\u0171en, mellettem apa \u00e9s fia \u00e1lldog\u00e1l apa(fia)tikusan. Sz\u00f3 n\u00e9lk\u00fcl. Kelletlen\u00fcl tapsolgatnak. Ekkor v\u00e9gre megvil\u00e1gosodom:\r\n\r\n<span class=\"highlight-block\">ezek a p\u00e1rizsi emberek haragszanak.<\/span>\r\n\r\nFrancia bajnok lett a csapatuk, de kiesett a BL-b\u0151l. Nem f\u00fcty\u00fclhetik ki \u0151ket, b\u00e1r nem nyertek ma, m\u00e9giscsak \u0151k lettek haz\u00e1juk legjobbjai. Mekkora frusztr\u00e1ci\u00f3 lehet ez a szurkol\u00f3knak, meg kell tapsolniuk azokat, akiket szeretetmegvon\u00e1sukkal b\u00fcntetni akarn\u00e1nak. \u00a0M\u00e1snap m\u00e9g <strong>Macron<\/strong> is nyer az eln\u00f6kv\u00e1laszt\u00e1son, amit a legt\u00f6bben szint\u00e9n unalmas pap\u00edrform\u00e1nak tartanak, sokan hangs\u00falyozz\u00e1k a t\u00e9v\u00e9ben, hogy tulajdonk\u00e9ppen nem Macronra szavaztak, csak <strong>Le Pen<\/strong> ellen.\r\n\r\nVas\u00e1rnap sz\u00e9pen s\u00fct a nap, sok a turista, de m\u00e1r d\u00e9lut\u00e1n lez\u00e1rj\u00e1k az esti fieszt\u00e1hoz az Eiffel-torony k\u00f6rny\u00e9k\u00e9t, nem a PSG-t \u00fcnneplik majd, Macron foglalja le a helyet, m\u00e1r j\u00f3 el\u0151re, \u201ediktat\u00fara\u201d, kiab\u00e1lja egy elkeseredett helyi, ami\u00e9rt ker\u00fcl\u0151t kell tennie. Sz\u00f3val nem k\u00f6nny\u0171 napok ezek, m\u00e9g egy magamfajta turist\u00e1nak sem, b\u00e1r a furcsas\u00e1gok mindig \u00e9rdekesek: sz\u00e1ll\u00e1som fel\u00e9 haladva megint csak egy Pauleta-mezes ifj\u00fat sodor mell\u00e9m a vakszerencse. Az igazi p\u00e1r nap m\u00falva lesz 49 \u00e9ves.\r\n\r\n<span class=\"highlight-block-small\">Ez a metr\u00f3s verzi\u00f3 harminc k\u00f6r\u00fcl j\u00e1rhat. Tal\u00e1n a r\u00e9gi sz\u00e9p id\u0151kre eml\u00e9kezteti a t\u00f6bbi utast. Amikor m\u00e9g a nagy Pauleta j\u00e1tszott itt, nem ezek a senkih\u00e1zi maiak.<\/span>\r\n\r\n[prefabricated_shortcode in_app=\"0\" code=\"%3Cdiv%20class%3D%22article_box_border%22%20style%3D%22background%3A%20url%28%27https%3A%2F%2F24.p3k.hu%2Fapp%2Fuploads%2Fsites%2F24%2F2021%2F05%2Fsport24-pattern.png%27%29%20no-repeat%20left%20-16px%20%23f3f3f4%3B%20border%3A%20none%3B%22%3E%0D%0A%3Cdiv%20class%3D%22article_solidheader%22%3E%0D%0A%3Ch2%20style%3D%22color%3A%20%23111115%21important%3B%20font-size%3A%2036px%3B%20font-weight%3A%20bold%3B%20margin-bottom%3A%2030px%3B%20margin-top%3A%2020px%3B%20text-align%3A%20center%3B%20line-height%3A%2036px%3B%22%3E%3Cimg%20class%3D%22aligncenter%20size-full%20wp-image-141%22%20src%3D%22https%3A%2F%2F24.p3k.hu%2Fapp%2Fuploads%2Fsites%2F24%2F2021%2F05%2Fs24-logo-dt.png%22%20alt%3D%22%22%20width%3D%22408%22%20height%3D%2290%22%20%2F%3E%3C%2Fh2%3E%0D%0A%3Ch2%20style%3D%22color%3A%20%23111115%21important%3B%20font-size%3A%2036px%3B%20font-weight%3A%20bold%3B%20margin-bottom%3A%2030px%3B%20margin-top%3A%2020px%3B%20text-align%3A%20center%3B%20line-height%3A%2040px%3B%22%3ECsatlakozz%20a%20Sport24%20k%C3%B6z%C3%B6ss%C3%A9ghez%2C%20mondd%20el%20v%C3%A9lem%C3%A9nyedet%20z%C3%A1rt%20Facebook-csoportunkban%2C%20%C3%A9s%20vegy%C3%A9l%20r%C3%A9szt%20csak%20el%C5%91fizet%C5%91knek%20el%C3%A9rhet%C5%91%20exkluz%C3%ADv%20esem%C3%A9nyeinken.%3C%2Fh2%3E%0D%0A%3C%2Fdiv%3E%0D%0A%3Cp%20style%3D%22background%3A%20%2357A600%3B%20margin-top%3A%2020px%3B%20padding%3A%2020px%3B%20text-align%3A%20center%3B%22%3E%3Ca%20style%3D%22color%3A%20%23ffffff%3B%20font-size%3A%2026px%3B%20font-weight%3A%20600%3B%22%20href%3D%22https%3A%2F%2Fwww.facebook.com%2Fgroups%2F212344460412327%22%3ECSATLAKOZOM%3C%2Fa%3E%3C%2Fp%3E%0D%0A%0D%0A%3C%2Fdiv%3E\"]","type":"rich","thumbnail_url":"https:\/\/s.24.hu\/app\/uploads\/sites\/24\/2022\/04\/gettyimages-1393345274-150x150.jpg","thumbnail_width":150,"thumbnail_height":150}