{"version":"1.0","provider_name":"Sport24","provider_url":"https:\/\/sport24.24.hu","author_name":"Bruckner G\u00e1bor","author_url":"https:\/\/sport24.24.hu\/author\/brucknerg\/","title":"Hogyan n\u00e9zhet ki Ten Hag ir\u00e1ny\u00edt\u00e1s\u00e1val a Manchester United?","html":"A futball vil\u00e1g\u00e1ban jelenleg tal\u00e1n egyetlen nehezebb munka sincs egy edz\u0151 sz\u00e1m\u00e1ra, mint a Manchester Unitedet felemelni a cs\u00facsra. A <strong>Sir Alex Ferguson<\/strong> visszavonul\u00e1sa \u00f3ta elk\u00e9peszt\u0151 m\u00e9rt\u00e9kben f\u00e9lremenedzselt klub imm\u00e1r \u00f6t \u00e9ve nem nyert semmilyen tr\u00f3fe\u00e1t, r\u00e1ad\u00e1sul ahhoz is \u00f3ri\u00e1si csoda kellene, hogy a csapat a k\u00f6vetkez\u0151 szezonban ott legyen a Bajnokok Lig\u00e1ja f\u0151t\u00e1bl\u00e1j\u00e1n.\r\n\r\nAz <strong>Ole Gunnar Solskjaer<\/strong> meneszt\u00e9s\u00e9t k\u00f6vet\u0151en a kispadra le\u00fcl\u0151 <strong>Ralf Rangnick<\/strong> nem tudott l\u00e1tv\u00e1nyos v\u00e1ltoz\u00e1st el\u00e9rni az egy\u00fcttes \u00e9let\u00e9ben, r\u00e1ad\u00e1sul a legut\u00f3bbi, Liverpool ellen cs\u00fafosan elvesz\u00edtett rangad\u00f3 \u00fajabb m\u00e9lypontot jelentett a klub \u00e9let\u00e9ben. A V\u00f6r\u00f6s \u00d6rd\u00f6g\u00f6k sz\u00e1mos kulcsj\u00e1t\u00e9kosuk n\u00e9lk\u00fcl voltak k\u00e9nytelenek p\u00e1ly\u00e1ra l\u00e9pni, ennek ellen\u00e9re is rendk\u00edv\u00fcl l\u00e1tv\u00e1nyos volt a szakad\u00e9k k\u00f6zt\u00fck, \u00e9s az Eur\u00f3pa k\u00f6zvetlen elitj\u00e9hez tartoz\u00f3 Liverpool k\u00f6z\u00f6tt.\r\n\r\n[caption id=\"attachment_4333\" align=\"alignnone\" width=\"2000\"]<img class=\"size-full wp-image-4333\" src=\"https:\/\/sport24.24.hu\/app\/uploads\/sites\/24\/2022\/04\/gettyimages-1392542782.jpg\" alt=\"\" width=\"2000\" height=\"1333\" \/> Sadio Mane (Liverpool) \u00e9s Jesse Lingard (Manchester United) az Anfield Roadon[\/caption]\r\n\r\nA legfontosabb k\u00e9rd\u00e9s \u00edgy egy\u00e9rtelm\u0171en az volt, hogy ki lesz az a vezet\u0151edz\u0151, aki a k\u00f6vetkez\u0151 szezont\u00f3l megpr\u00f3b\u00e1lja \u00fajra\u00e9p\u00edteni a csapatot, \u00e9s mostanra eld\u0151lt: <a href=\"https:\/\/sport24.24.hu\/foci\/2021\/12\/04\/erik-ten-hag-ajax-karrierut-elemzes\/\" target=\"_blank\" rel=\"noopener\">az Ajaxn\u00e1l komoly sikereket el\u00e9r\u0151 <strong>Erik ten Hagra<\/strong> v\u00e1r a nem mindennapi feladat.<\/a>\r\n\r\n<span class=\"highlight-block\">Az 52 \u00e9ves holland szakember most el\u0151sz\u00f6r \u00fclhet le haz\u00e1j\u00e1n k\u00edv\u00fcl feln\u0151ttegy\u00fcttes kispadj\u00e1ra, <\/span>\r\n\r\nde az el\u0151z\u0151 csapatain\u00e1l megval\u00f3s\u00edtott j\u00e1t\u00e9k, \u00e9s f\u0151leg az Ajaxszal Eur\u00f3p\u00e1ban el\u00e9rt eredm\u00e9nysor megfelel\u0151 aj\u00e1nl\u00f3lev\u00e9lnek bizonyult.\r\n\r\nAz \u00fajj\u00e1\u00e9p\u00edt\u00e9s pedig egy\u00e1ltal\u00e1n nem ismeretlen Ten Hag sz\u00e1m\u00e1ra, hiszen az Ajaxn\u00e1l a rendre t\u00e1voz\u00f3 kulcsj\u00e1t\u00e9kosok miatt folyamatosan alak\u00edtania kellett a csapat j\u00e1t\u00e9k\u00e1n, \u00e9s \u00e1lland\u00f3an taktikai finomhangol\u00e1sokat hajtott v\u00e9gre. A legl\u00e1tv\u00e1nyosabb p\u00e9ld\u00e1ja ennek, hogy a 2019-ben egy perc h\u00edj\u00e1n a Bajnokok Lig\u00e1ja d\u00f6nt\u0151j\u00e9ig eljut\u00f3, t\u00f6bbek k\u00f6z\u00f6tt <strong>Frenkie de Jong<\/strong> \u00e9s <strong>Matthijs de Ligt<\/strong> nev\u00e9vel f\u00e9mjelzett egy\u00fcttes m\u00e9g 4-2-3-1-es hadrendben j\u00e1tszott, a mostani \u2013 a BL-csoportk\u00f6r\u00e9nek legjobb xG-k\u00fcl\u00f6nbs\u00e9g\u00e9t sz\u00e1ll\u00edt\u00f3 \u2013 csapat m\u00e1r egyetlen m\u00e9lys\u00e9gi k\u00f6z\u00e9pp\u00e1ly\u00e1st alkalmaz 4-3-3-as fel\u00e1ll\u00e1sban.\r\n\r\nAmi viszont \u00e1lland\u00f3, hogy Ten Hag tartja mag\u00e1t a poz\u00edci\u00f3s j\u00e1t\u00e9k alapelveihez, \u00e9s igyekszik a labda k\u00f6r\u00fcl l\u00e9tsz\u00e1mf\u00f6l\u00e9nyes szitu\u00e1ci\u00f3kat kialak\u00edtani, valamint folyamatosan felt\u00f6lteni horizont\u00e1lisan a p\u00e1lya mind az \u00f6t z\u00f3n\u00e1j\u00e1n a k\u00e9t sz\u00e9lt, a centrumot, \u00e9s a k\u00e9t f\u00e9lter\u00fcletet, ezzel maxim\u00e1lis sz\u00e9less\u00e9get, valamint kombin\u00e1ci\u00f3s lehet\u0151s\u00e9geket biztos\u00edtva a csapata sz\u00e1m\u00e1ra.\r\n\r\nMindemell\u00e9 pedig rendk\u00edv\u00fcl agressz\u00edv let\u00e1mad\u00e1s is t\u00e1rsul, \u00edgy p\u00e9ld\u00e1ul a Bajnokok Lig\u00e1ja 2021\/22-es \u00e9vad\u00e1ban az Ajax engedte a legkevesebb \u00e1tad\u00e1st az ellenfeleknek, miel\u0151tt valamilyen v\u00e9dekez\u0151 akci\u00f3t hajtott volna v\u00e9gre.\r\n\r\nMindezek ut\u00e1n nem meglep\u0151, hogy a holland kirakatcsapatra legink\u00e1bb hasonl\u00edt\u00f3 egy\u00fcttes az \u00f6t eur\u00f3pai toplig\u00e1b\u00f3l a statisztik\u00e1k alapj\u00e1n a Manchester City, amelyet az a <strong>Pep Guardiola<\/strong> ir\u00e1ny\u00edt, akivel Ten Hag k\u00f6zeli munkakapcsolatot \u00e1polt, amikor a katal\u00e1n szakember a Bayern M\u00fcnchen feln\u0151ttcsapat\u00e1t, m\u00edg Ten Hag a tartal\u00e9kokat ir\u00e1ny\u00edtotta.\r\n\r\nhttps:\/\/twitter.com\/StatsBomb\/status\/1517096466057203714\r\n\r\nEzeket az alapelveket Ten Hag szinte biztosan megtartja a Manchester Unitedn\u00e9l is, \u00e9s ennek megfelel\u0151en igyekszik majd alak\u00edtani a keretet, ha a vezet\u0151s\u00e9g megfelel\u0151en t\u00e1mogatja majd ebben.\r\n\r\nDe hogyan is n\u00e9zhet majd ki a Manchester United a p\u00e1ly\u00e1n a k\u00f6vetkez\u0151 szezonban? Ralf Rangnick is sokszor pr\u00f3b\u00e1lkozott ugyan a 4-3-3-as hadrenddel a mostani id\u00e9nyben, de ennek a Ten Hag-f\u00e9le sikeres megval\u00f3s\u00edt\u00e1s\u00e1hoz t\u00fal sok elemet kellene megmozgatni a keretben egyetlen ny\u00e1r alatt, \u00edgy a kiindul\u00f3pont alighanem az a 4-2-3-1-es hadrend lesz, amelyhez a keret kor\u00e1bban m\u00e1r Solskjaer ir\u00e1ny\u00edt\u00e1sa alatt hozz\u00e1szokhatott. Ez pedig nagy val\u00f3sz\u00edn\u0171s\u00e9ggel labd\u00e1val 2-3-5-re, vagy 3-2-5-re m\u00f3dosul majd, az al\u00e1bbiak szerint:\r\n\r\n<img class=\"alignnone size-full wp-image-4323\" src=\"https:\/\/sport24.24.hu\/app\/uploads\/sites\/24\/2022\/04\/1-kep-3.png\" alt=\"\" width=\"583\" height=\"755\" \/>\r\n\r\nInnent\u0151l pedig az a k\u00e9rd\u00e9s, hogy kik azok a j\u00e1t\u00e9kosok, akik a jelenlegi keretb\u0151l ebbe a rendszerbe viszonylag k\u00f6nnyed\u00e9n beilleszthet\u0151k, \u00e9s melyek azok a szerepk\u00f6r\u00f6k, amelyek eset\u00e9ben mindenk\u00e9ppen \u00faj igazol\u00e1sokra lesz sz\u00fcks\u00e9g.\r\n<div class=\"payable-content-section\"><\/div>\r\n<h2>A kapusk\u00e9rd\u00e9s<\/h2>\r\nR\u00f6gt\u00f6n az elej\u00e9n szembe is j\u00f6n az egyik legnagyobb probl\u00e9ma, amivel Ten Hagnak meg kell birk\u00f3znia. <strong>David De Gea<\/strong> jelenlegi, heti 375 ezer fontos fizet\u00e9s\u00e9vel a Manchester United keret\u00e9nek m\u00e1sodik legjobban keres\u0151 j\u00e1t\u00e9kosa, \u00e9s ha csak puszt\u00e1n a v\u00e9d\u00e9si hat\u00e9konys\u00e1g\u00e1t vizsg\u00e1ljuk, akkor ebben nem is tal\u00e1lhatunk semmif\u00e9le kivetnival\u00f3t. A spanyol j\u00e1t\u00e9kos a StatsBomb adatai szerint a most fut\u00f3 id\u00e9nyben az ellenfelek l\u00f6v\u00e9seinek min\u0151s\u00e9ge (PsxG) alapj\u00e1n m\u00e1r 8,4 g\u00f3lt\u00f3l mentette meg a csapat\u00e1t, ami a legjobb mutat\u00f3 a Premier League-ben.\r\n\r\n<span class=\"highlight-block\">De Gea teh\u00e1t kiv\u00e1l\u00f3 brav\u00farkapus, a gondok ott kezd\u0151dnek, ha a j\u00e1t\u00e9k\u00e1nak a t\u00f6bbi elem\u00e9t vizsg\u00e1ljuk meg. <\/span>\r\n\r\nA bead\u00e1soknak ebben a szezonban mind\u00f6ssze 3,2 sz\u00e1zal\u00e9k\u00e1t semleges\u00edtette, ami a leggyeng\u00e9bb mutat\u00f3 az angol bajnoks\u00e1g kezd\u0151kapusai k\u00f6z\u00f6tt, \u00e9s fokozottan nyom\u00e1st helyez a saj\u00e1t v\u00e9delm\u00e9re. Ezen fel\u00fcl Ten Hag rendszer\u00e9ben kifejezetten fontos lenne, hogy a kapus a magasra feltolt v\u00e9delem m\u00f6g\u00f6tt kell\u0151en hat\u00e9konyan tudjon s\u00f6pr\u00f6getni, De Gea viszont meccsenk\u00e9nt \u00e1tlagban csak 0,24 alkalommal avatkozott \u00edgy j\u00e1t\u00e9kba, amin\u00e9l kevesebbet csup\u00e1n <strong>Lukasz Fabianski<\/strong> \u00e9s <strong>Alex McCarthy<\/strong> mutat fel.\r\n\r\nA legnagyobb probl\u00e9m\u00e1t viszont nem is ezek jelentik, hanem a spanyol l\u00e1bmunk\u00e1ja. De Gea szinte csak a legegyszer\u0171bb passzokat k\u00e9pes hat\u00e9konyan v\u00e9grehajtani, ami egy olyan edz\u0151n\u00e9l, aki folyamatosan h\u00e1tulr\u00f3l pr\u00f3b\u00e1lja fel\u00e9p\u00edteni a t\u00e1mad\u00e1sokat, \u00f3ri\u00e1si h\u00e1tr\u00e1nyt, gyakorlatilag m\u00ednusz egy embert jelent.\r\n\r\nAz Ajaxn\u00e1l Erik ten Hag <strong>Andr\u00e9 Onan\u00e1t<\/strong> gyakran szinte extra k\u00f6z\u00e9ph\u00e1tv\u00e9dk\u00e9nt haszn\u00e1lja, \u00e9s szerves r\u00e9sze az ellenf\u00e9l let\u00e1mad\u00e1s\u00e1nak kij\u00e1tsz\u00e1s\u00e1ban ak\u00e1r r\u00f6vid passzokr\u00f3l, ak\u00e1r pontos, hossz\u00fa ind\u00edt\u00e1sokr\u00f3l van sz\u00f3.\r\n\r\n<img class=\"alignnone size-full wp-image-4324\" src=\"https:\/\/sport24.24.hu\/app\/uploads\/sites\/24\/2022\/04\/2-kep-4.png\" alt=\"\" width=\"2048\" height=\"1048\" \/>\r\n\r\nNem v\u00e9letlen, hogy Luis Enrique a spanyol v\u00e1logatott legut\u00f3bbi m\u00e9rk\u0151z\u00e9seire m\u00e1r be sem h\u00edvta De Ge\u00e1t a keretbe, \u00e9s ink\u00e1bb a Brentfordn\u00e1l, valamint a Brightonn\u00e1l passzj\u00e1t\u00e9kban kiemelked\u0151en szerepl\u0151 <strong>David Ray\u00e1nak<\/strong> \u00e9s <strong>Robert Sancheznek<\/strong> szavazott bizalmat.\r\n\r\nB\u00e1r Ten Hag a h\u00e1l\u00f3 el\u0151tt m\u00e9g <strong>Dean Hendersonnal<\/strong> is sz\u00e1molhat, a kapusposzt mindenk\u00e9ppen olyan, amely legal\u00e1bb hossz\u00fa t\u00e1von fejleszt\u00e9sre szorul.\r\n<h2>A k\u00f6z\u00e9ph\u00e1tv\u00e9dek<\/h2>\r\nA Manchester United v\u00e9delme kapcs\u00e1n ism\u00e9telten t\u00f6bb szempontot is figyelembe kell venni. Egyr\u00e9szt azt, hogy a j\u00e1t\u00e9kosok mennyire hat\u00e9konyan tudnak besz\u00e1llni a t\u00e1mad\u00e1sok fel\u00e9p\u00edt\u00e9s\u00e9be, m\u00e1sr\u00e9szt pedig, hogy a konkr\u00e9t v\u00e9d\u0151munk\u00e1b\u00f3l, magasra feltolt v\u00e9delem mellett k\u00e9pesek-e sikeresen szerepelni.\r\n\r\n<span class=\"highlight-block-small\">A k\u00f6z\u00e9ph\u00e1tv\u00e9deket vizsg\u00e1lva a legfontosabb egy\u00e9rtelm\u0171en <strong>Harry Maguire<\/strong>, akinek a teljes\u00edtm\u00e9nye ebben a szezonban b\u0151ven hagy k\u00edv\u00e1nnival\u00f3t maga ut\u00e1n, <\/span>\r\n\r\n\u00e9s b\u00e1r j\u00f3 n\u00e9h\u00e1ny hib\u00e1ja miatt r\u00e1 is szolg\u00e1lt a kritik\u00e1kra, ezek jelent\u0151s r\u00e9sze elt\u00fcntethet\u0151, ha megfelel\u0151en szervezett csapatszint\u0171 v\u00e9dekez\u00e9sbe illesztj\u00fck bele. Ten Hag alatt a Manchester United a legt\u00f6bb esetben m\u00e1r a labdaveszt\u00e9s ut\u00e1n azonnal megpr\u00f3b\u00e1lja majd visszaszerezni a labd\u00e1t, mik\u00f6zben az ellenf\u00e9l labdakihozatalait is igyekeznek majd magasan megzavarni, amihez meglehet\u0151sen magasra feltolt v\u00e9delemre lesz sz\u00fcks\u00e9g. Ez Maguire-nek a sebess\u00e9ge miatt gondot okozhatna, de ha a csapat el\u0151tte kell\u0151en kompakt marad, akkor j\u00f3val kevesebbszer kell majd egy az egy elleni szitu\u00e1ci\u00f3kba k\u00e9nyszer\u00fclnie, melyek kiv\u00e1l\u00f3 m\u00e9malapot szolg\u00e1ltatnak a szurkol\u00f3knak.\r\n\r\nAz angol v\u00e1logatott v\u00e9d\u0151 helye am\u00fagy az idei teljes\u00edtm\u00e9nye ellen\u00e9re szinte garant\u00e1lt a Manchester Unitedben, els\u0151sorban a t\u00e1mad\u00e1s\u00e9p\u00edt\u00e9sekben tan\u00fas\u00edtott er\u00e9nyei miatt. Az el\u0151z\u0151 szezonban Maguire a progressz\u00edv labdavezet\u00e9seket \u00e9s a t\u00e1mad\u00f3harmadba felcipelt labd\u00e1kat tekintve is a legfels\u0151 t\u00edz sz\u00e1zal\u00e9kba tartozott az \u00f6t eur\u00f3pai topliga v\u00e9d\u0151i k\u00f6z\u00f6tt, m\u00edg a t\u00e1mad\u00f3harmadba felpasszolt labd\u00e1kat vizsg\u00e1lva a fels\u0151 \u00f6t sz\u00e1zal\u00e9kba. Vagyis egy j\u00f3l kimunk\u00e1lt passzj\u00e1t\u00e9kba beillesztve b\u0151ven lehet hozz\u00e1adott \u00e9rt\u00e9ke a csapathoz.\r\n\r\nMaguire partnere m\u00e1r \u00e9rdekesebb k\u00e9rd\u00e9s: <strong>Victor Lindel\u00f6f<\/strong> szint\u00e9n magabiztosan tudja felcipelni a labd\u00e1t, de a passzj\u00e1t\u00e9kban m\u00e1r kor\u00e1ntsem kiemelked\u0151, a most fut\u00f3 id\u00e9ny jelent\u0151s r\u00e9sz\u00e9t s\u00e9r\u00fclten t\u00f6lt\u0151<strong> Raphael Varane<\/strong> pedig szint\u00e9n hasonl\u00f3 cip\u0151ben j\u00e1r.\r\n\r\nErik ten Hag rendszer\u00e9ben viszont kiemelt fontoss\u00e1g\u00fa, hogy mindk\u00e9t k\u00f6z\u00e9ph\u00e1tv\u00e9d magabiztosan b\u00e1njon a labd\u00e1val, \u00e9s pontosan tudja azt meg-, illetve felj\u00e1tszani ak\u00e1r fokozott nyom\u00e1s alatt is, \u00edgy egy labd\u00e1val kiemelked\u0151, de emellett kell\u0151en atletikus k\u00f6z\u00e9ph\u00e1tv\u00e9d leigazol\u00e1s\u00e1nak szint\u00e9n a priorit\u00e1sok k\u00f6z\u00f6tt kell szerepelnie a Manchester Unitedn\u00e9l.\r\n\r\nAz Ajax j\u00e1t\u00e9k\u00e1nak r\u00e1ad\u00e1sul szerves r\u00e9sz\u00e9t k\u00e9pezik a vertik\u00e1lis rot\u00e1ci\u00f3k, amelyek sor\u00e1n a k\u00f6z\u00e9ph\u00e1tv\u00e9dek gyakran eg\u00e9szen magasra, a k\u00f6z\u00e9pp\u00e1ly\u00e1ig l\u00e9pnek fel, ezzel nyitva \u00faj passzopci\u00f3kat, de ezt Ten Hag regn\u00e1l\u00e1s\u00e1nak korai szakasz\u00e1ban szinte biztosan nem kell majd keresn\u00fcnk a United j\u00e1t\u00e9k\u00e1ban.\r\n<h2>A sz\u00e9ls\u0151h\u00e1tv\u00e9dek<\/h2>\r\nHa van egy poszt, ahov\u00e1 egyel\u0151re biztosan nem kell \u00faj els\u0151sz\u00e1m\u00fa opci\u00f3t igazolnia a csapatnak, akkor az a balh\u00e1tv\u00e9d\u00e9. <strong>Luke Shaw<\/strong> ugyan az el\u0151z\u0151n\u00e9l j\u00f3val gyeng\u00e9bb szezon fut, de akkor az \u00e9v csapat\u00e1ban is kiv\u00edvta a hely\u00e9t, \u00e9s ha azt a form\u00e1t ism\u00e9t siker\u00fcl megk\u00f6zel\u00edtenie, akkor Ten Hag igaz\u00e1n remek j\u00e1t\u00e9kost tudhat majd mag\u00e1\u00e9nak. Amennyiben a 4-2-3-1-es alakzatban Shaw lenne a sz\u00e9ls\u0151 h\u00e1tv\u00e9d, aki folyamatosan magasan helyezkedik, akkor m\u00f6g\u00e9- \u00e9s al\u00e1ker\u00fcl\u00e9sekkel seg\u00edthet megbontani az ellenfelek v\u00e9delm\u00e9t, de az sem elk\u00e9pzelhetetlen, hogy bizonyos j\u00e1t\u00e9khelyzetekben harmadik v\u00e9d\u0151k\u00e9nt seg\u00edtheti az \u00e9p\u00edtkez\u00e9st.\r\n\r\nH\u00e1romv\u00e9d\u0151s j\u00e1t\u00e9krendszerben t\u00f6bbsz\u00f6r is bet\u00f6lt\u00f6tte m\u00e1r a bal oldali k\u00f6z\u00e9ph\u00e1tv\u00e9d szerep\u00e9t, \u00e9s az Ajaxban <strong>Daley Blindnek<\/strong> gyakran be kell l\u00e9pnie ebbe a szerepk\u00f6rbe, t\u00f6bbnyire akkor, ha az ellenf\u00e9l k\u00e9t csat\u00e1rral ind\u00edtja meg a let\u00e1mad\u00e1st. Noha Shaw passzj\u00e1t\u00e9ka meg sem k\u00f6zel\u00edti Blind\u00e9t, kezdetben ez a vari\u00e1ci\u00f3s lehet\u0151s\u00e9g is extra opci\u00f3t jelenthet a Unitednek.\r\n\r\nA m\u00e1sik oldalon m\u00e1r sokkal \u00e9rdekesebb a helyzet. A 2019-ben 50 milli\u00f3 font\u00e9rt megv\u00e1s\u00e1rolt <strong>Aaron Wan-Bissaka<\/strong> helye m\u00e1r ebben a szezonban is bizonytalann\u00e1 v\u00e1lt, mert b\u00e1r kiv\u00e1l\u00f3 a szerel\u0151k\u00e9szs\u00e9ge, a helyezked\u00e9se b\u0151ven hagy k\u00edv\u00e1nnival\u00f3t maga ut\u00e1n, a t\u00e1mad\u00f3harmadban pedig l\u00e9nyeg\u00e9ben minim\u00e1lis a hozz\u00e1adott \u00e9rt\u00e9ke. Az Ajaxban <strong>Nousser Mazraoui<\/strong> jobbh\u00e1tv\u00e9dk\u00e9nt gyakran a p\u00e1lya k\u00f6zepe fel\u00e9 mozog, hogy a jobbsz\u00e9ls\u0151 a v\u00e9d\u0151j\u00e9vel szemben egy az egyben kaphassa meg a labd\u00e1t, \u00e9s b\u00e1r ez a szerepk\u00f6r a labda m\u00f6g\u00f6tti biztos\u00edt\u00e1s k\u00f6zben m\u00e9g ak\u00e1r j\u00f3l is \u00e1llhatna Wan-Bissak\u00e1nak, az \u00e9p\u00edtkez\u00e9sben nem sok haszn\u00e1ra lenne a csapat\u00e1nak.\r\n\r\nA mostani keretb\u0151l <strong>Diogo Dalot<\/strong> \u00e9letk\u00e9pesebb opci\u00f3 lehet ebben a szerepk\u00f6rben. M\u00e1r Ralf Rangnick is t\u00f6bbsz\u00f6r haszn\u00e1lta \u0151t a jobb oldali f\u00e9lter\u00fcletben, \u00e9s a Wan-Bissak\u00e1n\u00e1l sokkal jobb passzj\u00e1t\u00e9k\u00e1nak k\u00f6sz\u00f6nhet\u0151en (Wan Bissaka 2,66, m\u00edg Dalot 5,17 progressz\u00edv \u00e1tad\u00e1st \u00e1tlagol) a labdaj\u00e1rat\u00e1sban is jobban tudna funkcion\u00e1lni, esetenk\u00e9nt pedig al\u00e1ker\u00fcl\u00e9sekkel is nagyobb es\u00e9llyel bonthatn\u00e1 meg az ellenf\u00e9l v\u00e9delm\u00e9t. Ugyanakkor hosszabb t\u00e1von val\u00f3sz\u00edn\u0171leg erre a posztra is igazolnia kell az egy\u00fcttesnek.\r\n<h2>A k\u00f6z\u00e9pp\u00e1lya<\/h2>\r\nEz az a poz\u00edci\u00f3, amelyben a Manchester Unitednek m\u00e1r \u00e9vekkel ezel\u0151tt er\u0151s\u00edtenie kellett valahol. R\u00e1ad\u00e1sul ezen a ny\u00e1ron <strong>Paul Pogba<\/strong> szinte biztosan t\u00e1vozik a szerz\u0151d\u00e9se lej\u00e1rt\u00e1t k\u00f6vet\u0151en, m\u00edg <strong>Nemanja Maticra<\/strong> a kora miatt nem lehet \u00e9p\u00edteni, \u00edgy az aktu\u00e1lis keretb\u0151l k\u00e9t opci\u00f3 maradt: <strong>Fred<\/strong> \u00e9s <strong>Scott McTominay<\/strong>.\r\n\r\nAz elm\u00falt szezonokban Solskjaer ir\u00e1ny\u00edt\u00e1sa alatt sz\u00e1mos alkalommal el\u0151fordult, hogy ez a k\u00e9t j\u00e1t\u00e9kos szerepelt egym\u00e1s mellett a k\u00f6z\u00e9pp\u00e1ly\u00e1n, mert ketten egy\u00fctt tudtak kitenni egy val\u00f3ban j\u00f3 m\u00e9lys\u00e9gi k\u00f6z\u00e9pp\u00e1ly\u00e1st. Ugyanis ez a szerepk\u00f6r alapvet\u0151en egyik\u00fcknek sem saj\u00e1tja, sokkal ink\u00e1bb boxtobox k\u00f6z\u00e9pp\u00e1ly\u00e1sok. Mindketten eg\u00e9szen j\u00f3, de egy\u00e1ltal\u00e1n nem kiemelked\u0151 labdaszerz\u0151k, \u00e9s a labda el\u0151rejuttat\u00e1s\u00e1ban sem tudnak kiemelked\u0151en teljes\u00edteni, ami miatt sokszor Maguire-nek kellett a v\u00e9delemb\u0151l mag\u00e1ra v\u00e1llalnia ezt a feladatot.\r\n\r\nRangnick ir\u00e1ny\u00edt\u00e1sa alatt r\u00e1ad\u00e1sul McTominay 4-3-3-as j\u00e1t\u00e9krendszerben legt\u00f6bbsz\u00f6r egyed\u00fcl j\u00e1tszott a v\u00e9delem el\u0151tt, ahol az ellenf\u00e9l k\u00f6nnyed\u00e9n ki tudta z\u00e1rni a j\u00e1t\u00e9kb\u00f3l, ezzel gyakran ellehetetlen\u00edtve a United \u00e9p\u00edtkez\u00e9s\u00e9t a p\u00e1lya k\u00f6zep\u00e9n.\r\n\r\nFred viszont azon kev\u00e9s j\u00e1t\u00e9kos k\u00f6z\u00e9 tartozik, aki Rangnick alatt egy\u00e9rtelm\u0171 formajavul\u00e1son ment kereszt\u00fcl, \u00e9s <strong>Bruno Fernandes<\/strong> ut\u00e1n \u00f6v\u00e9 a legt\u00f6bb nyom\u00e1sgyakorl\u00e1s ebben a szezonban a V\u00f6r\u00f6s \u00d6rd\u00f6g\u00f6kn\u00e9l, amire Ten Hag agressz\u00edv let\u00e1mad\u00e1sra \u00e9p\u00edt\u0151 labda elleni j\u00e1t\u00e9k\u00e1ban komoly sz\u00fcks\u00e9g lehet.\r\n\r\nMellette viszont mindenk\u00e9ppen olyan futballist\u00e1ra lesz sz\u00fcks\u00e9g, aki nemcsak labdaszerz\u00e9sekben k\u00e9pes magas szinten teljes\u00edteni, hanem a labd\u00e1t kell\u0151 hat\u00e9konys\u00e1ggal el is juttatja a t\u00e1mad\u00f3harmadba. Mindenk\u00e9ppen ennek kell a Manchester United legfontosabb feladat\u00e1nak lennie.\r\n\r\nEgy sorral feljebb,\r\n\r\n<span class=\"highlight-block-small\">a t\u00e1mad\u00f3 k\u00f6z\u00e9pp\u00e1ly\u00e1s posztj\u00e1n Bruno Fernandes helye aligha lehet k\u00e9rd\u00e9ses, k\u00fcl\u00f6n\u00f6sen az\u00e9rt, mert nemr\u00e9g \u00edrt al\u00e1 \u00faj szerz\u0151d\u00e9st a csapathoz. <\/span>\r\n\r\n[caption id=\"attachment_4334\" align=\"alignnone\" width=\"2000\"]<img class=\"size-full wp-image-4334\" src=\"https:\/\/sport24.24.hu\/app\/uploads\/sites\/24\/2022\/04\/075_delafuenteperez-notitle220223_nppxj.jpg\" alt=\"\" width=\"2000\" height=\"1333\" \/> Bruno Fernandes[\/caption]\r\n\r\nA Manchester Unitedet az \u00e9rkez\u00e9se \u00f3ta gyakran egymaga a h\u00e1t\u00e1n cipel\u0151 portug\u00e1lnak azonban lehet, hogy j\u00f3val k\u00f6t\u00f6ttebb szerepet kell majd elj\u00e1tszania. Jellemz\u0151 k\u00e9p egy ideje a manchesteriek m\u00e9rk\u0151z\u00e9seir\u0151l, hogy ha nem megy a j\u00e1t\u00e9k, akkor Bruno Fernandes ak\u00e1r a saj\u00e1t t\u00e9rfel\u00e9re visszal\u00e9p, \u00e9s onnan pr\u00f3b\u00e1l meg osztogatni, vagy ak\u00e1r egyb\u0151l helyzeteket kialak\u00edtani. Ha Ten Hag a labd\u00e1s j\u00e1t\u00e9kot kell\u0151k\u00e9ppen meg tudja szervezni, akkor egyr\u00e9szt erre nem lesz sz\u00fcks\u00e9g, m\u00e1sr\u00e9szt k\u00f6nnyen meg is bonthatja a csapat egyens\u00faly\u00e1t, ha Fernandes kalandozni kezd.\r\n\r\nTen Hag \u00e9rkez\u00e9se pedig \u00faj es\u00e9lyt adhat <strong>Donny van de Beeknek<\/strong> is, aki n\u00e9h\u00e1ny \u00e9ve m\u00e9g a holland edz\u0151 kulcsj\u00e1t\u00e9kosa volt az Ajaxban, de a Manchester United \u00fagy igazolta le, hogy a csapaton bel\u00fcl gyakorlatilag nem l\u00e9tezett a szerepk\u00f6re. A BL-el\u0151d\u00f6nt\u0151ig menetel\u0151 Ajaxban ugyanis Van de Beek t\u00edzesk\u00e9nt t\u00f6bbnyire a labda n\u00e9lk\u00fcli mozg\u00e1s\u00e1val t\u0171nt ki, \u00e9s annak k\u00f6sz\u00f6nhet\u0151en szerzett fontos g\u00f3lokat, de a Manchester Unitedn\u00e9l Solskjaer egy\u00e1ltal\u00e1n nem tudta haszn\u00e1lni, \u00e9s Rangnick is k\u00f6nny\u0171 sz\u00edvvel passzolta le k\u00f6lcs\u00f6nbe az Evertonnak. Ten Hag viszont pontosan tudja, mik\u00e9nt lehet kihozni bel\u0151le a maximumot, \u00e9s mivel Bruno Fernandesnek is j\u00f3l \u00e1llt, ha ink\u00e1bb a t\u00e1rsak \u00e1ltal megnyitott ter\u00fcletet pr\u00f3b\u00e1lta t\u00e1madni a tizenhatoson bel\u00fcl, k\u00f6nnyen lehet, hogy a k\u00e9t elt\u00e9r\u0151 st\u00edlus\u00fa j\u00e1t\u00e9kos szerepk\u00f6re a k\u00f6vetkez\u0151 id\u00e9nyben k\u00f6zelebb ker\u00fcl egym\u00e1shoz.\r\n<h2>A sz\u00e9ls\u0151k<\/h2>\r\nIsm\u00e9t egy olyan poszt, amelyben az egyik oldal egy\u00e9rtelm\u0171nek t\u0171nik, a m\u00e1sikon viszont a k\u00e9rd\u0151jelek sora v\u00e9gtelennek l\u00e1tszik.\r\n\r\nAk\u00e1rcsak Fred,\r\n\r\n<span class=\"highlight-block\">Jadon Sancho is ink\u00e1bb felfel\u00e9, mint lefel\u00e9 l\u00f3gott ki Rangnick kinevez\u00e9s\u00e9t k\u00f6vet\u0151en, <\/span>\r\n\r\n\u00e9s ezt a j\u00f3 form\u00e1t a bal oldalon siker\u00fclt produk\u00e1lnia Luke Shaw-val a h\u00e1ta m\u00f6g\u00f6tt. Ez ak\u00e1r Ten Hagn\u00e1l is m\u0171k\u00f6dhet, Sancho ugyanis nem az a sz\u00e9ls\u0151, aki felt\u00e9tlen\u00fcl azt keresi, hogy egy az egyben megverje a vele szemben \u00e1ll\u00f3 v\u00e9d\u0151t, hanem ink\u00e1bb a kombin\u00e1ci\u00f3s lehet\u0151s\u00e9geket kutatja. A Borussia Dortmundban legink\u00e1bb az szolg\u00e1lta a kiemelked\u0151 teljes\u00edtm\u00e9ny\u00e9t, hogy a jobb oldalon a rendk\u00edv\u00fcl t\u00e1mad\u00f3 szellem\u0171 <strong>Achraf Hakimi<\/strong> biztos\u00edtott sz\u00e1m\u00e1ra opci\u00f3t sz\u00e9ls\u0151 h\u00e1tv\u00e9dk\u00e9nt, a bal oldalon pedig <strong>Raphael Guerreiro<\/strong> t\u00f6lt\u00f6tte be ugyanezt a szerepk\u00f6rt.\r\n\r\nSancho \u00e9s Shaw kombin\u00e1ci\u00f3ja ilyen szempontb\u00f3l hosszabb t\u00e1von is j\u00f3l m\u0171k\u00f6dhet: mindketten k\u00e9pesek ak\u00e1r a vonal mellett, ak\u00e1r egyel beljebb j\u00e1tszani, \u00e9s labda n\u00e9lk\u00fcli mozg\u00e1ssal seg\u00edteni a m\u00e1sikat. Shaw m\u00f6g\u00e9- \u00e9s al\u00e1ker\u00fcl\u00e9sei r\u00e9szint passzopci\u00f3t biztos\u00edthatnak Sanch\u00f3nak, r\u00e9szint ter\u00fcletet is nyithatnak a sz\u00e9ls\u0151nek a kapu fel\u00e9 t\u00f6r\u00e9sre.\r\n\r\nA m\u00e1sik oldalon azonban \u00edgy olyan sz\u00e9ls\u0151nek kellene szerepelnie, aki els\u0151sorban a sz\u00e9less\u00e9get tartja a vonal mellett, \u00e9s k\u00e9pes egy az egyben levenni a p\u00e1ly\u00e1r\u00f3l a vele szemben \u00e1ll\u00f3 v\u00e9d\u0151t. Az Ajaxban ebben az id\u00e9nyben ezt a szerepk\u00f6rt a brazil <strong>Antony<\/strong> t\u00f6lt\u00f6tte be, aki a Bajnokok Lig\u00e1ja-el\u0151d\u00f6nt\u0151s csapatban ezt a posztot bet\u00f6lt\u0151 <strong>Hakim Zijeshe<\/strong>z hasonl\u00f3an gyakran a bal l\u00e1ba fel\u00e9 cselez, hogy \u00edgy alak\u00edtson ki a t\u00e1rsak, vagy a maga sz\u00e1m\u00e1ra helyzetet. Jelenleg ebben a poz\u00edci\u00f3ban <strong>Marcus Rashford<\/strong> \u00e9s <strong>Anthony Elanga<\/strong> j\u00f6het sz\u00f3ba; \u0151k viszont ink\u00e1bb a labda n\u00e9lk\u00fcli beindul\u00e1saikkal, mintsem a cseleikkel tudnak kit\u0171nni, ha j\u00f3 form\u00e1ban vannak. Elanga a munkab\u00edr\u00e1sa miatt ide\u00e1lis lehet Ten Hag egy\u00fcttes\u00e9be, \u00e9s Rashfordnak is ezen a poszton lehet a legnagyobb es\u00e9lye a csapatba ker\u00fcl\u00e9sre, de jobbl\u00e1bask\u00e9nt m\u00e1sk\u00e9pp kell bet\u00f6lteni\u00fck ezt a szerepk\u00f6rt, mint az Ajax sz\u00e9ls\u0151inek. Itt r\u00f6vid t\u00e1von fontos lehet, hogy a jobbh\u00e1tv\u00e9d mennyire k\u00e9pes j\u00f3l megv\u00e1lasztani a t\u00e1mogat\u00f3 mozg\u00e1sokat, de hosszabb t\u00e1von egy specialista leigazol\u00e1sa jelenthet megold\u00e1st.\r\n<h2>A csat\u00e1rok<\/h2>\r\nEzzel pedig el is \u00e9rkezt\u00fcnk az \u00f3ri\u00e1si elef\u00e1nthoz a nappali k\u00f6zep\u00e9n. B\u00e1r<strong> Cristiano Ronaldo<\/strong> 26 bajnokin 15 g\u00f3lt szerzett ebben a szezonban, ezt a g\u00f3lmennyis\u00e9get 9 tal\u00e1lkoz\u00f3 alatt hozta \u00f6ssze, tov\u00e1bbi 17 meccsen g\u00f3lk\u00e9ptelen maradt. Jelenleg nagyon neh\u00e9z elk\u00e9pzelni, hogy Ten Hag komoly \u00e1ldozatok n\u00e9lk\u00fcl hogyan tudn\u00e1 \u0151t beilleszteni a rendszer\u00e9be.\r\n\r\n<span class=\"highlight-block-small\">Ha az Ajaxn\u00e1l l\u00e1tott agressz\u00edv let\u00e1mad\u00e1st szeretn\u00e9 valamilyen form\u00e1ban megval\u00f3s\u00edtani, akkor egyszer\u0171en nem f\u00e9r majd bele, hogy Ronaldo a j\u00e1t\u00e9k ezen elem\u00e9b\u0151l kivonja mag\u00e1t, mik\u00f6zben tov\u00e1bbra is \u00f3ri\u00e1si a labda\u00e9hs\u00e9ge, \u00e9s emiatt teljesen indokolatlan helyeken is k\u00e9pes felbukkanni a p\u00e1ly\u00e1n.<\/span>\r\n\r\nTerm\u00e9szetesen fenn\u00e1ll annak a lehet\u0151s\u00e9ge, hogy Ronaldo csak epiz\u00f3dszerepl\u0151 lesz, de ezt az eg\u00f3ja aligha tudn\u00e1 elviselni, \u00e9s ak\u00e1r komoly konfliktushoz is vezethet, ami cs\u00f6ppet sem tenne j\u00f3t egy \u00e9ppen \u00fajraform\u00e1l\u00f3d\u00f3 csapatnak. A legnagyobb kih\u00edv\u00e1st mindenesetre szinte biztosan ez jelenti Ten Hagnak a kezdeti id\u0151szakban, ha annak a lehet\u0151s\u00e9ge teljesen kiz\u00e1rt, hogy Cristano Ronaldo elhagyja a csapatot.\r\n\r\nM\u00e1rpedig csat\u00e1rra egy\u00e9bk\u00e9nt is sz\u00fcks\u00e9ge lesz a Unitednek, ugyanis<strong> Edinson Cavani<\/strong> t\u00e1vozik az id\u00e9ny v\u00e9g\u00e9n, \u00e9s a mostani keretb\u0151l m\u00e1r csak Rashfordot lehetne haszn\u00e1lni ezen a poszton, de neki egy\u00e9rtelm\u0171en nem fekszik az, ha egyed\u00fcli t\u00e1mad\u00f3k\u00e9nt kell helyt\u00e1llnia.\r\n\r\n<strong>Anthony Martial<\/strong> k\u00f6lcs\u00f6nb\u0151l val\u00f3 visszat\u00e9r\u00e9se jelenthet m\u00e9g opci\u00f3t, ugyanis kor\u00e1bban k\u00f6z\u00e9pcsat\u00e1rk\u00e9nt a k\u00f6z\u00e9pp\u00e1ly\u00e1ra visszamozogva tudott j\u00f3 teljes\u00edtm\u00e9nyt ny\u00fajtani, \u00e9s k\u00e9pes lehet ter\u00fcletet nyitni a kapu el\u00e9 \u00e9rkez\u0151 Bruno Fernandesnek meg Van de Beeknek. Ugyanakkor szinte biztos, hogy itt is fel kell keresnie az \u00e1tigazol\u00e1si piacot a csapatnak.\r\n\r\nMindezek ut\u00e1n \u2013 az Ajaxn\u00e1l l\u00e1tottakat alapul v\u00e9ve \u2013 a kezdeti id\u0151szakban \u00edgy n\u00e9zhet ki Ten Hag Unitedje:\r\n\r\n<img class=\"alignnone size-full wp-image-4325\" src=\"https:\/\/sport24.24.hu\/app\/uploads\/sites\/24\/2022\/04\/3-kep-4.png\" alt=\"\" width=\"633\" height=\"761\" \/>\r\n\r\nAz mindenesetre teljesen egy\u00e9rtelm\u0171, hogy Ten Hagnak a jelenlegi alapanyagot figyelembe v\u00e9ve teljesen diszfunkcion\u00e1lis, nehezen \u00f6sszeilleszthet\u0151 csapattal kellene dolgoznia, \u00edgy kulcsfontoss\u00e1g\u00fa lesz, hogy <strong>John Murtough<\/strong> sportigazgat\u00f3 vezet\u00e9s\u00e9vel a klub mennyire tudja t\u00e1mogatni az \u00faj edz\u0151t, \u00e9s hogy az eltervezett j\u00e1t\u00e9khoz megfelel\u0151 profil\u00fa labdar\u00fag\u00f3kat siker\u00fcl-e leigazolni.\r\n\r\nTen Hag mindenesetre az Ajaxn\u00e1l, \u00e9s kor\u00e1bban az Ultrechtn\u00e9l is megmutatta, hogy k\u00e9pes alkalmazkodni a k\u00f6r\u00fclm\u00e9nyekhez. Erre alighanem sz\u00fcks\u00e9ge is lesz, hiszen egy minden eddigin\u00e9l er\u0151sebb Premier League-mez\u0151nyben kell fel\u00e9p\u00edtenie olyan csapatot, amelynek a k\u00f6rny\u00e9k\u00e9n az elm\u00falt \u00e9vekben csak h\u00edrb\u0151l hallottak az \u00e9sszer\u0171 d\u00f6nt\u00e9sekr\u0151l.\r\n\r\n<span class=\"highlight-block\">Enn\u00e9l nagyobb pr\u00f3bat\u00e9tele aligha lehet egy edz\u0151nek.<\/span>\r\n\r\n[prefabricated_shortcode in_app=\"0\" code=\"%3Cdiv%20class%3D%22article_box_border%22%20style%3D%22background%3A%20url%28%27https%3A%2F%2F24.p3k.hu%2Fapp%2Fuploads%2Fsites%2F24%2F2021%2F05%2Fsport24-pattern.png%27%29%20no-repeat%20left%20-16px%20%23f3f3f4%3B%20border%3A%20none%3B%22%3E%0D%0A%3Cdiv%20class%3D%22article_solidheader%22%3E%0D%0A%3Ch2%20style%3D%22color%3A%20%23111115%21important%3B%20font-size%3A%2036px%3B%20font-weight%3A%20bold%3B%20margin-bottom%3A%2030px%3B%20margin-top%3A%2020px%3B%20text-align%3A%20center%3B%20line-height%3A%2036px%3B%22%3E%3Cimg%20class%3D%22aligncenter%20size-full%20wp-image-141%22%20src%3D%22https%3A%2F%2F24.p3k.hu%2Fapp%2Fuploads%2Fsites%2F24%2F2021%2F05%2Fs24-logo-dt.png%22%20alt%3D%22%22%20width%3D%22408%22%20height%3D%2290%22%20%2F%3E%3C%2Fh2%3E%0D%0A%3Ch2%20style%3D%22color%3A%20%23111115%21important%3B%20font-size%3A%2036px%3B%20font-weight%3A%20bold%3B%20margin-bottom%3A%2030px%3B%20margin-top%3A%2020px%3B%20text-align%3A%20center%3B%20line-height%3A%2040px%3B%22%3ECsatlakozz%20a%20Sport24%20k%C3%B6z%C3%B6ss%C3%A9ghez%2C%20mondd%20el%20v%C3%A9lem%C3%A9nyedet%20z%C3%A1rt%20Facebook-csoportunkban%2C%20%C3%A9s%20vegy%C3%A9l%20r%C3%A9szt%20csak%20el%C5%91fizet%C5%91knek%20el%C3%A9rhet%C5%91%20exkluz%C3%ADv%20esem%C3%A9nyeinken.%3C%2Fh2%3E%0D%0A%3C%2Fdiv%3E%0D%0A%3Cp%20style%3D%22background%3A%20%2357A600%3B%20margin-top%3A%2020px%3B%20padding%3A%2020px%3B%20text-align%3A%20center%3B%22%3E%3Ca%20style%3D%22color%3A%20%23ffffff%3B%20font-size%3A%2026px%3B%20font-weight%3A%20600%3B%22%20href%3D%22https%3A%2F%2Fwww.facebook.com%2Fgroups%2F212344460412327%22%3ECSATLAKOZOM%3C%2Fa%3E%3C%2Fp%3E%0D%0A%0D%0A%3C%2Fdiv%3E\"]","type":"rich","thumbnail_url":"https:\/\/s.24.hu\/app\/uploads\/sites\/24\/2022\/04\/gettyimages-1391957492-150x150.jpg","thumbnail_width":150,"thumbnail_height":150}