{"version":"1.0","provider_name":"Sport24","provider_url":"https:\/\/sport24.24.hu","author_name":"Fut\u00f3 Csaba","author_url":"https:\/\/sport24.24.hu\/author\/futocs\/","title":"V\u00edzhez vezetheti az MLSZ a klubokat, de nem biztos, hogy azok akarnak inni \u2013 a fiatalszab\u00e1ly \u00fajrat\u00f6ltve","html":"Nem mondhatjuk azt, hogy a Magyar Labdar\u00fag\u00f3 Sz\u00f6vets\u00e9g \u00e9ves k\u00f6zgy\u0171l\u00e9s\u00e9n teljesen r\u00f3zsasz\u00ednben festette le a hazai futballvil\u00e1got. Ugyan az MLSZ irigyl\u00e9sre m\u00e9lt\u00f3an stabil anyagi helyzetben van \u2013 a magyar labdar\u00fag\u00e1s \u00f6sszess\u00e9g\u00e9t sem rengette meg a koronav\u00edrus-vil\u00e1gj\u00e1rv\u00e1ny \u2013, a jelent\u0151s \u00e1llami hozz\u00e1j\u00e1rul\u00e1ssal felfejlesztett infrastrukt\u00fara szint\u00fagy irigyl\u00e9sre m\u00e9lt\u00f3, m\u00e1s ter\u00fcleteken viszont nincs mi\u00e9rt irigykedni \u2013 p\u00e9ld\u00e1ul a fiatal magyar j\u00e1t\u00e9kosokra sem, akiknek a j\u00e1t\u00e9kideje a hasonl\u00f3 m\u00e9ret\u0171 \u00e9s lakoss\u00e1gsz\u00e1m\u00fa orsz\u00e1gokhoz viszony\u00edtva kev\u00e9s.\r\n\r\n<span class=\"highlight-block-small\">Nem v\u00e9letlen, hogy a sz\u00f6vets\u00e9g ezen a ter\u00fcleten megpr\u00f3b\u00e1l el\u0151re l\u00e9pni, \u00e1m k\u00e9ts\u00e9ges, hogy tud-e megfelel\u0151 \u00f6szt\u00f6nz\u0151ket kital\u00e1lni, illetve a klubok partnerek lesznek-e ebben.<\/span>\r\n\r\nHa a v\u00e1lasz nemleges, akkor att\u00f3l lehet tartani, hogy k\u00f6z\u00e9p \u00e9s hossz\u00fa t\u00e1von a v\u00e1logatottak h\u00e1tr\u00e1nyba ker\u00fclhetnek a fiatalok j\u00e1t\u00e9khi\u00e1nya miatt. K\u00e9rd\u00e9s, hogy mennyit \u00e9r a k\u00f6zponti szab\u00e1lyoz\u00e1s, ha a klubok v\u00edzi\u00f3ja elt\u00e9r\u0151 az MLSZ-\u00e9t\u0151l. Nem v\u00e9letlen, hogy a sz\u00f6vets\u00e9g prezent\u00e1ci\u00f3j\u00e1t megtart\u00f3 f\u0151titk\u00e1r, <strong>V\u00e1gi M\u00e1rton<\/strong> is kiemelte a k\u00f6z\u00f6s gondolkod\u00e1s fontoss\u00e1g\u00e1t.\r\n\r\n\u201eAz ut\u00e1np\u00f3tl\u00e1sk\u00e9pz\u00e9snek er\u0151sebb ellen\u0151rz\u00e9s mellett kell m\u0171k\u00f6dnie, a klubokkal val\u00f3 egy\u00fcttm\u0171k\u00f6d\u00e9sre, k\u00f6z\u00f6s strat\u00e9giai gondolkod\u00e1sra van sz\u00fcks\u00e9g. A magyar ut\u00e1np\u00f3tl\u00e1s nemzetk\u00f6zi versenyk\u00e9pess\u00e9ge folyamatosan javul\u00f3 tendenci\u00e1t mutat, ennek ellen\u00e9re az elm\u00falt \u00e9vekben folyamatosan cs\u00f6kkent a fiatalok, \u00e9s n\u0151tt a k\u00fclf\u00f6ldiek j\u00e1t\u00e9kperce az NB I-ben. A hasonl\u00f3 n\u00e9pess\u00e9g\u0171 \u00e9s nagys\u00e1g\u00fa orsz\u00e1gokkal val\u00f3 \u00f6sszehasonl\u00edt\u00e1sban az NB I jelent\u0151sen le van maradva az U21-es j\u00e1t\u00e9kpercekben\u201d \u2013 <a href=\"https:\/\/szovetseg.mlsz.hu\/hir\/megtartotta-eves-kozgyuleset-az-mlsz-29970\">hangzott el a k\u00f6zgy\u0171l\u00e9sen<\/a>.\r\n\r\n[caption id=\"attachment_4228\" align=\"aligncenter\" width=\"2000\"]<img class=\"size-full wp-image-4228\" src=\"https:\/\/sport24.24.hu\/app\/uploads\/sites\/24\/2022\/04\/d__yt20220408005.jpg\" alt=\"\" width=\"2000\" height=\"1333\" \/> Berzi S\u00e1ndor, a Magyar Labdar\u00fag\u00f3 Sz\u00f6vets\u00e9g (MLSZ) aleln\u00f6ke (b) besz\u00e9l, mellette V\u00e1gi M\u00e1rton, az MLSZ f\u0151titk\u00e1ra (k) \u00e9s Kecsk\u00e9s L\u00e1szl\u00f3, az MLSZ fel\u00fcgyel\u0151bizotts\u00e1g\u00e1nak eln\u00f6ke a sz\u00f6vets\u00e9g \u00e9vi rendes k\u00f6zgy\u0171l\u00e9s\u00e9n Telkiben, a Globall Football Park &amp; Sporthotelben 2022. \u00e1prilis 8-\u00e1n.[\/caption]\r\n\r\nA prezent\u00e1ci\u00f3n bemutatott egyik \u00e1bra sokatmond\u00f3, erre c\u00e9lzott V\u00e1gi is. Ezen a hazai, U21-es j\u00e1t\u00e9kosok j\u00e1t\u00e9klehet\u0151s\u00e9g\u00e9t szeml\u00e9ltette az MLSZ, \u00f6sszehasonl\u00edtva a d\u00e1n, szlov\u00e1k, horv\u00e1t, osztr\u00e1k \u00e9s sv\u00e1jci fiatalok\u00e9val. A vizsg\u00e1lat a 2018\u20132022 k\u00f6z\u00f6tti j\u00e1t\u00e9kpercekre vonatkozott, a perceket azt\u00e1n m\u00e9rk\u0151z\u00e9ssz\u00e1mra konvert\u00e1lt\u00e1k. A d\u00e1n, szlov\u00e1k vagy horv\u00e1t fiatalok k\u00e9tszer annyi \u2013 vagy majdnem k\u00e9tszer annyi \u2013 lehet\u0151s\u00e9get kaptak, mint a magyarok, de az osztr\u00e1kok \u00e9s a sv\u00e1jciak is j\u00f3val el\u0151tt\u00fcnk tartanak. Az elmarad\u00e1s l\u00e1tv\u00e1nyos, \u00e9s ez befoly\u00e1solhatja a fiatal labdar\u00fag\u00f3k karrier\u00edv\u00e9t, eladhat\u00f3s\u00e1g\u00e1t is. Mindez egy olyan peri\u00f3dusban t\u00f6rt\u00e9nt, amikor kor\u00e1bban alig-alig tapasztalt \u00e1llami h\u00e1tsz\u00e9lben \u00e9lt a magyar labdar\u00fag\u00e1s, \u00e9s sosem l\u00e1tott \u00f6sszegek \u00e9rkeztek az ut\u00e1np\u00f3tl\u00e1sfutballba, annak fejleszt\u00e9s\u00e9re.\r\n<div class=\"payable-content-section\"><\/div>\r\n<iframe class=\"flourish-embed-iframe\" style=\"width: 100%;height: 600px\" title=\"Interactive or visual content\" src=\"https:\/\/flo.uri.sh\/visualisation\/9389964\/embed\" frameborder=\"0\" scrolling=\"no\"><\/iframe>\r\n<div style=\"width: 100%!;margin-top: 4px!important;text-align: right!important\"><a class=\"flourish-credit\" style=\"text-decoration: none!important\" href=\"https:\/\/public.flourish.studio\/visualisation\/9389964\/?utm_source=embed&amp;utm_campaign=visualisation\/9389964\" target=\"_top\" rel=\"noopener\"><img style=\"width: 105px!important;height: 16px!important;border: none!important;margin: 0!important\" src=\"https:\/\/public.flourish.studio\/resources\/made_with_flourish.svg\" alt=\"Made with Flourish\" \/> <\/a><\/div>\r\nA WyScout adatai szerint a 2021\u20132022-es NB I-es id\u00e9nyben 27 fordul\u00f3 ut\u00e1n csak h\u00e1rom, 21 \u00e9ves vagy fiatalabb magyar futballista (<strong>Bar\u00e1th P\u00e9ter<\/strong>, <strong>Csongvai \u00c1ron<\/strong>, <strong>Zeke M\u00e1ri\u00f3<\/strong>) j\u00e1t\u00e9kperceinek sz\u00e1ma haladja meg a 2000-et \u00e9s hat\u00e9 az 1500-at. D\u00e1ni\u00e1ban csup\u00e1n 22 fordul\u00f3t j\u00e1tszottak le, de h\u00e1rom hazai fiatal m\u00e1r \u00e1tl\u00e9pte a 2000 perces hat\u00e1rt \u00e9s egy kezd\u0151csapatnyi j\u00e1t\u00e9kos tart 1500 f\u00f6l\u00f6tt. Ausztri\u00e1ban 26 k\u00f6rt j\u00e1tszottak le, a \u201e2000 perces\u201d hazai fiatalok sz\u00e1ma 5, az \u201e1500-asok\u00e9\u201d 9. Ahogy k\u00f6zel\u00edt\u00fcnk az id\u00e9ny v\u00e9ge fel\u00e9, az oll\u00f3 egyre jobban fog ny\u00edlni.\r\n\r\nA CIES futballkutat\u00f3-int\u00e9zet tavasszal megjelent, 2021-et \u00e9s 2022 els\u0151 h\u00f3napjait vizsg\u00e1l\u00f3 tanulm\u00e1nya azt mutatja, hogy a szomsz\u00e9dos orsz\u00e1gok bajnoks\u00e1gai k\u00f6z\u00fcl mindegyikben alacsonyabb az \u00e1tlag\u00e9letkor, \u00e9s t\u00f6bb j\u00e1t\u00e9kid\u0151t kapnak az U21-es futballist\u00e1k, mint Magyarorsz\u00e1gon. Ahogy a Nemzeti Sport a CIES-kutat\u00e1sr\u00f3l k\u00e9sz\u00edtett \u00f6sszefoglal\u00f3j\u00e1ban megjegyezte:\r\n\r\n<span class=\"highlight-block-small\">ha messzebb tekint\u00fcnk, <a href=\"https:\/\/www.nemzetisport.hu\/labdarugo_nb_i\/az-emirsegekben-is-magasabb-az-u21-es-jatekpercek-aranya-mint-az-nb-i-ben-2885549\">az Egyes\u00fclt Arab Em\u00edrs\u00e9gekben is magasabb az U21-es j\u00e1t\u00e9kpercek ar\u00e1nya<\/a>, mint az NB I-ben.<\/span>\r\n\r\nEz term\u00e9szetesen a piaci \u00e9rt\u00e9kes\u00edt\u00e9si lehet\u0151s\u00e9geket is befoly\u00e1solja (magyar szempontb\u00f3l negat\u00edvan). A CIES egy m\u00e1sik kutat\u00e1s\u00e1ban \u2013 ez az \u00fagynevezett tapasztalati t\u0151ke nev\u0171 mutat\u00f3val foglalkozott, ami a lej\u00e1tszott j\u00e1t\u00e9kpercek mennyis\u00e9g\u00e9n \u00e9s min\u0151s\u00e9g\u00e9n alapul \u2013 r\u00e1mutat, hogy ez kiemelked\u0151en fontos lehet fiatal j\u00e1t\u00e9kosok felm\u00e9r\u00e9s\u00e9n\u00e9l a scouting-folyamatban. B\u00e1rmily meglep\u0151, a tapasztalatit\u0151ke-list\u00e1n tal\u00e1lunk top t\u00edzes magyar j\u00e1t\u00e9kost a 2003-as sz\u00fclet\u00e9s\u0171ek k\u00f6z\u00f6tt, igaz, <strong>Senk\u00f3 Zsombor<\/strong> nem itthon, hanem a Juventus U23-ban, az olasz harmadoszt\u00e1lyban gy\u0171jti a tapasztalatot.\r\n\r\nAz MLSZ \u00e9rt\u00e9kel\u00e9se szerint, ha egy fiatal j\u00e1t\u00e9kos 20\u201322 m\u00e9rk\u0151z\u00e9snyi lehet\u0151s\u00e9ghez jut egy id\u00e9nyben, akkor j\u00f3 es\u00e9llyel a csapatban is ragad. Ennek el\u0151seg\u00edt\u00e9s\u00e9re hoz l\u00e9tre a sz\u00f6vets\u00e9g egy \u00faj \u00f6szt\u00f6nz\u0151rendszert, melyben a klubok a 21 \u00e9ven aluli futballist\u00e1k j\u00e1tszat\u00e1sa ut\u00e1n krediteket kapnak \u2013 ez pedig a v\u00e9g\u00e9n p\u00e9nzre konvert\u00e1l\u00f3dik. A helyzet\u00e9rt\u00e9kel\u00e9s re\u00e1lis, a c\u00e9llal neh\u00e9z lenne vitatkozni, \u00e1m ugyanazok a k\u00e9rd\u00e9sek vet\u0151dnek fel, mint kor\u00e1bban.\r\n\r\n[central_article_recommendation title=\"Kapcsol\u00f3d\u00f3\" url=\"https:\/\/sport24.24.hu\/foci\/2021\/10\/22\/fiatalszabaly-mlsz-magyar-foci-ausztria\/\" image=\"1\" lead=\"1\"]\r\n\r\nAz \u00fagynevezett fiatalszab\u00e1ly id\u0151szaka azt mutatta, hogy a k\u00f6telez\u0151 j\u00e1tszat\u00e1snak s\u00falyos mell\u00e9khat\u00e1sai vannak. Nem kiz\u00e1r\u00f3lag k\u00e9pess\u00e9g\u00fck, \u00e9retts\u00e9g\u00fck, hanem koruk alapj\u00e1n ker\u00fclnek j\u00e1t\u00e9kosok a csapatba, a fiatalok \u00e1ra \u00e9s fizet\u00e9si ig\u00e9nye egyar\u00e1nt \u201ekil\u0151\u201d. R\u00e1ad\u00e1sul \u2013 <a href=\"https:\/\/sport24.24.hu\/foci\/2021\/10\/22\/fiatalszabaly-mlsz-magyar-foci-ausztria\/\">mint ezzel egy cikkben foglalkoztunk is<\/a> \u2013 a t\u00e1mogatott kor\u00fa j\u00e1t\u00e9kosok k\u00f6z\u00fcl az ugyanilyen kor\u00fa, ugyanakkor bemutatkoz\u00f3 osztr\u00e1kokkal \u00f6sszehasonl\u00edtva sokkal kevesebben lettek stabil \u00e9lvonalbeli j\u00e1t\u00e9kosok. A k\u00f6telez\u0151 j\u00e1tszat\u00e1s az \u00e9lvonalban nem hozta meg a k\u00edv\u00e1nt eredm\u00e9nyt \u2013 a fiatalok ugyan j\u00e1t\u00e9klehet\u0151s\u00e9ghez jutottak, \u00e1m csak ideiglenesen, \u00e9s a rendszer negat\u00edvumai is ki\u00fctk\u00f6ztek. A \u201efiatalkv\u00f3ta\u201d az\u00f3ta az NB II-ben van \u00e9rv\u00e9nyben, \u00e9s ez \u00edgy is marad, a m\u00e1sodoszt\u00e1lyban k\u00f6telez\u0151 lesz U20-as labdar\u00fag\u00f3t j\u00e1tszatni, a harmadoszt\u00e1lyban pedig U19-est.\r\n\r\nAz MLSZ teh\u00e1t azt szeretn\u00e9 el\u00e9rni, hogy fiatal j\u00e1t\u00e9kosok az \u00e9lvonalban id\u00e9nyenk\u00e9nt 20\u201322 m\u00e9rk\u0151z\u00e9snyi j\u00e1t\u00e9klehet\u0151s\u00e9ghez jussanak. A prezent\u00e1ci\u00f3 szerint arra \u00f6szt\u00f6n\u00f6zn\u00e9k a klubokat, hogy egy U21-es labdar\u00fag\u00f3nak legal\u00e1bb a j\u00e1t\u00e9kid\u0151 fel\u00e9ben lehet\u0151s\u00e9get biztos\u00edtsanak. Ez 33 fordul\u00f3val sz\u00e1molva 1485 j\u00e1t\u00e9kpercet (t\u00e9nyleges j\u00e1t\u00e9kid\u0151ben a f\u00e9lid\u0151 v\u00e9gi r\u00e1ad\u00e1sok miatt ez ink\u00e1bb 1500) jelentene. Ha 1500 perccel sz\u00e1molunk, az 1999-es vagy k\u00e9s\u0151bb sz\u00fcletett hazai j\u00e1t\u00e9kosok k\u00f6z\u00f6tt az el\u0151z\u0151 id\u00e9nyben csak t\u00edz ilyen akadt h\u00e9t csapatb\u00f3l.\r\n\r\n<span class=\"highlight-block-small\">A c\u00e9lkit\u0171z\u00e9s nem teszi magasra a l\u00e9cet, \u00e1m a jelenlegi helyzethez k\u00e9pest m\u00e9g ez is javul\u00e1st eredm\u00e9nyezne.<\/span>\r\n\r\n<strong>Barczi R\u00f3bert<\/strong>, az MLSZ sportigazgat\u00f3ja <a href=\"https:\/\/www.nemzetisport.hu\/labdarugo_nb_i\/itt-az-mlsz-terv-jojjenek-a-fiatalok-2879883\">\u201enonszensznek\u201d min\u0151s\u00edtette<\/a>, hogy az NB I-es csapatok k\u00f6z\u00fcl 9\u201310 ne tartsa be a fiatalokra vonatkoz\u00f3 aj\u00e1nl\u00e1sokat \u00e9s javaslatokat. Az ut\u00e1np\u00f3tl\u00e1sba inveszt\u00e1lt p\u00e9nz (\u00e9s er\u0151fesz\u00edt\u00e9s) l\u00e1tt\u00e1n neh\u00e9z is lenne m\u00e1sk\u00e9pp v\u00e9lekedni, hacsak ki nem mondjuk azt, hogy a hazai futballbubor\u00e9kban \u2013 amelyben a klubok rendk\u00edv\u00fcli stabilit\u00e1st \u00e9lvezhetnek \u2013 nincs meg a motiv\u00e1ci\u00f3 a fiatalok felfel\u00e9 \u00e1ramoltat\u00e1s\u00e1ra, illetve az is lehet, hogy ez a munka egyszer\u0171en nem \u00e9ri meg a csapatoknak. Az egyre magasabb min\u0151s\u00e9g\u0171, korl\u00e1tlanul bevethet\u0151 l\u00e9gi\u00f3sok egyre t\u00f6bb j\u00e1t\u00e9kpercet \u201esz\u00edvnak el\u201d. A 2021\u20132022-es id\u00e9ny hajr\u00e1j\u00e1ra megfordult a mutat\u00f3, a k\u00fclf\u00f6ldi futballist\u00e1k imm\u00e1r t\u00f6bbet voltak p\u00e1ly\u00e1n az NB I-ben, mint a magyarok. Ha ez a szezon v\u00e9g\u00e9ig \u00edgy marad, akkor az t\u00f6rt\u00e9nelmi fordulat lesz, \u00e9s ha a tendencia tart\u00f3s, akkor tov\u00e1bb nehezedik a fiatalok dolga.\r\n\r\n[caption id=\"attachment_4230\" align=\"aligncenter\" width=\"2000\"]<img class=\"size-full wp-image-4230\" src=\"https:\/\/sport24.24.hu\/app\/uploads\/sites\/24\/2022\/04\/73978484.jpg\" alt=\"\" width=\"2000\" height=\"1333\" \/> Barczi R\u00f3bert[\/caption]\r\n\r\nA v\u00e1ltoz\u00e1soknak vannak \u00e9s lesznek ellenz\u0151i. El\u0151sz\u00f6r <strong>R\u00e9v\u00e9sz Attila<\/strong>, a Kisv\u00e1rda sportigazgat\u00f3ja <a href=\"https:\/\/telex.hu\/sport\/2022\/04\/01\/kisvarda-nemzetkozi-kupa-revesz-attila-magyar-futball-akademiak\">kelt ki \u00e9lesen<\/a>, mondv\u00e1n, a \u201efiatalszab\u00e1ly\u201d els\u0151 bevezet\u00e9se sem volt hat\u00e9kony, a mostani reform pedig nem kell\u0151k\u00e9ppen el\u0151k\u00e9sz\u00edtett \u00e9s torz\u00edtja a versenyt. <a href=\"https:\/\/www.youtube.com\/watch?t=125&amp;v=Z4X1tV2pltQ&amp;feature=youtu.be\">Kor\u00e1bban arra c\u00e9lzott<\/a>, hogy jelent\u0151s teljes\u00edtm\u00e9nycs\u00f6kken\u00e9s \u00e9s min\u0151s\u00e9gveszt\u00e9s k\u00f6vetkezik be a \u201ebuta szab\u00e1ly\u201d miatt, ha az NB I-re nem \u00e9rett fiatalokat kell p\u00e1ly\u00e1ra k\u00fcldeni a jelent\u0151s \u2013 ak\u00e1r 300 milli\u00f3 forintos \u2013 \u00f6szt\u00f6nz\u0151 begy\u0171jt\u00e9se \u00e9rdek\u00e9ben. Klubvezet\u0151k\u00e9nt neki egyr\u00e9szt saj\u00e1t csapata eredm\u00e9nyess\u00e9ge, m\u00e1sr\u00e9szt az ehhez kell\u0151 \u00e9p\u00edtkez\u00e9si folyamat kisz\u00e1m\u00edthat\u00f3s\u00e1ga a l\u00e9nyeg, \u00edgy \u00e9rthet\u0151 a berzenked\u00e9s, viszont ugyanennyire \u00e9rthet\u0151, hogy az MLSZ el\u0151rel\u00e9p\u00e9st akar l\u00e1tni. Jelenleg ugyanis a nagyon er\u0151sen megt\u00e1mogatott ut\u00e1np\u00f3tl\u00e1srendszer nem \u201etermel\u201d megfelel\u0151en, az elk\u00f6lt\u00f6tt rengeteg p\u00e9nzb\u0151l nem \u00e9rkezett elegend\u0151, megfelel\u0151 szint\u0171 futballista az NB I-be (sem).\r\n\r\nFigyelmeztet\u0151 jel lehet a magyar futballnak az a tendencia, amely G\u00f6r\u00f6gorsz\u00e1gban, T\u00f6r\u00f6korsz\u00e1gban \u00e9s Cipruson l\u00e1tszik. A CIES \u00e1ltal vizsg\u00e1lt eur\u00f3pai orsz\u00e1gok k\u00f6z\u00fcl ebben a h\u00e1rom bajnoks\u00e1gban a legmagasabb az \u00e1tlag\u00e9letkor. A l\u00e9gi\u00f3sok ar\u00e1nya G\u00f6r\u00f6gorsz\u00e1gban (58,2 sz\u00e1zal\u00e9k) \u00e9s Cipruson (61,8 sz\u00e1zal\u00e9k) is igen magas, az U21-eseknek juttatott j\u00e1t\u00e9kpercek\u00e9 (T\u00f6r\u00f6korsz\u00e1gban 2,3 sz\u00e1zal\u00e9k, G\u00f6r\u00f6gorsz\u00e1gban 3,2, Cipruson 4,8 sz\u00e1zal\u00e9k) nagyon alacsony. A klubok igen j\u00f3 k\u00e9pess\u00e9g\u0171 k\u00fclf\u00f6ldi j\u00e1t\u00e9kosokat tudnak igazolni, viszont ennek d\u00f6nt\u0151en a fiatal hazai j\u00e1t\u00e9kosok issz\u00e1k meg a lev\u00e9t. Nem v\u00e9letlen, hogy a fiatalok j\u00e1t\u00e9kpercei szempontj\u00e1b\u00f3l m\u00e9g elkeser\u00edt\u0151bb a helyzet, mint itthon. A t\u00f6r\u00f6k \u00e9lvonalban a hazai j\u00e1t\u00e9kosok ar\u00e1nya valamivel 50 sz\u00e1zal\u00e9k f\u00f6l\u00f6tt van, k\u00f6sz\u00f6nhet\u0151en a hatalmas n\u00e9pess\u00e9gnek \u00e9s a jelent\u0151s diaszp\u00f3r\u00e1nak.\r\n\r\nAz eml\u00edtett orsz\u00e1gok topklubjai eur\u00f3pai szinten is (nagyj\u00e1b\u00f3l) versenyk\u00e9pesek tudnak lenni, viszont az el\u00f6reged\u0151 \u00e9s l\u00e9gi\u00f3sokkal teli bajnoks\u00e1g nem tesz j\u00f3t a v\u00e1logatottak eredm\u00e9nyess\u00e9g\u00e9nek, f\u0151leg, hogy k\u00f6zben toplig\u00e1s futballist\u00e1kat sem siker\u00fcl t\u00f6megesen kinevelni. A g\u00f6r\u00f6g\u00f6k v\u00e1logatott szinten 2014 \u00f3ta lejtmenetben vannak (a legut\u00f3bbi n\u00e9gy nagy torna egyik\u00e9re sem kvalifik\u00e1lt\u00e1k magukat), az ut\u00f3bbi id\u0151ben m\u00e9g klubjaik teljes\u00edtm\u00e9ny\u00e9re sem lehetnek nagyon b\u00fcszk\u00e9k; a ciprusiak pedig meg sem tudj\u00e1k k\u00f6zel\u00edteni azokat az eredm\u00e9nyeket, mint amit p\u00e9ld\u00e1ul az \u00e9szakmaced\u00f3nok el\u00e9rtek \u2013 kevesebb er\u0151forr\u00e1ssal gazd\u00e1lkodva. A t\u00f6r\u00f6k\u00f6k lemaradtak a legut\u00f3bbi \u00f6t vil\u00e1gbajnoks\u00e1gr\u00f3l, a legut\u00f3bbi h\u00e1rom Eb-r\u0151l kett\u0151re ugyan kvalifik\u00e1lt\u00e1k magukat, \u00e1m mindk\u00e9tszer kiestek a csoportk\u00f6rben, 2021-ben szerzett pont n\u00e9lk\u00fcl. Sem a g\u00f6r\u00f6g\u00f6k, sem a t\u00f6r\u00f6k\u00f6k nem voltak k\u00e9pesek a f\u00e9nyes sikereket el\u00e9rt \u201earanygener\u00e1ci\u00f3juk\u201d lev\u00e1lt\u00e1s\u00e1t megfelel\u0151en levez\u00e9nyelni.\r\n\r\nMindk\u00e9t g\u00f6r\u00f6g ajk\u00fa orsz\u00e1g eset\u00e9ben kiemelik a szak\u00edr\u00f3k, hogy nem kapnak el\u00e9g bizalmat \u00e9s lehet\u0151s\u00e9get a fiatal helyi j\u00e1t\u00e9kosok, \u00e9s ez negat\u00edv hat\u00e1st gyakorol a v\u00e1logatottakra \u00e9s labdar\u00fag\u00e1suk eg\u00e9sz\u00e9re.\r\n\r\n<span class=\"highlight-block-small\">A CIES \u00e1ltal vizsg\u00e1lt nem toplig\u00e1s, \u00e9lvonalbeli bajnoks\u00e1gok k\u00f6z\u00f6tt csak \u00f6t olyan volt, melyn\u00e9l az U21-eseknek juttatott j\u00e1t\u00e9kpercek ar\u00e1nya 7,6 sz\u00e1zal\u00e9k alatti \u00e9s az \u00e1tlag\u00e9letkor 27 \u00e9v f\u00f6l\u00f6tti: a t\u00f6r\u00f6k, a g\u00f6r\u00f6g, a ciprusi, a magyar \u00e9s (tal\u00e1n meglep\u0151 m\u00f3don) a cseh.<\/span>\r\n\r\nA csehekn\u00e9l nem a l\u00e9gi\u00f3sokra \u00e9p\u00edtenek, a j\u00e1t\u00e9kosok h\u00e1romnegyede hazai. Az U21-eseknek jut\u00f3 j\u00e1t\u00e9kpercek 5 sz\u00e1zal\u00e9k al\u00e1 cs\u00f6kken\u00e9se \u00e9s a 28 \u00e9v f\u00f6l\u00f6tti \u00e1tlag\u00e9letkor m\u00e1r csak a t\u00f6r\u00f6k, g\u00f6r\u00f6g, ciprusi tri\u00f3 jellegzetess\u00e9ge.\r\n\r\n<iframe class=\"flourish-embed-iframe\" style=\"width: 100%;height: 600px\" title=\"Interactive or visual content\" src=\"https:\/\/flo.uri.sh\/visualisation\/9394799\/embed\" frameborder=\"0\" scrolling=\"no\"><\/iframe>\r\n<div style=\"width: 100%!;margin-top: 4px!important;text-align: right!important\"><a class=\"flourish-credit\" style=\"text-decoration: none!important\" href=\"https:\/\/public.flourish.studio\/visualisation\/9394799\/?utm_source=embed&amp;utm_campaign=visualisation\/9394799\" target=\"_top\" rel=\"noopener\"><img style=\"width: 105px!important;height: 16px!important;border: none!important;margin: 0!important\" src=\"https:\/\/public.flourish.studio\/resources\/made_with_flourish.svg\" alt=\"Made with Flourish\" \/> <\/a><\/div>\r\nA t\u00f6r\u00f6k, g\u00f6r\u00f6g, ciprusi \u00e9lvonalban tapasztalhat\u00f3 jelens\u00e9g (nagyon magas \u00e1tlag\u00e9letkor\u00fa els\u0151 oszt\u00e1ly, melyben nagyon kev\u00e9s lehet\u0151s\u00e9get kapnak a fiatalok, k\u00f6zben 50 sz\u00e1zal\u00e9k k\u00f6rny\u00e9k\u00e9n vagy af\u00f6l\u00f6tt van a l\u00e9gi\u00f3sok ar\u00e1nya) olyan, amit az MLSZ okkal szeretne elker\u00fclni.\r\n\r\nA szab\u00e1lyoz\u00e1ssal k\u00e9nyszer\u00edt\u00e9s \u2013 ezt mutatta a \u201efiatalszab\u00e1ly\u201d els\u0151 bevezet\u00e9se \u2013 nem felt\u00e9tlen\u00fcl m\u0171k\u00f6dik. Ha nincs szab\u00e1lyoz\u00e1ssal k\u00e9nyszer\u00edt\u00e9s, akkor marad a k\u00fcl\u00f6nb\u00f6z\u0151 \u00f6szt\u00f6nz\u0151rendszerek, aj\u00e1nl\u00e1sok kidolgoz\u00e1sa, melyeket a klubok vagy figyelembe vesznek, vagy nem. A r\u00e9gi mond\u00e1ssal \u00e9lve: odavezethetsz egy lovat a v\u00edzhez, de nem k\u00e9nyszer\u00edtheted arra, hogy igyon. S hogy a magyar klubok mennyire akarnak majd inni? Ezt a k\u00f6vetkez\u0151 \u00e9vek eld\u00f6ntik, de az eddig tapasztaltak alapj\u00e1n lehet benn\u00fcnk egy j\u00f3 adag szkepszis.","type":"rich","thumbnail_url":"https:\/\/s.24.hu\/app\/uploads\/sites\/24\/2022\/04\/2_debre20211024019-150x150.jpg","thumbnail_width":150,"thumbnail_height":150}