{"version":"1.0","provider_name":"Sport24","provider_url":"https:\/\/sport24.24.hu","author_name":"Bruckner G\u00e1bor","author_url":"https:\/\/sport24.24.hu\/author\/brucknerg\/","title":"\u00dajpest: lila, \u00e9l\u00e9nkebb v\u00e1ltozatban","html":"Az \u0151szi id\u00e9ny kezdete nem siker\u00fclt t\u00fal j\u00f3l az \u00dajpestnek: az els\u0151 nyolc m\u00e9rk\u0151z\u00e9sen nyeretlenek maradtak a lil\u00e1k. Err\u0151l az id\u0151szakr\u00f3l <a href=\"https:\/\/sport24.24.hu\/foci\/2021\/11\/11\/lila-kod-mi-lesz-igy-a-kiesohelyen-szenvedo-ujpesttel\/\">kor\u00e1bban \u00e9rtekezt\u00fcnk m\u00e1r<\/a>: noha a h\u00e1rom bels\u0151 v\u00e9d\u0151s rendszer t\u00f6bb\u00e9-kev\u00e9sb\u00e9 m\u0171k\u00f6d\u00f6tt, t\u00f6bbsz\u00f6r szerencs\u00e9tlen g\u00f3lt kapott a g\u00e1rda, labdabirtokl\u00e1sban viszont tudtak kell\u0151en magas min\u0151s\u00e9get produk\u00e1lni, a t\u00e1mad\u00f3j\u00e1t\u00e9k pedig rendk\u00edv\u00fcl g\u00f3lszeg\u00e9ny volt. Az \u0151sz v\u00e9g\u00e9re m\u00e9gis \u00fagy t\u0171nt, <strong>Michael Oenning<\/strong> lassan \u00f6sszekapja az egy\u00fcttest. A tulajdonosv\u00e1lt\u00e1s h\u00edre viszont edz\u0151v\u00e1lt\u00e1ssal is j\u00e1rt:\r\n\r\n<span class=\"highlight-block\">az \u00dajpest visszat\u00e9rt a szerb vonalhoz, <\/span>\r\n\r\n\u00e9s a kor\u00e1bban CSZKA Sz\u00f3fi\u00e1t ir\u00e1ny\u00edt\u00f3 <strong>Milos Kruscic<\/strong> lett az \u00faj vezet\u0151edz\u0151.\r\n\r\nEzt a \u201evisszat\u00e9r\u00e9st\u201d a m\u00faltbeli tapasztalatok is befoly\u00e1solhatt\u00e1k: a negyedik ker\u00fcletiek 2013 \u00e9s 2020 k\u00f6z\u00f6tt <strong>Nebojsa Vignjevic<\/strong> ir\u00e1ny\u00edt\u00e1s\u00e1val k\u00e9t Magyar Kup\u00e1t is nyertek, s\u0151t: majdnem t\u00edz \u00e9v sz\u00fcnet ut\u00e1n a nemzetk\u00f6zi porondon is megm\u00e9rettethett\u00e9k magukat. Az akkori csapat direkt, sok bead\u00e1sra \u00e9p\u00fcl\u0151 t\u00e1mad\u00f3j\u00e1t\u00e9kot \u00e9s emberfog\u00e1s-alap\u00fa, agressz\u00edv let\u00e1mad\u00e1sra \u00e9p\u00edt\u0151 v\u00e9dekez\u00e9st prefer\u00e1lt.\r\n\r\n[caption id=\"attachment_4257\" align=\"alignnone\" width=\"2000\"]<img class=\"size-full wp-image-4257\" src=\"https:\/\/sport24.24.hu\/app\/uploads\/sites\/24\/2022\/04\/d_kos20220130002.jpg\" alt=\"\" width=\"2000\" height=\"1333\" \/> Milos Kruscic janu\u00e1r v\u00e9g\u00e9n, az FTC elleni hazai m\u00e9rk\u0151z\u00e9s el\u0151tt[\/caption]\r\n\r\nA csapat alapfel\u00e1ll\u00e1sa Kruscic \u00e9rkez\u00e9se \u00f3ta a kor\u00e1bbi h\u00e1rom bels\u0151 v\u00e9d\u0151s rendszer helyett ink\u00e1bb 4-2-3-1-re m\u00f3dosult. A saj\u00e1t nevel\u00e9s\u0171 kapus, <strong>Banai D\u00e1vid<\/strong>\u00a0el\u0151tt \u00e1ltal\u00e1ban a g\u00f6r\u00f6g\u00a0<strong>Kutrumpisz\u00a0<\/strong>\u00e9s a Belgiumb\u00f3l igazolt <strong>Abdoulaye Diaby<\/strong> alkotja a v\u00e9delem belsej\u00e9t, m\u00edg sz\u00e9ls\u0151 v\u00e9d\u0151k\u00e9nt mindk\u00e9t oldalon egy-egy szerb j\u00e1tszik: <strong>Branko Pauljevic<\/strong> \u00e9s <strong>Nemanja Antonov<\/strong>; ut\u00f3bbi t\u00f6bbsz\u00f6r csatlakozik a t\u00e1mad\u00e1sokhoz. A v\u00e9delem el\u0151tt az Oenning alatt m\u00e9g sz\u00e1rnyv\u00e9d\u0151k\u00e9nt j\u00e1tsz\u00f3, fiatal<strong> Csongvai \u00c1ron<\/strong> \u00e9s a k\u00f6lcs\u00f6nb\u0151l visszat\u00e9r\u0151, m\u00e1r a n\u00e9gy \u00e9ve kupagy\u0151ztes csapatban is j\u00e1tsz\u00f3 <strong>Vincent Onovo<\/strong> \u0151rj\u00e1ratozik, de alkalmank\u00e9nt lehet\u0151s\u00e9get kap a Nyizsnij Novgorodt\u00f3l t\u00e9len \u00e9rkezett, kameruni <strong>Petrus Boumal<\/strong> is. A j\u00e1t\u00e9k folyamatoss\u00e1g\u00e1\u00e9rt a p\u00e1lya k\u00f6zep\u00e9n az \u00dajpestbe t\u00edz \u00e9v ut\u00e1n visszat\u00e9rt ir\u00e1ny\u00edt\u00f3, <strong>Nikola Mitrovic<\/strong> felel, a jobb oldalt a francia<strong> Yohann Croizet<\/strong> h\u00fazza meg. A baloldalr\u00f3l befel\u00e9 j\u00e1tsz\u00f3 <strong>Giorgi Beridze<\/strong> pedig imm\u00e1r honfit\u00e1rs\u00e1val, a Feh\u00e9rv\u00e1rr\u00f3l igazolt<strong> Budu Zivzivadz\u00e9val<\/strong> j\u00e1tszhat egy\u00fctt, aki tavasszal eddig bombaform\u00e1t mutat: h\u00e9t m\u00e9rk\u0151z\u00e9sen h\u00e9t g\u00f3lt szerzett lila-feh\u00e9r mezben. Az \u0151szi vessz\u0151fut\u00e1s \u00f3ta teh\u00e1t a j\u00e1t\u00e9koskeretben is t\u00f6rt\u00e9nt n\u00e9h\u00e1ny v\u00e1ltoz\u00e1s \u2013 ez, eddig \u00fagy t\u0171nik, kifizet\u0151d\u00f6tt.\r\n<div class=\"payable-content-section\"><\/div>\r\n<span class=\"highlight-block-small\">Hasonl\u00f3an a magyar mez\u0151ny nagy r\u00e9sz\u00e9hez, a Kruscic-f\u00e9le \u00dajpestet is megfelel\u0151 szint\u0171 szervezetts\u00e9g jellemzi labda ellen, id\u0151nk\u00e9nt kifejezetten agressz\u00edv let\u00e1mad\u00e1ssal. <\/span>\r\n\r\nA f\u0151 c\u00e9l ilyenkor legink\u00e1bb az oldalvonal fel\u00e9 terelni a j\u00e1t\u00e9kot Zivzivadze vagy Mitrovic vez\u00e9rlet\u00e9vel, majd a sz\u00e9leken k\u00f6zvetlen emberfog\u00e1ssal kikapcsolni az ellenfeleket; ebbe a koreogr\u00e1fi\u00e1ba a labda oldali sz\u00e9ls\u0151 \u00e9s bels\u0151 k\u00f6z\u00e9pp\u00e1ly\u00e1son k\u00edv\u00fcl esetenk\u00e9nt a sz\u00e9ls\u0151 v\u00e9d\u0151 is bekapcsol\u00f3dhat. Az \u00dajpest ezekben a szitu\u00e1ci\u00f3kban viszonylag sikeresen k\u00e9nyszer\u00edti \u00edvel\u00e9sre a h\u00e1ts\u00f3 \u00e9p\u00edtkez\u00e9sben am\u00fagy sem t\u00fal magabiztos ellenfeleket. Kisebb hi\u00e1nyoss\u00e1ga az\u00e9rt van a let\u00e1mad\u00e1snak: a sz\u00e9lre tol\u00f3d\u00e1sn\u00e1l az emberfog\u00e1ssal dolgoz\u00f3, labd\u00e1hoz k\u00f6zeli j\u00e1t\u00e9kosokhoz k\u00e9pest a labd\u00e1t\u00f3l t\u00e1volabbi j\u00e1t\u00e9kosok id\u0151nk\u00e9nt lemaradnak az egy\u00fcttmozg\u00e1sban, ami a p\u00e1lya \u00e9rt\u00e9kes, k\u00f6z\u00e9ps\u0151 ter\u00fcleteit megnyithatja az ellenf\u00e9l sz\u00e1m\u00e1ra, \u00e9s nehezebb\u00e9 teheti a lil\u00e1k sz\u00e1m\u00e1ra a visszarendez\u0151d\u00e9st is. Erre l\u00e1thatunk p\u00e9ld\u00e1t az al\u00e1bbi k\u00e9pen:\r\n\r\n<img class=\"alignnone size-full wp-image-4245\" src=\"https:\/\/sport24.24.hu\/app\/uploads\/sites\/24\/2022\/04\/ujpest_letamadas.png\" alt=\"\" width=\"1280\" height=\"720\" \/>\r\n\r\nA k\u00f6z\u00e9ps\u0151 j\u00e1t\u00e9kosok \u2013 Onovo \u00e9s Csongvai \u2013 akkor is b\u00e1tran kit\u00e1madnak a labd\u00e1s emberre, ha a saj\u00e1t t\u00e9rf\u00e9len kell v\u00e9dekezni. Ezekben a szitu\u00e1ci\u00f3kban azonban a legels\u0151 ember, Zivzivadze gyakran nem presszingel t\u00e9nylegesen, \u00edgy fenn\u00e1ll a vesz\u00e9ly, hogy a k\u00e9t v\u00e9d\u0151vonal k\u00f6z\u00f6tt az ellenf\u00e9l sz\u00e1m\u00e1ra ter\u00fclet ny\u00edlik.\r\n\r\n<img class=\"alignnone size-full wp-image-4246\" src=\"https:\/\/sport24.24.hu\/app\/uploads\/sites\/24\/2022\/04\/ujpest_kozepso_blokk.png\" alt=\"\" width=\"1280\" height=\"720\" \/>\r\n\r\nUgyanez figyelhet\u0151 meg azokban a ritka helyzetekben, amikor a lil\u00e1k m\u00e9ly blokkba, a saj\u00e1t kapujuk el\u00e9 szorulnak vissza. Ilyenkor sz\u00fcks\u00e9g eset\u00e9n a k\u00e9t v\u00e9dekez\u0151 k\u00f6z\u00e9pp\u00e1ly\u00e1s visszafel\u00e9 is k\u00f6veti a bels\u0151 terekbe beindul\u00f3 j\u00e1t\u00e9kost. Ez sebezhet\u0151v\u00e9 teheti a csapatot a m\u00e1sodik vonalba visszagur\u00edtott labd\u00e1k eset\u00e9n, de ez a fajta reakt\u00edv magatart\u00e1s a magyar csapatokra m\u00e9g mindig jellemz\u0151.\r\n\r\n<img class=\"alignnone size-full wp-image-4247\" src=\"https:\/\/sport24.24.hu\/app\/uploads\/sites\/24\/2022\/04\/ujpest_mely_blokk.png\" alt=\"\" width=\"1280\" height=\"720\" \/>\r\n\r\nAz \u00dajpest Kruscic vezet\u00e9s\u00e9vel bizonyos m\u00e9rk\u0151z\u00e9seken kifejezetten sokat birtokolta a labd\u00e1t, van t\u00f6rekv\u00e9s teh\u00e1t a kezdem\u00e9nyez\u0151 futballra. \u00c1m a hossz\u00fa labdabirtokl\u00e1si peri\u00f3dusok \u2013 hasonl\u00f3an a magyar csapatok t\u00f6bbs\u00e9g\u00e9hez \u2013 egyel\u0151re nem hoznak \u00e1t\u00fct\u0151 sikert egy rendezett, fel\u00e1llt ellenf\u00e9llel szemben. A labdabirtokl\u00e1s legnagyobb r\u00e9sze a h\u00e1ts\u00f3, k\u00f6z\u00e9ps\u0151 ter\u00fcleteken t\u00f6rt\u00e9nik, visszal\u00e9p\u0151 \u00e9s kifel\u00e9 mozg\u00f3 j\u00e1t\u00e9kosok r\u00e9szv\u00e9tel\u00e9vel. Kev\u00e9s a progressz\u00edv passz a v\u00e9d\u0151vonalak k\u00f6z\u00e9 helyezked\u0151 j\u00e1t\u00e9kosok fel\u00e9, az ir\u00e1ny\u00edt\u00f3 Mitrovic-nak is gyakran a v\u00e9delmi blokkon k\u00edv\u00fcl kell elk\u00e9rnie a labd\u00e1t, mik\u00f6zben a k\u00e9t v\u00e9dekez\u0151 k\u00f6z\u00e9pp\u00e1ly\u00e1s egyike, Boumal is ink\u00e1bb a k\u00e9t k\u00f6z\u00e9ph\u00e1tv\u00e9d k\u00f6z\u00e9 l\u00e9pve kapja meg a labd\u00e1t. A Honv\u00e9d m\u00e9ly, gyakran 6-3-1-et form\u00e1l\u00f3 v\u00e9dekez\u00e9s\u00e9vel szemben ez visszat\u00e9r\u0151 jelenet volt: a lil\u00e1k nehezen boldogultak a kispesti fal megbont\u00e1s\u00e1val. A k\u00f6vetkez\u0151 k\u00e9pen azt l\u00e1thatjuk, ahogyan a v\u00e9d\u0151k nem l\u00e9pnek be a j\u00e1t\u00e9kba, \u00edgy Boumalnak \u00e9s Onov\u00f3nak kell visszal\u00e9pnie, mik\u00f6zben az ir\u00e1ny\u00edt\u00f3 Mitrovic a p\u00e1lya t\u00faloldal\u00e1n helyezkedik, \u00e9s a v\u00e9d\u0151vonalak k\u00f6z\u00e9 sem lehet bepasszolni a labd\u00e1t.\r\n\r\n<img class=\"alignnone size-full wp-image-4248\" src=\"https:\/\/sport24.24.hu\/app\/uploads\/sites\/24\/2022\/04\/ujpest_labdakihoz.png\" alt=\"\" width=\"1280\" height=\"720\" \/>\r\n\r\nMindezek mellett a helyzetek kialak\u00edt\u00e1sa is t\u00f6bbnyire k\u00f6z\u00e9pen t\u00f6rt\u00e9nik: a baloldalon t\u00f6bbnyire a h\u00e1tv\u00e9d Antonov, m\u00edg a jobboldalon a sz\u00e9ls\u0151 Croizet felel a sz\u00e9less\u00e9g biztos\u00edt\u00e1s\u00e1\u00e9rt. Ezek a sz\u00e9ls\u0151 j\u00e1t\u00e9kosok azonban ritk\u00e1n indulnak be dinamikusan az alapvonal fel\u00e9, legt\u00f6bbsz\u00f6r poz\u00edci\u00f3ban, l\u00e1bra kapj\u00e1k a labd\u00e1t. \u00cdgy nemigen lehet \u00e9rdemben sz\u00e9th\u00fazni a p\u00e1ly\u00e1t, \u00e9s a sz\u00e9len el\u0151ny\u00f6s szitu\u00e1ci\u00f3kat kialak\u00edtani. Ez\u00e9rt az \u00e1tt\u00f6r\u00e9si pr\u00f3b\u00e1lkoz\u00e1sok gyakran v\u00e9gz\u0151dnek a p\u00e1lya legs\u0171r\u0171bb, k\u00f6z\u00e9ps\u0151 r\u00e9sz\u00e9n, az \u00fagynevezett 14-es z\u00f3n\u00e1ban, ahov\u00e1 \u00e1ltal\u00e1ban a v\u00e9dekez\u0151 ellenfelek is koncentr\u00e1lj\u00e1k erej\u00fck nagy r\u00e9sz\u00e9t. A keret technikai tud\u00e1sa miatt ezeken a helyeken viszonylag ritk\u00e1n siker\u00fcl \u201e\u00e1th\u00e1mozni\u201d a labd\u00e1t. Mostans\u00e1g az\u00e9rt a gr\u00faz du\u00f3, Beridze \u00e9s Zivzivadze egy\u00fcttm\u0171k\u00f6d\u00e9se valamennyit jav\u00edt ezen. A k\u00e9pen egy ilyen szitu\u00e1ci\u00f3 l\u00e1that\u00f3 a Paks elleni m\u00e9rk\u0151z\u00e9sr\u0151l; Antonov nem indul be a sz\u00e9len m\u00f6g\u00e9 ker\u00fclni, \u00edgy a tolnaiaknak gyakorlatilag csak a p\u00e1lya k\u00f6zep\u00e9re kell figyelni\u00fck:\r\n\r\n<img class=\"alignnone size-full wp-image-4249\" src=\"https:\/\/sport24.24.hu\/app\/uploads\/sites\/24\/2022\/04\/ujpest_tamado3ad.png\" alt=\"\" width=\"1280\" height=\"720\" \/>\r\n\r\nA lil\u00e1k \u00edgy legink\u00e1bb a sz\u00e9leken vezetett kontrat\u00e1mad\u00e1sokb\u00f3l \u00e9s az ellenf\u00e9l hib\u00e1i ut\u00e1n visszaszerzett labd\u00e1kb\u00f3l tudnak vesz\u00e9lyeztetni, legink\u00e1bb Zivzivadze r\u00e9v\u00e9n.\r\n\r\nhttps:\/\/www.youtube.com\/watch?v=qk1YEjm_3HY\r\n\r\nhttps:\/\/www.youtube.com\/watch?v=dhOUTmvIf4Q\r\n\r\nFel\u00e1llt fal ellen pedig a gr\u00faz t\u00e1volr\u00f3l is v\u00e1llalkozott, ez is kiseg\u00edtette az \u00dajpestieket.\r\n\r\nhttps:\/\/www.youtube.com\/watch?v=voazVV4vXmo\r\n\r\nAhogyan a magyar csapatok t\u00f6bbs\u00e9g\u00e9nek, az \u00dajpestnek is neh\u00e9zs\u00e9get okoz a labdakihozatal, ha agressz\u00edvan let\u00e1mad\u00f3 ellenf\u00e9llel tal\u00e1lja szemben mag\u00e1t. Ez k\u00fcl\u00f6n\u00f6sen a <strong>Bogn\u00e1r Gy\u00f6rgy<\/strong>-f\u00e9le, agressz\u00edvan let\u00e1mad\u00f3 Paks ellen volt szembet\u0171n\u0151: b\u00e1r a lil\u00e1k az els\u0151 h\u00e1rom-n\u00e9gy passzt t\u00f6bbnyire let\u00e1mad\u00e1s ellen is sikeresen abszolv\u00e1lt\u00e1k, \u00e1ltal\u00e1ban siker\u00fclt a vonal mell\u00e9, \u00edvel\u00e9sre k\u00e9nyszer\u00edteni \u0151ket. Onovo t\u00f6bbnyire ezekben a szitu\u00e1ci\u00f3kban is visszal\u00e9pett a k\u00e9t k\u00f6z\u00e9ph\u00e1tv\u00e9d k\u00f6z\u00e9, ezzel kiss\u00e9 f\u00f6l\u00f6slegesen is cs\u00f6kkentve a passzopci\u00f3kat a p\u00e1lya k\u00f6zep\u00e9n. Erre l\u00e1thatunk p\u00e9ld\u00e1t a k\u00f6vetkez\u0151 k\u00e9pen:\r\n\r\n<img class=\"alignnone size-full wp-image-4250\" src=\"https:\/\/sport24.24.hu\/app\/uploads\/sites\/24\/2022\/04\/ujpest_nyomas_alatt.png\" alt=\"\" width=\"1280\" height=\"720\" \/>\r\n\r\nAz \u00fajpestiek teh\u00e1t Milos Kruscic vezet\u00e9s\u00e9vel el\u0151re tudtak l\u00e9pni a j\u00e1t\u00e9k bizonyos aspektusaiban. A v\u00e9dekez\u00e9s\u00fck a kor\u00e1bbin\u00e1l agressz\u00edvabb lett, amit formailag is seg\u00edtett a n\u00e9gyv\u00e9d\u0151s rendszerre t\u00f6rt\u00e9n\u0151 \u00e1t\u00e1ll\u00e1s. A kontrat\u00e1mad\u00e1sokb\u00f3l \u00e9s az ellenf\u00e9l hib\u00e1it kihaszn\u00e1lva j\u00f3val g\u00f3ler\u0151sebbek is, ami nagyban k\u00f6sz\u00f6nhet\u0151 a t\u00e9len \u00e9rkezett Zivzivadze remek form\u00e1j\u00e1nak. Labdabirtokl\u00e1sban, fel\u00e1llt fal ellen ugyanakkor az \u00dajpest m\u00e9g nem emelkedik ki az NB I \u00e1tlagos szintj\u00e9b\u0151l. Lehet, hogy ez egyel\u0151re nem is elv\u00e1r\u00e1s:\r\n\r\n<span class=\"highlight-block\">a kies\u0151z\u00f3n\u00e1b\u00f3l a tabella \u00f6t\u00f6dik hely\u00e9re felz\u00e1rk\u00f3zni \u00f6nmag\u00e1ban is l\u00e1tv\u00e1nyos eredm\u00e9ny. <\/span>\r\n\r\nA tizenk\u00e9t csapatos mez\u0151nyben pedig az \u00e1ll\u00e1s gyorsan v\u00e1ltozik, a lil\u00e1k eset\u00e9ben tal\u00e1n m\u00e9g korai is nemzetk\u00f6zi kupaindul\u00e1sr\u00f3l besz\u00e9lni.\r\n\r\n[prefabricated_shortcode in_app=\"0\" code=\"%3Cdiv%20class%3D%22article_box_border%22%20style%3D%22background%3A%20url%28%27https%3A%2F%2F24.p3k.hu%2Fapp%2Fuploads%2Fsites%2F24%2F2021%2F05%2Fsport24-pattern.png%27%29%20no-repeat%20left%20-16px%20%23f3f3f4%3B%20border%3A%20none%3B%22%3E%0D%0A%3Cdiv%20class%3D%22article_solidheader%22%3E%0D%0A%3Ch2%20style%3D%22color%3A%20%23111115%21important%3B%20font-size%3A%2036px%3B%20font-weight%3A%20bold%3B%20margin-bottom%3A%2030px%3B%20margin-top%3A%2020px%3B%20text-align%3A%20center%3B%20line-height%3A%2036px%3B%22%3E%3Cimg%20class%3D%22aligncenter%20size-full%20wp-image-141%22%20src%3D%22https%3A%2F%2F24.p3k.hu%2Fapp%2Fuploads%2Fsites%2F24%2F2021%2F05%2Fs24-logo-dt.png%22%20alt%3D%22%22%20width%3D%22408%22%20height%3D%2290%22%20%2F%3E%3C%2Fh2%3E%0D%0A%3Ch2%20style%3D%22color%3A%20%23111115%21important%3B%20font-size%3A%2036px%3B%20font-weight%3A%20bold%3B%20margin-bottom%3A%2030px%3B%20margin-top%3A%2020px%3B%20text-align%3A%20center%3B%20line-height%3A%2040px%3B%22%3ECsatlakozz%20a%20Sport24%20k%C3%B6z%C3%B6ss%C3%A9ghez%2C%20mondd%20el%20v%C3%A9lem%C3%A9nyedet%20z%C3%A1rt%20Facebook-csoportunkban%2C%20%C3%A9s%20vegy%C3%A9l%20r%C3%A9szt%20csak%20el%C5%91fizet%C5%91knek%20el%C3%A9rhet%C5%91%20exkluz%C3%ADv%20esem%C3%A9nyeinken.%3C%2Fh2%3E%0D%0A%3C%2Fdiv%3E%0D%0A%3Cp%20style%3D%22background%3A%20%2357A600%3B%20margin-top%3A%2020px%3B%20padding%3A%2020px%3B%20text-align%3A%20center%3B%22%3E%3Ca%20style%3D%22color%3A%20%23ffffff%3B%20font-size%3A%2026px%3B%20font-weight%3A%20600%3B%22%20href%3D%22https%3A%2F%2Fwww.facebook.com%2Fgroups%2F212344460412327%22%3ECSATLAKOZOM%3C%2Fa%3E%3C%2Fp%3E%0D%0A%0D%0A%3C%2Fdiv%3E\"]","type":"rich","thumbnail_url":"https:\/\/s.24.hu\/app\/uploads\/sites\/24\/2022\/04\/d_kos20220305062-150x150.jpg","thumbnail_width":150,"thumbnail_height":150}