{"version":"1.0","provider_name":"Sport24","provider_url":"https:\/\/sport24.24.hu","author_name":"Bruckner G\u00e1bor","author_url":"https:\/\/sport24.24.hu\/author\/brucknerg\/","title":"A vil\u00e1gbajnoki c\u00edm is kev\u00e9s az els\u0151s\u00e9ghez: er\u0151sorrendbe tett\u00fck a vb csapatait","html":"Hossz\u00fa \u00e9s zsibbaszt\u00f3an unalmas m\u0171sor ut\u00e1n a FIFA \u00e9s megh\u00edvott szt\u00e1rvend\u00e9gei gyorsan lebonyol\u00edtott\u00e1k a 2022-es vil\u00e1gbajnoks\u00e1g sorsol\u00e1s\u00e1t, elj\u00f6tt h\u00e1t az id\u0151, hogy er\u0151sorrendbe rendezz\u00fck a kijutottakat. A rangsor kialak\u00edt\u00e1sakor figyelembe vett\u00fck a csapatok FIFA-vil\u00e1granglist\u00e1s helyez\u00e9s\u00e9t, a selejtez\u0151sorozat m\u00e9rleg\u00e9t, a z\u00f3na er\u0151ss\u00e9g\u00e9t \u00e9s a sorsol\u00e1s neh\u00e9zs\u00e9g\u00e9t is megpr\u00f3b\u00e1ltuk modellezni. No meg persze ott van a szerkeszt\u0151i \u00f6nk\u00e9ny is, amely minden raglista eset\u00e9ben kulcsfontoss\u00e1g\u00fa\u2026\r\n\r\n<img class=\"alignnone size-full wp-image-4132\" src=\"https:\/\/sport24.24.hu\/app\/uploads\/sites\/24\/2022\/04\/vb-sorsolas.jpg\" alt=\"\" width=\"2000\" height=\"2000\" \/>\r\n\r\n<strong>A M\u00c9G KIAD\u00d3 HELYEK<\/strong>\r\n\r\n<strong>32.\u201330.:<\/strong> Ezt a h\u00e1rom helyet egyel\u0151re fenntartjuk, hiszen m\u00e9g nem ismert a kijut\u00f3 kil\u00e9te.\r\n\r\n<strong>UEFA:<\/strong> 1 hely kiad\u00f3 az eur\u00f3pai csapatoknak. El\u0151bb le kell j\u00e1tszani az egymeccses Sk\u00f3cia\u2013Ukrajna p\u00e1rharcot, melynek gy\u0151ztes\u00e9re Cardiffban Wales v\u00e1r. Amelyik egy\u00fcttes a walesi\u2013sk\u00f3t\/ukr\u00e1n tal\u00e1lkoz\u00f3t megnyeri, kijut. A tov\u00e1bbjut\u00f3 Anglia, Ir\u00e1n \u00e9s az Egyes\u00fclt \u00c1llamok mell\u00e9 ker\u00fcl a B-csoportba.\r\n\r\n<strong>Interkontinent\u00e1lis hely 1:<\/strong> El\u0151sz\u00f6r Ausztr\u00e1lia \u00e9s az Egyes\u00fclt Arab Em\u00edrs\u00e9gek Doh\u00e1ban, egy m\u00e9rk\u0151z\u00e9sen d\u00f6nt az utols\u00f3 \u00e1zsiai tov\u00e1bbjut\u00f3 kil\u00e9t\u00e9r\u0151l. A gy\u0151ztes (ugyancsak Doh\u00e1ban) Peruval m\u00e9rk\u0151zik meg, a tal\u00e1lkoz\u00f3 nyertese kvalifik\u00e1lja mag\u00e1t a vb-re. A kijut\u00f3 Franciaorsz\u00e1ggal, D\u00e1ni\u00e1val \u00e9s Tun\u00e9zi\u00e1val tal\u00e1lkozik a D-csoportban.\r\n\r\n<strong>Interkontinent\u00e1lis hely 2:<\/strong> a CONCACAF-z\u00f3n\u00e1b\u00f3l Costa Rica m\u00e9rk\u0151zik meg az \u00f3ce\u00e1niai z\u00f3n\u00e1b\u00f3l \u00e9rkez\u0151 \u00daj-Z\u00e9landdal Doh\u00e1ban. A gy\u0151ztes kijut; \u201ejutalma\u201d a spanyol, n\u00e9met, jap\u00e1n csoport, azaz az E jel\u0171 kvartett.\r\n\r\n<strong>A RANGSOR<\/strong>\r\n\r\n<strong>29. ECUADOR (46. a vil\u00e1granglist\u00e1n. Selejtez\u0151s m\u00e9rleg: 7\u20135\u20136.<\/strong> A megszerezhet\u0151 pontok 51%-\u00e1t gy\u0171jt\u00f6tte be). Az \u00f6sszes csapat k\u00f6z\u00fcl Ecuador\u00e9 a legrosszabb m\u00e9rleg, ez persze b\u00f6kheti az olaszok cs\u0151r\u00e9t, akik egy veres\u00e9ggel lemaradtak a torn\u00e1r\u00f3l\u2026 De h\u00e1t az az \u0151 bajuk, ami a legkev\u00e9sb\u00e9 kell, hogy \u00e9rdekelje a tavaly november \u00f3ta nyeretlen ecuadoriakat. A vb szempontj\u00e1b\u00f3l nem j\u00f3 jel, hogy a legut\u00f3bbi 13 idegenben \u00e9s semleges p\u00e1ly\u00e1n megv\u00edvott meccs\u00e9b\u0151l Ecuador csak kett\u0151t nyert meg \u2013 eset\u00fckben a hazai p\u00e1lya (\u00e9s a magaslat) kulcsszerepet j\u00e1tszik. Na, Katarban egyik sem lesz, viszont szembej\u00f6n a h\u00e1zigazda, Hollandia \u00e9s Szeneg\u00e1l.\r\n\r\n<strong>28. SZA\u00daD-AR\u00c1BIA (49., 13\u20134\u20131, 80%).<\/strong> A sza\u00fadiak olyanok, mint az a bully, aki \u00fcti-veri az oszt\u00e1ly\u00e1t, m\u00edgnem n\u00e9ha beker\u00fcl az igazi nagyfi\u00fak k\u00f6z\u00e9, ahol meg \u0151t verik \u00f6ssze. Az arab futball egyik meghat\u00e1roz\u00f3 csapata 1994-ben kiv\u00e1l\u00f3an mutatkozott be a vil\u00e1gbajnoks\u00e1gon, hogy azt\u00e1n \u00f6sszehozzon egy 12 meccses vb-nyeretlens\u00e9gi sorozatot, benne 10 veres\u00e9ggel. A sza\u00fadiak k\u00f6nnyed\u00e9n abszolv\u00e1lt\u00e1k a selejtez\u0151ket (egyszer szenvedtek veres\u00e9get: Jap\u00e1nt\u00f3l, idegenben), csoportels\u0151k\u00e9nt jutottak ki.\r\n\r\n<span class=\"highlight-block-small\">A m\u00falt alapj\u00e1n sima kies\u00e9st j\u00f3soln\u00e1nk nekik, de ne feledj\u00fck: alig kell utazniuk, nem kell akklimatiz\u00e1l\u00f3dniuk, a \u201esivatagi show\u201d saj\u00e1toss\u00e1gaival sokkal jobban tiszt\u00e1ban vannak, mint m\u00e1s egy\u00fcttesek. <\/span>\r\n\r\nArgent\u00edna, Mexik\u00f3 \u00e9s Lengyelorsz\u00e1g az\u00e9rt nagy falatnak t\u0171nik.\r\n\r\n<strong>27. TUN\u00c9ZIA (34., 5\u20132\u20131, 71%).<\/strong> Ha valaki l\u00e1tv\u00e1nyos, ny\u00edlt sisakos j\u00e1t\u00e9kot v\u00e1r a tun\u00e9ziaiak meccsein, akkor jobb, ha tiszt\u00e1ban van vele: a \u201ekarth\u00e1g\u00f3i sasok\u201d legut\u00f3bbi 12 meccs\u00e9b\u0151l kett\u0151n esett kett\u0151n\u00e9l t\u00f6bb g\u00f3l\u2026 Tun\u00e9zia ellen a leger\u0151sebb afrikai riv\u00e1lisok is v\u00e9rt izzadnak, azt viszont nem tudjuk, hogy ez m\u00e1s z\u00f3n\u00e1k egy\u00fcttesei ellen mire lesz el\u00e9g. Eur\u00f3pai vagy amerikai csapattal p\u00e9ld\u00e1ul 2019 (!) \u00f3ta nem j\u00e1tszott Tun\u00e9zia, melynek \u2013 Sza\u00fad-Ar\u00e1bi\u00e1hoz hasonl\u00f3an \u2013 el\u0151ny\u00f6s lehet a katari rendez\u00e9s. A v\u00e9delem meg Franciaorsz\u00e1g \u00e9s D\u00e1nia ellen is megmutathatja stabilit\u00e1s\u00e1t\u2026\r\n\r\n<strong>26. IR\u00c1N (21., 14\u20131\u20133, 80%).<\/strong> Az ir\u00e1niak vil\u00e1granglista-helyez\u00e9se remek, selejtez\u0151s m\u00e9rlege impon\u00e1l\u00f3, az m\u00e1s lapra tartozik, hogy mindk\u00e9t t\u00e9nyhez \u201ecsak\u201d az \u00e1zsiai z\u00f3na csapatait kellett agyba-f\u0151be verni. Az, mondjuk, siker\u00fclt! Ugyanaz a figyelmeztet\u00e9s igaz, mint Tun\u00e9zia eset\u00e9ben: alig j\u00e1tszanak z\u00f3n\u00e1n k\u00edv\u00fcli ellenf\u00e9llel, \u00edgy neh\u00e9z felm\u00e9rni a csapat j\u00e1t\u00e9kerej\u00e9t. Ir\u00e1n eddig \u00f6t vb-t j\u00e1rt meg, de m\u00e9g sosem tudott tov\u00e1bbjutni csoportj\u00e1b\u00f3l. Ha ez most sem siker\u00fcl, de \u2013 csak\u00fagy, mint 1998-ban \u2013 legy\u0151zi az Egyes\u00fclt \u00c1llamokat, az is vigaszd\u00edj lenne\u2026\r\n\r\n<strong>25. KAMERUN (38., 6\u20130\u20132, 75%).<\/strong> Az utols\u00f3 pillanatig \u00fagy t\u0171nt, hogy a kameruniak lemaradnak a torn\u00e1r\u00f3l, de azt\u00e1n Alg\u00edrban j\u00f6tt<strong> Karl Toko Ekambi<\/strong>, \u00e9s a 124. percben kil\u0151tte a j\u00e1t\u00e9kvezet\u0151i \u00edt\u00e9letek \u00e1ltal is megseg\u00edtett \u201eszelid\u00edthetetlen oroszl\u00e1nokat\u201d Katarba. A selejtez\u0151k sor\u00e1n Elef\u00e1ntcsontparttal is kibabr\u00e1l\u00f3 kameruniak kerete nem a valaha l\u00e1tott leger\u0151sebb, de \u00edgy is elit j\u00e1t\u00e9kosokkal van tele. Kamerun a legut\u00f3bbi k\u00e9t vb-j\u00e9t pont n\u00e9lk\u00fcl z\u00e1rta \u00e9s az olaszorsz\u00e1gi csoda \u00f3ta egyszer sem jutott tov\u00e1bb csoportj\u00e1b\u00f3l (r\u00e1ad\u00e1sul csak egy gy\u0151zelmet aratott). Most sem a nyolcadd\u00f6nt\u0151 a pap\u00edrforma \u2013 a brazil, szerb, sv\u00e1jci tri\u00f3 t\u00fal er\u0151snek t\u0171nik.\r\n\r\n[caption id=\"attachment_4126\" align=\"alignnone\" width=\"1024\"]<img class=\"size-large wp-image-4126\" src=\"https:\/\/sport24.24.hu\/app\/uploads\/sites\/24\/2022\/04\/000_9rt334-1024x683.jpg\" alt=\"\" width=\"1024\" height=\"683\" \/> Karl Toko Ekambi g\u00f3l\u00f6r\u00f6me[\/caption]\r\n\r\n<strong>24. KANADA (35., 14\u20134\u20132, 77%).<\/strong> A vb-r\u00e9sztvev\u0151k k\u00f6z\u00fcl Kanad\u00e1nak kellett megv\u00edvnia a legt\u00f6bb selejtez\u0151t, \u00e9s ev\u00e9s k\u00f6zben alaposan megj\u00f6tt az \u00e9tv\u00e1gy: <strong>John Herdman<\/strong> egy\u00fcttese\r\n\r\n<span class=\"highlight-block\">megnyerte a CONCACAF-z\u00f3n\u00e1t Mexik\u00f3 \u00e9s az Egyes\u00fclt \u00c1llamok el\u0151tt, \u00e9s 1986 \u00f3ta el\u0151sz\u00f6r kvalifik\u00e1lta mag\u00e1t. <\/span>\r\n\r\nA juharleveleseknek m\u00e9g szerzett g\u00f3ljuk \u00e9s pontjuk sincs a vb-ken, nagyon csal\u00f3dottak lenn\u00e9nek, ha Katar ut\u00e1n ugyanez lenne a m\u00e9rleg, pl\u00e1ne, hogy vannak kiemelked\u0151 j\u00e1t\u00e9kosaik \u00e9s az elm\u00falt egy \u00e9s negyed \u00e9vben majdnem annyi gy\u0151zelmet arattak, mint el\u0151tte h\u00e9t esztend\u0151 alatt \u00f6sszesen. Belgium, Horv\u00e1torsz\u00e1g \u00e9s Marokk\u00f3 ellen az\u00e9rt nem \u0151k lesznek a favoritok.\r\n<div class=\"payable-content-section\"><\/div>\r\n<strong>23. KATAR (51., h\u00e1zigazdak\u00e9nt nem j\u00e1tszott selejtez\u0151t).<\/strong> Ember legyen a talp\u00e1n, aki be tudja l\u0151ni a katariak es\u00e9lyeit. A vb-h\u00e1zigazda az \u00c1zsia Kupa c\u00edmv\u00e9d\u0151jek\u00e9nt, az Arab Kupa bronz\u00e9rmesek\u00e9nt, a CONCACAF Arany Kupa el\u0151d\u00f6nt\u0151sek\u00e9nt \u00e9rkezik, m\u00e1rciusban legy\u0151zte Bulg\u00e1ri\u00e1t \u00e9s ikszelt Szlov\u00e9ni\u00e1val. Ez az egyik arca a katari csapatnak. A m\u00e1sik: tavaly \u0151sszel Szerbia (0\u20134, 0\u20134), \u00cdrorsz\u00e1g (0\u20134) \u00e9s Portug\u00e1lia (1\u20133, 0\u20133) is sim\u00e1n fel\u00fclm\u00falta \u0151ket. Rendez\u0151k\u00e9nt az els\u0151 kalapba ker\u00fcltek, en\u00e9lk\u00fcl aligha lenne tov\u00e1bbjut\u00e1si es\u00e9ly\u00fck, de az\u00e9rt \u00edgy is sokan tenn\u00e9nek arra, hogy D\u00e9l-Afrika ut\u00e1n Katar lesz a m\u00e1sodik h\u00e1zigazda, amely a csoportj\u00e1b\u00f3l sem jut tov\u00e1bb a vb-n. A holland, szeneg\u00e1li, ecuadori tri\u00f3n\u00e1l sokkal rosszabbat is h\u00fazhattak volna nekik.\r\n\r\n<strong>22. D\u00c9L-KOREA (29., 12\u20133\u20131, 81%).<\/strong> A d\u00e9l-koreaiak a kiss\u00e9 (nagyon?) \u201eh\u00e1tszeles\u201d 2002-es vil\u00e1gbajnoks\u00e1g \u00f3ta nem villogtak a nagy torn\u00e1kon, de az\u00e9rt Oroszorsz\u00e1gb\u00f3l legut\u00f3bb eml\u00e9kezetes meccsen csak hazak\u00fcldt\u00e9k a c\u00edmv\u00e9d\u0151 n\u00e9meteket, b\u00e1r a tov\u00e1bbjut\u00e1shoz az sem volt el\u00e9g. Az egyetlen vil\u00e1gklasszisa, <strong>Szong Hun Min<\/strong> \u00e1ltal h\u00fazott egy\u00fcttes szok\u00e1s szerint sim\u00e1n kipip\u00e1lta az \u00e1zsiai selejtez\u0151ket, de ez eset\u00e9ben a minimum elv\u00e1r\u00e1s. A H-csoportban nem t\u0171nnek teljesen es\u00e9lytelennek, de az\u00e9rt val\u00f3sz\u00edn\u0171bb, hogy hamar hazautaznak.\r\n\r\n<strong>21. GH\u00c1NA (60., 4\u20133\u20131, 63%).<\/strong> Afrika \u201efekete csillagai\u201d a ranglist\u00e1s helyez\u00e9s\u00fckn\u00e9l alighanem er\u0151sebbek, de h\u00e1t az ut\u00f3bbi id\u0151ben nem f\u00e9nyesek az eredm\u00e9nyeik (tavaly november \u00f3ta nem nyertek, az Afrika Kup\u00e1r\u00f3l egy pontot szerezve z\u00fagtak ki \u00e9s kikaptak a Comore-szigetekt\u0151l), viszont az igaz\u00e1n fontos p\u00e1rharcot, a Nig\u00e9ria elleni \u201ejollof derbyt\u201d megnyert\u00e9k. Kett\u0151s \u00edgy az \u00f6r\u00f6m: kijutottak \u00edgy a vb-re, \u00e9s a legnagyobb riv\u00e1lisuk otthon marad. A harmadik: a H-csoportb\u00f3l, Portug\u00e1lia, Uruguay \u00e9s D\u00e9l-Korea mell\u0151l nem elk\u00e9pzelhetetlen a tov\u00e1bbjut\u00e1s. Az uruk (\u00e9s <strong>Luis Su\u00e1rez<\/strong>) ellen a 2010-es negyedd\u00f6nt\u0151 miatt aligha kell plusz motiv\u00e1ci\u00f3!\r\n\r\n<strong>20. JAP\u00c1N (23., 15\u20131\u20132, 85%).<\/strong> A jap\u00e1nok val\u00f3s\u00e1ggal v\u00e9gigcs\u00f6rtettek a selejtez\u0151sorozaton, de ez nem meglepet\u00e9s, s\u0151t: ink\u00e1bb elv\u00e1r\u00e1s. A v\u00e1logatott m\u00e1s kontinensek csapataival szemben is pr\u00f3b\u00e1ra tette erej\u00e9t a k\u00f6zelm\u00faltban, \u00e9s nem is teljes\u00edtett rosszul. A gerincet toplig\u00e1s j\u00e1t\u00e9kosok alkotj\u00e1k, 2018-ban is megvolt a nyolcadd\u00f6nt\u0151, j\u00e1t\u00e9ker\u0151ben is ink\u00e1bb a mez\u0151ny els\u0151 fel\u00e9ben lenn\u00e9nek, az egyetlen \u201eapr\u00f3\u201d probl\u00e9ma a r\u00e9m\u00e1lomsorsol\u00e1s, amely Spanyolorsz\u00e1g \u00e9s N\u00e9metorsz\u00e1g mell\u00e9 rendelte a \u201ek\u00e9k szamur\u00e1jokat\u201d. Mindegy is, hogy Costa Rica vagy \u00daj-Z\u00e9land lesz a negyedik csoporttag\u2026\r\n\r\n<strong>19. MAROKK\u00d3 (24., 7\u20131\u20130, 92%).<\/strong> <strong>Vahid Halilhodzic<\/strong> sz\u00f6vets\u00e9gi kapit\u00e1ny lett az els\u0151 szakvezet\u0151 a vil\u00e1gbajnoks\u00e1gok t\u00f6rt\u00e9net\u00e9ben, aki n\u00e9gy v\u00e1logatottat (Elef\u00e1ntcsontpart, Alg\u00e9ria, Jap\u00e1n, Marokk\u00f3) is kijuttatott a torn\u00e1ra; <strong>Bora Milutinovic<\/strong> nyom\u00e1ban j\u00e1r, aki \u00f6t csapatot ir\u00e1ny\u00edtott vb-n (de nem kellett mindegyikkel kvalifik\u00e1lnia). A bosny\u00e1k szakembernek meg is kellene \u0151riznie hely\u00e9t a torn\u00e1ig, ami nem k\u00f6nny\u0171, pl\u00e1ne, hogy kapcsolata a szurkol\u00f3kkal \u00e9s a marokk\u00f3i szt\u00e1rokkal (els\u0151sorban <strong>Hakim Zijessel<\/strong>) sem konfliktusmentes\u2026 Megl\u00e1tjuk, hogy Zijes ott lesz-e a torn\u00e1n (Halilhodzic kor\u00e1bban azt mondta, hogy ha Messi lenne, akkor sem v\u00e1logatn\u00e1 be), a marokk\u00f3iaknak az\u00e9rt n\u00e9lk\u00fcle sincs rossz keret\u00fck. A tov\u00e1bbjut\u00e1shoz Belgiumot vagy Horv\u00e1torsz\u00e1got musz\u00e1j lenne el\u0151zni, magasan van a l\u00e9c\u2026\r\n\r\n<strong>18. SZERBIA (25., 6\u20132\u20130, 83%).<\/strong>\r\n\r\n<span class=\"highlight-block-small\">A szerbek j\u00e1t\u00e9kerej\u00e9r\u0151l a magyar szurkol\u00f3k is meggy\u0151z\u0151dhettek n\u00e9h\u00e1ny napja, a selejtez\u0151k sor\u00e1n meg t\u00f6bbek k\u00f6z\u00f6tt a portug\u00e1lok tehett\u00e9k meg ezt, akik lemaradtak d\u00e9li szomsz\u00e9daink m\u00f6g\u00f6tt a csoportels\u0151s\u00e9gr\u0151l. <\/span>\r\n\r\nTegy\u00fck hozz\u00e1, nem az volt minden id\u0151k legnehezebb csoportja\u2026 Szerbia (Montenegr\u00f3val egy\u00fctt, illetve m\u00e1r \u201eegyed\u00fcl\u201d) m\u00e9g nem tudott egyszer sem tov\u00e1bbjutni a vb csoportk\u00f6r\u00e9b\u0151l. Csal\u00f3dottak lenn\u00e9nek, ha \u00edgy maradna, de az\u00e9rt Braz\u00edlia \u00e9s Sv\u00e1jc (meg Kamerun) mell\u0151l tov\u00e1bbmenni nem kis fegyvert\u00e9ny.\r\n\r\n<strong>17. LENGYELORSZ\u00c1G (26., 7\u20132\u20132, 70%).<\/strong> A lengyeleknek j\u00f3kora m\u00e1zlijuk volt az eur\u00f3pai p\u00f3tselejtez\u0151kkel: az oroszok kiz\u00e1r\u00e1sa miatt nem kellett lej\u00e1tszani az egyik meccset, a m\u00e1sikon \u00edgy pihenten fogadt\u00e1k a hullaf\u00e1radt, hosszabb\u00edt\u00e1sos csat\u00e1b\u00f3l \u00e9rkez\u0151 sv\u00e9deket, ki is haszn\u00e1lt\u00e1k a ziccert. <strong>Robert Lewandowski<\/strong> szem\u00e9ly\u00e9ben az \u00f6v\u00e9k a vil\u00e1g legjobb kilencese (ez\u00faton is eln\u00e9z\u00e9st <strong>Karim Benzem\u00e1t\u00f3l<\/strong>); hogy ez mire lesz el\u00e9g, az m\u00e1s k\u00e9rd\u00e9s. A lengyelek a legut\u00f3bbi 7 nagy torn\u00e1jukb\u00f3l (3 vb, 4 Eb) hatszor m\u00e1r a csoportk\u00f6rben elb\u00facs\u00faztak, vil\u00e1gbajnoks\u00e1gon 1986 \u00f3ta nem jutottak be a kies\u00e9ses szakaszba. A csoportot eln\u00e9zve, ez a sorozat megszakadhat, mert sem Mexik\u00f3, sem Sza\u00fad-Ar\u00e1bia nem verhetetlen. Argent\u00edna az\u00e9rt m\u00e1s kateg\u00f3ria.\r\n\r\n[caption id=\"attachment_4127\" align=\"alignnone\" width=\"1024\"]<img class=\"size-large wp-image-4127\" src=\"https:\/\/sport24.24.hu\/app\/uploads\/sites\/24\/2022\/04\/gettyimages-1239602181-1024x683.jpg\" alt=\"\" width=\"1024\" height=\"683\" \/> Robert Lewandowski[\/caption]\r\n\r\n<strong>16. MEXIK\u00d3 (11., 8\u20134\u20132, 67%).<\/strong> A z\u00f3naels\u0151s\u00e9gr\u0151l ugyan lemaradt Mexik\u00f3 (az egy\u00fcttest a kanadaiak \u00e9s az amerikaiak is \u201emegfagyasztott\u00e1k\u201d a selejtez\u0151k t\u00e9li szekci\u00f3j\u00e1ban), de a tov\u00e1bbjut\u00e1sa \u00edgy sem forgott vesz\u00e9lyben. A vil\u00e1granglist\u00e1n igen j\u00f3l \u00e1ll\u00f3 v\u00e1logatott a m\u00e1sodik kalap k\u00e9nyelm\u00e9t \u00e9lvezhette a sorsol\u00e1son. A mexik\u00f3iak a legut\u00f3bbi 7 (!) vb mindegyik\u00e9n a nyolcadd\u00f6nt\u0151be jutottak, de ott ki is estek; k\u00f6nnyen elk\u00e9pzelhet\u0151 a sz\u00e9ria folytat\u00e1sa. A pap\u00edrforma szerint nagy harcot v\u00edvnak majd a lengyelekkel a C-csoport m\u00e1sodik hely\u00e9\u00e9rt.\r\n\r\n<strong>15. EGYES\u00dcLT \u00c1LLAMOK (13., 7\u20134\u20133, 60%).<\/strong> A CONCACAF-z\u00f3nad\u00f6nt\u0151ben \u00e9rt\u00e9k kellemetlen pofonok az amerikaiakat, akik Arany Kupa-gy\u0151ztesk\u00e9nt utazhatnak a vb-re. <strong>Gregg Berhalter<\/strong> fiatal csapata (az utols\u00f3 selejtez\u0151kre megh\u00edvott keretben egyetlen 30 \u00e9v f\u00f6l\u00f6tti j\u00e1t\u00e9kos volt!) bizony\u00edthatja az amerikai ut\u00e1np\u00f3tl\u00e1s-nevel\u00e9s erej\u00e9t, no meg azt, hogy a 2018-as blama (kvalifik\u00e1ci\u00f3s kudarc) ut\u00e1n ism\u00e9t sz\u00e1molni kell az Egyes\u00fclt \u00c1llamokkal. A m\u00e1sodik kalapos kiemel\u00e9s az\u00e9rt nem \u00e1rtott, a B-csoport (ak\u00e1rmelyik eur\u00f3pai csapat is \u00e9rkezik m\u00e9g bele) nem nevezhet\u0151 nagyon neh\u00e9znek.\r\n\r\n<strong>14. URUGUAY (14., 8\u20134\u20136, 55%).<\/strong> <a href=\"https:\/\/sport24.24.hu\/foci\/2022\/03\/31\/uruguay-vb-selejtezo-oscar-tabarez-diego-alonso\/\" target=\"_blank\" rel=\"noopener\">Az \u00faj sz\u00f6vets\u00e9gi kapit\u00e1nnyal<\/a>, <strong>Diego Alons\u00f3val<\/strong> az uruk a s\u00edrb\u00f3l hozt\u00e1k vissza a vb-kvalifik\u00e1ci\u00f3t \u2013 a legend\u00e1s <strong>\u00d3scar Washington Tab\u00e1rezt<\/strong> v\u00e1lt\u00f3 szakemberrel megnyert\u00e9k az utols\u00f3 n\u00e9gy selejtez\u0151t, \u00e9s ez \u00e9rt nekik kijut\u00e1st. Uruguayi futballikonok sora \u2013 a 34. \u00e9v\u00e9n \u00e9s a 110 v\u00e1logatotts\u00e1g\u00e1n egyar\u00e1nt t\u00fal j\u00e1r\u00f3<strong> Diego God\u00edn,<\/strong> Luis Su\u00e1rez, <strong>Edinson Cavani, Fernando Muslera, Mart\u00edn C\u00e1ceres<\/strong> \u2013 k\u00e9sz\u00fclhet egy utols\u00f3 nagy dob\u00e1sra, b\u00e1r a hollywoodi v\u00e9gkimenetelre nem felt\u00e9tlen\u00fcl fogadn\u00e1nk. Szurkol\u00f3ik ebb\u0151l a csoportb\u00f3l tov\u00e1bbjut\u00e1st v\u00e1rnak, de az\u00e9rt a portug\u00e1l\u2013gh\u00e1nai\u2013d\u00e9l-koreai h\u00e1rmason el lehet cs\u00faszni.\r\n\r\n<strong>13. SV\u00c1JC (15., 5\u20133\u20130, 75%).<\/strong> A selejtez\u0151csoportban az olaszokat kigoly\u00f3z\u00f3 sv\u00e1jciak veretlen\u00fcl jutottak ki, \u00e9s a keret\u00fckre n\u00e9zve aligha volt olyan ellenf\u00e9l, amely \u0151ket \u00e1h\u00edtotta volna riv\u00e1lisnak. Sv\u00e1jc 2020 novembere \u00f3ta csak k\u00e9t m\u00e9rk\u0151z\u00e9s\u00e9t vesz\u00edtette el (meg a spanyolok elleni Eb-negyedd\u00f6nt\u0151t, tizenegyesekkel), ez mutatja, hogy a \u201eNati\u201d mennyire nehezen felt\u00f6rhet\u0151 di\u00f3. Egy klasszis csat\u00e1rral az\u00e9rt beljebb lenn\u00e9nek, de az pont nem jutott nekik\u2026 Csoportjuk neh\u00e9z (Braz\u00edlia er\u0151sebb, viszont Szerbia \u00e9s Kamerun ellen a pap\u00edrforma alapj\u00e1n a sv\u00e1jciak a favoritok), \u00e1m oldottak m\u00e1r meg nagy feladatokat.\r\n\r\n<strong>12. SZENEG\u00c1L (20., 6\u20131\u20131, 79%).<\/strong> A szeneg\u00e1li v\u00e1logatott p\u00e1r ezer l\u00e9zer f\u00e9nye mellett (aki l\u00e1tta az Egyiptom elleni tizenegyesp\u00e1rbajt, tudja, mire gondolunk) jutott ki a vb-re, s Afrika-bajnokk\u00e9nt k\u00e9sz\u00fclhet a torn\u00e1ra. A sz\u00f6vets\u00e9gi kapit\u00e1ny <strong>Aliou Ciss\u00e9<\/strong> tiszt\u00e1ban van vele, milyen vil\u00e1gbajnoks\u00e1gon vit\u00e9zkedni (2002-es vb-h\u0151sr\u0151l van sz\u00f3), <strong>\u00c9douard Mendy, Kalidou Koulibaly<\/strong> \u00e9s <strong>Sadio Man\u00e9<\/strong> a vil\u00e1g b\u00e1rmely csapat\u00e1ba bef\u00e9rne.\r\n\r\n<span class=\"highlight-block\">Alighanem Afrika leger\u0151sebb kerete Szeneg\u00e1l\u00e9, <\/span>\r\n\r\n\u00e9s ennek f\u00e9ny\u00e9ben ak\u00e1r menetel\u00e9st is kin\u00e9zn\u00e9nk bel\u0151l\u00fck a torn\u00e1n. F\u0151leg, hogy a csoportbeoszt\u00e1suk egy\u00e1ltal\u00e1n nem kedvez\u0151tlen, s\u0151t!\r\n\r\n<strong>11. HORV\u00c1TORSZ\u00c1G (16., 7\u20132\u20131, 77%).<\/strong> Nagyon neh\u00e9z elk\u00e9pzelni, hogy Horv\u00e1torsz\u00e1g Katarban is versenyben maradjon a vb utols\u00f3 m\u00e9rk\u0151z\u00e9s\u00e9ig, tekintve, hogy a keret el\u00f6reged\u0151ben van. Az\u00e9rt k\u00f6z\u00e9pp\u00e1ly\u00e1n \u00edgy is b\u00e1rkivel felveszik a versenyt a horv\u00e1tok, de hogy <strong>Luka Modric<\/strong> var\u00e1zsp\u00e1lc\u00e1ja meglend\u00fcl-e m\u00e9g egyszer\u2026 nos, az az\u00e9rt k\u00e9ts\u00e9ges. Belgium, Marokk\u00f3 \u00e9s Kanada ellen a tov\u00e1bbjut\u00e1s elv\u00e1rhat\u00f3 lenne, viszont ut\u00e1na \u2013 ha nincs nagy meglepet\u00e9s \u2013 Spanyolorsz\u00e1g vagy N\u00e9metorsz\u00e1g j\u00f6n. Ott m\u00e1r nem a horv\u00e1tok lenn\u00e9nek az es\u00e9lyesek.\r\n\r\n<strong>10. PORTUG\u00c1LIA (8., 7\u20132\u20131, 77%).<\/strong> <strong>Cristiano Ronald\u00f3t<\/strong> val\u00f3sz\u00edn\u0171leg utolj\u00e1ra l\u00e1tjuk vil\u00e1gbajnoks\u00e1gon (m\u00e1r ha egy s\u00e9r\u00fcl\u00e9s, betegs\u00e9g, vagy rettent\u0151 formahanyatl\u00e1s miatt le nem marad r\u00f3la), a \u201ekiszolg\u00e1l\u00f3 egys\u00e9g\u201d (azaz a teljes keret) nagyon er\u0151s, k\u00e9rd\u00e9s, CR7 mire lesz m\u00e9g k\u00e9pes. A legut\u00f3bbi h\u00e1rom vil\u00e1gbajnoks\u00e1gon egyszer sem jutott tov\u00e1bb Portug\u00e1lia a nyolcadd\u00f6nt\u0151n\u00e9l. Most szint\u00e9n m\u00e1r a tizenhat k\u00f6z\u00f6tt \u00f6sszeakadhat Braz\u00edli\u00e1val\u2026\r\n\r\n<strong>9. HOLLANDIA (9., 7\u20132\u20131, 77%).<\/strong> A kispadon ism\u00e9t<strong> Louis van Gaal<\/strong>, ez 2014-ben bej\u00f6tt, a 2018-as vb-r\u0151l meg ugyeb\u00e1r lemaradt Hollandia. A mostani keret min\u0151s\u00e9ge j\u00f3csk\u00e1n a legjobb holland keretek m\u00f6g\u00f6tt van, de h\u00e1t Van Gaal\u00e9kat nyolc \u00e9ve sem v\u00e1rt\u00e1k sokan a legjobb n\u00e9gy k\u00f6z\u00e9, azt\u00e1n mi lett a v\u00e9ge (aki nem eml\u00e9kszik r\u00e1: bronz\u00e9rem)\u2026 Szeneg\u00e1l, Katar \u00e9s Ecuador ellen minden emberi sz\u00e1m\u00edt\u00e1s szerint ki kell v\u00edvniuk a tov\u00e1bbjut\u00e1st, a B-csoportb\u00f3l \u00e9rkez\u0151 ellenf\u00e9l is megoldhat\u00f3nak t\u0171nik.\r\n\r\n[caption id=\"attachment_4128\" align=\"alignnone\" width=\"1024\"]<img class=\"size-large wp-image-4128\" src=\"https:\/\/sport24.24.hu\/app\/uploads\/sites\/24\/2022\/04\/gettyimages-1239603166-1024x683.jpg\" alt=\"\" width=\"1024\" height=\"683\" \/> Daley Blind \u00e9s Louis van Gaal[\/caption]\r\n\r\n<strong>8. D\u00c1NIA (10., 9\u20130\u20131, 90%).<\/strong> A tavalyi Eb \u00e9s a csapat ereje, egys\u00e9ge alapj\u00e1n alighanem\r\n\r\n<span class=\"highlight-block-small\">sok d\u00e1n szurkol\u00f3 gondolja \u00fagy, hogy Katarban megint \u00f6sszej\u00f6het egy nagy dob\u00e1s, <\/span>\r\n\r\npl\u00e1ne, hogy <strong>Christian Eriksen<\/strong> a hal\u00e1l tork\u00e1b\u00f3l visszat\u00e9rt a v\u00e1logatotthoz. A sorsol\u00e1s sem rossz. Rendben, hogy Franciaorsz\u00e1g a vil\u00e1gbajnok, de Tun\u00e9zi\u00e1n\u00e1l sokkal er\u0151sebbek a d\u00e1nok, mint ahogyan er\u0151sebbek lesznek az interkontinent\u00e1lis p\u00f3tselejtez\u0151b\u0151l kikevered\u0151 csapatn\u00e1l (Peru? Ausztr\u00e1lia? Egyes\u00fclt Arab Em\u00edrs\u00e9gek?) is.\r\n\r\n<strong>7. BELGIUM (2., 6\u20132\u20130, 83%).<\/strong> A belg\u00e1k hossz\u00fa id\u0151 ut\u00e1n elvesz\u00edtett\u00e9k a vil\u00e1granglista-els\u0151s\u00e9get, de \u00edgy is veretlen\u00fcl kvalifik\u00e1lt\u00e1k magukat a vb-re. K\u00ednos lenne, ha Horv\u00e1torsz\u00e1g, Kanada \u00e9s Marokk\u00f3 mell\u0151l kiesn\u00e9nek a csoportb\u00f3l, de az m\u00e1r sokkal nagyobb probl\u00e9ma, hogy a nyolcadd\u00f6nt\u0151ben Spanyolorsz\u00e1g vagy N\u00e9metorsz\u00e1g \u00e1rnya sejlik fel. R\u00e1ad\u00e1sul az a szeml\u00e9l\u0151 \u00e9rz\u00e9se, hogy a belga aranygener\u00e1ci\u00f3 t\u00fal van m\u00e1r a cs\u00facson,<strong> Eden Hazard-nak<\/strong> \u00e9s <strong>Romelu Lukakunak<\/strong> meg valahogy meg kellene tal\u00e1lnia a form\u00e1j\u00e1t novemberig.\r\n\r\n<strong>6. SPANYOLORSZ\u00c1G (7., 6\u20131\u20131, 79%).<\/strong> A 2008\u20132012 k\u00f6z\u00f6tti spanyol \u201earanycsapat\u201d rendk\u00edv\u00fcl magasra tette a l\u00e9cet minden k\u00f6vet\u0151j\u00e9nek \u2013 mondhatni, legal\u00e1bb annyira, mint amennyire az 1970-es brazil v\u00e1logatott feltette minden k\u00e9s\u0151bbi brazil egy\u00fcttesnek. A legut\u00f3bbi Eb-n m\u00e1r megmutatt\u00e1k izmaikat az ifj\u00fa spanyol szt\u00e1rok, Katarban azt is megmutathatj\u00e1k, mennyit fejl\u0151dtek. P\u00e9ld\u00e1ul a n\u00e9metek ellen, r\u00f6gt\u00f6n a csoportban\u2026 A tov\u00e1bbjut\u00e1s elv\u00e1rhat\u00f3, de m\u00e1r a nyolcadd\u00f6nt\u0151b\u0151l sem lesz k\u00f6nny\u0171 tov\u00e1bbmenni. F\u0151leg, ha nem siker\u00fcl megel\u0151zni a csoportban a n\u00e9meteket.\r\n\r\n<strong>5. N\u00c9METORSZ\u00c1G (12., 9\u20130\u20131, 90%).<\/strong>\r\n\r\n<span class=\"highlight-block\">Rossz vicc, hogy a n\u00e9metek a m\u00e1sodik kalapba ker\u00fcltek \u2013 gondolhatj\u00e1k a csoportellenf\u00e9l spanyolok, <\/span>\r\n\r\nmeg a \u201eszomsz\u00e9dos\u201d kvartettben l\u00e9v\u0151 belg\u00e1k \u00e9s horv\u00e1tok. A legut\u00f3bbi vil\u00e1gbajnoks\u00e1g gyal\u00e1zatosan, az Eur\u00f3pa-bajnoks\u00e1g rosszul siker\u00fclt a n\u00e9meteknek, de a <strong>Joachim L\u00f6w<\/strong>-\u00e9ra ut\u00e1n meg\u00e9rkezett <strong>Hansi Flick<\/strong>, \u00e9s vele m\u00e9g veretlen a Nationalelf, amely Hollandia kiv\u00e9tel\u00e9vel minden ellenfel\u00e9t led\u00f3zerolta; g\u00f3lk\u00fcl\u00f6nbs\u00e9ge 9 meccsen \u201eszer\u00e9ny\u201d 34\u20133.\r\n\r\n<strong>4. ARGENT\u00cdNA (4., 11\u20136\u20130, 76%).<\/strong> A d\u00e9l-amerikai z\u00f3n\u00e1b\u00f3l veretlen\u00fcl tov\u00e1bbmenni nem kis teljes\u00edtm\u00e9ny, m\u00e9g ha az argentinok sokat is ikszeltek. Argent\u00edna 31 m\u00e9rk\u0151z\u00e9s, 2019 j\u00faliusa \u00f3ta veretlen (17 tal\u00e1lkoz\u00f3t kapott g\u00f3l n\u00e9lk\u00fcl z\u00e1rt), <strong>Lionel Messi<\/strong> (is) az utols\u00f3 nagy dob\u00e1sra k\u00e9sz\u00fcl a vil\u00e1gbajnoks\u00e1gon. A legnagyobb el\u00e9gt\u00e9tel az lenne az argentinoknak, ha a vb ut\u00e1n a brazilok v\u00e9gre nem h\u00fazhatn\u00e1k \u0151ket azzal, hogy m\u00e9g <strong>Vampet\u00e1nak<\/strong> is t\u00f6bb vil\u00e1gbajnoki c\u00edme van, mint Messinek\u2026 Az argentinok tov\u00e1bbjut\u00e1s eset\u00e9n pap\u00edrforma szerint m\u00e1r a nyolcadd\u00f6nt\u0151ben belefutnak a c\u00edmv\u00e9d\u0151 franci\u00e1kba vagy az Eb-el\u0151d\u00f6nt\u0151s d\u00e1nokba; enn\u00e9l az\u00e9rt jobbat is kaphattak volna.\r\n\r\n<strong>3. ANGLIA (5., 8\u20132\u20130, 87%).<\/strong> A 2018-as vil\u00e1gbajnoks\u00e1gon k\u00f6zel voltak a sikerhez \u2013 de v\u00e9g\u00fcl negyedikek lettek. A tavalyi Eb-n m\u00e9g k\u00f6zelebb \u2013 de hazai p\u00e1ly\u00e1n elvesz\u00edtett\u00e9k a d\u00f6nt\u0151t. Nem lenne meglepet\u00e9s, ha <strong>Gareth Southgate<\/strong> csapata Katarban m\u00e1r a cs\u00facsra \u00e9rne, f\u0151leg, hogy a negyedd\u00f6nt\u0151ig illene f\u00e9lres\u00f6p\u00f6rnie minden akad\u00e1lyt. A sorsol\u00e1s kedvez\u0151. De le tudj\u00e1k-e gy\u0151zni az angolok legnagyobb ellenfel\u00fcket \u2013 \u00f6nmagukat?\r\n\r\n<strong>2. FRANCIAORSZ\u00c1G (3., 5\u20133\u20130, 75%).<\/strong> A tavalyi Eb-n a franci\u00e1k elmaradtak a v\u00e1rakoz\u00e1st\u00f3l, megl\u00e1tjuk, hogy <strong>Didier Deschamps<\/strong> megtal\u00e1lja-e a 2018-as vb ut\u00e1n elvesz\u00edtett egyens\u00falyt. Val\u00f3sz\u00edn\u0171leg a c\u00edmv\u00e9d\u0151\u00e9 a vil\u00e1g leger\u0151sebb v\u00e1logatott kerete, a sorsol\u00e1s viszont tr\u00fckk\u00f6s. Egy ilyen szint\u0171 csapatnak mindenkit meg \u201ekell\u201d vernie, de ha a franci\u00e1k r\u00e1futnak egy d\u00e1n \u201eakn\u00e1ra\u201d, akkor ak\u00e1r megism\u00e9tl\u0151dhet a 2018-as vil\u00e1gbajnoks\u00e1gon l\u00e1tott, Argent\u00edna elleni nyolcadd\u00f6nt\u0151. Mondjuk, Oroszorsz\u00e1gban j\u00f3l j\u00f6ttek ki bel\u0151le. Meg egy\u00e9bk\u00e9nt is: ki ellen lenne f\u00e9lnival\u00f3juk?\r\n\r\n<strong>1. BRAZ\u00cdLIA (1., 14\u20133\u20130, 88%).<\/strong> A d\u00e9l-amerikai selejtez\u0151k\u00f6n impon\u00e1l\u00f3 teljes\u00edtm\u00e9nyt ny\u00fajtottak a brazilok, veretlen\u00fcl, csak h\u00e1rom d\u00f6ntetlennel jutottak ki a vil\u00e1gbajnoks\u00e1gra \u2013 jutalmuk a vil\u00e1gels\u0151s\u00e9g lett. Szerbia \u00e9s Sv\u00e1jc (no meg Kamerun) kem\u00e9ny ellenf\u00e9lnek \u00edg\u00e9rkezik, de az els\u0151 akad\u00e1lyt alighanem veszi a selecao. A H-csoport beoszt\u00e1s\u00e1t n\u00e9zve j\u00f3 es\u00e9llyel a k\u00f6vetkez\u0151t is. A negyedd\u00f6nt\u0151 m\u00e1r nagy k\u00e9rd\u00e9s, hiszen 2006-ban (Franciaorsz\u00e1g), 2010-ben (Hollandia) \u00e9s 2018-ban (Belgium) is itt bukott el Braz\u00edlia. Hazai p\u00e1ly\u00e1n, 2014-ben tov\u00e1bbk\u00fczd\u00f6tte mag\u00e1t, de a brazil drukkereknek m\u00e9g mindig poszttraum\u00e1s stressz-szindr\u00f3m\u00e1ra eml\u00e9keztet\u0151 t\u00fcnetei vannak att\u00f3l, ami ezt k\u00f6vet\u0151en, N\u00e9metorsz\u00e1g ellen j\u00f6tt. Braz\u00edlia legut\u00f3bbi 25 m\u00e9rk\u0151z\u00e9s\u00e9b\u0151l csak egyet vesz\u00edtett el, j\u00e1t\u00e9ka meggy\u0151z\u0151, kerete rettent\u0151 er\u0151s, a bukm\u00e9kerekn\u00e9l is favorit.\r\n\r\n<img class=\"alignnone size-large wp-image-4129\" src=\"https:\/\/sport24.24.hu\/app\/uploads\/sites\/24\/2022\/04\/048_ps_593718-1024x681.jpg\" alt=\"\" width=\"1024\" height=\"681\" \/>\r\n\r\n<span class=\"highlight-block\">Elj\u00f6tt az id\u0151 a hatodik csillag megszerz\u00e9s\u00e9re?<\/span>\r\n\r\n[prefabricated_shortcode in_app=\"0\" code=\"%3Cdiv%20class%3D%22article_box_border%22%20style%3D%22background%3A%20url%28%27https%3A%2F%2F24.p3k.hu%2Fapp%2Fuploads%2Fsites%2F24%2F2021%2F05%2Fsport24-pattern.png%27%29%20no-repeat%20left%20-16px%20%23f3f3f4%3B%20border%3A%20none%3B%22%3E%0D%0A%3Cdiv%20class%3D%22article_solidheader%22%3E%0D%0A%3Ch2%20style%3D%22color%3A%20%23111115%21important%3B%20font-size%3A%2036px%3B%20font-weight%3A%20bold%3B%20margin-bottom%3A%2030px%3B%20margin-top%3A%2020px%3B%20text-align%3A%20center%3B%20line-height%3A%2036px%3B%22%3E%3Cimg%20class%3D%22aligncenter%20size-full%20wp-image-141%22%20src%3D%22https%3A%2F%2F24.p3k.hu%2Fapp%2Fuploads%2Fsites%2F24%2F2021%2F05%2Fs24-logo-dt.png%22%20alt%3D%22%22%20width%3D%22408%22%20height%3D%2290%22%20%2F%3E%3C%2Fh2%3E%0D%0A%3Ch2%20style%3D%22color%3A%20%23111115%21important%3B%20font-size%3A%2036px%3B%20font-weight%3A%20bold%3B%20margin-bottom%3A%2030px%3B%20margin-top%3A%2020px%3B%20text-align%3A%20center%3B%20line-height%3A%2040px%3B%22%3ECsatlakozz%20a%20Sport24%20k%C3%B6z%C3%B6ss%C3%A9ghez%2C%20mondd%20el%20v%C3%A9lem%C3%A9nyedet%20z%C3%A1rt%20Facebook-csoportunkban%2C%20%C3%A9s%20vegy%C3%A9l%20r%C3%A9szt%20csak%20el%C5%91fizet%C5%91knek%20el%C3%A9rhet%C5%91%20exkluz%C3%ADv%20esem%C3%A9nyeinken.%3C%2Fh2%3E%0D%0A%3C%2Fdiv%3E%0D%0A%3Cp%20style%3D%22background%3A%20%2357A600%3B%20margin-top%3A%2020px%3B%20padding%3A%2020px%3B%20text-align%3A%20center%3B%22%3E%3Ca%20style%3D%22color%3A%20%23ffffff%3B%20font-size%3A%2026px%3B%20font-weight%3A%20600%3B%22%20href%3D%22https%3A%2F%2Fwww.facebook.com%2Fgroups%2F212344460412327%22%3ECSATLAKOZOM%3C%2Fa%3E%3C%2Fp%3E%0D%0A%0D%0A%3C%2Fdiv%3E\"]","type":"rich","thumbnail_url":"https:\/\/s.24.hu\/app\/uploads\/sites\/24\/2022\/04\/gettyimages-1239664461-150x150.jpg","thumbnail_width":150,"thumbnail_height":150}