{"version":"1.0","provider_name":"Sport24","provider_url":"https:\/\/sport24.24.hu","author_name":"Bruckner G\u00e1bor","author_url":"https:\/\/sport24.24.hu\/author\/brucknerg\/","title":"Olasz futball: \u00fajrakezd\u00e9s \u00fajra?","html":"Eml\u00e9kszik m\u00e9g valaki a 2014-es v\u00e9b\u00e9n j\u00e1tszott Olaszorsz\u00e1g\u2013Anglia meccsre? \u00c9n igen, <strong>Pirlo<\/strong> \u00e1tl\u00e9pte, <strong>Marchisio<\/strong> ell\u0151tte \u2013 ez volt az els\u0151 g\u00f3l, v\u00e9g\u00fcl 2-1 \u201eide\u201d. Hogy ez mi\u00e9rt \u00e9rdekes most? Mert Olaszorsz\u00e1g 2006-os vb-arany\u00e9rme \u00f3ta ez az egyetlen vil\u00e1gbajnoki meccs, amelyen az olasz v\u00e1logatott gy\u0151z\u00f6tt. A maced\u00f3nok elleni vb-p\u00f3tselejtez\u0151s veres\u00e9g ut\u00e1n eld\u0151lt: k\u00e9t \u00e9vtized telik el \u00fagy, hogy Olaszorsz\u00e1g egy \u00e1rva gy\u0151ztes meccset sz\u00e1ml\u00e1l.\r\n\r\nMert cs\u00fct\u00f6rt\u00f6k\u00f6n a palerm\u00f3i Renzo Barber\u00e1ban: Olaszorsz\u00e1g\u2013\u00c9szak-Maced\u00f3nia 0-1. G\u00f3lszerz\u0151: <strong>Trajkovszki<\/strong> a 92. percben. L\u00f6v\u00e9sek sz\u00e1ma: 32-4. A sz\u00f6gletek\u00e9 16-0. Ezek a t\u00e9nyek.\r\n\r\n<span class=\"highlight-block-small\">Az olaszok vb-szerepl\u00e9se 1982 \u00e9s 2014 k\u00f6z\u00f6tt. 1982: 1. hely, 1986: csoportk\u00f6r, 1990: 3. hely, 1994: 2. hely, 1998: negyedd\u00f6nt\u0151, 2002: nyolcadd\u00f6nt\u0151, 2006: 1. hely, 2010: csoportk\u00f6r, 2014: csoportk\u00f6r.<\/span>\r\n\r\nSiralmas \u00e9s sokkol\u00f3 este volt, balj\u00f3s el\u0151jelek sokas\u00e1g\u00e1val. A meccsen is volt egyn\u00e9h\u00e1ny. Amikor <strong>M\u00e9hes G\u00e1bor<\/strong> komment\u00e1tor felsorolta, hogy a tizenvalah\u00e1ny palerm\u00f3i meccs k\u00f6z\u00fcl az olaszok csak egyet vesz\u00edtettek el: a horv\u00e1tokkal szemben valamikor a kilencvenes \u00e9vekben. R\u00f6gt\u00f6n eszembe jutottak a kelet-eur\u00f3pai mumusok, a \u201eszovjet\/oroszok\u201d (1988 \u00e9s 1992), a csehek (1996), a horv\u00e1tok (2002), a szlov\u00e1kok (2010), de a kezd\u0151 s\u00edpsz\u00f3 pillanat\u00e1ban az m\u00e9g csak rossz viccnek t\u0171nt, hogy ez a lista nemsok\u00e1ra \u00c9szak-Maced\u00f3ni\u00e1val b\u0151v\u00fcl. Azt\u00e1n j\u00f6tt <strong>Berardi<\/strong>, aki az \u00fcres kapuba sem volt k\u00e9pes ber\u00fagni a labd\u00e1t, helyette valami eg\u00e9szen gyatra gur\u00edt\u00e1ssal pr\u00f3b\u00e1lkozott.\r\n\r\n[caption id=\"attachment_4040\" align=\"alignnone\" width=\"680\"]<img class=\"wp-image-4040 size-full\" src=\"https:\/\/sport24.24.hu\/app\/uploads\/sites\/24\/2022\/03\/ita_mac.jpg\" alt=\"\" width=\"680\" height=\"453\" \/> Berardi ziccere. Ebb\u0151l sem lett g\u00f3l... (k\u00e9perny\u0151felv\u00e9tel)[\/caption]\r\n\r\nMajd a meccs v\u00e9g\u00e9n <strong>Miovszki<\/strong> arca, ahogy be\u00e1ll \u2013 fiatal, magas, elt\u00f6k\u00e9lt gyerek az MTK-b\u00f3l. P\u00e1r perccel k\u00e9s\u0151bb \u0151 cs\u00fasztatta tov\u00e1bb a labd\u00e1t Trajkovszkinak. M\u00e1r a l\u00f6v\u00e9s pillanat\u00e1ban l\u00e1tszott, hogy g\u00f3l lesz. Egy m\u00e1sodperc se volt, m\u00e9gis \u00f3r\u00e1knak t\u0171nt, Donnarumma \u00edgy sem \u00e9rt oda.\r\n<div class=\"payable-content-section\"><\/div>\r\nHat sor az eredm\u00e9nyk\u00f6zl\u0151 oldalon, sz\u00ednes z\u00e1szl\u00f3k, az eredm\u00e9nyek f\u00e9lk\u00f6v\u00e9rrel. Scotland\u2013Ukraine PSTP, Russia\u2013Poland CANC. Egy sz\u00fcrke sor az eg\u00e9sz a t\u00f6bbi k\u00f6z\u00f6tt: Italy\u2013North Macedonia 0-1. Kimerevedik a k\u00e9perny\u0151, mi ez? Valamivel alatta New Zealand\u2013New Caledonia 7-1. Az \u00f3ce\u00e1niai z\u00f3na el\u0151d\u00f6nt\u0151j\u00e9ben Salamon-szigetek\u2013P\u00e1pua \u00daj-Guinea \u00e9s \u00daj-Z\u00e9land\u2013Tahiti m\u00e9rk\u0151z\u00e9sek k\u00f6vetkeznek. \u0150k m\u00e9g versenyben vannak.\r\n\r\n<span class=\"highlight-block\">A sz\u00f6rny\u0171 el\u0151jeleket lehetne m\u00e9g hosszan sorolni. <\/span>\r\n\r\nAz Eb-gy\u0151zelem ut\u00e1n a bolg\u00e1rok elleni, szeptemberi blama (1-1) csak kisikl\u00e1snak t\u0171nt, \u00e9s a Sv\u00e1jccal szembeni meccseken is az olaszok kez\u00e9ben volt a d\u00f6nt\u00e9s. Mindk\u00e9tszer jobban j\u00e1tszottak, B\u00e1zelban hihetetlen ziccereket rontottak el, <strong>Jorginho<\/strong> pedig mind a k\u00e9t meccsen kihagyott egy tizenegyest. Az \u00e9szak\u00edrek elleni gy\u00f6m\u00f6sz\u00f6l\u0151d\u00e9s t\u00f6m\u00e9ny depresszi\u00f3 volt, \u00e9s azt a pillanatot sem felejtem el soha, amikor valamelyik h\u00edrport\u00e1lon r\u00e1kerestem a vb-p\u00f3tselejtez\u0151k p\u00e1ros\u00edt\u00e1s\u00e1ra. Egy \u00e1gon a portug\u00e1lokkal, idegenben, mi j\u00f6het m\u00e9g? A maced\u00f3nok j\u00f6ttek.\r\n\r\nSzerintem egy\u00e9bk\u00e9nt az olasz v\u00e1logatott sorsford\u00edt\u00f3 esem\u00e9nye <strong>Spinazzola<\/strong> s\u00e9r\u00fcl\u00e9se volt Belgium ellen. A <strong>Verratti<\/strong> k\u00f6r\u00e9 szervez\u0151d\u0151 k\u00f6z\u00e9pp\u00e1ly\u00e1stengely mellett \u0151 volt a <strong>Mancini<\/strong> \u00e1ltal \u00fajj\u00e1\u00e9p\u00edtett olasz v\u00e1logatott egyik legfontosabb embere, aki az Eur\u00f3pa-bajnoks\u00e1g el\u0151tti h\u00f3napokban m\u0171v\u00e9szi ihletetts\u00e9ggel futballozott. A maced\u00f3nok ellen ugyancsak s\u00e9r\u00fcl\u00e9s miatt hi\u00e1nyz\u00f3 <strong>Chiesa<\/strong> mellett \u0151 az olasz v\u00e1logatott m\u00e1sik kulcsj\u00e1t\u00e9kosa, aki dinamik\u00e1t, v\u00e1ratlans\u00e1got k\u00e9pes vinni a j\u00e1t\u00e9kba. A Mancini-korszak 37 m\u00e9rk\u0151z\u00e9sen \u00e1t tart\u00f3 veretlens\u00e9gi sz\u00e9ri\u00e1ja nem volt v\u00e9letlen: az olaszok nemcsak eredm\u00e9nyesen \u00e9s sz\u00e9pen fociztak, hanem a mentalit\u00e1suk is megv\u00e1ltozott. Tal\u00e1n az \u00d6rm\u00e9nyorsz\u00e1g elleni Eb-selejtez\u0151n el\u00e9rt 9-1 volt ennek a szimb\u00f3luma: a fiatal j\u00e1t\u00e9kosok (<strong>Zaniolo<\/strong>, Chiesa, <strong>Tonali<\/strong>) g\u00f3lra \u00e9hesen fick\u00e1ndoztak. Igazi \u00f6r\u00f6mfoci volt, meg\u00e1ll\u00e1s n\u00e9lk\u00fcl. Meg eleve: 9 g\u00f3l az olaszokt\u00f3l, akik \u00e9vtizedeken \u00e1t arr\u00f3l voltak h\u00edresek, hogy az els\u0151 ut\u00e1n meg\u00e1lltak. A catenaccio \u00e9s az \u00e1lmos szt\u00e1rok villan\u00e1saival megnyert meccsek sokas\u00e1ga ut\u00e1n valami friss, izgalmas, el\u0151remutat\u00f3 dolgot prezent\u00e1lt nek\u00fcnk az olasz v\u00e1logatott.\r\n\r\n[caption id=\"attachment_4046\" align=\"alignnone\" width=\"1280\"]<img class=\"wp-image-4046 size-full\" src=\"https:\/\/sport24.24.hu\/app\/uploads\/sites\/24\/2022\/03\/eszakmacedonia.jpg\" alt=\"\" width=\"1280\" height=\"853\" \/> Ki hitte volna, hogy az \u00e9szak-maced\u00f3nok nyernek Palerm\u00f3ban?[\/caption]\r\n\r\nDe az is szimbolikus, hogy a belg\u00e1kkal szembeni Eb-negyedd\u00f6nt\u0151ben Spinazzola s\u00e9r\u00fcl\u00e9s\u00e9ig l\u00e1tv\u00e1nyos t\u00e1mad\u00f3focit, azut\u00e1n m\u00e1r csak id\u0151h\u00faz\u00e1st l\u00e1ttunk az olaszokt\u00f3l, akik a spanyolokkal v\u00edvott el\u0151d\u00f6nt\u0151t \u00e9s az angolok elleni d\u00f6nt\u0151t is ink\u00e1bb a kor\u00e1bbi olaszos er\u00e9nyeiket (masszivit\u00e1s, csapategys\u00e9g, ravaszs\u00e1g) felvillantva hozt\u00e1k. Spinazzola s\u00e9r\u00fcl\u00e9se \u00f3ta a m\u00e9rleg 2 gy\u0151zelem, 6 d\u00f6ntetlen \u00e9s 2 veres\u00e9g. Ha a litv\u00e1nok elleni 5-0-t kiveszem a sorb\u00f3l, akkor 9 m\u00e9rk\u0151z\u00e9sen 7 szerzett g\u00f3l.\r\n\r\n\u00c9s itt fontos ponthoz \u00e9rkezt\u00fcnk. Hogy\r\n\r\n<span class=\"highlight-block\">nincsenek vil\u00e1gklasszis olasz csat\u00e1rok. <\/span>\r\n\r\nA 2010-es \u00e9vekre nem maradtak, addigra az el\u0151z\u0151 gener\u00e1ci\u00f3 legjobbjai visszavonultak a v\u00e1logatott\u00f3l: <strong>Christian Vieri<\/strong> (2005-ben), <strong>Francesco Totti<\/strong> (2006-ban), <strong>Filippo Inzaghi<\/strong> (2007-ben), <strong>Alessandro Del Piero<\/strong> (2008-ban), <strong>Luca Toni<\/strong> (2009-ben). Amit cs\u00fct\u00f6rt\u00f6k\u00f6n l\u00e1ttunk \u00c9szak-Maced\u00f3nia ellen, az nem el\u0151zm\u00e9ny n\u00e9lk\u00fcli, a balj\u00f3s el\u0151jelek t\u00f6bb mint egy \u00e9vtizede itt vannak a szem\u00fcnk el\u0151tt. Massz\u00edvan betonoz\u00f3 csapatok ellen az olasz v\u00e1logatott eszk\u00f6ztelen, ez t\u00f6rt\u00e9nt a k\u00f6zelm\u00falt vil\u00e1gbajnoks\u00e1gain \u00daj-Z\u00e9land (1-1), Paraguay (1-1) \u00e9s Costa Rica (0-1), ez t\u00f6rt\u00e9nt az \u00f6t \u00e9vvel ezel\u0151tti vb-p\u00f3tselejtez\u0151n Sv\u00e9dorsz\u00e1g ellen oda-vissza, \u00e9s ez t\u00f6rt\u00e9nik a ny\u00e1ri Eur\u00f3pa-bajnoks\u00e1g \u00f3ta. A csat\u00e1rpar\u00e1khoz k\u00e9pest az olaszok az Eb-ken m\u00e9g \u00edgy is eg\u00e9sz j\u00f3l szerepelnek, ami f\u0151leg az edz\u0151k taktikai felk\u00e9sz\u00fclts\u00e9g\u00e9nek k\u00f6sz\u00f6nhet\u0151. A fenti legend\u00e1khoz m\u00e9rhet\u0151 csat\u00e1r tal\u00e1n csak a p\u00e1lyafut\u00e1s\u00e1t elt\u00e9kozl\u00f3 <strong>Balotelli<\/strong> lehetett volna, a 2012-es Eb-ez\u00fcst\u00e9remhez az \u0151 zsenialit\u00e1sa is kellett, de 2016-ban az olaszok \u00fagy jutottak a legjobb nyolcig (legy\u0151zve a belg\u00e1kat \u00e9s a spanyolokat, veres\u00e9get szenvedve a betonoz\u00f3 \u00edrekt\u0151l\u2026), hogy <strong>Conte<\/strong> tal\u00e1n minden id\u0151k leggyeng\u00e9bb olasz csat\u00e1rkett\u0151s\u00e9vel (<strong>Pell\u00e8, \u00c9der<\/strong>) j\u00e1tszotta le a torn\u00e1t. Mostanra abb\u00f3l a csapatb\u00f3l <strong>Insigne<\/strong> \u00e9s <strong>Immobile<\/strong> maradt. El\u0151bbi kif\u00e1radt \u00e9s kedvetlen futballist\u00e1v\u00e1 v\u00e1lt, ut\u00f3bbi pedig a Serie A-ban rekordokat d\u00f6ntve l\u0151d\u00f6zi a g\u00f3lokat, mik\u00f6zben a v\u00e1logatottban csak egy szomor\u00faan \u00fcget\u0151, k\u00f6r\u00fclm\u00e9nyes alaknak t\u0171nik.\r\n\r\n<span class=\"highlight-block-small\">Az olaszok vb-m\u00e9rk\u0151z\u00e9sei a legut\u00f3bbi aranyuk \u00f3ta.\u00a02010: Paraguay 1-1, \u00daj-Z\u00e9land 1-1, Szlov\u00e1kia 2-3.\u00a02014: Anglia 2-1, Costa Rica 0-1, Uruguay 0-1.<\/span>\r\n\r\nMancininek az Eur\u00f3pa-bajnoks\u00e1g v\u00e9g\u00e9ig minden bej\u00f6tt, az\u00f3ta semmi, a pechsz\u00e9ri\u00e1val azonban nehezen magyar\u00e1zhat\u00f3, hogy Olaszorsz\u00e1g egym\u00e1s ut\u00e1n m\u00e1sodszor sem tudta mag\u00e1t kvalifik\u00e1lni a vil\u00e1gbajnoks\u00e1gra. Ugyanezek a j\u00e1t\u00e9kosok alig egy \u00e9vvel ezel\u0151tt Eur\u00f3pa-bajnoki c\u00edmet nyertek, a v\u00e1logatott azonban az Eb \u00f3ta nem m\u0171k\u00f6dik. Az ellenfelek mintha kiismert\u00e9k volna az olaszok st\u00edlus\u00e1t, Mancini pedig t\u00fal sok\u00e1ig ragaszkodott a taktik\u00e1j\u00e1hoz \u00e9s az \u00e1ltala prefer\u00e1lt j\u00e1t\u00e9kosokhoz. A kies\u00e9sre adott els\u0151 reakci\u00f3kban ism\u00e9t el\u0151ker\u00fcltek az olasz futball \u00e1ltal\u00e1nos probl\u00e9m\u00e1i: a klubfutball k\u00ednos visszaes\u00e9se, a fiatal olasz j\u00e1t\u00e9kosokkal szembeni bizalomhi\u00e1ny. Az olasz k\u00f6zv\u00e9lem\u00e9ny azzal szembes\u00fcl, hogy a v\u00e1logatott tavaly megszerzett Eur\u00f3pa-bajnoki c\u00edme tal\u00e1n m\u00e9gsem \u00faj kezdet volt, hanem csak kiv\u00e9teles pillanat a calcio lass\u00fa pusztul\u00e1st\u00f6rt\u00e9net\u00e9ben. A legradik\u00e1lisabb hangok teljes futballforradalmat k\u00f6vetelnek, egy \u00fajabb \u00faj kezdetet.\r\n\r\nHajnalban arra \u00e9bredtem, hogy a szomsz\u00e9dban \u00fcv\u00f6ltve b\u0151g egy gyerek.\r\n\r\n<span class=\"highlight-block\">F\u00e9l\u00e1lomban felr\u00e9mlik el\u0151ttem az a k\u00e9p, ahogy balr\u00f3l jobbra \u00e1trep\u00fcl a labda az olaszok t\u00e9rfel\u00e9re, Miovszki cs\u00fasztat, Trajkovszki l\u0151. <\/span>\r\n\r\nSz\u00f3val megt\u00f6rt\u00e9nt. Hallgatom a b\u00f6mb\u00f6l\u00e9st, \u00e9s k\u00f6zben eszembe jutnak az \u00e1lmaim: a p\u00f3tselejtez\u0151 kisorsol\u00e1sa ut\u00e1n n\u00e9ha azt \u00e1lmodtam, hogy az olaszok a portug\u00e1lok ellen j\u00e1tszanak, m\u00e1skor meg m\u00e1r ott voltak a v\u00e9b\u00e9n, tal\u00e1n egyenesen a d\u00f6nt\u0151ben. H\u00e1t nem, nem lesznek ott.\r\n\r\n[prefabricated_shortcode in_app=\"0\" code=\"%3Cdiv%20class%3D%22article_box_border%22%20style%3D%22background%3A%20url%28%27https%3A%2F%2F24.p3k.hu%2Fapp%2Fuploads%2Fsites%2F24%2F2021%2F05%2Fsport24-pattern.png%27%29%20no-repeat%20left%20-16px%20%23f3f3f4%3B%20border%3A%20none%3B%22%3E%0D%0A%3Cdiv%20class%3D%22article_solidheader%22%3E%0D%0A%3Ch2%20style%3D%22color%3A%20%23111115%21important%3B%20font-size%3A%2036px%3B%20font-weight%3A%20bold%3B%20margin-bottom%3A%2030px%3B%20margin-top%3A%2020px%3B%20text-align%3A%20center%3B%20line-height%3A%2036px%3B%22%3E%3Cimg%20class%3D%22aligncenter%20size-full%20wp-image-141%22%20src%3D%22https%3A%2F%2F24.p3k.hu%2Fapp%2Fuploads%2Fsites%2F24%2F2021%2F05%2Fs24-logo-dt.png%22%20alt%3D%22%22%20width%3D%22408%22%20height%3D%2290%22%20%2F%3E%3C%2Fh2%3E%0D%0A%3Ch2%20style%3D%22color%3A%20%23111115%21important%3B%20font-size%3A%2036px%3B%20font-weight%3A%20bold%3B%20margin-bottom%3A%2030px%3B%20margin-top%3A%2020px%3B%20text-align%3A%20center%3B%20line-height%3A%2040px%3B%22%3ECsatlakozz%20a%20Sport24%20k%C3%B6z%C3%B6ss%C3%A9ghez%2C%20mondd%20el%20v%C3%A9lem%C3%A9nyedet%20z%C3%A1rt%20Facebook-csoportunkban%2C%20%C3%A9s%20vegy%C3%A9l%20r%C3%A9szt%20csak%20el%C5%91fizet%C5%91knek%20el%C3%A9rhet%C5%91%20exkluz%C3%ADv%20esem%C3%A9nyeinken.%3C%2Fh2%3E%0D%0A%3C%2Fdiv%3E%0D%0A%3Cp%20style%3D%22background%3A%20%2357A600%3B%20margin-top%3A%2020px%3B%20padding%3A%2020px%3B%20text-align%3A%20center%3B%22%3E%3Ca%20style%3D%22color%3A%20%23ffffff%3B%20font-size%3A%2026px%3B%20font-weight%3A%20600%3B%22%20href%3D%22https%3A%2F%2Fwww.facebook.com%2Fgroups%2F212344460412327%22%3ECSATLAKOZOM%3C%2Fa%3E%3C%2Fp%3E%0D%0A%0D%0A%3C%2Fdiv%3E\"]","type":"rich","thumbnail_url":"https:\/\/s.24.hu\/app\/uploads\/sites\/24\/2022\/03\/verratti-1-150x150.jpg","thumbnail_width":150,"thumbnail_height":150}