{"version":"1.0","provider_name":"Sport24","provider_url":"https:\/\/sport24.24.hu","author_name":"Fut\u00f3 Csaba","author_url":"https:\/\/sport24.24.hu\/author\/futocs\/","title":"El Cl\u00e1sico: egy \u00faj korszak kezdet\u00e9t jelentheti a Barca madridi g\u00e1l\u00e1ja","html":"A Barcelona a vas\u00e1rnap estit megel\u0151z\u0151en 2015-ben, illetve 2009 m\u00e1jus\u00e1ban tudott n\u00e9gyg\u00f3los k\u00fcl\u00f6nbs\u00e9ggel nyerni a Real Madrid otthon\u00e1ban. Az ut\u00f3bbi 6-2-es siker nemcsak a bajnoki c\u00edm\u00e9rt zajl\u00f3 versenyben volt kulcsfontoss\u00e1g\u00fa a katal\u00e1n csapatnak: a p\u00e1ly\u00e1n megval\u00f3s\u00edtott dominancia olyan m\u00e9rt\u00e9k\u0171 volt, mintha k\u00e9t teljesen m\u00e1sik sport\u00e1gb\u00f3l \u00e9rkez\u0151 egy\u00fcttes tal\u00e1lkozott volna. <strong>Pep Guardiola<\/strong> azon a napon boh\u00f3cot csin\u00e1lt a Real Madrid v\u00e9d\u0151ib\u0151l, akiknek fogalmuk sem volt arr\u00f3l, hogy a hamis kilencesk\u00e9nt mozg\u00f3 <strong>Lionel Messit<\/strong> k\u00f6vess\u00e9k \u00e9s ezzel szabad utat adjanak az ellenf\u00e9l beindul\u00f3 sz\u00e9ls\u0151inek, vagy maradjanak a hely\u00fck\u00f6n, ezzel \u00e1tadva a k\u00f6z\u00e9pp\u00e1lya uralm\u00e1t a nem sokkal k\u00e9s\u0151bb tripl\u00e1z\u00f3, \u00e9s mostanra m\u00e1r korszakoss\u00e1 v\u00e1l\u00f3 Barcelon\u00e1nak.\r\n\r\n<span class=\"highlight-block\">A katal\u00e1n csapat legfrissebb, 4-0-\u00e1s siker\u00e9t m\u00e1r biztosan nem k\u00f6veti tripl\u00e1z\u00e1s, de k\u00f6nnyen lehet, hogy egy \u00faj korszak k\u00f6sz\u00f6nt\u00f6tt be a k\u00e9t csapat \u00e9let\u00e9ben.<\/span>\r\n\r\n<img class=\"alignnone size-full wp-image-3988\" src=\"https:\/\/sport24.24.hu\/app\/uploads\/sites\/24\/2022\/03\/xavi-ancelotti.jpg\" alt=\"\" width=\"4282\" height=\"2854\" \/>\r\n\r\nA 2009-es m\u00e9rk\u0151z\u00e9sen <strong>Xavi Hernandez<\/strong> m\u00e9g a k\u00f6z\u00e9pp\u00e1ly\u00e1n val\u00f3s\u00edtott meg tot\u00e1lis kontrollt a Real Madriddal szemben, most viszont az oldalvonal mellett adott fel megoldhatatlannak t\u0171n\u0151 h\u00e1zi feladatot az edz\u0151k\u00e9nt h\u00e1romszoros Bajnokok Lig\u00e1ja-gy\u0151ztes<strong> Carlo Ancelottinak<\/strong>, akinek a rossz meccsterv\u00e9t csak m\u00e9g rosszabb reakci\u00f3k k\u00f6vett\u00e9k, mik\u00f6zben a v\u00e9delem tengely\u00e9ben emiatt <strong>Eder Militao<\/strong> \u00e9s <strong>David Alaba<\/strong> ugyanolyan k\u00e9ts\u00e9gbeesettnek t\u0171nt, mint annak idej\u00e9n <strong>Fabio Cannavaro<\/strong> \u00e9s <strong>Christoph Metzelder<\/strong>.\r\n\r\nPedig a Real Madrid duzzad\u00f3 \u00f6nbizalommal mehetett neki ennek a meccsnek a Paris Saint-Germain elleni Bajnokok Lig\u00e1ja-p\u00e1rharc ut\u00e1n, amelynek a hajr\u00e1j\u00e1ban fantasztikus ford\u00edt\u00e1ssal harcolta ki a hely\u00e9t a a legjobb nyolc k\u00f6z\u00f6tt. Ugyanakkor ez az \u00f6nbizalom egy\u00e9rtelm\u0171en falsnak bizonyult, m\u00e1r csak az\u00e9rt is, mert annak a p\u00e1rharcnak a nagyobb r\u00e9sz\u00e9ben a franci\u00e1k j\u00e1tszottak egy\u00e9rtelm\u0171 f\u00f6l\u00e9nyben, eg\u00e9szen addig, am\u00edg <strong>Luka Modric<\/strong> \u00e9s <strong>Karim Benzema<\/strong> var\u00e1zsolni nem kezdett.\r\n\r\n<img class=\"size-full wp-image-3984 aligncenter\" src=\"https:\/\/sport24.24.hu\/app\/uploads\/sites\/24\/2022\/03\/kezdok.jpg\" alt=\"\" width=\"611\" height=\"753\" \/>\r\n\r\nEz a Barcelona pedig m\u00e1r most sokkal jobb csapat, mint <strong>Pochettino<\/strong> PSG-je, r\u00e1ad\u00e1sul Carlo Ancelottinak azzal a probl\u00e9m\u00e1val kellett szemben\u00e9znie, hogy ezen a meccsen \u00e9ppen Benzema nem tudta v\u00e1llalni a j\u00e1t\u00e9kot, ami tal\u00e1n pont kataliz\u00e1tork\u00e9nt m\u0171k\u00f6d\u00f6tt a rossz d\u00f6nt\u00e9sek sorozat\u00e1hoz. Az olasz szakember v\u00e9g\u00fcl \u00fagy d\u00f6nt\u00f6tt, hogy Benzema hi\u00e1ny\u00e1ban val\u00f3di k\u00f6z\u00e9pcsat\u00e1r n\u00e9lk\u00fcl kezdeti csapat\u00e1t, \u00e9s Luka Modricot k\u00fcldi fel az els\u0151 sorba, amivel tal\u00e1n az lehetett a sz\u00e1nd\u00e9ka, hogy a p\u00e1lya k\u00f6zep\u00e9n alak\u00edt ki d\u00f6nt\u0151 f\u00f6l\u00e9nyt a Barcelon\u00e1val szemben, mik\u00f6zben pr\u00f3b\u00e1lja kihaszn\u00e1lni a k\u00e9t sz\u00e9ls\u0151, <strong>Vin\u00edcius<\/strong> \u00e9s <strong>Rodrygo<\/strong> gyorsas\u00e1g\u00e1t \u00e9s a cselez\u0151k\u00e9szs\u00e9g\u00e9t.\r\n\r\nA m\u00e1sik oldalon Xavi csapat\u00e1ban a meccs el\u0151tt csak egyetlen k\u00e9rd\u0151jel akadt, m\u00e9gpedig a jobbh\u00e1tv\u00e9d poz\u00edci\u00f3j\u00e1ban: a bajnoks\u00e1gban a t\u00e9len a klubhoz visszat\u00e9r\u0151 Daniel Alves alapembernek sz\u00e1m\u00edt, ugyanakkor a nemr\u00e9g, a k\u00e9t csapat Szuperkupa-el\u0151d\u00f6nt\u0151j\u00e9n hi\u00e1ba domin\u00e1lt labd\u00e1val a Barcelona, az \u00e9lete eddigi legjobb szezonj\u00e1t fut\u00f3 Vin\u00edcius folyamatosan a veter\u00e1n brazil v\u00e9d\u0151 m\u00f6g\u00e9 tudott ker\u00fclni. Az Alves els\u0151 sz\u00e1m\u00fa helyettes\u00e9nek sz\u00e1m\u00edt\u00f3 Sergino Dest r\u00e1ad\u00e1sul a h\u00e9tk\u00f6zi Eur\u00f3pa Liga-meccsen megs\u00e9r\u00fclt, de \u00edgy sem a brazil kezdett, hanem a k\u00f6z\u00e9ph\u00e1tv\u00e9d Ara\u00faj\u00f3t tolta ki a jobb oldalra a Barcelona mestere, akinek sebess\u00e9gben t\u00f6bb es\u00e9lye volt felvenni a harcot az ellenf\u00e9l legvesz\u00e9lyesebb j\u00e1t\u00e9kos\u00e1val.\r\n<div class=\"payable-content-section\"><\/div>\r\n<div style=\"width: 100%;height: 0px;position: relative;padding-bottom: 61.523%\"><iframe style=\"width: 100%;height: 100%;position: absolute\" src=\"https:\/\/streamable.com\/e\/dep2ei\" width=\"100%\" height=\"100%\" frameborder=\"0\" allowfullscreen=\"allowfullscreen\"><\/iframe><\/div>\r\nEnnek ellen\u00e9re az els\u0151 f\u00e9lid\u0151ben az egyetlen komoly Real Madrid lehet\u0151s\u00e9g \u00e9ppen Ara\u00fajo m\u00f6g\u00fcl, Vin\u00edcius r\u00e9v\u00e9n alakult ki. Ahogy az a fenti vide\u00f3n is l\u00e1tsz\u00f3dik, a k\u00f6z\u00e9pp\u00e1ly\u00e1r\u00f3l <strong>Valverde<\/strong> feljebb l\u00e9pett Luka Modric mell\u00e9, mik\u00f6zben a k\u00e9t sz\u00e9ls\u0151 tartotta a poz\u00edci\u00f3j\u00e1t a sz\u00e9len, ezzel \u00e1tmenetileg egy 4-2-2-2-0-s alakzatot l\u00e9trehozva, \u00e9s n\u00e9mileg kimozgatva a hely\u00e9r\u0151l a k\u00e9t barcelonai bels\u0151 v\u00e9d\u0151t. Ezt kihaszn\u00e1lva tudta ind\u00edtani Militao a vill\u00e1mgyors Vin\u00edciust, aki pedig az imm\u00e1r h\u00e1tr\u00e1l\u00f3 v\u00e9d\u0151k miatt teljesen szabadon \u00e9rkez\u0151 Valverde el\u00e9 t\u00e1lalta a labd\u00e1t, \u00e9s a l\u00f6v\u00e9se meg is torn\u00e1sztatta <strong>Ter Stegent<\/strong>.\r\n\r\nA m\u00e9rk\u0151z\u00e9sen viszont ezen fel\u00fcl szinte csak a Barcelon\u00e1r\u00f3l sz\u00f3lt, amely nemcsak a labd\u00e1val volt k\u00e9pes domin\u00e1lni a m\u00e9rk\u0151z\u00e9st, de a let\u00e1mad\u00e1s\u00e1val meg is fojtotta a Real Madridot. Xavi kinevez\u00e9se \u00f3ta a Barca let\u00e1mad\u00e1sa a legintenz\u00edvebb az eg\u00e9sz spanyol bajnoks\u00e1gban, \u00e9s ebb\u0151l most a Real Madrid is \u00edzel\u00edt\u0151t kapott.\r\n<div style=\"width: 100%;height: 0px;position: relative;padding-bottom: 61.523%\"><iframe style=\"width: 100%;height: 100%;position: absolute\" src=\"https:\/\/streamable.com\/e\/jezg9q\" width=\"100%\" height=\"100%\" frameborder=\"0\" allowfullscreen=\"allowfullscreen\"><\/iframe><\/div>\r\nAhogyan az Xavi alatt m\u00e1r megszokott\u00e1 v\u00e1lt, a Barcelona labda n\u00e9lk\u00fcl a 4-3-3-as alapfel\u00e1ll\u00e1sr\u00f3l 4-4-2-re v\u00e1ltott az\u00e1ltal, hogy Pedri csatlakozott Aubameyanghoz a let\u00e1mad\u00e1s els\u0151 vonal\u00e1ban. A katal\u00e1nok c\u00e9lja egy\u00e9rtelm\u0171en az volt, hogy a Real Madrid bal oldala fel\u00e9 terelj\u00e9k a j\u00e1t\u00e9kot, \u00e9s ez\u00e1ltal min\u00e9l hamarabb hiba k\u00e9nyszer\u00edts\u00e9k az ellenfelet egy eladott labda vagy egy k\u00e9ts\u00e9gbeesett el\u0151re\u00edvel\u00e9s form\u00e1j\u00e1ban. Mivel Aubameyang, majd k\u00e9s\u0151bb Pedri a helyezked\u00e9s\u00e9vel lehetetlenn\u00e9 tette a visszapassz lehet\u0151s\u00e9g\u00e9t Militao \u00e9s <strong>Carvajal<\/strong> sz\u00e1m\u00e1ra, a Barcelona teljesen ellehetetlen\u00edtette a forgat\u00e1s lehet\u0151s\u00e9g\u00e9t a bal oldal ir\u00e1ny\u00e1ba, \u00edgy Demb\u00e9l\u00e9 is a p\u00e1lya centruma fel\u00e9 tudott mozogni, hogy ezzel elt\u00fcntesse a Real Madrid k\u00f6z\u00e9pp\u00e1ly\u00e1s f\u00f6l\u00e9ny\u00e9t.\r\n\r\n<span class=\"highlight-block-small\">A legnagyobb k\u00fcl\u00f6nbs\u00e9g a k\u00e9t csapat k\u00f6z\u00f6tt viszont akkor volt tetten \u00e9rhet\u0151, amikor a Barcelon\u00e1n\u00e1l volt a labda.<\/span>\r\n\r\nAk\u00e1rcsak Xavi egy\u00fcttese, \u00fagy a Real Madrid is 4-4-2-es alakzatban helyezkedett, melyben Toni Kroos l\u00e9pett fel Luka Modric mell\u00e9 az els\u0151 vonalba, viszont am\u00edg a Barcelona tudatosan a p\u00e1lya egyik oldal\u00e1ra szor\u00edtotta az ellenfel\u00e9t, a Real Madrid t\u00f6bbnyire passz\u00edv volt, \u00e9s ez\u00e1ltal a vend\u00e9gek ki tudt\u00e1k haszn\u00e1lni a l\u00e9tsz\u00e1mbeli f\u00f6l\u00e9ny\u00fcket a k\u00f6z\u00e9pp\u00e1ly\u00e1n.\r\n<div style=\"width: 100%;height: 0px;position: relative;padding-bottom: 61.523%\"><iframe style=\"width: 100%;height: 100%;position: absolute\" src=\"https:\/\/streamable.com\/e\/u22foa\" width=\"100%\" height=\"100%\" frameborder=\"0\" allowfullscreen=\"allowfullscreen\"><\/iframe><\/div>\r\nAhogy enn\u00e9l a szitu\u00e1ci\u00f3n\u00e1l is l\u00e1that\u00f3, Kroos \u00e9s Modric szemb\u0151l, egy az egyben pr\u00f3b\u00e1lta n\u00e9mik\u00e9pp nyom\u00e1s al\u00e1 helyezni a Barcelona v\u00e9d\u0151it, akik k\u00f6z\u00fcl ebben az esetben Eric Garc\u00eda egy egyszer\u0171 felpasszal megtal\u00e1lta a v\u00e9delmi vonalak k\u00f6z\u00f6tt helyezked\u0151 Pedrit, akire nem l\u00e9pett ki id\u0151ben a v\u00e9delemb\u0151l Eder Militao, \u00edgy a Barcelona vill\u00e1mgyorsan ott tal\u00e1lta mag\u00e1t a madridiak v\u00e9d\u0151harmad\u00e1ban.\r\n<div style=\"width: 100%;height: 0px;position: relative;padding-bottom: 61.523%\"><iframe style=\"width: 100%;height: 100%;position: absolute\" src=\"https:\/\/streamable.com\/e\/mm6pk2\" width=\"100%\" height=\"100%\" frameborder=\"0\" allowfullscreen=\"allowfullscreen\"><\/iframe><\/div>\r\nUgyanez a helyzet pedig gyakran megism\u00e9tl\u0151d\u00f6tt a m\u00e1sik oldalon is, csak ebben az esetben Gerard Pique volt az, aki folyamatosan megtal\u00e1lta a v\u00e9delmi vonalak k\u00f6z\u00f6tt szabadon l\u00e9v\u0151 Frenkie De Jongot.\r\n\r\nA Real Madrid a meccs sor\u00e1n folyamatosan pr\u00f3b\u00e1lt megk\u00fczdeni azzal, hogy a Barcelona rendszeresen l\u00e9tsz\u00e1mf\u00f6l\u00e9nyes szitu\u00e1ci\u00f3kat dolgoz ki, \u00edgy el\u0151fordult, hogy Toni Kroos maradt a k\u00f6z\u00e9pp\u00e1ly\u00e1n, \u00e9s Vin\u00edcius pr\u00f3b\u00e1lta nyom\u00e1s al\u00e1 helyezni Piqu\u00e9t a sz\u00e9lr\u0151l befel\u00e9 mozogva, de \u00edgy viszont Ronald Ara\u00fajo v\u00e1lt szabad emberr\u00e9, akit pedig Ter Stegen bevon\u00e1s\u00e1val nagyon k\u00f6nnyen meg tudott j\u00e1tszani a Barcelona. R\u00e1ad\u00e1sul \u00edgy Nacho \u00e9s teljesen egyed\u00fcl maradt Ousmane Demb\u00e9l\u00e9vel szemben, \u00e9s v\u00e9g\u00fcl egy ilyen egy az egy elleni szitu\u00e1ci\u00f3t k\u00f6vet\u0151en tudta a vezet\u00e9st is megszerezni Aubameyang r\u00e9v\u00e9n a vend\u00e9gcsapat.\r\n\r\nEnn\u00e9l is katasztrof\u00e1lisabb k\u00f6vetkezm\u00e9nyekkel j\u00e1rt az, amikor a Real Madrid v\u00e9d\u0151i pr\u00f3b\u00e1lt\u00e1k kiegyenl\u00edteni a k\u00f6z\u00e9pp\u00e1ly\u00e1s l\u00e9tsz\u00e1mh\u00e1tr\u00e1nyt azzal, hogy ak\u00e1r nagyon magasan is k\u00f6vett\u00e9k a szabadon marad\u00f3 k\u00f6z\u00e9pp\u00e1ly\u00e1st, amivel viszont \u00f3ri\u00e1si ter\u00fcletet hagytak maguk m\u00f6g\u00f6tt, amit a beindul\u00f3 emberek rendszeresen ki is haszn\u00e1ltak.\r\n<div style=\"width: 100%;height: 0px;position: relative;padding-bottom: 61.523%\"><iframe style=\"width: 100%;height: 100%;position: absolute\" src=\"https:\/\/streamable.com\/e\/esn5hp\" width=\"100%\" height=\"100%\" frameborder=\"0\" allowfullscreen=\"allowfullscreen\"><\/iframe><\/div>\r\nXavi \u00e9rkez\u00e9se \u00f3ta az egyik leggyakoribb elem a csapat j\u00e1t\u00e9k\u00e1ban, hogy a k\u00e9t el\u0151retolt k\u00f6z\u00e9pp\u00e1ly\u00e1s igyekszik t\u00e1madni a v\u00e9delem m\u00f6g\u00f6tt megny\u00edl\u00f3 ter\u00fcleteket, a Real Madrid pedig t\u00e1lc\u00e1n k\u00edn\u00e1lta ezeket a lehet\u0151s\u00e9geket. Enn\u00e9l a szitu\u00e1ci\u00f3n\u00e1l Militao ugyan v\u00e9gig k\u00f6vette Pedri mozg\u00e1s\u00e1t, de ezzel egy h\u00e1rom a h\u00e1rom elleni szitu\u00e1ci\u00f3 alakult ki az utols\u00f3 vonalban, r\u00e1ad\u00e1sul mivel Aubameyang egyb\u0151l a brazil v\u00e9d\u0151 m\u00f6g\u00f6tti ter\u00fcletet t\u00e1madta, Alab\u00e1nak k\u00f6vetnie kellett, \u00edgy viszont hatalmas \u00fcres ter\u00fclet ny\u00edlt meg De Jong sz\u00e1m\u00e1ra Alaba \u00e9s Nacho k\u00f6z\u00f6tt, \u00edgy pedig r\u00f6gt\u00f6n egy n\u00e9gy a h\u00e1rom elleni helyzet alakult ki, aminek a v\u00e9g\u00e9n Aubameyang ker\u00fclhetett ziccerbe.\r\n\r\nAhogy a fenti szitu\u00e1ci\u00f3kb\u00f3l is l\u00e1tsz\u00f3dik a Real Madrid v\u00e9gig emberorient\u00e1lt v\u00e9dekez\u00e9st alkalmazott, vagyis a helyezked\u00e9s\u00fcket nem a labda, hanem az adott j\u00e1t\u00e9koshoz legk\u00f6zelebb helyezked\u0151 ellenf\u00e9l poz\u00edci\u00f3ja hat\u00e1rozta meg. Ennek megfelel\u0151en gyakran el\u0151fordult, hogy amennyiben Alba magasan helyezkedett, Vinicius \u00f6t\u00f6dik v\u00e9d\u0151nek l\u00e9pett vissza a sz\u00e9len, de a Barcelona folyamatos poz\u00edci\u00f3cser\u00e9kkel \u00edgy is rendszeresen meg tudta bontani a hazai csapat v\u00e9dekez\u00e9s\u00e9t.\r\n<div style=\"width: 100%;height: 0px;position: relative;padding-bottom: 61.523%\"><iframe style=\"width: 100%;height: 100%;position: absolute\" src=\"https:\/\/streamable.com\/e\/4ezlaz\" width=\"100%\" height=\"100%\" frameborder=\"0\" allowfullscreen=\"allowfullscreen\"><\/iframe><\/div>\r\nA Barcelona folyamatosan k\u00f6nnyed\u00e9n tudta manipul\u00e1lni a Real Madrid j\u00e1t\u00e9kosait, \u00e9s az els\u0151 f\u00e9lid\u0151ben \u2013 a kor\u00e1bbi Aubameyang-helyzethez hasonl\u00f3an \u2013 Torres el\u0151tt is \u00fagy ny\u00edlt hatalmas lehet\u0151s\u00e9g, hogy a balsz\u00e9ls\u0151 el\u0151sz\u00f6r mag\u00e1ra vonta Carvajal figyelm\u00e9t, a m\u00f6g\u00f6tte megny\u00edl\u00f3 ter\u00fcletet t\u00e1madta Pedri, \u0151t k\u00f6vette Militao, az \u00edgy megny\u00edl\u00f3 ter\u00fcletbe pedig Aubameyang mozgott be, akivel viszont m\u00e1r Alab\u00e1nak kellett mennie. Emiatt pedig ism\u00e9t \u00f3ri\u00e1si ter\u00fclet ny\u00edlt meg az osztr\u00e1k h\u00e1tv\u00e9d \u00e9s Nacho k\u00f6z\u00f6tt, aki pedig Demb\u00e9l\u00e9 sz\u00e9les poz\u00edci\u00f3ja miatt nem tudott a t\u00e1rsakkal egy\u00fctt tol\u00f3dni.\r\n\r\n<span class=\"highlight-block-small\">Mindezek ut\u00e1n egy\u00e9rtelm\u0171v\u00e9 v\u00e1lt, hogy Carlo Ancelottinak v\u00e1ltoztatnia kell, de a f\u00e9lid\u0151ben csak rontania siker\u00fclt a helyzeten.<\/span>\r\n\r\n<strong>Mariano Diaz<\/strong> szem\u00e9ly\u00e9ben egy val\u00f3di center l\u00e9pett p\u00e1ly\u00e1ra, labdabirtokl\u00e1si f\u00e1zisokban pedig a Toni Kroost v\u00e1lt\u00f3 <strong>Eduardo Camavinga<\/strong> helyezkedett bal oldali k\u00f6z\u00e9ph\u00e1tv\u00e9dk\u00e9nt. Labda n\u00e9lk\u00fcl pedig a Real Madrid gyakorlatilag \u00e1t\u00e1llt tot\u00e1lis emberfog\u00e1sra, \u00e9s 3-3-4-es hadrendben pr\u00f3b\u00e1lta agressz\u00edvabban nyom\u00e1s al\u00e1 helyezni a Barcelon\u00e1t, de ez azt eredm\u00e9nyezte, hogy Ferran Torres alig f\u00e9l perccel az \u00fajrakezd\u00e9st k\u00f6vet\u0151en ziccerben vezethette kapura a labd\u00e1t, nem sokkal k\u00e9s\u0151bb pedig m\u00e1r a harmadik g\u00f3lj\u00e1t is megszerezte a Barcelona.\r\n<div style=\"width: 100%;height: 0px;position: relative;padding-bottom: 61.523%\"><iframe style=\"width: 100%;height: 100%;position: absolute\" src=\"https:\/\/streamable.com\/e\/fpygcv\" width=\"100%\" height=\"100%\" frameborder=\"0\" allowfullscreen=\"allowfullscreen\"><\/iframe><\/div>\r\nA harmadik vend\u00e9gg\u00f3l minden eddigin\u00e9l siralmasabb k\u00e9pest fest a Real Madrid j\u00e1t\u00e9k\u00e1r\u00f3l: miut\u00e1n a h\u00e1rom bels\u0151 v\u00e9d\u0151nek egy az egyben kellett v\u00e9dekeznie a h\u00e1rom barcelonai t\u00e1mad\u00f3val szemben, a katal\u00e1noknak el\u00e9g volt egy hossz\u00fa ind\u00edt\u00e1s ut\u00e1n begy\u0171jteni\u00fck a lepattan\u00f3t, hogy m\u00e1ris n\u00e9gy a h\u00e1rom elleni f\u00f6l\u00e9nyt tudjanak kiharcolni, aminek a v\u00e9g\u00e9n Torres a m\u00e1sodik ziccer\u00e9t m\u00e1r g\u00f3lra tudta v\u00e1ltani.\r\n\r\nAncelotti r\u00f6gt\u00f6n ezt k\u00f6vet\u0151en ism\u00e9t beleny\u00falt a meccsbe \u00e9s a Casemir\u00f3t rendelte h\u00e1tra a v\u00e9delembe k\u00f6zep\u00e9be, \u00e9s a Real Madrid ezzel egy\u00fctt egy 4-4-1-1-es alakzatra \u00e1llt \u00e1t, amivel az elm\u00falt hetekben sz\u00e1mtalanszor tal\u00e1lkozott a Barcelona, amely tov\u00e1bbra is folyamatosan f\u00f6l\u00e9nyt tudott kialak\u00edtani a madridiakkal szemben. A k\u00f6z\u00e9pp\u00e1ly\u00e1n ugyan siker\u00fclt kiegyenl\u00edteni a l\u00e9tsz\u00e1mot azzal, hogy k\u00e9t m\u00e9lyen helyezked\u0151 j\u00e1t\u00e9kos k\u00f6vette Pedit \u00e9s De Jongot, Modric pedig Busquetsre figyelt, de \u00edgy a k\u00e9t k\u00f6z\u00e9pp\u00e1ly\u00e1s k\u00f6z\u00f6tt megny\u00edlt a ter\u00fclet Aubameyangnak a visszal\u00e9p\u00e9sre.\r\n<div style=\"width: 100%;height: 0px;position: relative;padding-bottom: 61.523%\"><iframe style=\"width: 100%;height: 100%;position: absolute\" src=\"https:\/\/streamable.com\/e\/acmdt7\" width=\"100%\" height=\"100%\" frameborder=\"0\" allowfullscreen=\"allowfullscreen\"><\/iframe><\/div>\r\nA Barcelona \u00edgy pedig j\u00f3 p\u00e1rszor el\u0151 tudta adni azokat a harmadik emberes kombin\u00e1ci\u00f3kat, amelyekb\u0151l az elm\u00falt hetekben sz\u00e1mtalan helyzetet kialak\u00edtottak. A visszal\u00e9p\u0151 Aubameyang kimozgatta a hely\u00e9r\u0151l az egyik bels\u0151 v\u00e9d\u0151t, majd egy visszak\u00e9sz\u00edt\u00e9s ut\u00e1n a ter\u00fcletbe indul\u00f3 sz\u00e9ls\u0151 vagy k\u00f6z\u00e9pp\u00e1ly\u00e1s szinte azonnal ziccerben kaphatta meg a labd\u00e1t.\r\n\r\n<span class=\"highlight-block-small\">\u00d6sszesen teh\u00e1t n\u00e9gy g\u00f3lt kapott a Real Madrid, \u00e9s ebben az esetben az eredm\u00e9ny egy\u00e1ltal\u00e1n nem t\u00falz\u00f3 a j\u00e1t\u00e9k k\u00e9p\u00e9t tekintve.<\/span>\r\n\r\nA hazaiak a j\u00e1t\u00e9k egyetlen elem\u00e9ben sem tudtak fel\u00e9rni a Barcelon\u00e1hoz, \u00e9s am\u00edg Xavi csapata t\u00f6k\u00e9letesen val\u00f3s\u00edtotta meg azokat az alapelveket, amiket az ezt megel\u0151z\u0151 11 veretlen\u00fcl megv\u00edvott meccsen is bemutattak, a Real Madrid kispadj\u00e1n Carlo Ancelotti teljesen ad hoc d\u00f6nt\u00e9sekkel hozta folyamatosan kellemetlenebbn\u00e9l kellemetlenebb helyzetekbe a csapat\u00e1t.\r\n\r\n<img class=\"alignnone size-full wp-image-3989\" src=\"https:\/\/sport24.24.hu\/app\/uploads\/sites\/24\/2022\/03\/real-barca-0-4.jpg\" alt=\"\" width=\"1024\" height=\"682\" \/>\r\n\r\n\u00d6sszess\u00e9g\u00e9ben Xavi novemberi kinevez\u00e9se \u00f3ta ezzel a gy\u0151zelemmel a Barcelona vesztett pontok tekintet\u00e9ben m\u00e1r eredm\u00e9nyesebb a Real Madridn\u00e1l, ennek ellen\u00e9re nagyon kicsi r\u00e1 a sansz, hogy az idei spanyol bajnoki c\u00edmet ne a Real nyerje meg. Viszont arra megvan az es\u00e9ly, hogy n\u00e9h\u00e1ny \u00e9v m\u00falva hasonl\u00f3k\u00e9pp tekints\u00fcnk vissza erre az er\u0151demonstr\u00e1ci\u00f3ra, mint arra a bizonyos 6-2-es sikerre, amit a Barcelona t\u00f6rt\u00e9net\u00e9nek legeredm\u00e9nyesebb korszaka k\u00f6vetett.","type":"rich","thumbnail_url":"https:\/\/s.24.hu\/app\/uploads\/sites\/24\/2022\/03\/clasico-150x150.jpg","thumbnail_width":150,"thumbnail_height":150}