{"version":"1.0","provider_name":"Sport24","provider_url":"https:\/\/sport24.24.hu","author_name":"Bruckner G\u00e1bor","author_url":"https:\/\/sport24.24.hu\/author\/brucknerg\/","title":"Spanyolorsz\u00e1g nem a r\u00e9gi, de csapatai az\u00e9rt bedar\u00e1lt\u00e1k a BL-riv\u00e1lisokat","html":"Term\u00e9szetesen ezen a h\u00e9ten is n\u00e9gy m\u00e9rk\u0151z\u00e9st rendeztek a Bajnokok Lig\u00e1j\u00e1ban \u2013 ebb\u0151l h\u00e1rom tal\u00e1lkoz\u00f3n az a csapat nyert, amely kevesebbet birtokolta a labd\u00e1t. A Villarreal 41, az Atl\u00e9tico Madrid 40, m\u00edg a Benfica 31 sz\u00e1zal\u00e9kban, s b\u00e1r ez a statisztika \u00f6nmag\u00e1ban nem mindig festi le h\u0171en a t\u00f6rt\u00e9n\u00e9seket, ez\u00fattal hat\u00e1rozottan kijel\u00f6li az utat, m\u00e9gis mi d\u00f6nt\u00f6tt az eml\u00edtett p\u00e1rharcok eset\u00e9ben. Unalom \u00e9s tan\u00e1cstalans\u00e1g Torin\u00f3ban, Manchesterben \u00e9s Amszterdamban.\r\n<h2>B-terv n\u00e9lk\u00fcl<\/h2>\r\nRitka alkalom ennyire k\u00f6nnyen hasonl\u00f3s\u00e1got tal\u00e1lni h\u00e1rom p\u00e1ros\u00edt\u00e1s eset\u00e9ben, pl\u00e1ne, hogy azok nagyon k\u00fcl\u00f6nb\u00f6ztek egym\u00e1st\u00f3l. Valahogy m\u00e9gis majdnem ugyanabba a szitu\u00e1ci\u00f3ba, ugyanabba a zs\u00e1kutc\u00e1ba futottak bele \u2013 veszt\u00fckre.\r\n\r\nA modern futballban annyi az edz\u0151- \u00e9s ir\u00e1nyv\u00e1lt\u00e1s, hogy neh\u00e9z r\u00e1h\u00fazni eff\u00e9le fr\u00e1zisokat a csapatokra, \u00e1m m\u00e9gis: abb\u00f3l kiindulva, hogy mit jelk\u00e9pez a karakter\u00fck, a m\u00faltjuk, az eur\u00f3pai futballban bet\u00f6lt\u00f6tt hely\u00fck, egy\u00e9rtelm\u0171 volt, hogy ink\u00e1bb a Juventusnak, a Manchester Unitednek \u00e9s az Ajaxnak kell ir\u00e1ny\u00edtania. Ez k\u00e9t h\u00e9ttel ezel\u0151tt \u00e9s most is \u00edgy t\u00f6rt\u00e9nt.\r\n\r\n<span class=\"highlight-block\">El\u00e9gg\u00e9 \u00f6ngyilkos jelleggel.<\/span>\r\n\r\nA Manchester Unitedbe a h\u00e9tv\u00e9gi, Tottenham elleni nagy gy\u0151zelem ut\u00e1n visszat\u00e9rt <strong>Bruno Fernandes<\/strong>, a mesterh\u00e1rmast jegyz\u0151 <strong>Cristiano Ronaldo<\/strong> pedig maradt. Ellenben a kispadra ker\u00fcl\u0151 <strong>Paul Pogb\u00e1val<\/strong>. A k\u00e9t portug\u00e1l szt\u00e1r az id\u00e9nyben rengetegszer sz\u00edvta el egym\u00e1s el\u0151l a leveg\u0151t, illetve legink\u00e1bb a ter\u00fcletet. Ez\u00fattal \u2013 legal\u00e1bbis addig, am\u00edg az MU val\u00f3di vesz\u00e9lyt jelentett \u2013 nem \u00edgy t\u00f6rt\u00e9nt, <strong>Ralf Rangnick<\/strong> ugyanis a szok\u00e1sost\u00f3l elt\u00e9r\u0151 szereppel ruh\u00e1zta fel CR7-et. Kihaszn\u00e1lva, hogy egy\u00e9bk\u00e9nt is elengedhetetlen sz\u00e1m\u00e1ra a magas \u00e9rint\u00e9ssz\u00e1m, visszarendelte \u0151t a sz\u00e9leken, legf\u0151k\u00e9ppen a jobb oldalon. <strong>Diego Simeone<\/strong> Atl\u00e9tico Madridj\u00e1nak v\u00e9dekez\u00e9s\u00e9r\u0151l rengeteg pozit\u00edvumot lehet elmondani, de hogy j\u00f3l m\u0171k\u00f6dne a t\u00e1rsas\u00e1g, ha magasan kell kit\u00e1madnia, azt a legkev\u00e9sb\u00e9 sem. Mivel ennek megfelel\u0151en egyik k\u00f6z\u00e9ps\u0151 v\u00e9d\u0151 sem mert Ronald\u00f3val tartani, a V\u00f6r\u00f6s \u00d6rd\u00f6g\u00f6k az els\u0151 h\u00fasz percben egyfolyt\u00e1ban l\u00e9tsz\u00e1mf\u00f6l\u00e9nyt tudtak kialak\u00edtani. A legnagyobb helyzet\u00fck is ebb\u0151l indult\u2026\r\n\r\n<img class=\"alignnone size-full wp-image-3958\" src=\"https:\/\/sport24.24.hu\/app\/uploads\/sites\/24\/2022\/03\/manu1.png\" alt=\"\" width=\"1920\" height=\"808\" \/>\r\n\r\n\u2026amelynek a v\u00e9g\u00e9n <strong>Anthony Elanga<\/strong> a 13. percben k\u00f6zelr\u0151l tal\u00e1lta fejbe <strong>Jan Oblakot<\/strong>.\r\n\r\nSimeone azonban viszonylag gyorsan reag\u00e1lt, \u00e9s egy apr\u00f3 v\u00e1ltoztat\u00e1snak k\u00f6sz\u00f6nhet\u0151en megnyerte a meccset. A 20. perc k\u00f6rny\u00e9k\u00e9n <strong>Griezmann<\/strong> visszal\u00e9p\u00e9s\u00e9vel, labda n\u00e9lk\u00fcl 5-3-2-r\u0151l 5-4-1-re \u00e1lltak \u00e1t a madridiak, ezzel tot\u00e1lisan semleges\u00edtve azt az eszk\u00f6zt, amib\u0151l a United el\u0151nyt tudott kov\u00e1csolni.\r\n\r\n<img class=\"alignnone size-full wp-image-3959\" src=\"https:\/\/sport24.24.hu\/app\/uploads\/sites\/24\/2022\/03\/manu2.png\" alt=\"\" width=\"1920\" height=\"949\" \/>\r\n\r\nInnent\u0151l j\u00f6tt az, ami szinte eg\u00e9sz \u00e9vben jellemzi a manchesterieket: steril adogat\u00e1s, t\u00fal kev\u00e9s mozg\u00e1s a t\u00e1mad\u00f3 harmadban, na meg gy\u00f6m\u00f6sz\u00f6l\u00e9s. Pontosan az, amit az ellenfel\u00fck akart. Mik\u00e9ppen a m\u00f6g\u00f6tt\u00fcnk hagyott \u00e9vtized sor\u00e1n oly sokszor, az Atl\u00e9tico ez\u00fattal is tal\u00e1lt egy g\u00f3lt, hogy id\u0151h\u00faz\u00e1ssal, agresszi\u00f3val, szab\u00e1lytalans\u00e1gokkal t\u00f6rdelve a tal\u00e1lkoz\u00f3t meg\u0151rizze el\u0151ny\u00e9t.\r\n\r\n<span class=\"highlight-block-small\">Rangnick pontosan \u00fagy, ahogyan az odav\u00e1g\u00f3n, ism\u00e9t j\u00f3 meccstervvel k\u00e9sz\u00fclt, de alternat\u00edv\u00e1ja az eredeti elk\u00e9pzel\u00e9sre m\u00e1r nem volt.<\/span>\r\n\r\nTorin\u00f3ban a Juventus kezdett\u0151l fogva azt az 5-4-1-es v\u00e9dekez\u00e9st igyekezte felt\u00f6rni, amibe az angol rekordbajnok foga is belet\u00f6rt. L\u00e9v\u00e9n, hogy <strong>Massimiliano Allegri<\/strong> egy\u00fcttese is egy legink\u00e1bb h\u00e1romv\u00e9d\u0151s fel\u00e1ll\u00e1sra hasonl\u00edt\u00f3 form\u00e1ci\u00f3t vett fel t\u00e1mad\u00e1s k\u00f6zben, a spanyoloknak kontr\u00e1zniuk kellett \u2013 \u00e9s pazarul tett\u00e9k. A jobb oldalon <strong>Y\u00e9r\u00e9mi Pino<\/strong> z\u00e1rt vissza az eredetileg 4-4-2-nek fel\u00edrt g\u00e1rda v\u00e9d\u0151sora mell\u00e9, \u00edgy az \u00d6reg H\u00f6lgy se sz\u00e9less\u00e9gben, se m\u00e9lys\u00e9gben nem tudta \u00e1tt\u00f6rni a S\u00e1rga Tengeralattj\u00e1r\u00f3t.\r\n\r\n<img class=\"alignnone size-full wp-image-3960\" src=\"https:\/\/sport24.24.hu\/app\/uploads\/sites\/24\/2022\/03\/villarreal.png\" alt=\"\" width=\"1915\" height=\"946\" \/>\r\n\r\nFurcsa, hogy 90 percet ennyire \u201esumm\u00e1san\u201d \u00f6ssze lehet foglalni, \u00e1m ez az igazs\u00e1g: a Zebr\u00e1k f\u00f6rtelmesen steril mez\u0151nyf\u00f6l\u00e9nyt alak\u00edtottak ki, ami ugyan annyi kontrollt adott, hogy a Villarreal 75 percig szinte nullaszor tudott megl\u00e9pni, de semmi t\u00f6bbet. Jobbr\u00f3l balra, balr\u00f3l jobbra, kereszt\u00fcl-kasul megj\u00e1ratt\u00e1k a labd\u00e1t, \u00e1m ink\u00e1bb nevezhett\u00fck ezt a teljes\u00edtm\u00e9nyt egy mor\u00f3zus \u00f6reg \u00far cselekedet\u00e9nek. Semmif\u00e9le differencia nem rajzol\u00f3dott ki ak\u00f6z\u00f6tt, ahogyan a 25. \u00e9s ahogyan a 83. percben pr\u00f3b\u00e1ltak \u00e1tv\u00e1gni <strong>Unai Emery<\/strong> \u00e1ll\u00e1sain. Mik\u00f6zben \u2013 <strong>Daniele Rugani<\/strong> szem\u00e9ly\u00e9ben \u2013 a keret tud\u00e1sbeli hi\u00e1nya a saj\u00e1t kapuja el\u0151tt kiejtette a Juventust.\r\n\r\nA Benfica\u2013Ajax m\u00e1sk\u00e9ppen alakult. Mivel a hollandok pontosan azzal k\u00e9sz\u00fcltek, amivel Portug\u00e1li\u00e1ban, <strong>N\u00e9lson Ver\u00edssim\u00f3nak<\/strong> nem ad\u00f3dott m\u00e1s dolga, mint erre felk\u00e9sz\u00edteni az alakulat\u00e1t, \u00e9s a riv\u00e1lis 4-3-3-as szerkezet\u00e9t 4-4-1-el t\u00fckr\u00f6zni (a csat\u00e1r m\u00f6g\u00f6tt helyet foglal\u00f3 <strong>Ramos<\/strong> k\u00f6vette<strong> Edson \u00c1lvarezt<\/strong>, m\u00edg a k\u00e9t marad\u00e9k bels\u0151 k\u00f6z\u00e9pp\u00e1ly\u00e1st<strong> Adel Taarabt<\/strong> \u00e9s <strong>Julian Weigl<\/strong> fogta). Messze <strong>Erik ten Hag<\/strong> egy\u00fcttese emelkedett ki a futball min\u0151s\u00e9g\u00e9t tekintve, \u00e1m belefutott ugyanabba a falba, amibe a Manchester United \u00e9s a Juventus. Nem tudott v\u00e1ltani. M\u00edg a Benfica \u2013 \u00e9ppen, mint a Villarreal \u00e9s az Al\u00e9tico \u2013 v\u00e9gig k\u00f6vethette, amit eltervezett (hiszen minden \u00fagy m\u0171k\u00f6d\u00f6tt, ahogyan szerett\u00e9k volna), addig az Ajax hi\u00e1ba tornyosult az ellenfele f\u00f6l\u00e9, a tizenhatoson bel\u00fcl egyszer\u0171en nem tudta bevinni a v\u00e9gs\u0151 \u00fct\u00e9st. Ergo:\r\n\r\n<span class=\"highlight-block\">pont a legfontosabb c\u00e9l veszett oda.<\/span>\r\n\r\nAz a h\u00e1rom csapat jutott tov\u00e1bb, amely b\u00e1r passz\u00edv hozz\u00e1\u00e1ll\u00e1ssal futballozott, egyszer sem ingott meg az elk\u00e9pzel\u00e9seiben. \u00c9s az a h\u00e1rom esett ki, amelynek az eredeti, kock\u00e1zatosabb elgondol\u00e1s\u00e1ba hiba cs\u00faszott, \u00edgy B-terv hi\u00e1ny\u00e1ban elbukott.\r\n<h2>Nem tudni, hogyan jut el a k\u00f6vetkez\u0151 helysz\u00ednre a Chelsea, de sim\u00e1n tov\u00e1bbment<\/h2>\r\nAz elm\u00falt hetekhez hasonl\u00f3an egy ideig \u00fagy t\u0171nt, a Chelsea orra al\u00e1 borsot t\u00f6r es\u00e9lytelenebb ellenfele, \u00e1m<strong> Thomas Tuchel<\/strong> csapata v\u00e9g\u00fcl viszonylag k\u00f6nnyed\u00e9n z\u00e1rta le a k\u00fczdelmet. Na, nem mintha a 2-0-s odav\u00e1g\u00f3 ut\u00e1n olyan borzalmasan nagy rem\u00e9nyeket d\u00e9delgethetett volna a Lille. Miut\u00e1n a m\u00e1sodik j\u00e1t\u00e9kr\u00e9szre<strong> Mason Mount<\/strong> is be\u00e1llt, a<strong> Kai Havertz-cel<\/strong> \u00e9s <strong>Christian Pulisic-kal<\/strong> alkotott, egyre ink\u00e1bb \u00f6sszekov\u00e1csol\u00f3d\u00f3 tri\u00f3ja lez\u00e1rta az \u00f6sszecsap\u00e1st. Erre a t\u00e1mad\u00f3sorra \u00e9rdemes figyelni\u00fck a potenci\u00e1lis ellenfeleknek, mert nagyon \u00fagy n\u00e9z ki, hogy ez marad a n\u00e9met edz\u0151 mesterterve az id\u00e9ny hajr\u00e1j\u00e1ra. A londoni k\u00e9kekre a mostani h\u00e9t v\u00e9g\u00e9n m\u00e9g egy Middlesbrough elleni FA Kupa-meccs v\u00e1r, azt\u00e1n j\u00f6n a v\u00e1logatott sz\u00fcnet.\r\n\r\n<span class=\"highlight-block-small\">Nyilv\u00e1n a klub k\u00f6r\u00fcl abban rem\u00e9nykednek, hogy a z\u00e1r\u00f3 hetekre m\u00e1r a tulajdonl\u00e1st \u00f6vez\u0151 probl\u00e9m\u00e1kat megoldva fordulhatnak r\u00e1. <\/span>\r\n\r\nAddig is rem\u00e9nykedhetnek, hogyha olasz csapat m\u00e1r nem maradt \u00e1llva, \u201elegal\u00e1bb\u201d a Benfic\u00e1val sem sorsolj\u00e1k \u00f6ssze \u0151ket. Lisszabon aut\u00f3p\u00e1ly\u00e1n haladva majdnem egynapi \u00fat Londonb\u00f3l \u00e9s, ha nem kapnak k\u00f6lcs\u00f6nbe rep\u00fcl\u0151t, neh\u00e9z lesz m\u00e1s m\u00f3don belef\u00e9rni a szankci\u00f3k \u00e1ltal szabott p\u00e9nz\u00fcgyi keretbe...\r\n\r\n<strong>A BL-h\u00e9t eredm\u00e9nyei:<\/strong> Ajax\u2013Benfica 0-1 (tov\u00e1bbjutott a Benfica 3-2-es \u00f6sszes\u00edt\u00e9ssel), Manchester United\u2013Atl\u00e9tico Madrid 0-1 (tj.: Atl\u00e9tico, 2-1), Juventus\u2013Villarreal 0-3 (tj.: Villarreal, 4-1), Lille\u2013Chelsea 1-2 (tj.: Chelsea, 4-1).\r\n\r\n[prefabricated_shortcode in_app=\"0\" code=\"%3Cdiv%20class%3D%22article_box_border%22%20style%3D%22background%3A%20url%28%27https%3A%2F%2F24.p3k.hu%2Fapp%2Fuploads%2Fsites%2F24%2F2021%2F05%2Fsport24-pattern.png%27%29%20no-repeat%20left%20-16px%20%23f3f3f4%3B%20border%3A%20none%3B%22%3E%0D%0A%3Cdiv%20class%3D%22article_solidheader%22%3E%0D%0A%3Ch2%20style%3D%22color%3A%20%23111115%21important%3B%20font-size%3A%2036px%3B%20font-weight%3A%20bold%3B%20margin-bottom%3A%2030px%3B%20margin-top%3A%2020px%3B%20text-align%3A%20center%3B%20line-height%3A%2036px%3B%22%3E%3Cimg%20class%3D%22aligncenter%20size-full%20wp-image-141%22%20src%3D%22https%3A%2F%2F24.p3k.hu%2Fapp%2Fuploads%2Fsites%2F24%2F2021%2F05%2Fs24-logo-dt.png%22%20alt%3D%22%22%20width%3D%22408%22%20height%3D%2290%22%20%2F%3E%3C%2Fh2%3E%0D%0A%3Ch2%20style%3D%22color%3A%20%23111115%21important%3B%20font-size%3A%2036px%3B%20font-weight%3A%20bold%3B%20margin-bottom%3A%2030px%3B%20margin-top%3A%2020px%3B%20text-align%3A%20center%3B%20line-height%3A%2040px%3B%22%3ECsatlakozz%20a%20Sport24%20k%C3%B6z%C3%B6ss%C3%A9ghez%2C%20mondd%20el%20v%C3%A9lem%C3%A9nyedet%20z%C3%A1rt%20Facebook-csoportunkban%2C%20%C3%A9s%20vegy%C3%A9l%20r%C3%A9szt%20csak%20el%C5%91fizet%C5%91knek%20el%C3%A9rhet%C5%91%20exkluz%C3%ADv%20esem%C3%A9nyeinken.%3C%2Fh2%3E%0D%0A%3C%2Fdiv%3E%0D%0A%3Cp%20style%3D%22background%3A%20%2357A600%3B%20margin-top%3A%2020px%3B%20padding%3A%2020px%3B%20text-align%3A%20center%3B%22%3E%3Ca%20style%3D%22color%3A%20%23ffffff%3B%20font-size%3A%2026px%3B%20font-weight%3A%20600%3B%22%20href%3D%22https%3A%2F%2Fwww.facebook.com%2Fgroups%2F212344460412327%22%3ECSATLAKOZOM%3C%2Fa%3E%3C%2Fp%3E%0D%0A%0D%0A%3C%2Fdiv%3E\"]","type":"rich","thumbnail_url":"https:\/\/s.24.hu\/app\/uploads\/sites\/24\/2022\/03\/cr-150x150.jpg","thumbnail_width":150,"thumbnail_height":150}