{"version":"1.0","provider_name":"Sport24","provider_url":"https:\/\/sport24.24.hu","author_name":"Bruckner G\u00e1bor","author_url":"https:\/\/sport24.24.hu\/author\/brucknerg\/","title":"BL-\u00e1lmok nyom\u00e1ban: kezd be\u00e9rni Arteta Arsenalja","html":"Az Arsenal legut\u00f3bb 2016-ban tudta kiharcolni a Premier League-ben az indul\u00e1s jog\u00e1t a k\u00f6vetkez\u0151 Bajnokok Lig\u00e1ja-sorozatra. Ennek az \u00e9vadnak az utols\u00f3 m\u00e9rk\u0151z\u00e9sen, az Aston Villa 4-0-s legy\u0151z\u00e9se alkalm\u00e1val l\u00e9pett p\u00e1ly\u00e1ra utolj\u00e1ra az \u00c1gy\u00fasok mez\u00e9ben <strong>Mikel Arteta<\/strong>, aki most a csapat menedzserek\u00e9nt vezetheti vissza a klubot a legrangosabb eur\u00f3pai kupasorozatba.\r\n\r\nAz \u00e9szak-londoni egy\u00fcttes a legut\u00f3bbi BL-szerepl\u00e9s \u00f3ta elb\u00facs\u00faztatta a kispadt\u00f3l a legend\u00e1s <strong>Ars\u00e9ne Wengert<\/strong>, m\u00e1sf\u00e9l \u00e9v ut\u00e1n megk\u00f6sz\u00f6nte <strong>Unai Emery<\/strong> munk\u00e1j\u00e1t, \u00e9s minden bizalm\u00e1t az els\u0151 vezet\u0151edz\u0151i megb\u00edzat\u00e1s\u00e1t v\u00e1llal\u00f3 Artet\u00e1ba fektette. Miut\u00e1n az elm\u00falt k\u00e9t szezonban az Arsenal egyar\u00e1nt csak a 8. helyen v\u00e9gzett a Premier League-ben, a jelek szerint a bizalom v\u00e9gre megt\u00e9r\u00fclni l\u00e1tszik.\r\n\r\n<span class=\"highlight-block-small\">Az Arsenal jelenleg \u00fagy \u00e1ll k\u00e9tpontos h\u00e1tr\u00e1nnyal az 5. helyen, hogy k\u00f6zvetlen riv\u00e1lisai k\u00f6z\u00fcl a Manchester Unitedn\u00e9l n\u00e9gy, a West Hamn\u00e9l h\u00e1rom, a Tottenhamn\u00e9l pedig kett\u0151vel kevesebb meccset j\u00e1tszott, <\/span>\r\n\r\na statisztik\u00e1kkal \u00e9s el\u0151rejelz\u00e9sekkel foglalkoz\u00f3 fivethirtyeight.com 64 sz\u00e1zal\u00e9kos es\u00e9lyt ad arra, hogy siker\u00fclni kiharcolnia a BL-indul\u00e1s jog\u00e1t.\r\n\r\nPedig a szezon elej\u00e9n sokkal ink\u00e1bb t\u0171nt re\u00e1lis c\u00e9lnak a legjobb hat k\u00f6z\u00e9 visszaker\u00fcl\u00e9s, \u00e9s azzal legal\u00e1bb az Eur\u00f3pa Liga el\u00e9r\u00e9se, f\u0151leg miut\u00e1n az els\u0151 h\u00e1rom bajnoki m\u00e9rk\u0151z\u00e9sen a s\u00e9r\u00fcl\u00e9sek \u00e9s a koronav\u00edrus \u00e1ltal is h\u00e1tr\u00e1ltatott \u00c1gy\u00fasok veres\u00e9get szenvedtek, r\u00e1ad\u00e1sul a Manchester City ellen egy 5-0-s zak\u00f3ba siker\u00fclt beleszaladniuk. Az\u00f3ta viszont nagyot fordult a vil\u00e1g \u00c9szak-Londonban, \u00e9s hossz\u00fa \u00e9vek \u00f3ta el\u0151sz\u00f6r lehetnek igaz\u00e1n bizakod\u00f3ak a csapat drukkerei. M\u00e9g akkor is, ha az \u00e9vad v\u00e9g\u00e9n esetleg m\u00e9gsem siker\u00fclne visszat\u00e9rni az eur\u00f3pai topszintre.\r\n<div class=\"payable-content-section\"><\/div>\r\n<h2>A rend \u00e9s a harm\u00f3nia a lelke mindennek<\/h2>\r\nMiut\u00e1n Mikel Arteta 2016-ban az Arsenal csapatkapit\u00e1nyak\u00e9nt befejezte labdar\u00fag\u00f3-p\u00e1lyafut\u00e1s\u00e1t, azonnal elfoglalta a hely\u00e9t a Manchester Cityhez akkor meg\u00e9rkez\u0151<strong> Pep Guardiola<\/strong> mellett a katal\u00e1n edz\u0151 st\u00e1bj\u00e1ban. Ugyan Guardiol\u00e1val ellent\u00e9tben Arteta soha nem l\u00e9pett p\u00e1ly\u00e1ra a Barcelona feln\u0151ttcsapat\u00e1ban, a La Masia n\u00f6vend\u00e9kek\u00e9nt j\u00f3l ismerte, s\u0151t p\u00e9ldak\u00e9pk\u00e9nt tekintett a k\u00e9s\u0151bbi sikeredz\u0151re.\r\n\r\n[caption id=\"attachment_3929\" align=\"alignnone\" width=\"1024\"]<img class=\"size-large wp-image-3929\" src=\"https:\/\/sport24.24.hu\/app\/uploads\/sites\/24\/2022\/03\/gettyimages-1194781695-1024x683.jpg\" alt=\"\" width=\"1024\" height=\"683\" \/> Mikel Arteta \u00e9s Pep Guardiola a City kispadj\u00e1n[\/caption]\r\n\r\nA kettej\u00fck k\u00f6z\u00f6tti k\u00f6tel\u00e9ket j\u00f3l p\u00e9ld\u00e1zza, hogy amikor 2012-ben a Guardiola \u00e1ltal ir\u00e1ny\u00edtott Barcelona egy Chelsea elleni m\u00e9rk\u0151z\u00e9sre k\u00e9sz\u00fclt, az akkor m\u00e9g j\u00e1t\u00e9kosk\u00e9nt b\u0151ven akt\u00edv Arteta volt az, akit\u0151l a katal\u00e1n mester tan\u00e1csot k\u00e9rt az \u00e1ltala j\u00f3l ismert ellenf\u00e9llel kapcsolatban.\r\n\r\nMiut\u00e1n Arteta a s\u00e9r\u00fcl\u00e9sei miatt a karrierje v\u00e9ge fel\u00e9 a p\u00e1ly\u00e1n m\u00e1r nem sokszor tudott seg\u00edteni a csapat\u00e1n, a hangs\u00falyt legink\u00e1bb edz\u0151i tanulm\u00e1nyaira helyezte, \u00edgy nem csoda, hogy Guardiola Angli\u00e1ba \u00e9rkezve egyb\u0151l lecsapott r\u00e1.\r\n\r\nAz egy\u00fctt t\u00f6lt\u00f6tt \u00e9vek alatt a Manchester City Angli\u00e1ban minden lehets\u00e9ges tr\u00f3fe\u00e1t megnyert, \u00e9s a j\u00e1t\u00e9kosk\u00e9nt \u00f6nmag\u00e1val szemben is maximalista\r\n\r\n<span class=\"highlight-block\">Arteta nemcsak tanult Guardiol\u00e1t\u00f3l, hanem testk\u00f6zelb\u0151l l\u00e1thatta, hogyan m\u0171k\u00f6dik egy gy\u0151ztes csapat \u00f6lt\u00f6z\u0151je. <\/span>\r\n\r\n\u00c9s mik\u00e9nt lehet egys\u00e9get teremteni a kereten bel\u00fcl, ak\u00e1r vil\u00e1gszt\u00e1rok k\u00f6z\u00f6tt is.\r\n\r\nAz Arsenalnak pedig rendk\u00edv\u00fcl nagy sz\u00fcks\u00e9ge volt a klubon \u00e9s az \u00f6lt\u00f6z\u0151n bel\u00fcli kult\u00farav\u00e1lt\u00e1sra, ami Arteta egyik legfontosabb feladata lett a 2019 december\u00e9ben t\u00f6rt\u00e9nt kinevez\u00e9s\u00e9t k\u00f6vet\u0151en.\r\n\r\n\u201eEls\u0151sorban a tisztelet, majd azt k\u00f6vet\u0151en az elk\u00f6telezetts\u00e9g \u00e9s a szenved\u00e9ly. Ez a h\u00e1rom dolog n\u00e1lam nem k\u00e9pezi alku t\u00e1rgy\u00e1t. Ha ez mind megvan, akkor biztos vagyok benne, hogy nagy dolgokat vihet\u00fcnk v\u00e9ghez egy\u00fctt\u201d \u2013 mondta el els\u0151 interj\u00faj\u00e1ban a fiatal szakember, imm\u00e1r az Arsenal edz\u0151jek\u00e9nt.\r\n\r\n\u00c9s Arteta komolyan is gondolta, hogy meghonos\u00edtja azokat az \u00e9rt\u00e9keket, amelyeket \u2013 elmond\u00e1sa szerint \u2013 a saj\u00e1t csal\u00e1dj\u00e1b\u00f3l, illetve j\u00e1t\u00e9kos- \u00e9s edz\u0151i p\u00e1lyafut\u00e1s\u00e1nak tapasztalataib\u00f3l mer\u00edtett, \u00e9s amelyek mellett m\u00e1ig kitart.\r\n\r\nAz els\u0151 ilyen \u00e1ldozat <strong>Mesut \u00d6zil<\/strong> volt, akivel kapcsolatban a Londonban t\u00f6lt\u00f6tt \u00e9vei alatt sz\u00e1mos kritika fogalmaz\u00f3dott meg a hozz\u00e1\u00e1ll\u00e1sa miatt, de Arteta kinevez\u00e9s\u00e9t k\u00f6vet\u0151en minden egyes bajnoki m\u00e9rk\u0151z\u00e9sen kezdett eg\u00e9szen a koronav\u00edrus j\u00e1rv\u00e1ny kit\u00f6r\u00e9s\u00e9nek k\u00f6vetkezt\u00e9ben elrendelt k\u00e9nyszersz\u00fcnetig. Az \u00fajraindul\u00e1s ut\u00e1n viszont m\u00e1r egyszer sem l\u00e9pett p\u00e1ly\u00e1ra, a k\u00f6vetkez\u0151 szezonra pedig m\u00e1r nem is nevezte \u0151t az edz\u0151je a bajnoki keretbe, \u00e9s v\u00e9g\u00fcl ingyen t\u00e1vozott a Fenerbahce csapat\u00e1hoz.\r\n\r\nSzint\u00e9n ebben az id\u0151szakban v\u00e1lt kegyvesztett\u00e9 <strong>Matteo Guendouzi<\/strong>, akinek a viselked\u00e9s\u00e9vel el\u0151sz\u00f6r a csapat dubaji edz\u0151t\u00e1bor\u00e1ban akadt gond, majd miut\u00e1n egy Brighton elleni bajnokin a saj\u00e1t fizet\u00e9s\u00e9vel k\u00e9rkedve tiszteletlen\u00fcl viselkedett az ellenf\u00e9llel, Arteta \u0151t is sz\u00e1m\u0171zte a csapatb\u00f3l. Hi\u00e1ba volt akkoriban \u0151 a keret egyik legjobb fiatal j\u00e1t\u00e9kosa, el\u0151sz\u00f6r k\u00f6lcs\u00f6nbe a Herth\u00e1hoz, majd az Olympique Marseille-hez ker\u00fclt, \u00e9s a francia egy\u00fcttes v\u00e9g\u00fcl meg is v\u00e1s\u00e1rolta az \u00c1gy\u00fasokt\u00f3l.\r\n\r\n<img class=\"alignnone size-large wp-image-3928\" src=\"https:\/\/sport24.24.hu\/app\/uploads\/sites\/24\/2022\/03\/gettyimages-1352347908-1024x740.jpg\" alt=\"\" width=\"1024\" height=\"740\" \/>\r\n\r\nA legnagyobbat azonban mindenk\u00e9ppen a csapatkapit\u00e1ny, <strong>Pierre-Emerick Aubameyang<\/strong> \u00fcgye sz\u00f3lt. A gaboni szt\u00e1rcsat\u00e1rt m\u00e1r az el\u0151z\u0151 szezonban is fegyelmeznie kellett Artet\u00e1nak, miut\u00e1n elk\u00e9sett a Tottenham elleni \u00e9szak-londoni derbi el\u0151tti csapatmegbesz\u00e9l\u00e9sr\u0151l, de a poh\u00e1r akkor telt be, amikor decemberben egy k\u00fclf\u00f6ldi utat k\u00f6vet\u0151en nem jelentkezett id\u0151ben edz\u00e9sre. A klub hivatalos k\u00f6zlem\u00e9nyben tudatta, hogy\r\n\r\n<span class=\"highlight-block-small\">Aubameyangot t\u00f6bbsz\u00f6ri kih\u00e1g\u00e1s miatt megfosztott\u00e1k a csapatkapit\u00e1nyi tiszts\u00e9gt\u0151l, majd Arteta \u0151t is kirakta a keretb\u0151l, hogy janu\u00e1r v\u00e9g\u00e9n ingyen a Barcelona csapat\u00e1hoz igazoljon.<\/span>\r\n\r\nEzekb\u0151l az esetekb\u0151l vil\u00e1gosan l\u00e1tszik, hogy Mikel Artet\u00e1t egy\u00e1ltal\u00e1n nem \u00e9rdekli, egy-egy j\u00e1t\u00e9kos st\u00e1tusza, ha rendszeresen v\u00e9t az \u00e1ltala megfogalmazott alapelvek ellen. Amennyiben azzal \u00e1rt a csapatnak, akkor nincs helye az Arsenaln\u00e1l. \u00c1m aki hajland\u00f3 be\u00e1llni a sorba, \u00e9s megtenni a sz\u00fcks\u00e9ges er\u0151fesz\u00edt\u00e9seket a siker\u00e9rt, az az \u0151 bizalm\u00e1t is \u00e9lvezni fogja.\r\n<h2>Visszat\u00e9r\u00e9s a fiatals\u00e1ghoz<\/h2>\r\nMiut\u00e1n az Arsenal 2017-ben el\u0151sz\u00f6r maradt le a Bajnokok Lig\u00e1ja-indul\u00e1st \u00e9r\u0151 helyekr\u0151l, a c\u00e9l egy\u00e9rtelm\u0171en az volt, hogy a csapat min\u00e9l el\u0151bb visszaker\u00fclj\u00f6n az elit sorozatba. Csakhogy az azonnali eredm\u00e9nyek \u00e9rdek\u00e9ben sz\u00e1mos hib\u00e1t siker\u00fclt elk\u00f6vetni az \u00e1tigazol\u00e1si piacon, r\u00e1ad\u00e1sul olyan j\u00e1t\u00e9kosok is el\u0151ny\u00f6s szerz\u0151d\u00e9shez jutottak, akik min\u0151s\u00e9gben nem \u00fct\u00f6tt\u00e9k meg az elv\u00e1rt szintet.\r\n\r\nK\u00e9s\u0151bb <strong>Josh Kroenke<\/strong>, az Arsenal amerikai tulajdonos\u00e1nak, <strong>Stan Kroenke-nak<\/strong> a fia is \u00fagy fogalmazott: a klub \u00fagy szerepel az Eur\u00f3pa Lig\u00e1ban, hogy k\u00f6zben a b\u00e9rkerete egy Bajnokok Lig\u00e1ja-r\u00e9sztvev\u0151 klubnak megfeleltethet\u0151.\r\n\r\nEnnek ellen\u00e9re az Arsenal a friss FA Kupa-sikeren felbuzdulva m\u00e9g az Arteta kinevez\u00e9s\u00e9t k\u00f6vet\u0151 els\u0151 ny\u00e1ron is arra koncentr\u00e1lt, hogy min\u00e9l gyorsabban siker\u00fclj\u00f6n l\u00e1tv\u00e1nyos fejl\u0151d\u00e9st el\u00e9rnie. Ez\u00e9rt a klub leigazolta <strong>Thomas Partey-t<\/strong> 50 milli\u00f3 eur\u00f3\u00e9rt az Atl\u00e9tico Madridt\u00f3l, a 31. \u00e9let\u00e9v\u00e9t m\u00e1r bet\u00f6lt\u0151 Pierre-Emerick Aubameyang szerz\u0151d\u00e9s\u00e9t eg\u00e9szen 2023-ig meg\u00faj\u00edtott\u00e1k, \u00e9s heti 300 ezer fontos fizet\u00e9ssel a csapat legjobban keres\u0151 j\u00e1t\u00e9kos\u00e1v\u00e1 tett\u00e9k. Ugyanekkor \u00e9rkezett a Chelsea-t\u0151l a szerz\u0151d\u00e9se lej\u00e1rt\u00e1t k\u00f6vet\u0151en a 32 \u00e9ves <strong>Willian<\/strong>. Az ut\u00f3bbi k\u00e9t j\u00e1t\u00e9kossal k\u00f6t\u00f6tt meg\u00e1llapod\u00e1s azonban nagy hib\u00e1nak bizonyult. Aubameyang teljes\u00edtm\u00e9nye l\u00e1tv\u00e1nyosan visszaesett a kor\u00e1bbiakhoz k\u00e9pest, Willian pedig soha nem tudta megk\u00f6zel\u00edteni a Londoni d\u00e9li fel\u00e9n ny\u00fajtott teljes\u00edtm\u00e9ny\u00e9t.\r\n\r\nAz Arsenal emiatt is rendk\u00edv\u00fcl pocs\u00e9kul teljes\u00edtett a 2020\/21-es \u00e9vad els\u0151 fel\u00e9ben, mik\u00f6zben a csapat legjobb j\u00e1t\u00e9kosa egy\u00e9rtelm\u0171en a saj\u00e1t nevel\u00e9s\u0171, mind\u00f6ssze 19 \u00e9ves <strong>Bukayo Saka<\/strong> volt. Mell\u00e9 decemberben felz\u00e1rk\u00f3zott a kor\u00e1bban s\u00e9r\u00fcl\u00e9sekkel bajl\u00f3d\u00f3, szint\u00e9n akad\u00e9mista <strong>Emile Smith Rowe<\/strong> \u00e9s a brazil<strong> Gabriel Martinelli<\/strong>, valamint janu\u00e1rban meg\u00e9rkezett k\u00f6lcs\u00f6nbe a Real Madridt\u00f3l a 22 \u00e9ves <strong>Martin \u00d6degaard<\/strong>. Javar\u00e9szt nekik k\u00f6sz\u00f6nhet\u0151en az \u00c1gy\u00fasok szezonj\u00e1nak m\u00e1sodik fele m\u00e1r sokkal jobb \u00e9s kiegyens\u00falyozottabb j\u00e1t\u00e9kot hozott, \u00e9s att\u00f3l kezdve egy\u00e9rtelm\u0171v\u00e9 v\u00e1lt, hogy milyen ir\u00e1nyt kell vennie a klubnak az \u00e1tigazol\u00e1si piacon.\r\n\r\n[caption id=\"attachment_3930\" align=\"alignnone\" width=\"1024\"]<img class=\"size-large wp-image-3930\" src=\"https:\/\/sport24.24.hu\/app\/uploads\/sites\/24\/2022\/03\/gettyimages-1361065519-1024x720.jpg\" alt=\"\" width=\"1024\" height=\"720\" \/> Bukayo Saka \u00e9s Martin \u00d6degaard[\/caption]\r\n\r\n<span class=\"highlight-block\">Az \u00c1gy\u00fasok 2021 nyar\u00e1n nett\u00f3 121 milli\u00f3 fontos k\u00f6lt\u00e9ssel a legt\u00f6bb p\u00e9nzt ford\u00edtott\u00e1k \u00faj igazol\u00e1sokra a Premier League csapatai k\u00f6z\u00fcl, <\/span>\r\n\r\nugyanakkor fontos v\u00e1ltoz\u00e1s volt a kor\u00e1bbiakhoz k\u00e9pest, hogy a megszerzett j\u00e1t\u00e9kosok kiv\u00e9tel n\u00e9lk\u00fcl 23 aluliak voltak. Olyanok, akik r\u00e9szint a k\u00f6vetkez\u0151 \u00e9vekben m\u00e9g tov\u00e1bb \u00e9rt\u00e9kes\u00edthet\u0151k, r\u00e9szint j\u00f3val kevesebb fizet\u00e9ssel is be\u00e9rik, mint a tapasztaltabb futballist\u00e1k. Ennek \u00e9s a sokat keres\u0151 j\u00e1t\u00e9kosok elenged\u00e9s\u00e9nek k\u00f6sz\u00f6nhet\u0151en janu\u00e1r v\u00e9g\u00e9re az Arsenal az el\u0151z\u0151 szezonhoz k\u00e9pest 157 milli\u00f3 fontr\u00f3l 87 milli\u00f3 fontra cs\u00f6kkentette a j\u00e1t\u00e9kosok fizet\u00e9s\u00e9re \u00e9ves szinten ford\u00edtott \u00f6sszeget.\r\n\r\nR\u00e1ad\u00e1sul az \u00f6sszes megszerzett fiatal j\u00e1t\u00e9kos t\u00f6k\u00e9letesen illik az Arteta \u00e1ltal elk\u00e9pzelt rendszerbe \u00e9s j\u00e1t\u00e9kst\u00edlusba. A 35 milli\u00f3 font\u00e9rt igazolt \u00d6degaard v\u00e9gleges megszerz\u00e9s\u00e9vel az Arsenal \u2013 a norv\u00e9g f\u00e9l\u00e9vnyi remek j\u00e1t\u00e9ka ut\u00e1n \u2013 pontosan tudta, hogy mit kap, \u00e9s mostanra a fiatal skandin\u00e1v a csapat egyik legfontosabb j\u00e1t\u00e9kos\u00e1v\u00e1 n\u0151tte ki mag\u00e1t, mik\u00f6zben remek p\u00e1rost alkot Bukayo Sak\u00e1val a p\u00e1lya jobb oldal\u00e1n.\r\n\r\nTerm\u00e9szetesen a k\u00e9t legdr\u00e1g\u00e1bb igazol\u00e1st \u00e9rte el\u0151zetesen a legkomolyabb kritika. A kapuba \u00e9rkez\u0151 <strong>Aaron Ramsdale<\/strong> kor\u00e1bban k\u00e9t csapattal, a Bournemouth-szal \u00e9s a Sheffield Uniteddel is kiesett a Premier League-b\u0151l, \u00e9s egyik klubn\u00e1l sem ny\u00fajtott kiemelked\u0151 teljes\u00edtm\u00e9nyt, \u00edgy sokan cs\u00f3v\u00e1lt\u00e1k a fej\u00fcket, amikor az Arsenal 28 milli\u00f3 eur\u00f3t fizetett a 23 \u00e9ves j\u00e1t\u00e9kos\u00e9rt. \u0150 viszont m\u00e1r a harmadik fordul\u00f3ban \u00e1tvette a kor\u00e1bban els\u0151 sz\u00e1m\u00fa kapusnak sz\u00e1m\u00edt\u00f3 <strong>Bernd Leno<\/strong> hely\u00e9t, \u00e9s r\u00f6gt\u00f6n vil\u00e1goss\u00e1 v\u00e1lt, hogy mi\u00e9rt nem sajn\u00e1lt\u00e1k \u00e9rte a p\u00e9nzt az \u00c1gy\u00fasok. A tizenhatos ural\u00e1s\u00e1n t\u00fal Ramsdale a t\u00e1mad\u00e1s\u00e9p\u00edt\u00e9sek ter\u00e9n is \u00f3ri\u00e1si el\u0151nyt jelent az Arsenalnak. Nyom\u00e1s alatt nemcsak r\u00f6viden k\u00e9pes megj\u00e1tszani a labd\u00e1t, hanem ak\u00e1r hajsz\u00e1lpontos, hossz\u00fa ind\u00edt\u00e1sokkal is \u00e1t tudja j\u00e1tszani ak\u00e1r az ellenf\u00e9l teljes let\u00e1mad\u00e1s\u00e1t, s persze a v\u00e9d\u00e9sekkel sem maradt ad\u00f3s.\r\n\r\nUgyancsak az \u00e1tigazol\u00e1si \u00f6sszeget sokallt\u00e1k <strong>Ben White<\/strong> eset\u00e9ben, akit 58 milli\u00f3 eur\u00f3\u00e9rt szerz\u0151dtetett a londoni csapat a Brightont\u00f3l. A szint\u00e9n csak 23 \u00e9ves angol v\u00e1logatott v\u00e9d\u0151 azonban minden elv\u00e1r\u00e1snak eleget tesz, amit Arteta megfogalmaz egy k\u00f6z\u00e9ph\u00e1tv\u00e9ddel szemben. Agilis, j\u00f3l olvassa a j\u00e1t\u00e9kot, kiv\u00e1l\u00f3an passzol \u00e9s k\u00e9pes ak\u00e1r megindul\u00e1sokkal is seg\u00edteni a csapat\u00e1t. Mag\u00e1ra vonja az ellenf\u00e9l j\u00e1t\u00e9kosainak figyelm\u00e9t, hogy a t\u00e1rsait szabadd\u00e1 tegye.\r\n\r\nAz \u00e1tigazol\u00e1si id\u0151szak utols\u00f3 napj\u00e1n megszerzett <strong>Takehiro Tomiyasu<\/strong> egyel\u0151re szint\u00e9n \u00f3ri\u00e1si fog\u00e1snak bizonyul. A Bologn\u00e1t\u00f3l igazolt v\u00e9d\u0151 t\u00f6k\u00e9letesen t\u00f6lti be jobbh\u00e1tv\u00e9dk\u00e9nt azt a hibrid szerepk\u00f6rt, ami Arteta rendszer\u00e9ben kulcsfontoss\u00e1g\u00fa. Ha kell, harmadik k\u00f6z\u00e9ph\u00e1tv\u00e9dk\u00e9nt helyezkedik, ha kell, a k\u00f6z\u00e9pp\u00e1ly\u00e1ra h\u00faz\u00f3dik be, mik\u00f6zben k\u00e9tl\u00e1bass\u00e1ga miatt nagyon neh\u00e9z zavarba hozni a labd\u00e1val, s\u0151t a l\u00e9gi p\u00e1rbajainak \u00e1tlagosan t\u00f6bb mint a fel\u00e9t is megnyeri.\r\n\r\nAz eddig felsorolt j\u00e1t\u00e9kosok szeptemberben m\u00e1r mind kezd\u0151k\u00e9nt l\u00e9ptek p\u00e1ly\u00e1ra a Norwich City elleni bajnokin a s\u00e9r\u00fcl\u00e9sb\u0151l fel\u00e9p\u00fcl\u0151 <strong>Gabriel Magalhaessel<\/strong> egyetemben, m\u00edg az augusztusban elvesz\u00edtett, \u00e9s 9 kapott g\u00f3llal z\u00e1rult h\u00e1rom meccsen szerepeltek k\u00f6z\u00fcl egyed\u00fcl <strong>Kieran Tierney<\/strong> maradt meg \u00e1lland\u00f3 kezd\u0151k\u00e9nt az akkori, \u00f6sszet\u00e1kolt v\u00e9delemb\u0151l.\r\n\r\nMellett\u00fck pedig m\u00e9g \u00e9rdemes megeml\u00edteni a k\u00e9t 21 \u00e9ves j\u00e1t\u00e9kost, <strong>Albert Sambi Lokong\u00e1t<\/strong>, aki belga v\u00e1logatott k\u00f6z\u00e9pp\u00e1ly\u00e1sk\u00e9nt ak\u00e1r <strong>Thomas Partey<\/strong> hossz\u00fa t\u00e1v\u00fa ut\u00f3dja is lehet, valamint<strong> Nuno Tavarest<\/strong>, aki meggy\u0151z\u0151 teljes\u00edtm\u00e9nyt ny\u00fajt Tierney helyettesek\u00e9nt.\r\n<h2>\u00dajabb l\u00e9p\u00e9s a taktikai evol\u00faci\u00f3ban<\/h2>\r\nMivel Arteta \u00e9vekig dolgozott Guardiol\u00e1val, nem csoda, hogy mestere taktikai elk\u00e9pzel\u00e9seib\u0151l is sokat mer\u00edtett. Guardiol\u00e1hoz hasonl\u00f3an Arteta is poz\u00edci\u00f3s j\u00e1t\u00e9kra \u00e9p\u00edti fel a csapat\u00e1t, vagy a ter\u00fcletek megfelel\u0151 eloszt\u00e1s\u00e1val igyekszik l\u00e9tsz\u00e1mbeli, poz\u00edci\u00f3s, min\u0151s\u00e9gi f\u00f6l\u00e9nyt kiharcolni az ellenfelekkel szemben.\r\n\r\nUgyan Arteta filoz\u00f3fi\u00e1ja m\u00e1r a kinevez\u00e9s\u00e9t k\u00f6vet\u0151 els\u0151 m\u00e9rk\u0151z\u00e9sein testet \u00f6lt\u00f6tt, az azt k\u00f6vet\u0151 id\u0151szakban sz\u00e1mos k\u00f6r\u00fclm\u00e9ny nehez\u00edtette a dolg\u00e1t. El\u0151sz\u00f6r a koronav\u00edrus miatti le\u00e1ll\u00e1st \u00e9s Mesut \u00d6zil sz\u00e1m\u0171z\u00e9s\u00e9t k\u00f6vet\u0151en kreat\u00edv k\u00f6z\u00e9pp\u00e1ly\u00e1s h\u00edj\u00e1n le kellett mondania az addig \u00e1ltala prefer\u00e1lt 4-2-3-1-es j\u00e1t\u00e9krendszerr\u0151l (amely labd\u00e1val t\u00f6bbnyire 3-2-5-re, vagy 2-3-5-re m\u00f3dosult), \u00e9s egy konzervat\u00edvabb, hibrid 3-4-3 mellett tette le a voks\u00e1t. Ezzel els\u0151sorban az ellenfeleket akarta kicsalogatni, hogy ut\u00e1na gyors kombin\u00e1ci\u00f3s j\u00e1t\u00e9kkal jusson el egy\u00fcttese a g\u00f3lszerz\u00e9si lehet\u0151s\u00e9gekig.\r\n\r\nhttps:\/\/www.youtube.com\/watch?v=v6pDItwUVVw&amp;t=3s\r\n\r\nEz az elk\u00e9pzel\u00e9s remek\u00fcl m\u0171k\u00f6d\u00f6tt a 2020-as FA Kupa-menetel\u00e9s sor\u00e1n. Az el\u0151d\u00f6nt\u0151ben az \u00e9ppen Guardiola \u00e1ltal ir\u00e1ny\u00edtott Manchester Cityt, a d\u00f6nt\u0151ben pedig a Chelsea-t siker\u00fclt fel\u00fclm\u00falni, azonban az \u0151szre teljesen kiismerhet\u0151v\u00e9 v\u00e1lt az Arsenal j\u00e1t\u00e9ka, \u00e9s kreat\u00edv k\u00f6z\u00e9pp\u00e1ly\u00e1s h\u00edj\u00e1n az eredm\u00e9nyek addig romlottak, hogy decemberre az is felvet\u0151d\u00f6tt: meg kellene v\u00e1lni Mikel Artet\u00e1t\u00f3l. A Chelsea elleni kar\u00e1csonyi rangad\u00f3ra viszont fel\u00e9p\u00fclt Emile Smith Rowe, akivel az Arsenal vissza tudott \u00e1llni a kor\u00e1bbi j\u00e1t\u00e9k\u00e1ra, \u00e9s megindult felfel\u00e9, amit \u00d6degaard k\u00e9s\u0151bbi \u00e9rkez\u00e9se is el\u0151seg\u00edtett.\r\n\r\nAm\u00edg 2020. december 26-ig az Arsenal mind\u00f6ssze a 15. legt\u00f6bb pontot gy\u0171jt\u00f6tte, a szezon h\u00e1tral\u00e9v\u0151 r\u00e9sz\u00e9ben m\u00e1r csak a Manchester City \u00e9s a Manchester United teljes\u00edtett jobban az \u00c1gy\u00fasokn\u00e1l. Az \u00e9vad els\u0151 fel\u00e9nek pocs\u00e9k szerepl\u00e9se viszont azt jelentette, hogy 2021\/22-ben az \u00e9szak-londoniak egyetlen eur\u00f3pai kupasorozatban sem indulhattak.\r\n\r\nAm\u00edg Arteta csapata a most fut\u00f3 \u00e9vad els\u0151 fel\u00e9ben sz\u00e9pen kapaszkodott, a m\u00e9rk\u0151z\u00e9seit m\u00e9g nem tudta teljes m\u00e9rt\u00e9kben domin\u00e1lni labd\u00e1val \u00e9s labda n\u00e9lk\u00fcl sem. A december elej\u00e9n az Everton ellen 2-1-re elvesz\u00edtett m\u00e9rk\u0151z\u00e9s \u00f3ta viszont t\u00edzb\u0151l mind\u00f6ssze egyetlen meccset vesz\u00edtettek el egy d\u00f6ntetlen mellett, \u00e9s a v\u00e1rhat\u00f3 szerzett \u00e9s kapott g\u00f3ljaik k\u00fcl\u00f6nbs\u00e9ge (xGD) is csak a Liverpool\u00e9n\u00e1l volt rosszabb ebben az id\u0151szakban.\r\n\r\nEhhez az kellett, hogy Arteta megl\u00e9pje, amit m\u00e1r b\u0151 egy \u00e9vvel kor\u00e1bban is akart. \u201eSzeretn\u00e9nk jobban a 4-3-3 fel\u00e9 elmozdulni, de ehhez nagyon specifikus dolgokra van sz\u00fcks\u00e9g\u00fcnk minden poz\u00edci\u00f3ban. Most viszont \u00f6t-hat poszton ez nem \u00e1ll rendelkez\u00e9s\u00fcnkre. Sz\u00e1momra a form\u00e1ci\u00f3kn\u00e1l sokkal fontosabb, hogy mik\u00e9nt t\u00f6lt\u00fcnk fel bizonyos ter\u00fcleteket. Ugyanakkor sz\u00e1mos hasonl\u00f3 st\u00edlus\u00fa j\u00e1t\u00e9kosunk van, akik ezeken a ter\u00fcleteken nem \u00e9rzik magukat k\u00e9nyelmesen, ez\u00e9rt rendszeresen v\u00e1ltoztatnunk kell.\u201d\r\n\r\n<img class=\"alignnone size-full wp-image-3916\" src=\"https:\/\/sport24.24.hu\/app\/uploads\/sites\/24\/2022\/03\/1-kep-1.png\" alt=\"\" width=\"3905\" height=\"2197\" \/>\r\n\r\nAz Arsenal december k\u00f6zepe \u00f3ta egy\u00e9rtelm\u0171en elkezdett 4-3-3-as alakzatban j\u00e1tszani, amelyben a poz\u00edci\u00f3k sokkal kev\u00e9sb\u00e9 k\u00f6t\u00f6ttek, mint az ezt megel\u0151z\u0151 h\u00f3napokban voltak, \u00e1m a j\u00e1t\u00e9kosok dinamikusan k\u00e9pesek felt\u00f6lteni az edz\u0151 \u00e1ltal fontosnak gondolt ter\u00fcleteket.\r\n\r\nEz k\u00e9t nagyobb v\u00e1ltoz\u00e1st jelent: egyr\u00e9szt az Aubameyangot lev\u00e1lt\u00f3 <strong>Alexandre Lacazette<\/strong> szinte hamis kilencesk\u00e9nt m\u00e9lyen helyezkedve k\u00e9pes l\u00e9tsz\u00e1mf\u00f6l\u00e9nyt kialak\u00edtani a k\u00f6z\u00e9pp\u00e1ly\u00e1n, m\u00e1sr\u00e9szt \u2013 ami tal\u00e1n a legnagyobb v\u00e1ltoz\u00e1s \u2013 <strong>Granit Xhaka<\/strong> magasabb poz\u00edci\u00f3t vesz fel a bal oldali f\u00e9lter\u00fcletben. A sv\u00e1jci j\u00e1t\u00e9kos kor\u00e1bban m\u00e9lyen, gyakran a balh\u00e1tv\u00e9d hely\u00e9re l\u00e9pett vissza, hogy Kieran Tierney magasan tudjon helyezkedni, \u00e9s egy az egyben megverhesse az ember\u00e9t, vagy a f\u00e9lter\u00fcletben helyezked\u0151 sz\u00e9ls\u0151vel kombin\u00e1lva bead\u00e1sokig tudjon eljutni. Ez a minta azonban gyakran t\u00fals\u00e1gosan is kisz\u00e1m\u00edthat\u00f3v\u00e1 tette az Arsenal j\u00e1t\u00e9k\u00e1t a bal oldalon.\r\n\r\nXhaka feljebb tol\u00e1s\u00e1val egy\u00fctt Tierney gyakran m\u00e9lyebb poz\u00edci\u00f3b\u00f3l kezd, ami egyr\u00e9szt nagyobb biztons\u00e1got ad az Arsenalnak a kontr\u00e1k elleni v\u00e9dekez\u00e9sben, m\u00e1sr\u00e9szt ez a k\u00e9t j\u00e1t\u00e9kos a sz\u00e9ls\u0151vel (legyen ez Gabriel Martinelli vagy Emile Smith Rowe) folyamatosan cser\u00e9lgetheti a poz\u00edci\u00f3j\u00e1t. \u00cdgy el\u0151fordul, hogy Martinelli helyezkedik a sz\u00e9len, Xhaka k\u00f6z\u00e9pen, \u00e9s Tierney egy al\u00e1ker\u00fcl\u00e9ssel tud j\u00f3 poz\u00edci\u00f3ba ker\u00fclni. Vagy ak\u00e1r Xhaka l\u00e9p vissza, kimozgat egy j\u00e1t\u00e9kost a hely\u00e9r\u0151l, \u00edgy a sz\u00e9ls\u0151 befel\u00e9 mozogva tudja t\u00e1madni az \u00fcres ter\u00fcletet, Tierney pedig egy m\u00f6g\u00e9 ker\u00fcl\u00e9ssel oszthatja meg a figyelmet.\r\n\r\n<img class=\"alignnone size-full wp-image-3917\" src=\"https:\/\/sport24.24.hu\/app\/uploads\/sites\/24\/2022\/03\/2-kep-2.png\" alt=\"\" width=\"3905\" height=\"2197\" \/>\r\n\r\nEnn\u00e9l a jelenetn\u00e9l is j\u00f3l l\u00e1tszik, ahogy Xhaka magasabban helyezkedve szabadon megj\u00e1tszhat\u00f3 egy diagon\u00e1lis \u00e1tad\u00e1ssal, mivel az ellenf\u00e9l sz\u00e9ls\u0151je Tierney miatt magasan helyezkedik, a k\u00f6z\u00e9pp\u00e1ly\u00e1n <strong>Ruben Neves<\/strong> pedig a visszal\u00e9p\u0151 Lacazette el\u0151l pr\u00f3b\u00e1lja elz\u00e1rni a passzs\u00e1vot.\r\n\r\n<img class=\"alignnone size-full wp-image-3918\" src=\"https:\/\/sport24.24.hu\/app\/uploads\/sites\/24\/2022\/03\/3-kep-2.png\" alt=\"\" width=\"3905\" height=\"2197\" \/>\r\n\r\nAz els\u0151 labda ugyan pontatlan volt, de a ter\u00fcletek j\u00f3 eloszt\u00e1sa miatt az Arsenal azonnal vissza tudta szerezni, \u00e9s a Xhaka fel\u00e9 n\u00e9h\u00e1ny l\u00e9p\u00e9st megtev\u0151 sz\u00e1rnyv\u00e9d\u0151 m\u00f6g\u00e9 azonnal indult a szabad ter\u00fcletbe Martinelli.\r\n\r\nUgyanaz a dinamikus rot\u00e1ci\u00f3 pedig m\u00e9g hat\u00e9konyabban m\u0171k\u00f6dik a jobb oldalon, ahol Bukayo Saka \u00e9s Martin \u00d6degaard k\u00f6z\u00f6tt elk\u00e9peszt\u0151 k\u00e9mia alakult ki az elm\u00falt hetekben. Folyamatosan reag\u00e1lnak egym\u00e1s mozg\u00e1s\u00e1ra, ha az egyik\u00fck befel\u00e9 mozog, akkor a m\u00e1sik kil\u00e9p a sz\u00e9lre, \u00e9s ebbe a kombin\u00e1ci\u00f3ba tud besz\u00e1llni a jobbh\u00e1tv\u00e9d is, ahogyan ezt teszi Tierney a m\u00e1sik oldalon.\r\n\r\n<img class=\"alignnone size-full wp-image-3919\" src=\"https:\/\/sport24.24.hu\/app\/uploads\/sites\/24\/2022\/03\/4-kep-1.png\" alt=\"\" width=\"3905\" height=\"2197\" \/>\r\n\r\nSzint\u00e9n a Wolverhampton elleni m\u00e9rk\u0151z\u00e9sen a bal oldali k\u00f6z\u00e9ph\u00e1tv\u00e9d csak n\u00e9h\u00e1ny l\u00e9p\u00e9st tett a vonalak k\u00f6z\u00f6tt helyezked\u0151 \u00d6degaard fel\u00e9, de Saka ezt r\u00f6gt\u00f6n \u00e9szlelve, a sz\u00e9lr\u0151l bel\u00e9pve azonnal beindul\u00e1ssal t\u00e1madta a ter\u00fcletet, <strong>Cedric Soares<\/strong> pedig jobbh\u00e1tv\u00e9dk\u00e9nt r\u00f6gt\u00f6n kiv\u00e1ltott a sz\u00e9lre Saka kor\u00e1bbi poz\u00edci\u00f3j\u00e1ba. Az Arsenal teh\u00e1t a poz\u00edci\u00f3s j\u00e1t\u00e9k alapelveit fenntartva folyamatosan felt\u00f6lt\u00f6tte a sz\u00fcks\u00e9ges ter\u00fcleteket, de mindezt dinamikusan tette, ezzel folyamatosan l\u00e9p\u00e9sk\u00e9nyszerbe hozva az ellenfel\u00e9t.\r\n\r\n<img class=\"alignnone size-full wp-image-3920\" src=\"https:\/\/sport24.24.hu\/app\/uploads\/sites\/24\/2022\/03\/5-kep.png\" alt=\"\" width=\"3905\" height=\"2197\" \/>\r\n\r\nA Watford ellen megnyert legut\u00f3bbi bajnokin pedig egy mes\u00e9s g\u00f3lt hozott \u00f6ssze m\u00e1r a meccs elej\u00e9n a Saka, \u00d6degaard p\u00e1ros. A norv\u00e9g k\u00f6z\u00e9pp\u00e1ly\u00e1s ism\u00e9t kimozgatott egy v\u00e9d\u0151t a hely\u00e9r\u0151l, Saka pedig megint beindult, hogy \u00d6degaard sarokkal egyb\u0151l vissza tudja tenni neki a labd\u00e1t, hogy azt\u00e1n \u0151 maga \u00e9rkezzen a csapatt\u00e1rsa k\u00f6z\u00e9pre gur\u00edt\u00e1s\u00e1ra.\r\n\r\nAz Arsenal sz\u00e1m\u00e1ra a legt\u00f6bb probl\u00e9m\u00e1t a t\u00e1mad\u00f3j\u00e1t\u00e9kban kor\u00e1bban az okozta, hogy t\u00fals\u00e1gosan kisz\u00e1m\u00edthat\u00f3v\u00e1 tudott v\u00e1lni a csapat labdaj\u00e1rat\u00e1sa, de az elm\u00falt h\u00f3napok v\u00e1ltoztat\u00e1sai ebben \u00f3ri\u00e1si fejl\u0151d\u00e9st hoztak. R\u00e1ad\u00e1sul a nagy munkab\u00edr\u00e1s\u00fa Lacazette csapatba ker\u00fcl\u00e9s\u00e9vel, valamint az olyan fiatal j\u00e1t\u00e9kosokkal, mint Saka, \u00d6degaard, Martinelli vagy Smith Rowe, az Arsenal k\u00e9pes labda n\u00e9lk\u00fcl is fokozottan nyom\u00e1st helyezni az ellenf\u00e9lre. Ennek nyom\u00e1n pedig gyorsabban k\u00e9pesek visszaszerezni a labd\u00e1t, \u00e9s jobban kontroll alatt tudj\u00e1k tartani a m\u00e9rk\u0151z\u00e9seket.\r\n\r\n[caption id=\"attachment_3921\" align=\"alignnone\" width=\"2048\"]<img class=\"size-full wp-image-3921\" src=\"https:\/\/sport24.24.hu\/app\/uploads\/sites\/24\/2022\/03\/6-kep.png\" alt=\"\" width=\"2048\" height=\"2048\" \/> Az Arsenal j\u00e1t\u00e9kosainak nyom\u00e1sgyakorl\u00e1sai kilencven perces \u00e1tlagban a k\u00f6z\u00e9ps\u0151 \u00e9s a t\u00e1mad\u00f3harmadban[\/caption]\r\n\r\nAz Arsenal teh\u00e1t rendk\u00edv\u00fcl nagy utat tett meg Mikel Arteta kinevez\u00e9se \u00f3ta, \u00e9s ebben az \u00e9vadban m\u00e1r egy\u00e9rtelm\u0171en l\u00e1tsz\u00f3dik, hogy az egy\u00fcttes j\u00f3 \u00faton j\u00e1r. Mostant\u00f3l pedig csak az a k\u00e9rd\u00e9s, hogy hasonl\u00f3 \u00fctemben siker\u00fcl-e fejl\u0151dni a tov\u00e1bbiakban is egy \u00fajabb, j\u00f3l siker\u00fclt ny\u00e1ri \u00e1tigazol\u00e1si id\u0151szaknak k\u00f6sz\u00f6nhet\u0151en. Ezen egy\u00e9rtelm\u0171en sokat seg\u00edtene, ha a szezon v\u00e9g\u00e9n brav\u00fart v\u00e9grehajtva siker\u00fclne kiharcolni a Bajnokok Lig\u00e1ja-indul\u00e1s jog\u00e1t a Premier League legalacsonyabb \u00e1tlag\u00e9letkor\u00fa csapat\u00e1val.\r\n\r\n[prefabricated_shortcode in_app=\"0\" code=\"%3Cdiv%20class%3D%22article_box_border%22%20style%3D%22background%3A%20url%28%27https%3A%2F%2F24.p3k.hu%2Fapp%2Fuploads%2Fsites%2F24%2F2021%2F05%2Fsport24-pattern.png%27%29%20no-repeat%20left%20-16px%20%23f3f3f4%3B%20border%3A%20none%3B%22%3E%0D%0A%3Cdiv%20class%3D%22article_solidheader%22%3E%0D%0A%3Ch2%20style%3D%22color%3A%20%23111115%21important%3B%20font-size%3A%2036px%3B%20font-weight%3A%20bold%3B%20margin-bottom%3A%2030px%3B%20margin-top%3A%2020px%3B%20text-align%3A%20center%3B%20line-height%3A%2036px%3B%22%3E%3Cimg%20class%3D%22aligncenter%20size-full%20wp-image-141%22%20src%3D%22https%3A%2F%2F24.p3k.hu%2Fapp%2Fuploads%2Fsites%2F24%2F2021%2F05%2Fs24-logo-dt.png%22%20alt%3D%22%22%20width%3D%22408%22%20height%3D%2290%22%20%2F%3E%3C%2Fh2%3E%0D%0A%3Ch2%20style%3D%22color%3A%20%23111115%21important%3B%20font-size%3A%2036px%3B%20font-weight%3A%20bold%3B%20margin-bottom%3A%2030px%3B%20margin-top%3A%2020px%3B%20text-align%3A%20center%3B%20line-height%3A%2040px%3B%22%3ECsatlakozz%20a%20Sport24%20k%C3%B6z%C3%B6ss%C3%A9ghez%2C%20mondd%20el%20v%C3%A9lem%C3%A9nyedet%20z%C3%A1rt%20Facebook-csoportunkban%2C%20%C3%A9s%20vegy%C3%A9l%20r%C3%A9szt%20csak%20el%C5%91fizet%C5%91knek%20el%C3%A9rhet%C5%91%20exkluz%C3%ADv%20esem%C3%A9nyeinken.%3C%2Fh2%3E%0D%0A%3C%2Fdiv%3E%0D%0A%3Cp%20style%3D%22background%3A%20%2357A600%3B%20margin-top%3A%2020px%3B%20padding%3A%2020px%3B%20text-align%3A%20center%3B%22%3E%3Ca%20style%3D%22color%3A%20%23ffffff%3B%20font-size%3A%2026px%3B%20font-weight%3A%20600%3B%22%20href%3D%22https%3A%2F%2Fwww.facebook.com%2Fgroups%2F212344460412327%22%3ECSATLAKOZOM%3C%2Fa%3E%3C%2Fp%3E%0D%0A%0D%0A%3C%2Fdiv%3E\"]","type":"rich","thumbnail_url":"https:\/\/s.24.hu\/app\/uploads\/sites\/24\/2022\/03\/gettyimages-1342886324-150x150.jpg","thumbnail_width":150,"thumbnail_height":150}