{"version":"1.0","provider_name":"Sport24","provider_url":"https:\/\/sport24.24.hu","author_name":"Fut\u00f3 Csaba","author_url":"https:\/\/sport24.24.hu\/author\/futocs\/","title":"Hi\u00e1ba Messi \u00e9s Neymar, a katariak p\u00e1rizsi projektje j\u00e9ghegynek csap\u00f3dott","html":"<strong>Nasszer al-Kelaifi<\/strong>, a Paris Saint-Germain eln\u00f6ke 2013 janu\u00e1rj\u00e1ban egy francia lapnak adott <a href=\"https:\/\/www.leparisien.fr\/sports\/football\/psg\/al-khelaifi-trois-ans-pour-gagner-la-ligue-des-champions-04-01-2013-2453181.php\">interj\u00fat<\/a>. Nev\u00e9t addigra m\u00e1r ismerte a k\u00f6zv\u00e9lem\u00e9ny, \u0151 volt a katari \u00e1llammal \u00f6sszefon\u00f3dott p\u00e1rizsi terv egyik arca. \u201eAmikor 2011-ben meg\u00e9rkezt\u00fcnk P\u00e1rizsba, \u00f6t \u00e9vet adtunk magunknak, hogy felz\u00e1rk\u00f3zzunk az eur\u00f3pai \u00e9lvonalba \u00e9s megnyerj\u00fck a Bajnokok Lig\u00e1j\u00e1t. \u00dagyhogy m\u00e9g van h\u00e1rom \u00e9v\u00fcnk\u201d \u2013 mondta, majd hozz\u00e1tette: \u201ea PSG-b\u0151l egy nagy eur\u00f3pai klubot, de legf\u0151k\u00e9pp egy nemzetk\u00f6zi sportm\u00e1rk\u00e1t akarunk faragni.\u201d\r\n\r\n<span class=\"highlight-block-small\">E nyilatkozat \u00f3ta 9 \u00e9v telt el. A PSG ezalatt t\u00f6bb mint 2 milli\u00e1rd eur\u00f3t inveszt\u00e1lt j\u00e1t\u00e9kosokba \u00e9s infrastruktur\u00e1lis fejleszt\u00e9sekbe.<\/span>\r\n\r\nA p\u00e1ly\u00e1n \u00e9s a plak\u00e1tokon <strong>Lionel Messi<\/strong>, <strong>Neymar<\/strong>, <strong>Kylian Mbapp\u00e9<\/strong> arck\u00e9pei vir\u00edtanak. N\u00e9h\u00e1ny megbicsakl\u00e1st\u00f3l eltekintve a p\u00e1rizsiak sorra nyerik a francia bajnoks\u00e1got. 2021-ben a Forbes <a href=\"https:\/\/en.psg.fr\/teams\/club\/content\/paris-saint-germain-enters-forbes-top-10-most-valuable-soccer-clubs-psg-forbes-club\">list\u00e1j\u00e1n<\/a> beker\u00fcltek a 10 leg\u00e9rt\u00e9kesebb futballklub k\u00f6z\u00e9. A Bajnokok Lig\u00e1j\u00e1ban azonban mind\u00f6ssze egy d\u00f6nt\u0151t j\u00e1tszottak, azt is elvesztett\u00e9k. A nemzetk\u00f6zi szerepl\u00e9seiket n\u00e9zve pedig el\u0151bb juthatnak esz\u00fcnkbe a bukfenceik, mint a sikereik.\r\n\r\nP\u00e1rizsban fogalomm\u00e1 v\u00e1lt a \u201eremontada\u201d. Ez a spanyol kifejez\u00e9s olyannyira be\u00e9p\u00fclt a francia k\u00f6znyelvbe, hogy a Larousse enciklop\u00e9dia is <a href=\"https:\/\/www.lefigaro.fr\/sports\/free-zone\/fil-info\/le-mot-remontada-dans-le-dictionnaire-larousse-en-2021-1002321\">betette<\/a> az \u00e9vente friss\u00fcl\u0151 fogalomt\u00e1r\u00e1ba. A remontada azt jelenti: visszaj\u00f6vetel. Olyan helyzetr\u0151l van sz\u00f3, amikor az ellenf\u00e9l rem\u00e9nytelen\u00fcl vesztes \u00e1ll\u00e1sb\u00f3l megford\u00edtja az eredm\u00e9nyt \u00e9s megnyeri a m\u00e9rk\u0151z\u00e9st. P\u00e1rizsban ott tartanak, hogy m\u00e1r nem is kell kimondani a sz\u00f3t, el\u00e9g ha \u00f6sszef\u0171zik, hogy Barcelona, Manchester United \u00e9s most legut\u00f3bb, Real Madrid.\r\n\r\n[caption id=\"attachment_3907\" align=\"aligncenter\" width=\"2000\"]<img class=\"size-full wp-image-3907\" src=\"https:\/\/sport24.24.hu\/app\/uploads\/sites\/24\/2022\/03\/068_aa_10032022_642993.jpg\" alt=\"\" width=\"2000\" height=\"1337\" \/> Marco Verratti harcol a labd\u00e1\u00e9rt Karim Benzem\u00e1val a PSG-Real Madrid BL-m\u00e9rk\u0151z\u00e9sen a Santiago Bernabeu stadionban 2022. m\u00e1rcius 9-\u00e9n. BURAK AKBULUT \/ ANADOLU AGENCY \/ Via AFP)[\/caption]\r\n\r\nDe mi vezetett ezekhez a remontad\u00e1khoz? Mit\u0151l lett ilyen szerves r\u00e9sze a PSG szellemis\u00e9g\u00e9nek a m\u00e1r-m\u00e1r kisz\u00e1m\u00edthat\u00f3 kisz\u00e1m\u00edthatatlans\u00e1g? Mi\u00e9rt van az, hogy telnek az \u00e9vek, de az \u00f6sszeoml\u00e1sok nem sz\u0171nnek?\r\n<div class=\"payable-content-section\"><\/div>\r\nSokan ilyenkor a j\u00e1t\u00e9kosokban tal\u00e1lj\u00e1k meg a hib\u00e1t, akik egy \u00e9les helyzetben l\u00e1tv\u00e1nyos bakl\u00f6v\u00e9st k\u00f6vetnek el, vagy naphosszat l\u00f3gnak a telefonjaikon, \u00e9s szabadidej\u00fckben divatbemutat\u00f3kra j\u00e1rnak.\r\n<blockquote>Nem akart\u00e1k el\u00e9gg\u00e9 a gy\u0151zelmet<\/blockquote>\r\n\u2013 mondj\u00e1k, amikor m\u00e1r t\u00e9nyleg elfogynak az \u00e9rvek. A j\u00e1t\u00e9kosoknak is kij\u00e1r a felel\u0151ss\u00e9g egy-egy szelete, de nem benn\u00fck kell keresni a hib\u00e1t. A felel\u0151ss\u00e9g a p\u00e1rizsi vezet\u0151ket terheli, akik olyan felt\u00e9teleket hoztak l\u00e9tre, amelyekkel meg\u00e1gyaztak a sorozatos remontad\u00e1knak.\r\n\r\n\u00c9vek \u00f3ta megfigyelhet\u0151, hogy a francia f\u0151v\u00e1rosban sosem alakult ki \u00f6sszehangolt sportpolitika. 2011 \u00f3ta \u00f6t sportigazgat\u00f3 fordult meg P\u00e1rizsban. A hivatalban l\u00e9v\u0151 <strong>Leonardo<\/strong> m\u00e1r a m\u00e1sodik ciklus\u00e1t t\u00f6lti, az els\u0151 alkalommal az\u00e9rt kellett elmennie, mert egy m\u00e9rk\u0151z\u00e9s ut\u00e1n meg\u00fct\u00f6tt egy b\u00edr\u00f3t. Volt, hogy a posztot senki nem t\u00f6lt\u00f6tte be. El\u0151fordult, hogy az FC Port\u00f3hoz ezer sz\u00e1lon k\u00f6t\u0151d\u0151 \u00e9s a jutal\u00e9kok vil\u00e1g\u00e1ban meglehet\u0151sen j\u00e1ratos <strong>Antero Henrique<\/strong> volt a felel\u0151s, akinek m\u00f3dszerei miatt a Bayern vezet\u0151s\u00e9ge a m\u00e9di\u00e1n kereszt\u00fcl <a href=\"https:\/\/bleacherreport.com\/articles\/2793910-uli-hoeness-slams-psgs-antero-henrique-after-failed-jerome-boateng-transfer\">\u00fczente meg<\/a>, hogy jobb lenne, ha elhagyn\u00e1 a p\u00e1ly\u00e1t. Volt, hogy a kor\u00e1bbi holland v\u00e1logatott labdar\u00fag\u00f3 <strong>Patrick Kluivert<\/strong> vitte a boltot, akir\u0151l \u00fagy tudni, hogy egyszer egy rep\u00fcl\u0151t\u00e9rr\u0151l j\u00f6vet egy\u00fctt utazott egy frissen leigazolt j\u00e1t\u00e9kos\u00e1val, akit nem ismert fel. Bemutatkozott, majd a j\u00e1t\u00e9kos <a href=\"https:\/\/www.bvb.de\/eng\/News\/Overview\/Thomas-Meunier-La-Machine-the-pacey-postman\">\u00edgy v\u00e1laszolt<\/a>: \u201e<strong>Thomas Meunier<\/strong> vagyok. \u00c9n vagyok az, akit maga leigazolt.\u201d\r\n\r\nAz elm\u00falt \u00e9vekben sosem lehetett tudni, hogy hol sz\u00fcletnek a klubot \u00e9rint\u0151 d\u00f6nt\u00e9sek. Egyesek szerint a PSG k\u00f6zpontja nem P\u00e1rizs volt, hanem Doha. A katari em\u00edr maga is futballrajong\u00f3nak vallja mag\u00e1t, akinek a f\u00fcl\u00e9be szint\u00e9n futballrajong\u00f3 tan\u00e1csad\u00f3k duruzsolnak. Bizonyos j\u00e1t\u00e9kosokat szem\u00e9lyes kapcsolati alapon cserk\u00e9sztek be. Az argentin <strong>Giovanni Lo Cels\u00f3t<\/strong> 2016-ban \u00fagy igazolt\u00e1k le, hogy a klub HR-felel\u0151se az argentin ex-teniszez\u0151 <strong>Luiz Ferrerrel<\/strong> besz\u00e9lt, aki teniszk\u00f6r\u00f6kb\u0151l ismerte az em\u00edrt, \u00edgy kiss\u00e9 tudott r\u00e1 hatni. Folyamatosan reppentek fel olyan h\u00edrek, hogy az eln\u00f6k, a sportigazgat\u00f3 \u00e9s a mindenkori edz\u0151 k\u00f6z\u00f6tt folyamatos a sz\u00e9th\u00faz\u00e1s, \u00e9s mindenki a saj\u00e1t \u00fcgyn\u00f6ki h\u00e1l\u00f3j\u00e1t prefer\u00e1lja.\r\n\r\n\u201eEg\u00f3harc\u201d \u2013 <a href=\"https:\/\/m.allfootballapp.com\/news\/EPL\/Reporter-makes-allegations-on-PSG-fake-signed-jerseys-use-of-drugs-conflicts\/2749749\">jellemezte<\/a> egy sz\u00f3val a helyzetet <strong>Romain Molina<\/strong>, a PSG bel\u00fcgyeit j\u00f3l ismer\u0151 francia \u00fajs\u00e1g\u00edr\u00f3, aki szerint t\u00f6bb, k\u00e9tes h\u00e1tter\u0171 \u00fcgyn\u00f6k is szabadon k\u00f3ric\u00e1lhatott az edz\u00e9seken \u00e9s a csapat rendezv\u00e9nyein.\r\n\r\n<span class=\"highlight-block-small\">Kusza felel\u0151ss\u00e9gi k\u00f6r\u00f6k, l\u00e1thatatlan vezet\u0151k, \u00e1tj\u00e1r\u00f3h\u00e1z. Tal\u00e1n nem v\u00e9letlen, hogy <strong>Thomas Tuchel<\/strong> egyszer <a href=\"https:\/\/www.theguardian.com\/sport\/2020\/dec\/24\/thomas-tuchel-psg-sacking-shows-push-and-pull-coaching-and-politics-paris-saint-germain\">\u00fagy fogalmazott<\/a>, P\u00e1rizsban nem is edz\u0151nek, hanem ink\u00e1bb sportminiszternek \u00e9rezte mag\u00e1t.<\/span>\r\n\r\nNem csak az int\u00e9zm\u00e9nyi szerkezet nem stimmelt. Amikor lehetett v\u00e1lasztani, hogy egy helyzetben hatalmi szempont\u00fa vagy racion\u00e1lis d\u00f6nt\u00e9s sz\u00fclessen, a d\u00f6nt\u00e9shoz\u00f3k az els\u0151 fel\u00e9 hajlottak. A PSG sorra vette a l\u00e9pcs\u0151fokokat, \u00e1m minden bajnoki c\u00edm \u00e9s hazai kupasiker mell\u00e9 jutott egy Bajnokok Lig\u00e1ja-kies\u00e9s. A kr\u00edzisekben pedig hogyan d\u00f6nt\u00f6tt a vezet\u00e9s? T\u00f6vig nyomt\u00e1k a g\u00e1zt.\r\n<ul>\r\n \t<li>2017-ben a Barcelona elleni 1-6-os remontad\u00e1t k\u00f6vet\u0151 ny\u00e1ron vett\u00e9k meg rekord \u00f6sszeg\u00e9rt a Barcelona kulcsember\u00e9t, Neymart, valamint a Monac\u00f3val bajnoki c\u00edmet nyer\u0151 Kylian Mbapp\u00e9t.<\/li>\r\n \t<li>2018-ban a Manchester United elleni d\u00f6bbenetes kies\u00e9s ut\u00e1ni h\u00f3napokban n\u00e9gy embert is szerz\u0151dtettek az elsivatagosodott k\u00f6z\u00e9pp\u00e1ly\u00e1ra (<strong>Leandro Paredes<\/strong>, <strong>Idrissa Gueye<\/strong>, <strong>Ander Herrera<\/strong>, majd ut\u00e1na <strong>Danilo Pereira<\/strong>).<\/li>\r\n \t<li>Tavaly pedig, amikor Katarban tudt\u00e1k, hogy ez az utols\u00f3 es\u00e9ly\u00fck megnyerni egy BL-tr\u00f3fe\u00e1t a hazai rendez\u00e9s\u0171 vil\u00e1gbajnoks\u00e1g el\u0151tt, kommand\u00f3fokozatba kapcsoltak: egyetlen \u00e1tigazol\u00e1si ablak alatt hozt\u00e1k el Lionel Messit, <strong>Sergio Ramost<\/strong>, <strong>Achraf Hakimit<\/strong>, <strong>Georgino Wijnaldumot<\/strong> \u00e9s <strong>Gianluigi Donnarumm\u00e1t<\/strong>.<\/li>\r\n<\/ul>\r\n<img class=\"size-full wp-image-3905\" src=\"https:\/\/sport24.24.hu\/app\/uploads\/sites\/24\/2022\/03\/000_1mt3u0.jpg\" alt=\"\" width=\"2000\" height=\"1411\" \/>\r\n\r\nFontos, a PSG nemcsak csapatot, hanem m\u00e1rk\u00e1t is akart \u00e9p\u00edteni. A sz\u00e9pen cseng\u0151 nevek \u2013 a sportteljes\u00edtm\u00e9nybeli \u00edg\u00e9ret mellett \u2013 jelent\u0151s kereskedelmi potenci\u00e1lt is jelentettek.\r\n\r\n<span class=\"highlight-block\">A PSG trag\u00e9di\u00e1ja, hogy sosem tudta sz\u00e9tv\u00e1lasztani a kett\u0151t.<\/span>\r\n\r\nAmit fel\u00e9p\u00edtettek, az ink\u00e1bb egy gy\u0171jtem\u00e9nyre hajaz, mintsem egy csapatra. H\u00edvt\u00e1k m\u00e1r \u0151ket Harlem Globetrottersnek, \u00e9l\u0151 Panini-albumnak vagy barbecue-t\u00e1rsas\u00e1gnak, teljesen mindegy, az elnevez\u00e9sek m\u00f6g\u00f6tt ugyanazt lehetett kiolvasni: a nagy nevek j\u00f6nnek-mennek, zs\u00edros szerz\u0151d\u00e9seket k\u00f6tnek, p\u00e1ly\u00e1ra l\u00e9pnek \u00e9s becs\u00fclettel elj\u00e1rnak edz\u00e9sre is, de nem lehet megmondani, hogy tulajdonk\u00e9ppen kik hat\u00e1rozz\u00e1k meg a csapatot. Gondoljunk csak arra, hogy a PSG-n\u00e9l megfordultak az al\u00e1bbi nevek: <strong>Lassana Diarra<\/strong>,<strong> David Beckham<\/strong>, <strong>Dani Alves<\/strong>, <strong>Hatem Ben Arfa<\/strong> \u00e9s <strong>Grzegorz Krychowiak<\/strong>. <strong>Julian Draxler<\/strong> szerd\u00e1n m\u00e9g p\u00e1ly\u00e1ra is l\u00e9pett.\r\n\r\nA sportszakmai k\u00e9rd\u00e9sek k\u00f6zben \u00e9vr\u0151l \u00e9vre ism\u00e9tl\u0151dtek.\r\n<ul>\r\n \t<li>Lehet manaps\u00e1g \u00fagy v\u00e9dekezni, hogy a t\u00e1mad\u00f3k nem z\u00e1rnak vissza?<\/li>\r\n \t<li>Hogyan lehet p\u00f3tolni Neymart, aki s\u00e9r\u00fcl\u00e9sek miatt csak a meccsei fel\u00e9t j\u00e1tssza le?<\/li>\r\n \t<li>Mi van, ha az eredetileg jobbsz\u00e9ls\u0151 Kylian Mbapp\u00e9 ink\u00e1bb csat\u00e1r szeretne lenni?<\/li>\r\n \t<li><a href=\"https:\/\/sport24.24.hu\/foci\/2021\/08\/11\/messi-parizsban-akar-hatranyt-is-jelenthet-az-argentin-erkezese\/\">Hol j\u00e1tsszon Lionel Messi<\/a>? Lehet \u0151t egy\u00e1ltal\u00e1n padoztatni?<\/li>\r\n<\/ul>\r\nEzeket a dilemm\u00e1kat sem <strong>Mauricio Pochettino<\/strong>, sem Thomas Tuchel nem tudta hossz\u00fa t\u00e1von, megnyugtat\u00f3 m\u00f3don megv\u00e1laszolni.\r\n\r\n[central_article_recommendation title=\"Kapcsol\u00f3d\u00f3\" url=\"https:\/\/sport24.24.hu\/foci\/2021\/12\/01\/mitol-ilyen-gyenge-a-paris-saint-germain\/\" image=\"1\" lead=\"1\"]\r\n\r\nS\u0151t, az egym\u00e1s mell\u00e9 pakolt nevek tov\u00e1bbi probl\u00e9m\u00e1kat kre\u00e1ltak. Ilyen volt a kapusok helyzete. <strong>Keylor Navas<\/strong> az eg\u00e9sz p\u00e1rizsi ideje alatt kifog\u00e1stalanul v\u00e9dett, \u00e9s semmi nem indokolta, hogy mell\u00e9 hozz\u00e1k azt a <strong>Gigi Donnarumm\u00e1t<\/strong>, aki Olaszorsz\u00e1gban fiatal kora ellen\u00e9re m\u00e1r komoly st\u00e1tuszt szerzett, \u00e9s nyilv\u00e1nval\u00f3an nem cserekapusk\u00e9nt \u00e9rkezett P\u00e1rizsba. Elhozt\u00e1k, \u00e9s a csapatnak hirtelen lett k\u00e9t els\u0151 sz\u00e1m\u00fa kapusa.\r\n\r\nCsakhogy a PSG egyszer m\u00e1r j\u00e1rt ebben az utc\u00e1ban. 2018-ban Navas mell\u00e9 <strong>Gianluigi Buffont<\/strong> szerz\u0151dtett\u00e9k azzal a c\u00e9llal, hogy rutinja \u00e9s tapasztalata r\u00e9v\u00e9n tal\u00e1n tal\u00e1n siker\u00fcl javulni egy-k\u00e9t sz\u00e1zal\u00e9kot a jobb BL-szerepl\u00e9shez. Thomas Tuchel felv\u00e1ltva j\u00e1tszatta a k\u00e9t kapust. Az egy szezonon \u00e1t tart\u00f3 \u201efej vagy \u00edr\u00e1sban\u201d viszont mindk\u00e9t j\u00e1t\u00e9kos fel\u0151rl\u0151d\u00f6tt. Az eredm\u00e9ny? Buffon a Manchester United ellen d\u00f6ntetlen \u00e1ll\u00e1sn\u00e1l <a href=\"https:\/\/www.youtube.com\/watch?v=FX5I-Qh4NX4&amp;ab_channel=ManchesterUnited\">hib\u00e1zott \u00f3ri\u00e1sit<\/a>. Szerd\u00e1n ugyan\u00edgy Donnarumma k\u00f6vetett el ki nem k\u00e9nyszer\u00edtett hib\u00e1t a Real Madrid ellen.\r\n<blockquote class=\"twitter-tweet\">\r\n<p dir=\"ltr\" lang=\"en\">donnarumma \ud83d\ude39<a href=\"https:\/\/t.co\/WQqqJosCri\">pic.twitter.com\/WQqqJosCri<\/a><\/p>\r\n\u2014 Karim (@Futball_Karim) <a href=\"https:\/\/twitter.com\/Futball_Karim\/status\/1501669680217534471?ref_src=twsrc%5Etfw\">March 9, 2022<\/a><\/blockquote>\r\n<script async src=\"https:\/\/platform.twitter.com\/widgets.js\" charset=\"utf-8\"><\/script>\r\n\r\nA szurkol\u00f3k d\u00fche ilyenkor nem ismer hat\u00e1rokat. Sokan az edz\u0151 szem\u00e9ly\u00e9ben vagy a kapusban tal\u00e1lj\u00e1k meg a f\u0151kolompost, holott t\u00e9ved\u00e9s lenne egy-egy embern\u00e9l leragadni. Ha van lecke, amit egy ideje megtanulhattunk a PSG-r\u0151l, az az, hogy a j\u00e1t\u00e9kosok j\u00f6nnek-mennek, de a probl\u00e9m\u00e1k maradnak. A kor\u00e1bbi edz\u0151k k\u00f6z\u00fcl senki nem t\u00e1vozott a f\u0151bej\u00e1raton \u00e1t, <strong>Laurent Blanc<\/strong>, <strong>Unai Emery<\/strong>, Thomast Tuchel mind ki\u00e9gett, megf\u00e1sult \u00e9s meggy\u00f6t\u00f6rt \u00e1llapotban hagyta el a haj\u00f3t. A titoktart\u00e1si z\u00e1rad\u00e9kok miatt egyik\u00fck sem mutogatott vissza volt munkaad\u00f3j\u00e1ra, \u00e9s l\u00e1tva Mauricio Pochettino megf\u00e1radt von\u00e1sait, szinte bor\u00edt\u00e9kolhat\u00f3, hogy r\u00e1 is b\u00e9k\u00e9sebb id\u0151k v\u00e1rnak.\r\n\r\n<span class=\"highlight-block-small\">A PSG id\u00e9n t\u00f6bbet vesztett, mint egy szimpla focimeccset. 11 \u00e9vnyi pr\u00f3b\u00e1lkoz\u00e1s ut\u00e1n szertefoszlott az az \u00e1lmuk, hogy egy hazai rendez\u00e9s\u0171 v\u00e9b\u00e9n mutogass\u00e1k orsz\u00e1g-vil\u00e1gnak a BL-serleget.<\/span>\r\n\r\nAz ellen a Real Madrid ellen estek ki, mely j\u00f3 es\u00e9llyel el fogja happolni a legfontosabb j\u00e1t\u00e9kosukat, Kylian Mbapp\u00e9t. A francia szerz\u0151d\u00e9se lej\u00e1r a ny\u00e1ron, l\u00e1tva a szem\u00e9lyes amb\u00edci\u00f3it \u00e9s a mostani kies\u00e9st, gyakorlatilag eld\u0151lt, hogy P\u00e1rizsban \u00faj 7-es ut\u00e1n kell n\u00e9zni. <strong>Angel Di Mar\u00eda<\/strong> \u2013 szint\u00e9n lej\u00e1r a szerz\u0151d\u00e9se \u2013 34, Lionel Messi 35 \u00e9ves lesz. Neymar m\u00e1r most azt hangoztatta, nem tudja, mennyi ment\u00e1lis tartal\u00e9k van benne a cs\u00facson marad\u00e1shoz. Az \u00f6nreflexi\u00f3 teljes hi\u00e1nya lenne, ha a PSG a ny\u00e1ron ism\u00e9t r\u00e1l\u00e9pne a g\u00e1zped\u00e1lra.\r\n\r\nA vezet\u00e9s sorsa egyel\u0151re hom\u00e1lyos. Al-Kelaifi a katari hatalmi g\u00f3cpont prominens tagja, aki fontos tiszts\u00e9geket szerzett az UEFA-ban, az Eur\u00f3pai Klubsz\u00f6vets\u00e9gben \u00e9s a francia bajnoks\u00e1gban. A h\u00e1t\u00e1n viszont egyre t\u00f6bb p\u00fap n\u0151tt. Ha igazak a h\u00edrek, a Real Madrid elleni kies\u00e9s ut\u00e1n hal\u00e1losan megfenyegetett egy dolgoz\u00f3t az ellenf\u00e9l st\u00e1bj\u00e1b\u00f3l, \u00e9s <a href=\"https:\/\/rangado.24.hu\/nemzetkozi_foci\/2022\/03\/10\/bajnokok-ligaja-bl-neymar-gianluigi-donnarumma\/\">r\u00e1rontott<\/a> a m\u00e9rk\u0151z\u00e9s b\u00edr\u00f3ira is. Mindezt n\u00e9h\u00e1ny \u00f3r\u00e1val azut\u00e1n tette, hogy egy sv\u00e1jci b\u00edr\u00f3s\u00e1g 28 h\u00f3napos b\u00f6rt\u00f6nb\u00fcntet\u00e9st lebegtetett be a FIFA-gate \u00fcgy\u00e9ben, melyben al-Kelaifit megveszteget\u00e9ssel v\u00e1dolj\u00e1k. Mindemellett ki tudja m\u00e9g, miv\u00e9 fog duzzadni az a <a href=\"https:\/\/www.dw.com\/en\/world-cup-2022-in-qatar-buzz-growing-as-threat-of-boycotts-dwindles\/a-59848445\">bojkotthull\u00e1m<\/a>, amit a katari v\u00e9b\u00e9 l\u00e9tes\u00edtm\u00e9nyein dolgoz\u00f3k t\u00f6meges hal\u00e1lesetei id\u00e9ztek el\u0151.\r\n\r\n[caption id=\"attachment_3908\" align=\"aligncenter\" width=\"2000\"]<img class=\"size-full wp-image-3908\" src=\"https:\/\/sport24.24.hu\/app\/uploads\/sites\/24\/2022\/03\/000_324w2h4.jpg\" alt=\"\" width=\"2000\" height=\"1437\" \/> Mauricio Pochettino vezet\u0151edz\u0151, Leonardo, a csapat sportigazgat\u00f3ja \u00e9s\u00a0Nasszer Al-Khelaifi.[\/caption]\r\n\r\nAl-Kelaifinak persze vannak \u00e9rdemei. C\u00e9lkit\u0171z\u00e9s\u00e9nek megfelel\u0151en fel\u00e9rt\u00e9kelte a klub m\u00e1rk\u00e1j\u00e1t, el\u00e9rte, hogy PSG-re ma egy glob\u00e1lis brandk\u00e9nt tekintenek. Franciaorsz\u00e1gban egyre feljebb k\u00fasznak a rekordok rangsor\u00e1ban, nemzetk\u00f6zi szinten megker\u00fclhetetlen szerepl\u0151k lettek. Az \u00faj edz\u0151k\u00f6zpontot a tervek szerint j\u00f6v\u0151re fogj\u00e1k \u00e1tadni, \u00e9s a klub szakoszt\u00e1lyai (k\u00e9zilabda, kos\u00e1rlabda) is jelent\u0151s sikereket \u00e9rtek el az elm\u00falt \u00e9vekben (b\u00e1r pont a k\u00e9ziseknek szint\u00e9n a BL megnyer\u00e9se jelent gondot).\r\n\r\nA PSG-n\u00e9l viszont ahelyett, hogy klubot \u00e9p\u00edtettek volna, ink\u00e1bb a m\u00e1rk\u00e1ra figyeltek. A visszat\u00e9r\u0151 pszichol\u00f3giai \u00f6sszeoml\u00e1sok, az egym\u00e1sra mutogat\u00e1sok \u00e9s a diszfunkcion\u00e1lis csapatj\u00e1t\u00e9k mind annak a jelei, hogy nincs egy k\u00f6z\u00f6s \u00e9rt\u00e9krendszer. A gy\u0171jtem\u00e9ny m\u00f6g\u00f6tt nincs int\u00e9zm\u00e9ny, csak n\u00e9h\u00e1ny ember, akik szabatosan v\u00e1logatnak az \u00e1tigazol\u00e1si piacon. Csakhogy hi\u00e1ba a vastag p\u00e9nzt\u00e1rca, ha az ellenf\u00e9lnek is majdnem ugyanannyi van, \u00e9s azt okosabban osztja be. Hi\u00e1ba tal\u00e1lkozik a PSG az ideje nagy r\u00e9sz\u00e9ben n\u00e1la gyeng\u00e9bb csapatokkal, azok att\u00f3l m\u00e9g csapatok maradnak.\r\n\r\nTavaly ny\u00e1ron amikor Lionel Messit leigazolt\u00e1k, a PSG-t \u00fagy mutatt\u00e1k be, mint a vil\u00e1g legjobb csapat\u00e1t \u2013 mindezt an\u00e9lk\u00fcl, hogy egyetlen meccset is lej\u00e1tszottak volna. A bejelent\u00e9s \u00f3ta h\u00e9t h\u00f3nap telt el, de m\u00e9g mindig \u00fagy t\u0171nik, mintha egyetlen meccset sem j\u00e1tszottak volna le.","type":"rich","thumbnail_url":"https:\/\/s.24.hu\/app\/uploads\/sites\/24\/2022\/03\/3_075_breton-realmadr220309_npgzp-150x150.jpg","thumbnail_width":150,"thumbnail_height":150}