{"version":"1.0","provider_name":"Sport24","provider_url":"https:\/\/sport24.24.hu","author_name":"Dajka Bal\u00e1zs","author_url":"https:\/\/sport24.24.hu\/author\/dajkab\/","title":"BL-\u00e9rt\u00e9kel\u0151: A Real \u00e9letben maradt, \u00e9s amikor a PSG m\u00e1r azt hitte, nyeregben van, Benzema \u00e9s Modric kiszagolta a v\u00e9rt","html":"<ul>\r\n \t<li>2017: 4-0-s odav\u00e1g\u00f3 ut\u00e1n a Barcelona 6-1-es gy\u0151zelmet arat.<\/li>\r\n \t<li>2019: 2-0-s gy\u0151zelem ut\u00e1n a nyolcadd\u00f6nt\u0151 m\u00e1sodik tal\u00e1lkoz\u00f3j\u00e1n a Manchester United P\u00e1rizsban nyer 3-1-re.<\/li>\r\n \t<li>2022: 1-0-s els\u0151 meccs, egy \u00fajabb <strong>Kylian<\/strong> <strong>Mbapp\u00e9<\/strong>-g\u00f3l \u00e9s egy helyzetekben b\u0151velked\u0151 els\u0151 j\u00e1t\u00e9kr\u00e9sz ut\u00e1n a Real Madrid 17 perc leforg\u00e1sa alatt ford\u00edt.<\/li>\r\n<\/ul>\r\nMind a h\u00e1rom eset a Paris Saint-Germainnel t\u00f6rt\u00e9nt meg az elm\u00falt \u00e9vek Bajnokok Lig\u00e1ja-ki\u00edr\u00e1sai sor\u00e1n, mind a h\u00e1rom esetben a katari hatalom\u00e1tv\u00e9telt k\u00f6vet\u0151en, szt\u00e1rokkal d\u00fas\u00edtott kerettel.\r\n\r\n<span class=\"highlight-block-small\">Az \u00fajkori PSG \u00fagy csuklik \u00f6ssze minden egyes r\u00e1z\u00f3s helyzetben, mint a tart\u00f3pill\u00e9reit vesztett \u00e9p\u00fclet.<\/span>\r\n\r\nRemontada \u2013 ism\u00e9t. Veres\u00e9g el\u0151nyr\u0151l \u2013 ism\u00e9t. Hogyan?\r\n\r\nA Real Madrid \u2013 a h\u00e1tr\u00e1ny\u00e1ra val\u00f3 figyelemmel \u2013 kiss\u00e9 meglep\u0151 m\u00f3don nem nagyon v\u00e1ltoztatott a francia f\u0151v\u00e1rosban rendezett els\u0151 felvon\u00e1shoz k\u00e9pest. Az eltiltott <strong>Casemiro<\/strong> helyett <strong>Valverde<\/strong>, m\u00edg <strong>Mendy<\/strong> posztj\u00e1n <strong>Nacho<\/strong> kezdett, de a hozz\u00e1\u00e1ll\u00e1st tekintve nagy vonalakban ugyanazt l\u00e1thattuk <strong>Carlo Ancelottit\u00f3l<\/strong>.\r\n\r\nA spanyolok t\u00e1mad\u00e1s\u00e9p\u00edt\u00e9s k\u00f6zben rendk\u00edv\u00fcl \u00f3vatosan n\u00e9gy-\u00f6t embert is m\u00e9lyen h\u00e1tul hagytak \u2013 ezzel \u00fcgyelve a Mbapp\u00e9 f\u00e9mjelezte PSG \u2013t\u00e1mad\u00f3sor vill\u00e1mgyors kontr\u00e1ira. Csakhogy mik\u00f6zben az egyik fronton biztos\u00edtani pr\u00f3b\u00e1lt az olasz tr\u00e9ner, addig el\u00f6l ezzel elz\u00e1rta az opci\u00f3it \u2013 kis t\u00falz\u00e1ssal \u00fagy lehetne \u00f6sszefoglalni a madridi t\u00e1mad\u00e1sokat, hogy a h\u00e1rom feh\u00e9rmezes k\u00f6z\u00e9pp\u00e1ly\u00e1st emberfog\u00e1ssal k\u00f6vet\u0151 <strong>Verratti<\/strong>-<strong>Paredes<\/strong>-<strong>Danilo<\/strong> tri\u00f3 m\u00f6g\u00e9 visszal\u00e9pve <strong>Benzema<\/strong> felcipelte a labd\u00e1t, majd a t\u00e1mad\u00f3harmadban megfelel\u0151 l\u00e9tsz\u00e1m \u00e9s mozg\u00e1s h\u00edj\u00e1n odaadt\u00e1k <strong>Vin\u00edcius Jr.-nak<\/strong>, aki igyekezett kihozni a helyzetb\u0151l a legt\u00f6bbet. Slusszpassz.\r\n\r\nhttps:\/\/twitter.com\/johnspacemuller\/status\/1501657348502343683\r\n\r\nHasonl\u00f3an gy\u00e1moltalan \u00e9s Mbapp\u00e9t\u00f3l retteg\u0151 attit\u0171d\u00f6tt vett fel Ancelotti a k\u00e9t h\u00e9ttel ezel\u0151tti els\u0151 meccsen is \u2013 nyilv\u00e1n nem v\u00e9letlen\u00fcl, ahogy azt a k\u00e9t lesg\u00f3lt \u00e9s egy \u00e9rv\u00e9nyes tal\u00e1latot jegyz\u0151 francia szt\u00e1r j\u00f3l mutatta. Mindazon\u00e1ltal 60 percig \u00fagy t\u0171nt, hogy ez \u00edgy \u00e9deskev\u00e9snek fog bizonyulni, \u00e9s az egyetlen val\u00f3ban k\u00fcl\u00f6nb\u00f6z\u0151 l\u00e9p\u00e9s \u2013 a let\u00e1mad\u00e1s aktiviz\u00e1l\u00e1sa \u2013 nemhogy hasznot hajt a vend\u00e9gl\u00e1t\u00f3k malm\u00e1ra, de az id\u0151 haladt\u00e1val garant\u00e1ltan ki fogja \u0151ket v\u00e9gezni.\r\n<h2>Ancelotti \u00e9s az \u0151 h\u00edres alkalmazkod\u00f3k\u00e9szs\u00e9ge<\/h2>\r\nAz els\u0151 m\u00e9rk\u0151z\u00e9s t\u00e9nyleges passzivit\u00e1s\u00e1val kontrasztban, a Madrid ez\u00fattal igen agressz\u00edvan igyekezett megzavarni a PSG labdakihozatalait. Hogy val\u00f3j\u00e1ban <strong>Donnarumma<\/strong> megzavar\u00e1s\u00e1nak k\u00e9p\u00e9ben ez hozta el a megv\u00e1lt\u00e1st, az erre a szakaszra vonatkoztatva nem hordozhat megv\u00e1lt\u00e1st. <strong>Marco Asensio<\/strong> \u00e9s <strong>Toni Kroos<\/strong> hatalmas foltot jelentettek a presszingen, kifejezetten enerv\u00e1ltan \u00e9s a legkev\u00e9sb\u00e9 sem hat\u00e9konyan sz\u00e1lltak be a t\u00e1rsakhoz, amit\u0151l sz\u00e9tesett ez a j\u00e1t\u00e9kelem.\r\n\r\nMivel a brut\u00e1lisan nyom\u00e1st\u0171r\u0151 Verratti-Paredes p\u00e1ros mindig megtal\u00e1lta, hol lehetne kib\u00fajni a lyukacsos let\u00e1mad\u00e1son, \u00e1lland\u00f3 jelenet volt, ahogy Karim Benzema mutogatott a t\u00e1rsaknak, hogy j\u00f6jjenek m\u00e1r vele. A t\u00f6bbiek mentek \u2013 \u00e1m, ha ilyen szinten kevesen vagytok, neh\u00e9z igaz\u00e1n megzavarni egy PSG-szint\u0171 ellenfelet. A b\u00e9n\u00e1z\u00f3 presszingb\u0151l kib\u00fajva azt\u00e1n Ancelotti r\u00e9m\u00e1lma minden pr\u00f3b\u00e1lkoz\u00e1sa ellen\u00e9re testet \u00f6lt\u00f6tt: Mbapp\u00e9\u00e9k lend\u00fcletb\u0151l rohanhattak a Real v\u00e9delm\u00e9re.\r\n\r\nHogy ezt el\u0151re kisz\u00e1m\u00edtva, pontosan \u00edgy tervezte-e Ancelotti, afel\u0151l er\u0151s k\u00e9ts\u00e9gei lehetnek az embernek, de v\u00e9gtelen dics\u00e9ret illeti a h\u00edres-neves alkalmazkod\u00f3k\u00e9szs\u00e9g\u00e9t.\r\n\r\n<span class=\"highlight-block-small\">Amikor sokan m\u00e1r feladt\u00e1k volna, \u0151 l\u00e9pett egy hihetetlen\u00fcl b\u00e1trat, \u00e9s ezzel sz\u00e1ll\u00edtotta a Real siker\u00e9t.<\/span>\r\n<div class=\"payable-content-section\"><\/div>\r\n<h2>J\u00f6ttek a cser\u00e9k, \u00e9s minden megfordult<\/h2>\r\nAz idei Real Madrid sz\u00e1mtalan esetben sz\u00e1ll\u00edtotta a bajnoki pontokat a p\u00e1ly\u00e1ra \u00e9rkez\u0151 cser\u00e9inek h\u00e1la. A szurkol\u00f3ik legnagyobb kritik\u00e1ja Ancelottival szemben, hogy \u00e9pp \u00fagy, mint a legut\u00f3bb itt t\u00f6lt\u00f6tt terminusa v\u00e9g\u00e9n, ez\u00fattal is sz\u00e9thajtja a kezd\u0151ben ugyanazokat az embereket. Nem akar ell\u00e9pni a Casemiro-Kroos-<strong>Modric<\/strong> k\u00f6z\u00e9pp\u00e1ly\u00e1t\u00f3l, nem igaz\u00e1n mer vari\u00e1lni a t\u00e1mad\u00f3k k\u00f6z\u00f6tt.\r\n\r\nEnnek megfelel\u0151en a m\u00e1sodik j\u00e1t\u00e9kr\u00e9sz derek\u00e1n \u00e1ltal\u00e1ban <strong>Eduardo Camavinga<\/strong>, Fede Valverde, <strong>Rodrygo<\/strong>, <strong>Lucas V\u00e1zquez,<\/strong> vagy Benzema s\u00e9r\u00fcl\u00e9sei \u00f3ta esetenk\u00e9nt <strong>Luka Jovic<\/strong> \u00e9rkezik menet k\u00f6zben a k\u00fczdelembe.\r\n\r\n<span class=\"highlight-block-small\">\u00cdgy nyertek szeptemberben a Valencia, novemberben a Sevilla, febru\u00e1rban a Granada \u00e9s a Rayo Vallecano ellen, \u00e9s ekk\u00e9pp mentettek pontot az Elche ellen\u00e9ben is. Szerda este az 57. percben Camavinga Kroos, Rodrygo pedig Asensio helyett sz\u00e1llt be, \u00e9s minden megfordult.<\/span>\r\n\r\nA spanyolok let\u00e1mad\u00e1sa egyre t\u00f6bbsz\u00f6r zavarta meg <strong>Marquinhos\u00e9kat<\/strong>, k\u00f6sz\u00f6nhet\u0151en az irgalmatlan energi\u00e1val beugr\u00f3 francia-brazil kett\u0151snek. Vel\u00fck szemben m\u00e1r az egyre f\u00e1rad\u00f3 Verrati\u00e9knak sem volt k\u00f6nny\u0171 kihoznia a s\u0171r\u0171j\u00e9b\u0151l a labd\u00e1t. Ez 150 perc ut\u00e1n k\u00e9ts\u00e9gtelen\u00fcl meglephette<strong> Pochettino<\/strong> egy\u00fcttes\u00e9t \u2013 ahogy az is, hogy az ellenfel\u00fck egy\u00e1ltal\u00e1n k\u00e9pesnek bizonyult a ritmusv\u00e1lt\u00e1sra.\r\n\r\nA Ligue 1-ben semmik\u00e9ppen sem szokhattak ehhez, \u00e9s itt akkor vissza is kanyarodhatunk egy gondolat erej\u00e9ig arra, hogy a francia \u00e9lvonal mennyire k\u00e9ptelen felk\u00e9sz\u00edteni egy csapatot a BL jelentette kih\u00edv\u00e1sokra. Odahaza \u00e1ltal\u00e1ban az is el\u00e9g, ha 10 percet futballoznak az elej\u00e9n vagy a v\u00e9g\u00e9n, a marad\u00e9k id\u0151ben tartj\u00e1k a labd\u00e1t, ha valakinek egy extra megmozdul\u00e1s r\u00e9v\u00e9n siker\u00fcl \u00e1tt\u00f6rnie, az b\u00f3nusz.\r\n\r\n[caption id=\"attachment_3898\" align=\"alignnone\" width=\"1024\"]<img class=\"wp-image-3898 size-large\" src=\"https:\/\/sport24.24.hu\/app\/uploads\/sites\/24\/2022\/03\/karimb-1024x576.jpg\" alt=\"\" width=\"1024\" height=\"576\" \/> A mesterh\u00e1rmassal z\u00e1r\u00f3 Benzema \u00e9lete egyik legeml\u00e9kezetesebb meccs\u00e9t j\u00e1tszotta[\/caption]\r\n\r\nAmint hib\u00e1ra k\u00e9nyszer\u00edtette a Real Madrid Donnarumm\u00e1t, amint v\u00e9rszemet kapott a Bernab\u00e9u k\u00f6z\u00f6ns\u00e9ge, \u00e9rezni lehetett, hogy a PSG-re \u00fajfent leereszkedik a k\u00f6d. Akkor, amikor a fejekben m\u00e1r val\u00f3sz\u00edn\u0171leg az j\u00e1rt, hogy innen nem lehet elvesz\u00edteni, \u201cKylian \u00fagyis elrohan m\u00e9g egyszer, \u00e9s akkor v\u00e9glegesen lez\u00e1rul a p\u00e1rharc\u201d, elt\u00f6rt a kapcsol\u00f3, \u00e9s az esem\u00e9nyek alakul\u00e1s\u00e1nak ir\u00e1ny\u00edt\u00e1sa a h\u00e9tpr\u00f3b\u00e1s, d\u00f6rzs\u00f6lt hazai veter\u00e1nok kez\u00e9be ker\u00fclt.\r\n\r\n<span class=\"highlight-block-small\">Az a ragadoz\u00f3kat id\u00e9z\u0151 reakci\u00f3, ahogy Benzema \u00e9s Modric kiszagolta a v\u00e9rt, \u00e9s ahogy tudt\u00e1k, hogy r\u00e1 kell harapni a PSG pillanatnyi meging\u00e1s\u00e1ra, fergeteges.<\/span>\r\n\r\nA francia csat\u00e1r hetek \u00f3ta s\u00e9r\u00fcl\u00e9sekkel k\u00fczd, m\u00edg a horv\u00e1t klasszissal kapcsolatban m\u00e1r tavaly is ad\u00f3dtak probl\u00e9m\u00e1k fizikailag. Arra a b\u0151 negyed\u00f3r\u00e1ra, m\u00edg \u00f6sszeroppantott\u00e1k az ellenfelet, minden marad\u00e9k energi\u00e1jukat \u00f6sszegy\u0171jt\u00f6tt\u00e9k.\r\n<h2>A rutin, meg az \u00e9vek<\/h2>\r\nAnnyi hasonl\u00f3 tal\u00e1lkoz\u00f3t tudhatnak maguk m\u00f6g\u00f6tt ezen a szinten, hogy minden szitu\u00e1ci\u00f3ban tudj\u00e1k, mi a helyes l\u00e9p\u00e9s. Benzema frenetikusan h\u00fazta ki a francia v\u00e9d\u0151ket, majd indult be a hely\u00fckre, Modric pontosan \u00e9rezte, hogy hol \u00e9s mikor kell egy passzal \u00e1tt\u00f6rnie a p\u00e1rizsiak h\u00e1ts\u00f3 sor\u00e1n.\r\n\r\nA Real Madrid nem ny\u00fajtott k\u00fcl\u00f6n\u00f6sebben j\u00f3 teljes\u00edtm\u00e9nyt, a p\u00e1rharc nagy r\u00e9sz\u00e9n csup\u00e1n \u2013 nem mintha ez ne lenne nagy eredm\u00e9ny \u2013 \u00e9letben maradt. \u00c1m Ancelotti megteremtette a lehet\u0151s\u00e9get, hogy ismerve, mi az elv\u00e1r\u00e1s h\u00e9tr\u0151l-h\u00e9tre a riv\u00e1list\u00f3l, es\u00e9lyt adjanak a k\u00e9t legjobb j\u00e1t\u00e9kosuknak a hal\u00e1los seb bevitel\u00e9re.\r\n<h2>A m\u00e1sik h\u00e1rom meccsen m\u00e1r nem volt nagy fordulat<\/h2>\r\nA Manchester City szerd\u00e1n cs\u00f6ndben letotyogott egy 0-0-t a Sporting ellen, \u00e9s k\u00f6nnyed\u00e9n megv\u00e1ltotta a jegy\u00e9t a negyedd\u00f6nt\u0151re. A m\u00e1sik nagy v\u00e9gs\u0151 es\u00e9lyes, a Bayern M\u00fcnchen kihaszn\u00e1lta, hogy a Salzburgnak hat nap alatt h\u00e1rom alkalommal kellett futballoznia, \u00e9s <strong>Robert Lewandowski<\/strong> \u00fajabb kifog\u00e1stalan csat\u00e1rj\u00e1t\u00e9k\u00e1val kifil\u00e9zte az osztr\u00e1kokat.\r\n\r\nA legnagyobb izgalmat a Liverpool-Inter visszav\u00e1g\u00f3ja okozta \u2013 att\u00f3l eltekintve, hogy az olaszok v\u00e9g\u00fcl egy diadallal t\u00e9rhettek haza az Anfieldr\u0151l, a k\u00e9tszer 90 percet tekintve igazs\u00e1gos eredm\u00e9ny sz\u00fcletett. <strong>Simone Inzaghi<\/strong> g\u00e1rd\u00e1ja ism\u00e9t szimpatikus, sz\u00e9p j\u00e1t\u00e9kkal igyekezett <strong>J\u00fcrgen Klopp<\/strong> monstruma el\u00e9 akad\u00e1lyt fektetni, de, ahogyan a m\u00f6g\u00f6tt\u00fcnk hagyott hetek sor\u00e1n Olaszorsz\u00e1gban, a nemzetk\u00f6zi sz\u00ednt\u00e9ren is t\u00fals\u00e1gosan steril maradt a kapu el\u0151tt.","type":"rich","thumbnail_url":"https:\/\/s.24.hu\/app\/uploads\/sites\/24\/2022\/03\/realpsg-150x150.jpg","thumbnail_width":150,"thumbnail_height":150}