{"version":"1.0","provider_name":"Sport24","provider_url":"https:\/\/sport24.24.hu","author_name":"Bruckner G\u00e1bor","author_url":"https:\/\/sport24.24.hu\/author\/brucknerg\/","title":"Verratti, a legamat\u0151rebb \u00e9letvitel\u0171 vil\u00e1gklasszis","html":"Az, hogy valakit \u00fagy is neveznek egy Eur\u00f3pa-bajnoki keretbe, hogy a torn\u00e1n mind\u00f6ssze egy alkalommal marad v\u00e9gig a p\u00e1ly\u00e1n, \u00e9s az els\u0151 k\u00e9t csoportmeccset ki\u00fcli s\u00e9r\u00fcl\u00e9s miatt, ritkas\u00e1gsz\u00e1mba megy. Hogy ez megt\u00f6rt\u00e9nhet, el\u00e9g pontosan jelzi, ez a bizonyos valaki mennyire kulcsfontoss\u00e1g\u00fa a sz\u00f6vets\u00e9gi kapit\u00e1ny szem\u00e9ben. <strong>Marco Verratti<\/strong> nem \u201ecsup\u00e1n\u201d a v\u00e1logatottban, hanem a klubcsapat\u00e1ban, a Paris Saint-Germainben is hasonl\u00f3an n\u00e9lk\u00fcl\u00f6zhetetlen szerepet t\u00f6lt be. Olyannyira, hogy a <strong>Lionel Messit, Kylian Mbapp\u00e9t<\/strong> \u00e9s <strong>Neymart<\/strong> mag\u00e1ba foglal\u00f3 keret Bajnokok Lig\u00e1ja-gy\u0151zelmi es\u00e9lyei nagyr\u00e9szt t\u0151le f\u00fcggnek.\r\n\r\nA \u201eKis Bagoly\u201d rendk\u00edv\u00fcl r\u00e9tegzett labdar\u00fag\u00f3, \u00e9s ez nem kiz\u00e1r\u00f3lag a futballtud\u00e1s\u00e1ra \u00e9rtend\u0151. S\u0151t legink\u00e1bb nem arra. A j\u00e1t\u00e9ka hihetetlen sok r\u00e9szb\u0151l \u00e1ll \u00f6ssze \u2013 err\u0151l k\u00e9s\u0151bb m\u00e9g megeml\u00e9kez\u00fcnk \u2013, de amit\u0151l istenigaz\u00e1b\u00f3l \u00e9rdekes karakterr\u00e9 v\u00e1lik, az a szem\u00e9lyis\u00e9ge.\r\n\r\n<span class=\"highlight-block\">A p\u00e1ly\u00e1n \u00e9ppoly konfliktusos \u00e9s vehemens, mint a h\u00e9tk\u00f6znapokban. <\/span>\r\n\r\nEl\u0151bbire k\u00f6nny\u0171 p\u00e9ld\u00e1t tal\u00e1lni, gyakorlatilag a m\u00e9rk\u0151z\u00e9seket a j\u00e1t\u00e9kvezet\u0151k f\u00fcl\u00e9ben duruzsolva t\u00f6lti. A h\u00e9t v\u00e9g\u00e9n Nizz\u00e1ban veres\u00e9get szenved\u0151 PSG-nek az\u00e9rt kellett \u0151t hi\u00e1nyolnia, mert jelenleg is egy ehhez f\u0171z\u0151d\u0151 eltilt\u00e1s miatt pihen: k\u00e9t hete a lef\u00faj\u00e1st k\u00f6vet\u0151 interj\u00faban sz\u00e1llt bele a b\u00edr\u00f3kba.\r\n\r\n<img class=\"alignnone size-full wp-image-3868\" src=\"https:\/\/sport24.24.hu\/app\/uploads\/sites\/24\/2022\/03\/verratti.jpg\" alt=\"\" width=\"1024\" height=\"683\" \/>\r\n\r\n&nbsp;\r\n\r\nUt\u00f3bbit pedig t\u00f6k\u00e9letesen mutatja az a t\u00f6rt\u00e9net, hogy amikor a Pescar\u00e1b\u00f3l P\u00e1rizsba igazolt, egy h\u00e9t ut\u00e1n \u00e1llt tov\u00e1bb az els\u0151 lakhely\u00e9r\u0151l, mert egy \u00e1ltala kihelyezett m\u0171holdt\u00e1ny\u00e9ron (!) siker\u00fclt \u00f6sszek\u00fcl\u00f6nb\u00f6znie a szomsz\u00e9dokkal. Mindezen inger\u00fclts\u00e9g ellen\u00e9re a teljes\u00edtm\u00e9ny\u00e9re \u2013 azon k\u00edv\u00fcl, hogy el\u00e9g gyakran mutat be elk\u00e9sett szerel\u00e9seket \u2013 sohasem lehetett panasz: a z\u00f6ld gyepen maxim\u00e1lisan profi \u00e9s mindent kihoz mag\u00e1b\u00f3l. \u00cdgy fordulhat el\u0151, hogy b\u00e1r teljesen feldolgozhatatlan, mik\u00e9ppen \u00e9lsportolhat az \u00e9letst\u00edlusa mellett, nem az olyan indokolatlanul nagy figyelmet kap\u00f3 \u201erosszfi\u00fakkal\u201d fogjuk a j\u00f6v\u0151ben egy lapon eml\u00edteni, mint honfit\u00e1rsa, <strong>Mario Balotelli<\/strong>.\r\n<div class=\"payable-content-section\"><\/div>\r\n<h2>Csa\u00f3, gyerekek, a bulika meg lesz ind\u00edtva, hadd menjen!<\/h2>\r\nV\u00e9letlen\u00fcl sem szeretn\u00e9m azt a k\u00e9pet festeni, miszerint a sportol\u00f3knak a szabadidej\u00fckben h\u00fasz \u00e9ven kereszt\u00fcl vigy\u00e1zz\u00e1ll\u00e1sban kellene \u00fcld\u00f6g\u00e9lni\u00fck a krioszanu\u00e1ban, Vagy azt, hogy miut\u00e1n megett\u00e9k a c\u00e9z\u00e1rsal\u00e1t\u00e1jukat \u00e9s megitt\u00e1k a napi harmadik liter \u00e1sv\u00e1nyviz\u00fcket, a reggeli edz\u00e9sig aludjanak. Csakhogy a h\u00edrek szerint Verratti ennek konkr\u00e9tan az ellenkez\u0151j\u00e9t teszi. Olyanra, hogy valaki akkora gy\u00e1rk\u00e9m\u00e9ny legyen, amit m\u00e9g <strong>Maurizio Sarri<\/strong> is megirigyel, l\u00e1ttunk m\u00e1r p\u00e9ld\u00e1t. <strong>Gianluigi Buffon<\/strong> vil\u00e1g\u00e9let\u00e9ben cigarett\u00e1zott, ehhez k\u00e9pest a futballt\u00f6rt\u00e9nelem egyik, ha nem legnagyszer\u0171bb kapusa, \u00e9s 44 \u00e9vesen nemr\u00e9g hosszabb\u00edtott szerz\u0151d\u00e9st 2024-ig a Parm\u00e1val. Aff\u00e9l\u00e9re, hogy egy topj\u00e1t\u00e9kos gyakori vend\u00e9ge legyen az \u00e9jszakai \u00e9letnek, szint\u00e9n tal\u00e1lni precedenst, hiszen m\u00e9g csak a PSG \u00f6lt\u00f6z\u0151j\u00e9n\u00e9l sem kell messzebb menni: Neymar el\u00e9g nagymen\u0151 k\u00e9pvisel\u0151je a m\u0171fajnak. Olyat viszont, aki ezt a kett\u0151t p\u00e1rhuzamosan csin\u00e1lja, m\u00e9gis a vil\u00e1g legkiv\u00e1l\u00f3bb j\u00e1t\u00e9kosai k\u00f6z\u00e9 tartozik\u2026, h\u00e1t nem nagyon lehet fellelni.\r\n\r\nM\u00e1rmint Verrattit kiv\u00e9ve, merthogy az eset\u00e9ben ez a helyzet. \u0150 ezt nyilv\u00e1n sosem vallotta be hivatalos keretek k\u00f6z\u00f6tt \u2013 \u00e1ltal\u00e1ban azzal szokta elkenni a k\u00e9rd\u00e9st, hogy am\u00edg a p\u00e1ly\u00e1n nem \u00e9rheti kritika, hagyj\u00e1k b\u00e9k\u00e9n azzal, ami az edz\u0151k\u00f6zponton \u00e9s a stadionon k\u00edv\u00fcl t\u00f6rt\u00e9nik vele \u2013, \u00e1m\r\n\r\n<span class=\"highlight-block-small\"> az interneten sz\u00e1molatlan fot\u00f3 \u00e9s sz\u00f3beli bizony\u00edt\u00e9k tal\u00e1lhat\u00f3 arr\u00f3l, hogy vagy a bag\u00f3 l\u00f3g a sz\u00e1j\u00e1b\u00f3l vagy... Sz\u00f3val, nagyon j\u00f3l \u00e9rzi mag\u00e1t. <\/span>\r\n\r\nNehezen kih\u00e1mozhat\u00f3, mennyire kell v\u00e9resen komolyan venni a h\u00edresztel\u00e9seket, mindenesetre Verratti \u00e9s a k\u00f6re nyilv\u00e1n \u00fcgyel arra, hogy a munkak\u00f6re mellett a legnagyobb m\u00e9rt\u00e9kben fenntarthat\u00f3 priv\u00e1t szf\u00e9r\u00e1ja megmaradjon. De ezen inform\u00e1ci\u00f3k alapj\u00e1n az olasz k\u00f6z\u00e9pp\u00e1ly\u00e1s nem egyszer \u00e9s nem k\u00e9tszer mozdul ki partizni hetente, \u00e9s nem \u0151 az, aki napj\u00e1ban \u00f6tsz\u00f6r l\u00e1zasan h\u00edvogatja a klub dietetikus\u00e1t, hogy rendben van-e a t\u00e1p\u00e9rt\u00e9ke annak az \u00e9telnek, amit \u00e9ppen fogyaszt. Ez\u00e9rt alakult ki r\u00f3la az a kiss\u00e9 rosszm\u00e1j\u00fa v\u00e9lem\u00e9ny, miszerint kisebb csod\u00e1val \u00e9r fel, hogy a mai napig a sport\u00e1g \u00e9lvonal\u00e1ban versenyez. \u00c9s ehhez k\u00f6tik rengetegen a borzalmasan sok s\u00e9r\u00fcl\u00e9s\u00e9t. A francia f\u0151v\u00e1rosban majdnem harminc k\u00fcl\u00f6nb\u00f6z\u0151, kisebb-nagyobb testi panasz ok\u00e1n hagyott ki m\u00e9rk\u0151z\u00e9st \u2013 egy\u00e9rtelm\u0171en ez a p\u00e1lyafut\u00e1sa legnagyobb mumusa. Emiatt ijedt meg a m\u00e1r emlegetett, az Eur\u00f3pa-bajnoks\u00e1got megel\u0151z\u0151 s\u00e9r\u00fcl\u00e9se miatt, hiszen azel\u0151tt kiz\u00e1r\u00f3lag a cs\u00fafos, 2014-es vil\u00e1gbajnoks\u00e1gon futhatott ki nagy torn\u00e1n nemzeti sz\u00ednekben. \u0150 maga persze azt mondja, ha egy r\u00fag\u00e1s k\u00f6vetkezm\u00e9nyek\u00e9ppen kifordul a bok\u00e1ja, hogy egy rossz szerel\u00e9s miatt s\u00e9r\u00fclt meg, nem pedig az\u00e9rt, mert reggelig t\u00e1ncolt a klubban. Mindazon\u00e1ltal, l\u00e9v\u00e9n, hogy az emberi test \u00f6sszef\u00fcgg\u0151 rendszer, amelyben minden mindenre hat\u00e1st gyakorol, neh\u00e9z nem pesszimist\u00e1n szeml\u00e9lni ezt a magyar\u00e1zkod\u00e1st. Ahogyan szint\u00e9n nem k\u00f6nny\u0171 feladat elhessegetni azt a gondolatot, hogy eln\u00e9zve, \u00edgy is meddig jutott Verratti, enn\u00e9l egy fokkal fegyelmezettebb \u00e9s \u00f6nmegtart\u00f3ztat\u00f3bb l\u00e9tform\u00e1val mif\u00e9le \u2013 j\u00f3 \u00e9rtelemben vett \u2013 sz\u00f6rnyeteg v\u00e1lhatott volna bel\u0151le.\r\n\r\n<img class=\"alignnone size-full wp-image-3870\" src=\"https:\/\/sport24.24.hu\/app\/uploads\/sites\/24\/2022\/03\/verratti1.jpg\" alt=\"\" width=\"1024\" height=\"682\" \/>\r\n<h2>Mondjuk, \u00edgy is a PSG legfontosabb tagja<\/h2>\r\nMiut\u00e1n 2012-ben, 19 \u00e9vesen a Paris Saint-Germainbe igazolt, m\u00e9g hossz\u00fa \u00e9vekig lebegett a sajt\u00f3ban az a felt\u00e9telez\u00e9s, hogy elj\u0151 az a pillanat a karrierj\u00e9ben, amikor m\u00e9lys\u00e9gi ir\u00e1ny\u00edt\u00f3, vagyis regista v\u00e1lik bel\u0151le. A klubj\u00e1ban ehhez <strong>Thiago Motta<\/strong>, m\u00edg az Azzurriban <strong>Andrea Pirlo<\/strong> ideje kellett, hogy lej\u00e1rjon, \u00e9s azt gondoltuk, Verrattinak \u201ev\u00e9gre valah\u00e1ra\u201d nem kell k\u00e9nyszerp\u00e1ly\u00e1n mozognia. Motta az\u00f3ta a Venezia edz\u0151je, m\u00edg Pirlo a Juventus egy\u00e9vnyi tr\u00e9ningel\u00e9se ut\u00e1n v\u00e1rja a megfelel\u0151 feladatot \u2013 \u0151 m\u00e9gis ugyanott szerepel. R\u00f6videbb id\u0151szakok erej\u00e9ig val\u00f3ban futballozott hatosk\u00e9nt, s\u0151t jelenlegi menedzsere, <strong>Mauricio Pochettino<\/strong> meg\u00e9rkez\u00e9sekor t\u00edzesk\u00e9nt is, de ak\u00e1rcsak egy j\u00f3f\u00e9le bumer\u00e1ng, \u0151 is mindig visszatal\u00e1l a nyolcas vagy a mezzala posztj\u00e1ra. Ez nyilv\u00e1n nem v\u00e9letlen. A v\u00e9delmek el\u0151tt parkoltatni \u00f3ri\u00e1si pocs\u00e9kol\u00e1s, mert \u00edgy elvesz\u00edted a felbecs\u00fclhetetlen \u00e9rt\u00e9k\u0171, sorok k\u00f6z\u00f6tti passzait a t\u00e1mad\u00f3 harmadban, ahhoz pedig t\u00fal j\u00f3 mel\u00f3s, hogy mindenf\u00e9le v\u00e9d\u0151 feladat al\u00f3l mentes\u00edts\u00e9k. Arr\u00f3l nem is besz\u00e9lve, hogy ezt a PSG nem is tehetn\u00e9 meg.\r\n\r\nB\u00e1r a mez\u0151nyj\u00e1t\u00e9kosok k\u00f6z\u00f6tt mind\u00f6ssze a kilencedik legt\u00f6bb j\u00e1t\u00e9kperc f\u0171z\u0151dik a nev\u00e9hez a Ligue 1 idei ki\u00edr\u00e1s\u00e1ban, Messi m\u00f6g\u00f6tt az \u00f6v\u00e9 az egy\u00fcttes m\u00e1sodik legt\u00f6bb progressz\u00edv \u00e1tad\u00e1sa, tov\u00e1bb\u00e1 <strong>Kimpembe<\/strong> \u00e9s az argentin ut\u00e1n a harmadik helyen \u00e1ll a legt\u00f6bb t\u00e1mad\u00f3 harmadba sikeresen eljuttatott passz tekintet\u00e9ben. Ezen t\u00falmen\u0151en pedig <strong>Gueye-t<\/strong> k\u00f6vet\u0151en a m\u00e1sodik legt\u00f6bb nyom\u00e1sgyakorl\u00e1st helyezi az ellenfelekre. Ez a h\u00e1rom statisztika pazarul bemutatja, miben zseni\u00e1lis Verratti, \u00e9s melyek a p\u00e1rizsiak legnagyobb gyenges\u00e9gei. Egyfel\u0151l az Mbapp\u00e9, Messi, Neymar tri\u00f3 z\u00e9rust verdes\u0151 mez\u0151nymunk\u00e1ja m\u00f6g\u00f6tt a k\u00f6z\u00e9pp\u00e1lya musz\u00e1j, hogy brut\u00e1lisan g\u00e1ly\u00e1zzon labda n\u00e9lk\u00fcl, ugyanakkor az sem mindegy, milyen hat\u00e1sfokkal v\u00e9gzi ezt. Az olasz\r\n\r\n<span class=\"highlight-block\">amellett, hogy hajland\u00f3 is g\u00fcrizni, m\u00e9g kifejezetten eredm\u00e9nyesen is h\u00fazza az ig\u00e1t <\/span>\r\n\r\n\u2013 k\u00f6sz\u00f6nhet\u0151en kiv\u00e1l\u00f3 j\u00e1t\u00e9kolvas\u00e1s\u00e1nak. \u00c9s h\u00e1t, ha m\u00e1r olyanokhoz hasonl\u00edtgatt\u00e1k eg\u00e9sz \u00e9let\u00e9ben, mint Pirlo vagy Xavi, ez ut\u00f3bbi a legfontosabb. Nem m\u00e9lys\u00e9gi, de ir\u00e1ny\u00edt\u00f3: frenetikusan dikt\u00e1lja csapata temp\u00f3j\u00e1t, \u00e9s pontosan oda, akkor \u00e9s \u00fagy fogja eljuttatni a labd\u00e1t, ahova, amikor \u00e9s ahogyan kell. A technik\u00e1ja makul\u00e1tlan, \u00fagy ragad a l\u00e1b\u00e1hoz a j\u00e1t\u00e9kszer, mintha technokollal kenn\u00e9 a kezd\u0151 s\u00edpsz\u00f3 el\u0151tt a stoplis\u00e1t. A PSG legnagyobb baja, hogy a centrum\u00e1ra t\u00falont\u00fal nagy terhet helyez a csat\u00e1rsora. Ha Verratti nincs, Pochettin\u00f3\u00e9k rongybabak\u00e9nt omlanak \u00f6ssze, mert egy szem\u00e9lyben vesz\u00edtik el az \u00e9p\u00edtkez\u00e9st vezet\u0151 gener\u00e1lkivitelez\u0151j\u00fcket, a labda el\u0151re juttat\u00e1s\u00e1ban legink\u00e1bb megb\u00edzhat\u00f3 \u00e1csukat \u00e9s a telken \u00e1ll\u00f3, lerombol\u00e1s el\u0151tt l\u00e9v\u0151 \u00e9p\u00fclet legyalul\u00e1s\u00e1\u00e9rt felel\u0151s bont\u00f3goly\u00f3jukat. Az emlegetett h\u00e1rmas nem nagyon nehez\u00edti meg az ellenfelek labdakihozatalait, \u00e9s ha nem juttatod el hozz\u00e1juk a labd\u00e1t, voltak\u00e9pp nulla hasznot hajtanak.\r\n\r\nAmennyiben Verratti kiesne, neh\u00e9z elk\u00e9pzelni, hogy a g\u00e1rda k\u00e9pesnek bizonyulna \u00e1tvenni a hatalmat a j\u00e1t\u00e9kt\u00e9r belseje f\u00f6l\u00f6tt, mint a Real Madrid elleni odav\u00e1g\u00f3n. A b\u00f6kken\u0151 az, hogy az idei m\u00e1r a tizedik Bajnokok Lig\u00e1ja-ki\u00edr\u00e1s, amelyben h\u0151s\u00fcnket l\u00e1thattuk, \u00e9s eddig h\u00e1romszor fordult csak el\u0151, hogy s\u00e9r\u00fcl\u00e9s miatt ne kellett volna m\u00e9rk\u0151z\u00e9st kihagynia a kies\u00e9ses szakaszban. A 2016\/17-es, a 2017\/18-as \u00e9s a 2018\/19-es \u00e9vadban. A PSG mind a h\u00e1romszor a nyolcadd\u00f6nt\u0151ben esett ki. Ha eg\u00e9szs\u00e9ges is maradt, nem tudt\u00e1k ezt kihaszn\u00e1lni. Az id\u00e9n tal\u00e1n ism\u00e9t szerencs\u00e9je lesz \u2013 \u00e9ppen \u00fagy, ahogyan a mostanra Messivel kieg\u00e9sz\u00fcl\u0151 b\u00e1mulatos keret eset\u00e9ben, nem szabadna veszni hagyni az ad\u00f3d\u00f3 lehet\u0151s\u00e9get.\r\n\r\nMert ellenkez\u0151 esetben \u2013 hi\u00e1ba a csod\u00e1latosabbn\u00e1l csod\u00e1latosabb pillanatok \u2013 t\u00e9nyleg egyre nehezebb volna azt mondani, hogy nem elt\u00e9kozolt karrier az \u00f6v\u00e9.\r\n\r\n[prefabricated_shortcode in_app=\"0\" code=\"%3Cdiv%20class%3D%22article_box_border%22%20style%3D%22background%3A%20url%28%27https%3A%2F%2F24.p3k.hu%2Fapp%2Fuploads%2Fsites%2F24%2F2021%2F05%2Fsport24-pattern.png%27%29%20no-repeat%20left%20-16px%20%23f3f3f4%3B%20border%3A%20none%3B%22%3E%0D%0A%3Cdiv%20class%3D%22article_solidheader%22%3E%0D%0A%3Ch2%20style%3D%22color%3A%20%23111115%21important%3B%20font-size%3A%2036px%3B%20font-weight%3A%20bold%3B%20margin-bottom%3A%2030px%3B%20margin-top%3A%2020px%3B%20text-align%3A%20center%3B%20line-height%3A%2036px%3B%22%3E%3Cimg%20class%3D%22aligncenter%20size-full%20wp-image-141%22%20src%3D%22https%3A%2F%2F24.p3k.hu%2Fapp%2Fuploads%2Fsites%2F24%2F2021%2F05%2Fs24-logo-dt.png%22%20alt%3D%22%22%20width%3D%22408%22%20height%3D%2290%22%20%2F%3E%3C%2Fh2%3E%0D%0A%3Ch2%20style%3D%22color%3A%20%23111115%21important%3B%20font-size%3A%2036px%3B%20font-weight%3A%20bold%3B%20margin-bottom%3A%2030px%3B%20margin-top%3A%2020px%3B%20text-align%3A%20center%3B%20line-height%3A%2040px%3B%22%3ECsatlakozz%20a%20Sport24%20k%C3%B6z%C3%B6ss%C3%A9ghez%2C%20mondd%20el%20v%C3%A9lem%C3%A9nyedet%20z%C3%A1rt%20Facebook-csoportunkban%2C%20%C3%A9s%20vegy%C3%A9l%20r%C3%A9szt%20csak%20el%C5%91fizet%C5%91knek%20el%C3%A9rhet%C5%91%20exkluz%C3%ADv%20esem%C3%A9nyeinken.%3C%2Fh2%3E%0D%0A%3C%2Fdiv%3E%0D%0A%3Cp%20style%3D%22background%3A%20%2357A600%3B%20margin-top%3A%2020px%3B%20padding%3A%2020px%3B%20text-align%3A%20center%3B%22%3E%3Ca%20style%3D%22color%3A%20%23ffffff%3B%20font-size%3A%2026px%3B%20font-weight%3A%20600%3B%22%20href%3D%22https%3A%2F%2Fwww.facebook.com%2Fgroups%2F212344460412327%22%3ECSATLAKOZOM%3C%2Fa%3E%3C%2Fp%3E%0D%0A%0D%0A%3C%2Fdiv%3E\"]","type":"rich","thumbnail_url":"https:\/\/s.24.hu\/app\/uploads\/sites\/24\/2022\/03\/marco-verratti-150x150.jpg","thumbnail_width":150,"thumbnail_height":150}