{"version":"1.0","provider_name":"Sport24","provider_url":"https:\/\/sport24.24.hu","author_name":"Dajka Bal\u00e1zs","author_url":"https:\/\/sport24.24.hu\/author\/dajkab\/","title":"A lel\u00e1t\u00f3r\u00f3l v\u00e1logatt\u00e1k be el\u0151sz\u00f6r a sz\u00e1z \u00e9ve sz\u00fcletett Hidegkuti N\u00e1ndort, aki nem tudta, h\u00e1ny g\u00f3lt l\u0151tt az \u00e9vsz\u00e1zad m\u00e9rk\u0151z\u00e9s\u00e9n","html":"<h2>1943. febru\u00e1r 28.:<\/h2>\r\nEls\u0151 NB I-es m\u00e9rk\u0151z\u00e9s\u00e9n az Elektromos 1-1-et \u00e9rt el a Latorca utcai p\u00e1ly\u00e1n a vend\u00e9g T\u00f6rekv\u00e9ssel. Az \u00fajonc kritik\u00e1ja kedvez\u0151 volt: \u201eHidegkuti egy-k\u00e9t mozdulat\u00e1n megl\u00e1tszott, hogy lesz bel\u0151le valaki, csak m\u00e9g le kell higgadnia. Ha nyugodtabb lett volna, megnyerhette volna a m\u00e9rk\u0151z\u00e9st csapata sz\u00e1m\u00e1ra.\u201d\r\n<h2>1945. szeptember 30.:<\/h2>\r\nEls\u0151 v\u00e1logatotts\u00e1g\u00e1ra n\u00e9z\u0151k\u00e9nt ment ki a 35 ezer n\u00e9z\u0151vel zs\u00fafolt \u00dcll\u0151i \u00fatra. A magyar\u2013rom\u00e1n m\u00e9rk\u0151z\u00e9s el\u0151tt azt\u00e1n kider\u00fclt, hogy <strong>Szusza Ferenc<\/strong> nem tudja v\u00e1llalni a j\u00e1t\u00e9kot, \u00e9s <strong>Gallowich Tibor kapit\u00e1ny<\/strong> megh\u00f6kkent\u0151 uk\u00e1zt adott:\r\n<blockquote>Meg kell keresni Hidegkutit, biztosan itt van valahol!<\/blockquote>\r\nMajd, amikor megtal\u00e1lt\u00e1k a szurkol\u00f3k\u00e9nt \u00e9rkez\u0151 \u00fajoncot, lemarta \u0151t, hogy elk\u00e9sett, m\u00e1r \u00f6lt\u00f6zni kellene. Nem mondhat\u00f3, hogy Hidegkuti megijedt volna a lehet\u0151s\u00e9gt\u0151l: a 7-2-es m\u00e9rk\u0151z\u00e9sen \u0151 l\u0151tte az els\u0151 \u00e9s az utols\u00f3 g\u00f3lt.\r\n<h2>1946. szeptember 1.:<\/h2>\r\nEl\u0151sz\u00f6r j\u00e1tszott az MTK-ban, amely az \u00dcll\u0151i \u00faton 2-1-re legy\u0151zte a Szentl\u0151rincet. Hidegkuti, aki \u00e1tigazol\u00e1sa idej\u00e9n \u2013 v\u00e9rszeg\u00e9nys\u00e9ge miatt \u2013 v\u00e9r\u00e1t\u00f6mleszt\u00e9sen esett \u00e1t, az els\u0151 g\u00f3l el\u0151tt g\u00f3lpasszt adott <strong>Bircs\u00e1k Guszt\u00e1vnak<\/strong>, a k\u00e9s\u0151bbi neves j\u00e1t\u00e9kvezet\u0151nek. A N\u00e9psport nem lelkesedett. Azt \u00edrta: \u201eA Hidegkuti, <strong>Palatinus<\/strong>, Bircs\u00e1k bels\u0151 h\u00e1rmas pap\u00edron j\u00f3l fest.\u201d\r\n\r\nA nap m\u00e1sodik ferencv\u00e1rosi m\u00e9rk\u0151z\u00e9s\u00e9n a Kispest szint\u00e9n 2-1-re nyert a h\u00e1zigazda FTC ellen. Az \u00e9rdekl\u0151d\u00e9s akkora volt, hogy a k\u00f6z\u00f6ns\u00e9g h\u00e1rom helyen is bet\u00f6rte a p\u00e1lya kapuit. Mire a rendez\u0151k felocs\u00fadtak, m\u00e1r vagy k\u00e9tezer ember nyomult be a sporttelepre jegy n\u00e9lk\u00fcl.\r\n<h2>1951. okt\u00f3ber 28.:<\/h2>\r\nHidegkuti cs\u00facsform\u00e1ban futballozott a Megyeri \u00faton, a D\u00f3zsa ellen aratott 4-2 alkalm\u00e1val: mesterh\u00e1rmast \u00e9rt el, \u00e9s g\u00f3lpasszt adott <strong>S\u00e1ndor K\u00e1rolynak.<\/strong> Abban az \u00e9vben nyert el\u0151sz\u00f6r bajnoki c\u00edmet az akkoriban az \u00c1VH-hoz csatolt, B\u00e1sty\u00e1nak nevezett MTK-val. Az id\u0151 t\u00e1jt a v\u00e1logatott edz\u0151meccs\u00e9n is tripl\u00e1zott, m\u00e9gpedig jobbsz\u00e9ls\u0151k\u00e9nt, a s\u00e9r\u00fclt S\u00e1ndort helyettes\u00edtve a poszton.\r\n\r\nA m\u00e9rk\u0151z\u00e9s ut\u00e1n azzal froclizta Csikart:\r\n<blockquote>L\u00e1ttad, pup\u00e1k, hogyan kell sz\u00e9ls\u0151t j\u00e1tszani?<\/blockquote>\r\nS\u00e1ndor hamisk\u00e1san felelt: \u201eJ\u00f3, j\u00f3, de ki volt az \u00f6sszek\u00f6t\u0151d?\u201d\r\n\r\n\u201eKi lett volna, Kocsis Sanyi!\u201d\r\n\r\n\u201e\u00dagy k\u00f6nny\u0171. De pr\u00f3b\u00e1ld meg egyszer Hidegkuti mellett!\u201d \u2013 v\u00e1gott vissza Csikar.\r\n<h2>1952. szeptember 20.:<\/h2>\r\nA fordulat m\u00e9rk\u0151z\u00e9se: a vend\u00e9gl\u00e1t\u00f3 sv\u00e1jciak 2-0-ra vezettek a magyar v\u00e1logatott ellen, amikor <strong>Sebes Guszt\u00e1v<\/strong> cser\u00e9t hat\u00e1rozott el, \u00e9s <strong>Palot\u00e1s P\u00e9ter<\/strong> helyett Hidegkutit k\u00fcldte a p\u00e1ly\u00e1ra. A v\u00e1lt\u00e1s nyom\u00e1n honfit\u00e1rsaink 4-2-re nyertek, <strong>Hofi G\u00e9za<\/strong> err\u0151l a meccsr\u0151l \u00edrta azt a jelenet\u00e9t, amelyben a \u201eGuszti b\u00e1csi, van p\u00e9nz?\u201d jegy\u00e9ben oktattuk Dox\u00e1\u00e9kat. A S\u00fcddeutsche Zeitung azt \u00edrta: \u201eAki a magyarokat m\u00e9g nem l\u00e1tta j\u00e1tszani, az nem tudja, milyen az igazi labdar\u00fag\u00e1s.\u201d\r\n<div class=\"payable-content-section\"><\/div>\r\n<h2>1953. november 25.:<\/h2>\r\nAz \u00e9vsz\u00e1zad mesterh\u00e1rmasa. Hidegkuti \u00fagy tripl\u00e1zott az angolok ellen a londoni Wembley-stadionban, hogy egy g\u00f3lt jogtalanul elvett t\u0151le <strong>Leo Horn<\/strong> holland j\u00e1t\u00e9kvezet\u0151. A 6-3 el\u0151tt Sebes Guszt\u00e1v szakvezet\u0151 azt mondta: \u201eHidegkuti az elej\u00e9n el\u0151retolt k\u00f6z\u00e9pcsat\u00e1r lesz, hogy az angolok azt higgy\u00e9k, \u00edgy j\u00e1tszunk. Azt\u00e1n N\u00e1ndi majd h\u00e1tr\u00e1bb helyezkedik, \u00e9s m\u00e9lyebbr\u0151l indul.\u201d\r\n\r\nMondhatjuk, hogy a h\u00faz\u00e1s bev\u00e1lt. A Daily Telegraph ekk\u00e9pen komment\u00e1lt: \u201eHidegkuti nemcsak olyan nagyszer\u0171en l\u0151, mint <strong>Lawton<\/strong> vagy <strong>Lofthouse<\/strong>, hanem pehelyk\u00f6nnyen fut a p\u00e1ly\u00e1n.\u201d A brill\u00edroz\u00f3 magyar center a tal\u00e1lkoz\u00f3 ut\u00e1n arr\u00f3l besz\u00e9lt: olyan idegfesz\u00fclts\u00e9gben volt, hogy nem is tudja, h\u00e1ny g\u00f3lt l\u0151tt val\u00f3j\u00e1ban.\r\n\r\n[caption id=\"attachment_3835\" align=\"alignnone\" width=\"1024\"]<img class=\"wp-image-3835 size-large\" src=\"https:\/\/sport24.24.hu\/app\/uploads\/sites\/24\/2022\/03\/hidegkuti2-1024x576.jpg\" alt=\"\" width=\"1024\" height=\"576\" \/> Hidegkuti a magyar csapat hatodik g\u00f3lj\u00e1t l\u00f6vi az angolok ellen[\/caption]\r\n<h2>1954. j\u00fanius 30.:<\/h2>\r\nA vil\u00e1gbajnoks\u00e1g lausanne-i el\u0151d\u00f6nt\u0151j\u00e9ben a magyar v\u00e1logatott \u00fagy gy\u0151zte le 4-2-re a c\u00edmv\u00e9d\u0151 Uruguayt, hogy Hidegkuti mind a n\u00e9gy g\u00f3lt megel\u0151z\u0151 t\u00e1mad\u00e1sban szerepet j\u00e1tszott. A m\u00e1sodikat maga fejelte. Megelevenedhetett volna a jelenet, amelyet<em> A csodacsat\u00e1r<\/em> c\u00edm\u0171, k\u00e9t \u00e9vvel k\u00e9s\u0151bb forgatott klasszikus filmszat\u00edr\u00e1ban el\u0151bb Pusk\u00e1ssal, majd a legh\u00edresebb magyar disszid\u00e1l\u00e1sa ut\u00e1n Hidegkutival vettek fel:\r\n\r\n\u201eMonsieur Hidegkuti, k\u00e9rem, mondjon n\u00e9h\u00e1ny sz\u00f3t a gy\u0151zelemr\u0151l a Gazette de Lausanne sz\u00e1m\u00e1ra!\u201d\r\n\r\n\u201e\u00dagy \u00e9rzem, j\u00f3l ment a j\u00e1t\u00e9k.\u201d\r\n<h2>1954. szeptember 13.:<\/h2>\r\nA N\u00e9pstadion kett\u0151s m\u00e9rk\u0151z\u00e9s\u00e9nek els\u0151 felvon\u00e1s\u00e1n az akkor \u00e9ppen V\u00f6r\u00f6s Lobog\u00f3nak h\u00edvott MTK 14-0-ra nyert a Szegedi Halad\u00e1s ellen, amely n\u00e9gy nappal kor\u00e1bban 6-2-re legy\u0151zte a D\u00f3zs\u00e1t. Hidegkuti, <strong>Moln\u00e1r J\u00e1nos<\/strong> \u00e9s Palot\u00e1s egyar\u00e1nt h\u00e1rom, <strong>Kov\u00e1cs IV Istv\u00e1n<\/strong> \u00e9s S\u00e1ndor k\u00e9t-k\u00e9t, <strong>Zakari\u00e1s J\u00f3zsef<\/strong> egy g\u00f3lt szerzett. A legnagyobb k\u00e1rvallott a szegedi kapus, <strong>M\u00e9sz\u00e1ros K\u00e1roly<\/strong> volt. A m\u00e1sodik tal\u00e1lkoz\u00f3n, az FTC\u2013Dorogon (2-1) 40 000 n\u00e9z\u0151 morgott, ami\u00e9rt a 62. perct\u0151l elz\u00e1rt\u00e1k a g\u00f3lcsapot.\r\n<h2>1955. janu\u00e1r 9.:<\/h2>\r\nA Honv\u00e9d 9-7-re gy\u0151z\u00f6tt az \u00dcll\u0151i \u00fati matin\u00e9n a V\u00f6r\u00f6s Lobog\u00f3 ellen. Hidegkuti n\u00e9gy g\u00f3lt szerzett \u2013 ak\u00e1rcsak Pusk\u00e1s \u2013, \u00e9s k\u00e9t g\u00f3lpasszt t\u00e1lalt.\u00a0 Ragyog\u00f3 alak\u00edt\u00e1s\u00e1r\u00f3l \u00edgy \u00e1radoztak: \u201eA V\u00f6r\u00f6s Lobog\u00f3 legjobbja Hidegkuti volt. \u00c9lete egyik legjobb j\u00e1t\u00e9k\u00e1t ny\u00fajtotta ezen a m\u00e9rk\u0151z\u00e9sen. Kit\u0171n\u0151en kezelte a labd\u00e1t, \u00f6rd\u00f6ng\u00f6sen cselezett, f\u00e1radhatatlanul harcolt, lend\u00fcletesen \u00e9p\u00edtett, \u00e9s minden megmozdul\u00e1sa g\u00f3lvesz\u00e9lyt jelentett.\u201d\r\n<h2>1957. szeptember 15.:<\/h2>\r\nA bolg\u00e1r\u2013magyar vb-selejtez\u0151n (1-2) m\u00e1r a m\u00e1sodik percben befejelte <strong>Machos<\/strong> be\u00edvel\u00e9s\u00e9t, majd <strong>Bundzs\u00e1k Dezs\u0151<\/strong> \u00e1tad\u00e1s\u00e1t l\u0151tte a h\u00e1l\u00f3ba. \u00cdgy t\u0171n\u0151d\u00f6tt harminc\u00f6t \u00e9vesen: \u201eH\u00e1nyszor mondtam magamnak, hogy \u00f6reg vagy te, N\u00e1ndi, mi\u00e9rt nem hagyod m\u00e1r abba?\u201d\r\n\r\nJ\u00f3, hogy a val\u00f3ban \u00d6regnek bec\u00e9zett extraklasszis nem sietett befejezni.\r\n<h2>1958. j\u00fanius 15. :<\/h2>\r\nUtols\u00f3 v\u00e1logatott m\u00e9rk\u0151z\u00e9s\u00e9n a magyar v\u00e1logatott 4-0-ra gy\u0151z\u00f6tt a Mexik\u00f3 legjobbjaival v\u00edvott vb-m\u00e9rk\u0151z\u00e9sen. A sv\u00e9dorsz\u00e1gi Sandvikenben rendezett tal\u00e1lkoz\u00f3 unikuma volt, hogy k\u00e9t jobbsz\u00e9ls\u0151 szerepelt haz\u00e1nk egy\u00fcttes\u00e9ben: <strong>Budai II L\u00e1szl\u00f3<\/strong> a saj\u00e1t posztj\u00e1n, m\u00edg <strong>S\u00e1ndor K\u00e1roly<\/strong> a balsz\u00e9len j\u00e1tszott. A csapat a csoportm\u00e9rk\u0151z\u00e9seket k\u00f6vet\u0151 playoff-tal\u00e1lkoz\u00f3n 2-1-re kikapott Walest\u0151l, \u00e9s kiesett.\r\n\r\n[caption id=\"attachment_3828\" align=\"alignnone\" width=\"1024\"]<img class=\"wp-image-3828 size-large\" src=\"https:\/\/sport24.24.hu\/app\/uploads\/sites\/24\/2022\/03\/2_gettyimages-52765801-1024x682.jpg\" alt=\"\" width=\"1024\" height=\"682\" \/> 39 g\u00f3lt szerzett a v\u00e1logatottban, itt \u00e9ppen csukafejessel tal\u00e1l be Uruguay ellen[\/caption]\r\n<h2>1958. j\u00falius 13.:<\/h2>\r\nUtols\u00f3 bajnoki m\u00e9rk\u0151z\u00e9s\u00e9n: MTK\u2013Honv\u00e9d 2:2. Hidegkuti N\u00e1ndor bajnokk\u00e9nt vonult vissza, de nem egyszer kikezdte m\u00e1r a h\u00e1l\u00e1tlan Hung\u00e1ria k\u00f6r\u00fati publikum. J\u00f3 bar\u00e1tja, S\u00e1ndor K\u00e1roly \u00e9vtizedekkel k\u00e9s\u0151bb is elborzadva id\u00e9zte a g\u00fanyos bemond\u00e1st: \u201eMajd hozatunk az \u00d6regnek egy karossz\u00e9ket!\u201d\r\n<h2>1961. m\u00e1jus 27.:<\/h2>\r\nMiut\u00e1n enged\u00e9lyt kapott, hogy Firenz\u00e9be szerz\u0151dj\u00f6n edz\u0151nek, KEK-gy\u0151zelemre vezette a Fiorentin\u00e1t. A Rangers elleni d\u00f6nt\u0151ben Glasgow-ban 2-0-s, a visszav\u00e1g\u00f3n 2-1-es sikert arattak <strong>Kurt Hamrin<\/strong> \u00e9s t\u00e1rsai, Hidegkutit pedig Maestr\u00f3nak nevezt\u00e9k az opera haz\u00e1j\u00e1ban.\r\n<h2>1963. november 27.:<\/h2>\r\nA Gy\u0151ri ETO edz\u0151meccset j\u00e1tszott Sopronban a helyi Textilessel, amikor Dorogr\u00f3l meg\u00e9rkezett a h\u00edr: a B\u00e1ny\u00e1sz 2-1-re legy\u0151zte a Ferencv\u00e1rost. Ezzel \u2013 a magyar labdar\u00fag\u00e1s t\u00f6rt\u00e9net\u00e9ben el\u0151sz\u00f6r \u2013 az a Gy\u0151r lett a bajnok, amelyet az It\u00e1li\u00e1b\u00f3l hazat\u00e9r\u0151 Hidegkuti ir\u00e1ny\u00edtott.\r\n<h2>1965. \u00e1prilis 30.:<\/h2>\r\nAz ETO BEK-el\u0151d\u00f6nt\u0151t v\u00edvott, a legjobb n\u00e9gy mez\u0151nye \u00edgy festett: Benfica, Gy\u0151r, Internazionale, Liverpool.\r\n\r\n<span class=\"highlight-block-small\">Vid\u00e9ki csapat az\u00f3ta sem jutott ilyen messzire az els\u0151 sz\u00e1m\u00fa eur\u00f3pai klubtorn\u00e1n, pesti is csak kett\u0151 volt a n\u00e9gyek k\u00f6z\u00f6tt: 1958-ban a Vasas, majd 1974-ben az \u00dajpest.<\/span>\r\n\r\nA Gy\u0151r\u2013Benfica tal\u00e1lkoz\u00f3t a N\u00e9pstadionban rendezt\u00e9k, a kisalf\u00f6ldiek el\u0151sz\u00f6r j\u00e1tszottak 70 000 n\u00e9z\u0151 el\u0151tt. A portug\u00e1l egy\u00fcttes <strong>Jos\u00e9 Augusto<\/strong> g\u00f3lj\u00e1val 1-0-ra gy\u0151z\u00f6tt, de ez a szerepl\u00e9s is ott van a halhatatlan Hidegkuti N\u00e1ndor mestermunk\u00e1i k\u00f6z\u00f6tt.","type":"rich","thumbnail_url":"https:\/\/s.24.hu\/app\/uploads\/sites\/24\/2022\/03\/hidegkuti2-150x150.jpg","thumbnail_width":150,"thumbnail_height":150}