{"version":"1.0","provider_name":"Sport24","provider_url":"https:\/\/sport24.24.hu","author_name":"Dajka Bal\u00e1zs","author_url":"https:\/\/sport24.24.hu\/author\/dajkab\/","title":"A hi\u00e1nyz\u00f3 apafigura \u00e9s z\u0171r\u00f6s term\u00e9szete miatt siklott ki a Zidane-ut\u00f3dnak tartott zseni p\u00e1lyafut\u00e1sa","html":"<blockquote>Mit\u0151l f\u00fcgg, hogy valaki \u00e9l-e a tehets\u00e9g\u00e9vel? Mi\u00e9rt van az, hogy a t\u00e1lentum m\u00e9g nem garancia a sikerre? Mi a k\u00f6z\u00f6s azokban a sportol\u00f3kban, akik eljutottak a cs\u00facsra?<\/blockquote>\r\nEzeket a k\u00e9rd\u00e9seket <strong>Peter Fuller<\/strong> m\u00e9g 1977-ben j\u00e1rta k\u00f6rbe a <em>The Champions (A bajnokok)<\/em> c\u00edm\u0171 <a href=\"https:\/\/www.amazon.com\/champions-secret-motives-games-sports\/dp\/0916354695\">k\u00f6nyv\u00e9ben<\/a>. Fuller a kor \u00e9lsportol\u00f3it vizsg\u00e1lva (k\u00f6zt\u00fck az \u00f6k\u00f6lv\u00edv\u00f3 <strong>Muhammad Alit<\/strong>, a sakkmester <strong>Bobby Fischert<\/strong> vagy a gyorsul\u00e1si verseny rekordj\u00e1t t\u00f6bbsz\u00f6r megd\u00f6nt\u0151 <strong>Donald Campbellt<\/strong>) arra a k\u00f6vetkeztet\u00e9sre jutott, hogy az egyik legfontosabb megk\u00fcl\u00f6nb\u00f6ztet\u0151 t\u00e9nyez\u0151 a motiv\u00e1ci\u00f3s hajt\u00f3er\u0151, melynek forr\u00e1s\u00e1t a sportol\u00f3k gyermekkor\u00e1ban kell keresni \u2013 azon bel\u00fcl is az ap\u00e1val val\u00f3 kapcsolatban.\r\n\r\n<span class=\"highlight-block-small\">A k\u00f6nyv k\u00f6zponti t\u00e9tele, hogy a sportol\u00f3k feln\u0151ttkori viselked\u00e9s\u00e9re alapvet\u0151 hat\u00e1ssal van, hogy gyermekkor\u00e1ban milyen kapcsolat alakult ki az ap\u00e1val.<\/span>\r\n\r\nElemz\u00e9s\u00e9ben a pszichoanalitka azon jelens\u00e9g\u00e9t veszi el\u0151, mely szerint a fi\u00fak kisgyermekkorban az apjukban nemcsak a v\u00e9delmez\u0151t \u00e9s a p\u00e9ldak\u00e9pet l\u00e1tj\u00e1k, hanem az anyai szeretet\u00e9rt k\u00fczd\u0151 ellenfelet is. Az \u00edgy kialakul\u00f3 bels\u0151 konfliktusban a gyermek tudat alatt szorongani kezd, hogy az anyai szeret ir\u00e1nti \u00e9hs\u00e9ge miatt b\u00fcntet\u00e9sben lesz r\u00e9sze, ez\u00e9rt az apa ir\u00e1nt egyszerre keverednek benne a csod\u00e1lat, a rivaliz\u00e1l\u00e1s \u00e9s a f\u00e9lelem \u00e9rz\u00e9sei.\r\n\r\nEzek a vegy\u00fcl\u0151 \u00e9rz\u00e9sek azt\u00e1n k\u00e9s\u0151bb a feln\u0151ttkorra a megfelel\u0151 polcra ker\u00fclnek \u2013 igaz egy\u00e9n- \u00e9s k\u00f6rnyezetf\u00fcgg\u0151, hogy milyen m\u00e9rt\u00e9kben. A b\u00fcntet\u00e9st\u0151l val\u00f3 f\u00e9lelem ugyanakkor egyesekben \u00e1tfordulhat a kudarct\u00f3l val\u00f3 f\u00e9lelemm\u00e9, amit \u00e9lsportol\u00f3k versenyhelyzetekben tudnak kamatoztatni.\r\n\r\nA k\u00f6nyv els\u0151sorban egy\u00e9ni sportokban kimagasl\u00f3 sportol\u00f3k p\u00e9ld\u00e1j\u00e1n kereszt\u00fcl vitte v\u00e9gig az elm\u00e9letet, van viszont egy labdar\u00fag\u00f3, akinek a karrierj\u00e9t \u2013 ha nem is tudom\u00e1nyos alaposs\u00e1ggal, de \u2013 \u00e9rdemes ilyen szem\u00fcvegen kereszt\u00fcl vizsg\u00e1lni. \u0150 <strong>Hatem Ben Arfa<\/strong>.\r\n\r\nHa r\u00e1pillantunk Ben Arfa p\u00e1lyafut\u00e1s\u00e1ra, sokaknak felt\u0171nhet, hogy az eg\u00e9sz tele van cs\u00facsokkal \u00e9s \u00e1rkokkal. Nemr\u00e9g \u00fagy szerz\u0151d\u00f6tt a tavalyi francia bajnok Lille-hez, hogy el\u0151tte nem volt klubja, azel\u0151tt pedig r\u00f6vid peri\u00f3dusokig dohosodott olyan lecs\u00faszott klubokban, mint a Bordeaux vagy Real Valladolid. N\u00e9gy \u00e9ve m\u00e9g a Paris Saint-Germain foglalkoztatta.\r\n\r\n<span class=\"highlight-block-small\">Legt\u00f6bb k\u00f6zeli ismer\u0151se, j\u00e1t\u00e9kost\u00e1rsa \u00e9s mentora egyet\u00e9rt abban, hogy Ben Arfa egy korszakos tehets\u00e9g, akinek folyton keresztbe tett a term\u00e9szete.<\/span>\r\n\r\nA j\u00e1t\u00e9kos csal\u00e1di h\u00e1ttere \u00e9s sz\u00e1rmaz\u00e1sa ugyan nem z\u0171r\u00f6s, de \u00f6sszetett. Ben Arfa P\u00e1rizs k\u00fclv\u00e1ros\u00e1ban nevelkedett, \u00e9desanyja francia, \u00e9desapja tun\u00e9ziai sz\u00e1rmaz\u00e1s\u00fa, ut\u00f3bbi maga is <a href=\"https:\/\/fifa786.skyrock.com\/9.html\">focizott<\/a> kor\u00e1bban a nemzeti v\u00e1logatottban. Ben Arfa m\u00e1r eg\u00e9szen fiatalon \u00edgy <a href=\"https:\/\/www.lequipe.fr\/Football\/Article\/Ben-arfa-famille-decomposee\/524746\">nyilatkozott<\/a> csal\u00e1di h\u00e1tter\u00e9r\u0151l: \u201cMindig is nehezemre esett tisztelni a tekint\u00e9lyt. Ez sokszor frusztr\u00e1lt. Az ap\u00e1m sosem mondta, hogy szeretne, vagy ilyesmi. Az \u00e9letemben nem nagyon tal\u00e1lkoztam \u00f6nzetlens\u00e9ggel, mik\u00f6zben sokszor t\u00e1mogatott, meccsekre vitt, gyakoroltatott, de sosem mutatta ki az \u00e9rz\u00e9seit.\u201d\r\n\r\nMaradva a k\u00f6nyv keretrendszer\u00e9n\u00e9l, felmer\u00fcl a k\u00e9rd\u00e9s, hogy Ben Arfa \u00e9desapja mennyiben tudott atyai szerepet v\u00e1llalni fia fel\u00e9, vagy \u00e1tcs\u00faszott-e olykor edz\u0151-di\u00e1k kapcsolatba? T\u00e1pl\u00e1lt-e tudat alatt irigys\u00e9get a n\u00e1la tehets\u00e9gesebb fi\u00e1val szemben? Mennyire er\u0151s\u00edtette benne, hogy fel tud n\u0151ni a feladathoz? Lehets\u00e9ges-e, hogy Ben Arf\u00e1ban tudat alatt kialakult volna egy olyan f\u00e9lelem, hogy a siker\u00e9vel egyszerre fog el\u00e9gedetts\u00e9get \u00e9s frusztr\u00e1ci\u00f3t okozni az apj\u00e1ban, ami esetleg retorzi\u00f3t vonna maga ut\u00e1n?\r\n<div class=\"payable-content-section\"><\/div>\r\nBen Arf\u00e1t m\u00e1r gyermekkor\u00e1ban csodagyereknek tartott\u00e1k. Az edz\u00e9seken a k\u00f6rnyez\u0151 falvak lak\u00f3i is ell\u00e1togattak, hogy saj\u00e1t szem\u00fckkel is megn\u00e9zz\u00e9k, kivel \u00e1llnak szemben. Ben Arfa \u00e9lvezte az \u00e9rdekl\u0151d\u00e9st, de mint mondta, \u201cgyorsan teherr\u00e9 v\u00e1ltozott \u00e9s h\u00e1tr\u00e1ltatott.\r\n<blockquote>Amikor fiatal vagy \u00e9s m\u00e9g nem alakult ki a bels\u0151 egyens\u00falyod, k\u00f6nnyen elt\u00e9vedhetsz. Arra gondolsz, hogy t\u00f6bbet megengedhetsz magadnak, azt\u00e1n eljutsz oda, hogy neked mindent szabad.<\/blockquote>\r\nA l\u00e9pcs\u0151fokokat gyorsan vette. 12 \u00e9vesen m\u00e1r beker\u00fclt a legnagyobb franciaorsz\u00e1gi edz\u0151k\u00f6zpontba, a Clairefontaine-be, ahol kor\u00e1bban megfordult <strong>Thierry Henry, David Trezeguet<\/strong> \u00e9s <strong>Nicolas Anelka<\/strong> is. Az ott t\u00f6lt\u00f6tt idej\u00e9r\u0151l dokumentumfilm k\u00e9sz\u00fclt, ahol pont elkaptak egy \u00e1rulkod\u00f3 jelenetet, amikor a fiatal Ben Arfa az egyik t\u00e1rs\u00e1val, <strong>Abou Diabyval<\/strong> akaszkodik \u00f6ssze.\r\n<blockquote class=\"twitter-tweet\">\r\n<p dir=\"ltr\" lang=\"en\">This video of young Diaby and Ben Arfa is killing me \ud83d\ude02\ud83d\ude02 <a href=\"https:\/\/t.co\/3RaGKzEj3a\">pic.twitter.com\/3RaGKzEj3a<\/a><\/p>\r\n\u2014 Philly (@zidonphl) <a href=\"https:\/\/twitter.com\/zidonphl\/status\/1247939817482182657?ref_src=twsrc%5Etfw\">April 8, 2020<\/a><\/blockquote>\r\n<script async src=\"https:\/\/platform.twitter.com\/widgets.js\" charset=\"utf-8\"><\/script>Diaby hi\u00e1ba volt egy fejjel magasabb, Ben Arf\u00e1t l\u00e1that\u00f3an nem hatotta meg az er\u0151f\u00f6l\u00e9ny. Provok\u00e1lta, l\u00f6kd\u00f6ste \u00e9s szinte \u00e9lvezte, ahogy kitette mag\u00e1t a vesz\u00e9lynek.\r\n\r\nBen Arfa 15 \u00e9vesen ker\u00fclt a Lyon akad\u00e9mi\u00e1j\u00e1ra \u00e9s 20 \u00e9ves kor\u00e1ra m\u00e1r rendszeres kezd\u0151 volt a feln\u0151ttcsapatban. Az edz\u00e9sekr\u0151l viszont furcsa pletyk\u00e1k sz\u0171r\u0151dtek ki: hol elk\u00e9sett az \u00f6sszetart\u00e1sr\u00f3l, hol \u00f6sszeverekedett csapatt\u00e1rs\u00e1val, <strong>S\u00e9bastien Squillacival<\/strong>. 2008 m\u00e1rcius\u00e1ban \u00e9pp meghosszabb\u00edtotta szerz\u0151d\u00e9s\u00e9t, amikor az Olympique Marseille kopogtatott az ajt\u00f3n.\r\n\r\nA t\u00e1rgyal\u00e1sok hamar elfajultak \u00e9s a v\u00e9ge az lett, hogy Ben Arfa nem jelent meg t\u00f6bb\u00e9 az edz\u00e9seken. \u201eA klub nem volt eleg\u00e1ns velem\u201d \u2013 <a href=\"http:\/\/www.footmarseille.com\/news-5961\/lyon-repond-a-ben-arfa.html\">nyilatkozta a szak\u00edt\u00e1sr\u00f3l<\/a>, mintha nem lett volna \u00e1tmenet egy munkaviszony al\u00e1-f\u00f6l\u00e9rendelts\u00e9ge \u00e9s a tot\u00e1lis l\u00e1zong\u00e1s k\u00f6z\u00f6tt.\r\n\r\nMindek\u00f6zben m\u00e1s apafigur\u00e1k is felt\u0171ntek az \u00e9let\u00e9ben: Ben Arfa a vall\u00e1s fel\u00e9 fordult, k\u00f6nyveket olvasott, istentiszteletekre j\u00e1rt \u00e9s egy im\u00e1mmal folytatott rendszeresen eszmecser\u00e9t. \u201eAkkoriban nagyon s\u00e9r\u00fcl\u00e9keny voltam\u201d \u2013 <a href=\"https:\/\/www.liberation.fr\/musique\/2012\/01\/16\/le-footballeur-ben-arfa-accuse-abd-al-malik-de-l-avoir-endoctrine_788751\/\">eml\u00e9kszik vissza<\/a> Ben Arfa.\r\n\r\n\u201eLett egy szellemi vezet\u0151m, akivel nagyon meg\u00e9rtett\u00fck egym\u00e1st. Amikor viszont im\u00e1dkoznunk kellett, meg kellett volna cs\u00f3kolnom a l\u00e1b\u00e1t, ezt viszont nem tudtam elfogadni.\r\n<blockquote>Az eg\u00f3m nem engedte. Nem tudtam megtenni. Majdnem bel\u00e9ptem egy szekt\u00e1ba, de m\u00e9g id\u0151 el\u0151tt elsz\u00f6ktem<\/blockquote>\r\nA kimenetelt\u0151l f\u00fcggetlen\u00fcl k\u00f6nny\u0171 kiolvasni, ahogy az ifj\u00fa Ben Arfa egy apafigura ut\u00e1n s\u00f3v\u00e1rgott, aki bet\u00f6lthetett volna egyfajta \u0171rt az \u00e9let\u00e9ben.\r\n\r\nA Marseille-n\u00e9l szinte kott\u00e1ra megism\u00e9tl\u0151d\u00f6tt ugyanaz a viselked\u00e9si minta, ami a Lyonban is. T\u00e1rsai k\u00f6z\u00fcl <strong>Djibril Ciss\u00e9vel<\/strong>, majd <strong>Modeste M\u2019bamival<\/strong> verekedett \u00f6ssze. Edz\u0151j\u00e9vel,<strong> Eric Geretsszel<\/strong> is \u00f6sszesz\u00f3lalkozott: egy meccsen nem volt hajland\u00f3 fel\u00e1llni a kispadr\u00f3l bemeleg\u00edteni. K\u00e9s\u0151bb edz\u00e9seket hagyott ki \u00e9s \u00faj edz\u0151j\u00e9vel, <strong>Didier Deschamps-pal<\/strong> sem lett jobb a helyzet. Ben Arfa l\u00e9pni akart, \u00fcgyn\u00f6ke pedig olyan klubok \u00e9rdekl\u0151d\u00e9s\u00e9t tolm\u00e1csolta, mint a Hoffenheim, a Liverpool vagy a Newcastle. Ben Arfa \u2013 csal\u00e1dja javaslata ellen\u00e9re \u2013 a Newcastle-t v\u00e1lasztotta, mindezt \u00fagy, hogy egyed\u00fcl \u00e9s h\u00edvatlanul elutazott Angli\u00e1ba a szerz\u0151d\u00e9s\u00e9r\u0151l t\u00e1rgyalni.\r\n\r\nA Newcastle k\u00e9t okb\u00f3l lehetett \u00e9rdekes: a klub \u00e9s k\u00f6z\u00f6ns\u00e9ge szerette egyfajta h\u0151sies st\u00e1tuszba emelni a j\u00e1t\u00e9kosait, Ben Arfa gyermekkora \u00e9s kamasz\u00e9vei pedig egybeestek azzal, amikor<strong> David Ginola<\/strong> vagy <strong>Laurent Robert<\/strong> voltak a Newcastle sikeresebb id\u0151szak\u00e1nak h\u00faz\u00f3nevei. A m\u00e1sik, hogy Ben Arfa megkedvelhette az akkori vezet\u0151edz\u0151 <strong>Chris Hughton<\/strong> nyugodt, bar\u00e1ti \u00e9s kim\u00e9rt szem\u00e9lyis\u00e9g\u00e9t. Az eligazol\u00e1s k\u00f6r\u00fclm\u00e9nyei viszont ism\u00e9t azt rajzolj\u00e1k ki, nagyon gyorsan bizalmatlann\u00e1 v\u00e1lt \u00e9s id\u0151 ut\u00e1n mindent maga akart megoldani.\r\n\r\nAzokban az id\u0151kben \u00e9lete k\u00e9t fontos szerepl\u0151je is \u00f6sszesz\u00f3lalkozott. Ben Arfa apja, <strong>Kamel<\/strong> <a href=\"https:\/\/www.express.co.uk\/sport\/football\/196617\/Hatem-Ben-Arfa-s-dad-says-he-s-lost-son-to-a-guru\">azt \u00e1ll\u00edtotta<\/a>, hogy a j\u00e1t\u00e9kos \u00fcgyn\u00f6ke, <strong>Michel Ouazzine<\/strong> elt\u00e9r\u00edtette a fi\u00e1t a helyes \u00fatr\u00f3l.\r\n<blockquote>A fiam reput\u00e1ci\u00f3ja olyan, mint egy hulig\u00e1n\u00e9. Egy guru kez\u00e9ben van, aki elszak\u00edtotta a csal\u00e1dj\u00e1t\u00f3l. Csak a h\u00e1t\u00e1n akar \u00e9l\u0151sk\u00f6dni \u00e9s min\u00e9l t\u00f6bb p\u00e9nzt elsz\u00edvni<\/blockquote>\r\nA vit\u00e1b\u00f3l kirajzol\u00f3dik, ahogy k\u00e9t apafigura egym\u00e1s ellen fordul \u00e9s a gyermek lelk\u00e9\u00e9rt folytat harcot. Ben Arfa a kijelent\u00e9sre <a href=\"https:\/\/www.lefigaro.fr\/sports\/football\/transferts\/actualites\/ben-arfa-est-il-manipule-408889\">azt v\u00e1laszolta<\/a>: \u201eAz ap\u00e1m azt mond, amit akar. Nem vagyok gyerek. \u00c9n d\u00f6nt\u00f6k, nem manipul\u00e1lhat engem.\u201d A szavaiban ott van a f\u00fcggetlens\u00e9gre val\u00f3 t\u00f6rekv\u00e9s, de a h\u00e1tt\u00e9rben m\u00e9gis megb\u00fajt egyfajta kamaszkori naivit\u00e1s. Szavainak olyan \u00e9le volt, mint amikor egy gyerek l\u00e1zad a sz\u00fclei ellen.\r\n\r\nA pszichoanalitika szerint a t\u00falzott f\u00fcggetlens\u00e9gre val\u00f3 t\u00f6rekv\u00e9s egy gyermeki v\u00e1lasz egy diszfunkcion\u00e1lis csal\u00e1di kapcsolatra. Mivel a gyermek nem tud b\u00edzni az ap\u00e1ban, a szorong\u00e1s\u00e1t azzal fedi el, hogy azt mondja, nincs r\u00e1 sz\u00fcks\u00e9ge. A vil\u00e1g probl\u00e9m\u00e1ira ez\u00e9rt azzal felel, hogy fant\u00e1ziavil\u00e1got gy\u00e1rt, \u00e9s elkezd a saj\u00e1t sebezhetetlens\u00e9g\u00e9be kapaszkodni.\r\n\r\nBen Arfa egyik fant\u00e1zi\u00e1ja az lett, hogy egymaga is el tud d\u00f6nteni meccseket. Mivel kiskor\u00e1t\u00f3l kezdve sz\u00e9d\u00fcletesen b\u00e1nt a labd\u00e1val, sokszor egyszer\u0171en kisaj\u00e1t\u00edtotta azt, amivel t\u00e1vols\u00e1got tudott tartani m\u00e1sokt\u00f3l \u2013 csakhogy ezzel maga ellen ford\u00edtotta a csapatt\u00e1rsait \u00e9s edz\u0151it is. Ez a fajta f\u00fcggetlens\u00e9g ugyanakkor vonz\u00f3 volt a rajong\u00f3k k\u00f6r\u00e9ben. Var\u00e1zslatosnak \u00e9s m\u0171v\u00e9sziesnek tartott\u00e1k a j\u00e1t\u00e9k\u00e1t, ami sz\u00ednt vitt az unalmas h\u00e9tk\u00f6znapokba.\r\n<blockquote class=\"twitter-tweet\">\r\n<p dir=\"ltr\" lang=\"en\">Hatem Ben Arfa. Newcastle. THAT goal\u26ab\ufe0f\u26aa\ufe0f<\/p>\r\nWhen firing on all cylinders, Ben Arfa was box office.<a href=\"https:\/\/t.co\/0gWZ1e2bdC\">pic.twitter.com\/0gWZ1e2bdC<\/a>\r\n\r\n\u2014 COPA90 (@Copa90) <a href=\"https:\/\/twitter.com\/Copa90\/status\/1473930618551640065?ref_src=twsrc%5Etfw\">December 23, 2021<\/a><\/blockquote>\r\n<script async src=\"https:\/\/platform.twitter.com\/widgets.js\" charset=\"utf-8\"><\/script>\r\n\r\nA Newcastle-n\u00e9l minden \u00e1lomszer\u0171en indult. Az Everton ellen r\u00f6gt\u00f6n gy\u0151zelemmel kezdett, \u00e1lomg\u00f3lokat r\u00fagott, nem sokra r\u00e1 viszont a Manchester City ellen elt\u00f6rt\u00e9k a l\u00e1b\u00e1t.\r\n<blockquote class=\"twitter-tweet\">\r\n<p dir=\"ltr\" lang=\"en\">Hatem Ben Arfa at his very best \u26a1\ufe0f<\/p>\r\nNot many players can score goals like this \ud83d\ude33\r\n\r\nAn <a href=\"https:\/\/twitter.com\/hashtag\/FACup?src=hash&amp;ref_src=twsrc%5Etfw\">#FACup<\/a> classic \ud83d\udd25 <a href=\"https:\/\/t.co\/37W0272Yn2\">pic.twitter.com\/37W0272Yn2<\/a>\r\n\r\n\u2014 GOAL (@goal) <a href=\"https:\/\/twitter.com\/goal\/status\/1213488934161985537?ref_src=twsrc%5Etfw\">January 4, 2020<\/a><\/blockquote>\r\n<script async src=\"https:\/\/platform.twitter.com\/widgets.js\" charset=\"utf-8\"><\/script>\r\n\r\nA sz\u00e1m\u00edt\u00e1sait m\u00e9g jobban kereszt\u00fclh\u00fazta, hogy Christ Hughtont is elk\u00fcldt\u00e9k \u00e9s a hely\u00e9re \u00e9rkez\u0151 <strong>Alan Pardew-val<\/strong> m\u00e1r nem volt meg ugyanaz az \u00f6sszhang. Edz\u0151je t\u00f6bbsz\u00f6r kifog\u00e1solta, hogy Ben Arfa nem veszi ki a r\u00e9sz\u00e9t a v\u00e9delmi feladatokb\u00f3l \u00e9s hogy az edz\u00e9seken nem dolgozik eleget. Ben Arfa ugyanakkor mintha<a href=\"https:\/\/theathletic.com\/2026610\/2020\/08\/28\/hatem-ben-arfa-newcastle-messi-pardew\/\"> tanult volna<\/a>. \u201ePr\u00f3b\u00e1lok j\u00f3 csapatt\u00e1rs lenni. Kem\u00e9nyebben dolgozom, mint valaha. Mindig frusztr\u00e1l, ha nem vagyok kezd\u0151, de ahelyett, hogy \u00f6sszet\u0171z\u00e9sbe keveredn\u00e9k, ink\u00e1bb elengedem, mert tudom, hogy csak vesz\u00edten\u00e9k vele. Al\u00e1vetem magam az \u0151 tekint\u00e9ly\u00e9nek. Nem fogok \u00f6lre menni.\u201d\r\n\r\n\u00cdgy is gondolta, vagy csak mondta? Ezekb\u0151l a szavakb\u00f3l ink\u00e1bb k\u00f6nyvszer\u0171, betanult panelek k\u00f6sz\u00f6ntek vissza.\r\n\r\nAmikor Ben Arf\u00e1t akkoriban arr\u00f3l k\u00e9rdezt\u00e9k, kit tart a legjobb edz\u0151nek, akivel valaha dolgozott, a 2010-ben cs\u00fany\u00e1n megbukott francia sz\u00f6vets\u00e9gi kapit\u00e1nyt, <strong>Raymond Domenechet<\/strong> <a href=\"https:\/\/www.foot01.com\/equipe-de-france\/domenech-le-seul-qui-trouve-grace-aux-yeux-de-ben-arfa,83045\">hozta fel.<\/a>\r\n<blockquote>Meg\u00e9rtett engem. L\u00e1ttam a szem\u00e9n. Mellette b\u00edztam magamban, mert vannak edz\u0151k, akik csak besz\u00e9lnek, de nem hiszik el, amit mondanak. Ezt \u00e9rezni kell<\/blockquote>\r\nBen Arfa kimondottan az edz\u0151it\u0151l tette f\u00fcgg\u0151v\u00e9 a ked\u00e9ly\u00e1llapot\u00e1t, ami t\u00fal\u00e9rz\u00e9kenys\u00e9gre vagy alacsony \u00f6nbizalomra vall. Felmer\u00fclt a k\u00e9rd\u00e9s, hogy mihez kezdett, ha kritik\u00e1val tal\u00e1lta szembe mag\u00e1t? Voltak-e m\u00e1s konfliktuskezel\u00e9si modelljei, mint a fegyverlet\u00e9tel vagy a hidak felgy\u00fajt\u00e1sa?\r\n\r\nA folytat\u00e1st sokan ismerik. Ben Arfa a social medi\u00e1ra gy\u00e1rtott labdar\u00fag\u00f3 protot\u00edpusa lett, akinek szemk\u00e1pr\u00e1ztat\u00f3 cseleit \u00e9s elb\u0171v\u00f6l\u0151 tr\u00fckkjeit n\u00e9h\u00e1ny m\u00e1sodperces vide\u00f3kban v\u00e9gtelen\u00edtve lehetett p\u00f6rgetni. A szurkol\u00f3k a kebl\u00fckre \u00f6lelt\u00e9k, arc\u00e1t <strong>Che Guevara<\/strong>-portr\u00e9ra applik\u00e1lt\u00e1k, al\u00e1 <a href=\"https:\/\/www.chroniclelive.co.uk\/sport\/sport-opinion\/hatem-ben-arfas-career-only-8292093\">a HOPE-feliratot rajzolt\u00e1k.<\/a> Pardew-val viszont annyira nem \u00e9rtett\u00e9k meg egym\u00e1st, hogy az edz\u00e9sekr\u0151l gyakorlatilag kiz\u00e1rt\u00e1k. Amikor a helyzet tarthatatlan lett, a Hull Citynek adt\u00e1k k\u00f6lcs\u00f6n.\r\n\r\nCsapata nem sokkal k\u00e9s\u0151bb a Newcastle-hez l\u00e1togatott, \u00e1m Ben Arf\u00e1t nem nevezhett\u00e9k a meccsre \u2013 a j\u00e1t\u00e9kos viszont nem tartott a csapat\u00e1val, helyette vonattal utazott fel, majd a Newcastle szektor\u00e1ban foglalt helyet, ahelyett, hogy az \u00faj csapatt\u00e1rsaival t\u00f6lt\u00f6tte volna az id\u0151t. A lass\u00fa \u00e9s keserves v\u00e9g egyik \u00e1llom\u00e1sa volt <a href=\"https:\/\/www.hulldailymail.co.uk\/sport\/football\/hull-city-ben-arfa-loan-4104654\">egy olyan meccs<\/a>, ahol 35 perc ut\u00e1n kellett lecser\u00e9lni. A Hull Cityt\u0151l t\u00e1vozott, hogy eg\u00e9sz egyszer\u0171en Franciaorsz\u00e1gba utazott \u00e9s nem j\u00f6tt vissza t\u00f6bb\u00e9. Amikor edz\u0151j\u00e9t k\u00e9rdezt\u00e9k, hol van a j\u00e1t\u00e9kosa, azt felelte, nem tudja.\r\n\r\nHa valamikor felcsillant n\u00e9mi rem\u00e9nysug\u00e1r Ben Arfa karrierj\u00e9ben, az a k\u00f6vetkez\u0151 \u00e1llom\u00e1s\u00e1n, Nizz\u00e1ban t\u00f6rt\u00e9nt, a 2015-2016-os szezonban. A d\u00e9lfrancia v\u00e1rosban csend volt, nem vett\u00e9k k\u00f6rbe elv\u00e1r\u00e1sok \u00e9s szinte egy csap\u00e1sra kivir\u00e1gzott. 37 meccsen 18 g\u00f3lt l\u0151tt, a csapat gy\u00e9m\u00e1ntja lett.\r\n\r\nhttps:\/\/www.youtube.com\/watch?v=OUGxRKNnluM\r\n\r\nAmikor meg\u00e9rkezett, megint ragaszkodott a kontroll l\u00e1tszat\u00e1hoz, mintha rajta k\u00edv\u00fcl senki m\u00e1snak nem lett volna k\u00f6ze ahhoz, hogy hol is k\u00f6t\u00f6tt ki. \u201e10 perc alatt tudtam, hogy mit akarok. Ha a Real Madrid h\u00edvott volna, akkor is nemet mondtam volna nekik. Itt olyan emberek vannak, akik b\u00edznak bennem, nem akarnak folyton \u00edt\u00e9lkezni felettem\u201d. A sikeres id\u00e9ny v\u00e9g\u00e9re val\u00f3ra v\u00e1lt egy r\u00e9gi \u00e1lma: gyerekkori kedvenc klubja, a Paris Saint-Germain szerz\u0151dtette.\r\n\r\nP\u00e1rizsban viszont m\u00e9g m\u00e9zeshetekre sem futotta. A csapat akkori edz\u0151j\u00e9vel, <strong>Unai Emeryvel<\/strong> kezdett\u0151l fogva nem pend\u00fclt egy h\u00faron, a spanyol edz\u0151 egy alkalommal \u00e1ll\u00edt\u00f3lag <a href=\"https:\/\/en.as.com\/en\/2016\/09\/22\/soccer\/1474545972_737803.html\">azt kiab\u00e1lta neki egy edz\u00e9sen<\/a>, hogy\r\n<blockquote>ne csin\u00e1lj \u00fagy, mint Messi! Nem vagy Messi!<\/blockquote>\r\nBen Arfa m\u00e1r az alapoz\u00e1sra is t\u00fals\u00fallyal \u00e9rkezett \u00e9s lassan \u00e9p\u00fclt be a csapatba. Emery j\u00e1tszatta ugyan id\u0151nk\u00e9nt, de ez m\u00e1r nem ugyanaz a Ben Arfa volt, aki Nizz\u00e1ban szinte a v\u00edzen j\u00e1rt. A gyuf\u00e1t akkor h\u00fazta ki v\u00e9gleg, amikor a csapat fogad\u00e1son a katari em\u00edrrel tal\u00e1lkozott. Az em\u00edr megk\u00e9rdezte, mi\u00e9rt nem j\u00e1tszik t\u00f6bbet.\r\n\r\n\u201eNem tudom\u201d, <a href=\"https:\/\/www.20minutes.fr\/sport\/2105031-20170716-psg-si-ben-arfa-mis-ban-rabaisse-al-khelaifi-devant-emir-al-thani\">felelte<\/a> Ben Arfa, \u201eNasszert kellene megk\u00e9rdezni, de \u0151t nehezebben \u00e9rem el, mint mag\u00e1t\u201d. Hogy \u00e9rts\u00fck: a j\u00e1t\u00e9kos eg\u00e9sz egyszer\u0171en bem\u00f3szerolta f\u0151n\u00f6k\u00e9t, Nasszer El-Khelaifit a klub tulajdonos\u00e1n\u00e1l. Szinte r\u00f6gt\u00f6n \u00e1tad\u00f3list\u00e1ra tett\u00e9k.\r\n\r\nBen Arfa viszont t\u00f6vig nyomta a g\u00e1zt: a PSG-hez m\u00e9g szerz\u0151d\u00e9s k\u00f6t\u00f6tte \u00e9s el is mehetett volna, de ink\u00e1bb nemet mondott a Fenerbahce \u00e9s a Nizza jelentkez\u00e9s\u00e9re. Ben Arfa egy percet nem j\u00e1tszott 18 h\u00f3napon kereszt\u00fcl. Amikor m\u00e1r egy \u00e9ve nem l\u00e9pett p\u00e1ly\u00e1ra, egy 1 \u00e9ves sz\u00fclinapi tort\u00e1val jutalmazta meg mag\u00e1t. Egy ilyen konfliktus k\u00f6zepette is ahhoz ragaszkodott, hogy \u00fagy tegyen, mintha ez a d\u00f6nt\u00e9s is rajta m\u00falott volna.\r\n\r\nA PSG-n bel\u00fcli mikrokozmosz maga volt az \u00f6sszes\u0171r\u00edtett Ben Arfa-jelens\u00e9g. Mintha jobban kezelte volna a kudarcot, mint a sikert. Minden konfliktusra jutott egy olyan megjegyz\u00e9se vagy gesztusa, amivel m\u00e9g jobban sz\u00edtotta az ellent\u00e9tet. Egy francia magazinban egy sz\u00e9ls\u0151baloldali k\u00e9pvisel\u0151vel <a href=\"https:\/\/france3-regions.francetvinfo.fr\/hauts-de-france\/francois-ruffin-hatem-ben-arfa-parlent-football-argent-entretien-sofoot-1413091.html\">k\u00e9sz\u00edtett<\/a> kereszt interj\u00fat, amelyben a filoz\u00f3fia ir\u00e1nti szenved\u00e9ly\u00e9r\u0151l \u00e9rtekezett (bevall\u00e1sa szerint nagyon szereti <strong>Nietsch\u00e9t<\/strong>) \u00e9s azon t\u00f6prengett, hogy val\u00f3j\u00e1ban egy olyan rendszernek a k\u00e1rvallottja, melyben nem tud utat t\u00f6rni a tehets\u00e9g.\r\n\r\n<span class=\"highlight-block-small\">Nomen est omen \u2013 az \u0151t t\u00e1mogat\u00f3 k\u00e9pvisel\u0151 az Engedetlen Franciaorsz\u00e1g p\u00e1rt politikusa volt.<\/span>\r\n\r\nAmi a PSG ut\u00e1n j\u00f6tt, azt a sors \u00e9s a szem\u00e9lyes bossz\u00fa egy\u00fctt\u00e1ll\u00e1sak\u00e9nt lehet \u00e9rtelmezni. Ben Arfa a Rennes-hez ker\u00fclt, ism\u00e9t egy alacsonyabb rangsorol\u00e1s\u00fa klubhoz, ahol ism\u00e9t a csapat hajt\u00f3motorja lett. A szezon v\u00e9g\u00e9n a Francia Kupa d\u00f6nt\u0151j\u00e9ig meneteltek, ahol \u00e9pp a Paris Saint-Germainnel ker\u00fcltek \u00f6ssze. A d\u00f6nt\u0151ben a Rennes gyorsan 2-0-\u00e1s h\u00e1tr\u00e1nyba ker\u00fclt, \u00e1m kiegyenl\u00edtettek \u00e9s v\u00e9g\u00fcl sz\u00e9tl\u00f6v\u00e9sben diadalmaskodtak, a tizenegyesp\u00e1rbajban Ben Arfa is oda\u00e1llt \u00e9s sikerrel vette az akad\u00e1lyt.\r\n\r\n\u201eEz a legszebb tr\u00f3fe\u00e1m\u201d \u2013 \u00f6r\u00f6mk\u00f6d\u00f6tt Ben Arfa, aki kor\u00e1bbi nemezis\u00e9nek is <a href=\"https:\/\/bleacherreport.com\/articles\/2833556-hatem-ben-arfa-trolls-psg-with-remontada-jab-after-coupe-de-france-upset\">odasz\u00fart<\/a> egy barcelonai eml\u00e9kkel. \u201eCsin\u00e1ltunk egy remontad\u00e1t. Ez van, de h\u00e1t ez a PSG-nek nem \u00fajdons\u00e1g, hozz\u00e1szoktak m\u00e1r. K\u00fcl\u00f6nleges c\u00edm ez, f\u0151leg Nasszer miatt. Az \u00e9letben sosem szabad lebecs\u00fclni az ellenfeled. Valamikor ugyanis visszat\u00e9rhet, \u00e9s er\u0151sebben t\u00e9rhet vissza\u201d.\r\n\r\nBen Arfa jelenleg a Lille j\u00e1t\u00e9kosa \u00e9s fizikailag ugyan j\u00f3 form\u00e1ban van, k\u00f6zel 35 \u00e9vesen m\u00e1r t\u00fal van karrierje jav\u00e1n. Szakmai \u00e9rtelemben a legnagyobb szerencs\u00e9tlens\u00e9ge, hogy nem egy modern j\u00e1t\u00e9kos.\r\n\r\n<span class=\"highlight-block-small\">A j\u00e1t\u00e9ka egy olyan korban tudott volna kiteljesedni, amikor a labd\u00e1val \u00fcgyesen b\u00e1n\u00f3 j\u00e1t\u00e9kmesterek felt\u00e9tlen szabads\u00e1got kaptak a p\u00e1ly\u00e1n.<\/span>\r\n\r\nKorunk focija viszont nem ilyen: az elit csapatok szervezettebbek, koordin\u00e1ltabbak \u00e9s el\u0151fordulhat, hogy egy rossz helyezked\u00e9st\u0151l k\u00e1rtyav\u00e1rk\u00e9nt omlik \u00f6ssze egy csapat v\u00e9dekez\u00e9se.\r\n\r\nHa Ben Arfa a vil\u00e1g \u00f6sszes edz\u0151j\u00e9vel dolgozhatott volna \u00e9let\u00e9ben, akkor is neh\u00e9z lenne megmondani, ki tudta volna igaz\u00e1n kihozni a benne rejl\u0151 tehets\u00e9get. Sosem volt fog\u00e9kony a szigor\u00fa szeretetre, a kem\u00e9ny kritik\u00e1kra vagy a \u201er\u00e9p\u00e1val \u00e9s bottal\u201d motiv\u00e1l\u00f3 edz\u0151kre. A versenyhelyzet vagy a megpiszk\u00e1lt b\u00fcszkes\u00e9g ink\u00e1bb fesz\u00fclts\u00e9get sz\u00fcltek benne, amit soha nem tudott a maga jav\u00e1ra ford\u00edtani. Az enged\u00e9kenys\u00e9ggel is hamar vissza\u00e9lt \u2013 amikor jobban ment a szek\u00e9r, szinte egyb\u0151l bedobta a gyepl\u0151t a lovak k\u00f6z\u00e9.\r\n\r\nTal\u00e1n akadt volna alkalmas edz\u0151, tal\u00e1n nem. Tal\u00e1n a m\u00faltb\u00f3l \u00e9rdekes p\u00e9lda lehet a Manchester United kor\u00e1bbi edz\u0151je, <strong>Alex Ferguson<\/strong>, akinek m\u00e1r akadt dolga \u00f6nt\u00f6rv\u00e9ny\u0171, m\u0171v\u00e9szies \u00e9s \u00e9ppens\u00e9ggel francia j\u00e1t\u00e9kossal: egy bizonyos <strong>Eric Canton\u00e1val<\/strong>, akir\u0151l tudjuk, milyen tettre vetemedett egy olyan szurkol\u00f3val szemben, aki besz\u00f3lt neki a lel\u00e1t\u00f3r\u00f3l.\r\n\r\nhttps:\/\/twitter.com\/90sfootball\/status\/1220981246844645376\r\n\r\nKevesen tudj\u00e1k, hogy Ferguson hogyan reag\u00e1lta le az esetet. K\u00f6ztudott, hogy a sk\u00f3t szeretett r\u00e1f\u00f6rmedni a j\u00e1t\u00e9kosaira, ha azok nem a legjobbjukat ny\u00fajtott\u00e1k, \u00e9s mivel a meccs 1-1-gyel v\u00e9gz\u0151d\u00f6tt, Ferguson az \u00f6lt\u00f6z\u0151ben bekapcsolta a hajsz\u00e1r\u00edt\u00f3s m\u00f3dszert: egyenk\u00e9nt el\u0151vette <strong>Paul Ince-t,<\/strong> <strong>Mark Hughest, <\/strong>valamint\u00a0<strong>Gary Pallistert<\/strong>, \u00e9s percekig kiab\u00e1lt vel\u00fck, mik\u00f6zben szendvicsmarad\u00e9kokat hajig\u00e1lt a falhoz.\r\n\r\nTir\u00e1d\u00e1ja v\u00e9g\u00e9n azt\u00e1n berendelt mindenkit m\u00e1snap reggel kilenc \u00f3r\u00e1ra egy olyan edz\u00e9sre, melyen a lelket is kitaposta volna bel\u0151l\u00fck. V\u00e9g\u00fcl Canton\u00e1hoz fordult, \u00e9s azt mondta:\r\n<blockquote>Ja, \u00e9s Eric\u2026ilyet nem csin\u00e1lhatsz, fiam<\/blockquote>","type":"rich","thumbnail_url":"https:\/\/s.24.hu\/app\/uploads\/sites\/24\/2022\/02\/benarfa-150x150.jpg","thumbnail_width":150,"thumbnail_height":150}