{"version":"1.0","provider_name":"Sport24","provider_url":"https:\/\/sport24.24.hu","author_name":"Bruckner G\u00e1bor","author_url":"https:\/\/sport24.24.hu\/author\/brucknerg\/","title":"Sok sima, kev\u00e9s ford\u00edtott \u2013 folyamatosan sz\u00e1ll\u00edtja az \u00e9rveket a BL egy szuperlig\u00e1hoz","html":"<strong>Pep Guardiola<\/strong> Manchester Cityje (soraiban n\u00e9gy volt Benfica-j\u00e1t\u00e9kossal) Lisszabonban 5-0-ra lemosta a h\u00e1zigazda Sportingot, gyakorlatilag \u00e9rdektelenn\u00e9 t\u00e9ve a Bajnokok Lig\u00e1ja-nyolcadd\u00f6nt\u0151 visszav\u00e1g\u00f3j\u00e1t. A komment\u00e1torok a szakmai protokollnak megfelel\u0151 visszafogotts\u00e1ggal annyit mondtak, hogy a tov\u00e1bbjut\u00e1s minden bizonnyal eld\u0151lt, de \u00fagy is mondhatn\u00e1nk, a Sportingnak \u2013 Eur\u00f3pa hatodik legjobb lig\u00e1ja bajnoki c\u00edmv\u00e9d\u0151j\u00e9nek \u2013 annyi es\u00e9lye van, mint <strong>Szondi Gy\u00f6rgy<\/strong> v\u00e1rkapit\u00e1nynak az ostroml\u00f3 t\u00f6r\u00f6k sereg meg\u00e1ll\u00edt\u00e1s\u00e1ra.\r\n\r\nAzaz semmi.\r\n\r\n[central_article_recommendation title=\"Kapcsol\u00f3d\u00f3\" url=\"https:\/\/sport24.24.hu\/foci\/2022\/02\/17\/bl-ertekelo-hannibal-inzaghi-es-a-madridi-meg-a-parizsi-gyavasag\/\" image=\"1\" lead=\"1\"]\r\n\r\nPortug\u00e1lia h\u00e1rom tradicion\u00e1lis nagycsapata \u2013 a Benfica, a Sporting \u00e9s a Porto \u2013 az elm\u00falt t\u00edz \u00e9vben 12 olyan m\u00e9rk\u0151z\u00e9st j\u00e1tszott az els\u0151 sz\u00e1m\u00fa eur\u00f3pai sorozatban, amelyen h\u00e1rom vagy t\u00f6bb g\u00f3llal (\u00e1ltal\u00e1ban t\u00f6bbel) maradt alul. 1980 \u00e9s 2012 k\u00f6z\u00f6tt, azaz t\u00f6bb mint harminc \u00e9v alatt csak 16 ilyen tal\u00e1lkoz\u00f3 volt. Eur\u00f3pa egyik nagy futballkult\u00far\u00e1j\u00e1r\u00f3l \u00e9s h\u00e1rom olyan csapatr\u00f3l besz\u00e9l\u00fcnk, amelyek k\u00f6z\u00fcl mind nyert m\u00e1r kontinent\u00e1lis kupasorozatot.\r\n\r\n<span class=\"highlight-block-small\">Abban nyilv\u00e1n semmi \u00fajdons\u00e1g nincs, hogy az eur\u00f3pai futballban megfigyelhet\u0151 p\u00e9nz- \u00e9s er\u0151koncentr\u00e1ci\u00f3 m\u00e1r a \u201ep\u00f3rn\u00e9pt\u0151l\u201d egy\u00e9bk\u00e9nt is elk\u00fcl\u00f6n\u00fcl\u0151 topcsapatok k\u00f6z\u00f6tt is szakad\u00e1st okozott<\/span>\r\n\r\n\u2013 foglalkoznak ezzel az UEFA szakmai anyagai \u00e9s a k\u00fcl\u00f6nb\u00f6z\u0151 gazdas\u00e1gi elemz\u0151 c\u00e9gek kiadv\u00e1nyai is. Abban sincs, hogy az oll\u00f3 v\u00e1rhat\u00f3an tov\u00e1bb ny\u00edlik a k\u00f6zelj\u00f6v\u0151ben, mivel semmi sem utal arra, hogy megforduln\u00e1nak a trendek. Nem lep\u0151dik meg senki azon, ha a Bajnokok Lig\u00e1j\u00e1ban is rendszeresek a ki\u00fct\u00e9ses gy\u0151zelmek, ak\u00e1r akkor is, ha toplig\u00e1s csapatok fesz\u00fclnek egym\u00e1snak. Azzal viszont nem felt\u00e9tlen\u00fcl vagyunk tiszt\u00e1ban, hogy mennyire tiszt\u00e1n kirajzol\u00f3dik a sz\u00e9tszakad\u00e1s, ha sz\u0171k h\u00e1rom \u00e9vtizedre visszamen\u0151en v\u00e9gign\u00e9zz\u00fck a BL eredm\u00e9nyeit.\r\n\r\nA mostani \u00e9vad els\u0151 100 m\u00e9rk\u0151z\u00e9s\u00e9t is besz\u00e1m\u00edtva a legut\u00f3bbi hat id\u00e9ny mindegyik\u00e9ben \u2013 \u00e9s az elm\u00falt kilenc id\u00e9ny k\u00f6z\u00fcl nyolcban \u2013 a BL-m\u00e9rk\u0151z\u00e9sek legal\u00e1bb 20 sz\u00e1zal\u00e9ka h\u00e1romg\u00f3los vagy nagyobb k\u00fcl\u00f6nbs\u00e9g\u0171 v\u00e9geredm\u00e9nyt hozott. A mutat\u00f3 most 24 sz\u00e1zal\u00e9kon \u00e1ll. Kis kerek\u00edt\u00e9ssel \u00e9lve: a 2021\/22-es \u00e9vadban minden n\u00e9gy BL-m\u00e9rk\u0151z\u00e9sb\u0151l egy hoz egyoldal\u00fa k\u00fczdelmet (h\u00e1rom- vagy t\u00f6bbg\u00f3los k\u00fcl\u00f6nbs\u00e9g) \u00e9s minden hetedik-nyolcadik ki\u00fct\u00e9st (n\u00e9gy- vagy t\u00f6bbg\u00f3los differencia).\r\n\r\n<iframe class=\"flourish-embed-iframe\" style=\"width: 100%;height: 600px\" title=\"Interactive or visual content\" src=\"https:\/\/flo.uri.sh\/visualisation\/8725603\/embed\" frameborder=\"0\" scrolling=\"no\"><\/iframe>\r\n<div style=\"width: 100%!;margin-top: 4px!important;text-align: right!important\"><a class=\"flourish-credit\" style=\"text-decoration: none!important\" href=\"https:\/\/public.flourish.studio\/visualisation\/8725603\/?utm_source=embed&amp;utm_campaign=visualisation\/8725603\" target=\"_top\" rel=\"noopener\"><img style=\"width: 105px!important;height: 16px!important;border: none!important;margin: 0!important\" src=\"https:\/\/public.flourish.studio\/resources\/made_with_flourish.svg\" alt=\"Made with Flourish\" \/> <\/a><\/div>\r\n&nbsp;\r\n\r\nA trend az elm\u00falt b\u0151 \u00e9vtized term\u00e9ke, kor\u00e1bban ritk\u00e1n tapasztalhattunk hasonl\u00f3t a Bajnokok Lig\u00e1j\u00e1ban. 1994 \u2013 a 16 csapatos csoportk\u00f6r bevezet\u00e9se \u2013 \u00e9s 2013 k\u00f6z\u00f6tt egyszer sem fordult el\u0151, hogy a BL-meccsek 10 sz\u00e1zal\u00e9ka ki\u00fct\u00e9st hozott volna, a k\u00f6zel k\u00e9t \u00e9vtizedes \u00e1tlag 6,14 sz\u00e1zal\u00e9k volt. Az\u00f3ta 11,54 sz\u00e1zal\u00e9k, azaz majdnem megdupl\u00e1z\u00f3dott a nagy k\u00fcl\u00f6nbs\u00e9g\u0171 meccsek gyakoris\u00e1ga. A f\u00f6l\u00e9nyes \u2013 legal\u00e1bb h\u00e1romg\u00f3los \u2013 gy\u0151zelmek tekintet\u00e9ben a 2010-2011-es szezon a v\u00edzv\u00e1laszt\u00f3: ezt megel\u0151z\u0151en \u00e1tlagosan 14,74 sz\u00e1zal\u00e9k volt az ilyen tal\u00e1lkoz\u00f3k gyakoris\u00e1ga, az\u00f3ta 20 sz\u00e1zal\u00e9k f\u00f6l\u00f6tti az ar\u00e1nyuk.\r\n\r\nNyilv\u00e1nval\u00f3an van \u00f6sszef\u00fcgg\u00e9s a kicsik korl\u00e1tozott sz\u00e1m\u00fa beenged\u00e9s\u00e9vel: az UEFA a 2009-2010-es ki\u00edr\u00e1s el\u0151tt d\u00f6nt\u00f6tt \u00fagy, hogy sz\u00e9tv\u00e1lasztja a BL-ben a bajnoki \u00e9s a nem bajnoki \u00e1gakat, kis \u00f6sv\u00e9nyt nyitva az alacsonyabban rangsorolt bajnokcsapatoknak.\r\n\r\n<span class=\"highlight-block\">A v\u00e1ltoztat\u00e1s vesztese az eur\u00f3pai fels\u0151 k\u00f6z\u00e9pmez\u0151ny lett,<\/span>\r\n<div class=\"payable-content-section\"><\/div>\r\na meccseken pedig gyakran megmutatkozik a toplig\u00e1sok \u00e9s a kicsik k\u00f6zti szakad\u00e9k. De \u00f6nmag\u00e1ban ez sem indokolja a l\u00e1tv\u00e1nyos n\u00f6veked\u00e9st. A p\u00e9nz-, er\u0151- \u00e9s tud\u00e1skoncentr\u00e1ci\u00f3, az elit sz\u00e9tszakad\u00e1sa, a szakmai st\u00e1bok specializ\u00e1ci\u00f3ja \u00e9s l\u00e9tsz\u00e1m\u00e1nak megn\u00f6veked\u00e9se, a p\u00e1ly\u00e1n l\u00e1that\u00f3 aktu\u00e1lis trend (ultraagressz\u00edv le- \u00e9s visszat\u00e1mad\u00e1s, az ellenf\u00e9l megsoroz\u00e1sa rendk\u00edv\u00fcli intenzit\u00e1s\u00fa futballal) egyar\u00e1nt hozz\u00e1j\u00e1rul ahhoz, hogy egyre t\u00f6bb a sima m\u00e9rk\u0151z\u00e9s a futballcs\u00facsterm\u00e9k Bajnokok Lig\u00e1j\u00e1ban.\r\n\r\nA BL izgalommentesmeccs-r\u00e1t\u00e1ja fel\u00fclm\u00falja m\u00e9g a Bayern-dominancia miatt sokszor kritiz\u00e1lt Bundeslig\u00e1\u00e9t vagy a Serie A-\u00e9t is, nem besz\u00e9lve a Premier League-r\u0151l \u00e9s a La Lig\u00e1r\u00f3l, amelyekben ar\u00e1nyaiban sokkal t\u00f6bb a szoros tal\u00e1lkoz\u00f3. Ez a n\u00e9z\u0151i \u00e9lm\u00e9nyt is nagyban befoly\u00e1solja, hiszen ha az \u00e9lmez\u0151nyt k\u00f6nny\u0171 is megtippelni, maguk a m\u00e9rk\u0151z\u00e9sek sokszor izgalmasak a kies\u0151jel\u00f6ltek \u00e9s a bajnokes\u00e9lyesek k\u00f6z\u00f6tt is. Pedig az \u00f6sszes toplig\u00e1ban jellemz\u0151, hogy a nagycsapatok mind gyakrabban nyernek sim\u00e1n.\r\n\r\n<iframe class=\"flourish-embed-iframe\" style=\"width: 100%;height: 600px\" title=\"Interactive or visual content\" src=\"https:\/\/flo.uri.sh\/visualisation\/8731237\/embed\" frameborder=\"0\" scrolling=\"no\"><\/iframe>\r\n<div style=\"width: 100%!;margin-top: 4px!important;text-align: right!important\"><a class=\"flourish-credit\" style=\"text-decoration: none!important\" href=\"https:\/\/public.flourish.studio\/visualisation\/8731237\/?utm_source=embed&amp;utm_campaign=visualisation\/8731237\" target=\"_top\" rel=\"noopener\"><img style=\"width: 105px!important;height: 16px!important;border: none!important;margin: 0!important\" src=\"https:\/\/public.flourish.studio\/resources\/made_with_flourish.svg\" alt=\"Made with Flourish\" \/> <\/a><\/div>\r\n&nbsp;\r\n\r\n\u201eA futballvil\u00e1gban bek\u00f6vetkez\u0151 v\u00e1ltoz\u00e1s tagadhatatlan. Szemellenz\u0151s, aki azzal \u00e9rvel, hogy a labdar\u00fag\u00e1s mindig ilyen volt. (\u2026) Ez a magyar\u00e1zat a logik\u00e1val \u00e9s a rendelkez\u00e9s\u00fcnkre \u00e1ll\u00f3 bizony\u00edt\u00e9kokkal is szembemegy. Sosem volt m\u00e9g ilyen rossz a helyzet [ebb\u0151l a szempontb\u00f3l], \u00e9s k\u00f6nnyen lehet, hogy m\u00e9g rosszabb lesz\u201d \u2013 \u00edrta 2020 elej\u00e9n <strong>Miguel Delaney<\/strong> a p\u00e9nz- \u00e9s tud\u00e1skoncentr\u00e1ci\u00f3 eredm\u00e9nyekben megmutatkoz\u00f3 hat\u00e1s\u00e1r\u00f3l az Independent has\u00e1bjain.\r\n\r\nR\u00e1mutatott: minden adat azt sugallja, hogy az eur\u00f3pai futball kisz\u00e1m\u00edthat\u00f3bb\u00e1 v\u00e1lt, mint t\u00edz, h\u00fasz vagy harminc \u00e9ve. Ezt l\u00e1thatjuk a bajnoks\u00e1gokban \u00e9s ezt l\u00e1thatjuk az eur\u00f3pai sz\u00ednt\u00e9ren is. Ennek az egyik k\u00f6vetkezm\u00e9nye, hogy a Bajnokok Lig\u00e1j\u00e1ban a kor\u00e1bbit messze fel\u00fclm\u00falja a sima m\u00e9rk\u0151z\u00e9sek sz\u00e1ma, \u00e9s nem ritka, hogy m\u00e9g tavaszi p\u00e1rharcok is izgalommentesnek bizonyulnak.\r\n\r\n<span class=\"highlight-block-small\">A k\u00e9rd\u00e9s, hogy ez mikort\u00f3l okoz probl\u00e9m\u00e1t.<\/span>\r\n\r\nA BL bizonyos szempontb\u00f3l a kompromisszumok lig\u00e1ja. Ki\u00edr\u00f3j\u00e1nak, az UEFA-nak egyens\u00falyoznia kell a szuperklubok \u00e9s a meghat\u00e1roz\u00f3 futballnemzetek, valamint a tagorsz\u00e1gok k\u00f6z\u00f6tt t\u00f6bbs\u00e9gben l\u00e9v\u0151 kicsik \u00e9rdekei k\u00f6z\u00f6tt. El\u0151bbiek t\u00f6bb p\u00e9nzt, m\u00e9g t\u00f6bb befoly\u00e1st \u00e9s nekik kedvez\u0151bb p\u00e9nzeloszt\u00e1st akarnak, hiszen a glob\u00e1lis k\u00f6z\u00f6ns\u00e9g nagy r\u00e9sze miattuk n\u00e9zi a Bajnokok Lig\u00e1j\u00e1t. Ut\u00f3bbiak azt akarj\u00e1k el\u00e9rni, hogy legal\u00e1bb odaengedj\u00e9k n\u00e9h\u00e1ny k\u00e9pvisel\u0151j\u00fcket a gazdagon megter\u00edtett asztalhoz, illetve m\u00e1s kupasorozatokban hozz\u00e1f\u00e9rjenek a kincseskamra egy kisebb r\u00e9sz\u00e9hez. A futballt fesz\u00edt\u0151 ellentmond\u00e1sok a Szuperliga tavalyi, abort\u00e1lt elind\u00edt\u00e1s\u00e1ban cs\u00facsosodtak ki, de a nemzetk\u00f6zi napt\u00e1r \u00e1tszervez\u00e9se, a FIFA\u2013UEFA k\u00f6t\u00e9lh\u00faz\u00e1sok, a nagyszab\u00e1s\u00fa tervek <a href=\"https:\/\/sport24.24.hu\/foci\/2022\/02\/02\/fifa-uefa-ketevenkenti-vilagbajnoksag-gianni-infantino\/\">(vil\u00e1gbajnoks\u00e1g nagyobb l\u00e9tsz\u00e1mmal, k\u00e9t\u00e9vente<\/a>; <a href=\"https:\/\/sport24.24.hu\/foci\/2022\/02\/11\/a-kutyat-sem-erdekli-de-a-fifa-nak-tervei-vannak-vele-lehet-e-nagy-torna-a-klubvilagbajnoksagbol\/\">megreform\u00e1lt klubvil\u00e1gbajnoks\u00e1g<\/a>, duzzad\u00f3 l\u00e9tsz\u00e1m\u00fa torn\u00e1k) is mutatj\u00e1k, mindenki megpr\u00f3b\u00e1l el\u0151remenek\u00fclni a m\u00e9g t\u00f6bb p\u00e9nz ir\u00e1ny\u00e1ba.\r\n\r\nA BL egyik h\u00edv\u00f3szava, hogy itt t\u00e9nyleg az elitet, a legmagasabb szint\u0171 klubfutballt l\u00e1thatja a n\u00e9z\u0151. Viszont\r\n\r\n<span class=\"highlight-block\">hogyan lehet ezt kommunik\u00e1lni, ha a meccsek nagyj\u00e1b\u00f3l negyede izgalommentes? <\/span>\r\n\r\nNem a meccsek szoross\u00e1ga az egyetlen, n\u00e9z\u0151i \u00e9lm\u00e9nyt befoly\u00e1sol\u00f3 t\u00e9nyez\u0151 (egy-egy ki\u00fct\u00e9s is bevonulhat a futball legend\u00e1rium\u00e1ba, l\u00e1sd a Barcelona ford\u00edt\u00e1s\u00e1t a PSG ellen, vagy a Bayern\u2013Barcelona 8-2-t; \u00e9s lehet egy csoport szoros meccsei ellen\u00e9re viszonylag \u00e9rdektelen, l\u00e1sd most a Lille, Salzburg, Sevilla, Wolfsburg BL-kvartettet), de k\u00e9ts\u00e9gtelen\u00fcl kulcsfontoss\u00e1g\u00fa.\r\n\r\n[caption id=\"attachment_3690\" align=\"aligncenter\" width=\"2303\"]<img class=\"size-full wp-image-3690\" src=\"https:\/\/sport24.24.hu\/app\/uploads\/sites\/24\/2022\/02\/000_9nt499.jpg\" alt=\"\" width=\"2303\" height=\"1535\" \/> Karim Adeyemi, a Salzburg j\u00e1t\u00e9kosa \u00e9rt\u00e9kes\u00edti a tizenegyest a Lille egy\u00fcttese ellen az \u0151szi BL-csoportm\u00e9rk\u0151z\u00e9sen.[\/caption]\r\n\r\n\u201eA liga New York-i fejesei szerint l\u00e9tezik egy ide\u00e1lis formula, amely garant\u00e1lja a remek n\u00e9zetts\u00e9get. Ekk\u00e9nt magyar\u00e1zt\u00e1k el: t\u00f6bb pont \u00e9s szoros m\u00e9rk\u0151z\u00e9sek. Mag\u00e1t\u00f3l \u00e9rtet\u0151d\u0151nek t\u0171nik, \u00e1m nem k\u00f6nny\u0171 el\u00e9rni\u201d \u2013 \u00edrta <strong>Kevin Clark<\/strong>, a The Ringer \u00fajs\u00e1g\u00edr\u00f3ja.\r\n\r\nClark azzal foglalkozott cikk\u00e9ben, hogy mi\u00e9rt v\u00e1ltozott meg az NFL, de a \u201et\u00f6bb g\u00f3l + szoros m\u00e9rk\u0151z\u00e9sek = jobb n\u00e9zetts\u00e9g\u201d formula a labdar\u00fag\u00e1sra \u00e9pp\u00fagy r\u00e1h\u00fazhat\u00f3. A g\u00f3lokkal nincs is baj \u2013 a Bajnokok Lig\u00e1j\u00e1ban 1994-hez k\u00e9pest 2,3-r\u00f3l 3 f\u00f6l\u00e9 n\u0151tt a g\u00f3l\u00e1tlag \u2013, csakhogy a plusztal\u00e1latok j\u00f3 r\u00e9sze egyoldal\u00faan oszlik el. M\u00e1rpedig \u00edgy a formula egyik eleme hi\u00e1nyzik, ez pedig f\u0151leg a csoportk\u00f6r n\u00e9zetts\u00e9g\u00e9t \u00e9rinti, \u00e9rintheti.\r\n\r\nEgyszer\u0171 megold\u00e1st nem l\u00e1tni, r\u00e9szint a sz\u00e9ttart\u00f3 \u00e9rdekek, r\u00e9szint a lehets\u00e9ges v\u00e1ltoztat\u00e1sok korl\u00e1tozott sz\u00e1ma miatt. Cs\u00f6kkenteni a BL l\u00e9tsz\u00e1m\u00e1t nyilv\u00e1n \u00f6ngyilkoss\u00e1g lenne, ez sz\u00f3ba sem ker\u00fclhet. Ha megint a fels\u0151 k\u00f6z\u00e9pmez\u0151ny csapatai fel\u00e9 nyitn\u00e1nak, akkor vissza\u00e1llna a 2009 el\u0151tti, a kicsiket szinte teljesen kiz\u00e1r\u00f3 rendszer \u2013 ez robban\u00e1shoz vezethetne. A dupla csoportk\u00f6r ism\u00e9telt bevezet\u00e9se nem lenne logik\u00e1tlan (t\u00f6bb m\u00e9rk\u0151z\u00e9s, v\u00e1rhat\u00f3an kiegyenl\u00edtettebb m\u00e1sodik k\u00f6r), \u00e1m \u00e9ppen ez a megold\u00e1s volt a BL-t\u00f6rt\u00e9net egyik legn\u00e9pszer\u0171tlenebbje a k\u00e9tezres \u00e9vek elej\u00e9n, mert vontatott\u00e1 tette a versenysorozatot \u00e9s \u00e9rdektelenn\u00e9 annak els\u0151 f\u00e1zis\u00e1t. A 2024-t\u0151l esed\u00e9kes b\u0151v\u00edt\u00e9s (36 csapat, 125 helyett 225 m\u00e9rk\u0151z\u00e9s) \u00e9s lebonyol\u00edt\u00e1si reform \u2013 az \u00fagynevezett sv\u00e1jci rendszerre akar \u00e1tt\u00e9rni az UEFA, amelyben nincsenek csoportok, minden csapat t\u00edz m\u00e9rk\u0151z\u00e9st j\u00e1tszana a f\u0151t\u00e1bl\u00e1n \u2013 sem val\u00f3sz\u00edn\u0171, hogy v\u00e1ltoz\u00e1st hoz a m\u00e9rk\u0151z\u00e9sek szoross\u00e1g\u00e1ban.\r\n\r\n<span class=\"highlight-block-small\">A logika \u00e9s az adatok egyar\u00e1nt egy szuperliga fel\u00e9 tereln\u00e9k a gondolkod\u00e1st, amelyre viszont \u2013 mor\u00e1lis, emocion\u00e1lis \u00e9s t\u00f6rt\u00e9nelmi alapon \u2013 hangosan \u00e9s \u00e9rthet\u0151en nemet mondott a t\u00f6bbs\u00e9g, \u00edgy a szakad\u00e1r klubok azonnali visszavonul\u00f3t f\u00fajtak. <\/span>\r\n\r\nNem l\u00e1tni olyan rendszert, amely a jelenlegin\u00e9l l\u00e9nyegesen jobb lehetne: a k\u00fcl\u00f6nbs\u00e9gek tov\u00e1bb n\u0151nek, \u00e9s alighanem a sima m\u00e9rk\u0151z\u00e9sek, az els\u0151 meccs ut\u00e1n lefutott p\u00e1rharcok sz\u00e1ma is n\u0151ni fog. Az els\u0151 n\u00e9gy tavaszi tal\u00e1lkoz\u00f3 k\u00f6z\u00f6tt m\u00e1r volt ki\u00fct\u00e9s (az eml\u00edtett Sporting\u2013Manchester City<a href=\"https:\/\/rangado.24.hu\/nemzetkozi_foci\/2022\/02\/15\/bajnokok-ligaja-nyolcaddonto-manchester-city-sporting\/\"> 0\u20135<\/a>), k\u00e9t, de ink\u00e1bb h\u00e1rom p\u00e1rharc tov\u00e1bbjut\u00f3ja nagy val\u00f3sz\u00edn\u0171s\u00e9ggel megj\u00f3solhat\u00f3 (az el\u0151bbin k\u00edv\u00fcl m\u00e9g az Inter\u2013Liverpool \u00e9s a Salzburg\u2013Bayern ilyen, b\u00e1r a n\u00e9met rekordbajnok sebezhet\u0151nek t\u0171nik), minden folyik a szok\u00e1sos mederben. A v\u00e9g\u00e9n alighanem maradnak a szuperklubok, \u00e9s t\u00e9nyleg elj\u00f6n a cs\u00facsfoci ideje.\r\n\r\nCsak az a k\u00e9rd\u00e9s, hogy a k\u00f6z\u00f6ns\u00e9g mikor mondja be az unalmast.\r\n\r\n[prefabricated_shortcode in_app=\"0\" code=\"%3Cdiv%20class%3D%22article_box_border%22%20style%3D%22background%3A%20url%28%27https%3A%2F%2F24.p3k.hu%2Fapp%2Fuploads%2Fsites%2F24%2F2021%2F05%2Fsport24-pattern.png%27%29%20no-repeat%20left%20-16px%20%23f3f3f4%3B%20border%3A%20none%3B%22%3E%0D%0A%3Cdiv%20class%3D%22article_solidheader%22%3E%0D%0A%3Ch2%20style%3D%22color%3A%20%23111115%21important%3B%20font-size%3A%2036px%3B%20font-weight%3A%20bold%3B%20margin-bottom%3A%2030px%3B%20margin-top%3A%2020px%3B%20text-align%3A%20center%3B%20line-height%3A%2036px%3B%22%3E%3Cimg%20class%3D%22aligncenter%20size-full%20wp-image-141%22%20src%3D%22https%3A%2F%2F24.p3k.hu%2Fapp%2Fuploads%2Fsites%2F24%2F2021%2F05%2Fs24-logo-dt.png%22%20alt%3D%22%22%20width%3D%22408%22%20height%3D%2290%22%20%2F%3E%3C%2Fh2%3E%0D%0A%3Ch2%20style%3D%22color%3A%20%23111115%21important%3B%20font-size%3A%2036px%3B%20font-weight%3A%20bold%3B%20margin-bottom%3A%2030px%3B%20margin-top%3A%2020px%3B%20text-align%3A%20center%3B%20line-height%3A%2040px%3B%22%3ECsatlakozz%20a%20Sport24%20k%C3%B6z%C3%B6ss%C3%A9ghez%2C%20mondd%20el%20v%C3%A9lem%C3%A9nyedet%20z%C3%A1rt%20Facebook-csoportunkban%2C%20%C3%A9s%20vegy%C3%A9l%20r%C3%A9szt%20csak%20el%C5%91fizet%C5%91knek%20el%C3%A9rhet%C5%91%20exkluz%C3%ADv%20esem%C3%A9nyeinken.%3C%2Fh2%3E%0D%0A%3C%2Fdiv%3E%0D%0A%3Cp%20style%3D%22background%3A%20%2357A600%3B%20margin-top%3A%2020px%3B%20padding%3A%2020px%3B%20text-align%3A%20center%3B%22%3E%3Ca%20style%3D%22color%3A%20%23ffffff%3B%20font-size%3A%2026px%3B%20font-weight%3A%20600%3B%22%20href%3D%22https%3A%2F%2Fwww.facebook.com%2Fgroups%2F212344460412327%22%3ECSATLAKOZOM%3C%2Fa%3E%3C%2Fp%3E%0D%0A%0D%0A%3C%2Fdiv%3E\"]","type":"rich","thumbnail_url":"https:\/\/s.24.hu\/app\/uploads\/sites\/24\/2022\/02\/075_fiuza-sporting220215_npl8j-150x150.jpg","thumbnail_width":150,"thumbnail_height":150}