{"version":"1.0","provider_name":"Sport24","provider_url":"https:\/\/sport24.24.hu","author_name":"Bruckner G\u00e1bor","author_url":"https:\/\/sport24.24.hu\/author\/brucknerg\/","title":"Janu\u00e1rban j\u00e1t\u00e9koselad\u00e1sokkal is er\u0151s\u00f6d\u00f6tt a Juventus","html":"<strong>1. DUSAN VLAHOVIC (FIORENTINA \u2013 JUVENTUS)<\/strong>\r\n\r\nA zebr\u00e1k\u00e9 a nagy fog\u00e1s, 81,6 milli\u00f3 eur\u00f3\u00e9rt megv\u00e1s\u00e1rolt\u00e1k <strong>Dusan Vlahovicot<\/strong> a Fiorentin\u00e1t\u00f3l. A szerb a 2021-es napt\u00e1ri \u00e9vben 33 g\u00f3lt szerzett a Serie A-ban, amivel be\u00e1ll\u00edtotta <strong>Cristiano Ronaldo<\/strong> rekordj\u00e1t. A <a href=\"https:\/\/sport24.24.hu\/foci\/2021\/12\/26\/dusan-vlahovic-fiorentina-elemzes-serie-a\/?fbclid=IwAR0UQEwWnHnf4TsOFq2QrHQDSyLI-Ips5z-cG5D3-uH8b9J7YJZZ2u7iJo0\" target=\"_blank\" rel=\"noopener\">\u201efa\u00e9k egyszer\u0171s\u00e9g\u0171 csat\u00e1r\u201d<\/a> j\u00e1t\u00e9kst\u00edlusa legink\u00e1bb <strong>Robert Lewandowski\u00e9hoz<\/strong> hasonl\u00edthat\u00f3, brut\u00e1lis fizikuma \u00e1tlagon fel\u00fcli technikai k\u00e9pess\u00e9gekkel \u00e9s j\u00e1t\u00e9kintelligenci\u00e1val p\u00e1rosul. Er\u00e9nyei k\u00f6z\u00e9 sorolj\u00e1k, hogy fiatal kora (22 \u00e9ves) ellen\u00e9re ment\u00e1lisan is er\u0151s, a stresszt\u0171r\u0151 k\u00e9pess\u00e9ge j\u00f3l vizsg\u00e1zott a szerz\u0151d\u00e9shosszabb\u00edt\u00e1sa \u00e9s eligazol\u00e1sa k\u00f6r\u00fcli hercehurca sor\u00e1n.\r\n\r\n<span class=\"highlight-block\">Ne feledj\u00fck, a Juventus rendszeresen elviszi a Fiorentina legjobbjait <\/span>\r\n\r\n(2020 nyar\u00e1n <strong>Federico Chies\u00e1t<\/strong> hozt\u00e1k el Firenz\u00e9b\u0151l), ami kiv\u00e1ltja a lil\u00e1k ultr\u00e1inak haragj\u00e1t: Vlahovicot a Juventushoz t\u00f6rt\u00e9n\u0151 igazol\u00e1sa ut\u00e1n p\u00e9ld\u00e1ul \u201eszardarabnak\u201d nevezt\u00e9k. A Juventus sz\u00e1m\u00e1ra ide\u00e1lis v\u00e1laszt\u00e1snak t\u0171nik, <strong>Morata<\/strong> hozz\u00e1 k\u00e9pest mindenb\u0151l amolyan light-verzi\u00f3, <strong>Kean<\/strong> pedig mintha minden k\u00e9pess\u00e9g\u00e9t elvesz\u00edtette volna, amivel n\u00e9h\u00e1ny \u00e9vvel ezel\u0151tt berobbant. A torin\u00f3i klub Vlahovic megszerz\u00e9s\u00e9vel a Serie A megt\u00e9p\u00e1zott preszt\u00edzs\u00e9t is seg\u00edthet helyre\u00e1ll\u00edtani, miut\u00e1n a szerbet olyan klubok el\u0151l siker\u00fclt elhappolni, mint az Arsenal vagy a Tottenham.\r\n<div class=\"payable-content-section\"><\/div>\r\n<strong>2. AARON RAMSEY (JUVENTUS \u2013 GLASGOW RANGERS, K\u00d6LCS\u00d6NBE)<\/strong>\r\n\r\nA Juventus a 2010-es \u00e9vekben szinte t\u00f6k\u00e9lyre fejlesztette azt a strat\u00e9gi\u00e1t, hogy lej\u00e1rt szerz\u0151d\u00e9s\u0171 futballist\u00e1kat szerzett meg ingyen. Annak ellen\u00e9re, hogy ezek a j\u00e1t\u00e9kosok kiemelked\u0151 fizet\u00e9st kaptak, anyagilag nem j\u00f6tt ki rosszul ezekb\u0151l a projektekb\u0151l a Juve (<strong>Pogb\u00e1t<\/strong> p\u00e9ld\u00e1ul 105 milli\u00f3 eur\u00f3\u00e9rt adt\u00e1k el annak a Manchester Unitednek, amelyt\u0151l n\u00e9gy \u00e9vvel kor\u00e1bban ingyen szerezt\u00e9k meg), legut\u00f3bb m\u00e9gis 2019-ben \u00e9rkeztek lej\u00e1rt szerz\u0151d\u00e9s\u0171 focist\u00e1k Torin\u00f3ba. Ez nem v\u00e9letlen: az akkor megszerzett j\u00f3 nev\u0171 j\u00e1t\u00e9kosok nagy csal\u00f3d\u00e1st okoztak. <strong>Adrian Rabiot-nak<\/strong> voltak felvillan\u00e1sai, ugyanakkor minden edz\u0151je \u00e9vek \u00f3ta elmondja azokat a sablonmondatokat, amelyekt\u0151l a Juve szurkol\u00f3i m\u00e1r hidegr\u00e1z\u00e1st kapnak: \u201ehatalmas potenci\u00e1l van benne, de ennek m\u00e9g csak a t\u00f6red\u00e9k\u00e9t l\u00e1thattuk t\u0151le\u201d. Rabiot egyel\u0151re maradt, <strong>Aaron Ramsey-n<\/strong> viszont t\u00faladott a klub. Az Arsenalt\u00f3l \u00e9rkezett walesi j\u00e1t\u00e9kost\u00f3l a k\u00f6z\u00e9pp\u00e1lya kreativit\u00e1s\u00e1nak felturb\u00f3z\u00e1s\u00e1t v\u00e1rt\u00e1k \u2013 helyette egy\r\n\r\n<span class=\"highlight-block-small\">csetl\u0151-botl\u00f3, fizikailag ijeszt\u0151en gyenge, egyik s\u00e9r\u00fcl\u00e9sb\u0151l a m\u00e1sikba zuhan\u00f3 focist\u00e1t kaptak. <\/span>\r\n\r\nA Glasgow Rangersben tal\u00e1n \u00fajra\u00e9p\u00edtheti mag\u00e1t, a sk\u00f3t bajnoks\u00e1gb\u00f3l a technikai k\u00e9pzetts\u00e9ge miatt magasan kil\u00f3g majd. De \u2013 f\u00e1jdalmas ezt le\u00edrni \u2013 egy ideje m\u00e1r a Rangers a szintje, nem a Juventus.\r\n\r\n<img class=\"alignnone size-full wp-image-3590\" src=\"https:\/\/sport24.24.hu\/app\/uploads\/sites\/24\/2022\/02\/ramsey.jpg\" alt=\"\" width=\"1024\" height=\"682\" \/>\r\n\r\n<strong>3. RODRIGO BENTANCUR (JUVENTUS \u2013 TOTTENHAM)<\/strong>\r\n\r\nAligha t\u00falz\u00e1s azt mondani, hogy sok Juventus-drukker v\u00e1rta ezt a pillanatot: <strong>Bentancurt<\/strong> eladta a klub. A m\u00e9g mindig csak 24 \u00e9ves uruguay-i n\u00e9gy \u00e9s f\u00e9l \u00e9ve ker\u00fclt a Juventushoz a Boca Juniorst\u00f3l. Sarri 4-3-3-as rendszer\u00e9ben futotta a legjobb szezonj\u00e1t, ekkor f\u0151leg a k\u00f6z\u00e9pp\u00e1lya jobb vagy bal oldal\u00e1n jutott sz\u00f3hoz. A <strong>Pirlo<\/strong> \u00e1ltal favoriz\u00e1lt 4-4-2-ben a bels\u0151 k\u00f6z\u00e9pp\u00e1ly\u00e1s posztj\u00e1n szerepelt, \u00e1ltal\u00e1ban <strong>Arthur<\/strong> vagy Rabiot mellett. Minden meccsen voltak hasznos megmozdul\u00e1sai, kulcsfontoss\u00e1g\u00fa szerel\u00e9sei, a t\u00e1mad\u00e1sokat azonban legink\u00e1bb csak h\u00e1tr\u00e1ltatta. Rendszeres jelenet: agresszivit\u00e1sa, j\u00f3 \u00fctem\u00e9rz\u00e9ke r\u00e9v\u00e9n\r\n\r\n<span class=\"highlight-block\">labd\u00e1t szerez, majd l\u00e1tv\u00e1nyosan tan\u00e1cstalann\u00e1 v\u00e1lik. <\/span>\r\n\r\nR\u00e1ad\u00e1sul olyan ki nem k\u00e9nyszer\u00edtett hib\u00e1k is jellemezt\u00e9k a j\u00e1t\u00e9k\u00e1t, amelyek az \u0151 posztj\u00e1n v\u00e9gzetesek. A Porto elleni blackoutja (amikor az els\u0151 percben r\u00f6viden adta haza a labd\u00e1t <strong>Szczesnynek<\/strong>, megaj\u00e1nd\u00e9kozva egy g\u00f3llal <strong>Taremit<\/strong>) alighanem megpecs\u00e9telte a sors\u00e1t a Juventusn\u00e1l. Ami azut\u00e1n j\u00f6tt: hossz\u00fa, szomork\u00e1s hatty\u00fadal. \u201eMinden alkalommal, amikor Bentancurhoz ker\u00fcl a labda, izzadni kezdek\u201d \u2013 \u00edrta az egy \u00e9vvel ezel\u0151tti, nyomaszt\u00f3 eml\u00e9k\u0171 BL-meccs ut\u00e1n egy Juventus-rajong\u00f3 influenszer a Twitteren. Sokan \u00e9rezt\u00fck \u00edgy, a t\u00f6bbi most m\u00e1r <strong>Conte<\/strong> \u00e9s a Tottenham dolga.\r\n\r\n<strong>4. DENIS ZAKARIA (M\u00d6NCHENGLADBACH \u2013 JUVENTUS)<\/strong>\r\n\r\nDecember \u00f3ta cikkeznek arr\u00f3l a Manchester United h\u00e1za t\u00e1j\u00e1n, hogy a sv\u00e1jci k\u00f6z\u00e9pp\u00e1ly\u00e1s milyen j\u00f3l passzolna a csapatba \u2013 ehhez k\u00e9pest <strong>Zakari\u00e1t<\/strong> is a Juventusnak siker\u00fclt megszereznie, r\u00e1ad\u00e1sul a mai \u00e1rfolyamokhoz k\u00e9pest eg\u00e9szen potom \u00f6sszeg\u00e9rt, 8,6 milli\u00f3 eur\u00f3\u00e9rt.\r\n\r\n<span class=\"highlight-block\">A 25 \u00e9ves j\u00e1t\u00e9kossal a Juve ak\u00e1r k\u00e9t legyet is \u00fcthet egy csap\u00e1sra. <\/span>\r\n\r\nA kiv\u00e9teles fizikai k\u00e9pess\u00e9g\u0171 j\u00e1t\u00e9kos \u00fagy er\u0151s\u00edtheti meg a csapat v\u00e9dekez\u00e9s\u00e9t a k\u00f6z\u00e9pp\u00e1ly\u00e1n, hogy azzal a ny\u00e1ron leigazolt <strong>Manuel Locatellit<\/strong> tehermentes\u00edtheti, \u00edgy az olasz jobban seg\u00edtheti a Juventus t\u00e1mad\u00f3j\u00e1t\u00e9k\u00e1t. Zakaria r\u00e1ad\u00e1sul nem csak egy tank \u2013 gyors helyzetfelismer\u00e9s \u00e9s j\u00f3 helyezked\u00e9s is jellemzi a j\u00e1t\u00e9kst\u00edlus\u00e1t. A kanadai t\u00e1bl\u00e1zaton sem mutat rosszul a Bundeslig\u00e1b\u00f3l sz\u00e1rmaz\u00f3 adata: a M\u00f6nchengladbach sz\u00edneiben 125 m\u00e9rk\u0151z\u00e9sen 11 g\u00f3l mellett 8 g\u00f3lpasszt is sz\u00e1ml\u00e1lt. \u201e\u00daj harcos \u00e9rkezett a Juventushoz\u201d \u2013 \u00edgy jellemezte mag\u00e1t a 191 centim\u00e9ter magas Zakaria, \u00e9s ezzel r\u00f6gt\u00f6n elnyerte a szurkol\u00f3k szimp\u00e1ti\u00e1j\u00e1t, akik ki vannak m\u00e1r \u00e9hezve az olyan mentalit\u00e1s\u00fa j\u00e1t\u00e9kosokra, mint a sv\u00e1jci.\r\n\r\n<strong>5. DEJAN KULUSEVSKI (JUVENTUS \u2013 TOTTENHAM, K\u00d6LCS\u00d6NBE)<\/strong>\r\n\r\n<img class=\"alignnone size-full wp-image-3591\" src=\"https:\/\/sport24.24.hu\/app\/uploads\/sites\/24\/2022\/02\/kulusevski.jpg\" alt=\"\" width=\"1024\" height=\"682\" \/>\r\n\r\nA m\u00e9g mindig csak 21 \u00e9ves j\u00e1t\u00e9kost 2020-ban igazolta le a Juventus 35 milli\u00f3 eur\u00f3\u00e9rt az Atalant\u00e1t\u00f3l. Sokan eml\u00e9keznek a bemutatkoz\u00e1s\u00e1ra: Pirlo edz\u0151i deb\u00fct\u00e1l\u00e1s\u00e1n, a Sampdoria elleni bajnokin m\u00e1r a 13. percben csod\u00e1latos g\u00f3lt l\u0151tt. \u00dagy t\u0171nt, <strong>Kulusevski<\/strong> ott folytatja, ahol abbahagyta: 2020 \u0151sz\u00e9ig t\u00fcnd\u00e9rsz\u00e9p t\u00f6rt\u00e9net volt az \u00f6v\u00e9. Stockholmban sz\u00fcletett maced\u00f3n ap\u00e1t\u00f3l \u00e9s sv\u00e9d any\u00e1t\u00f3l, ahonnan 16 \u00e9ves kor\u00e1ban az Atalant\u00e1hoz ker\u00fclt. K\u00f6z\u00e9pp\u00e1ly\u00e1s l\u00e9t\u00e9re tarolt a kanadai t\u00e1bl\u00e1zaton, \u00e9s nagy r\u00e9sze volt abban, hogy a klub Primavera-csapata 21 \u00e9v ut\u00e1n ism\u00e9t megszerezte a bajnoki c\u00edmet. Az Atalanta ezut\u00e1n k\u00f6lcs\u00f6nadta a Parm\u00e1nak, amelynek m\u00e1r a feln\u0151ttcsapat\u00e1ban szerepelt. A 2019\/20-as \u00e9vadban 10 g\u00f3l \u00e9s 9 assziszt volt a m\u00e9rlege Parm\u00e1ban, a Serie A kilom\u00e9ter-sz\u00e1ml\u00e1l\u00f3j\u00e1n m\u00e1sodik lett <strong>Marcelo Brozovic<\/strong> m\u00f6g\u00f6tt, a 21 \u00e9ven aluli j\u00e1t\u00e9kosok k\u00f6z\u00fcl pedig csak ketten mutattak be n\u00e1la t\u00f6bb sikeres cselt eg\u00e9sz Eur\u00f3p\u00e1ban. Ehhez k\u00e9pest a torin\u00f3i folytat\u00e1s nem siker\u00fclt t\u00fal f\u00e9nyesen.\r\n\r\n<span class=\"highlight-block-small\">A zebr\u00e1kn\u00e1l t\u00f6lt\u00f6tt m\u00e1sf\u00e9l \u00e9v alatt szinte v\u00e9gig jobbsz\u00e9ls\u0151k\u00e9nt j\u00e1tszott, azonban a gyorsas\u00e1g\u00e1b\u00f3l semmit sem l\u00e1ttunk <\/span>\r\n\r\n\u2013 a Parma kontraj\u00e1t\u00e9ka jobban kidombor\u00edtotta az er\u00e9nyeit. Saj\u00e1t bevall\u00e1sa szerint a \u201etrequartista\u201d szerepet kedveli a legjobban, azaz a csat\u00e1rok m\u00f6g\u00f6tti t\u00e1mad\u00f3k\u00e9nt j\u00e1tszana \u2013 ehhez k\u00e9pest a pletyk\u00e1k szerint Antonio Conte amolyan Cuadrado-szer\u0171 jobb oldali fut\u00f3embert szeretne faragni bel\u0151le, sz\u00e1mos v\u00e9d\u0151feladattal. Ebb\u0151l m\u00e9g b\u00e1rmi lehet, hamarosan ak\u00e1r a Juventusban is, mivel Kulusevski 2023 nyar\u00e1ig, k\u00f6lcs\u00f6nben ker\u00fclt a Tottenhamhez.\r\n\r\n[prefabricated_shortcode in_app=\"0\" code=\"%3Cdiv%20class%3D%22article_box_border%22%20style%3D%22background%3A%20url%28%27https%3A%2F%2F24.p3k.hu%2Fapp%2Fuploads%2Fsites%2F24%2F2021%2F05%2Fsport24-pattern.png%27%29%20no-repeat%20left%20-16px%20%23f3f3f4%3B%20border%3A%20none%3B%22%3E%0D%0A%3Cdiv%20class%3D%22article_solidheader%22%3E%0D%0A%3Ch2%20style%3D%22color%3A%20%23111115%21important%3B%20font-size%3A%2036px%3B%20font-weight%3A%20bold%3B%20margin-bottom%3A%2030px%3B%20margin-top%3A%2020px%3B%20text-align%3A%20center%3B%20line-height%3A%2036px%3B%22%3E%3Cimg%20class%3D%22aligncenter%20size-full%20wp-image-141%22%20src%3D%22https%3A%2F%2F24.p3k.hu%2Fapp%2Fuploads%2Fsites%2F24%2F2021%2F05%2Fs24-logo-dt.png%22%20alt%3D%22%22%20width%3D%22408%22%20height%3D%2290%22%20%2F%3E%3C%2Fh2%3E%0D%0A%3Ch2%20style%3D%22color%3A%20%23111115%21important%3B%20font-size%3A%2036px%3B%20font-weight%3A%20bold%3B%20margin-bottom%3A%2030px%3B%20margin-top%3A%2020px%3B%20text-align%3A%20center%3B%20line-height%3A%2040px%3B%22%3ECsatlakozz%20a%20Sport24%20k%C3%B6z%C3%B6ss%C3%A9ghez%2C%20mondd%20el%20v%C3%A9lem%C3%A9nyedet%20z%C3%A1rt%20Facebook-csoportunkban%2C%20%C3%A9s%20vegy%C3%A9l%20r%C3%A9szt%20csak%20el%C5%91fizet%C5%91knek%20el%C3%A9rhet%C5%91%20exkluz%C3%ADv%20esem%C3%A9nyeinken.%3C%2Fh2%3E%0D%0A%3C%2Fdiv%3E%0D%0A%3Cp%20style%3D%22background%3A%20%2357A600%3B%20margin-top%3A%2020px%3B%20padding%3A%2020px%3B%20text-align%3A%20center%3B%22%3E%3Ca%20style%3D%22color%3A%20%23ffffff%3B%20font-size%3A%2026px%3B%20font-weight%3A%20600%3B%22%20href%3D%22https%3A%2F%2Fwww.facebook.com%2Fgroups%2F212344460412327%22%3ECSATLAKOZOM%3C%2Fa%3E%3C%2Fp%3E%0D%0A%0D%0A%3C%2Fdiv%3E\"]","type":"rich","thumbnail_url":"https:\/\/s.24.hu\/app\/uploads\/sites\/24\/2022\/02\/zakaria-vlahovic-150x150.jpg","thumbnail_width":150,"thumbnail_height":150}