{"version":"1.0","provider_name":"Sport24","provider_url":"https:\/\/sport24.24.hu","author_name":"Fut\u00f3 Csaba","author_url":"https:\/\/sport24.24.hu\/author\/futocs\/","title":"Infantino n\u00e1szt\u00e1nca sem lesz el\u00e9g a k\u00e9t\u00e9venk\u00e9nti vb-hez","html":"Ha jobban megn\u00e9zz\u00fck, hogy mostan\u00e1ban milyen gyakran bukkannak fel a vil\u00e1gbajnoks\u00e1g k\u00e9t\u00e9venk\u00e9nti megrendez\u00e9s\u00e9r\u0151l sz\u00f3l\u00f3 nyilatkozatok, nem neh\u00e9z \u00e9szrevenni, hogy a Nemzetk\u00f6zi Labdar\u00fag\u00f3 Sz\u00f6vets\u00e9gn\u00e9l (FIFA) \u00e9pp kamp\u00e1nyid\u0151szak van. 2021 szeptember\u00e9ben m\u00e9g <strong>Arsene Wenger<\/strong>, a FIFA glob\u00e1lis futballfejleszt\u00e9si vezet\u0151je v\u00e1zolta fel hosszan a terveket, hetekkel k\u00e9s\u0151bb a szervezet eln\u00f6ke, <strong>Gianni Infantino<\/strong> indult n\u00e9pszer\u0171s\u00edt\u0151 hadj\u00e1ratra.\r\n\r\nMiel\u0151tt tov\u00e1bbmenn\u00e9nk, eleven\u00edts\u00fck fel gyorsan, mi is a terv:\r\n<ul>\r\n \t<li>a FIFA a jelenleg n\u00e9gy\u00e9vente rendezett foci vb-t k\u00e9t\u00e9vente rendezn\u00e9 meg.<\/li>\r\n \t<li>A kontinenstorn\u00e1k (Eur\u00f3pa-bajnoks\u00e1g, Afrika Kupa, Copa Am\u00e9rica, stb.) szint\u00e9n k\u00e9t\u00e9vente lenn\u00e9nek, k\u00e9t v\u00e9b\u00e9 k\u00f6z\u00f6tt.<\/li>\r\n \t<li>Cs\u00f6kkenteni akarj\u00e1k a nagyobb torn\u00e1kon k\u00edv\u00fcli v\u00e1logatott m\u00e9rk\u0151z\u00e9sek mennyis\u00e9g\u00e9t, amivel v\u00e1rhat\u00f3an az UEFA \u00e1ltal szervezett Nemzetek Lig\u00e1ja megsz\u0171nne, emellett egyszer\u0171s\u00edten\u00e9k a selejtez\u0151k lebonyol\u00edt\u00e1s\u00e1t.<\/li>\r\n \t<li>\u00c9vente csak h\u00e1romszor, okt\u00f3berben, novemberben \u00e9s m\u00e1rciusban lenn\u00e9nek v\u00e1logatott selejtez\u0151k \u00e9s bar\u00e1ts\u00e1gos m\u00e9rk\u0151z\u00e9sek.<\/li>\r\n \t<li>K\u00f6telez\u0151en bevezetn\u00e9nek egy h\u00e1romhetes k\u00e9nyszerpihen\u0151t minden vil\u00e1gbajnoks\u00e1gon r\u00e9sztvev\u0151 j\u00e1t\u00e9kos sz\u00e1m\u00e1ra, hogy maradjon id\u0151 felt\u00f6lt\u0151dni a kimer\u00edt\u0151 szezonok ut\u00e1n.<\/li>\r\n<\/ul>\r\nArr\u00f3l, hogy a futball glob\u00e1lis \u00e9s kontinent\u00e1lis \u00e9rintettjei hogyan reag\u00e1ltak, <a href=\"https:\/\/sport24.24.hu\/foci\/2021\/09\/21\/kapzsi-es-robbanasveszelyes-elfajulo-viszaly-lehet-a-ketevenkenti-vb-tervebol\/\">itt<\/a> sz\u00e1moltunk be. Ami v\u00e1ltozott, hogy az\u00f3ta mind a FIFA, mind az UEFA kij\u00f6tt egy saj\u00e1t hat\u00e1stanulm\u00e1nnyal, amelyekkel \u00e1rnyalni pr\u00f3b\u00e1lj\u00e1k a k\u00e9pet.\r\n<div class=\"payable-content-section\"><\/div>\r\n[central_article_recommendation title=\"Kapcsol\u00f3d\u00f3\" url=\"https:\/\/sport24.24.hu\/foci\/2021\/09\/21\/kapzsi-es-robbanasveszelyes-elfajulo-viszaly-lehet-a-ketevenkenti-vb-tervebol\/\" image=\"1\" lead=\"1\"]\r\n\r\nA FIFA <a href=\"https:\/\/digitalhub.fifa.com\/m\/357da31a3a631abe\/original\/FIFA-Feasibility-study-into-organising-a-FIFA-World-Cup-every-two-years.pdf\">kutat\u00e1sa<\/a> szerint a szurkol\u00f3k t\u00f6bbs\u00e9ge (63 sz\u00e1zal\u00e9ka) t\u00e1mogatja a gyakrabban rendezett vil\u00e1gbajnoks\u00e1g \u00f6tlet\u00e9t, de csak azzal a felt\u00e9tellel, ha nem n\u00f6velik az \u00e9venk\u00e9nti meccsek sz\u00e1m\u00e1t. \u00c1ll\u00edt\u00e1suk szerint az \u00faj versenynapt\u00e1r megk\u00f6nny\u00edten\u00e9 mindenki \u00e9let\u00e9t: a t\u00f6mb\u00f6s\u00edtett selejtez\u0151k kevesebb f\u00e1raszt\u00f3 utaz\u00e1st eredm\u00e9nyezn\u00e9nek, a j\u00e1t\u00e9kosok t\u00f6bbet tudn\u00e1nak pihenni \u00e9s ritk\u00e1bban szakadna meg a nagy bajnoks\u00e1gok ritmusa. A torn\u00e1k id\u0151tartama sem ny\u00falna meg, \u00e9s az \u00e9venk\u00e9nti meccssz\u00e1m sem n\u00f6vekedne. A h\u00e1romhetes vak\u00e1ci\u00f3val a j\u00e1t\u00e9kosok eg\u00e9szs\u00e9g\u00e9t is jobban megk\u00edm\u00e9ln\u00e9k.\r\n\r\nNyom\u00f3s \u00e9rv, hogy szerint\u00fck mindenki gazdagodna:\r\n\r\n<span class=\"highlight-block-small\">a FIFA 35 sz\u00e1zal\u00e9kos bev\u00e9tel-n\u00f6veked\u00e9st (+6,6 milli\u00e1rd doll\u00e1r 4 \u00e9ves ciklusra) gener\u00e1lna \u00e9s garanci\u00e1t v\u00e1llalna, hogy a t\u00f6bblet minden fill\u00e9r\u00e9t visszaosztan\u00e1 a tag\u00e1llamai k\u00f6z\u00f6tt.<\/span>\r\n\r\nA legelmaradottabb r\u00e9gi\u00f3k fel\u00e9 is csorogna p\u00e9nz, mik\u00f6zben t\u00f6bb t\u00e9tmeccsen m\u00e9rk\u0151zhetn\u00e9nek meg. A forr\u00e1sok allok\u00e1ci\u00f3ja viszont \u00fagy v\u00e1ltozna, hogy Eur\u00f3pa a torta 69 sz\u00e1zal\u00e9ka helyett csak 57 sz\u00e1zal\u00e9khoz jutna hozz\u00e1.\r\n\r\nAz UEFA egy <a href=\"https:\/\/app.powerbi.com\/view?r=eyJrIjoiNDVhNjk4NjQtMWVmZC00YThiLWJhZDgtZGZjNzliZTRjZjQ0IiwidCI6ImFjMWMwZDAxLTQ0ODItNDg4NS05MGUzLWViZTRiNDQyNzlkNiIsImMiOjl9\">k\u00f6zv\u00e9lem\u00e9ny-kutat\u00e1ssal<\/a> \u00e9s egy <a href=\"https:\/\/editorial.uefa.com\/resources\/0270-13fa4d5ca06b-d4136f7146ff-1000\/impact_of_a_biennial_wc_on_uefa_nas_20211217085955.pdf\">becsl\u00e9ssel<\/a> rukkolt el\u0151. Az el\u0151bbi legf\u0151bb tanuls\u00e1ga, hogy a legn\u00e9pszer\u0171bb vb-rendez\u00e9si form\u00e1tumot m\u00e9g mindig a n\u00e9gy\u00e9venk\u00e9nti lebonyol\u00edt\u00e1sban l\u00e1tj\u00e1k. Kimutat\u00e1suk szerint a j\u00e1t\u00e9kosoknak hi\u00e1ba lenne \u00e9vente h\u00e1rom h\u00e9t kimen\u0151j\u00fck, nem maradna t\u00f6bb olyan nyaruk, amin ment\u00e1lisan kikapcsol\u00f3dhatn\u00e1nak. S\u0151t, szerint\u00fck a t\u00e9tmeccsek \u00f6sszezs\u00fafol\u00e1sa csak tov\u00e1bb n\u00f6veln\u00e9 a t\u00e9ttel j\u00e1r\u00f3 nyom\u00e1st a labdar\u00fag\u00f3kon. A klubok nehezebben menedzseln\u00e9k az \u00e9vi h\u00e1rom v\u00e1logatott \u00f6sszetart\u00e1st, mert hossz\u00fa hetekre a legjobbjaik n\u00e9lk\u00fcl maradn\u00e1nak.\r\n\r\nBecsl\u00e9s\u00fck szerint az Eb k\u00e9t\u00e9venk\u00e9nti rendez\u00e9s\u00e9vel 2,5 \u00e9s 3,3 milli\u00e1rd eur\u00f3 k\u00f6z\u00f6tti \u00f6sszeget bukn\u00e1nak amiatt, hogy a torn\u00e1k \u201efelh\u00edguln\u00e1nak\u201d, a k\u00f6zvet\u00edt\u00e9si d\u00edjak beszakadn\u00e1nak, mik\u00f6zben a szervez\u00e9si k\u00f6lts\u00e9geik is megugran\u00e1nak. Ezzel \u00f6sszef\u00fcgg\u00e9sben a World Leagues Forum <a href=\"https:\/\/www.worldleaguesforum.com\/content\/3-media\/20211203-report-on-the-economic-impact-of-the-fifa-s-potential-new-competions\/wlf-economic-impact.pdf\">azt hozta ki<\/a>, hogy a teljes eur\u00f3pai klubfutball mintegy 5 milli\u00e1rd eur\u00f3t vesz\u00edthet, ami a jelenlegi bev\u00e9teleik 17 sz\u00e1zal\u00e9k\u00e1t teszi ki.\r\n\r\n<img class=\"alignnone size-full wp-image-3570\" src=\"https:\/\/sport24.24.hu\/app\/uploads\/sites\/24\/2022\/02\/vb.jpg\" alt=\"\" width=\"2800\" height=\"1867\" \/>\r\n\r\nOkosabbak lett\u00fcnk ezekt\u0151l a tanulm\u00e1nyokt\u00f3l? Ha helyenk\u00e9nt kicsit tisztult is a k\u00e9p, a rossz h\u00edr az, hogy a kimutat\u00e1sok er\u0151sen az adott megrendel\u0151 sz\u00e1nd\u00e9kait t\u00fckr\u00f6zik. Mivel a telev\u00edzi\u00f3s jogd\u00edjak is borzaszt\u00f3 hektikusan alakultak az elm\u00falt \u00e9vekben, a becsl\u00e9seket is kell\u0151 t\u00e1vols\u00e1gtart\u00e1ssal \u00e9rdemes kezelni. Nem maradt m\u00e1s, mint a kamp\u00e1nyol\u00e1s.\r\n\r\nA tervek felbukkan\u00e1sakor sokan \u00fagy t\u00e1lalt\u00e1k a szemben\u00e1ll\u00e1st, mint a j\u00f3 \u00e9s a rossz oldal k\u00fczdelm\u00e9t, amelyben az UEFA \u00e1ltal \u0151rz\u00f6tt hagyom\u00e1nyok fesz\u00fclnek \u00f6ssze a FIFA kapzsis\u00e1g\u00e1val szemben. Valahol ez igaz is. A f\u0151 mozgat\u00f3er\u0151 term\u00e9szetesen itt is p\u00e9nz. Mindk\u00e9t szervezetet ugyanaz hajtja: torn\u00e1kat akarnak rendezni, a vil\u00e1g legjobb j\u00e1t\u00e9kosaival. A k\u00fcl\u00f6nbs\u00e9g annyi, hogy a FIFA glob\u00e1lisan, az UEFA (vagy annak kontinent\u00e1lis kl\u00f3njai) lok\u00e1lisan gondolkodik. Ez a harc ez\u00e9rt nem a hagyom\u00e1nyokr\u00f3l, hanem a befoly\u00e1s n\u00f6vel\u00e9s\u00e9r\u0151l sz\u00f3l.\r\n\r\n<span class=\"highlight-block-small\">Ebben pedig Eur\u00f3pa \u00e1ll nyer\u00e9sre. El\u00e9g ehhez megn\u00e9zni, hogy a k\u00e9t szervezet mekkora j\u00e1t\u00e9ker\u0151t k\u00e9pvisel: a FIFA 2015 \u00e9s 2018 k\u00f6z\u00f6tt 5,7 milli\u00e1rd doll\u00e1r bev\u00e9telr\u0151l <a href=\"https:\/\/www.fifa.com\/about-fifa\/organisation\/finances\">sz\u00e1molt be<\/a>, ez id\u0151 alatt az UEFA 14,3 milli\u00e1rd doll\u00e1rt <strong>gener\u00e1lt<\/strong>.\u202f<\/span>\r\n\r\nA FIFA persze igyekszik a l\u00e1tszat\u00e1t is elker\u00fclni annak, hogy p\u00e9nz fel\u00e9 kacsingatna, ez\u00e9rt is keretezi a vit\u00e1t olyan \u00fcresen kong\u00f3 szlogenek k\u00f6r\u00e9, mint \u201ea futball j\u00f6v\u0151je\u201d vagy \u201ea j\u00e1t\u00e9k vonzalm\u00e1nak megtart\u00e1sa\u201d. <strong>Gianni Infantino<\/strong> kamp\u00e1nya is lassacsk\u00e1n er\u0151ltetett n\u00e1szt\u00e1ncba fordult. Legut\u00f3bbi <a href=\"https:\/\/rangado.24.hu\/nemzetkozi_foci\/2022\/01\/26\/gianni-infantino-vb-ketevente-afrika-felzarkoztatas\/\">nyilatkozat\u00e1t<\/a> \u2013 miszerint a vb-rendez\u00e9s m\u00e9g a migr\u00e1ci\u00f3s v\u00e1ls\u00e1gra is megold\u00e1st ny\u00fajt \u2013 is ilyen optik\u00e1val \u00e9rdemes olvasni.\r\n\r\n[central_article_recommendation title=\"Kapcsol\u00f3d\u00f3\" url=\"https:\/\/rangado.24.hu\/nemzetkozi_foci\/2022\/01\/26\/gianni-infantino-vb-ketevente-afrika-felzarkoztatas\/\" image=\"1\" lead=\"1\"]\r\n\r\nAz UEFA az\u00e9rt \u00e1ll nyer\u00e9sre, mert h\u00faz\u00f3term\u00e9k\u00e9t, a Bajnokok Lig\u00e1j\u00e1t n\u00e9gyszer gyakrabban rendezik, mint a FIFA legnagyobb torn\u00e1j\u00e1t. Annak ellen\u00e9re, hogy a BL-t az eg\u00e9sz vil\u00e1gon k\u00f6vetik, a torna legf\u0151bb haszon\u00e9lvez\u0151i kiz\u00e1r\u00f3lag az eur\u00f3pai klubok. A modell pedig m\u00e1ra megk\u00f6vesedett: a vil\u00e1g n\u00e9gy sark\u00e1r\u00f3l \u00e9rkez\u0151 legjobb j\u00e1t\u00e9kosok itt fordulnak meg, mindannyian a nyugat-eur\u00f3pai csapatok szeker\u00e9t tolj\u00e1k. A term\u00e9k egyre t\u00e1volibb piacokra jut el, egyre magasabb p\u00e9nz\u00e9rt. A befoly\u00f3 p\u00e9nz konszolid\u00e1lja Eur\u00f3pa helyzet\u00e9t, az \u00edgy keletkez\u0151 profitot azt\u00e1n visszaforgatj\u00e1k a saj\u00e1t infrastrukt\u00far\u00e1juk \u00e9s szakmai teljes\u00edtm\u00e9ny\u00fck fejleszt\u00e9s\u00e9be, amivel tov\u00e1bb n\u00f6velik a profitteremt\u0151 k\u00e9pess\u00e9g\u00fcket. \u00datk\u00f6zben a klubok tulajdonosi k\u00f6r\u00e9be besz\u00e1llnak amerikai, orosz \u00e9s k\u00f6zel-keleti milli\u00e1rdosok, amivel hol p\u00e9nz\u00fcgyi, hol politikai hasznot kaparnak \u00f6ssze maguknak.\r\n\r\n<img class=\"aligncenter size-full wp-image-3567\" src=\"https:\/\/sport24.24.hu\/app\/uploads\/sites\/24\/2022\/02\/000_17p5bv.jpg\" alt=\"\" width=\"2000\" height=\"1333\" \/>\r\n\r\nA FIFA ezzel szemben az\u00e9rt m\u0171k\u00f6dik, hogy a vil\u00e1g n\u00e9gy sark\u00e1r\u00f3l \u00e9rkez\u0151 j\u00e1t\u00e9kosok k\u00f6z\u00fcl egyre t\u00f6bben j\u00e1tsszanak olyan torn\u00e1n, amelyeket \u0151 rendez. F\u00fcggetlen\u00fcl att\u00f3l, hogy mennyire tartjuk a FIFA-t korrupt, v\u00edzfej\u0171, borzalmasan nehezen korm\u00e1nyozhat\u00f3 szervezetnek, a puszta l\u00e9tez\u00e9s\u00fck azt biztos\u00edtja, hogy a p\u00e9nz a legelmaradottabbakhoz is lecsorog.\r\n\r\n<span class=\"highlight-block-small\">Legy\u00fcnk b\u00e1rmilyen v\u00e9lem\u00e9nnyel Gianni Infantinor\u00f3l, az \u0151 szerepe az, hogy min\u00e9l t\u00f6bb p\u00e9nz jusson el min\u00e9l t\u00f6bb helyre.<\/span>\r\n\r\nA k\u00e9t\u00e9venk\u00e9nti rendez\u00e9s teh\u00e1t ott akad el, hogy Eur\u00f3pa meg akarja tartani a kiv\u00e1lts\u00e1gait, amit hol a gazdas\u00e1gi, hol a sportszakmai t\u0151ke koncentr\u00e1ci\u00f3j\u00e1nak k\u00f6sz\u00f6nhet\u0151en tudott megteremteni, a vil\u00e1g marad\u00e9k r\u00e9sze viszont pr\u00f3b\u00e1lja ledolgozni a lemarad\u00e1s\u00e1t. Hogy a k\u00e9t ig\u00e9ny mennyire nehezen \u00f6sszeegyeztethet\u0151, azt a k\u00f6zz\u00e9tett hat\u00e1stanulm\u00e1nyok eredm\u00e9nyei k\u00f6z\u00f6tti k\u00fcl\u00f6nbs\u00e9gek mutatj\u00e1k, valamint a puszta t\u00e9ny, hogy a FIFA minden lehets\u00e9ges \u00fczenetet megpr\u00f3b\u00e1l bedobni a k\u00f6zv\u00e9lem\u00e9ny megnyer\u00e9s\u00e9re.\r\n\r\nInfantino nem akarja megh\u00fazni az oroszl\u00e1n bajsz\u00e1t. Tudja, hogy ha a terv\u00e9t demokratikus \u00faton kereszt\u00fcl is tudn\u00e1 vinni, a d\u00f6nt\u00e9s biztosan megakadna az UEFA \u00e9s a CONMEBOL tork\u00e1n. Ha pedig a k\u00e9t t\u00f6mb bojkottra sz\u00f3l\u00edtana fel (amelyet m\u00e1r <a href=\"https:\/\/www.forbes.com\/sites\/steveprice\/2021\/09\/22\/fifa-might-have-the-votes-in-world-cup-battle-but-uefa-still-holds-the-power\/?sh=33b7e532249d\">meglebegtettek<\/a>), az a vil\u00e1gbajnoks\u00e1g hal\u00e1l\u00e1t jelenten\u00e9. Infantino pedig tiszt\u00e1ban van vele, hogy egy olyan h\u00e1bor\u00faban, ahol az egyik oldalon Braz\u00edlia, Argent\u00edna \u00e9s Eur\u00f3pa van, a m\u00e1sik oldal eg\u00e9sz egyszer\u0171en nem tud nyerni. Ez\u00e9rt sem meglep\u0151, hogy az eredetileg december 20-ra bejelentett sorsd\u00f6nt\u0151 szavaz\u00e1st v\u00e9g\u00fcl \u00e1tcsomagolt\u00e1k egy semmitmond\u00f3 glob\u00e1lis cs\u00facstal\u00e1lkoz\u00f3ra.\r\n\r\nA leg\u00e9rdekesebb elvi k\u00e9rd\u00e9s, hogy mi\u00e9rt kell p\u00e9nz\u00fcgyi t\u00f6bbletben gondolkodni? A FIFA legnyom\u00f3sabb \u00e9rve az \u00faj rendez\u00e9s mellett, hogy az \u00edgy keletkezett t\u00f6bbletbev\u00e9telt a vil\u00e1g szeg\u00e9nyebb r\u00e9gi\u00f3iba osztan\u00e1k vissza, ami cs\u00f6kkenten\u00e9 a szakad\u00e9kot az elit \u00e9s a elmaradott r\u00e9gi\u00f3k k\u00f6z\u00f6tt. Ha felt\u00e9telezz\u00fck, hogy azt a p\u00e9nzt val\u00f3ban hat\u00e9konyan haszn\u00e1ln\u00e1k fel, a FIFA megtehetn\u00e9, hogy a torta m\u00e9ret\u00e9nek n\u00f6vel\u00e9se helyett az egyenl\u0151bb szeletek v\u00e1gjon. Ha csak a projekt h\u00edv\u00f3szavait n\u00e9zz\u00fck, sz\u00e1mos t\u00e9telt is ki lehetne pip\u00e1lni: a t\u00f6mb\u00f6s\u00edtett napt\u00e1rt, a kevesebb utaz\u00e1st, a k\u00f6telez\u0151 pihen\u0151id\u0151t \u00e9s a m\u00e9lt\u00e1nyosabb forr\u00e1seloszt\u00e1st. Ezekhez nincs sz\u00fcks\u00e9g gyakoribb torn\u00e1kra.\r\n\r\nInfantino dilemm\u00e1ja, hogy a terve kudarcra van \u00edt\u00e9lve, ha nem ny\u00fajt semmit Eur\u00f3p\u00e1nak. M\u00e1rpedig az UEFA \u00e1ltal j\u00e1rhat\u00f3 \u00fat csak a bev\u00e9teln\u00f6vel\u00e9sen kereszt\u00fcl vezet. A FIFA oldal\u00e1n ott vannak a kis nemzetek, de addig, am\u00edg csak \u0151k lesznek a sz\u00f6vets\u00e9geseik, nem fognak tudni egy olyan tervet kereszt\u00fclvinni, mely t\u00f6bb k\u00e9rd\u00e9st vet fel, mint amennyit megv\u00e1laszol.","type":"rich","thumbnail_url":"https:\/\/s.24.hu\/app\/uploads\/sites\/24\/2022\/02\/000_17p3rj-150x150.jpg","thumbnail_width":150,"thumbnail_height":150}