{"version":"1.0","provider_name":"Sport24","provider_url":"https:\/\/sport24.24.hu","author_name":"Bruckner G\u00e1bor","author_url":"https:\/\/sport24.24.hu\/author\/brucknerg\/","title":"Belga tehets\u00e9gr\u00f6ptet\u0151: mi\u00e9rt kellett Vancsa Zal\u00e1n \u00faj klubja a City Groupnak?","html":"Ritka az olyan magyar j\u00e1t\u00e9kos, aki 16 \u00e9vesen bemutatkozik \u2013 majd g\u00f3lt is szerez \u2013 az NB I-ben. Ritka az olyan magyar j\u00e1t\u00e9kos, aki nemcsak \u201eismerked\u0151 l\u00e1togat\u00e1sra\u201d utazik a Manchester Cityhez, hanem <a href=\"https:\/\/www.mtkbudapest.hu\/hu\/hirek\/ez-egy-olyan-lepteku-atigazolas-amibol-nem-csak-az-mtk-hanem-a-magyar-labdarugas-is-profital-vancsa-zalan-a-city-grouphoz-szerzodik\" target=\"_blank\" rel=\"noopener\">az angol topklubot birtokl\u00f3 holding meg is v\u00e1s\u00e1rolja a j\u00e1t\u00e9kjog\u00e1t<\/a>. Ez jelzi az MTK nevel\u0151munk\u00e1j\u00e1t \u00e9s <strong>Vancsa Zal\u00e1n<\/strong> tehets\u00e9g\u00e9t \u2013 ut\u00f3bbir\u00f3l NB I-es m\u00e9rk\u0151z\u00e9seken \u00e9s az ifj\u00fas\u00e1gi Bajnokok Lig\u00e1j\u00e1ban is meggy\u0151z\u0151dhett\u00fcnk \u2013, viszont felesleges \u00e1m\u00edt\u00e1s lenne m\u00e1r a City \u00e9gsz\u00ednk\u00e9k mez\u00e9ben l\u00e1ttatni az ifj\u00fa t\u00e1mad\u00f3t. A nagy felhajt\u00e1s (rem\u00e9lhet\u0151leg) elcsendes\u00fcl, j\u00f6n a munka: tavasszal az MTK-n\u00e1l, azt k\u00f6vet\u0151en a Lommeln\u00e9l, azt k\u00f6vet\u0151en pedig\u2026\r\n\r\nNos, erre\r\n\r\n<span class=\"highlight-block\">tippelni sem mern\u00e9nk. <\/span>\r\n\r\nNem is lehet, annyira el\u00e1gaz\u00f3ak a topklubokba vagy azok fi\u00f3kklubjaiba ker\u00fcl\u0151 fiatalok karrier\u00fatjai.\r\n\r\nA \u201enext big thing\u201d, azaz a k\u00f6vetkez\u0151 nagy \u00edg\u00e9ret minden futballkult\u00far\u00e1ban r\u00e9sze a k\u00f6zbesz\u00e9dnek. Magyarorsz\u00e1gon tal\u00e1n t\u00falzottan is: a feln\u0151ttfutball sikertelens\u00e9ge miatt megjelent egyfajta Messi\u00e1s-v\u00e1r\u00e1s, t\u00e1n a kell\u0151n\u00e9l nagyobb jelent\u0151s\u00e9get tulajdon\u00edtunk az ut\u00e1np\u00f3tl\u00e1sszinten el\u00e9rt eredm\u00e9nyeknek, a tin\u00e9dzserkori \u00e1tigazol\u00e1soknak, \u00e9s t\u00fal k\u00f6nnyen legyint\u00fcnk, ha egy \u00edg\u00e9retes futballista nagy klubhoz ker\u00fcl, de nem fut be toplig\u00e1s karriert, pl\u00e1ne miut\u00e1n hazaj\u00f6n Magyarorsz\u00e1gra.\r\n\r\n\u201eBel\u0151le se lett semmi!\u201d \u2013 hallhatjuk.\r\n<div class=\"payable-content-section\"><\/div>\r\nK\u00f6zben pedig a 21. sz\u00e1zadi topfutballnak szerves r\u00e9sze, hogy a topklubok a vil\u00e1g minden t\u00e1j\u00e1r\u00f3l igyekeznek begy\u0171jteni a tehets\u00e9geket \u2013 \u00e9s ez egy\u00e1ltal\u00e1n nem jelenti azt, hogy garant\u00e1lt a lehet\u0151s\u00e9g a \u201enagyokn\u00e1l\u201d. Van, amikor siker\u00fcl az \u00e1tt\u00f6r\u00e9s, de minden topklubn\u00e1l k\u00f6nyvet lehetne \u00edrni azokr\u00f3l a szupertehets\u00e9gekr\u0151l, akik nem, vagy nem ott teljesedtek ki.\r\n\r\n<strong>Vancsa Mikl\u00f3s<\/strong> \u2013 Vancsa Zal\u00e1n \u00e9desapja, volt \u00e9lvonalbeli labdar\u00fag\u00f3, klubvezet\u0151 \u2013 <a href=\"https:\/\/m4sport.hu\/kulfoldi-foci\/cikk\/2022\/01\/28\/vancsa-miklos-europa-es-a-vilag-legjobb-legtehetsegesebb-fiatal-jatekosait-akarjak-osszegyujteni-a-lommelnel\/\" target=\"_blank\" rel=\"noopener\">az M4 Sportnak \u00fagy fogalmazott<\/a>, a csal\u00e1d \u201epontosan tiszt\u00e1ban van vele, hogy lehet, soha nem fog a Manchester Cityben j\u00e1tszani\u201d a 17 \u00e9ves t\u00e1mad\u00f3. Ez nem kishit\u0171s\u00e9g, hanem realizmus. Ahogyan maga Vancsa Zal\u00e1n is r\u00e1mutatott: k\u00e9t l\u00e1bbal a f\u00f6ld\u00f6n kell maradni. El\u0151bb Budapesten, azt\u00e1n Lommelben.\r\n\r\n[caption id=\"attachment_3558\" align=\"alignnone\" width=\"2000\"]<img class=\"size-full wp-image-3558\" src=\"https:\/\/sport24.24.hu\/app\/uploads\/sites\/24\/2022\/02\/attachment8923296113.jpg\" alt=\"\" width=\"2000\" height=\"1333\" \/> Vancsa Zal\u00e1n[\/caption]\r\n<h2>Kint a farmon<\/h2>\r\nA tehets\u00e9ges j\u00e1t\u00e9kosok \u201efarmoltat\u00e1sa\u201d megszokott r\u00e9sze az angol futball mindennapjainak. A szigetorsz\u00e1gban hossz\u00fa ideig szigor\u00faan szab\u00e1lyozt\u00e1k \u2013 sok\u00e1ig tiltott\u00e1k, k\u00e9s\u0151bb korl\u00e1tok k\u00f6z\u00e9 terelt\u00e9k \u2013 a k\u00f6lcs\u00f6nj\u00e1t\u00e9kot. \u00a0Az angol klubok sok\u00e1ig csak helyben adogatt\u00e1k k\u00f6lcs\u00f6n j\u00e1t\u00e9kosaikat, de a Premier League hozta n\u00e9pszer\u0171s\u00e9g-robban\u00e1s \u00e9s meggazdagod\u00e1s ut\u00e1n m\u00e1r k\u00fclf\u00f6ld\u00f6n is partnercsapatokat kerestek. Az egyik legismertebb kapcsolat \u00e9ppen egy manchesteri klub \u00e9s egy belga egyes\u00fclet k\u00f6z\u00f6tt l\u00e9tes\u00fclt, csak nem a City \u00e9s a Lommel, hanem a United \u00e9s az Antwerp volt a szerepl\u0151. 1997 \u00e9s 2009 k\u00f6z\u00f6tt 29 MU-j\u00e1t\u00e9kos j\u00e1rta meg Antwerpent, miel\u0151tt a k\u00e9t klub k\u00f6z\u00f6tti partnerkapcsolatot felbontott\u00e1k volna. Hasonl\u00f3 szerz\u0151d\u00e9seket k\u00f6t\u00f6ttek m\u00e1s csapatok is: az Arsenal a szint\u00e9n belga Beverennel, a Chelsea a holland Vitesse-szel egyezett meg. Minden esetben ugyanazok a k\u00e9rd\u00e9sek vet\u0151dtek fel: hasznos-e a fi\u00f3kcsapatoknak a meg\u00e1llapod\u00e1s? J\u00f3-e, hogy a keret\u00fck egy r\u00e9sze v\u00e1ndorcirkuszra eml\u00e9keztet? Eleget fejl\u0151dnek-e a j\u00e1t\u00e9kosok? Sportszer\u0171tlen\u00fcl beleny\u00fal-e a helyi viszonyokba egy megaklub? Csak d\u00e9lib\u00e1b-e a topklubhoz ker\u00fcl\u00e9s?\r\n\r\n<span class=\"highlight-block-small\">Az eur\u00f3pai toplig\u00e1kban 1992-ben az \u00e1tigazol\u00e1sok mintegy 6 sz\u00e1zal\u00e9ka volt k\u00f6lcs\u00f6n\u00fcgylet. Huszonh\u00e9t \u00e9vvel k\u00e9s\u0151bb m\u00e1r majdnem 30 sz\u00e1zal\u00e9ka. <\/span>\r\n\r\nEnnek egy \u2013 az ut\u00f3bbi \u00e9vekben dinamikusan n\u00f6vekv\u0151 \u2013 r\u00e9sz\u00e9t adt\u00e1k a befutott toplig\u00e1s klasszisok k\u00f6lcs\u00f6nj\u00e1t\u00e9kai, de jobb\u00e1ra m\u00e9g mindig a fiatal futballist\u00e1k mennek k\u00f6lcs\u00f6nbe. A FIFA 2021-re vonatkoz\u00f3 elemz\u00e9se szerint 2013 \u00f3ta minden \u00e9vben t\u00f6bb k\u00f6lcs\u00f6n\u00fcgylet k\u00f6ttetik meg, mint egyik klubt\u00f3l a m\u00e1sikba t\u00f6rt\u00e9n\u0151, d\u00edjfizet\u00e9ssel j\u00e1r\u00f3 \u00e1tigazol\u00e1s (a klubv\u00e1lt\u00e1sok k\u00e9tharmada eset\u00e9ben pedig szabadon igazolhat\u00f3 j\u00e1t\u00e9kosk\u00e9nt \u00e1ll tov\u00e1bb egy futballista).\r\n\r\nMa a j\u00e1t\u00e9kospiacon a 18\u201323 \u00e9ves futballist\u00e1k\u00e9rt adnak ki a legt\u00f6bbsz\u00f6r p\u00e9nzt. Egy k\u00f6lcs\u00f6nj\u00e1t\u00e9knak m\u00e1r nemcsak az a c\u00e9lja, hogy tapasztalatokat szerezzen \u00e9s fejl\u0151dj\u00f6n egy fiatal, hanem az is, hogy a k\u00f6lcs\u00f6nad\u00f3 klub els\u00f3zhassa tehets\u00e9g\u00e9t, ha van r\u00e1 \u00e9rdekl\u0151d\u00e9s. A vil\u00e1g topklubjai megengedhetik maguknak, hogy kiemelked\u0151 \u00edg\u00e9retek tucatjait szerz\u0151dtess\u00e9k. Ezt k\u00f6veti a \u201efarmoltat\u00e1s\u201d k\u00f6lcs\u00f6nben \u2013 az angolok a \u201eloan farm\u201d kifejez\u00e9st haszn\u00e1lj\u00e1k \u2013, majd a j\u00e1t\u00e9kos vagy visszat\u00e9r anyaklubj\u00e1hoz, vagy eladj\u00e1k, esetleg leketyeg a szerz\u0151d\u00e9se, \u00e9s szabadon igazolhat\u00f3k\u00e9nt tov\u00e1bb\u00e1ll. Az anyaklub szemsz\u00f6g\u00e9b\u0151l az ut\u00f3bbi a negat\u00edv kimenetel, hiszen abb\u00f3l nem ker\u00fcl p\u00e9nz a kassz\u00e1ba, nem t\u00e9r\u00fcl meg a befektet\u00e9s.\r\n\r\nNem ritka \u2013 els\u0151sorban azokban az orsz\u00e1gokban, amelyekben egy klubnak nem lehet a profi, feln\u0151ttbajnoki rendszerben szerepl\u0151 m\u00e1sodik csapata \u2013, hogy egy klubnak teljes keretnyi j\u00e1t\u00e9kosa szerepeljen k\u00f6lcs\u00f6nben. A legh\u00edresebb (h\u00edrhedtebb?) p\u00e9lda erre a Chelsea, amellyel megesett, hogy 49 j\u00e1t\u00e9kost adott k\u00f6lcs\u00f6n. A londoniaknak a j\u00e1t\u00e9koshar\u00e1csol\u00e1s nagyon j\u00f3l j\u00f6tt, amikor a FIFA kiz\u00e1rta \u0151ket a transzferpiacr\u00f3l, illetve id\u0151vel j\u00f3kora bev\u00e9telt is hozott \u00e1tigazol\u00e1si d\u00edjakb\u00f3l. A Manchester City sem kicsiben j\u00e1tszik: a Transfermarkt adatb\u00e1zisa jelenleg az els\u0151 keretb\u0151l \u00e9s az U23-as csapatb\u00f3l 38 k\u00f6lcs\u00f6nj\u00e1t\u00e9kost tart sz\u00e1mon.\r\n\r\n<span class=\"highlight-block-small\">A Lommelnek, Vancsa Zal\u00e1n leend\u0151 csapat\u00e1nak h\u00e9t olyan futballist\u00e1ja van, aki a City Football Group valamelyik klubj\u00e1t\u00f3l \u00e9rkezett ideiglenesen.<\/span>\r\n\r\nA FIFA azonban 2022 nyar\u00e1t\u00f3l v\u00e1ltoztat\u00e1sokat hajt v\u00e9gre, \u00e9s <a href=\"https:\/\/www.fifa.com\/about-fifa\/organisation\/media-releases\/fifa-to-introduce-new-loan-regulations\" target=\"_blank\" rel=\"noopener\">\u00faj k\u00f6lcs\u00f6nad\u00e1si-k\u00f6lcs\u00f6nv\u00e9teli szab\u00e1lyokat vezet be<\/a>, ennek legf\u0151bb oka pedig \u00e9ppen a vil\u00e1g legnagyobb klubjainak tehets\u00e9ghar\u00e1csol\u00e1sa. A tervek szerint j\u00falius 1-j\u00e9n \u00e9letbe l\u00e9p\u0151 \u00faj nemzetk\u00f6zi k\u00f6lcs\u00f6nszab\u00e1lyzat \u2013 amelyhez a nemzeti sz\u00f6vets\u00e9geknek h\u00e1rom \u00e9ven bel\u00fcl alkalmazkodniuk kell \u2013 <a href=\"https:\/\/www.youtube.com\/watch?v=O9J34LZFxI8\">legfontosabb pontjai<\/a>:\r\n<ul>\r\n \t<li>meghat\u00e1rozz\u00e1k a k\u00f6lcs\u00f6nj\u00e1t\u00e9k minim\u00e1lis \u00e9s maxim\u00e1lis hossz\u00e1t,<\/li>\r\n \t<li>nem lehet k\u00f6lcs\u00f6nadni harmadik klubnak egy k\u00f6lcs\u00f6nj\u00e1t\u00e9kost,<\/li>\r\n \t<li>limit\u00e1lj\u00e1k, hogy a klubok h\u00e1ny 21 \u00e9v f\u00f6l\u00f6tti, profi, nem a klubn\u00e1l nevelkedett j\u00e1t\u00e9kost adhatnak (vagy vehetnek) k\u00f6lcs\u00f6n id\u00e9nyenk\u00e9nt; a 2022\/23-as \u00e9vadban nyolcat, a 2023\/24-esben hetet, ezt k\u00f6vet\u0151en m\u00e1r csak hatot,<\/li>\r\n \t<li>egy klub legfeljebb 3 profi j\u00e1t\u00e9kost adhat k\u00f6lcs\u00f6n ugyanannak a fogad\u00f3 klubnak egy id\u00e9ny alatt.<\/li>\r\n<\/ul>\r\nMindez azt jelenti, hogy a topkluboknak v\u00e1ltoztatniuk kell jelenlegi k\u00f6lcs\u00f6nstrat\u00e9gi\u00e1jukon. A Manchester Citynek itt j\u00f6n kap\u00f3ra, hogy a City Football Group a vil\u00e1g egyik legjelent\u0151sebb klubh\u00e1l\u00f3zat\u00e1v\u00e1 v\u00e1lt.\r\n<h2>Uruguayt\u00f3l K\u00edn\u00e1ig, Belgiumt\u00f3l Ausztr\u00e1li\u00e1ig<\/h2>\r\nA City Football Groupot (CFG) 2013-ban hozt\u00e1k l\u00e9tre, s m\u00e1ra ez \u2013 a Red Bull-konszern csapatai mellett \u2013 a vil\u00e1g legismertebb klubh\u00e1l\u00f3zata. A csoporthoz tartoz\u00f3 klubok:\r\n<ul>\r\n \t<li>Manchester City (angol)<\/li>\r\n \t<li>New York City FC (amerikai)<\/li>\r\n \t<li>Melbourne City (ausztr\u00e1l)<\/li>\r\n \t<li>Yokohama F. Marinos (jap\u00e1n)<\/li>\r\n \t<li>Montevideo City Torque (uruguayi)<\/li>\r\n \t<li>Girona (spanyol)<\/li>\r\n \t<li>Szecsuan Csiuniu (k\u00ednai)<\/li>\r\n \t<li>Mumbai City FC (indiai)<\/li>\r\n \t<li>Lommel (belga)<\/li>\r\n \t<li>Troyes (francia)<\/li>\r\n<\/ul>\r\nA hierarchia cs\u00facs\u00e1n term\u00e9szetesen a Manchester City tr\u00f3nol. A 2020\/21-es \u00e9vadban a CFG csapatai n\u00e9gy \u00e9lvonalbeli (f\u00e9rfi) bajnoks\u00e1gban is arany\u00e9rmet \u00fcnnepelhettek: Angli\u00e1ban a Manchester City, Ausztr\u00e1li\u00e1ban a Melbourne City, az \u00e9szak-amerikai MLS-ben a New York City FC, Indi\u00e1ban a Mumbai City emelhette magasba a tr\u00f3fe\u00e1t.\r\n\r\n[caption id=\"attachment_3559\" align=\"alignnone\" width=\"2000\"]<img class=\"size-full wp-image-3559\" src=\"https:\/\/sport24.24.hu\/app\/uploads\/sites\/24\/2022\/02\/000_dv2128269-1.jpg\" alt=\"\" width=\"2000\" height=\"1333\" \/> Khaldoon Al Mubarak, a City Football Group egyik alap\u00edt\u00f3ja[\/caption]\r\n\r\nA City Football Group megvetette a l\u00e1b\u00e1t a legnagyobb fejl\u0151d\u0151, Eur\u00f3p\u00e1n k\u00edv\u00fcli futballpiacokon (Egyes\u00fclt \u00c1llamok, India, K\u00edna), eur\u00f3pai klubh\u00e1l\u00f3zat\u00e1nak szatellitjei \u2013 Girona, Troyes, Lommel \u2013 pedig \u201etehets\u00e9gr\u00f6ptet\u0151kk\u00e9nt\u201d m\u0171k\u00f6dhetnek. A Girona a spanyol m\u00e1sodoszt\u00e1ly k\u00f6z\u00e9pmez\u0151ny\u00e9nek elej\u00e9n harcol, a Troyes \u00fajonck\u00e9nt bennmarad\u00f3 helyen kapaszkodik a francia \u00e9lvonalban, a Lommel hetedik a csup\u00e1n nyolccsapatos belga m\u00e1sodoszt\u00e1lyban. Term\u00e9szetesen a CFG-nek az lenne a legjobb, ha mindh\u00e1rom csapat az els\u0151 oszt\u00e1lyban szerepelne.\r\n\r\nA z\u00f6ld-feh\u00e9r belga klubot 2020 m\u00e1jus\u00e1ban v\u00e1s\u00e1rolta fel a City Football Group, amely 99 sz\u00e1zal\u00e9kos tulajdonosa lett a Lommelnek \u00e9s kifizette az egyes\u00fclet ad\u00f3ss\u00e1gait. Hogy mi\u00e9rt kellett a Lommel a Citynek? Az egyik ok a brand kiterjeszt\u00e9se, de van t\u00f6bb is. A belga klub f\u00f6ldrajzi elhelyezked\u00e9se t\u00f6k\u00e9letes (k\u00f6zel a holland \u00e9s a n\u00e9met hat\u00e1r; Eindhoven 30, M\u00f6nchengladbach 90, D\u00fcsseldorf 115 kilom\u00e9ter), \u00edgy harcba lehet sz\u00e1llni a belga \u00e9s holland (esetleg n\u00e9met) tehets\u00e9gek\u00e9rt, a m\u00e1shonnan \u00e9rkez\u0151knek pedig\r\n\r\n<span class=\"highlight-block\">Belgium kiv\u00e1l\u00f3 bel\u00e9p\u0151pont a nyugat-eur\u00f3pai futballba. <\/span>\r\n\r\nViszonylag alacsonyak a k\u00f6lts\u00e9gek, kedvez\u0151 az ad\u00f3z\u00e1s, a helyi futballkult\u00fara magas szint\u0171, a tehets\u00e9ggondoz\u00e1s kiemelked\u0151. Ek\u00f6zben a Brexit megnehez\u00edti a j\u00e1t\u00e9kosok Cityhez \u00e1ramoltat\u00e1s\u00e1t (bonyol\u00f3dik a munkav\u00e1llal\u00e1s az Egyes\u00fclt Kir\u00e1lys\u00e1gban, a Premier League klubjai <a href=\"https:\/\/www.premierleague.com\/news\/1922015\" target=\"_blank\" rel=\"noopener\">nem szerz\u0151dtethetnek<\/a> 18 \u00e9ven aluli k\u00fclf\u00f6ldit), a FIFA k\u00f6lcs\u00f6nad\u00e1sokra vonatkoz\u00f3, k\u00fcsz\u00f6b\u00f6n \u00e1ll\u00f3 szab\u00e1lyv\u00e1ltoz\u00e1sai miatt szint\u00e9n kap\u00f3ra j\u00f6nnek a fi\u00f3kcsapatok.\r\n\r\n<strong>Ferran Soriano<\/strong>, a Manchester City vez\u00e9rigazgat\u00f3ja r\u00e1mutatott a felv\u00e1s\u00e1rl\u00e1s ut\u00e1n: Belgium j\u00e1t\u00e9kosnevel\u00e9sben Eur\u00f3pa elitj\u00e9be tartozik, \u00e9s egy belga klub t\u00f6k\u00e9letesen passzol a City tehets\u00e9gfejleszt\u00e9si terveihez. A Lommel nem csak a CFG figyelm\u00e9t keltette fel, sajt\u00f3\u00e9rtes\u00fcl\u00e9sek szerint hat m\u00e1sik befektet\u0151jel\u00f6lt is \u00e9rdekl\u0151d\u00f6tt ir\u00e1nta.\r\n\r\n\u201eSokan \u00f3vatosak vagy gyanakv\u00f3ak az \u00e1tv\u00e9tellel kapcsolatban, de ez remek k\u00f6rnyezet, amely sok lehet\u0151s\u00e9get k\u00edn\u00e1l. A Lommel olyan klub, amelyn\u00e9l lehet valamit \u00e9p\u00edteni\u201d \u2013 magyar\u00e1zta <a href=\"https:\/\/nos.nl\/artikel\/2340738-waarom-de-machtige-city-group-neerstrijkt-aan-de-nederlands-belgische-grens\" target=\"_blank\" rel=\"noopener\">a holland NOS-nak<\/a> a Lommel holland klubvezet\u0151je, <strong>Harm van Veldhoven<\/strong>. \u00c9s hogy mi a hossz\u00fa t\u00e1v\u00fa c\u00e9l?\r\n\r\n\u201eA City Group \u00f6ssze akarja gy\u0171jteni szerte a vil\u00e1gb\u00f3l a tehets\u00e9geket, hogy azok kin\u0151j\u00e9k magukat, \u00e9s meg\u00e1llj\u00e1k a hely\u00fcket a legmagasabb szinten. Nagyon neh\u00e9z lenne megj\u00f3solni, hogy egy 17-18 \u00e9ves j\u00e1t\u00e9kos eljut-e a Manchester Cityig. Addig sok k\u00f6zb\u00fcls\u0151 l\u00e9pcs\u0151fok van, \u00e9s ezeket itt megtehetik, a fejl\u0151d\u00e9s\u00fcket pedig figyelemmel k\u00f6vethetik\u201d \u2013 \u00edgy Van Veldhoven.\r\n\r\n\u201eEgyfajta mini Cityt akarnak bel\u0151le csin\u00e1lni, Eur\u00f3pa \u00e9s a vil\u00e1g legjobb, legtehets\u00e9gesebb fiatal j\u00e1t\u00e9kosait akarj\u00e1k \u00f6sszegy\u0171jteni ide\u201d \u2013 fogalmazott az M4 Sportnak Vancsa Mikl\u00f3s.\r\n\r\nHa val\u00f3ban gy\u00e9m\u00e1ntra lelnek a csoport egy\u00fcttesei, akkor a Manchester City megszerezheti fi\u00f3kcsapat\u00e1t\u00f3l a j\u00e1t\u00e9kost. Ha nem, akkor is \u00e9rt\u00e9kes\u00edthet\u0151 lesz a futballista j\u00f3 p\u00e9nz\u00e9rt, amennyiben meg\u00fcti a toplig\u00e1s szintet. Nagyon rossz v\u00e9gkimenetel tulajdonk\u00e9ppen nem l\u00e9tezik: az \u00e1tigazol\u00e1si d\u00edjak a CFG p\u00e9nz\u00fcgyi h\u00e1tter\u00e9t figyelembe v\u00e9ve apr\u00f3p\u00e9nznek sz\u00e1m\u00edtanak, b\u00e1r 2021-ben r\u00e9szben ezek miatt jelzett a Lommel m\u00e9rlege majdnem 8 milli\u00f3 eur\u00f3s m\u00ednuszt. Lesznek olyanok, akik a toplig\u00e1s szintn\u00e9l lejjebb tal\u00e1lj\u00e1k meg sz\u00e1m\u00edt\u00e1saikat, de ennyi kock\u00e1zat benne van az \u00fczletben.\r\n\r\nKock\u00e1zat az is, ha a helyi szurkol\u00f3kat elidegen\u00edtik: janu\u00e1r v\u00e9g\u00e9n a City Football Group tev\u00e9kenys\u00e9g\u00e9vel, az \u00e1tigazol\u00e1sokkal, a csapat szerepl\u00e9s\u00e9vel \u00e9s menedzsel\u00e9s\u00e9vel egyar\u00e1nt el\u00e9gedetlen drukkercsoportok kollekt\u00edv tiltakoz\u00e1sba kezdtek. No meg azt a rizik\u00f3t is \u00e9rdemes megeml\u00edteni, hogy a Lommel kiesik a belga harmadoszt\u00e1lyba, amely m\u00e1r nem profi szint \u2013 ez a projekt szempontj\u00e1b\u00f3l jelent\u0151s fenyeget\u00e9s\u2026 Persze a CFG ebben az esetben egyszer\u0171en tov\u00e1bb\u00e1llhat.\r\n<h2>Ki a Citybe, ki az olasz harmadoszt\u00e1lyba<\/h2>\r\nHogy mennyire sz\u00e9ttart\u00f3ak a fiatal j\u00e1t\u00e9kosok karrier\u00fatjai, azt a Manchester City p\u00e9ld\u00e1j\u00e1n illusztr\u00e1ljuk. A klub 2009 \u00e9s 2022 k\u00f6z\u00f6tt 28 olyan j\u00e1t\u00e9kost adott k\u00f6lcs\u00f6n, aki m\u00e1r a feln\u0151ttkerethez (\u00e9s nem az U23-as csapathoz) tartozott \u00e9s m\u00e9g nem volt h\u00faszesztend\u0151s, amikor els\u0151 k\u00f6lcs\u00f6nj\u00e1t\u00e9k\u00e1ra sor ker\u00fclt. K\u00f6z\u00fcl\u00fck egyed\u00fcl <strong>Olekszandr Zincsenko<\/strong> v\u00edvott ki helyet mag\u00e1nak a City els\u0151 csapat\u00e1ban \u2013 h\u00e9t j\u00e1t\u00e9kos j\u00e1tszott \u00f6sszesen 78 bajnokit a manchesteri k\u00e9kekn\u00e9l, ezek k\u00f6z\u00fcl 68 az ukr\u00e1n futballista nev\u00e9hez f\u0171z\u0151dik \u2013, \u00e9s neki is az kellett az \u00e1tt\u00f6r\u00e9shez, hogy k\u00e9t balh\u00e1tv\u00e9d, <strong>Benjamin Mendy<\/strong> \u00e9s <strong>Fabian Delph<\/strong> megs\u00e9r\u00fclj\u00f6n.\r\n\r\nE j\u00e1t\u00e9kosok t\u00f6bbs\u00e9g\u00e9t nagy tehets\u00e9gk\u00e9nt k\u00f6nyvelt\u00e9k el, de k\u00f6z\u00fcl\u00fck csak egy jutott el a vil\u00e1gfutball cs\u00facs\u00e1nak k\u00f6zel\u00e9be. \u00c9s nem vett\u00fck figyelembe a rengeteg U23-as talentumot; azokat sem, akiket m\u00e1r a 20. \u00e9let\u00e9v\u00fck bet\u00f6lt\u00e9se ut\u00e1n adott k\u00f6lcs\u00f6n a City, valamint azt is jegyezz\u00fck meg: legnagyobb tehets\u00e9g\u00fcket (<strong>Phil Foden<\/strong>) soha nem engedt\u00e9k \u00e1t m\u00e1s klubnak a manchesteriek. Ahogyan a Sports Illustrateden <a href=\"https:\/\/www.si.com\/soccer\/manchestercity\/news\/it-doesnt-feel-like-loans-are-a-viable-alternative-a-week-in-the-city\" target=\"_blank\" rel=\"noopener\">Manchester City-blogot vezet\u0151<\/a> Joe Butterfield megjegyezte: az \u00edg\u00e9retek nagy r\u00e9sz\u00e9t az k\u00f6ti \u00f6ssze, hogy val\u00f3sz\u00edn\u0171leg soha, egyik\u00fck sem lesz a City els\u0151 csapat\u00e1nak alapembere. \u00c9rdemes b\u00f6ng\u00e9szni az \u00e9letutakat. A j\u00e1t\u00e9kos neve ut\u00e1n nemzetis\u00e9ge, kora els\u0151 k\u00f6lcs\u00f6nad\u00e1sa idej\u00e9n, \u201ek\u00f6lcs\u00f6n-\u00e1llom\u00e1shelyeinek\u201d sora, k\u00f6vetkez\u0151 \u00e9s jelenlegi klubja szerepel:\r\n\r\n<strong>1. JOHN GUIDETTI (<\/strong>sv\u00e9d, els\u0151 k\u00f6lcs\u00f6nad\u00e1sakor 17 \u00e9ves): Brommapojkarna (sv\u00e9d), Burnley (angol), Feyenoord (holland), Stoke City (angol), Celtic (sk\u00f3t). Szabadon igazolhat\u00f3k\u00e9nt a spanyol Celta Vig\u00f3hoz szerz\u0151d\u00f6tt a Manchester Cityb\u0151l. Jelenleg a spanyol Alav\u00e9s j\u00e1t\u00e9kosa.\r\n<strong>2. DONAL MCDERMOTT<\/strong> (\u00edr, 19): MK Dons (angol), Chesterfield (angol), Scunthorpe (angol), Bournemouth (angol). Szabadon igazolhat\u00f3k\u00e9nt a Huddersfieldhez szerz\u0151d\u00f6tt. Klub n\u00e9lk\u00fcli.\r\n<strong>3. RYAN MCGIVERN<\/strong> (\u00e9szak\u00edr, 19): Leicester City (angol), Walsall (angol), Crystal Palace (angol), Bristol City (angol), Hibernian (sk\u00f3t). Szabadon igazolhat\u00f3k\u00e9nt a Hibernianhez szerz\u0151d\u00f6tt. Az \u00e9szak\u00edr Newry City j\u00e1t\u00e9kosa.\r\n<strong>4. MOHAMMED ABU<\/strong> (gh\u00e1nai, 18): Str\u00f6msgodset (norv\u00e9g), Eintracht Frankfurt (n\u00e9met), Str\u00f6msgodset, Rayo Vallecano (spanyol), Lorient (francia), Aarhus GF (d\u00e1n). Eladt\u00e1k j\u00e1t\u00e9kjog\u00e1t a Str\u00f6msgodsetnek. Az amerikai San Antonio FC j\u00e1t\u00e9kosa.\r\n<strong>5. ABDISALAM IBRAHIM<\/strong> (norv\u00e9g, 19): Scunthorpe (angol), NEC Nijmegen (holland), Str\u00f6msgodset (norv\u00e9g). Szabadon igazolhat\u00f3k\u00e9nt a g\u00f6r\u00f6g Olympiakosz Pireuszhoz szerz\u0151d\u00f6tt. Klub n\u00e9lk\u00fcli, legut\u00f3bb az olasz harmadik lig\u00e1b\u00f3l kies\u0151 Bisceglie j\u00e1t\u00e9kosa volt.\r\n<strong>6. KARIM REKIK<\/strong> (holland, 17): Portsmouth (angol), Blackburn Rovers (angol), PSV (holland). 5 milli\u00f3 eur\u00f3\u00e9rt eladt\u00e1k j\u00e1t\u00e9kjog\u00e1t a francia Olympique Marseille-ek. A spanyol Sevilla j\u00e1t\u00e9kosa.\r\n<strong>7. ABDUL RAZAK<\/strong> (elef\u00e1ntcsontparti, 18): Portsmouth (angol), Brighton &amp; Hove Albion (angol), Charlton Athletic (angol), Anzsi Mahacskala (orosz). Szabadon igazolhat\u00f3k\u00e9nt az Anzsihoz szerz\u0151d\u00f6tt. Klub n\u00e9lk\u00fcli, legut\u00f3bb a sv\u00e9d \u00d6rgryte j\u00e1t\u00e9kosa volt.\r\n<strong>8. AHMAD BENALI<\/strong> (l\u00edbiai, 19): Rochdale (angol). Szabadon igazolhat\u00f3k\u00e9nt az olasz Bresci\u00e1hoz szerz\u0151d\u00f6tt. Az olasz Pisa j\u00e1t\u00e9kosa.\r\n<strong>9. REECE WABARA<\/strong> (angol, 19): Ipswich Town (angol), Oldham (angol), Blackpool (angol), Doncaster (angol). Szabadon igazolhat\u00f3k\u00e9nt a Doncasterhez szerz\u0151d\u00f6tt. Visszavonult.\r\n<strong>10. ADAM DRURY<\/strong> (angol, 19): Burton Albion (angol), St. Mirren (sk\u00f3t). Szabadon igazolhat\u00f3k\u00e9nt az angol Bristol Rovershez szerz\u0151d\u00f6tt, legut\u00f3bb a Grimsby Borough csapat\u00e1ban, amat\u0151r szinten j\u00e1tszott.\r\n<strong>11. RONY LOPES<\/strong> (portug\u00e1l, 18): Lille (francia). A francia Monaco vette meg a j\u00e1t\u00e9kjog\u00e1t. Jelenleg a g\u00f6r\u00f6g Olympiakosz Pireusz j\u00e1t\u00e9kosa.\r\n<strong>12. JASON DENAYER<\/strong> (belga, 19): Celtic (sk\u00f3t), Galatasaray (t\u00f6r\u00f6k), Sunderland (angol), Galatasaray (t\u00f6r\u00f6k). A francia Olympique Lyon v\u00e1s\u00e1rolta meg j\u00e1t\u00e9kjog\u00e1t, ma is a Lyon j\u00e1t\u00e9kosa.\r\n<strong>13. ENES \u00dcNAL<\/strong> (t\u00f6r\u00f6k, 18): Genk (belga), NAC Breda (holland), Twente (holland). A spanyol Villarreal v\u00e1s\u00e1rolta meg j\u00e1t\u00e9kjog\u00e1t. Ma a spanyol Getafe j\u00e1t\u00e9kosa.\r\n<strong>14. PATRICK ROBERTS<\/strong> (angol, 18): Celtic (sk\u00f3t), Girona (spanyol), Norwich (angol), Middlesbrough (angol), Derby County (angol), Troyes (francia). A Sunderland id\u00e9n janu\u00e1rban szabadon igazolhat\u00f3k\u00e9nt szerz\u0151dtette.\r\n<strong>15. MARLOS MORENO<\/strong> (kolumbiai, 19): Deportivo La Coruna (spanyol), Girona (spanyol), Flamengo (brazil), Santos Laguna (mexik\u00f3i), Portimonense (portug\u00e1l), Lommel (belga), Kortrijk (belga). A Kortrijkban j\u00e1tszik, k\u00f6lcs\u00f6nben.\r\n<strong>16. BERSANT CELINA<\/strong> (koszov\u00f3i, 19): Twente (holland), Ipswich (angol). A walesi Swansea v\u00e1s\u00e1rolta meg a j\u00e1t\u00e9kjog\u00e1t. Most a francia Dijon futballist\u00e1ja, k\u00f6lcs\u00f6nben az Ipswichn\u00e9l j\u00e1tszik.\r\n<strong>17. OLEKSZANDR ZINCSENKO<\/strong> (ukr\u00e1n, 19): PSV (holland). K\u00f6lcs\u00f6nj\u00e1t\u00e9k\u00e1t k\u00f6vet\u0151en bet\u00f6rt a Manchester City els\u0151 csapat\u00e1ba.\r\n<strong>18. PABLO MAFFEO<\/strong> (spanyol, 19): Girona (spanyol). T\u00f6bbsz\u00f6ri gironai k\u00f6lcs\u00f6nj\u00e1t\u00e9k\u00e1t k\u00f6vet\u0151en a n\u00e9met VfB Stuttgart v\u00e1s\u00e1rolta meg j\u00e1t\u00e9kjog\u00e1t. Ma is a Stuttgart j\u00e1t\u00e9kosa, de k\u00f6lcs\u00f6nben a spanyol Mallorc\u00e1ban futballozik.\r\n<strong>19. ANGEL HERRERA<\/strong> (venezuelai, 19): New York City FC (amerikai), Huesca (spanyol), Granada (spanyol), Espanyol (spanyol). Az Espanyolban j\u00e1tszik, k\u00f6lcs\u00f6nben.\r\n<strong>20. LUKA ILICS<\/strong> (szerb, 19): Crvena zvezda (szerb), NAC Breda (holland), Twente (holland). Janu\u00e1rban a francia Troyes v\u00e1s\u00e1rolta meg j\u00e1t\u00e9kjog\u00e1t.\r\n<strong>21. DOUGLAS LUIZ<\/strong> (brazil, 19): Girona (spanyol). Az angol Aston Villa v\u00e1s\u00e1rolta meg j\u00e1t\u00e9kjog\u00e1t, ma is a birminghamiekn\u00e9l j\u00e1tszik.\r\n<strong>22. ANTE PALAVERSA<\/strong> (horv\u00e1t, 18): Hajduk Split (horv\u00e1t), Oostende (belga), Getafe (spanyol), Kortrijk (belga). A Kortrijkban j\u00e1tszik, k\u00f6lcs\u00f6nben.\r\n<strong>23. ARIJANET MURIC<\/strong> (koszov\u00f3i, 19): NAC Breda (holland), Nottingham Forest (angol), Girona (spanyol), Willem II (holland), Adana Demirspor (t\u00f6r\u00f6k). Az Adana Demirsporban j\u00e1tszik, k\u00f6lcs\u00f6nben.\r\n<strong>24. DANIEL ARZANI<\/strong> (ausztr\u00e1l, 19): Celtic (sk\u00f3t), Utrecht (holland), Aarhus GF (d\u00e1n), Lommel (belga). A Lommelben j\u00e1tszik, k\u00f6lcs\u00f6nben.\r\n<strong>25. PEDRO PORRO<\/strong> (spanyol, 19): Real Valladolid (spanyol), Sporting CP (portug\u00e1l). A Sportingban j\u00e1tszik, k\u00f6lcs\u00f6nben.\r\n<strong>26. FILIP SZTEVANOVICS<\/strong> (szerb, 18): Partizan (szerb), Heerenveen (holland). A Heerenveenben j\u00e1tszik, k\u00f6lcs\u00f6nben.\r\n<strong>27. DIEGO ROSA<\/strong> (brazil, 18): Lommel (belga). A Lommelben j\u00e1tszik, k\u00f6lcs\u00f6nben.\r\n<strong>28. ISSA KABOR\u00c9<\/strong> (Burkina Fas\u00f3-i, 19): KV Mechelen (belga), Troyes (francia). A Troyesban j\u00e1tszik, k\u00f6lcs\u00f6nben.\r\n\r\nUgyan csup\u00e1n Zincsenko t\u00f6rt be a Manchester City els\u0151 csapat\u00e1ba, a fentiek k\u00f6z\u00fcl 18 tehets\u00e9gb\u0151l A-v\u00e1logatott j\u00e1t\u00e9kos lett, s a megvizsg\u00e1lt futballist\u00e1k nagyj\u00e1b\u00f3l fele eljutott toplig\u00e1s karrierig. Sokkal ink\u00e1bb a toplig\u00e1s p\u00e1lyafut\u00e1s el\u0151rejelz\u0151je volt a City-kerettags\u00e1g ut\u00e1ni k\u00f6lcs\u00f6nj\u00e1t\u00e9k egy tizen\u00e9ves \u00edg\u00e9retnek, mintsem a City-karrier\u00e9. A k\u00f6zelj\u00f6v\u0151ben a CFG csapatain\u00e1l cs\u00f6kkenni fog a k\u00f6lcs\u00f6nj\u00e1t\u00e9kok sz\u00e1ma \u2013 \u00f6sszhangban a FIFA szab\u00e1lyoz\u00e1s\u00e1val \u2013, s v\u00e1rhat\u00f3an egyre t\u00f6bb tehets\u00e9g igazol a szatellitcsapatokhoz, hogy ott kiforrhassa mag\u00e1t.\r\n\r\n[caption id=\"attachment_3554\" align=\"alignnone\" width=\"2000\"]<img class=\"size-full wp-image-3554\" src=\"https:\/\/sport24.24.hu\/app\/uploads\/sites\/24\/2022\/02\/000_8yp67m.jpg\" alt=\"\" width=\"2000\" height=\"1333\" \/> A Manchester City ukr\u00e1n k\u00f6z\u00e9pp\u00e1ly\u00e1sa, Olekszandr Zincsenko a Brighton elleni bajnoki meccsen[\/caption]\r\n\r\n<span class=\"highlight-block-small\">Az, hogy a City Football Group fant\u00e1zi\u00e1t l\u00e1t Vancsa Zal\u00e1nban, befektet\u00e9s, amelynek csak a lehet\u0151 legjobb kimenetele lenne egy manchesteri szerz\u0151d\u00e9s. <\/span>\r\n\r\nViszont a Lommelen kereszt\u00fcl re\u00e1lis es\u00e9lye lehet arra, hogy eljusson toplig\u00e1s szintre. Persze ugyanerre p\u00e1ly\u00e1zik a vil\u00e1g k\u00fcl\u00f6nb\u00f6z\u0151 sarkaib\u00f3l \u00f6sszev\u00e1logatott keret t\u00f6bbi tagja is.\r\n\r\n[prefabricated_shortcode in_app=\"0\" code=\"%3Cdiv%20class%3D%22article_box_border%22%20style%3D%22background%3A%20url%28%27https%3A%2F%2F24.p3k.hu%2Fapp%2Fuploads%2Fsites%2F24%2F2021%2F05%2Fsport24-pattern.png%27%29%20no-repeat%20left%20-16px%20%23f3f3f4%3B%20border%3A%20none%3B%22%3E%0D%0A%3Cdiv%20class%3D%22article_solidheader%22%3E%0D%0A%3Ch2%20style%3D%22color%3A%20%23111115%21important%3B%20font-size%3A%2036px%3B%20font-weight%3A%20bold%3B%20margin-bottom%3A%2030px%3B%20margin-top%3A%2020px%3B%20text-align%3A%20center%3B%20line-height%3A%2036px%3B%22%3E%3Cimg%20class%3D%22aligncenter%20size-full%20wp-image-141%22%20src%3D%22https%3A%2F%2F24.p3k.hu%2Fapp%2Fuploads%2Fsites%2F24%2F2021%2F05%2Fs24-logo-dt.png%22%20alt%3D%22%22%20width%3D%22408%22%20height%3D%2290%22%20%2F%3E%3C%2Fh2%3E%0D%0A%3Ch2%20style%3D%22color%3A%20%23111115%21important%3B%20font-size%3A%2036px%3B%20font-weight%3A%20bold%3B%20margin-bottom%3A%2030px%3B%20margin-top%3A%2020px%3B%20text-align%3A%20center%3B%20line-height%3A%2040px%3B%22%3ECsatlakozz%20a%20Sport24%20k%C3%B6z%C3%B6ss%C3%A9ghez%2C%20mondd%20el%20v%C3%A9lem%C3%A9nyedet%20z%C3%A1rt%20Facebook-csoportunkban%2C%20%C3%A9s%20vegy%C3%A9l%20r%C3%A9szt%20csak%20el%C5%91fizet%C5%91knek%20el%C3%A9rhet%C5%91%20exkluz%C3%ADv%20esem%C3%A9nyeinken.%3C%2Fh2%3E%0D%0A%3C%2Fdiv%3E%0D%0A%3Cp%20style%3D%22background%3A%20%2357A600%3B%20margin-top%3A%2020px%3B%20padding%3A%2020px%3B%20text-align%3A%20center%3B%22%3E%3Ca%20style%3D%22color%3A%20%23ffffff%3B%20font-size%3A%2026px%3B%20font-weight%3A%20600%3B%22%20href%3D%22https%3A%2F%2Fwww.facebook.com%2Fgroups%2F212344460412327%22%3ECSATLAKOZOM%3C%2Fa%3E%3C%2Fp%3E%0D%0A%0D%0A%3C%2Fdiv%3E\"]","type":"rich","thumbnail_url":"https:\/\/s.24.hu\/app\/uploads\/sites\/24\/2022\/02\/attachment4093414258-150x150.jpg","thumbnail_width":150,"thumbnail_height":150}